{"nbFiches":1,"dataPrest":{"infoPrest":{"pave1":{"libelle":"Slogan","contenu":"","fichiers":[]},"pave2":{"libelle":"Descriptif","contenu":"\u003Cdiv\u003E\u003Cstrong\u003ELes Songes d&rsquo;Ang&egrave;le I Cie Cl&eacute;dat et Petitpierre\u003C\/strong\u003E\u003Cbr \/\u003E\r\n\u003Cstrong\u003ETh&eacute;&acirc;tre marionnettes\u003C\/strong\u003E\u003Cbr \/\u003E\r\n&nbsp;\u003Cbr \/\u003E\r\nUne jeune personne et une &eacute;trange cr&eacute;ature mi-lapin mi-oiseau tout droit sorties d&rsquo;un tableau de Max Ernst nous invitent&nbsp;&agrave; un r&eacute;cital intime et tout en douceur.\u003Cbr \/\u003E\r\nCe spectacle convoque le monde de l&rsquo;enfance o&ugrave;, dans l&rsquo;abandon des r&ecirc;ves, nos peurs intimes se m&ecirc;lent au merveilleux dans d&rsquo;inattendues et d&eacute;licieuses rencontres.\u003Cbr \/\u003E\r\nLe chant, la musique et la danse sont au rendez-vous de ce tendre duo qui s&rsquo;adresse &agrave; l&rsquo;imaginaire des tout-petits mais aussi des beaucoup plus grands.\u003Cbr \/\u003E\r\n\u003Cbr \/\u003E\r\n\u003Cstrong\u003ELe p&#39;tit + :\u003C\/strong\u003E\u003Cbr \/\u003E\r\nDans la foul&eacute;e, on vous invite vivement &agrave; d&eacute;couvrir en famille &laquo; Les Tutomouves &raquo;, une installation toute en couleur et en mousse pour un moment cocoon en famille.\u003Cbr \/\u003E\r\nDu 17 octobre au 8 novembre de 15h30 &agrave; 18h30 (sauf les mardis), &agrave;&nbsp;Bain Public - 24 rue des Halles - Saint-Nazaire.\u003Cbr \/\u003E\r\n&nbsp;\u003Cbr \/\u003E\r\nConception, mise en sc&egrave;ne, sc&eacute;nographie, costume : Yvan Cl&eacute;dat et Coco Petitpierre\u003Cbr \/\u003E\r\nChant et jeu : Ang&egrave;le Prunenec\u003Cbr \/\u003E\r\nCr&eacute;ation sonore : Lucien Prunenec\u003Cbr \/\u003E\r\nLumi&egrave;res et r&eacute;gie g&eacute;n&eacute;rale : C&eacute;lia Halard\u003Cbr \/\u003E\r\nAdministration, production diffusion : Iris Cottu et Cl&eacute;mence Huckel, Les Ind&eacute;pendances\u003Cbr \/\u003E\r\nProduction : TWENTYTWENTY\u003Cbr \/\u003E\r\nCoproduction : FAR WEST\u003Cbr \/\u003E\r\n\u003Cbr \/\u003E\r\n\u003Cem\u003EDur&eacute;e : 20-25min\u003C\/em\u003E\u003Cbr \/\u003E\r\n\u003Cem\u003EDe 3 &agrave; 5 ans\u003C\/em\u003E\u003Cbr \/\u003E\r\n\u003Cem\u003ETarif unique : 4&euro;\u003C\/em\u003E\u003C\/div\u003E\r\n\u003Cbr \/\u003E\r\n\u003Cbr \/\u003E\r\n\u003Cbr \/\u003E\r\n\u003Cbr \/\u003E\r\n&nbsp;","fichiers":[]},"pave3":{"libelle":"","contenu":""},"pave4":{"libelle":"","contenu":""},"pave5":{"libelle":"","contenu":""},"pave6":{"libelle":"","contenu":""},"pave7":{"libelle":"","contenu":""},"pave8":{"libelle":"","contenu":""},"pave9":{"libelle":"","contenu":""},"pave10":{"libelle":"","contenu":""},"pave11":{"libelle":"","contenu":""},"pave12":{"libelle":"","contenu":""},"pave13":{"libelle":"","contenu":""},"pave14":{"libelle":"","contenu":""},"pave15":{"libelle":"","contenu":""},"pave16":{"libelle":"","contenu":""},"pave17":{"libelle":"","contenu":""},"pave18":{"libelle":"","contenu":""},"pave19":{"libelle":"","contenu":""},"pave20":{"libelle":"","contenu":""},"pave21":{"libelle":"","contenu":""},"pave22":{"libelle":"","contenu":""},"pave23":{"libelle":"","contenu":""},"pave24":{"libelle":"","contenu":""},"pave25":{"libelle":"","contenu":""},"Libelle":"Spectacle : Les Songes d\u2019Ang\u00e8le","Reference":"","Reftar":"","Type":"PRESTATION","TypePrestataire":"Y","ContexteStat":"PRESTATION-Y-A0013PDL044V5040K0-SPECTACLELESSONGESDANGELE","DateModificationIso":"2026-09-01T15:22:00+02:00","Adresse":{"LigneAdresse1":"Salle \u00c9toile de Jade","LigneAdresse2":"Avenur Georges Brassens","LigneAdresse3":"","CodePostal":"44250","Ville":"ST BREVIN LES PINS","Cedex":"","Etat":"","Pays":"FRA"},"Id":"y-a0013pdl044v5040k0-spectaclelessongesdangele","Code":"Y|A0013PDL044V5040K0|SPECTACLELESSONGESDANGELE","Cle":"Y|A0013PDL044V5040K0|SPECTACLELESSONGESDANGELE","Url":"spectacle-les-songes-dangele.html","Localisation":{"GoogleMap":{"Latitude":"47.23646","Longitude":"-2.15601"}},"ZoneGeo":"","Criteres":{"LIEUMANIF[SAINTBREVIN":"","CATEGORIEANIMATION[THEATRE":"","ICA[DS":"20-25","ICA[ICATP":"","ANIAH[ANIACC":"","ANIAH[ACCESPOUSSETTE":"","TYPE[VILLESTBREVIN":"","MISEAJOURINGENIE[DATEDERNIEREMAJ":"20260901","MISEAJOURPAR[ANNABELLE":""},"Prestataire":{"pave1":{"libelle":"Descriptif","contenu":"\u003Cstrong\u003ELa tourn&eacute;e des plages des brioches Fonteneau&nbsp;\u003C\/strong\u003E\u003Cbr \/\u003E\r\n\u003Cbr \/\u003E\r\nQuel id&eacute;e de g&eacute;nie ?!\r\n\u003Cp class=\"has-text-align-center REVEAL\" style=\"opacity: 1; padding-top: 0px;\"\u003ECet &eacute;t&eacute;, l&#39;entreprise brioches Fonteneau viendra &agrave; votre rencontre &agrave; l&rsquo;occasion de notre&nbsp;tourn&eacute;e des plages.&nbsp;De juillet &agrave; ao&ucirc;t, elle sillonera sur l&#39;ensemble du littoral vend&eacute;en et une partie de la Loire-Atlantique pour vous faire d&eacute;couvrir (ou red&eacute;couvrir) leurs produits phares &ndash; brioches, g&acirc;ches et autres sp&eacute;cialit&eacute;s gourmandes.&nbsp;Au programme de chaque &eacute;tape :&nbsp;d&eacute;gustations&nbsp;de nos produits, moments de convivialit&eacute; et animations. Une roue de la chance&nbsp;vous attend avec de nombreuses surprises &agrave; gagner !\u003Cbr \/\u003E\r\n\u003Cbr \/\u003E\r\nNous avons deux dates pour St Brevin :\u003Cbr \/\u003E\r\n\u003Cbr \/\u003E\r\n- le 17 juillet 2025 au Leclerc de St Brevin les Pins de 8h45 &agrave; 18h\u003Cbr \/\u003E\r\n- le 25 juillet 2025 &agrave; la plage verte de St Brevin l&#39;Oc&eacute;an 14h &agrave; 18h30\u003C\/p\u003E\r\n"},"pave2":{"libelle":"","contenu":""},"pave3":{"libelle":"","contenu":""},"pave4":{"libelle":"","contenu":""},"pave5":{"libelle":"","contenu":""},"pave6":{"libelle":"","contenu":""},"pave7":{"libelle":"","contenu":""},"pave8":{"libelle":"","contenu":""},"pave9":{"libelle":"","contenu":""},"pave10":{"libelle":"","contenu":""},"pave11":{"libelle":"","contenu":""},"pave12":{"libelle":"","contenu":""},"pave13":{"libelle":"","contenu":""},"pave14":{"libelle":"","contenu":""},"pave15":{"libelle":"","contenu":""},"pave16":{"libelle":"","contenu":""},"pave17":{"libelle":"","contenu":""},"pave18":{"libelle":"","contenu":""},"pave19":{"libelle":"","contenu":""},"pave20":{"libelle":"","contenu":""},"pave21":{"libelle":"","contenu":""},"pave22":{"libelle":"","contenu":""},"pave23":{"libelle":"","contenu":""},"pave24":{"libelle":"","contenu":""},"pave25":{"libelle":"","contenu":""},"Libelle":"Mairie de Saint-Brevin","Nom":"Mairie de Saint-Brevin","Prenom":"","NomPrenom":"Mairie de Saint-Brevin ","CiviliteNomPrenom":"Mairie de Saint-Brevin ","Cle":"Y|A0013PDL044V5040K0","PrestataireParent":"","ContexteStat":"PRESTATAIRE-Y-A0013PDL044V5040K0","DateModificationIso":"2025-08-12T18:09:00+02:00","Type":"PRESTATAIRE","TypePrestataire":"Y","Adresse":{"LigneAdresse1":"1 Place de l'H\u00f4tel de ville","LigneAdresse2":"","LigneAdresse3":"","CodePostal":"44250","Ville":"ST BREVIN LES PINS","Cedex":"","Etat":"","Pays":"FRA"},"Email":"ot@tourisme-saint-brevin.fr","Telephone":"02 40 64 44 44","TelephoneBureau":"","Portable":"","SiteWeb":"http:\/\/www.saint-brevin.fr","Fax":"","Id":"y-a0013pdl044v5040k0","Code":"Y|A0013PDL044V5040K0","Fichier":{"Image":[{"url":"https:\/\/www.saint-brevin.com\/medias\/images\/prestataires\/affiche-dates-tournee-des-plages-heures-plan-de-travail-1-1-10466.png","chemin":"..\/medias\/images\/prestataires\/affiche-dates-tournee-des-plages-heures-plan-de-travail-1-1-10466.png","libelle":"affiche-dates-tournee-des-plages-heures-plan-de-travail-1-1-10466","extension":"png","categorie":"","largeur":936,"theme":"","hauteur":591,"type":"Image","origine":"","liaisonPave":"","langue":"","id":"10466","urlVignette":"https:\/\/www.saint-brevin.com\/medias\/images\/prestataires\/v-affiche-dates-tournee-des-plages-heures-plan-de-travail-1-1-10466.png","alt":"affiche-dates-tournee-des-plages-heures-plan-de-travail-1-1-10466","title":"affiche-dates-tournee-des-plages-heures-plan-de-travail-1-1-10466","MultiTaille":{"1920x1440":{"url":"https:\/\/www.saint-brevin.com\/medias\/images\/prestataires\/multitailles\/1920x1440_affiche-dates-tournee-des-plages-heures-plan-de-travail-1-1-10466.png"},"1200x900":{"url":"https:\/\/www.saint-brevin.com\/medias\/images\/prestataires\/multitailles\/1200x900_affiche-dates-tournee-des-plages-heures-plan-de-travail-1-1-10466.png"},"800x600":{"url":"https:\/\/www.saint-brevin.com\/medias\/images\/prestataires\/multitailles\/800x600_affiche-dates-tournee-des-plages-heures-plan-de-travail-1-1-10466.png"},"640x480":{"url":"https:\/\/www.saint-brevin.com\/medias\/images\/prestataires\/multitailles\/640x480_affiche-dates-tournee-des-plages-heures-plan-de-travail-1-1-10466.png"},"320x240":{"url":"https:\/\/www.saint-brevin.com\/medias\/images\/prestataires\/multitailles\/320x240_affiche-dates-tournee-des-plages-heures-plan-de-travail-1-1-10466.png"},"160x120":{"url":"https:\/\/www.saint-brevin.com\/medias\/images\/prestataires\/multitailles\/160x120_affiche-dates-tournee-des-plages-heures-plan-de-travail-1-1-10466.png"},"origine":{"url":"https:\/\/www.saint-brevin.com\/medias\/images\/prestataires\/affiche-dates-tournee-des-plages-heures-plan-de-travail-1-1-10466.png"}},"urlLien":"","typeLien":"","nofollow":"N","copyright":""},{"url":"https:\/\/www.saint-brevin.com\/medias\/images\/prestataires\/affiche-dates-tournee-des-plages-heures-plan-de-travail-1-1-10465.png","chemin":"..\/medias\/images\/prestataires\/affiche-dates-tournee-des-plages-heures-plan-de-travail-1-1-10465.png","libelle":"affiche-dates-tournee-des-plages-heures-plan-de-travail-1-1-10465","extension":"png","categorie":"","largeur":936,"theme":"","hauteur":1323,"type":"Image","origine":"","liaisonPave":"","langue":"","id":"10465","urlVignette":"https:\/\/www.saint-brevin.com\/medias\/images\/prestataires\/v-affiche-dates-tournee-des-plages-heures-plan-de-travail-1-1-10465.png","alt":"affiche-dates-tournee-des-plages-heures-plan-de-travail-1-1-10465","title":"affiche-dates-tournee-des-plages-heures-plan-de-travail-1-1-10465","MultiTaille":{"1920x1440":{"url":"https:\/\/www.saint-brevin.com\/medias\/images\/prestataires\/multitailles\/1920x1440_affiche-dates-tournee-des-plages-heures-plan-de-travail-1-1-10465.png"},"1200x900":{"url":"https:\/\/www.saint-brevin.com\/medias\/images\/prestataires\/multitailles\/1200x900_affiche-dates-tournee-des-plages-heures-plan-de-travail-1-1-10465.png"},"800x600":{"url":"https:\/\/www.saint-brevin.com\/medias\/images\/prestataires\/multitailles\/800x600_affiche-dates-tournee-des-plages-heures-plan-de-travail-1-1-10465.png"},"640x480":{"url":"https:\/\/www.saint-brevin.com\/medias\/images\/prestataires\/multitailles\/640x480_affiche-dates-tournee-des-plages-heures-plan-de-travail-1-1-10465.png"},"320x240":{"url":"https:\/\/www.saint-brevin.com\/medias\/images\/prestataires\/multitailles\/320x240_affiche-dates-tournee-des-plages-heures-plan-de-travail-1-1-10465.png"},"160x120":{"url":"https:\/\/www.saint-brevin.com\/medias\/images\/prestataires\/multitailles\/160x120_affiche-dates-tournee-des-plages-heures-plan-de-travail-1-1-10465.png"},"origine":{"url":"https:\/\/www.saint-brevin.com\/medias\/images\/prestataires\/affiche-dates-tournee-des-plages-heures-plan-de-travail-1-1-10465.png"}},"urlLien":"","typeLien":"","nofollow":"N","copyright":""}],"ByCategorie":{"":[{"url":"https:\/\/www.saint-brevin.com\/medias\/images\/prestataires\/affiche-dates-tournee-des-plages-heures-plan-de-travail-1-1-10466.png","chemin":"..\/medias\/images\/prestataires\/affiche-dates-tournee-des-plages-heures-plan-de-travail-1-1-10466.png","libelle":"affiche-dates-tournee-des-plages-heures-plan-de-travail-1-1-10466","extension":"png","categorie":"","largeur":936,"theme":"","hauteur":591,"type":"Image","origine":"","liaisonPave":"","langue":"","id":"10466","urlVignette":"https:\/\/www.saint-brevin.com\/medias\/images\/prestataires\/v-affiche-dates-tournee-des-plages-heures-plan-de-travail-1-1-10466.png","alt":"affiche-dates-tournee-des-plages-heures-plan-de-travail-1-1-10466","title":"affiche-dates-tournee-des-plages-heures-plan-de-travail-1-1-10466","MultiTaille":{"1920x1440":{"url":"https:\/\/www.saint-brevin.com\/medias\/images\/prestataires\/multitailles\/1920x1440_affiche-dates-tournee-des-plages-heures-plan-de-travail-1-1-10466.png"},"1200x900":{"url":"https:\/\/www.saint-brevin.com\/medias\/images\/prestataires\/multitailles\/1200x900_affiche-dates-tournee-des-plages-heures-plan-de-travail-1-1-10466.png"},"800x600":{"url":"https:\/\/www.saint-brevin.com\/medias\/images\/prestataires\/multitailles\/800x600_affiche-dates-tournee-des-plages-heures-plan-de-travail-1-1-10466.png"},"640x480":{"url":"https:\/\/www.saint-brevin.com\/medias\/images\/prestataires\/multitailles\/640x480_affiche-dates-tournee-des-plages-heures-plan-de-travail-1-1-10466.png"},"320x240":{"url":"https:\/\/www.saint-brevin.com\/medias\/images\/prestataires\/multitailles\/320x240_affiche-dates-tournee-des-plages-heures-plan-de-travail-1-1-10466.png"},"160x120":{"url":"https:\/\/www.saint-brevin.com\/medias\/images\/prestataires\/multitailles\/160x120_affiche-dates-tournee-des-plages-heures-plan-de-travail-1-1-10466.png"},"origine":{"url":"https:\/\/www.saint-brevin.com\/medias\/images\/prestataires\/affiche-dates-tournee-des-plages-heures-plan-de-travail-1-1-10466.png"}},"urlLien":"","typeLien":"","nofollow":"N","copyright":""},{"url":"https:\/\/www.saint-brevin.com\/medias\/images\/prestataires\/affiche-dates-tournee-des-plages-heures-plan-de-travail-1-1-10465.png","chemin":"..\/medias\/images\/prestataires\/affiche-dates-tournee-des-plages-heures-plan-de-travail-1-1-10465.png","libelle":"affiche-dates-tournee-des-plages-heures-plan-de-travail-1-1-10465","extension":"png","categorie":"","largeur":936,"theme":"","hauteur":1323,"type":"Image","origine":"","liaisonPave":"","langue":"","id":"10465","urlVignette":"https:\/\/www.saint-brevin.com\/medias\/images\/prestataires\/v-affiche-dates-tournee-des-plages-heures-plan-de-travail-1-1-10465.png","alt":"affiche-dates-tournee-des-plages-heures-plan-de-travail-1-1-10465","title":"affiche-dates-tournee-des-plages-heures-plan-de-travail-1-1-10465","MultiTaille":{"1920x1440":{"url":"https:\/\/www.saint-brevin.com\/medias\/images\/prestataires\/multitailles\/1920x1440_affiche-dates-tournee-des-plages-heures-plan-de-travail-1-1-10465.png"},"1200x900":{"url":"https:\/\/www.saint-brevin.com\/medias\/images\/prestataires\/multitailles\/1200x900_affiche-dates-tournee-des-plages-heures-plan-de-travail-1-1-10465.png"},"800x600":{"url":"https:\/\/www.saint-brevin.com\/medias\/images\/prestataires\/multitailles\/800x600_affiche-dates-tournee-des-plages-heures-plan-de-travail-1-1-10465.png"},"640x480":{"url":"https:\/\/www.saint-brevin.com\/medias\/images\/prestataires\/multitailles\/640x480_affiche-dates-tournee-des-plages-heures-plan-de-travail-1-1-10465.png"},"320x240":{"url":"https:\/\/www.saint-brevin.com\/medias\/images\/prestataires\/multitailles\/320x240_affiche-dates-tournee-des-plages-heures-plan-de-travail-1-1-10465.png"},"160x120":{"url":"https:\/\/www.saint-brevin.com\/medias\/images\/prestataires\/multitailles\/160x120_affiche-dates-tournee-des-plages-heures-plan-de-travail-1-1-10465.png"},"origine":{"url":"https:\/\/www.saint-brevin.com\/medias\/images\/prestataires\/affiche-dates-tournee-des-plages-heures-plan-de-travail-1-1-10465.png"}},"urlLien":"","typeLien":"","nofollow":"N","copyright":""}]}},"Url":"","Localisation":{"GoogleMap":{"Latitude":"47.24750","Longitude":"-2.16780"}},"ZoneGeo":"","Criteres":{"LIEU[SAINTBREVINOCEAN":"","LIEU[SAINTBREVINLESPINS":"","COMMUNES[SAINTBREVIN":"","MAJINGENIE[DATEDERNIEREMAJ":"20250716","MISEAJOUR[AMANDINE":""},"DateFinPublication":""},"Fichier":{"Image":[{"url":"https:\/\/www.saint-brevin.com\/medias\/images\/prestations\/10-18-les-songes-d-ange-le-gilles-fernandez-copie2-32259.jpg","chemin":"..\/medias\/images\/prestations\/10-18-les-songes-d-ange-le-gilles-fernandez-copie2-32259.jpg","libelle":"10-18-les-songes-d-ange-le-gilles-fernandez-copie2-32259","extension":"jpg","categorie":"","largeur":1537,"theme":"","hauteur":1048,"type":"Image","origine":"","liaisonPave":"","langue":"","id":"32259","urlVignette":"https:\/\/www.saint-brevin.com\/medias\/images\/prestations\/v-10-18-les-songes-d-ange-le-gilles-fernandez-copie2-32259.jpg","alt":"10-18-les-songes-d-ange-le-gilles-fernandez-copie2-32259","title":"10-18-les-songes-d-ange-le-gilles-fernandez-copie2-32259","MultiTaille":{"1920x1440":{"url":"https:\/\/www.saint-brevin.com\/medias\/images\/prestations\/multitailles\/1920x1440_10-18-les-songes-d-ange-le-gilles-fernandez-copie2-32259.jpg"},"1200x900":{"url":"https:\/\/www.saint-brevin.com\/medias\/images\/prestations\/multitailles\/1200x900_10-18-les-songes-d-ange-le-gilles-fernandez-copie2-32259.jpg"},"800x600":{"url":"https:\/\/www.saint-brevin.com\/medias\/images\/prestations\/multitailles\/800x600_10-18-les-songes-d-ange-le-gilles-fernandez-copie2-32259.jpg"},"640x480":{"url":"https:\/\/www.saint-brevin.com\/medias\/images\/prestations\/multitailles\/640x480_10-18-les-songes-d-ange-le-gilles-fernandez-copie2-32259.jpg"},"320x240":{"url":"https:\/\/www.saint-brevin.com\/medias\/images\/prestations\/multitailles\/320x240_10-18-les-songes-d-ange-le-gilles-fernandez-copie2-32259.jpg"},"160x120":{"url":"https:\/\/www.saint-brevin.com\/medias\/images\/prestations\/multitailles\/160x120_10-18-les-songes-d-ange-le-gilles-fernandez-copie2-32259.jpg"},"origine":{"url":"https:\/\/www.saint-brevin.com\/medias\/images\/prestations\/10-18-les-songes-d-ange-le-gilles-fernandez-copie2-32259.jpg"}},"urlLien":"","typeLien":"","nofollow":"N","copyright":""},{"url":"https:\/\/www.saint-brevin.com\/medias\/images\/prestations\/10-18-les-songes-d-ange-le-gilles-fernandez-copie-32258.jpg","chemin":"..\/medias\/images\/prestations\/10-18-les-songes-d-ange-le-gilles-fernandez-copie-32258.jpg","libelle":"10-18-les-songes-d-ange-le-gilles-fernandez-copie-32258","extension":"jpg","categorie":"","largeur":1801,"theme":"","hauteur":2908,"type":"Image","origine":"","liaisonPave":"","langue":"","id":"32258","urlVignette":"https:\/\/www.saint-brevin.com\/medias\/images\/prestations\/v-10-18-les-songes-d-ange-le-gilles-fernandez-copie-32258.jpg","alt":"10-18-les-songes-d-ange-le-gilles-fernandez-copie-32258","title":"10-18-les-songes-d-ange-le-gilles-fernandez-copie-32258","MultiTaille":{"1920x1440":{"url":"https:\/\/www.saint-brevin.com\/medias\/images\/prestations\/multitailles\/1920x1440_10-18-les-songes-d-ange-le-gilles-fernandez-copie-32258.jpg"},"1200x900":{"url":"https:\/\/www.saint-brevin.com\/medias\/images\/prestations\/multitailles\/1200x900_10-18-les-songes-d-ange-le-gilles-fernandez-copie-32258.jpg"},"800x600":{"url":"https:\/\/www.saint-brevin.com\/medias\/images\/prestations\/multitailles\/800x600_10-18-les-songes-d-ange-le-gilles-fernandez-copie-32258.jpg"},"640x480":{"url":"https:\/\/www.saint-brevin.com\/medias\/images\/prestations\/multitailles\/640x480_10-18-les-songes-d-ange-le-gilles-fernandez-copie-32258.jpg"},"320x240":{"url":"https:\/\/www.saint-brevin.com\/medias\/images\/prestations\/multitailles\/320x240_10-18-les-songes-d-ange-le-gilles-fernandez-copie-32258.jpg"},"160x120":{"url":"https:\/\/www.saint-brevin.com\/medias\/images\/prestations\/multitailles\/160x120_10-18-les-songes-d-ange-le-gilles-fernandez-copie-32258.jpg"},"origine":{"url":"https:\/\/www.saint-brevin.com\/medias\/images\/prestations\/10-18-les-songes-d-ange-le-gilles-fernandez-copie-32258.jpg"}},"urlLien":"","typeLien":"","nofollow":"N","copyright":""},{"url":"https:\/\/www.saint-brevin.com\/medias\/images\/prestations\/visuels-spectacles-03-v2-32257.jpg","chemin":"..\/medias\/images\/prestations\/visuels-spectacles-03-v2-32257.jpg","libelle":"visuels-spectacles-03-v2-32257","extension":"jpg","categorie":"","largeur":496,"theme":"","hauteur":882,"type":"Image","origine":"","liaisonPave":"","langue":"","id":"32257","urlVignette":"https:\/\/www.saint-brevin.com\/medias\/images\/prestations\/v-visuels-spectacles-03-v2-32257.jpg","alt":"visuels-spectacles-03-v2-32257","title":"visuels-spectacles-03-v2-32257","MultiTaille":{"1920x1440":{"url":"https:\/\/www.saint-brevin.com\/medias\/images\/prestations\/multitailles\/1920x1440_visuels-spectacles-03-v2-32257.jpg"},"1200x900":{"url":"https:\/\/www.saint-brevin.com\/medias\/images\/prestations\/multitailles\/1200x900_visuels-spectacles-03-v2-32257.jpg"},"800x600":{"url":"https:\/\/www.saint-brevin.com\/medias\/images\/prestations\/multitailles\/800x600_visuels-spectacles-03-v2-32257.jpg"},"640x480":{"url":"https:\/\/www.saint-brevin.com\/medias\/images\/prestations\/multitailles\/640x480_visuels-spectacles-03-v2-32257.jpg"},"320x240":{"url":"https:\/\/www.saint-brevin.com\/medias\/images\/prestations\/multitailles\/320x240_visuels-spectacles-03-v2-32257.jpg"},"160x120":{"url":"https:\/\/www.saint-brevin.com\/medias\/images\/prestations\/multitailles\/160x120_visuels-spectacles-03-v2-32257.jpg"},"origine":{"url":"https:\/\/www.saint-brevin.com\/medias\/images\/prestations\/visuels-spectacles-03-v2-32257.jpg"}},"urlLien":"","typeLien":"","nofollow":"N","copyright":""}],"ByCategorie":{"":[{"url":"https:\/\/www.saint-brevin.com\/medias\/images\/prestations\/10-18-les-songes-d-ange-le-gilles-fernandez-copie2-32259.jpg","chemin":"..\/medias\/images\/prestations\/10-18-les-songes-d-ange-le-gilles-fernandez-copie2-32259.jpg","libelle":"10-18-les-songes-d-ange-le-gilles-fernandez-copie2-32259","extension":"jpg","categorie":"","largeur":1537,"theme":"","hauteur":1048,"type":"Image","origine":"","liaisonPave":"","langue":"","id":"32259","urlVignette":"https:\/\/www.saint-brevin.com\/medias\/images\/prestations\/v-10-18-les-songes-d-ange-le-gilles-fernandez-copie2-32259.jpg","alt":"10-18-les-songes-d-ange-le-gilles-fernandez-copie2-32259","title":"10-18-les-songes-d-ange-le-gilles-fernandez-copie2-32259","MultiTaille":{"1920x1440":{"url":"https:\/\/www.saint-brevin.com\/medias\/images\/prestations\/multitailles\/1920x1440_10-18-les-songes-d-ange-le-gilles-fernandez-copie2-32259.jpg"},"1200x900":{"url":"https:\/\/www.saint-brevin.com\/medias\/images\/prestations\/multitailles\/1200x900_10-18-les-songes-d-ange-le-gilles-fernandez-copie2-32259.jpg"},"800x600":{"url":"https:\/\/www.saint-brevin.com\/medias\/images\/prestations\/multitailles\/800x600_10-18-les-songes-d-ange-le-gilles-fernandez-copie2-32259.jpg"},"640x480":{"url":"https:\/\/www.saint-brevin.com\/medias\/images\/prestations\/multitailles\/640x480_10-18-les-songes-d-ange-le-gilles-fernandez-copie2-32259.jpg"},"320x240":{"url":"https:\/\/www.saint-brevin.com\/medias\/images\/prestations\/multitailles\/320x240_10-18-les-songes-d-ange-le-gilles-fernandez-copie2-32259.jpg"},"160x120":{"url":"https:\/\/www.saint-brevin.com\/medias\/images\/prestations\/multitailles\/160x120_10-18-les-songes-d-ange-le-gilles-fernandez-copie2-32259.jpg"},"origine":{"url":"https:\/\/www.saint-brevin.com\/medias\/images\/prestations\/10-18-les-songes-d-ange-le-gilles-fernandez-copie2-32259.jpg"}},"urlLien":"","typeLien":"","nofollow":"N","copyright":""},{"url":"https:\/\/www.saint-brevin.com\/medias\/images\/prestations\/10-18-les-songes-d-ange-le-gilles-fernandez-copie-32258.jpg","chemin":"..\/medias\/images\/prestations\/10-18-les-songes-d-ange-le-gilles-fernandez-copie-32258.jpg","libelle":"10-18-les-songes-d-ange-le-gilles-fernandez-copie-32258","extension":"jpg","categorie":"","largeur":1801,"theme":"","hauteur":2908,"type":"Image","origine":"","liaisonPave":"","langue":"","id":"32258","urlVignette":"https:\/\/www.saint-brevin.com\/medias\/images\/prestations\/v-10-18-les-songes-d-ange-le-gilles-fernandez-copie-32258.jpg","alt":"10-18-les-songes-d-ange-le-gilles-fernandez-copie-32258","title":"10-18-les-songes-d-ange-le-gilles-fernandez-copie-32258","MultiTaille":{"1920x1440":{"url":"https:\/\/www.saint-brevin.com\/medias\/images\/prestations\/multitailles\/1920x1440_10-18-les-songes-d-ange-le-gilles-fernandez-copie-32258.jpg"},"1200x900":{"url":"https:\/\/www.saint-brevin.com\/medias\/images\/prestations\/multitailles\/1200x900_10-18-les-songes-d-ange-le-gilles-fernandez-copie-32258.jpg"},"800x600":{"url":"https:\/\/www.saint-brevin.com\/medias\/images\/prestations\/multitailles\/800x600_10-18-les-songes-d-ange-le-gilles-fernandez-copie-32258.jpg"},"640x480":{"url":"https:\/\/www.saint-brevin.com\/medias\/images\/prestations\/multitailles\/640x480_10-18-les-songes-d-ange-le-gilles-fernandez-copie-32258.jpg"},"320x240":{"url":"https:\/\/www.saint-brevin.com\/medias\/images\/prestations\/multitailles\/320x240_10-18-les-songes-d-ange-le-gilles-fernandez-copie-32258.jpg"},"160x120":{"url":"https:\/\/www.saint-brevin.com\/medias\/images\/prestations\/multitailles\/160x120_10-18-les-songes-d-ange-le-gilles-fernandez-copie-32258.jpg"},"origine":{"url":"https:\/\/www.saint-brevin.com\/medias\/images\/prestations\/10-18-les-songes-d-ange-le-gilles-fernandez-copie-32258.jpg"}},"urlLien":"","typeLien":"","nofollow":"N","copyright":""},{"url":"https:\/\/www.saint-brevin.com\/medias\/images\/prestations\/visuels-spectacles-03-v2-32257.jpg","chemin":"..\/medias\/images\/prestations\/visuels-spectacles-03-v2-32257.jpg","libelle":"visuels-spectacles-03-v2-32257","extension":"jpg","categorie":"","largeur":496,"theme":"","hauteur":882,"type":"Image","origine":"","liaisonPave":"","langue":"","id":"32257","urlVignette":"https:\/\/www.saint-brevin.com\/medias\/images\/prestations\/v-visuels-spectacles-03-v2-32257.jpg","alt":"visuels-spectacles-03-v2-32257","title":"visuels-spectacles-03-v2-32257","MultiTaille":{"1920x1440":{"url":"https:\/\/www.saint-brevin.com\/medias\/images\/prestations\/multitailles\/1920x1440_visuels-spectacles-03-v2-32257.jpg"},"1200x900":{"url":"https:\/\/www.saint-brevin.com\/medias\/images\/prestations\/multitailles\/1200x900_visuels-spectacles-03-v2-32257.jpg"},"800x600":{"url":"https:\/\/www.saint-brevin.com\/medias\/images\/prestations\/multitailles\/800x600_visuels-spectacles-03-v2-32257.jpg"},"640x480":{"url":"https:\/\/www.saint-brevin.com\/medias\/images\/prestations\/multitailles\/640x480_visuels-spectacles-03-v2-32257.jpg"},"320x240":{"url":"https:\/\/www.saint-brevin.com\/medias\/images\/prestations\/multitailles\/320x240_visuels-spectacles-03-v2-32257.jpg"},"160x120":{"url":"https:\/\/www.saint-brevin.com\/medias\/images\/prestations\/multitailles\/160x120_visuels-spectacles-03-v2-32257.jpg"},"origine":{"url":"https:\/\/www.saint-brevin.com\/medias\/images\/prestations\/visuels-spectacles-03-v2-32257.jpg"}},"urlLien":"","typeLien":"","nofollow":"N","copyright":""}]}},"DateDebPublication":"","DateFinPublication":"20261018","PrixAPartirDe":"","PrixPour":"","FicheListeEnCours":"fiche_liste_agenda_prestation_v2017","ParametresModele":{"AfficherPhotos":"1","NbPhotosMax":6,"AfficherReserver":0,"AfficherContact":0,"AfficherSalle":1,"AfficherZoneGeo":0,"AfficherEnSavoirPlus":"1","AfficherUneSeuleOuverture":"1","AfficherContactCarte":1,"AfficherTarifsChaudAPartirDe":0,"AfficherTarifChaudSansRecherche":0,"AfficherLiensCarnetVoyage":"1","AfficherOuverture":"1","BlocCritereInfo":{"critere1":{"libelle":""},"critere2":{"libelle":""},"critere3":{"libelle":""},"critere4":{"libelle":""},"critere5":{"libelle":""},"critere6":{"libelle":""},"critere7":{"libelle":"","liste_critere":["COMMUNES|Y"]},"critere8":{"libelle":""},"critere9":{"libelle":""},"afficherpictoetpaslibelle":"1"},"CriteresComportementResa":"|RESABILLET[RESAENLIGNE|","PositionBloc":"GALLERIE|NOM|OUVERTURES|CARNET_VOYAGE|URL|LIEN_RESERVER_DETAIL","TypePrestataire":"Y","ComportementResa":false,"ComportementDispo":false},"AffichageCoordonnees":[],"Coordonnees":{"Ville":"ST BREVIN LES PINS"},"ContexteId":"PRESTATION|Y|A0013PDL044V5040K0|SPECTACLELESSONGESDANGELE","ContexteIdHtml":"PRESTATION-Y-A0013PDL044V5040K0-SPECTACLELESSONGESDANGELE","cleContexte":"Y|A0013PDL044V5040K0|SPECTACLELESSONGESDANGELE","Bloc":{"texte1":"","texte3":"","critere1":{"libelle":"","contenu":[]},"critere2":{"libelle":"","contenu":[]},"critere3":{"libelle":"","contenu":[]},"critere4":{"libelle":"","contenu":[]},"critere5":{"libelle":"","contenu":[]},"critere6":{"libelle":"","contenu":[]},"critere7":{"libelle":"","contenu":{"COMMUNES":{"libelle":"COMMUNE","contenu":{"1":"Saint-Brevin"},"codesValeurs":{"1":"COMMUNES|SAINTBREVIN|Y"},"criteres_datas":{"valeurs":{"1":{"SAINTBREVIN":{"descriptif":""}}}}}}},"critere8":{"libelle":"","contenu":[]},"critere9":{"libelle":"","contenu":[]}},"LocalisationGps":{"Latitude":"47.23646","Longitude":"-2.15601"},"libelleDuPrestataire":"","vuePrestataire":{"pave1":{"libelle":"Descriptif","contenu":"\u003Cstrong\u003ELa tourn&eacute;e des plages des brioches Fonteneau&nbsp;\u003C\/strong\u003E\u003Cbr \/\u003E\r\n\u003Cbr \/\u003E\r\nQuel id&eacute;e de g&eacute;nie ?!\r\n\u003Cp class=\"has-text-align-center REVEAL\" style=\"opacity: 1; padding-top: 0px;\"\u003ECet &eacute;t&eacute;, l&#39;entreprise brioches Fonteneau viendra &agrave; votre rencontre &agrave; l&rsquo;occasion de notre&nbsp;tourn&eacute;e des plages.&nbsp;De juillet &agrave; ao&ucirc;t, elle sillonera sur l&#39;ensemble du littoral vend&eacute;en et une partie de la Loire-Atlantique pour vous faire d&eacute;couvrir (ou red&eacute;couvrir) leurs produits phares &ndash; brioches, g&acirc;ches et autres sp&eacute;cialit&eacute;s gourmandes.&nbsp;Au programme de chaque &eacute;tape :&nbsp;d&eacute;gustations&nbsp;de nos produits, moments de convivialit&eacute; et animations. Une roue de la chance&nbsp;vous attend avec de nombreuses surprises &agrave; gagner !\u003Cbr \/\u003E\r\n\u003Cbr \/\u003E\r\nNous avons deux dates pour St Brevin :\u003Cbr \/\u003E\r\n\u003Cbr \/\u003E\r\n- le 17 juillet 2025 au Leclerc de St Brevin les Pins de 8h45 &agrave; 18h\u003Cbr \/\u003E\r\n- le 25 juillet 2025 &agrave; la plage verte de St Brevin l&#39;Oc&eacute;an 14h &agrave; 18h30\u003C\/p\u003E\r\n"},"pave2":{"libelle":"","contenu":""},"pave3":{"libelle":"","contenu":""},"pave4":{"libelle":"","contenu":""},"pave5":{"libelle":"","contenu":""},"pave6":{"libelle":"","contenu":""},"pave7":{"libelle":"","contenu":""},"pave8":{"libelle":"","contenu":""},"pave9":{"libelle":"","contenu":""},"pave10":{"libelle":"","contenu":""},"pave11":{"libelle":"","contenu":""},"pave12":{"libelle":"","contenu":""},"pave13":{"libelle":"","contenu":""},"pave14":{"libelle":"","contenu":""},"pave15":{"libelle":"","contenu":""},"pave16":{"libelle":"","contenu":""},"pave17":{"libelle":"","contenu":""},"pave18":{"libelle":"","contenu":""},"pave19":{"libelle":"","contenu":""},"pave20":{"libelle":"","contenu":""},"pave21":{"libelle":"","contenu":""},"pave22":{"libelle":"","contenu":""},"pave23":{"libelle":"","contenu":""},"pave24":{"libelle":"","contenu":""},"pave25":{"libelle":"","contenu":""},"Libelle":"Mairie de Saint-Brevin","Nom":"Mairie de Saint-Brevin","Prenom":"","NomPrenom":"Mairie de Saint-Brevin ","CiviliteNomPrenom":"Mairie de Saint-Brevin ","Cle":"Y|A0013PDL044V5040K0","PrestataireParent":"","ContexteStat":"PRESTATAIRE-Y-A0013PDL044V5040K0","DateModificationIso":"2025-08-12T18:09:00+02:00","Type":"PRESTATAIRE","TypePrestataire":"Y","Adresse":{"LigneAdresse1":"1 Place de l'H\u00f4tel de ville","LigneAdresse2":"","LigneAdresse3":"","CodePostal":"44250","Ville":"ST BREVIN LES PINS","Cedex":"","Etat":"","Pays":"FRA"},"Email":"ot@tourisme-saint-brevin.fr","Telephone":"02 40 64 44 44","TelephoneBureau":"","Portable":"","SiteWeb":"http:\/\/www.saint-brevin.fr","Fax":"","Id":"y-a0013pdl044v5040k0","Code":"Y|A0013PDL044V5040K0","Fichier":{"Image":[{"url":"https:\/\/www.saint-brevin.com\/medias\/images\/prestataires\/affiche-dates-tournee-des-plages-heures-plan-de-travail-1-1-10466.png","chemin":"..\/medias\/images\/prestataires\/affiche-dates-tournee-des-plages-heures-plan-de-travail-1-1-10466.png","libelle":"affiche-dates-tournee-des-plages-heures-plan-de-travail-1-1-10466","extension":"png","categorie":"","largeur":936,"theme":"","hauteur":591,"type":"Image","origine":"","liaisonPave":"","langue":"","id":"10466","urlVignette":"https:\/\/www.saint-brevin.com\/medias\/images\/prestataires\/v-affiche-dates-tournee-des-plages-heures-plan-de-travail-1-1-10466.png","alt":"affiche-dates-tournee-des-plages-heures-plan-de-travail-1-1-10466","title":"affiche-dates-tournee-des-plages-heures-plan-de-travail-1-1-10466","MultiTaille":{"1920x1440":{"url":"https:\/\/www.saint-brevin.com\/medias\/images\/prestataires\/multitailles\/1920x1440_affiche-dates-tournee-des-plages-heures-plan-de-travail-1-1-10466.png"},"1200x900":{"url":"https:\/\/www.saint-brevin.com\/medias\/images\/prestataires\/multitailles\/1200x900_affiche-dates-tournee-des-plages-heures-plan-de-travail-1-1-10466.png"},"800x600":{"url":"https:\/\/www.saint-brevin.com\/medias\/images\/prestataires\/multitailles\/800x600_affiche-dates-tournee-des-plages-heures-plan-de-travail-1-1-10466.png"},"640x480":{"url":"https:\/\/www.saint-brevin.com\/medias\/images\/prestataires\/multitailles\/640x480_affiche-dates-tournee-des-plages-heures-plan-de-travail-1-1-10466.png"},"320x240":{"url":"https:\/\/www.saint-brevin.com\/medias\/images\/prestataires\/multitailles\/320x240_affiche-dates-tournee-des-plages-heures-plan-de-travail-1-1-10466.png"},"160x120":{"url":"https:\/\/www.saint-brevin.com\/medias\/images\/prestataires\/multitailles\/160x120_affiche-dates-tournee-des-plages-heures-plan-de-travail-1-1-10466.png"},"origine":{"url":"https:\/\/www.saint-brevin.com\/medias\/images\/prestataires\/affiche-dates-tournee-des-plages-heures-plan-de-travail-1-1-10466.png"}},"urlLien":"","typeLien":"","nofollow":"N","copyright":""},{"url":"https:\/\/www.saint-brevin.com\/medias\/images\/prestataires\/affiche-dates-tournee-des-plages-heures-plan-de-travail-1-1-10465.png","chemin":"..\/medias\/images\/prestataires\/affiche-dates-tournee-des-plages-heures-plan-de-travail-1-1-10465.png","libelle":"affiche-dates-tournee-des-plages-heures-plan-de-travail-1-1-10465","extension":"png","categorie":"","largeur":936,"theme":"","hauteur":1323,"type":"Image","origine":"","liaisonPave":"","langue":"","id":"10465","urlVignette":"https:\/\/www.saint-brevin.com\/medias\/images\/prestataires\/v-affiche-dates-tournee-des-plages-heures-plan-de-travail-1-1-10465.png","alt":"affiche-dates-tournee-des-plages-heures-plan-de-travail-1-1-10465","title":"affiche-dates-tournee-des-plages-heures-plan-de-travail-1-1-10465","MultiTaille":{"1920x1440":{"url":"https:\/\/www.saint-brevin.com\/medias\/images\/prestataires\/multitailles\/1920x1440_affiche-dates-tournee-des-plages-heures-plan-de-travail-1-1-10465.png"},"1200x900":{"url":"https:\/\/www.saint-brevin.com\/medias\/images\/prestataires\/multitailles\/1200x900_affiche-dates-tournee-des-plages-heures-plan-de-travail-1-1-10465.png"},"800x600":{"url":"https:\/\/www.saint-brevin.com\/medias\/images\/prestataires\/multitailles\/800x600_affiche-dates-tournee-des-plages-heures-plan-de-travail-1-1-10465.png"},"640x480":{"url":"https:\/\/www.saint-brevin.com\/medias\/images\/prestataires\/multitailles\/640x480_affiche-dates-tournee-des-plages-heures-plan-de-travail-1-1-10465.png"},"320x240":{"url":"https:\/\/www.saint-brevin.com\/medias\/images\/prestataires\/multitailles\/320x240_affiche-dates-tournee-des-plages-heures-plan-de-travail-1-1-10465.png"},"160x120":{"url":"https:\/\/www.saint-brevin.com\/medias\/images\/prestataires\/multitailles\/160x120_affiche-dates-tournee-des-plages-heures-plan-de-travail-1-1-10465.png"},"origine":{"url":"https:\/\/www.saint-brevin.com\/medias\/images\/prestataires\/affiche-dates-tournee-des-plages-heures-plan-de-travail-1-1-10465.png"}},"urlLien":"","typeLien":"","nofollow":"N","copyright":""}],"ByCategorie":{"":[{"url":"https:\/\/www.saint-brevin.com\/medias\/images\/prestataires\/affiche-dates-tournee-des-plages-heures-plan-de-travail-1-1-10466.png","chemin":"..\/medias\/images\/prestataires\/affiche-dates-tournee-des-plages-heures-plan-de-travail-1-1-10466.png","libelle":"affiche-dates-tournee-des-plages-heures-plan-de-travail-1-1-10466","extension":"png","categorie":"","largeur":936,"theme":"","hauteur":591,"type":"Image","origine":"","liaisonPave":"","langue":"","id":"10466","urlVignette":"https:\/\/www.saint-brevin.com\/medias\/images\/prestataires\/v-affiche-dates-tournee-des-plages-heures-plan-de-travail-1-1-10466.png","alt":"affiche-dates-tournee-des-plages-heures-plan-de-travail-1-1-10466","title":"affiche-dates-tournee-des-plages-heures-plan-de-travail-1-1-10466","MultiTaille":{"1920x1440":{"url":"https:\/\/www.saint-brevin.com\/medias\/images\/prestataires\/multitailles\/1920x1440_affiche-dates-tournee-des-plages-heures-plan-de-travail-1-1-10466.png"},"1200x900":{"url":"https:\/\/www.saint-brevin.com\/medias\/images\/prestataires\/multitailles\/1200x900_affiche-dates-tournee-des-plages-heures-plan-de-travail-1-1-10466.png"},"800x600":{"url":"https:\/\/www.saint-brevin.com\/medias\/images\/prestataires\/multitailles\/800x600_affiche-dates-tournee-des-plages-heures-plan-de-travail-1-1-10466.png"},"640x480":{"url":"https:\/\/www.saint-brevin.com\/medias\/images\/prestataires\/multitailles\/640x480_affiche-dates-tournee-des-plages-heures-plan-de-travail-1-1-10466.png"},"320x240":{"url":"https:\/\/www.saint-brevin.com\/medias\/images\/prestataires\/multitailles\/320x240_affiche-dates-tournee-des-plages-heures-plan-de-travail-1-1-10466.png"},"160x120":{"url":"https:\/\/www.saint-brevin.com\/medias\/images\/prestataires\/multitailles\/160x120_affiche-dates-tournee-des-plages-heures-plan-de-travail-1-1-10466.png"},"origine":{"url":"https:\/\/www.saint-brevin.com\/medias\/images\/prestataires\/affiche-dates-tournee-des-plages-heures-plan-de-travail-1-1-10466.png"}},"urlLien":"","typeLien":"","nofollow":"N","copyright":""},{"url":"https:\/\/www.saint-brevin.com\/medias\/images\/prestataires\/affiche-dates-tournee-des-plages-heures-plan-de-travail-1-1-10465.png","chemin":"..\/medias\/images\/prestataires\/affiche-dates-tournee-des-plages-heures-plan-de-travail-1-1-10465.png","libelle":"affiche-dates-tournee-des-plages-heures-plan-de-travail-1-1-10465","extension":"png","categorie":"","largeur":936,"theme":"","hauteur":1323,"type":"Image","origine":"","liaisonPave":"","langue":"","id":"10465","urlVignette":"https:\/\/www.saint-brevin.com\/medias\/images\/prestataires\/v-affiche-dates-tournee-des-plages-heures-plan-de-travail-1-1-10465.png","alt":"affiche-dates-tournee-des-plages-heures-plan-de-travail-1-1-10465","title":"affiche-dates-tournee-des-plages-heures-plan-de-travail-1-1-10465","MultiTaille":{"1920x1440":{"url":"https:\/\/www.saint-brevin.com\/medias\/images\/prestataires\/multitailles\/1920x1440_affiche-dates-tournee-des-plages-heures-plan-de-travail-1-1-10465.png"},"1200x900":{"url":"https:\/\/www.saint-brevin.com\/medias\/images\/prestataires\/multitailles\/1200x900_affiche-dates-tournee-des-plages-heures-plan-de-travail-1-1-10465.png"},"800x600":{"url":"https:\/\/www.saint-brevin.com\/medias\/images\/prestataires\/multitailles\/800x600_affiche-dates-tournee-des-plages-heures-plan-de-travail-1-1-10465.png"},"640x480":{"url":"https:\/\/www.saint-brevin.com\/medias\/images\/prestataires\/multitailles\/640x480_affiche-dates-tournee-des-plages-heures-plan-de-travail-1-1-10465.png"},"320x240":{"url":"https:\/\/www.saint-brevin.com\/medias\/images\/prestataires\/multitailles\/320x240_affiche-dates-tournee-des-plages-heures-plan-de-travail-1-1-10465.png"},"160x120":{"url":"https:\/\/www.saint-brevin.com\/medias\/images\/prestataires\/multitailles\/160x120_affiche-dates-tournee-des-plages-heures-plan-de-travail-1-1-10465.png"},"origine":{"url":"https:\/\/www.saint-brevin.com\/medias\/images\/prestataires\/affiche-dates-tournee-des-plages-heures-plan-de-travail-1-1-10465.png"}},"urlLien":"","typeLien":"","nofollow":"N","copyright":""}]}},"Url":"","Localisation":{"GoogleMap":{"Latitude":"47.24750","Longitude":"-2.16780"}},"ZoneGeo":"","Criteres":{"LIEU[SAINTBREVINOCEAN":"","LIEU[SAINTBREVINLESPINS":"","COMMUNES[SAINTBREVIN":"","MAJINGENIE[DATEDERNIEREMAJ":"20250716","MISEAJOUR[AMANDINE":""},"DateFinPublication":"","AffichageCoordonnees":[]},"listeCriteres":{"LIEUMANIF":{"SAINTBREVIN":""},"CATEGORIEANIMATION":{"THEATRE":""},"ICA":{"DS":"20-25","ICATP":""},"ANIAH":{"ANIACC":"","ACCESPOUSSETTE":""},"TYPE":{"VILLESTBREVIN":""},"MISEAJOURINGENIE":{"DATEDERNIEREMAJ":"20260901"},"MISEAJOURPAR":{"ANNABELLE":""},"LIEU":{"SAINTBREVINOCEAN":"","SAINTBREVINLESPINS":""},"COMMUNES":{"SAINTBREVIN":""},"MAJINGENIE":{"DATEDERNIEREMAJ":"20250716"},"MISEAJOUR":{"AMANDINE":""}},"dansCarnetVoyage":true,"Ouverture":["\u003Cp class=\"date\" \u003EDimanche 18 octobre 2026\u003C\/p\u003E\u003Cp class=\"heure\" \u003E\u00e0 partir de 11:00 et \u00e0 partir de 16:00\u003C\/p\u003E"],"OuverturePasse":[],"OuvertureObjs":[{}],"OuvertureTab":[["20261018","20261018"]]},"html":" \n \u003Cdiv id=\"CV-PRESTATION-Y-A0013PDL044V5040K0-SPECTACLELESSONGESDANGELE\" data-contexte-id=\"PRESTATION|Y|A0013PDL044V5040K0|SPECTACLELESSONGESDANGELE\" data-cle=\"Y|A0013PDL044V5040K0|SPECTACLELESSONGESDANGELE\" class=\"fiche-liste\"\u003E\n    \n\n    \u003C!-- partie photo --\u003E\n    \u003Cdiv class=\"photo\"\u003E\t\t\t\t\t\t\t\t\t\t\t\t\t\t\t\t\t\t\t\t\t\n        \u003Cdiv class=\"cadre_photo_principale\"\u003E\t\t\n        \n            \t\t\t\t\t\n                    \u003Ca href=\"spectacle-les-songes-dangele.html?origine=carnet#media\"\u003E\n                        \u003Cimg class=\"photo_principale\" alt=\"10-18-les-songes-d-ange-le-gilles-fernandez-copie2-32259\" src=\"https:\/\/www.saint-brevin.com\/medias\/images\/prestations\/multitailles\/320x240_10-18-les-songes-d-ange-le-gilles-fernandez-copie2-32259.jpg\" itemprop=\"image\"\u003E\n                    \u003C\/a\u003E\t\t\t\t\t\t\n                \n                    \u003C\/div\u003E\t\t\t\t\t\t\t\t\t\t\t\t\t\t\t\t\t\t\t \t\t\n    \u003C\/div\u003E\n    \n    \u003C!-- partie nom prest --\u003E\n    \u003Cdiv class=\"nom\"\u003E\n        \u003Ch2\u003ESpectacle : Les Songes d\u2019Ang\u00e8le\u003C\/h2\u003E\n        \n            \u003C\/div\u003E\n\n     \u003Cul style=\"display: none\" class=\"ouverture_list\"\u003E\u003Cli class=\"ouverture_item\"\u003E\u003Cp class=\"date\" \u003EDimanche 18 octobre 2026\u003C\/p\u003E\u003Cp class=\"heure\" \u003E\u00e0 partir de 11:00 et \u00e0 partir de 16:00\u003C\/p\u003E\u003C\/li\u003E\u003C\/ul\u003E    \n    \u003C!-- partie adresse --\u003E\n    \u003Cdiv class=\"adresse\"\u003E\n    \n          \n    \u003C\/div\u003E\n    \n    \u003C!-- partie liens --\u003E\n    \u003Cdiv class=\"liens\"\u003E\n            \u003Ca class=\"btn-icon btn-view \" title=\"Voir la fiche d\u00e9taill\u00e9e\" href=\"spectacle-les-songes-dangele.html?origine=carnet\"\u003E\u003C\/a\u003E\u003C!--\u003Ca class=\"btn-icon btn-view \" title=\"\" href=\"?origine=carnet#thaut\"\u003E\u003C\/a\u003E--\u003E\n      \u003Ca class=\"btn-icon btn-trash carnet_voyage_supprimer\" title=\"Supprimer cette fiche de mon carnet de voyage\" href=\"carnet-voyage?action=remove&fiche=Y|A0013PDL044V5040K0|SPECTACLELESSONGESDANGELE\"\u003E\u003C\/a\u003E\n    \u003C\/div\u003E\n\n\u003C\/div\u003E\n\n","icon":"https:\/\/static.ingenie.fr\/images\/carnetVoyageV3\/Y.png"},"fiche":"Y|A0013PDL044V5040K0|SPECTACLELESSONGESDANGELE","popup":"\u003Cdiv id=\"bloc_popup_ajout_fiche_carnet\"\u003E\n    \u003Cdiv class=\"info_popup_ajout_fiche_carnet\"\u003E\n        Vous venez d'ajouter cet \u00e9l\u00e9ment \u00e0 votre carnet de voyage :    \u003C\/div\u003E\n    \u003Cdiv class=\"prest_popup_ajout_fiche_carnet\"\u003E\n        Spectacle : Les Songes d&rsquo;Ang&egrave;le    \u003C\/div\u003E\n    \u003Cdiv class=\"bloc_btn_ajout_fiche_carnet form_submit_div\"\u003E\n        \u003Cinput type=\"button\" value=\"Continuer ma s\u00e9lection\" title=\"Continuer ma s\u00e9lection\" name=\"btn_close\" class=\"btn_close_popup_carnet form_submit\" onclick=\"$.colorbox.close()\" \/\u003E\n        \u003Cinput type=\"button\" value=\"Voir mon carnet de voyage\" title=\"Voir mon carnet\" name=\"btn_panier\" class=\"btn_panier_popup_carnet form_submit\" onclick=\"if(typeof CarnetVoyage != 'undefined') {CarnetVoyage.voirCarnet();}\" \/\u003E\n    \u003C\/div\u003E\n    \u003Cdiv class=\"bloc_btn_ajout_fiche_carnet\"\u003E\n        \u003Cinput type=\"checkbox\" value=\"1\" name=\"desactiver_popup\" id=\"desactiver_popup\" \/\u003E\n        \u003Clabel for=\"desactiver_popup\"\u003ENe plus afficher ce message\u003C\/label\u003E\n    \u003C\/div\u003E\n\u003C\/div\u003E","success":1}