{"nbFiches":1,"dataPrest":{"infoPrest":{"pave1":{"libelle":"Slogan","contenu":"","fichiers":[]},"pave2":{"libelle":"Descriptif","contenu":"\u003Cdiv\u003E\r\n\u003Cdiv\u003E\r\n\u003Cdiv\u003E\r\n\u003Cdiv\u003E\r\n\u003Cdiv\u003E\r\n\u003Cdiv\u003E\r\n\u003Cdiv\u003E\r\n\u003Cdiv\u003E\r\n\u003Cdiv\u003E\r\n\u003Cdiv\u003E\r\n\u003Cdiv\u003E\u003Cstrong\u003EAn Irish Story I Kelly Rivi&egrave;re\u003C\/strong\u003E\u003Cbr \/\u003E\r\n&nbsp;\u003Cbr \/\u003E\r\nSeule en sc&egrave;ne, Kelly Rivi&egrave;re nous conte avec humour et humanit&eacute; sa folle enqu&ecirc;te pour tenter de retrouver Peter O&rsquo;Farrel, son grand-p&egrave;re irlandais disparu.\u003Cbr \/\u003E\r\nL&rsquo;enqu&ecirc;te est pr&eacute;texte &agrave; un v&eacute;ritable portrait de famille ; l&rsquo;actrice retrace des bribes d&rsquo;histoire de la communaut&eacute; irlandaise et capte les particules invisibles des secrets de famille.\u003Cbr \/\u003E\r\n&nbsp;\u003Cbr \/\u003E\r\nKelly Rivi&egrave;re nous pr&eacute;sente sur sc&egrave;ne une histoire profond&eacute;ment humaine, incarnant &agrave; un rythme impressionnant, une galerie de personnages avec beaucoup de d&eacute;licatesse et de justesse.&nbsp;\u003Cbr \/\u003E\r\nOn quitte la salle le c&oelig;ur plein. Une autofiction brillante et hilarante !\u003Cbr \/\u003E\r\n&nbsp;\u003Cbr \/\u003E\r\nProduction : Compagnie Innisfree\u003Cbr \/\u003E\r\nSoutiens : la SPEDIDAM, Fonds de soutien AFC Avignon Off, Fondation E.C. Art-POMARET, Festival Off Avignon IF, Maison Maria Casar&egrave;s, Ch&acirc;teau de Monthelon, Studio Thor de Bruxelles, Samovar &agrave; Bagnolet, Th&eacute;&acirc;tre de la Girandole &agrave; Montreuil, Groupe Leader Int&eacute;rim, Th&eacute;&acirc;tre de Belleville.\u003Cbr \/\u003E\r\n\u003Cbr \/\u003E\r\nDur&eacute;e : 1h25\u003Cbr \/\u003E\r\nBar ouvert\u003Cbr \/\u003E\r\n&nbsp;\u003Cbr \/\u003E\r\nTarif plein : 15&euro;, r&eacute;duit : 9&euro;, abonn&eacute; : 11&euro;, abonn&eacute; r&eacute;duit : 6&euro;.\u003C\/div\u003E\r\n\r\n\u003Cdiv\u003E&nbsp;\u003C\/div\u003E\r\n\u003C\/div\u003E\r\n\u003C\/div\u003E\r\n\u003C\/div\u003E\r\n\u003C\/div\u003E\r\n\u003C\/div\u003E\r\n\u003C\/div\u003E\r\n\u003C\/div\u003E\r\n\u003C\/div\u003E\r\n\u003C\/div\u003E\r\n\u003C\/div\u003E\r\n","fichiers":[]},"pave3":{"libelle":"","contenu":""},"pave4":{"libelle":"","contenu":""},"pave5":{"libelle":"","contenu":""},"pave6":{"libelle":"","contenu":""},"pave7":{"libelle":"","contenu":""},"pave8":{"libelle":"","contenu":""},"pave9":{"libelle":"","contenu":""},"pave10":{"libelle":"","contenu":""},"pave11":{"libelle":"","contenu":""},"pave12":{"libelle":"","contenu":""},"pave13":{"libelle":"","contenu":""},"pave14":{"libelle":"","contenu":""},"pave15":{"libelle":"","contenu":""},"pave16":{"libelle":"","contenu":""},"pave17":{"libelle":"","contenu":""},"pave18":{"libelle":"","contenu":""},"pave19":{"libelle":"","contenu":""},"pave20":{"libelle":"","contenu":""},"pave21":{"libelle":"","contenu":""},"pave22":{"libelle":"","contenu":""},"pave23":{"libelle":"","contenu":""},"pave24":{"libelle":"","contenu":""},"pave25":{"libelle":"","contenu":""},"Libelle":"Spectacle : An Irish Story","Reference":"","Reftar":"","Type":"PRESTATION","TypePrestataire":"Y","ContexteStat":"PRESTATION-Y-A0013PDL044V5040K0-SPECTACLEANIRISHSTORY","DateModificationIso":"2026-09-01T15:19:00+02:00","Adresse":{"LigneAdresse1":"Salle \u00c9toile de Jade","LigneAdresse2":"Avenur Georges Brassens","LigneAdresse3":"","CodePostal":"44250","Ville":"ST BREVIN LES PINS","Cedex":"","Etat":"","Pays":"FRA"},"Id":"y-a0013pdl044v5040k0-spectacleanirishstory","Code":"Y|A0013PDL044V5040K0|SPECTACLEANIRISHSTORY","Cle":"Y|A0013PDL044V5040K0|SPECTACLEANIRISHSTORY","Url":"spectacle-an-irish-story.html","Localisation":{"GoogleMap":{"Latitude":"47.23646","Longitude":"-2.15601"}},"ZoneGeo":"","Criteres":{"LIEUMANIF[SAINTBREVIN":"","CATEGORIEANIMATION[THEATRE":"","ICA[DS":"1h25","ICA[ICATP":"","ANIAH[ANIACC":"","ANIAH[ACCESPOUSSETTE":"","TYPE[VILLESTBREVIN":"","MISEAJOURINGENIE[DATEDERNIEREMAJ":"20260901","MISEAJOURPAR[ANNABELLE":""},"Prestataire":{"pave1":{"libelle":"Descriptif","contenu":"\u003Cstrong\u003ELa tourn&eacute;e des plages des brioches Fonteneau&nbsp;\u003C\/strong\u003E\u003Cbr \/\u003E\r\n\u003Cbr \/\u003E\r\nQuel id&eacute;e de g&eacute;nie ?!\r\n\u003Cp class=\"has-text-align-center REVEAL\" style=\"opacity: 1; padding-top: 0px;\"\u003ECet &eacute;t&eacute;, l&#39;entreprise brioches Fonteneau viendra &agrave; votre rencontre &agrave; l&rsquo;occasion de notre&nbsp;tourn&eacute;e des plages.&nbsp;De juillet &agrave; ao&ucirc;t, elle sillonera sur l&#39;ensemble du littoral vend&eacute;en et une partie de la Loire-Atlantique pour vous faire d&eacute;couvrir (ou red&eacute;couvrir) leurs produits phares &ndash; brioches, g&acirc;ches et autres sp&eacute;cialit&eacute;s gourmandes.&nbsp;Au programme de chaque &eacute;tape :&nbsp;d&eacute;gustations&nbsp;de nos produits, moments de convivialit&eacute; et animations. Une roue de la chance&nbsp;vous attend avec de nombreuses surprises &agrave; gagner !\u003Cbr \/\u003E\r\n\u003Cbr \/\u003E\r\nNous avons deux dates pour St Brevin :\u003Cbr \/\u003E\r\n\u003Cbr \/\u003E\r\n- le 17 juillet 2025 au Leclerc de St Brevin les Pins de 8h45 &agrave; 18h\u003Cbr \/\u003E\r\n- le 25 juillet 2025 &agrave; la plage verte de St Brevin l&#39;Oc&eacute;an 14h &agrave; 18h30\u003C\/p\u003E\r\n"},"pave2":{"libelle":"","contenu":""},"pave3":{"libelle":"","contenu":""},"pave4":{"libelle":"","contenu":""},"pave5":{"libelle":"","contenu":""},"pave6":{"libelle":"","contenu":""},"pave7":{"libelle":"","contenu":""},"pave8":{"libelle":"","contenu":""},"pave9":{"libelle":"","contenu":""},"pave10":{"libelle":"","contenu":""},"pave11":{"libelle":"","contenu":""},"pave12":{"libelle":"","contenu":""},"pave13":{"libelle":"","contenu":""},"pave14":{"libelle":"","contenu":""},"pave15":{"libelle":"","contenu":""},"pave16":{"libelle":"","contenu":""},"pave17":{"libelle":"","contenu":""},"pave18":{"libelle":"","contenu":""},"pave19":{"libelle":"","contenu":""},"pave20":{"libelle":"","contenu":""},"pave21":{"libelle":"","contenu":""},"pave22":{"libelle":"","contenu":""},"pave23":{"libelle":"","contenu":""},"pave24":{"libelle":"","contenu":""},"pave25":{"libelle":"","contenu":""},"Libelle":"Mairie de Saint-Brevin","Nom":"Mairie de Saint-Brevin","Prenom":"","NomPrenom":"Mairie de Saint-Brevin ","CiviliteNomPrenom":"Mairie de Saint-Brevin ","Cle":"Y|A0013PDL044V5040K0","PrestataireParent":"","ContexteStat":"PRESTATAIRE-Y-A0013PDL044V5040K0","DateModificationIso":"2025-08-12T18:09:00+02:00","Type":"PRESTATAIRE","TypePrestataire":"Y","Adresse":{"LigneAdresse1":"1 Place de l'H\u00f4tel de ville","LigneAdresse2":"","LigneAdresse3":"","CodePostal":"44250","Ville":"ST BREVIN LES PINS","Cedex":"","Etat":"","Pays":"FRA"},"Email":"ot@tourisme-saint-brevin.fr","Telephone":"02 40 64 44 44","TelephoneBureau":"","Portable":"","SiteWeb":"http:\/\/www.saint-brevin.fr","Fax":"","Id":"y-a0013pdl044v5040k0","Code":"Y|A0013PDL044V5040K0","Fichier":{"Image":[{"url":"https:\/\/www.saint-brevin.com\/medias\/images\/prestataires\/affiche-dates-tournee-des-plages-heures-plan-de-travail-1-1-10466.png","chemin":"..\/medias\/images\/prestataires\/affiche-dates-tournee-des-plages-heures-plan-de-travail-1-1-10466.png","libelle":"affiche-dates-tournee-des-plages-heures-plan-de-travail-1-1-10466","extension":"png","categorie":"","largeur":936,"theme":"","hauteur":591,"type":"Image","origine":"","liaisonPave":"","langue":"","id":"10466","urlVignette":"https:\/\/www.saint-brevin.com\/medias\/images\/prestataires\/v-affiche-dates-tournee-des-plages-heures-plan-de-travail-1-1-10466.png","alt":"affiche-dates-tournee-des-plages-heures-plan-de-travail-1-1-10466","title":"affiche-dates-tournee-des-plages-heures-plan-de-travail-1-1-10466","MultiTaille":{"1920x1440":{"url":"https:\/\/www.saint-brevin.com\/medias\/images\/prestataires\/multitailles\/1920x1440_affiche-dates-tournee-des-plages-heures-plan-de-travail-1-1-10466.png"},"1200x900":{"url":"https:\/\/www.saint-brevin.com\/medias\/images\/prestataires\/multitailles\/1200x900_affiche-dates-tournee-des-plages-heures-plan-de-travail-1-1-10466.png"},"800x600":{"url":"https:\/\/www.saint-brevin.com\/medias\/images\/prestataires\/multitailles\/800x600_affiche-dates-tournee-des-plages-heures-plan-de-travail-1-1-10466.png"},"640x480":{"url":"https:\/\/www.saint-brevin.com\/medias\/images\/prestataires\/multitailles\/640x480_affiche-dates-tournee-des-plages-heures-plan-de-travail-1-1-10466.png"},"320x240":{"url":"https:\/\/www.saint-brevin.com\/medias\/images\/prestataires\/multitailles\/320x240_affiche-dates-tournee-des-plages-heures-plan-de-travail-1-1-10466.png"},"160x120":{"url":"https:\/\/www.saint-brevin.com\/medias\/images\/prestataires\/multitailles\/160x120_affiche-dates-tournee-des-plages-heures-plan-de-travail-1-1-10466.png"},"origine":{"url":"https:\/\/www.saint-brevin.com\/medias\/images\/prestataires\/affiche-dates-tournee-des-plages-heures-plan-de-travail-1-1-10466.png"}},"urlLien":"","typeLien":"","nofollow":"N","copyright":""},{"url":"https:\/\/www.saint-brevin.com\/medias\/images\/prestataires\/affiche-dates-tournee-des-plages-heures-plan-de-travail-1-1-10465.png","chemin":"..\/medias\/images\/prestataires\/affiche-dates-tournee-des-plages-heures-plan-de-travail-1-1-10465.png","libelle":"affiche-dates-tournee-des-plages-heures-plan-de-travail-1-1-10465","extension":"png","categorie":"","largeur":936,"theme":"","hauteur":1323,"type":"Image","origine":"","liaisonPave":"","langue":"","id":"10465","urlVignette":"https:\/\/www.saint-brevin.com\/medias\/images\/prestataires\/v-affiche-dates-tournee-des-plages-heures-plan-de-travail-1-1-10465.png","alt":"affiche-dates-tournee-des-plages-heures-plan-de-travail-1-1-10465","title":"affiche-dates-tournee-des-plages-heures-plan-de-travail-1-1-10465","MultiTaille":{"1920x1440":{"url":"https:\/\/www.saint-brevin.com\/medias\/images\/prestataires\/multitailles\/1920x1440_affiche-dates-tournee-des-plages-heures-plan-de-travail-1-1-10465.png"},"1200x900":{"url":"https:\/\/www.saint-brevin.com\/medias\/images\/prestataires\/multitailles\/1200x900_affiche-dates-tournee-des-plages-heures-plan-de-travail-1-1-10465.png"},"800x600":{"url":"https:\/\/www.saint-brevin.com\/medias\/images\/prestataires\/multitailles\/800x600_affiche-dates-tournee-des-plages-heures-plan-de-travail-1-1-10465.png"},"640x480":{"url":"https:\/\/www.saint-brevin.com\/medias\/images\/prestataires\/multitailles\/640x480_affiche-dates-tournee-des-plages-heures-plan-de-travail-1-1-10465.png"},"320x240":{"url":"https:\/\/www.saint-brevin.com\/medias\/images\/prestataires\/multitailles\/320x240_affiche-dates-tournee-des-plages-heures-plan-de-travail-1-1-10465.png"},"160x120":{"url":"https:\/\/www.saint-brevin.com\/medias\/images\/prestataires\/multitailles\/160x120_affiche-dates-tournee-des-plages-heures-plan-de-travail-1-1-10465.png"},"origine":{"url":"https:\/\/www.saint-brevin.com\/medias\/images\/prestataires\/affiche-dates-tournee-des-plages-heures-plan-de-travail-1-1-10465.png"}},"urlLien":"","typeLien":"","nofollow":"N","copyright":""}],"ByCategorie":{"":[{"url":"https:\/\/www.saint-brevin.com\/medias\/images\/prestataires\/affiche-dates-tournee-des-plages-heures-plan-de-travail-1-1-10466.png","chemin":"..\/medias\/images\/prestataires\/affiche-dates-tournee-des-plages-heures-plan-de-travail-1-1-10466.png","libelle":"affiche-dates-tournee-des-plages-heures-plan-de-travail-1-1-10466","extension":"png","categorie":"","largeur":936,"theme":"","hauteur":591,"type":"Image","origine":"","liaisonPave":"","langue":"","id":"10466","urlVignette":"https:\/\/www.saint-brevin.com\/medias\/images\/prestataires\/v-affiche-dates-tournee-des-plages-heures-plan-de-travail-1-1-10466.png","alt":"affiche-dates-tournee-des-plages-heures-plan-de-travail-1-1-10466","title":"affiche-dates-tournee-des-plages-heures-plan-de-travail-1-1-10466","MultiTaille":{"1920x1440":{"url":"https:\/\/www.saint-brevin.com\/medias\/images\/prestataires\/multitailles\/1920x1440_affiche-dates-tournee-des-plages-heures-plan-de-travail-1-1-10466.png"},"1200x900":{"url":"https:\/\/www.saint-brevin.com\/medias\/images\/prestataires\/multitailles\/1200x900_affiche-dates-tournee-des-plages-heures-plan-de-travail-1-1-10466.png"},"800x600":{"url":"https:\/\/www.saint-brevin.com\/medias\/images\/prestataires\/multitailles\/800x600_affiche-dates-tournee-des-plages-heures-plan-de-travail-1-1-10466.png"},"640x480":{"url":"https:\/\/www.saint-brevin.com\/medias\/images\/prestataires\/multitailles\/640x480_affiche-dates-tournee-des-plages-heures-plan-de-travail-1-1-10466.png"},"320x240":{"url":"https:\/\/www.saint-brevin.com\/medias\/images\/prestataires\/multitailles\/320x240_affiche-dates-tournee-des-plages-heures-plan-de-travail-1-1-10466.png"},"160x120":{"url":"https:\/\/www.saint-brevin.com\/medias\/images\/prestataires\/multitailles\/160x120_affiche-dates-tournee-des-plages-heures-plan-de-travail-1-1-10466.png"},"origine":{"url":"https:\/\/www.saint-brevin.com\/medias\/images\/prestataires\/affiche-dates-tournee-des-plages-heures-plan-de-travail-1-1-10466.png"}},"urlLien":"","typeLien":"","nofollow":"N","copyright":""},{"url":"https:\/\/www.saint-brevin.com\/medias\/images\/prestataires\/affiche-dates-tournee-des-plages-heures-plan-de-travail-1-1-10465.png","chemin":"..\/medias\/images\/prestataires\/affiche-dates-tournee-des-plages-heures-plan-de-travail-1-1-10465.png","libelle":"affiche-dates-tournee-des-plages-heures-plan-de-travail-1-1-10465","extension":"png","categorie":"","largeur":936,"theme":"","hauteur":1323,"type":"Image","origine":"","liaisonPave":"","langue":"","id":"10465","urlVignette":"https:\/\/www.saint-brevin.com\/medias\/images\/prestataires\/v-affiche-dates-tournee-des-plages-heures-plan-de-travail-1-1-10465.png","alt":"affiche-dates-tournee-des-plages-heures-plan-de-travail-1-1-10465","title":"affiche-dates-tournee-des-plages-heures-plan-de-travail-1-1-10465","MultiTaille":{"1920x1440":{"url":"https:\/\/www.saint-brevin.com\/medias\/images\/prestataires\/multitailles\/1920x1440_affiche-dates-tournee-des-plages-heures-plan-de-travail-1-1-10465.png"},"1200x900":{"url":"https:\/\/www.saint-brevin.com\/medias\/images\/prestataires\/multitailles\/1200x900_affiche-dates-tournee-des-plages-heures-plan-de-travail-1-1-10465.png"},"800x600":{"url":"https:\/\/www.saint-brevin.com\/medias\/images\/prestataires\/multitailles\/800x600_affiche-dates-tournee-des-plages-heures-plan-de-travail-1-1-10465.png"},"640x480":{"url":"https:\/\/www.saint-brevin.com\/medias\/images\/prestataires\/multitailles\/640x480_affiche-dates-tournee-des-plages-heures-plan-de-travail-1-1-10465.png"},"320x240":{"url":"https:\/\/www.saint-brevin.com\/medias\/images\/prestataires\/multitailles\/320x240_affiche-dates-tournee-des-plages-heures-plan-de-travail-1-1-10465.png"},"160x120":{"url":"https:\/\/www.saint-brevin.com\/medias\/images\/prestataires\/multitailles\/160x120_affiche-dates-tournee-des-plages-heures-plan-de-travail-1-1-10465.png"},"origine":{"url":"https:\/\/www.saint-brevin.com\/medias\/images\/prestataires\/affiche-dates-tournee-des-plages-heures-plan-de-travail-1-1-10465.png"}},"urlLien":"","typeLien":"","nofollow":"N","copyright":""}]}},"Url":"","Localisation":{"GoogleMap":{"Latitude":"47.24750","Longitude":"-2.16780"}},"ZoneGeo":"","Criteres":{"LIEU[SAINTBREVINOCEAN":"","LIEU[SAINTBREVINLESPINS":"","COMMUNES[SAINTBREVIN":"","MAJINGENIE[DATEDERNIEREMAJ":"20250716","MISEAJOUR[AMANDINE":""},"DateFinPublication":""},"Fichier":{"Image":[{"url":"https:\/\/www.saint-brevin.com\/medias\/images\/prestations\/27-04-16-an-irish-story-dr-32286.jpg","chemin":"..\/medias\/images\/prestations\/27-04-16-an-irish-story-dr-32286.jpg","libelle":"27-04-16-an-irish-story-dr-32286","extension":"jpg","categorie":"","largeur":4991,"theme":"","hauteur":2963,"type":"Image","origine":"","liaisonPave":"","langue":"","id":"32286","urlVignette":"https:\/\/www.saint-brevin.com\/medias\/images\/prestations\/v-27-04-16-an-irish-story-dr-32286.jpg","alt":"27-04-16-an-irish-story-dr-32286","title":"27-04-16-an-irish-story-dr-32286","MultiTaille":{"1920x1440":{"url":"https:\/\/www.saint-brevin.com\/medias\/images\/prestations\/multitailles\/1920x1440_27-04-16-an-irish-story-dr-32286.jpg"},"1200x900":{"url":"https:\/\/www.saint-brevin.com\/medias\/images\/prestations\/multitailles\/1200x900_27-04-16-an-irish-story-dr-32286.jpg"},"800x600":{"url":"https:\/\/www.saint-brevin.com\/medias\/images\/prestations\/multitailles\/800x600_27-04-16-an-irish-story-dr-32286.jpg"},"640x480":{"url":"https:\/\/www.saint-brevin.com\/medias\/images\/prestations\/multitailles\/640x480_27-04-16-an-irish-story-dr-32286.jpg"},"320x240":{"url":"https:\/\/www.saint-brevin.com\/medias\/images\/prestations\/multitailles\/320x240_27-04-16-an-irish-story-dr-32286.jpg"},"160x120":{"url":"https:\/\/www.saint-brevin.com\/medias\/images\/prestations\/multitailles\/160x120_27-04-16-an-irish-story-dr-32286.jpg"},"origine":{"url":"https:\/\/www.saint-brevin.com\/medias\/images\/prestations\/27-04-16-an-irish-story-dr-32286.jpg"}},"urlLien":"","typeLien":"","nofollow":"N","copyright":""},{"url":"https:\/\/www.saint-brevin.com\/medias\/images\/prestations\/visuels-spectacles-15-v2-32285.jpg","chemin":"..\/medias\/images\/prestations\/visuels-spectacles-15-v2-32285.jpg","libelle":"visuels-spectacles-15-v2-32285","extension":"jpg","categorie":"","largeur":496,"theme":"","hauteur":882,"type":"Image","origine":"","liaisonPave":"","langue":"","id":"32285","urlVignette":"https:\/\/www.saint-brevin.com\/medias\/images\/prestations\/v-visuels-spectacles-15-v2-32285.jpg","alt":"visuels-spectacles-15-v2-32285","title":"visuels-spectacles-15-v2-32285","MultiTaille":{"1920x1440":{"url":"https:\/\/www.saint-brevin.com\/medias\/images\/prestations\/multitailles\/1920x1440_visuels-spectacles-15-v2-32285.jpg"},"1200x900":{"url":"https:\/\/www.saint-brevin.com\/medias\/images\/prestations\/multitailles\/1200x900_visuels-spectacles-15-v2-32285.jpg"},"800x600":{"url":"https:\/\/www.saint-brevin.com\/medias\/images\/prestations\/multitailles\/800x600_visuels-spectacles-15-v2-32285.jpg"},"640x480":{"url":"https:\/\/www.saint-brevin.com\/medias\/images\/prestations\/multitailles\/640x480_visuels-spectacles-15-v2-32285.jpg"},"320x240":{"url":"https:\/\/www.saint-brevin.com\/medias\/images\/prestations\/multitailles\/320x240_visuels-spectacles-15-v2-32285.jpg"},"160x120":{"url":"https:\/\/www.saint-brevin.com\/medias\/images\/prestations\/multitailles\/160x120_visuels-spectacles-15-v2-32285.jpg"},"origine":{"url":"https:\/\/www.saint-brevin.com\/medias\/images\/prestations\/visuels-spectacles-15-v2-32285.jpg"}},"urlLien":"","typeLien":"","nofollow":"N","copyright":""}],"ByCategorie":{"":[{"url":"https:\/\/www.saint-brevin.com\/medias\/images\/prestations\/27-04-16-an-irish-story-dr-32286.jpg","chemin":"..\/medias\/images\/prestations\/27-04-16-an-irish-story-dr-32286.jpg","libelle":"27-04-16-an-irish-story-dr-32286","extension":"jpg","categorie":"","largeur":4991,"theme":"","hauteur":2963,"type":"Image","origine":"","liaisonPave":"","langue":"","id":"32286","urlVignette":"https:\/\/www.saint-brevin.com\/medias\/images\/prestations\/v-27-04-16-an-irish-story-dr-32286.jpg","alt":"27-04-16-an-irish-story-dr-32286","title":"27-04-16-an-irish-story-dr-32286","MultiTaille":{"1920x1440":{"url":"https:\/\/www.saint-brevin.com\/medias\/images\/prestations\/multitailles\/1920x1440_27-04-16-an-irish-story-dr-32286.jpg"},"1200x900":{"url":"https:\/\/www.saint-brevin.com\/medias\/images\/prestations\/multitailles\/1200x900_27-04-16-an-irish-story-dr-32286.jpg"},"800x600":{"url":"https:\/\/www.saint-brevin.com\/medias\/images\/prestations\/multitailles\/800x600_27-04-16-an-irish-story-dr-32286.jpg"},"640x480":{"url":"https:\/\/www.saint-brevin.com\/medias\/images\/prestations\/multitailles\/640x480_27-04-16-an-irish-story-dr-32286.jpg"},"320x240":{"url":"https:\/\/www.saint-brevin.com\/medias\/images\/prestations\/multitailles\/320x240_27-04-16-an-irish-story-dr-32286.jpg"},"160x120":{"url":"https:\/\/www.saint-brevin.com\/medias\/images\/prestations\/multitailles\/160x120_27-04-16-an-irish-story-dr-32286.jpg"},"origine":{"url":"https:\/\/www.saint-brevin.com\/medias\/images\/prestations\/27-04-16-an-irish-story-dr-32286.jpg"}},"urlLien":"","typeLien":"","nofollow":"N","copyright":""},{"url":"https:\/\/www.saint-brevin.com\/medias\/images\/prestations\/visuels-spectacles-15-v2-32285.jpg","chemin":"..\/medias\/images\/prestations\/visuels-spectacles-15-v2-32285.jpg","libelle":"visuels-spectacles-15-v2-32285","extension":"jpg","categorie":"","largeur":496,"theme":"","hauteur":882,"type":"Image","origine":"","liaisonPave":"","langue":"","id":"32285","urlVignette":"https:\/\/www.saint-brevin.com\/medias\/images\/prestations\/v-visuels-spectacles-15-v2-32285.jpg","alt":"visuels-spectacles-15-v2-32285","title":"visuels-spectacles-15-v2-32285","MultiTaille":{"1920x1440":{"url":"https:\/\/www.saint-brevin.com\/medias\/images\/prestations\/multitailles\/1920x1440_visuels-spectacles-15-v2-32285.jpg"},"1200x900":{"url":"https:\/\/www.saint-brevin.com\/medias\/images\/prestations\/multitailles\/1200x900_visuels-spectacles-15-v2-32285.jpg"},"800x600":{"url":"https:\/\/www.saint-brevin.com\/medias\/images\/prestations\/multitailles\/800x600_visuels-spectacles-15-v2-32285.jpg"},"640x480":{"url":"https:\/\/www.saint-brevin.com\/medias\/images\/prestations\/multitailles\/640x480_visuels-spectacles-15-v2-32285.jpg"},"320x240":{"url":"https:\/\/www.saint-brevin.com\/medias\/images\/prestations\/multitailles\/320x240_visuels-spectacles-15-v2-32285.jpg"},"160x120":{"url":"https:\/\/www.saint-brevin.com\/medias\/images\/prestations\/multitailles\/160x120_visuels-spectacles-15-v2-32285.jpg"},"origine":{"url":"https:\/\/www.saint-brevin.com\/medias\/images\/prestations\/visuels-spectacles-15-v2-32285.jpg"}},"urlLien":"","typeLien":"","nofollow":"N","copyright":""}]}},"DateDebPublication":"","DateFinPublication":"20270416","PrixAPartirDe":"","PrixPour":"","FicheListeEnCours":"fiche_liste_agenda_prestation_v2017","ParametresModele":{"AfficherPhotos":"1","NbPhotosMax":6,"AfficherReserver":0,"AfficherContact":0,"AfficherSalle":1,"AfficherZoneGeo":0,"AfficherEnSavoirPlus":"1","AfficherUneSeuleOuverture":"1","AfficherContactCarte":1,"AfficherTarifsChaudAPartirDe":0,"AfficherTarifChaudSansRecherche":0,"AfficherLiensCarnetVoyage":"1","AfficherOuverture":"1","BlocCritereInfo":{"critere1":{"libelle":""},"critere2":{"libelle":""},"critere3":{"libelle":""},"critere4":{"libelle":""},"critere5":{"libelle":""},"critere6":{"libelle":""},"critere7":{"libelle":"","liste_critere":["COMMUNES|Y"]},"critere8":{"libelle":""},"critere9":{"libelle":""},"afficherpictoetpaslibelle":"1"},"CriteresComportementResa":"|RESABILLET[RESAENLIGNE|","PositionBloc":"GALLERIE|NOM|OUVERTURES|CARNET_VOYAGE|URL|LIEN_RESERVER_DETAIL","TypePrestataire":"Y","ComportementResa":false,"ComportementDispo":false},"AffichageCoordonnees":[],"Coordonnees":{"Ville":"ST BREVIN LES PINS"},"ContexteId":"PRESTATION|Y|A0013PDL044V5040K0|SPECTACLEANIRISHSTORY","ContexteIdHtml":"PRESTATION-Y-A0013PDL044V5040K0-SPECTACLEANIRISHSTORY","cleContexte":"Y|A0013PDL044V5040K0|SPECTACLEANIRISHSTORY","Bloc":{"texte1":"","texte3":"","critere1":{"libelle":"","contenu":[]},"critere2":{"libelle":"","contenu":[]},"critere3":{"libelle":"","contenu":[]},"critere4":{"libelle":"","contenu":[]},"critere5":{"libelle":"","contenu":[]},"critere6":{"libelle":"","contenu":[]},"critere7":{"libelle":"","contenu":{"COMMUNES":{"libelle":"COMMUNE","contenu":{"1":"Saint-Brevin"},"codesValeurs":{"1":"COMMUNES|SAINTBREVIN|Y"},"criteres_datas":{"valeurs":{"1":{"SAINTBREVIN":{"descriptif":""}}}}}}},"critere8":{"libelle":"","contenu":[]},"critere9":{"libelle":"","contenu":[]}},"LocalisationGps":{"Latitude":"47.23646","Longitude":"-2.15601"},"libelleDuPrestataire":"","vuePrestataire":{"pave1":{"libelle":"Descriptif","contenu":"\u003Cstrong\u003ELa tourn&eacute;e des plages des brioches Fonteneau&nbsp;\u003C\/strong\u003E\u003Cbr \/\u003E\r\n\u003Cbr \/\u003E\r\nQuel id&eacute;e de g&eacute;nie ?!\r\n\u003Cp class=\"has-text-align-center REVEAL\" style=\"opacity: 1; padding-top: 0px;\"\u003ECet &eacute;t&eacute;, l&#39;entreprise brioches Fonteneau viendra &agrave; votre rencontre &agrave; l&rsquo;occasion de notre&nbsp;tourn&eacute;e des plages.&nbsp;De juillet &agrave; ao&ucirc;t, elle sillonera sur l&#39;ensemble du littoral vend&eacute;en et une partie de la Loire-Atlantique pour vous faire d&eacute;couvrir (ou red&eacute;couvrir) leurs produits phares &ndash; brioches, g&acirc;ches et autres sp&eacute;cialit&eacute;s gourmandes.&nbsp;Au programme de chaque &eacute;tape :&nbsp;d&eacute;gustations&nbsp;de nos produits, moments de convivialit&eacute; et animations. Une roue de la chance&nbsp;vous attend avec de nombreuses surprises &agrave; gagner !\u003Cbr \/\u003E\r\n\u003Cbr \/\u003E\r\nNous avons deux dates pour St Brevin :\u003Cbr \/\u003E\r\n\u003Cbr \/\u003E\r\n- le 17 juillet 2025 au Leclerc de St Brevin les Pins de 8h45 &agrave; 18h\u003Cbr \/\u003E\r\n- le 25 juillet 2025 &agrave; la plage verte de St Brevin l&#39;Oc&eacute;an 14h &agrave; 18h30\u003C\/p\u003E\r\n"},"pave2":{"libelle":"","contenu":""},"pave3":{"libelle":"","contenu":""},"pave4":{"libelle":"","contenu":""},"pave5":{"libelle":"","contenu":""},"pave6":{"libelle":"","contenu":""},"pave7":{"libelle":"","contenu":""},"pave8":{"libelle":"","contenu":""},"pave9":{"libelle":"","contenu":""},"pave10":{"libelle":"","contenu":""},"pave11":{"libelle":"","contenu":""},"pave12":{"libelle":"","contenu":""},"pave13":{"libelle":"","contenu":""},"pave14":{"libelle":"","contenu":""},"pave15":{"libelle":"","contenu":""},"pave16":{"libelle":"","contenu":""},"pave17":{"libelle":"","contenu":""},"pave18":{"libelle":"","contenu":""},"pave19":{"libelle":"","contenu":""},"pave20":{"libelle":"","contenu":""},"pave21":{"libelle":"","contenu":""},"pave22":{"libelle":"","contenu":""},"pave23":{"libelle":"","contenu":""},"pave24":{"libelle":"","contenu":""},"pave25":{"libelle":"","contenu":""},"Libelle":"Mairie de Saint-Brevin","Nom":"Mairie de Saint-Brevin","Prenom":"","NomPrenom":"Mairie de Saint-Brevin ","CiviliteNomPrenom":"Mairie de Saint-Brevin ","Cle":"Y|A0013PDL044V5040K0","PrestataireParent":"","ContexteStat":"PRESTATAIRE-Y-A0013PDL044V5040K0","DateModificationIso":"2025-08-12T18:09:00+02:00","Type":"PRESTATAIRE","TypePrestataire":"Y","Adresse":{"LigneAdresse1":"1 Place de l'H\u00f4tel de ville","LigneAdresse2":"","LigneAdresse3":"","CodePostal":"44250","Ville":"ST BREVIN LES PINS","Cedex":"","Etat":"","Pays":"FRA"},"Email":"ot@tourisme-saint-brevin.fr","Telephone":"02 40 64 44 44","TelephoneBureau":"","Portable":"","SiteWeb":"http:\/\/www.saint-brevin.fr","Fax":"","Id":"y-a0013pdl044v5040k0","Code":"Y|A0013PDL044V5040K0","Fichier":{"Image":[{"url":"https:\/\/www.saint-brevin.com\/medias\/images\/prestataires\/affiche-dates-tournee-des-plages-heures-plan-de-travail-1-1-10466.png","chemin":"..\/medias\/images\/prestataires\/affiche-dates-tournee-des-plages-heures-plan-de-travail-1-1-10466.png","libelle":"affiche-dates-tournee-des-plages-heures-plan-de-travail-1-1-10466","extension":"png","categorie":"","largeur":936,"theme":"","hauteur":591,"type":"Image","origine":"","liaisonPave":"","langue":"","id":"10466","urlVignette":"https:\/\/www.saint-brevin.com\/medias\/images\/prestataires\/v-affiche-dates-tournee-des-plages-heures-plan-de-travail-1-1-10466.png","alt":"affiche-dates-tournee-des-plages-heures-plan-de-travail-1-1-10466","title":"affiche-dates-tournee-des-plages-heures-plan-de-travail-1-1-10466","MultiTaille":{"1920x1440":{"url":"https:\/\/www.saint-brevin.com\/medias\/images\/prestataires\/multitailles\/1920x1440_affiche-dates-tournee-des-plages-heures-plan-de-travail-1-1-10466.png"},"1200x900":{"url":"https:\/\/www.saint-brevin.com\/medias\/images\/prestataires\/multitailles\/1200x900_affiche-dates-tournee-des-plages-heures-plan-de-travail-1-1-10466.png"},"800x600":{"url":"https:\/\/www.saint-brevin.com\/medias\/images\/prestataires\/multitailles\/800x600_affiche-dates-tournee-des-plages-heures-plan-de-travail-1-1-10466.png"},"640x480":{"url":"https:\/\/www.saint-brevin.com\/medias\/images\/prestataires\/multitailles\/640x480_affiche-dates-tournee-des-plages-heures-plan-de-travail-1-1-10466.png"},"320x240":{"url":"https:\/\/www.saint-brevin.com\/medias\/images\/prestataires\/multitailles\/320x240_affiche-dates-tournee-des-plages-heures-plan-de-travail-1-1-10466.png"},"160x120":{"url":"https:\/\/www.saint-brevin.com\/medias\/images\/prestataires\/multitailles\/160x120_affiche-dates-tournee-des-plages-heures-plan-de-travail-1-1-10466.png"},"origine":{"url":"https:\/\/www.saint-brevin.com\/medias\/images\/prestataires\/affiche-dates-tournee-des-plages-heures-plan-de-travail-1-1-10466.png"}},"urlLien":"","typeLien":"","nofollow":"N","copyright":""},{"url":"https:\/\/www.saint-brevin.com\/medias\/images\/prestataires\/affiche-dates-tournee-des-plages-heures-plan-de-travail-1-1-10465.png","chemin":"..\/medias\/images\/prestataires\/affiche-dates-tournee-des-plages-heures-plan-de-travail-1-1-10465.png","libelle":"affiche-dates-tournee-des-plages-heures-plan-de-travail-1-1-10465","extension":"png","categorie":"","largeur":936,"theme":"","hauteur":1323,"type":"Image","origine":"","liaisonPave":"","langue":"","id":"10465","urlVignette":"https:\/\/www.saint-brevin.com\/medias\/images\/prestataires\/v-affiche-dates-tournee-des-plages-heures-plan-de-travail-1-1-10465.png","alt":"affiche-dates-tournee-des-plages-heures-plan-de-travail-1-1-10465","title":"affiche-dates-tournee-des-plages-heures-plan-de-travail-1-1-10465","MultiTaille":{"1920x1440":{"url":"https:\/\/www.saint-brevin.com\/medias\/images\/prestataires\/multitailles\/1920x1440_affiche-dates-tournee-des-plages-heures-plan-de-travail-1-1-10465.png"},"1200x900":{"url":"https:\/\/www.saint-brevin.com\/medias\/images\/prestataires\/multitailles\/1200x900_affiche-dates-tournee-des-plages-heures-plan-de-travail-1-1-10465.png"},"800x600":{"url":"https:\/\/www.saint-brevin.com\/medias\/images\/prestataires\/multitailles\/800x600_affiche-dates-tournee-des-plages-heures-plan-de-travail-1-1-10465.png"},"640x480":{"url":"https:\/\/www.saint-brevin.com\/medias\/images\/prestataires\/multitailles\/640x480_affiche-dates-tournee-des-plages-heures-plan-de-travail-1-1-10465.png"},"320x240":{"url":"https:\/\/www.saint-brevin.com\/medias\/images\/prestataires\/multitailles\/320x240_affiche-dates-tournee-des-plages-heures-plan-de-travail-1-1-10465.png"},"160x120":{"url":"https:\/\/www.saint-brevin.com\/medias\/images\/prestataires\/multitailles\/160x120_affiche-dates-tournee-des-plages-heures-plan-de-travail-1-1-10465.png"},"origine":{"url":"https:\/\/www.saint-brevin.com\/medias\/images\/prestataires\/affiche-dates-tournee-des-plages-heures-plan-de-travail-1-1-10465.png"}},"urlLien":"","typeLien":"","nofollow":"N","copyright":""}],"ByCategorie":{"":[{"url":"https:\/\/www.saint-brevin.com\/medias\/images\/prestataires\/affiche-dates-tournee-des-plages-heures-plan-de-travail-1-1-10466.png","chemin":"..\/medias\/images\/prestataires\/affiche-dates-tournee-des-plages-heures-plan-de-travail-1-1-10466.png","libelle":"affiche-dates-tournee-des-plages-heures-plan-de-travail-1-1-10466","extension":"png","categorie":"","largeur":936,"theme":"","hauteur":591,"type":"Image","origine":"","liaisonPave":"","langue":"","id":"10466","urlVignette":"https:\/\/www.saint-brevin.com\/medias\/images\/prestataires\/v-affiche-dates-tournee-des-plages-heures-plan-de-travail-1-1-10466.png","alt":"affiche-dates-tournee-des-plages-heures-plan-de-travail-1-1-10466","title":"affiche-dates-tournee-des-plages-heures-plan-de-travail-1-1-10466","MultiTaille":{"1920x1440":{"url":"https:\/\/www.saint-brevin.com\/medias\/images\/prestataires\/multitailles\/1920x1440_affiche-dates-tournee-des-plages-heures-plan-de-travail-1-1-10466.png"},"1200x900":{"url":"https:\/\/www.saint-brevin.com\/medias\/images\/prestataires\/multitailles\/1200x900_affiche-dates-tournee-des-plages-heures-plan-de-travail-1-1-10466.png"},"800x600":{"url":"https:\/\/www.saint-brevin.com\/medias\/images\/prestataires\/multitailles\/800x600_affiche-dates-tournee-des-plages-heures-plan-de-travail-1-1-10466.png"},"640x480":{"url":"https:\/\/www.saint-brevin.com\/medias\/images\/prestataires\/multitailles\/640x480_affiche-dates-tournee-des-plages-heures-plan-de-travail-1-1-10466.png"},"320x240":{"url":"https:\/\/www.saint-brevin.com\/medias\/images\/prestataires\/multitailles\/320x240_affiche-dates-tournee-des-plages-heures-plan-de-travail-1-1-10466.png"},"160x120":{"url":"https:\/\/www.saint-brevin.com\/medias\/images\/prestataires\/multitailles\/160x120_affiche-dates-tournee-des-plages-heures-plan-de-travail-1-1-10466.png"},"origine":{"url":"https:\/\/www.saint-brevin.com\/medias\/images\/prestataires\/affiche-dates-tournee-des-plages-heures-plan-de-travail-1-1-10466.png"}},"urlLien":"","typeLien":"","nofollow":"N","copyright":""},{"url":"https:\/\/www.saint-brevin.com\/medias\/images\/prestataires\/affiche-dates-tournee-des-plages-heures-plan-de-travail-1-1-10465.png","chemin":"..\/medias\/images\/prestataires\/affiche-dates-tournee-des-plages-heures-plan-de-travail-1-1-10465.png","libelle":"affiche-dates-tournee-des-plages-heures-plan-de-travail-1-1-10465","extension":"png","categorie":"","largeur":936,"theme":"","hauteur":1323,"type":"Image","origine":"","liaisonPave":"","langue":"","id":"10465","urlVignette":"https:\/\/www.saint-brevin.com\/medias\/images\/prestataires\/v-affiche-dates-tournee-des-plages-heures-plan-de-travail-1-1-10465.png","alt":"affiche-dates-tournee-des-plages-heures-plan-de-travail-1-1-10465","title":"affiche-dates-tournee-des-plages-heures-plan-de-travail-1-1-10465","MultiTaille":{"1920x1440":{"url":"https:\/\/www.saint-brevin.com\/medias\/images\/prestataires\/multitailles\/1920x1440_affiche-dates-tournee-des-plages-heures-plan-de-travail-1-1-10465.png"},"1200x900":{"url":"https:\/\/www.saint-brevin.com\/medias\/images\/prestataires\/multitailles\/1200x900_affiche-dates-tournee-des-plages-heures-plan-de-travail-1-1-10465.png"},"800x600":{"url":"https:\/\/www.saint-brevin.com\/medias\/images\/prestataires\/multitailles\/800x600_affiche-dates-tournee-des-plages-heures-plan-de-travail-1-1-10465.png"},"640x480":{"url":"https:\/\/www.saint-brevin.com\/medias\/images\/prestataires\/multitailles\/640x480_affiche-dates-tournee-des-plages-heures-plan-de-travail-1-1-10465.png"},"320x240":{"url":"https:\/\/www.saint-brevin.com\/medias\/images\/prestataires\/multitailles\/320x240_affiche-dates-tournee-des-plages-heures-plan-de-travail-1-1-10465.png"},"160x120":{"url":"https:\/\/www.saint-brevin.com\/medias\/images\/prestataires\/multitailles\/160x120_affiche-dates-tournee-des-plages-heures-plan-de-travail-1-1-10465.png"},"origine":{"url":"https:\/\/www.saint-brevin.com\/medias\/images\/prestataires\/affiche-dates-tournee-des-plages-heures-plan-de-travail-1-1-10465.png"}},"urlLien":"","typeLien":"","nofollow":"N","copyright":""}]}},"Url":"","Localisation":{"GoogleMap":{"Latitude":"47.24750","Longitude":"-2.16780"}},"ZoneGeo":"","Criteres":{"LIEU[SAINTBREVINOCEAN":"","LIEU[SAINTBREVINLESPINS":"","COMMUNES[SAINTBREVIN":"","MAJINGENIE[DATEDERNIEREMAJ":"20250716","MISEAJOUR[AMANDINE":""},"DateFinPublication":"","AffichageCoordonnees":[]},"listeCriteres":{"LIEUMANIF":{"SAINTBREVIN":""},"CATEGORIEANIMATION":{"THEATRE":""},"ICA":{"DS":"1h25","ICATP":""},"ANIAH":{"ANIACC":"","ACCESPOUSSETTE":""},"TYPE":{"VILLESTBREVIN":""},"MISEAJOURINGENIE":{"DATEDERNIEREMAJ":"20260901"},"MISEAJOURPAR":{"ANNABELLE":""},"LIEU":{"SAINTBREVINOCEAN":"","SAINTBREVINLESPINS":""},"COMMUNES":{"SAINTBREVIN":""},"MAJINGENIE":{"DATEDERNIEREMAJ":"20250716"},"MISEAJOUR":{"AMANDINE":""}},"dansCarnetVoyage":true,"Ouverture":["\u003Cp class=\"date\" \u003EVendredi 16 avril 2027\u003C\/p\u003E\u003Cp class=\"heure\" \u003E\u00e0 partir de 20:30\u003C\/p\u003E"],"OuverturePasse":[],"OuvertureObjs":[{}],"OuvertureTab":[["20270416","20270416"]]},"html":" \n \u003Cdiv id=\"CV-PRESTATION-Y-A0013PDL044V5040K0-SPECTACLEANIRISHSTORY\" data-contexte-id=\"PRESTATION|Y|A0013PDL044V5040K0|SPECTACLEANIRISHSTORY\" data-cle=\"Y|A0013PDL044V5040K0|SPECTACLEANIRISHSTORY\" class=\"fiche-liste\"\u003E\n    \n\n    \u003C!-- partie photo --\u003E\n    \u003Cdiv class=\"photo\"\u003E\t\t\t\t\t\t\t\t\t\t\t\t\t\t\t\t\t\t\t\t\t\n        \u003Cdiv class=\"cadre_photo_principale\"\u003E\t\t\n        \n            \t\t\t\t\t\n                    \u003Ca href=\"spectacle-an-irish-story.html?origine=carnet#media\"\u003E\n                        \u003Cimg class=\"photo_principale\" alt=\"27-04-16-an-irish-story-dr-32286\" src=\"https:\/\/www.saint-brevin.com\/medias\/images\/prestations\/multitailles\/320x240_27-04-16-an-irish-story-dr-32286.jpg\" itemprop=\"image\"\u003E\n                    \u003C\/a\u003E\t\t\t\t\t\t\n                \n                    \u003C\/div\u003E\t\t\t\t\t\t\t\t\t\t\t\t\t\t\t\t\t\t\t \t\t\n    \u003C\/div\u003E\n    \n    \u003C!-- partie nom prest --\u003E\n    \u003Cdiv class=\"nom\"\u003E\n        \u003Ch2\u003ESpectacle : An Irish Story\u003C\/h2\u003E\n        \n            \u003C\/div\u003E\n\n     \u003Cul style=\"display: none\" class=\"ouverture_list\"\u003E\u003Cli class=\"ouverture_item\"\u003E\u003Cp class=\"date\" \u003EVendredi 16 avril 2027\u003C\/p\u003E\u003Cp class=\"heure\" \u003E\u00e0 partir de 20:30\u003C\/p\u003E\u003C\/li\u003E\u003C\/ul\u003E    \n    \u003C!-- partie adresse --\u003E\n    \u003Cdiv class=\"adresse\"\u003E\n    \n          \n    \u003C\/div\u003E\n    \n    \u003C!-- partie liens --\u003E\n    \u003Cdiv class=\"liens\"\u003E\n            \u003Ca class=\"btn-icon btn-view \" title=\"Voir la fiche d\u00e9taill\u00e9e\" href=\"spectacle-an-irish-story.html?origine=carnet\"\u003E\u003C\/a\u003E\u003C!--\u003Ca class=\"btn-icon btn-view \" title=\"\" href=\"?origine=carnet#thaut\"\u003E\u003C\/a\u003E--\u003E\n      \u003Ca class=\"btn-icon btn-trash carnet_voyage_supprimer\" title=\"Supprimer cette fiche de mon carnet de voyage\" href=\"carnet-voyage?action=remove&fiche=Y|A0013PDL044V5040K0|SPECTACLEANIRISHSTORY\"\u003E\u003C\/a\u003E\n    \u003C\/div\u003E\n\n\u003C\/div\u003E\n\n","icon":"https:\/\/static.ingenie.fr\/images\/carnetVoyageV3\/Y.png"},"fiche":"Y|A0013PDL044V5040K0|SPECTACLEANIRISHSTORY","popup":"\u003Cdiv id=\"bloc_popup_ajout_fiche_carnet\"\u003E\n    \u003Cdiv class=\"info_popup_ajout_fiche_carnet\"\u003E\n        Vous venez d'ajouter cet \u00e9l\u00e9ment \u00e0 votre carnet de voyage :    \u003C\/div\u003E\n    \u003Cdiv class=\"prest_popup_ajout_fiche_carnet\"\u003E\n        Spectacle : An Irish Story    \u003C\/div\u003E\n    \u003Cdiv class=\"bloc_btn_ajout_fiche_carnet form_submit_div\"\u003E\n        \u003Cinput type=\"button\" value=\"Continuer ma s\u00e9lection\" title=\"Continuer ma s\u00e9lection\" name=\"btn_close\" class=\"btn_close_popup_carnet form_submit\" onclick=\"$.colorbox.close()\" \/\u003E\n        \u003Cinput type=\"button\" value=\"Voir mon carnet de voyage\" title=\"Voir mon carnet\" name=\"btn_panier\" class=\"btn_panier_popup_carnet form_submit\" onclick=\"if(typeof CarnetVoyage != 'undefined') {CarnetVoyage.voirCarnet();}\" \/\u003E\n    \u003C\/div\u003E\n    \u003Cdiv class=\"bloc_btn_ajout_fiche_carnet\"\u003E\n        \u003Cinput type=\"checkbox\" value=\"1\" name=\"desactiver_popup\" id=\"desactiver_popup\" \/\u003E\n        \u003Clabel for=\"desactiver_popup\"\u003ENe plus afficher ce message\u003C\/label\u003E\n    \u003C\/div\u003E\n\u003C\/div\u003E","success":1}