{"nbFiches":1,"dataPrest":{"infoPrest":{"pave1":{"libelle":"Slogan","contenu":"","fichiers":[]},"pave2":{"libelle":"Descriptif","contenu":"\u003Cdiv\u003E\r\n\u003Cdiv id=\"primary\" role=\"main\"\u003E\r\n\u003Cdiv\u003E\r\n\u003Cp data-end=\"150\" data-start=\"120\"\u003E\u003Cstrong data-end=\"150\" data-start=\"120\"\u003EBeach Tour Pr&eacute;vention 2026\u003C\/strong\u003E\u003C\/p\u003E\r\n\r\n\u003Cp data-end=\"315\" data-start=\"152\"\u003ECet &eacute;t&eacute; encore, le Beach Tour Pr&eacute;vention fait escale sur les plages de Loire-Atlantique pour sensibiliser petits et grands aux bons r&eacute;flexes &agrave; adopter au bord de l&rsquo;oc&eacute;an.\u003C\/p\u003E\r\n\r\n\u003Cp data-end=\"558\" data-start=\"317\"\u003EAu programme : ateliers ludiques, initiations aquatiques, d&eacute;monstrations de sauvetage, quiz&hellip; autant d&rsquo;animations gratuites pour apprendre en s&rsquo;amusant ! L&rsquo;occasion aussi d&rsquo;&eacute;changer avec des professionnels du sport, du secours et de la sant&eacute;.\u003C\/p\u003E\r\n\r\n\u003Cp data-end=\"693\" data-start=\"560\"\u003EDe la pr&eacute;vention des noyades &agrave; la protection solaire, chacun peut repartir avec les cl&eacute;s pour profiter de la plage en toute s&eacute;curit&eacute;.\u003Cbr \/\u003E\r\n\u003Cbr \/\u003E\r\nUn &eacute;v&eacute;nement propos&eacute; par le SDJES 44, avec le soutien de nombreux partenaires, dont la Fondation Princesse Charl&egrave;ne de Monaco, la ville de Saint-Brevin-les-Pins &amp; la communaut&eacute;e de communes Sud Estuaire.\u003C\/p\u003E\r\n\u003C\/div\u003E\r\n\u003C\/div\u003E\r\n\u003C\/div\u003E\r\n","fichiers":[]},"pave3":{"libelle":"","contenu":""},"pave4":{"libelle":"","contenu":""},"pave5":{"libelle":"","contenu":""},"pave6":{"libelle":"","contenu":""},"pave7":{"libelle":"","contenu":""},"pave8":{"libelle":"","contenu":""},"pave9":{"libelle":"","contenu":""},"pave10":{"libelle":"","contenu":""},"pave11":{"libelle":"","contenu":""},"pave12":{"libelle":"","contenu":""},"pave13":{"libelle":"","contenu":""},"pave14":{"libelle":"","contenu":""},"pave15":{"libelle":"","contenu":""},"pave16":{"libelle":"","contenu":""},"pave17":{"libelle":"","contenu":""},"pave18":{"libelle":"","contenu":""},"pave19":{"libelle":"","contenu":""},"pave20":{"libelle":"","contenu":""},"pave21":{"libelle":"","contenu":""},"pave22":{"libelle":"","contenu":""},"pave23":{"libelle":"","contenu":""},"pave24":{"libelle":"","contenu":""},"pave25":{"libelle":"","contenu":""},"Libelle":"Beach Tour Pr\u00e9vention","Reference":"","Reftar":"","Type":"PRESTATION","TypePrestataire":"Y","ContexteStat":"PRESTATION-Y-A0013PDL044V5040K0-BEACHTOURPREVENTION","DateModificationIso":"2026-04-17T14:11:00+02:00","Adresse":{"LigneAdresse1":"Plage de l'Oc\u00e9an","LigneAdresse2":"\u00e0 proximit\u00e9 du club de plage Les Loups de L\u2019Oc","LigneAdresse3":"","CodePostal":"44250","Ville":"ST BREVIN LES PINS","Cedex":"","Etat":"","Pays":"FRA"},"Id":"y-a0013pdl044v5040k0-beachtourprevention","Code":"Y|A0013PDL044V5040K0|BEACHTOURPREVENTION","Cle":"Y|A0013PDL044V5040K0|BEACHTOURPREVENTION","Url":"beach-tour-prevention.html","Localisation":{"GoogleMap":{"Latitude":"47.22864","Longitude":"-2.17722"}},"ZoneGeo":"","Criteres":{"LIEUMANIF[SAINTBREVIN":"","CATEGORIEANIMATION[DEF":"","CATEGORIEANIMATION[LOISIRS":"","TYPE[VILLESTBREVIN":"","MISEAJOURINGENIE[DATEDERNIEREMAJ":"20260417","MISEAJOURPAR[AMANDINE":""},"Prestataire":{"pave1":{"libelle":"Descriptif","contenu":"\u003Cstrong\u003ELa tourn&eacute;e des plages des brioches Fonteneau&nbsp;\u003C\/strong\u003E\u003Cbr \/\u003E\r\n\u003Cbr \/\u003E\r\nQuel id&eacute;e de g&eacute;nie ?!\r\n\u003Cp class=\"has-text-align-center REVEAL\" style=\"opacity: 1; padding-top: 0px;\"\u003ECet &eacute;t&eacute;, l&#39;entreprise brioches Fonteneau viendra &agrave; votre rencontre &agrave; l&rsquo;occasion de notre&nbsp;tourn&eacute;e des plages.&nbsp;De juillet &agrave; ao&ucirc;t, elle sillonera sur l&#39;ensemble du littoral vend&eacute;en et une partie de la Loire-Atlantique pour vous faire d&eacute;couvrir (ou red&eacute;couvrir) leurs produits phares &ndash; brioches, g&acirc;ches et autres sp&eacute;cialit&eacute;s gourmandes.&nbsp;Au programme de chaque &eacute;tape :&nbsp;d&eacute;gustations&nbsp;de nos produits, moments de convivialit&eacute; et animations. Une roue de la chance&nbsp;vous attend avec de nombreuses surprises &agrave; gagner !\u003Cbr \/\u003E\r\n\u003Cbr \/\u003E\r\nNous avons deux dates pour St Brevin :\u003Cbr \/\u003E\r\n\u003Cbr \/\u003E\r\n- le 17 juillet 2025 au Leclerc de St Brevin les Pins de 8h45 &agrave; 18h\u003Cbr \/\u003E\r\n- le 25 juillet 2025 &agrave; la plage verte de St Brevin l&#39;Oc&eacute;an 14h &agrave; 18h30\u003C\/p\u003E\r\n"},"pave2":{"libelle":"","contenu":""},"pave3":{"libelle":"","contenu":""},"pave4":{"libelle":"","contenu":""},"pave5":{"libelle":"","contenu":""},"pave6":{"libelle":"","contenu":""},"pave7":{"libelle":"","contenu":""},"pave8":{"libelle":"","contenu":""},"pave9":{"libelle":"","contenu":""},"pave10":{"libelle":"","contenu":""},"pave11":{"libelle":"","contenu":""},"pave12":{"libelle":"","contenu":""},"pave13":{"libelle":"","contenu":""},"pave14":{"libelle":"","contenu":""},"pave15":{"libelle":"","contenu":""},"pave16":{"libelle":"","contenu":""},"pave17":{"libelle":"","contenu":""},"pave18":{"libelle":"","contenu":""},"pave19":{"libelle":"","contenu":""},"pave20":{"libelle":"","contenu":""},"pave21":{"libelle":"","contenu":""},"pave22":{"libelle":"","contenu":""},"pave23":{"libelle":"","contenu":""},"pave24":{"libelle":"","contenu":""},"pave25":{"libelle":"","contenu":""},"Libelle":"Mairie de Saint-Brevin","Nom":"Mairie de Saint-Brevin","Prenom":"","NomPrenom":"Mairie de Saint-Brevin ","CiviliteNomPrenom":"Mairie de Saint-Brevin ","Cle":"Y|A0013PDL044V5040K0","PrestataireParent":"","ContexteStat":"PRESTATAIRE-Y-A0013PDL044V5040K0","DateModificationIso":"2025-08-12T18:09:00+02:00","Type":"PRESTATAIRE","TypePrestataire":"Y","Adresse":{"LigneAdresse1":"1 Place de l'H\u00f4tel de ville","LigneAdresse2":"","LigneAdresse3":"","CodePostal":"44250","Ville":"ST BREVIN LES PINS","Cedex":"","Etat":"","Pays":"FRA"},"Email":"ot@tourisme-saint-brevin.fr","Telephone":"02 40 64 44 44","TelephoneBureau":"","Portable":"","SiteWeb":"http:\/\/www.saint-brevin.fr","Fax":"","Id":"y-a0013pdl044v5040k0","Code":"Y|A0013PDL044V5040K0","Fichier":{"Image":[{"url":"https:\/\/www.saint-brevin.com\/medias\/images\/prestataires\/affiche-dates-tournee-des-plages-heures-plan-de-travail-1-1-10466.png","chemin":"..\/medias\/images\/prestataires\/affiche-dates-tournee-des-plages-heures-plan-de-travail-1-1-10466.png","libelle":"affiche-dates-tournee-des-plages-heures-plan-de-travail-1-1-10466","extension":"png","categorie":"","largeur":936,"theme":"","hauteur":591,"type":"Image","origine":"","liaisonPave":"","langue":"","id":"10466","urlVignette":"https:\/\/www.saint-brevin.com\/medias\/images\/prestataires\/v-affiche-dates-tournee-des-plages-heures-plan-de-travail-1-1-10466.png","alt":"affiche-dates-tournee-des-plages-heures-plan-de-travail-1-1-10466","title":"affiche-dates-tournee-des-plages-heures-plan-de-travail-1-1-10466","MultiTaille":{"1920x1440":{"url":"https:\/\/www.saint-brevin.com\/medias\/images\/prestataires\/multitailles\/1920x1440_affiche-dates-tournee-des-plages-heures-plan-de-travail-1-1-10466.png"},"1200x900":{"url":"https:\/\/www.saint-brevin.com\/medias\/images\/prestataires\/multitailles\/1200x900_affiche-dates-tournee-des-plages-heures-plan-de-travail-1-1-10466.png"},"800x600":{"url":"https:\/\/www.saint-brevin.com\/medias\/images\/prestataires\/multitailles\/800x600_affiche-dates-tournee-des-plages-heures-plan-de-travail-1-1-10466.png"},"640x480":{"url":"https:\/\/www.saint-brevin.com\/medias\/images\/prestataires\/multitailles\/640x480_affiche-dates-tournee-des-plages-heures-plan-de-travail-1-1-10466.png"},"320x240":{"url":"https:\/\/www.saint-brevin.com\/medias\/images\/prestataires\/multitailles\/320x240_affiche-dates-tournee-des-plages-heures-plan-de-travail-1-1-10466.png"},"160x120":{"url":"https:\/\/www.saint-brevin.com\/medias\/images\/prestataires\/multitailles\/160x120_affiche-dates-tournee-des-plages-heures-plan-de-travail-1-1-10466.png"},"origine":{"url":"https:\/\/www.saint-brevin.com\/medias\/images\/prestataires\/affiche-dates-tournee-des-plages-heures-plan-de-travail-1-1-10466.png"}},"urlLien":"","typeLien":"","nofollow":"N","copyright":""},{"url":"https:\/\/www.saint-brevin.com\/medias\/images\/prestataires\/affiche-dates-tournee-des-plages-heures-plan-de-travail-1-1-10465.png","chemin":"..\/medias\/images\/prestataires\/affiche-dates-tournee-des-plages-heures-plan-de-travail-1-1-10465.png","libelle":"affiche-dates-tournee-des-plages-heures-plan-de-travail-1-1-10465","extension":"png","categorie":"","largeur":936,"theme":"","hauteur":1323,"type":"Image","origine":"","liaisonPave":"","langue":"","id":"10465","urlVignette":"https:\/\/www.saint-brevin.com\/medias\/images\/prestataires\/v-affiche-dates-tournee-des-plages-heures-plan-de-travail-1-1-10465.png","alt":"affiche-dates-tournee-des-plages-heures-plan-de-travail-1-1-10465","title":"affiche-dates-tournee-des-plages-heures-plan-de-travail-1-1-10465","MultiTaille":{"1920x1440":{"url":"https:\/\/www.saint-brevin.com\/medias\/images\/prestataires\/multitailles\/1920x1440_affiche-dates-tournee-des-plages-heures-plan-de-travail-1-1-10465.png"},"1200x900":{"url":"https:\/\/www.saint-brevin.com\/medias\/images\/prestataires\/multitailles\/1200x900_affiche-dates-tournee-des-plages-heures-plan-de-travail-1-1-10465.png"},"800x600":{"url":"https:\/\/www.saint-brevin.com\/medias\/images\/prestataires\/multitailles\/800x600_affiche-dates-tournee-des-plages-heures-plan-de-travail-1-1-10465.png"},"640x480":{"url":"https:\/\/www.saint-brevin.com\/medias\/images\/prestataires\/multitailles\/640x480_affiche-dates-tournee-des-plages-heures-plan-de-travail-1-1-10465.png"},"320x240":{"url":"https:\/\/www.saint-brevin.com\/medias\/images\/prestataires\/multitailles\/320x240_affiche-dates-tournee-des-plages-heures-plan-de-travail-1-1-10465.png"},"160x120":{"url":"https:\/\/www.saint-brevin.com\/medias\/images\/prestataires\/multitailles\/160x120_affiche-dates-tournee-des-plages-heures-plan-de-travail-1-1-10465.png"},"origine":{"url":"https:\/\/www.saint-brevin.com\/medias\/images\/prestataires\/affiche-dates-tournee-des-plages-heures-plan-de-travail-1-1-10465.png"}},"urlLien":"","typeLien":"","nofollow":"N","copyright":""}],"ByCategorie":{"":[{"url":"https:\/\/www.saint-brevin.com\/medias\/images\/prestataires\/affiche-dates-tournee-des-plages-heures-plan-de-travail-1-1-10466.png","chemin":"..\/medias\/images\/prestataires\/affiche-dates-tournee-des-plages-heures-plan-de-travail-1-1-10466.png","libelle":"affiche-dates-tournee-des-plages-heures-plan-de-travail-1-1-10466","extension":"png","categorie":"","largeur":936,"theme":"","hauteur":591,"type":"Image","origine":"","liaisonPave":"","langue":"","id":"10466","urlVignette":"https:\/\/www.saint-brevin.com\/medias\/images\/prestataires\/v-affiche-dates-tournee-des-plages-heures-plan-de-travail-1-1-10466.png","alt":"affiche-dates-tournee-des-plages-heures-plan-de-travail-1-1-10466","title":"affiche-dates-tournee-des-plages-heures-plan-de-travail-1-1-10466","MultiTaille":{"1920x1440":{"url":"https:\/\/www.saint-brevin.com\/medias\/images\/prestataires\/multitailles\/1920x1440_affiche-dates-tournee-des-plages-heures-plan-de-travail-1-1-10466.png"},"1200x900":{"url":"https:\/\/www.saint-brevin.com\/medias\/images\/prestataires\/multitailles\/1200x900_affiche-dates-tournee-des-plages-heures-plan-de-travail-1-1-10466.png"},"800x600":{"url":"https:\/\/www.saint-brevin.com\/medias\/images\/prestataires\/multitailles\/800x600_affiche-dates-tournee-des-plages-heures-plan-de-travail-1-1-10466.png"},"640x480":{"url":"https:\/\/www.saint-brevin.com\/medias\/images\/prestataires\/multitailles\/640x480_affiche-dates-tournee-des-plages-heures-plan-de-travail-1-1-10466.png"},"320x240":{"url":"https:\/\/www.saint-brevin.com\/medias\/images\/prestataires\/multitailles\/320x240_affiche-dates-tournee-des-plages-heures-plan-de-travail-1-1-10466.png"},"160x120":{"url":"https:\/\/www.saint-brevin.com\/medias\/images\/prestataires\/multitailles\/160x120_affiche-dates-tournee-des-plages-heures-plan-de-travail-1-1-10466.png"},"origine":{"url":"https:\/\/www.saint-brevin.com\/medias\/images\/prestataires\/affiche-dates-tournee-des-plages-heures-plan-de-travail-1-1-10466.png"}},"urlLien":"","typeLien":"","nofollow":"N","copyright":""},{"url":"https:\/\/www.saint-brevin.com\/medias\/images\/prestataires\/affiche-dates-tournee-des-plages-heures-plan-de-travail-1-1-10465.png","chemin":"..\/medias\/images\/prestataires\/affiche-dates-tournee-des-plages-heures-plan-de-travail-1-1-10465.png","libelle":"affiche-dates-tournee-des-plages-heures-plan-de-travail-1-1-10465","extension":"png","categorie":"","largeur":936,"theme":"","hauteur":1323,"type":"Image","origine":"","liaisonPave":"","langue":"","id":"10465","urlVignette":"https:\/\/www.saint-brevin.com\/medias\/images\/prestataires\/v-affiche-dates-tournee-des-plages-heures-plan-de-travail-1-1-10465.png","alt":"affiche-dates-tournee-des-plages-heures-plan-de-travail-1-1-10465","title":"affiche-dates-tournee-des-plages-heures-plan-de-travail-1-1-10465","MultiTaille":{"1920x1440":{"url":"https:\/\/www.saint-brevin.com\/medias\/images\/prestataires\/multitailles\/1920x1440_affiche-dates-tournee-des-plages-heures-plan-de-travail-1-1-10465.png"},"1200x900":{"url":"https:\/\/www.saint-brevin.com\/medias\/images\/prestataires\/multitailles\/1200x900_affiche-dates-tournee-des-plages-heures-plan-de-travail-1-1-10465.png"},"800x600":{"url":"https:\/\/www.saint-brevin.com\/medias\/images\/prestataires\/multitailles\/800x600_affiche-dates-tournee-des-plages-heures-plan-de-travail-1-1-10465.png"},"640x480":{"url":"https:\/\/www.saint-brevin.com\/medias\/images\/prestataires\/multitailles\/640x480_affiche-dates-tournee-des-plages-heures-plan-de-travail-1-1-10465.png"},"320x240":{"url":"https:\/\/www.saint-brevin.com\/medias\/images\/prestataires\/multitailles\/320x240_affiche-dates-tournee-des-plages-heures-plan-de-travail-1-1-10465.png"},"160x120":{"url":"https:\/\/www.saint-brevin.com\/medias\/images\/prestataires\/multitailles\/160x120_affiche-dates-tournee-des-plages-heures-plan-de-travail-1-1-10465.png"},"origine":{"url":"https:\/\/www.saint-brevin.com\/medias\/images\/prestataires\/affiche-dates-tournee-des-plages-heures-plan-de-travail-1-1-10465.png"}},"urlLien":"","typeLien":"","nofollow":"N","copyright":""}]}},"Url":"","Localisation":{"GoogleMap":{"Latitude":"47.24750","Longitude":"-2.16780"}},"ZoneGeo":"","Criteres":{"LIEU[SAINTBREVINOCEAN":"","LIEU[SAINTBREVINLESPINS":"","COMMUNES[SAINTBREVIN":"","MAJINGENIE[DATEDERNIEREMAJ":"20250716","MISEAJOUR[AMANDINE":""},"DateFinPublication":""},"Fichier":{"Image":[{"url":"https:\/\/www.saint-brevin.com\/medias\/images\/prestations\/radeau-de-survie-imagefull-18840.jpg","chemin":"..\/medias\/images\/prestations\/radeau-de-survie-imagefull-18840.jpg","libelle":"radeau-de-survie-imagefull-18840","extension":"jpg","categorie":"","largeur":770,"theme":"","hauteur":513,"type":"Image","origine":"","liaisonPave":"","langue":"","id":"18840","urlVignette":"https:\/\/www.saint-brevin.com\/medias\/images\/prestations\/v-radeau-de-survie-imagefull-18840.jpg","alt":"radeau-de-survie-imagefull-18840","title":"radeau-de-survie-imagefull-18840","MultiTaille":{"1920x1440":{"url":"https:\/\/www.saint-brevin.com\/medias\/images\/prestations\/multitailles\/1920x1440_radeau-de-survie-imagefull-18840.jpg"},"1200x900":{"url":"https:\/\/www.saint-brevin.com\/medias\/images\/prestations\/multitailles\/1200x900_radeau-de-survie-imagefull-18840.jpg"},"800x600":{"url":"https:\/\/www.saint-brevin.com\/medias\/images\/prestations\/multitailles\/800x600_radeau-de-survie-imagefull-18840.jpg"},"640x480":{"url":"https:\/\/www.saint-brevin.com\/medias\/images\/prestations\/multitailles\/640x480_radeau-de-survie-imagefull-18840.jpg"},"320x240":{"url":"https:\/\/www.saint-brevin.com\/medias\/images\/prestations\/multitailles\/320x240_radeau-de-survie-imagefull-18840.jpg"},"160x120":{"url":"https:\/\/www.saint-brevin.com\/medias\/images\/prestations\/multitailles\/160x120_radeau-de-survie-imagefull-18840.jpg"},"origine":{"url":"https:\/\/www.saint-brevin.com\/medias\/images\/prestations\/radeau-de-survie-imagefull-18840.jpg"}},"urlLien":"","typeLien":"","nofollow":"N","copyright":""}],"ByCategorie":{"":[{"url":"https:\/\/www.saint-brevin.com\/medias\/images\/prestations\/radeau-de-survie-imagefull-18840.jpg","chemin":"..\/medias\/images\/prestations\/radeau-de-survie-imagefull-18840.jpg","libelle":"radeau-de-survie-imagefull-18840","extension":"jpg","categorie":"","largeur":770,"theme":"","hauteur":513,"type":"Image","origine":"","liaisonPave":"","langue":"","id":"18840","urlVignette":"https:\/\/www.saint-brevin.com\/medias\/images\/prestations\/v-radeau-de-survie-imagefull-18840.jpg","alt":"radeau-de-survie-imagefull-18840","title":"radeau-de-survie-imagefull-18840","MultiTaille":{"1920x1440":{"url":"https:\/\/www.saint-brevin.com\/medias\/images\/prestations\/multitailles\/1920x1440_radeau-de-survie-imagefull-18840.jpg"},"1200x900":{"url":"https:\/\/www.saint-brevin.com\/medias\/images\/prestations\/multitailles\/1200x900_radeau-de-survie-imagefull-18840.jpg"},"800x600":{"url":"https:\/\/www.saint-brevin.com\/medias\/images\/prestations\/multitailles\/800x600_radeau-de-survie-imagefull-18840.jpg"},"640x480":{"url":"https:\/\/www.saint-brevin.com\/medias\/images\/prestations\/multitailles\/640x480_radeau-de-survie-imagefull-18840.jpg"},"320x240":{"url":"https:\/\/www.saint-brevin.com\/medias\/images\/prestations\/multitailles\/320x240_radeau-de-survie-imagefull-18840.jpg"},"160x120":{"url":"https:\/\/www.saint-brevin.com\/medias\/images\/prestations\/multitailles\/160x120_radeau-de-survie-imagefull-18840.jpg"},"origine":{"url":"https:\/\/www.saint-brevin.com\/medias\/images\/prestations\/radeau-de-survie-imagefull-18840.jpg"}},"urlLien":"","typeLien":"","nofollow":"N","copyright":""}]}},"DateDebPublication":"","DateFinPublication":"20260731","PrixAPartirDe":"","PrixPour":"","FicheListeEnCours":"fiche_liste_agenda_prestation_v2017","ParametresModele":{"AfficherPhotos":"1","NbPhotosMax":6,"AfficherReserver":0,"AfficherContact":0,"AfficherSalle":1,"AfficherZoneGeo":0,"AfficherEnSavoirPlus":"1","AfficherUneSeuleOuverture":"1","AfficherContactCarte":1,"AfficherTarifsChaudAPartirDe":0,"AfficherTarifChaudSansRecherche":0,"AfficherLiensCarnetVoyage":"1","AfficherOuverture":"1","BlocCritereInfo":{"critere1":{"libelle":""},"critere2":{"libelle":""},"critere3":{"libelle":""},"critere4":{"libelle":""},"critere5":{"libelle":""},"critere6":{"libelle":""},"critere7":{"libelle":"","liste_critere":["COMMUNES|Y"]},"critere8":{"libelle":""},"critere9":{"libelle":""},"afficherpictoetpaslibelle":"1"},"CriteresComportementResa":"|RESABILLET[RESAENLIGNE|","PositionBloc":"GALLERIE|NOM|OUVERTURES|CARNET_VOYAGE|URL|LIEN_RESERVER_DETAIL","TypePrestataire":"Y","ComportementResa":false,"ComportementDispo":false},"AffichageCoordonnees":[],"Coordonnees":{"Ville":"ST BREVIN LES PINS"},"ContexteId":"PRESTATION|Y|A0013PDL044V5040K0|BEACHTOURPREVENTION","ContexteIdHtml":"PRESTATION-Y-A0013PDL044V5040K0-BEACHTOURPREVENTION","cleContexte":"Y|A0013PDL044V5040K0|BEACHTOURPREVENTION","Bloc":{"texte1":"","texte3":"","critere1":{"libelle":"","contenu":[]},"critere2":{"libelle":"","contenu":[]},"critere3":{"libelle":"","contenu":[]},"critere4":{"libelle":"","contenu":[]},"critere5":{"libelle":"","contenu":[]},"critere6":{"libelle":"","contenu":[]},"critere7":{"libelle":"","contenu":{"COMMUNES":{"libelle":"COMMUNE","contenu":{"1":"Saint-Brevin"},"codesValeurs":{"1":"COMMUNES|SAINTBREVIN|Y"},"criteres_datas":{"valeurs":{"1":{"SAINTBREVIN":{"descriptif":""}}}}}}},"critere8":{"libelle":"","contenu":[]},"critere9":{"libelle":"","contenu":[]}},"LocalisationGps":{"Latitude":"47.22864","Longitude":"-2.17722"},"libelleDuPrestataire":"","vuePrestataire":{"pave1":{"libelle":"Descriptif","contenu":"\u003Cstrong\u003ELa tourn&eacute;e des plages des brioches Fonteneau&nbsp;\u003C\/strong\u003E\u003Cbr \/\u003E\r\n\u003Cbr \/\u003E\r\nQuel id&eacute;e de g&eacute;nie ?!\r\n\u003Cp class=\"has-text-align-center REVEAL\" style=\"opacity: 1; padding-top: 0px;\"\u003ECet &eacute;t&eacute;, l&#39;entreprise brioches Fonteneau viendra &agrave; votre rencontre &agrave; l&rsquo;occasion de notre&nbsp;tourn&eacute;e des plages.&nbsp;De juillet &agrave; ao&ucirc;t, elle sillonera sur l&#39;ensemble du littoral vend&eacute;en et une partie de la Loire-Atlantique pour vous faire d&eacute;couvrir (ou red&eacute;couvrir) leurs produits phares &ndash; brioches, g&acirc;ches et autres sp&eacute;cialit&eacute;s gourmandes.&nbsp;Au programme de chaque &eacute;tape :&nbsp;d&eacute;gustations&nbsp;de nos produits, moments de convivialit&eacute; et animations. Une roue de la chance&nbsp;vous attend avec de nombreuses surprises &agrave; gagner !\u003Cbr \/\u003E\r\n\u003Cbr \/\u003E\r\nNous avons deux dates pour St Brevin :\u003Cbr \/\u003E\r\n\u003Cbr \/\u003E\r\n- le 17 juillet 2025 au Leclerc de St Brevin les Pins de 8h45 &agrave; 18h\u003Cbr \/\u003E\r\n- le 25 juillet 2025 &agrave; la plage verte de St Brevin l&#39;Oc&eacute;an 14h &agrave; 18h30\u003C\/p\u003E\r\n"},"pave2":{"libelle":"","contenu":""},"pave3":{"libelle":"","contenu":""},"pave4":{"libelle":"","contenu":""},"pave5":{"libelle":"","contenu":""},"pave6":{"libelle":"","contenu":""},"pave7":{"libelle":"","contenu":""},"pave8":{"libelle":"","contenu":""},"pave9":{"libelle":"","contenu":""},"pave10":{"libelle":"","contenu":""},"pave11":{"libelle":"","contenu":""},"pave12":{"libelle":"","contenu":""},"pave13":{"libelle":"","contenu":""},"pave14":{"libelle":"","contenu":""},"pave15":{"libelle":"","contenu":""},"pave16":{"libelle":"","contenu":""},"pave17":{"libelle":"","contenu":""},"pave18":{"libelle":"","contenu":""},"pave19":{"libelle":"","contenu":""},"pave20":{"libelle":"","contenu":""},"pave21":{"libelle":"","contenu":""},"pave22":{"libelle":"","contenu":""},"pave23":{"libelle":"","contenu":""},"pave24":{"libelle":"","contenu":""},"pave25":{"libelle":"","contenu":""},"Libelle":"Mairie de Saint-Brevin","Nom":"Mairie de Saint-Brevin","Prenom":"","NomPrenom":"Mairie de Saint-Brevin ","CiviliteNomPrenom":"Mairie de Saint-Brevin ","Cle":"Y|A0013PDL044V5040K0","PrestataireParent":"","ContexteStat":"PRESTATAIRE-Y-A0013PDL044V5040K0","DateModificationIso":"2025-08-12T18:09:00+02:00","Type":"PRESTATAIRE","TypePrestataire":"Y","Adresse":{"LigneAdresse1":"1 Place de l'H\u00f4tel de ville","LigneAdresse2":"","LigneAdresse3":"","CodePostal":"44250","Ville":"ST BREVIN LES PINS","Cedex":"","Etat":"","Pays":"FRA"},"Email":"ot@tourisme-saint-brevin.fr","Telephone":"02 40 64 44 44","TelephoneBureau":"","Portable":"","SiteWeb":"http:\/\/www.saint-brevin.fr","Fax":"","Id":"y-a0013pdl044v5040k0","Code":"Y|A0013PDL044V5040K0","Fichier":{"Image":[{"url":"https:\/\/www.saint-brevin.com\/medias\/images\/prestataires\/affiche-dates-tournee-des-plages-heures-plan-de-travail-1-1-10466.png","chemin":"..\/medias\/images\/prestataires\/affiche-dates-tournee-des-plages-heures-plan-de-travail-1-1-10466.png","libelle":"affiche-dates-tournee-des-plages-heures-plan-de-travail-1-1-10466","extension":"png","categorie":"","largeur":936,"theme":"","hauteur":591,"type":"Image","origine":"","liaisonPave":"","langue":"","id":"10466","urlVignette":"https:\/\/www.saint-brevin.com\/medias\/images\/prestataires\/v-affiche-dates-tournee-des-plages-heures-plan-de-travail-1-1-10466.png","alt":"affiche-dates-tournee-des-plages-heures-plan-de-travail-1-1-10466","title":"affiche-dates-tournee-des-plages-heures-plan-de-travail-1-1-10466","MultiTaille":{"1920x1440":{"url":"https:\/\/www.saint-brevin.com\/medias\/images\/prestataires\/multitailles\/1920x1440_affiche-dates-tournee-des-plages-heures-plan-de-travail-1-1-10466.png"},"1200x900":{"url":"https:\/\/www.saint-brevin.com\/medias\/images\/prestataires\/multitailles\/1200x900_affiche-dates-tournee-des-plages-heures-plan-de-travail-1-1-10466.png"},"800x600":{"url":"https:\/\/www.saint-brevin.com\/medias\/images\/prestataires\/multitailles\/800x600_affiche-dates-tournee-des-plages-heures-plan-de-travail-1-1-10466.png"},"640x480":{"url":"https:\/\/www.saint-brevin.com\/medias\/images\/prestataires\/multitailles\/640x480_affiche-dates-tournee-des-plages-heures-plan-de-travail-1-1-10466.png"},"320x240":{"url":"https:\/\/www.saint-brevin.com\/medias\/images\/prestataires\/multitailles\/320x240_affiche-dates-tournee-des-plages-heures-plan-de-travail-1-1-10466.png"},"160x120":{"url":"https:\/\/www.saint-brevin.com\/medias\/images\/prestataires\/multitailles\/160x120_affiche-dates-tournee-des-plages-heures-plan-de-travail-1-1-10466.png"},"origine":{"url":"https:\/\/www.saint-brevin.com\/medias\/images\/prestataires\/affiche-dates-tournee-des-plages-heures-plan-de-travail-1-1-10466.png"}},"urlLien":"","typeLien":"","nofollow":"N","copyright":""},{"url":"https:\/\/www.saint-brevin.com\/medias\/images\/prestataires\/affiche-dates-tournee-des-plages-heures-plan-de-travail-1-1-10465.png","chemin":"..\/medias\/images\/prestataires\/affiche-dates-tournee-des-plages-heures-plan-de-travail-1-1-10465.png","libelle":"affiche-dates-tournee-des-plages-heures-plan-de-travail-1-1-10465","extension":"png","categorie":"","largeur":936,"theme":"","hauteur":1323,"type":"Image","origine":"","liaisonPave":"","langue":"","id":"10465","urlVignette":"https:\/\/www.saint-brevin.com\/medias\/images\/prestataires\/v-affiche-dates-tournee-des-plages-heures-plan-de-travail-1-1-10465.png","alt":"affiche-dates-tournee-des-plages-heures-plan-de-travail-1-1-10465","title":"affiche-dates-tournee-des-plages-heures-plan-de-travail-1-1-10465","MultiTaille":{"1920x1440":{"url":"https:\/\/www.saint-brevin.com\/medias\/images\/prestataires\/multitailles\/1920x1440_affiche-dates-tournee-des-plages-heures-plan-de-travail-1-1-10465.png"},"1200x900":{"url":"https:\/\/www.saint-brevin.com\/medias\/images\/prestataires\/multitailles\/1200x900_affiche-dates-tournee-des-plages-heures-plan-de-travail-1-1-10465.png"},"800x600":{"url":"https:\/\/www.saint-brevin.com\/medias\/images\/prestataires\/multitailles\/800x600_affiche-dates-tournee-des-plages-heures-plan-de-travail-1-1-10465.png"},"640x480":{"url":"https:\/\/www.saint-brevin.com\/medias\/images\/prestataires\/multitailles\/640x480_affiche-dates-tournee-des-plages-heures-plan-de-travail-1-1-10465.png"},"320x240":{"url":"https:\/\/www.saint-brevin.com\/medias\/images\/prestataires\/multitailles\/320x240_affiche-dates-tournee-des-plages-heures-plan-de-travail-1-1-10465.png"},"160x120":{"url":"https:\/\/www.saint-brevin.com\/medias\/images\/prestataires\/multitailles\/160x120_affiche-dates-tournee-des-plages-heures-plan-de-travail-1-1-10465.png"},"origine":{"url":"https:\/\/www.saint-brevin.com\/medias\/images\/prestataires\/affiche-dates-tournee-des-plages-heures-plan-de-travail-1-1-10465.png"}},"urlLien":"","typeLien":"","nofollow":"N","copyright":""}],"ByCategorie":{"":[{"url":"https:\/\/www.saint-brevin.com\/medias\/images\/prestataires\/affiche-dates-tournee-des-plages-heures-plan-de-travail-1-1-10466.png","chemin":"..\/medias\/images\/prestataires\/affiche-dates-tournee-des-plages-heures-plan-de-travail-1-1-10466.png","libelle":"affiche-dates-tournee-des-plages-heures-plan-de-travail-1-1-10466","extension":"png","categorie":"","largeur":936,"theme":"","hauteur":591,"type":"Image","origine":"","liaisonPave":"","langue":"","id":"10466","urlVignette":"https:\/\/www.saint-brevin.com\/medias\/images\/prestataires\/v-affiche-dates-tournee-des-plages-heures-plan-de-travail-1-1-10466.png","alt":"affiche-dates-tournee-des-plages-heures-plan-de-travail-1-1-10466","title":"affiche-dates-tournee-des-plages-heures-plan-de-travail-1-1-10466","MultiTaille":{"1920x1440":{"url":"https:\/\/www.saint-brevin.com\/medias\/images\/prestataires\/multitailles\/1920x1440_affiche-dates-tournee-des-plages-heures-plan-de-travail-1-1-10466.png"},"1200x900":{"url":"https:\/\/www.saint-brevin.com\/medias\/images\/prestataires\/multitailles\/1200x900_affiche-dates-tournee-des-plages-heures-plan-de-travail-1-1-10466.png"},"800x600":{"url":"https:\/\/www.saint-brevin.com\/medias\/images\/prestataires\/multitailles\/800x600_affiche-dates-tournee-des-plages-heures-plan-de-travail-1-1-10466.png"},"640x480":{"url":"https:\/\/www.saint-brevin.com\/medias\/images\/prestataires\/multitailles\/640x480_affiche-dates-tournee-des-plages-heures-plan-de-travail-1-1-10466.png"},"320x240":{"url":"https:\/\/www.saint-brevin.com\/medias\/images\/prestataires\/multitailles\/320x240_affiche-dates-tournee-des-plages-heures-plan-de-travail-1-1-10466.png"},"160x120":{"url":"https:\/\/www.saint-brevin.com\/medias\/images\/prestataires\/multitailles\/160x120_affiche-dates-tournee-des-plages-heures-plan-de-travail-1-1-10466.png"},"origine":{"url":"https:\/\/www.saint-brevin.com\/medias\/images\/prestataires\/affiche-dates-tournee-des-plages-heures-plan-de-travail-1-1-10466.png"}},"urlLien":"","typeLien":"","nofollow":"N","copyright":""},{"url":"https:\/\/www.saint-brevin.com\/medias\/images\/prestataires\/affiche-dates-tournee-des-plages-heures-plan-de-travail-1-1-10465.png","chemin":"..\/medias\/images\/prestataires\/affiche-dates-tournee-des-plages-heures-plan-de-travail-1-1-10465.png","libelle":"affiche-dates-tournee-des-plages-heures-plan-de-travail-1-1-10465","extension":"png","categorie":"","largeur":936,"theme":"","hauteur":1323,"type":"Image","origine":"","liaisonPave":"","langue":"","id":"10465","urlVignette":"https:\/\/www.saint-brevin.com\/medias\/images\/prestataires\/v-affiche-dates-tournee-des-plages-heures-plan-de-travail-1-1-10465.png","alt":"affiche-dates-tournee-des-plages-heures-plan-de-travail-1-1-10465","title":"affiche-dates-tournee-des-plages-heures-plan-de-travail-1-1-10465","MultiTaille":{"1920x1440":{"url":"https:\/\/www.saint-brevin.com\/medias\/images\/prestataires\/multitailles\/1920x1440_affiche-dates-tournee-des-plages-heures-plan-de-travail-1-1-10465.png"},"1200x900":{"url":"https:\/\/www.saint-brevin.com\/medias\/images\/prestataires\/multitailles\/1200x900_affiche-dates-tournee-des-plages-heures-plan-de-travail-1-1-10465.png"},"800x600":{"url":"https:\/\/www.saint-brevin.com\/medias\/images\/prestataires\/multitailles\/800x600_affiche-dates-tournee-des-plages-heures-plan-de-travail-1-1-10465.png"},"640x480":{"url":"https:\/\/www.saint-brevin.com\/medias\/images\/prestataires\/multitailles\/640x480_affiche-dates-tournee-des-plages-heures-plan-de-travail-1-1-10465.png"},"320x240":{"url":"https:\/\/www.saint-brevin.com\/medias\/images\/prestataires\/multitailles\/320x240_affiche-dates-tournee-des-plages-heures-plan-de-travail-1-1-10465.png"},"160x120":{"url":"https:\/\/www.saint-brevin.com\/medias\/images\/prestataires\/multitailles\/160x120_affiche-dates-tournee-des-plages-heures-plan-de-travail-1-1-10465.png"},"origine":{"url":"https:\/\/www.saint-brevin.com\/medias\/images\/prestataires\/affiche-dates-tournee-des-plages-heures-plan-de-travail-1-1-10465.png"}},"urlLien":"","typeLien":"","nofollow":"N","copyright":""}]}},"Url":"","Localisation":{"GoogleMap":{"Latitude":"47.24750","Longitude":"-2.16780"}},"ZoneGeo":"","Criteres":{"LIEU[SAINTBREVINOCEAN":"","LIEU[SAINTBREVINLESPINS":"","COMMUNES[SAINTBREVIN":"","MAJINGENIE[DATEDERNIEREMAJ":"20250716","MISEAJOUR[AMANDINE":""},"DateFinPublication":"","AffichageCoordonnees":[]},"listeCriteres":{"LIEUMANIF":{"SAINTBREVIN":""},"CATEGORIEANIMATION":{"DEF":"","LOISIRS":""},"TYPE":{"VILLESTBREVIN":""},"MISEAJOURINGENIE":{"DATEDERNIEREMAJ":"20260417"},"MISEAJOURPAR":{"AMANDINE":""},"LIEU":{"SAINTBREVINOCEAN":"","SAINTBREVINLESPINS":""},"COMMUNES":{"SAINTBREVIN":""},"MAJINGENIE":{"DATEDERNIEREMAJ":"20250716"},"MISEAJOUR":{"AMANDINE":""}},"dansCarnetVoyage":true,"Ouverture":["\u003Cp class=\"date\" \u003EMardi 21 juillet 2026\u003C\/p\u003E"],"OuverturePasse":[],"OuvertureObjs":[{}],"OuvertureTab":[["20260721","20260721"]]},"html":" \n \u003Cdiv id=\"CV-PRESTATION-Y-A0013PDL044V5040K0-BEACHTOURPREVENTION\" data-contexte-id=\"PRESTATION|Y|A0013PDL044V5040K0|BEACHTOURPREVENTION\" data-cle=\"Y|A0013PDL044V5040K0|BEACHTOURPREVENTION\" class=\"fiche-liste\"\u003E\n    \n\n    \u003C!-- partie photo --\u003E\n    \u003Cdiv class=\"photo\"\u003E\t\t\t\t\t\t\t\t\t\t\t\t\t\t\t\t\t\t\t\t\t\n        \u003Cdiv class=\"cadre_photo_principale\"\u003E\t\t\n        \n            \t\t\t\t\t\n                    \u003Ca href=\"beach-tour-prevention.html?origine=carnet#media\"\u003E\n                        \u003Cimg class=\"photo_principale\" alt=\"radeau-de-survie-imagefull-18840\" src=\"https:\/\/www.saint-brevin.com\/medias\/images\/prestations\/multitailles\/320x240_radeau-de-survie-imagefull-18840.jpg\" itemprop=\"image\"\u003E\n                    \u003C\/a\u003E\t\t\t\t\t\t\n                \n                    \u003C\/div\u003E\t\t\t\t\t\t\t\t\t\t\t\t\t\t\t\t\t\t\t \t\t\n    \u003C\/div\u003E\n    \n    \u003C!-- partie nom prest --\u003E\n    \u003Cdiv class=\"nom\"\u003E\n        \u003Ch2\u003EBeach Tour Pr\u00e9vention\u003C\/h2\u003E\n        \n            \u003C\/div\u003E\n\n     \u003Cul style=\"display: none\" class=\"ouverture_list\"\u003E\u003Cli class=\"ouverture_item\"\u003E\u003Cp class=\"date\" \u003EMardi 21 juillet 2026\u003C\/p\u003E\u003C\/li\u003E\u003C\/ul\u003E    \n    \u003C!-- partie adresse --\u003E\n    \u003Cdiv class=\"adresse\"\u003E\n    \n          \n    \u003C\/div\u003E\n    \n    \u003C!-- partie liens --\u003E\n    \u003Cdiv class=\"liens\"\u003E\n            \u003Ca class=\"btn-icon btn-view \" title=\"Voir la fiche d\u00e9taill\u00e9e\" href=\"beach-tour-prevention.html?origine=carnet\"\u003E\u003C\/a\u003E\u003C!--\u003Ca class=\"btn-icon btn-view \" title=\"\" href=\"?origine=carnet#thaut\"\u003E\u003C\/a\u003E--\u003E\n      \u003Ca class=\"btn-icon btn-trash carnet_voyage_supprimer\" title=\"Supprimer cette fiche de mon carnet de voyage\" href=\"carnet-voyage?action=remove&fiche=Y|A0013PDL044V5040K0|BEACHTOURPREVENTION\"\u003E\u003C\/a\u003E\n    \u003C\/div\u003E\n\n\u003C\/div\u003E\n\n","icon":"https:\/\/static.ingenie.fr\/images\/carnetVoyageV3\/Y.png"},"fiche":"Y|A0013PDL044V5040K0|BEACHTOURPREVENTION","popup":"\u003Cdiv id=\"bloc_popup_ajout_fiche_carnet\"\u003E\n    \u003Cdiv class=\"info_popup_ajout_fiche_carnet\"\u003E\n        Vous venez d'ajouter cet \u00e9l\u00e9ment \u00e0 votre carnet de voyage :    \u003C\/div\u003E\n    \u003Cdiv class=\"prest_popup_ajout_fiche_carnet\"\u003E\n        Beach Tour Pr&eacute;vention    \u003C\/div\u003E\n    \u003Cdiv class=\"bloc_btn_ajout_fiche_carnet form_submit_div\"\u003E\n        \u003Cinput type=\"button\" value=\"Continuer ma s\u00e9lection\" title=\"Continuer ma s\u00e9lection\" name=\"btn_close\" class=\"btn_close_popup_carnet form_submit\" onclick=\"$.colorbox.close()\" \/\u003E\n        \u003Cinput type=\"button\" value=\"Voir mon carnet de voyage\" title=\"Voir mon carnet\" name=\"btn_panier\" class=\"btn_panier_popup_carnet form_submit\" onclick=\"if(typeof CarnetVoyage != 'undefined') {CarnetVoyage.voirCarnet();}\" \/\u003E\n    \u003C\/div\u003E\n    \u003Cdiv class=\"bloc_btn_ajout_fiche_carnet\"\u003E\n        \u003Cinput type=\"checkbox\" value=\"1\" name=\"desactiver_popup\" id=\"desactiver_popup\" \/\u003E\n        \u003Clabel for=\"desactiver_popup\"\u003ENe plus afficher ce message\u003C\/label\u003E\n    \u003C\/div\u003E\n\u003C\/div\u003E","success":1}