{"nbFiches":1,"dataPrest":{"infoPrest":{"pave1":{"libelle":"Adresse","contenu":"","fichiers":[]},"pave2":{"libelle":"Descriptif","contenu":"\u003Cp\u003E\u003Cstrong\u003EOuvre l&#39;oeil sur la plage ! Attention, on marche sur des &oelig;ufs !\u003C\/strong\u003E\u003Cbr \/\u003E\r\n\u003Cbr \/\u003E\r\n\u003Cem\u003EPartez sur les traces du gravelot &agrave; collier interrompu et d&eacute;couvrez son mode de vie avec un ornithologue passionn&eacute;. Dominique Tavenon (LPO44)\u003C\/em\u003E\u003Cbr \/\u003E\r\nBalade accompagn&eacute;e (1h30).\u003Cbr \/\u003E\r\n\u003Cbr \/\u003E\r\nNon accessible aux poussettes\u003Cbr \/\u003E\r\nA partir de 8 ans\u003Cbr \/\u003E\r\n\u003Cbr \/\u003E\r\nGratuit, sur r&eacute;servation.\u003C\/p\u003E\r\n","fichiers":[]},"pave3":{"libelle":"Info pratiques 1 (plus d'info Site Internet)","contenu":"","fichiers":[]},"pave4":{"libelle":"Info pratiques 2","contenu":"","fichiers":[]},"pave5":{"libelle":"Jours et heures des visites","contenu":"","fichiers":[]},"pave6":{"libelle":"","contenu":""},"pave7":{"libelle":"","contenu":""},"pave8":{"libelle":"","contenu":""},"pave9":{"libelle":"","contenu":""},"pave10":{"libelle":"","contenu":""},"pave11":{"libelle":"","contenu":""},"pave12":{"libelle":"","contenu":""},"pave13":{"libelle":"","contenu":""},"pave14":{"libelle":"","contenu":""},"pave15":{"libelle":"","contenu":""},"pave16":{"libelle":"","contenu":""},"pave17":{"libelle":"","contenu":""},"pave18":{"libelle":"","contenu":""},"pave19":{"libelle":"","contenu":""},"pave20":{"libelle":"","contenu":""},"pave21":{"libelle":"","contenu":""},"pave22":{"libelle":"","contenu":""},"pave23":{"libelle":"","contenu":""},"pave24":{"libelle":"","contenu":""},"pave25":{"libelle":"","contenu":""},"Libelle":"F\u00eate de la Nature : Ouvre l'oeil sur la plage !","Reference":"","Reftar":"","Type":"PRESTATION","TypePrestataire":"V","ContexteStat":"PRESTATION-V-A0013PDL044V5040K5-FETEDELANATUREGRAVELOT26","DateModificationIso":"2026-04-27T13:22:00+02:00","Adresse":{"LigneAdresse1":"Lieu communiqu\u00e9 \u00e0 la r\u00e9servation","LigneAdresse2":"","LigneAdresse3":"","CodePostal":"44250","Ville":"ST BREVIN LES PINS","Cedex":"","Etat":"","Pays":"FRA"},"Id":"v-a0013pdl044v5040k5-fetedelanaturegravelot26","Code":"V|A0013PDL044V5040K5|FETEDELANATUREGRAVELOT26","Cle":"V|A0013PDL044V5040K5|FETEDELANATUREGRAVELOT26","Url":"reservation\/fete-de-la-nature-ouvre-l-oeil-sur-la-plage.html","Localisation":{"GoogleMap":{"Latitude":"","Longitude":""}},"ZoneGeo":"","Criteres":{"VRESAVEL[OUI":"","VTYPERESA[AVECDATE":"","COMMUNES[SAINTBREVIN":"","SORTIESATHEMES[FETENATURE":"","ACCESSIBILITE[POUSETTENON":"","ACCESSIBILITE[NONACCCESSIBLEPMR":"","BOUTONCAISSESTATS[SORTIESATHEMEATELIERS":"","CATEGORIEWEB[VISITES":""},"ContactsParType":{"IWEB":{"3771":{"id_contact":"3771","type_contact":"IWEB","categorie_contact":"PRESTATION","societe_contact":"Office de Tourisme","fonction_contact":"","civilite_nom_prenom_contact":"","adresse1_contact":"10 rue de l'Eglise","adresse2_contact":"","adresse3_contact":"","cpostal_contact":"44250","ville_contact":"ST BREVIN LES PINS","teldom_contact":"02 40 27 24 32","telbur_contact":"","fax_contact":"","portable_contact":"","email_contact":"ot@tourisme-saint-brevin.fr","siteweb_contact":"https:\/\/fetedelanature.com\/","commentaire_contact":"","langue_contact":"","autre_moyen_com":[]}}},"ContactRemplaceCoordonnees":"3771","Prestataire":{"pave1":{"libelle":"Descriptif","contenu":""},"pave2":{"libelle":"Notes","contenu":"La Communaut&eacute; de Communes Sud Estuaire (CCSE) est cr&eacute;&eacute;e en 1997. Elle regroupe 6 communes : Corsept, Frossay, Paimboeuf, Saint-Brevin-les-Pins, Saint-P&egrave;re-en-Retz, Saint-Viaud. La communaut&eacute; de communes compte aujourd&rsquo;hui 29 039 habitants &agrave; l&#39;ann&eacute;e (chiffres INSEE 2014) et environ 60 000 habitants en p&eacute;riode estivale.\u003Cbr \/\u003E\r\nSon si&egrave;ge social se situe &agrave; Paimboeuf et est accessible &agrave; tous.\u003Cbr \/\u003E\r\nAccessibilit&eacute; PMR :&nbsp; 1 place de parking r&eacute;serv&eacute;e, entr&eacute;e PMR par l&#39;arri&egrave;re du b&acirc;timent \u003Cspan style=\"color: rgb(51, 51, 51); font-family: sans-serif, Arial, Verdana, &quot;Trebuchet MS&quot;; font-size: 13px; background-color: rgb(255, 255, 255);\"\u003Eavec portes manuelles larges &agrave; pousser (un peu lourdes),\u003C\/span\u003E&nbsp;cheminements des locaux adapt&eacute;s en rez-de-chauss&eacute;e seulement."},"pave3":{"libelle":"Descriptif","contenu":""},"pave4":{"libelle":"","contenu":""},"pave5":{"libelle":"","contenu":""},"pave6":{"libelle":"","contenu":""},"pave7":{"libelle":"","contenu":""},"pave8":{"libelle":"","contenu":""},"pave9":{"libelle":"","contenu":""},"pave10":{"libelle":"","contenu":""},"pave11":{"libelle":"","contenu":""},"pave12":{"libelle":"","contenu":""},"pave13":{"libelle":"","contenu":""},"pave14":{"libelle":"","contenu":""},"pave15":{"libelle":"","contenu":""},"pave16":{"libelle":"","contenu":""},"pave17":{"libelle":"","contenu":""},"pave18":{"libelle":"","contenu":""},"pave19":{"libelle":"","contenu":""},"pave20":{"libelle":"","contenu":""},"pave21":{"libelle":"","contenu":""},"pave22":{"libelle":"","contenu":""},"pave23":{"libelle":"","contenu":""},"pave24":{"libelle":"","contenu":""},"pave25":{"libelle":"","contenu":""},"Libelle":"Office de Tourisme","Nom":"Office de Tourisme","Prenom":"","NomPrenom":"Office de Tourisme ","CiviliteNomPrenom":"Office de Tourisme ","Cle":"V|A0013PDL044V5040K5","PrestataireParent":"","ContexteStat":"PRESTATAIRE-V-A0013PDL044V5040K5","DateModificationIso":"2026-01-17T14:31:00+01:00","Type":"PRESTATAIRE","TypePrestataire":"V","Adresse":{"LigneAdresse1":"10 rue de l'Eglise","LigneAdresse2":"","LigneAdresse3":"","CodePostal":"44250","Ville":"ST BREVIN LES PINS","Cedex":"","Etat":"","Pays":"FRA"},"Email":"ot@tourisme-saint-brevin.fr","Telephone":"02 40 27 24 32","TelephoneBureau":"","Portable":"","SiteWeb":"https:\/\/fetedelanature.com\/","Fax":"","Id":"v-a0013pdl044v5040k5","Code":"V|A0013PDL044V5040K5","Fichier":{"Image":[{"url":"https:\/\/www.saint-brevin.com\/medias\/images\/prestataires\/766px-cc-sud-estuaire-svg-1552-6784.png","chemin":"..\/medias\/images\/prestataires\/766px-cc-sud-estuaire-svg-1552-6784.png","libelle":"766px-cc-sud-estuaire-svg-1552","extension":"png","categorie":"","largeur":766,"theme":"","hauteur":595,"type":"Image","origine":"","liaisonPave":"","langue":"","id":"6784","urlVignette":"https:\/\/www.saint-brevin.com\/medias\/images\/prestataires\/v-766px-cc-sud-estuaire-svg-1552-6784.png","alt":"766px-cc-sud-estuaire-svg-1552","title":"766px-cc-sud-estuaire-svg-1552","MultiTaille":{"1920x1440":{"url":"https:\/\/www.saint-brevin.com\/medias\/images\/prestataires\/multitailles\/1920x1440_766px-cc-sud-estuaire-svg-1552-6784.png"},"1200x900":{"url":"https:\/\/www.saint-brevin.com\/medias\/images\/prestataires\/multitailles\/1200x900_766px-cc-sud-estuaire-svg-1552-6784.png"},"800x600":{"url":"https:\/\/www.saint-brevin.com\/medias\/images\/prestataires\/multitailles\/800x600_766px-cc-sud-estuaire-svg-1552-6784.png"},"640x480":{"url":"https:\/\/www.saint-brevin.com\/medias\/images\/prestataires\/multitailles\/640x480_766px-cc-sud-estuaire-svg-1552-6784.png"},"320x240":{"url":"https:\/\/www.saint-brevin.com\/medias\/images\/prestataires\/multitailles\/320x240_766px-cc-sud-estuaire-svg-1552-6784.png"},"160x120":{"url":"https:\/\/www.saint-brevin.com\/medias\/images\/prestataires\/multitailles\/160x120_766px-cc-sud-estuaire-svg-1552-6784.png"},"origine":{"url":"https:\/\/www.saint-brevin.com\/medias\/images\/prestataires\/766px-cc-sud-estuaire-svg-1552-6784.png"}},"urlLien":"","typeLien":"|","nofollow":"N","copyright":""}],"ByCategorie":{"":[{"url":"https:\/\/www.saint-brevin.com\/medias\/images\/prestataires\/766px-cc-sud-estuaire-svg-1552-6784.png","chemin":"..\/medias\/images\/prestataires\/766px-cc-sud-estuaire-svg-1552-6784.png","libelle":"766px-cc-sud-estuaire-svg-1552","extension":"png","categorie":"","largeur":766,"theme":"","hauteur":595,"type":"Image","origine":"","liaisonPave":"","langue":"","id":"6784","urlVignette":"https:\/\/www.saint-brevin.com\/medias\/images\/prestataires\/v-766px-cc-sud-estuaire-svg-1552-6784.png","alt":"766px-cc-sud-estuaire-svg-1552","title":"766px-cc-sud-estuaire-svg-1552","MultiTaille":{"1920x1440":{"url":"https:\/\/www.saint-brevin.com\/medias\/images\/prestataires\/multitailles\/1920x1440_766px-cc-sud-estuaire-svg-1552-6784.png"},"1200x900":{"url":"https:\/\/www.saint-brevin.com\/medias\/images\/prestataires\/multitailles\/1200x900_766px-cc-sud-estuaire-svg-1552-6784.png"},"800x600":{"url":"https:\/\/www.saint-brevin.com\/medias\/images\/prestataires\/multitailles\/800x600_766px-cc-sud-estuaire-svg-1552-6784.png"},"640x480":{"url":"https:\/\/www.saint-brevin.com\/medias\/images\/prestataires\/multitailles\/640x480_766px-cc-sud-estuaire-svg-1552-6784.png"},"320x240":{"url":"https:\/\/www.saint-brevin.com\/medias\/images\/prestataires\/multitailles\/320x240_766px-cc-sud-estuaire-svg-1552-6784.png"},"160x120":{"url":"https:\/\/www.saint-brevin.com\/medias\/images\/prestataires\/multitailles\/160x120_766px-cc-sud-estuaire-svg-1552-6784.png"},"origine":{"url":"https:\/\/www.saint-brevin.com\/medias\/images\/prestataires\/766px-cc-sud-estuaire-svg-1552-6784.png"}},"urlLien":"","typeLien":"|","nofollow":"N","copyright":""}]}},"Url":"communaute-de-communes-du-sud-estuaire-1.html","Localisation":{"GoogleMap":{"Latitude":"47.28695","Longitude":"-2.02562"}},"ZoneGeo":"","Criteres":{"RESA[OUI":""},"DateFinPublication":""},"Fichier":{"Image":[{"url":"https:\/\/www.saint-brevin.com\/medias\/images\/prestations\/gravelot-0-26641-30809.jpg","chemin":"..\/medias\/images\/prestations\/gravelot-0-26641-30809.jpg","libelle":"gravelot-0-26641","extension":"jpg","categorie":"","largeur":1280,"theme":"","hauteur":720,"type":"Image","origine":"","liaisonPave":"","langue":"","id":"30809","urlVignette":"https:\/\/www.saint-brevin.com\/medias\/images\/prestations\/v-gravelot-0-26641-30809.jpg","alt":"gravelot-0-26641","title":"gravelot-0-26641","MultiTaille":{"1920x1440":{"url":"https:\/\/www.saint-brevin.com\/medias\/images\/prestations\/multitailles\/1920x1440_gravelot-0-26641-30809.jpg"},"1200x900":{"url":"https:\/\/www.saint-brevin.com\/medias\/images\/prestations\/multitailles\/1200x900_gravelot-0-26641-30809.jpg"},"800x600":{"url":"https:\/\/www.saint-brevin.com\/medias\/images\/prestations\/multitailles\/800x600_gravelot-0-26641-30809.jpg"},"640x480":{"url":"https:\/\/www.saint-brevin.com\/medias\/images\/prestations\/multitailles\/640x480_gravelot-0-26641-30809.jpg"},"320x240":{"url":"https:\/\/www.saint-brevin.com\/medias\/images\/prestations\/multitailles\/320x240_gravelot-0-26641-30809.jpg"},"160x120":{"url":"https:\/\/www.saint-brevin.com\/medias\/images\/prestations\/multitailles\/160x120_gravelot-0-26641-30809.jpg"},"origine":{"url":"https:\/\/www.saint-brevin.com\/medias\/images\/prestations\/gravelot-0-26641-30809.jpg"}},"urlLien":"","typeLien":"","nofollow":"N","copyright":""},{"url":"https:\/\/www.saint-brevin.com\/medias\/images\/prestations\/800x600-opengraph-30701-30773-30810.jpg","chemin":"..\/medias\/images\/prestations\/800x600-opengraph-30701-30773-30810.jpg","libelle":"800x600-opengraph-30701-30773","extension":"jpg","categorie":"","largeur":800,"theme":"","hauteur":420,"type":"Image","origine":"","liaisonPave":"","langue":"","id":"30810","urlVignette":"https:\/\/www.saint-brevin.com\/medias\/images\/prestations\/v-800x600-opengraph-30701-30773-30810.jpg","alt":"800x600-opengraph-30701-30773","title":"800x600-opengraph-30701-30773","MultiTaille":{"1920x1440":{"url":"https:\/\/www.saint-brevin.com\/medias\/images\/prestations\/multitailles\/1920x1440_800x600-opengraph-30701-30773-30810.jpg"},"1200x900":{"url":"https:\/\/www.saint-brevin.com\/medias\/images\/prestations\/multitailles\/1200x900_800x600-opengraph-30701-30773-30810.jpg"},"800x600":{"url":"https:\/\/www.saint-brevin.com\/medias\/images\/prestations\/multitailles\/800x600_800x600-opengraph-30701-30773-30810.jpg"},"640x480":{"url":"https:\/\/www.saint-brevin.com\/medias\/images\/prestations\/multitailles\/640x480_800x600-opengraph-30701-30773-30810.jpg"},"320x240":{"url":"https:\/\/www.saint-brevin.com\/medias\/images\/prestations\/multitailles\/320x240_800x600-opengraph-30701-30773-30810.jpg"},"160x120":{"url":"https:\/\/www.saint-brevin.com\/medias\/images\/prestations\/multitailles\/160x120_800x600-opengraph-30701-30773-30810.jpg"},"origine":{"url":"https:\/\/www.saint-brevin.com\/medias\/images\/prestations\/800x600-opengraph-30701-30773-30810.jpg"}},"urlLien":"","typeLien":"","nofollow":"N","copyright":""},{"url":"https:\/\/www.saint-brevin.com\/medias\/images\/prestations\/800x600-capture-d-cran-2026-04-02-153446-30702-30774-30811.jpg","chemin":"..\/medias\/images\/prestations\/800x600-capture-d-cran-2026-04-02-153446-30702-30774-30811.jpg","libelle":"800x600-capture-d-cran-2026-04-02-153446-30702-30774","extension":"jpg","categorie":"","largeur":403,"theme":"","hauteur":503,"type":"Image","origine":"","liaisonPave":"","langue":"","id":"30811","urlVignette":"https:\/\/www.saint-brevin.com\/medias\/images\/prestations\/v-800x600-capture-d-cran-2026-04-02-153446-30702-30774-30811.jpg","alt":"800x600-capture-d-cran-2026-04-02-153446-30702-30774","title":"800x600-capture-d-cran-2026-04-02-153446-30702-30774","MultiTaille":{"1920x1440":{"url":"https:\/\/www.saint-brevin.com\/medias\/images\/prestations\/multitailles\/1920x1440_800x600-capture-d-cran-2026-04-02-153446-30702-30774-30811.jpg"},"1200x900":{"url":"https:\/\/www.saint-brevin.com\/medias\/images\/prestations\/multitailles\/1200x900_800x600-capture-d-cran-2026-04-02-153446-30702-30774-30811.jpg"},"800x600":{"url":"https:\/\/www.saint-brevin.com\/medias\/images\/prestations\/multitailles\/800x600_800x600-capture-d-cran-2026-04-02-153446-30702-30774-30811.jpg"},"640x480":{"url":"https:\/\/www.saint-brevin.com\/medias\/images\/prestations\/multitailles\/640x480_800x600-capture-d-cran-2026-04-02-153446-30702-30774-30811.jpg"},"320x240":{"url":"https:\/\/www.saint-brevin.com\/medias\/images\/prestations\/multitailles\/320x240_800x600-capture-d-cran-2026-04-02-153446-30702-30774-30811.jpg"},"160x120":{"url":"https:\/\/www.saint-brevin.com\/medias\/images\/prestations\/multitailles\/160x120_800x600-capture-d-cran-2026-04-02-153446-30702-30774-30811.jpg"},"origine":{"url":"https:\/\/www.saint-brevin.com\/medias\/images\/prestations\/800x600-capture-d-cran-2026-04-02-153446-30702-30774-30811.jpg"}},"urlLien":"","typeLien":"","nofollow":"N","copyright":""}],"ByCategorie":{"":[{"url":"https:\/\/www.saint-brevin.com\/medias\/images\/prestations\/gravelot-0-26641-30809.jpg","chemin":"..\/medias\/images\/prestations\/gravelot-0-26641-30809.jpg","libelle":"gravelot-0-26641","extension":"jpg","categorie":"","largeur":1280,"theme":"","hauteur":720,"type":"Image","origine":"","liaisonPave":"","langue":"","id":"30809","urlVignette":"https:\/\/www.saint-brevin.com\/medias\/images\/prestations\/v-gravelot-0-26641-30809.jpg","alt":"gravelot-0-26641","title":"gravelot-0-26641","MultiTaille":{"1920x1440":{"url":"https:\/\/www.saint-brevin.com\/medias\/images\/prestations\/multitailles\/1920x1440_gravelot-0-26641-30809.jpg"},"1200x900":{"url":"https:\/\/www.saint-brevin.com\/medias\/images\/prestations\/multitailles\/1200x900_gravelot-0-26641-30809.jpg"},"800x600":{"url":"https:\/\/www.saint-brevin.com\/medias\/images\/prestations\/multitailles\/800x600_gravelot-0-26641-30809.jpg"},"640x480":{"url":"https:\/\/www.saint-brevin.com\/medias\/images\/prestations\/multitailles\/640x480_gravelot-0-26641-30809.jpg"},"320x240":{"url":"https:\/\/www.saint-brevin.com\/medias\/images\/prestations\/multitailles\/320x240_gravelot-0-26641-30809.jpg"},"160x120":{"url":"https:\/\/www.saint-brevin.com\/medias\/images\/prestations\/multitailles\/160x120_gravelot-0-26641-30809.jpg"},"origine":{"url":"https:\/\/www.saint-brevin.com\/medias\/images\/prestations\/gravelot-0-26641-30809.jpg"}},"urlLien":"","typeLien":"","nofollow":"N","copyright":""},{"url":"https:\/\/www.saint-brevin.com\/medias\/images\/prestations\/800x600-opengraph-30701-30773-30810.jpg","chemin":"..\/medias\/images\/prestations\/800x600-opengraph-30701-30773-30810.jpg","libelle":"800x600-opengraph-30701-30773","extension":"jpg","categorie":"","largeur":800,"theme":"","hauteur":420,"type":"Image","origine":"","liaisonPave":"","langue":"","id":"30810","urlVignette":"https:\/\/www.saint-brevin.com\/medias\/images\/prestations\/v-800x600-opengraph-30701-30773-30810.jpg","alt":"800x600-opengraph-30701-30773","title":"800x600-opengraph-30701-30773","MultiTaille":{"1920x1440":{"url":"https:\/\/www.saint-brevin.com\/medias\/images\/prestations\/multitailles\/1920x1440_800x600-opengraph-30701-30773-30810.jpg"},"1200x900":{"url":"https:\/\/www.saint-brevin.com\/medias\/images\/prestations\/multitailles\/1200x900_800x600-opengraph-30701-30773-30810.jpg"},"800x600":{"url":"https:\/\/www.saint-brevin.com\/medias\/images\/prestations\/multitailles\/800x600_800x600-opengraph-30701-30773-30810.jpg"},"640x480":{"url":"https:\/\/www.saint-brevin.com\/medias\/images\/prestations\/multitailles\/640x480_800x600-opengraph-30701-30773-30810.jpg"},"320x240":{"url":"https:\/\/www.saint-brevin.com\/medias\/images\/prestations\/multitailles\/320x240_800x600-opengraph-30701-30773-30810.jpg"},"160x120":{"url":"https:\/\/www.saint-brevin.com\/medias\/images\/prestations\/multitailles\/160x120_800x600-opengraph-30701-30773-30810.jpg"},"origine":{"url":"https:\/\/www.saint-brevin.com\/medias\/images\/prestations\/800x600-opengraph-30701-30773-30810.jpg"}},"urlLien":"","typeLien":"","nofollow":"N","copyright":""},{"url":"https:\/\/www.saint-brevin.com\/medias\/images\/prestations\/800x600-capture-d-cran-2026-04-02-153446-30702-30774-30811.jpg","chemin":"..\/medias\/images\/prestations\/800x600-capture-d-cran-2026-04-02-153446-30702-30774-30811.jpg","libelle":"800x600-capture-d-cran-2026-04-02-153446-30702-30774","extension":"jpg","categorie":"","largeur":403,"theme":"","hauteur":503,"type":"Image","origine":"","liaisonPave":"","langue":"","id":"30811","urlVignette":"https:\/\/www.saint-brevin.com\/medias\/images\/prestations\/v-800x600-capture-d-cran-2026-04-02-153446-30702-30774-30811.jpg","alt":"800x600-capture-d-cran-2026-04-02-153446-30702-30774","title":"800x600-capture-d-cran-2026-04-02-153446-30702-30774","MultiTaille":{"1920x1440":{"url":"https:\/\/www.saint-brevin.com\/medias\/images\/prestations\/multitailles\/1920x1440_800x600-capture-d-cran-2026-04-02-153446-30702-30774-30811.jpg"},"1200x900":{"url":"https:\/\/www.saint-brevin.com\/medias\/images\/prestations\/multitailles\/1200x900_800x600-capture-d-cran-2026-04-02-153446-30702-30774-30811.jpg"},"800x600":{"url":"https:\/\/www.saint-brevin.com\/medias\/images\/prestations\/multitailles\/800x600_800x600-capture-d-cran-2026-04-02-153446-30702-30774-30811.jpg"},"640x480":{"url":"https:\/\/www.saint-brevin.com\/medias\/images\/prestations\/multitailles\/640x480_800x600-capture-d-cran-2026-04-02-153446-30702-30774-30811.jpg"},"320x240":{"url":"https:\/\/www.saint-brevin.com\/medias\/images\/prestations\/multitailles\/320x240_800x600-capture-d-cran-2026-04-02-153446-30702-30774-30811.jpg"},"160x120":{"url":"https:\/\/www.saint-brevin.com\/medias\/images\/prestations\/multitailles\/160x120_800x600-capture-d-cran-2026-04-02-153446-30702-30774-30811.jpg"},"origine":{"url":"https:\/\/www.saint-brevin.com\/medias\/images\/prestations\/800x600-capture-d-cran-2026-04-02-153446-30702-30774-30811.jpg"}},"urlLien":"","typeLien":"","nofollow":"N","copyright":""}]}},"DateDebPublication":"","DateFinPublication":"20260520","PrixAPartirDe":"","PrixPour":"","FicheListeEnCours":"fiche_liste_visites_activites_reservation_prestation_BREVIN","ParametresModele":{"AfficherPhotos":1,"NbPhotosMax":6,"AfficherReserver":"1","AfficherContact":0,"AfficherSalle":1,"AfficherZoneGeo":0,"AfficherEnSavoirPlus":1,"AfficherUneSeuleOuverture":"1","AfficherContactCarte":0,"AfficherTarifsChaudAPartirDe":0,"AfficherTarifChaudSansRecherche":0,"AfficheArrondiPrixAPartirDe":"1","AfficherDispoAccordeon":"1","AfficherDispoResa":"1","AfficherOuverture":"1","BlocCritereInfo":{"critere1":{"libelle":""},"critere2":{"libelle":""},"critere3":{"libelle":""},"critere4":{"libelle":""},"critere5":{"libelle":""},"critere6":{"libelle":""},"critere7":{"libelle":"","liste_critere":["COMMUNES|V"]},"critere8":{"libelle":""},"critere9":{"libelle":""},"afficherpictoetpaslibelle":"1"},"BlocPaveInfo":{"texte1":{"pave":["2"],"longeurmax":"","afficherLibelle":"0","garderHtml":"0"},"texte3":{"longeurmax":"","afficherLibelle":"0","garderHtml":"0"}},"Criteres":"VTYPERESA[AVECDATE","PositionBloc":"GALLERIE|NOM|ACCROCHE_TARIF|OUVERTURES|CARNET_VOYAGE|LIEN_RESERVER_DETAIL","TypePrestataire":"V","typeWidgetDispos":"joursSemaineLigne","ComportementResa":false,"ComportementDispo":false},"AfficheArrondiPrixAPartirDe":"1","AffichageCoordonnees":[],"Coordonnees":{"Ville":"ST BREVIN LES PINS"},"ContexteId":"PRESTATION|V|A0013PDL044V5040K5|FETEDELANATUREGRAVELOT26","ContexteIdHtml":"PRESTATION-V-A0013PDL044V5040K5-FETEDELANATUREGRAVELOT26","cleContexte":"V|A0013PDL044V5040K5|FETEDELANATUREGRAVELOT26","Bloc":{"texte1":"Ouvre l&#39;oeil sur la plage ! Attention, on marche sur des &oelig;ufs !\r\n\r\nPartez sur les traces du gravelot &agrave; collier interrompu et d&eacute;couvrez son mode de vie avec un ornithologue passionn&eacute;. Dominique Tavenon (LPO44)\r\nBalade accompagn&eacute;e (1h30).\r\n\r\nNon accessible aux poussettes\r\nA partir de 8 ans\r\n\r\nGratuit, sur r&eacute;servation.\r\n","texte3":"","critere1":{"libelle":"","contenu":[]},"critere2":{"libelle":"","contenu":[]},"critere3":{"libelle":"","contenu":[]},"critere4":{"libelle":"","contenu":[]},"critere5":{"libelle":"","contenu":[]},"critere6":{"libelle":"","contenu":[]},"critere7":{"libelle":"","contenu":{"COMMUNES":{"libelle":"COMMUNE","contenu":{"1":"Saint-Brevin"},"codesValeurs":{"1":"COMMUNES|SAINTBREVIN|V"},"criteres_datas":{"valeurs":{"1":{"SAINTBREVIN":{"descriptif":""}}}}}}},"critere8":{"libelle":"","contenu":[]},"critere9":{"libelle":"","contenu":[]}},"libelleDuPrestataire":"","vuePrestataire":{"pave1":{"libelle":"Descriptif","contenu":""},"pave2":{"libelle":"Notes","contenu":"La Communaut&eacute; de Communes Sud Estuaire (CCSE) est cr&eacute;&eacute;e en 1997. Elle regroupe 6 communes : Corsept, Frossay, Paimboeuf, Saint-Brevin-les-Pins, Saint-P&egrave;re-en-Retz, Saint-Viaud. La communaut&eacute; de communes compte aujourd&rsquo;hui 29 039 habitants &agrave; l&#39;ann&eacute;e (chiffres INSEE 2014) et environ 60 000 habitants en p&eacute;riode estivale.\u003Cbr \/\u003E\r\nSon si&egrave;ge social se situe &agrave; Paimboeuf et est accessible &agrave; tous.\u003Cbr \/\u003E\r\nAccessibilit&eacute; PMR :&nbsp; 1 place de parking r&eacute;serv&eacute;e, entr&eacute;e PMR par l&#39;arri&egrave;re du b&acirc;timent \u003Cspan style=\"color: rgb(51, 51, 51); font-family: sans-serif, Arial, Verdana, &quot;Trebuchet MS&quot;; font-size: 13px; background-color: rgb(255, 255, 255);\"\u003Eavec portes manuelles larges &agrave; pousser (un peu lourdes),\u003C\/span\u003E&nbsp;cheminements des locaux adapt&eacute;s en rez-de-chauss&eacute;e seulement."},"pave3":{"libelle":"Descriptif","contenu":""},"pave4":{"libelle":"","contenu":""},"pave5":{"libelle":"","contenu":""},"pave6":{"libelle":"","contenu":""},"pave7":{"libelle":"","contenu":""},"pave8":{"libelle":"","contenu":""},"pave9":{"libelle":"","contenu":""},"pave10":{"libelle":"","contenu":""},"pave11":{"libelle":"","contenu":""},"pave12":{"libelle":"","contenu":""},"pave13":{"libelle":"","contenu":""},"pave14":{"libelle":"","contenu":""},"pave15":{"libelle":"","contenu":""},"pave16":{"libelle":"","contenu":""},"pave17":{"libelle":"","contenu":""},"pave18":{"libelle":"","contenu":""},"pave19":{"libelle":"","contenu":""},"pave20":{"libelle":"","contenu":""},"pave21":{"libelle":"","contenu":""},"pave22":{"libelle":"","contenu":""},"pave23":{"libelle":"","contenu":""},"pave24":{"libelle":"","contenu":""},"pave25":{"libelle":"","contenu":""},"Libelle":"Office de Tourisme","Nom":"Office de Tourisme","Prenom":"","NomPrenom":"Office de Tourisme ","CiviliteNomPrenom":"Office de Tourisme ","Cle":"V|A0013PDL044V5040K5","PrestataireParent":"","ContexteStat":"PRESTATAIRE-V-A0013PDL044V5040K5","DateModificationIso":"2026-01-17T14:31:00+01:00","Type":"PRESTATAIRE","TypePrestataire":"V","Adresse":{"LigneAdresse1":"10 rue de l'Eglise","LigneAdresse2":"","LigneAdresse3":"","CodePostal":"44250","Ville":"ST BREVIN LES PINS","Cedex":"","Etat":"","Pays":"FRA"},"Email":"ot@tourisme-saint-brevin.fr","Telephone":"02 40 27 24 32","TelephoneBureau":"","Portable":"","SiteWeb":"https:\/\/fetedelanature.com\/","Fax":"","Id":"v-a0013pdl044v5040k5","Code":"V|A0013PDL044V5040K5","Fichier":{"Image":[{"url":"https:\/\/www.saint-brevin.com\/medias\/images\/prestataires\/766px-cc-sud-estuaire-svg-1552-6784.png","chemin":"..\/medias\/images\/prestataires\/766px-cc-sud-estuaire-svg-1552-6784.png","libelle":"766px-cc-sud-estuaire-svg-1552","extension":"png","categorie":"","largeur":766,"theme":"","hauteur":595,"type":"Image","origine":"","liaisonPave":"","langue":"","id":"6784","urlVignette":"https:\/\/www.saint-brevin.com\/medias\/images\/prestataires\/v-766px-cc-sud-estuaire-svg-1552-6784.png","alt":"766px-cc-sud-estuaire-svg-1552","title":"766px-cc-sud-estuaire-svg-1552","MultiTaille":{"1920x1440":{"url":"https:\/\/www.saint-brevin.com\/medias\/images\/prestataires\/multitailles\/1920x1440_766px-cc-sud-estuaire-svg-1552-6784.png"},"1200x900":{"url":"https:\/\/www.saint-brevin.com\/medias\/images\/prestataires\/multitailles\/1200x900_766px-cc-sud-estuaire-svg-1552-6784.png"},"800x600":{"url":"https:\/\/www.saint-brevin.com\/medias\/images\/prestataires\/multitailles\/800x600_766px-cc-sud-estuaire-svg-1552-6784.png"},"640x480":{"url":"https:\/\/www.saint-brevin.com\/medias\/images\/prestataires\/multitailles\/640x480_766px-cc-sud-estuaire-svg-1552-6784.png"},"320x240":{"url":"https:\/\/www.saint-brevin.com\/medias\/images\/prestataires\/multitailles\/320x240_766px-cc-sud-estuaire-svg-1552-6784.png"},"160x120":{"url":"https:\/\/www.saint-brevin.com\/medias\/images\/prestataires\/multitailles\/160x120_766px-cc-sud-estuaire-svg-1552-6784.png"},"origine":{"url":"https:\/\/www.saint-brevin.com\/medias\/images\/prestataires\/766px-cc-sud-estuaire-svg-1552-6784.png"}},"urlLien":"","typeLien":"|","nofollow":"N","copyright":""}],"ByCategorie":{"":[{"url":"https:\/\/www.saint-brevin.com\/medias\/images\/prestataires\/766px-cc-sud-estuaire-svg-1552-6784.png","chemin":"..\/medias\/images\/prestataires\/766px-cc-sud-estuaire-svg-1552-6784.png","libelle":"766px-cc-sud-estuaire-svg-1552","extension":"png","categorie":"","largeur":766,"theme":"","hauteur":595,"type":"Image","origine":"","liaisonPave":"","langue":"","id":"6784","urlVignette":"https:\/\/www.saint-brevin.com\/medias\/images\/prestataires\/v-766px-cc-sud-estuaire-svg-1552-6784.png","alt":"766px-cc-sud-estuaire-svg-1552","title":"766px-cc-sud-estuaire-svg-1552","MultiTaille":{"1920x1440":{"url":"https:\/\/www.saint-brevin.com\/medias\/images\/prestataires\/multitailles\/1920x1440_766px-cc-sud-estuaire-svg-1552-6784.png"},"1200x900":{"url":"https:\/\/www.saint-brevin.com\/medias\/images\/prestataires\/multitailles\/1200x900_766px-cc-sud-estuaire-svg-1552-6784.png"},"800x600":{"url":"https:\/\/www.saint-brevin.com\/medias\/images\/prestataires\/multitailles\/800x600_766px-cc-sud-estuaire-svg-1552-6784.png"},"640x480":{"url":"https:\/\/www.saint-brevin.com\/medias\/images\/prestataires\/multitailles\/640x480_766px-cc-sud-estuaire-svg-1552-6784.png"},"320x240":{"url":"https:\/\/www.saint-brevin.com\/medias\/images\/prestataires\/multitailles\/320x240_766px-cc-sud-estuaire-svg-1552-6784.png"},"160x120":{"url":"https:\/\/www.saint-brevin.com\/medias\/images\/prestataires\/multitailles\/160x120_766px-cc-sud-estuaire-svg-1552-6784.png"},"origine":{"url":"https:\/\/www.saint-brevin.com\/medias\/images\/prestataires\/766px-cc-sud-estuaire-svg-1552-6784.png"}},"urlLien":"","typeLien":"|","nofollow":"N","copyright":""}]}},"Url":"communaute-de-communes-du-sud-estuaire-1.html","Localisation":{"GoogleMap":{"Latitude":"47.28695","Longitude":"-2.02562"}},"ZoneGeo":"","Criteres":{"RESA[OUI":""},"DateFinPublication":"","AffichageCoordonnees":[]},"listeCriteres":{"VRESAVEL":{"OUI":""},"VTYPERESA":{"AVECDATE":""},"COMMUNES":{"SAINTBREVIN":""},"SORTIESATHEMES":{"FETENATURE":""},"ACCESSIBILITE":{"POUSETTENON":"","NONACCCESSIBLEPMR":""},"BOUTONCAISSESTATS":{"SORTIESATHEMEATELIERS":""},"CATEGORIEWEB":{"VISITES":""},"RESA":{"OUI":""}},"dansCarnetVoyage":true,"Ouverture":["\u003Cp class=\"date\" \u003EMercredi 20 mai 2026\u003C\/p\u003E\u003Cp class=\"heure\" \u003Ede 09:00 \u00e0 10:30\u003C\/p\u003E"],"OuverturePasse":[],"OuvertureObjs":[{}],"OuvertureTab":[["20260520","20260520"]],"WidgetDispoRechercheDate":false,"WidgetDispoVoirLienVoirToutesDispos":false,"ChargerWidgetDispoAuClic":true,"WidgetDispo":"\u003Cspan\u003E\u003C\/span\u003E","JsOnClickBtnDispo":"\u003Cscript\u003E\n                try{\n                    WidgetDispos.addChargementAuClicBtnDispoAccordeon('PRESTATION-V-A0013PDL044V5040K5-FETEDELANATUREGRAVELOT26',{tabParamsWidgetDispo : {\"id\":\"V|A0013PDL044V5040K5|FETEDELANATUREGRAVELOT26\",\"origineListeInfo\":\"\",\"vue\":\"joursSemaineLigne\",\"mode\":\"ajax\",\"url_fiche\":\"reservation\\\/fete-de-la-nature-ouvre-l-oeil-sur-la-plage.html\",\"version\":\"2\",\"parametersWidgetV2\":{\"el\":\"blocDispo-PRESTATION-V-A0013PDL044V5040K5-FETEDELANATUREGRAVELOT26\",\"object\":{\"code\":\"V|A0013PDL044V5040K5|FETEDELANATUREGRAVELOT26\"},\"cid\":\"1\",\"site\":{\"code\":\"SITE2017\",\"url\":\"https:\\\/\\\/www.saint-brevin.com\"},\"slider\":{\"controls\":{\"arrows\":{\"enable\":true,\"showLocked\":true,\"style\":\"button\"}}},\"booking\":{\"enable\":true,\"waitForWindowLoad\":false,\"parameters\":{\"idWidget\":\"blocResa-PRESTATION-V-A0013PDL044V5040K5-FETEDELANATUREGRAVELOT26\",\"queryParams\":{\"action\":\"add\",\"fiche\":\"V|A0013PDL044V5040K5|FETEDELANATUREGRAVELOT26\"},\"withoutForm\":true}},\"options\":{\"typeDate\":\"SS\",\"elReferer\":\"PRESTATION-V-A0013PDL044V5040K5-FETEDELANATUREGRAVELOT26\",\"ingContext\":\"RESA\",\"urlFiche\":\"reservation\\\/fete-de-la-nature-ouvre-l-oeil-sur-la-plage.html\",\"startDate\":null,\"templates\":{\"Week\":\"semaineLigne\",\"Days\":\"semaineLigne\"}}}},idBloc : \"blocDispo-PRESTATION-V-A0013PDL044V5040K5-FETEDELANATUREGRAVELOT26\",prestation : \"V|A0013PDL044V5040K5|FETEDELANATUREGRAVELOT26\"});\n                }\n                catch(e) {\n                    \/\/console.log(e);\n                }\u003C\/script\u003E"},"html":" \n \u003Cdiv id=\"CV-PRESTATION-V-A0013PDL044V5040K5-FETEDELANATUREGRAVELOT26\" data-contexte-id=\"PRESTATION|V|A0013PDL044V5040K5|FETEDELANATUREGRAVELOT26\" data-cle=\"V|A0013PDL044V5040K5|FETEDELANATUREGRAVELOT26\" class=\"fiche-liste\"\u003E\n    \n\n    \u003C!-- partie photo --\u003E\n    \u003Cdiv class=\"photo\"\u003E\t\t\t\t\t\t\t\t\t\t\t\t\t\t\t\t\t\t\t\t\t\n        \u003Cdiv class=\"cadre_photo_principale\"\u003E\t\t\n        \n            \t\t\t\t\t\n                    \u003Ca href=\"reservation\/fete-de-la-nature-ouvre-l-oeil-sur-la-plage.html?origine=carnet#media\"\u003E\n                        \u003Cimg class=\"photo_principale\" alt=\"gravelot-0-26641\" src=\"https:\/\/www.saint-brevin.com\/medias\/images\/prestations\/multitailles\/320x240_gravelot-0-26641-30809.jpg\" itemprop=\"image\"\u003E\n                    \u003C\/a\u003E\t\t\t\t\t\t\n                \n                    \u003C\/div\u003E\t\t\t\t\t\t\t\t\t\t\t\t\t\t\t\t\t\t\t \t\t\n    \u003C\/div\u003E\n    \n    \u003C!-- partie nom prest --\u003E\n    \u003Cdiv class=\"nom\"\u003E\n        \u003Ch2\u003EF\u00eate de la Nature : Ouvre l'oeil sur la plage !\u003C\/h2\u003E\n        \n            \u003C\/div\u003E\n\n     \u003Cul style=\"display: none\" class=\"ouverture_list\"\u003E\u003Cli class=\"ouverture_item\"\u003E\u003Cp class=\"date\" \u003EMercredi 20 mai 2026\u003C\/p\u003E\u003Cp class=\"heure\" \u003Ede 09:00 \u00e0 10:30\u003C\/p\u003E\u003C\/li\u003E\u003C\/ul\u003E    \n    \u003C!-- partie adresse --\u003E\n    \u003Cdiv class=\"adresse\"\u003E\n    \n          \n    \u003C\/div\u003E\n    \n    \u003C!-- partie liens --\u003E\n    \u003Cdiv class=\"liens\"\u003E\n            \u003Ca class=\"btn-icon btn-view \" title=\"Voir la fiche d\u00e9taill\u00e9e\" href=\"reservation\/fete-de-la-nature-ouvre-l-oeil-sur-la-plage.html?origine=carnet\"\u003E\u003C\/a\u003E\u003C!--\u003Ca class=\"btn-icon btn-view \" title=\"\" href=\"?origine=carnet#thaut\"\u003E\u003C\/a\u003E--\u003E\n      \u003Ca class=\"btn-icon btn-trash carnet_voyage_supprimer\" title=\"Supprimer cette fiche de mon carnet de voyage\" href=\"carnet-voyage?action=remove&fiche=V|A0013PDL044V5040K5|FETEDELANATUREGRAVELOT26\"\u003E\u003C\/a\u003E\n    \u003C\/div\u003E\n\n\u003C\/div\u003E\n\n","icon":"https:\/\/static.ingenie.fr\/images\/carnetVoyageV3\/V.png"},"fiche":"V|A0013PDL044V5040K5|FETEDELANATUREGRAVELOT26","popup":"\u003Cdiv id=\"bloc_popup_ajout_fiche_carnet\"\u003E\n    \u003Cdiv class=\"info_popup_ajout_fiche_carnet\"\u003E\n        Vous venez d'ajouter cet \u00e9l\u00e9ment \u00e0 votre carnet de voyage :    \u003C\/div\u003E\n    \u003Cdiv class=\"prest_popup_ajout_fiche_carnet\"\u003E\n        F&ecirc;te de la Nature : Ouvre l&#039;oeil sur la plage !    \u003C\/div\u003E\n    \u003Cdiv class=\"bloc_btn_ajout_fiche_carnet form_submit_div\"\u003E\n        \u003Cinput type=\"button\" value=\"Continuer ma s\u00e9lection\" title=\"Continuer ma s\u00e9lection\" name=\"btn_close\" class=\"btn_close_popup_carnet form_submit\" onclick=\"$.colorbox.close()\" \/\u003E\n        \u003Cinput type=\"button\" value=\"Voir mon carnet de voyage\" title=\"Voir mon carnet\" name=\"btn_panier\" class=\"btn_panier_popup_carnet form_submit\" onclick=\"if(typeof CarnetVoyage != 'undefined') {CarnetVoyage.voirCarnet();}\" \/\u003E\n    \u003C\/div\u003E\n    \u003Cdiv class=\"bloc_btn_ajout_fiche_carnet\"\u003E\n        \u003Cinput type=\"checkbox\" value=\"1\" name=\"desactiver_popup\" id=\"desactiver_popup\" \/\u003E\n        \u003Clabel for=\"desactiver_popup\"\u003ENe plus afficher ce message\u003C\/label\u003E\n    \u003C\/div\u003E\n\u003C\/div\u003E","success":1}