{"nbFiches":1,"dataPrest":{"infoPrest":{"pave1":{"libelle":"Slogan","contenu":""},"pave2":{"libelle":"Descriptif","contenu":"Partez &agrave; la d&eacute;couverte du patrimoine de Saint-P&egrave;re-en-Retz gr&acirc;ce &agrave; ce circuit.&nbsp;\u003Cbr \/\u003E\r\n\u003Cbr \/\u003E\r\nRetrouvez &eacute;galement de mai &agrave; novembre un tr&egrave;s beau parcours photo r&eacute;alis&eacute; en collaboration avec l&#39;association Imagin&#39;Retz"},"pave3":{"libelle":"","contenu":""},"pave4":{"libelle":"","contenu":""},"pave5":{"libelle":"","contenu":""},"pave6":{"libelle":"","contenu":""},"pave7":{"libelle":"","contenu":""},"pave8":{"libelle":"","contenu":""},"pave9":{"libelle":"","contenu":""},"pave10":{"libelle":"","contenu":""},"pave11":{"libelle":"","contenu":""},"pave12":{"libelle":"","contenu":""},"pave13":{"libelle":"","contenu":""},"pave14":{"libelle":"","contenu":""},"pave15":{"libelle":"","contenu":""},"pave16":{"libelle":"","contenu":""},"pave17":{"libelle":"","contenu":""},"pave18":{"libelle":"","contenu":""},"pave19":{"libelle":"","contenu":""},"pave20":{"libelle":"","contenu":""},"pave21":{"libelle":"","contenu":""},"pave22":{"libelle":"","contenu":""},"pave23":{"libelle":"","contenu":""},"pave24":{"libelle":"","contenu":""},"pave25":{"libelle":"","contenu":""},"Libelle":"\u00c0 la d\u00e9couverte du patrimoine et du parcours photos de Saint-P\u00e8re-en-Retz","Nom":"\u00c0 la d\u00e9couverte du patrimoine et du parcours photos de Saint-P\u00e8re-en-Retz","Prenom":"","NomPrenom":"\u00c0 la d\u00e9couverte du patrimoine et du parcours photos de Saint-P\u00e8re-en-Retz ","CiviliteNomPrenom":"\u00c0 la d\u00e9couverte du patrimoine et du parcours photos de Saint-P\u00e8re-en-Retz ","Cle":"U|SAINTPEREALADECOUVERTEDUPATRIM","PrestataireParent":"","ContexteStat":"PRESTATAIRE-U-SAINTPEREALADECOUVERTEDUPATRIM","DateModificationIso":"2025-11-24T11:34:00+01:00","Type":"PRESTATAIRE","TypePrestataire":"U","Adresse":{"LigneAdresse1":"","LigneAdresse2":"","LigneAdresse3":"","CodePostal":"44320","Ville":"ST PERE EN RETZ","Cedex":"","Etat":"","Pays":"FRA"},"Email":"","Telephone":"","TelephoneBureau":"","Portable":"","SiteWeb":"","Fax":"","Id":"u-saintperealadecouvertedupatrim","Code":"U|SAINTPEREALADECOUVERTEDUPATRIM","Fichier":{"Document":[{"url":"https:\/\/www.saint-brevin.com\/medias\/images\/prestataires\/circuit-patrimoine-saint-p-re-en-retz-8136-10901.pdf","chemin":"..\/medias\/images\/prestataires\/circuit-patrimoine-saint-p-re-en-retz-8136-10901.pdf","libelle":"circuit-patrimoine-saint-p-re-en-retz-8136","extension":"pdf","categorie":"","largeur":"","theme":"","hauteur":"","type":"Document","origine":"","liaisonPave":"","langue":"","id":"10901","poids":"14.03 Mo","alt":"circuit-patrimoine-saint-p-re-en-retz-8136","title":"circuit-patrimoine-saint-p-re-en-retz-8136"},{"url":"https:\/\/www.saint-brevin.com\/medias\/images\/prestataires\/d-pliant-saint-p-re-recto-verso-maj-19-04-23-8139-10904.pdf","chemin":"..\/medias\/images\/prestataires\/d-pliant-saint-p-re-recto-verso-maj-19-04-23-8139-10904.pdf","libelle":"d-pliant-saint-p-re-recto-verso-maj-19-04-23-8139","extension":"pdf","categorie":"","largeur":"","theme":"","hauteur":"","type":"Document","origine":"","liaisonPave":"","langue":"","id":"10904","poids":"10.09 Mo","alt":"d-pliant-saint-p-re-recto-verso-maj-19-04-23-8139","title":"d-pliant-saint-p-re-recto-verso-maj-19-04-23-8139"}],"ByCategorie":{"":[{"url":"https:\/\/www.saint-brevin.com\/medias\/images\/prestataires\/circuit-patrimoine-saint-p-re-en-retz-8136-10901.pdf","chemin":"..\/medias\/images\/prestataires\/circuit-patrimoine-saint-p-re-en-retz-8136-10901.pdf","libelle":"circuit-patrimoine-saint-p-re-en-retz-8136","extension":"pdf","categorie":"","largeur":"","theme":"","hauteur":"","type":"Document","origine":"","liaisonPave":"","langue":"","id":"10901","poids":"14.03 Mo","alt":"circuit-patrimoine-saint-p-re-en-retz-8136","title":"circuit-patrimoine-saint-p-re-en-retz-8136"},{"url":"https:\/\/www.saint-brevin.com\/medias\/images\/prestataires\/photo-du-lavoir-restaur-007-8140-10905.jpg","chemin":"..\/medias\/images\/prestataires\/photo-du-lavoir-restaur-007-8140-10905.jpg","libelle":"photo-du-lavoir-restaur-007-8140","extension":"jpg","categorie":"","largeur":2048,"theme":"","hauteur":1536,"type":"Image","origine":"","liaisonPave":"","langue":"","id":"10905","urlVignette":"https:\/\/www.saint-brevin.com\/medias\/images\/prestataires\/v-photo-du-lavoir-restaur-007-8140-10905.jpg","alt":"photo-du-lavoir-restaur-007-8140","title":"photo-du-lavoir-restaur-007-8140","MultiTaille":{"1920x1440":{"url":"https:\/\/www.saint-brevin.com\/medias\/images\/prestataires\/multitailles\/1920x1440_photo-du-lavoir-restaur-007-8140-10905.jpg"},"1200x900":{"url":"https:\/\/www.saint-brevin.com\/medias\/images\/prestataires\/multitailles\/1200x900_photo-du-lavoir-restaur-007-8140-10905.jpg"},"800x600":{"url":"https:\/\/www.saint-brevin.com\/medias\/images\/prestataires\/multitailles\/800x600_photo-du-lavoir-restaur-007-8140-10905.jpg"},"640x480":{"url":"https:\/\/www.saint-brevin.com\/medias\/images\/prestataires\/multitailles\/640x480_photo-du-lavoir-restaur-007-8140-10905.jpg"},"320x240":{"url":"https:\/\/www.saint-brevin.com\/medias\/images\/prestataires\/multitailles\/320x240_photo-du-lavoir-restaur-007-8140-10905.jpg"},"160x120":{"url":"https:\/\/www.saint-brevin.com\/medias\/images\/prestataires\/multitailles\/160x120_photo-du-lavoir-restaur-007-8140-10905.jpg"},"origine":{"url":"https:\/\/www.saint-brevin.com\/medias\/images\/prestataires\/photo-du-lavoir-restaur-007-8140-10905.jpg"}},"urlLien":"","typeLien":"","nofollow":"N","copyright":""},{"url":"https:\/\/www.saint-brevin.com\/medias\/images\/prestataires\/circuit-patrimoine-saint-p-re-en-retz-1-8138-10903.jpg","chemin":"..\/medias\/images\/prestataires\/circuit-patrimoine-saint-p-re-en-retz-1-8138-10903.jpg","libelle":"circuit-patrimoine-saint-p-re-en-retz-1-8138","extension":"jpg","categorie":"","largeur":3562,"theme":"","hauteur":2598,"type":"Image","origine":"","liaisonPave":"","langue":"","id":"10903","urlVignette":"https:\/\/www.saint-brevin.com\/medias\/images\/prestataires\/v-circuit-patrimoine-saint-p-re-en-retz-1-8138-10903.jpg","alt":"circuit-patrimoine-saint-p-re-en-retz-1-8138","title":"circuit-patrimoine-saint-p-re-en-retz-1-8138","MultiTaille":{"1920x1440":{"url":"https:\/\/www.saint-brevin.com\/medias\/images\/prestataires\/multitailles\/1920x1440_circuit-patrimoine-saint-p-re-en-retz-1-8138-10903.jpg"},"1200x900":{"url":"https:\/\/www.saint-brevin.com\/medias\/images\/prestataires\/multitailles\/1200x900_circuit-patrimoine-saint-p-re-en-retz-1-8138-10903.jpg"},"800x600":{"url":"https:\/\/www.saint-brevin.com\/medias\/images\/prestataires\/multitailles\/800x600_circuit-patrimoine-saint-p-re-en-retz-1-8138-10903.jpg"},"640x480":{"url":"https:\/\/www.saint-brevin.com\/medias\/images\/prestataires\/multitailles\/640x480_circuit-patrimoine-saint-p-re-en-retz-1-8138-10903.jpg"},"320x240":{"url":"https:\/\/www.saint-brevin.com\/medias\/images\/prestataires\/multitailles\/320x240_circuit-patrimoine-saint-p-re-en-retz-1-8138-10903.jpg"},"160x120":{"url":"https:\/\/www.saint-brevin.com\/medias\/images\/prestataires\/multitailles\/160x120_circuit-patrimoine-saint-p-re-en-retz-1-8138-10903.jpg"},"origine":{"url":"https:\/\/www.saint-brevin.com\/medias\/images\/prestataires\/circuit-patrimoine-saint-p-re-en-retz-1-8138-10903.jpg"}},"urlLien":"","typeLien":"","nofollow":"N","copyright":""},{"url":"https:\/\/www.saint-brevin.com\/medias\/images\/prestataires\/d-pliant-saint-p-re-recto-verso-maj-19-04-23-8139-10904.pdf","chemin":"..\/medias\/images\/prestataires\/d-pliant-saint-p-re-recto-verso-maj-19-04-23-8139-10904.pdf","libelle":"d-pliant-saint-p-re-recto-verso-maj-19-04-23-8139","extension":"pdf","categorie":"","largeur":"","theme":"","hauteur":"","type":"Document","origine":"","liaisonPave":"","langue":"","id":"10904","poids":"10.09 Mo","alt":"d-pliant-saint-p-re-recto-verso-maj-19-04-23-8139","title":"d-pliant-saint-p-re-recto-verso-maj-19-04-23-8139"},{"url":"https:\/\/www.saint-brevin.com\/medias\/images\/prestataires\/circuit-patrimoine-saint-p-re-en-retz-2-8137-10902.jpg","chemin":"..\/medias\/images\/prestataires\/circuit-patrimoine-saint-p-re-en-retz-2-8137-10902.jpg","libelle":"circuit-patrimoine-saint-p-re-en-retz-2-8137","extension":"jpg","categorie":"","largeur":3625,"theme":"","hauteur":2598,"type":"Image","origine":"","liaisonPave":"","langue":"","id":"10902","urlVignette":"https:\/\/www.saint-brevin.com\/medias\/images\/prestataires\/v-circuit-patrimoine-saint-p-re-en-retz-2-8137-10902.jpg","alt":"circuit-patrimoine-saint-p-re-en-retz-2-8137","title":"circuit-patrimoine-saint-p-re-en-retz-2-8137","MultiTaille":{"1920x1440":{"url":"https:\/\/www.saint-brevin.com\/medias\/images\/prestataires\/multitailles\/1920x1440_circuit-patrimoine-saint-p-re-en-retz-2-8137-10902.jpg"},"1200x900":{"url":"https:\/\/www.saint-brevin.com\/medias\/images\/prestataires\/multitailles\/1200x900_circuit-patrimoine-saint-p-re-en-retz-2-8137-10902.jpg"},"800x600":{"url":"https:\/\/www.saint-brevin.com\/medias\/images\/prestataires\/multitailles\/800x600_circuit-patrimoine-saint-p-re-en-retz-2-8137-10902.jpg"},"640x480":{"url":"https:\/\/www.saint-brevin.com\/medias\/images\/prestataires\/multitailles\/640x480_circuit-patrimoine-saint-p-re-en-retz-2-8137-10902.jpg"},"320x240":{"url":"https:\/\/www.saint-brevin.com\/medias\/images\/prestataires\/multitailles\/320x240_circuit-patrimoine-saint-p-re-en-retz-2-8137-10902.jpg"},"160x120":{"url":"https:\/\/www.saint-brevin.com\/medias\/images\/prestataires\/multitailles\/160x120_circuit-patrimoine-saint-p-re-en-retz-2-8137-10902.jpg"},"origine":{"url":"https:\/\/www.saint-brevin.com\/medias\/images\/prestataires\/circuit-patrimoine-saint-p-re-en-retz-2-8137-10902.jpg"}},"urlLien":"","typeLien":"","nofollow":"N","copyright":""},{"url":"https:\/\/www.saint-brevin.com\/medias\/images\/prestataires\/d-pliant-ext-rieur-saint-p-re-en-retz-8142-10907.jpg","chemin":"..\/medias\/images\/prestataires\/d-pliant-ext-rieur-saint-p-re-en-retz-8142-10907.jpg","libelle":"d-pliant-ext-rieur-saint-p-re-en-retz-8142","extension":"jpg","categorie":"","largeur":3508,"theme":"","hauteur":2480,"type":"Image","origine":"","liaisonPave":"","langue":"","id":"10907","urlVignette":"https:\/\/www.saint-brevin.com\/medias\/images\/prestataires\/v-d-pliant-ext-rieur-saint-p-re-en-retz-8142-10907.jpg","alt":"d-pliant-ext-rieur-saint-p-re-en-retz-8142","title":"d-pliant-ext-rieur-saint-p-re-en-retz-8142","MultiTaille":{"1920x1440":{"url":"https:\/\/www.saint-brevin.com\/medias\/images\/prestataires\/multitailles\/1920x1440_d-pliant-ext-rieur-saint-p-re-en-retz-8142-10907.jpg"},"1200x900":{"url":"https:\/\/www.saint-brevin.com\/medias\/images\/prestataires\/multitailles\/1200x900_d-pliant-ext-rieur-saint-p-re-en-retz-8142-10907.jpg"},"800x600":{"url":"https:\/\/www.saint-brevin.com\/medias\/images\/prestataires\/multitailles\/800x600_d-pliant-ext-rieur-saint-p-re-en-retz-8142-10907.jpg"},"640x480":{"url":"https:\/\/www.saint-brevin.com\/medias\/images\/prestataires\/multitailles\/640x480_d-pliant-ext-rieur-saint-p-re-en-retz-8142-10907.jpg"},"320x240":{"url":"https:\/\/www.saint-brevin.com\/medias\/images\/prestataires\/multitailles\/320x240_d-pliant-ext-rieur-saint-p-re-en-retz-8142-10907.jpg"},"160x120":{"url":"https:\/\/www.saint-brevin.com\/medias\/images\/prestataires\/multitailles\/160x120_d-pliant-ext-rieur-saint-p-re-en-retz-8142-10907.jpg"},"origine":{"url":"https:\/\/www.saint-brevin.com\/medias\/images\/prestataires\/d-pliant-ext-rieur-saint-p-re-en-retz-8142-10907.jpg"}},"urlLien":"","typeLien":"","nofollow":"N","copyright":""},{"url":"https:\/\/www.saint-brevin.com\/medias\/images\/prestataires\/d-pliant-int-rieur-saint-p-re-en-retz-8141-10906.jpg","chemin":"..\/medias\/images\/prestataires\/d-pliant-int-rieur-saint-p-re-en-retz-8141-10906.jpg","libelle":"d-pliant-int-rieur-saint-p-re-en-retz-8141","extension":"jpg","categorie":"","largeur":3508,"theme":"","hauteur":2480,"type":"Image","origine":"","liaisonPave":"","langue":"","id":"10906","urlVignette":"https:\/\/www.saint-brevin.com\/medias\/images\/prestataires\/v-d-pliant-int-rieur-saint-p-re-en-retz-8141-10906.jpg","alt":"d-pliant-int-rieur-saint-p-re-en-retz-8141","title":"d-pliant-int-rieur-saint-p-re-en-retz-8141","MultiTaille":{"1920x1440":{"url":"https:\/\/www.saint-brevin.com\/medias\/images\/prestataires\/multitailles\/1920x1440_d-pliant-int-rieur-saint-p-re-en-retz-8141-10906.jpg"},"1200x900":{"url":"https:\/\/www.saint-brevin.com\/medias\/images\/prestataires\/multitailles\/1200x900_d-pliant-int-rieur-saint-p-re-en-retz-8141-10906.jpg"},"800x600":{"url":"https:\/\/www.saint-brevin.com\/medias\/images\/prestataires\/multitailles\/800x600_d-pliant-int-rieur-saint-p-re-en-retz-8141-10906.jpg"},"640x480":{"url":"https:\/\/www.saint-brevin.com\/medias\/images\/prestataires\/multitailles\/640x480_d-pliant-int-rieur-saint-p-re-en-retz-8141-10906.jpg"},"320x240":{"url":"https:\/\/www.saint-brevin.com\/medias\/images\/prestataires\/multitailles\/320x240_d-pliant-int-rieur-saint-p-re-en-retz-8141-10906.jpg"},"160x120":{"url":"https:\/\/www.saint-brevin.com\/medias\/images\/prestataires\/multitailles\/160x120_d-pliant-int-rieur-saint-p-re-en-retz-8141-10906.jpg"},"origine":{"url":"https:\/\/www.saint-brevin.com\/medias\/images\/prestataires\/d-pliant-int-rieur-saint-p-re-en-retz-8141-10906.jpg"}},"urlLien":"","typeLien":"","nofollow":"N","copyright":""}]},"Image":[{"url":"https:\/\/www.saint-brevin.com\/medias\/images\/prestataires\/photo-du-lavoir-restaur-007-8140-10905.jpg","chemin":"..\/medias\/images\/prestataires\/photo-du-lavoir-restaur-007-8140-10905.jpg","libelle":"photo-du-lavoir-restaur-007-8140","extension":"jpg","categorie":"","largeur":2048,"theme":"","hauteur":1536,"type":"Image","origine":"","liaisonPave":"","langue":"","id":"10905","urlVignette":"https:\/\/www.saint-brevin.com\/medias\/images\/prestataires\/v-photo-du-lavoir-restaur-007-8140-10905.jpg","alt":"photo-du-lavoir-restaur-007-8140","title":"photo-du-lavoir-restaur-007-8140","MultiTaille":{"1920x1440":{"url":"https:\/\/www.saint-brevin.com\/medias\/images\/prestataires\/multitailles\/1920x1440_photo-du-lavoir-restaur-007-8140-10905.jpg"},"1200x900":{"url":"https:\/\/www.saint-brevin.com\/medias\/images\/prestataires\/multitailles\/1200x900_photo-du-lavoir-restaur-007-8140-10905.jpg"},"800x600":{"url":"https:\/\/www.saint-brevin.com\/medias\/images\/prestataires\/multitailles\/800x600_photo-du-lavoir-restaur-007-8140-10905.jpg"},"640x480":{"url":"https:\/\/www.saint-brevin.com\/medias\/images\/prestataires\/multitailles\/640x480_photo-du-lavoir-restaur-007-8140-10905.jpg"},"320x240":{"url":"https:\/\/www.saint-brevin.com\/medias\/images\/prestataires\/multitailles\/320x240_photo-du-lavoir-restaur-007-8140-10905.jpg"},"160x120":{"url":"https:\/\/www.saint-brevin.com\/medias\/images\/prestataires\/multitailles\/160x120_photo-du-lavoir-restaur-007-8140-10905.jpg"},"origine":{"url":"https:\/\/www.saint-brevin.com\/medias\/images\/prestataires\/photo-du-lavoir-restaur-007-8140-10905.jpg"}},"urlLien":"","typeLien":"","nofollow":"N","copyright":""},{"url":"https:\/\/www.saint-brevin.com\/medias\/images\/prestataires\/circuit-patrimoine-saint-p-re-en-retz-1-8138-10903.jpg","chemin":"..\/medias\/images\/prestataires\/circuit-patrimoine-saint-p-re-en-retz-1-8138-10903.jpg","libelle":"circuit-patrimoine-saint-p-re-en-retz-1-8138","extension":"jpg","categorie":"","largeur":3562,"theme":"","hauteur":2598,"type":"Image","origine":"","liaisonPave":"","langue":"","id":"10903","urlVignette":"https:\/\/www.saint-brevin.com\/medias\/images\/prestataires\/v-circuit-patrimoine-saint-p-re-en-retz-1-8138-10903.jpg","alt":"circuit-patrimoine-saint-p-re-en-retz-1-8138","title":"circuit-patrimoine-saint-p-re-en-retz-1-8138","MultiTaille":{"1920x1440":{"url":"https:\/\/www.saint-brevin.com\/medias\/images\/prestataires\/multitailles\/1920x1440_circuit-patrimoine-saint-p-re-en-retz-1-8138-10903.jpg"},"1200x900":{"url":"https:\/\/www.saint-brevin.com\/medias\/images\/prestataires\/multitailles\/1200x900_circuit-patrimoine-saint-p-re-en-retz-1-8138-10903.jpg"},"800x600":{"url":"https:\/\/www.saint-brevin.com\/medias\/images\/prestataires\/multitailles\/800x600_circuit-patrimoine-saint-p-re-en-retz-1-8138-10903.jpg"},"640x480":{"url":"https:\/\/www.saint-brevin.com\/medias\/images\/prestataires\/multitailles\/640x480_circuit-patrimoine-saint-p-re-en-retz-1-8138-10903.jpg"},"320x240":{"url":"https:\/\/www.saint-brevin.com\/medias\/images\/prestataires\/multitailles\/320x240_circuit-patrimoine-saint-p-re-en-retz-1-8138-10903.jpg"},"160x120":{"url":"https:\/\/www.saint-brevin.com\/medias\/images\/prestataires\/multitailles\/160x120_circuit-patrimoine-saint-p-re-en-retz-1-8138-10903.jpg"},"origine":{"url":"https:\/\/www.saint-brevin.com\/medias\/images\/prestataires\/circuit-patrimoine-saint-p-re-en-retz-1-8138-10903.jpg"}},"urlLien":"","typeLien":"","nofollow":"N","copyright":""},{"url":"https:\/\/www.saint-brevin.com\/medias\/images\/prestataires\/circuit-patrimoine-saint-p-re-en-retz-2-8137-10902.jpg","chemin":"..\/medias\/images\/prestataires\/circuit-patrimoine-saint-p-re-en-retz-2-8137-10902.jpg","libelle":"circuit-patrimoine-saint-p-re-en-retz-2-8137","extension":"jpg","categorie":"","largeur":3625,"theme":"","hauteur":2598,"type":"Image","origine":"","liaisonPave":"","langue":"","id":"10902","urlVignette":"https:\/\/www.saint-brevin.com\/medias\/images\/prestataires\/v-circuit-patrimoine-saint-p-re-en-retz-2-8137-10902.jpg","alt":"circuit-patrimoine-saint-p-re-en-retz-2-8137","title":"circuit-patrimoine-saint-p-re-en-retz-2-8137","MultiTaille":{"1920x1440":{"url":"https:\/\/www.saint-brevin.com\/medias\/images\/prestataires\/multitailles\/1920x1440_circuit-patrimoine-saint-p-re-en-retz-2-8137-10902.jpg"},"1200x900":{"url":"https:\/\/www.saint-brevin.com\/medias\/images\/prestataires\/multitailles\/1200x900_circuit-patrimoine-saint-p-re-en-retz-2-8137-10902.jpg"},"800x600":{"url":"https:\/\/www.saint-brevin.com\/medias\/images\/prestataires\/multitailles\/800x600_circuit-patrimoine-saint-p-re-en-retz-2-8137-10902.jpg"},"640x480":{"url":"https:\/\/www.saint-brevin.com\/medias\/images\/prestataires\/multitailles\/640x480_circuit-patrimoine-saint-p-re-en-retz-2-8137-10902.jpg"},"320x240":{"url":"https:\/\/www.saint-brevin.com\/medias\/images\/prestataires\/multitailles\/320x240_circuit-patrimoine-saint-p-re-en-retz-2-8137-10902.jpg"},"160x120":{"url":"https:\/\/www.saint-brevin.com\/medias\/images\/prestataires\/multitailles\/160x120_circuit-patrimoine-saint-p-re-en-retz-2-8137-10902.jpg"},"origine":{"url":"https:\/\/www.saint-brevin.com\/medias\/images\/prestataires\/circuit-patrimoine-saint-p-re-en-retz-2-8137-10902.jpg"}},"urlLien":"","typeLien":"","nofollow":"N","copyright":""},{"url":"https:\/\/www.saint-brevin.com\/medias\/images\/prestataires\/d-pliant-ext-rieur-saint-p-re-en-retz-8142-10907.jpg","chemin":"..\/medias\/images\/prestataires\/d-pliant-ext-rieur-saint-p-re-en-retz-8142-10907.jpg","libelle":"d-pliant-ext-rieur-saint-p-re-en-retz-8142","extension":"jpg","categorie":"","largeur":3508,"theme":"","hauteur":2480,"type":"Image","origine":"","liaisonPave":"","langue":"","id":"10907","urlVignette":"https:\/\/www.saint-brevin.com\/medias\/images\/prestataires\/v-d-pliant-ext-rieur-saint-p-re-en-retz-8142-10907.jpg","alt":"d-pliant-ext-rieur-saint-p-re-en-retz-8142","title":"d-pliant-ext-rieur-saint-p-re-en-retz-8142","MultiTaille":{"1920x1440":{"url":"https:\/\/www.saint-brevin.com\/medias\/images\/prestataires\/multitailles\/1920x1440_d-pliant-ext-rieur-saint-p-re-en-retz-8142-10907.jpg"},"1200x900":{"url":"https:\/\/www.saint-brevin.com\/medias\/images\/prestataires\/multitailles\/1200x900_d-pliant-ext-rieur-saint-p-re-en-retz-8142-10907.jpg"},"800x600":{"url":"https:\/\/www.saint-brevin.com\/medias\/images\/prestataires\/multitailles\/800x600_d-pliant-ext-rieur-saint-p-re-en-retz-8142-10907.jpg"},"640x480":{"url":"https:\/\/www.saint-brevin.com\/medias\/images\/prestataires\/multitailles\/640x480_d-pliant-ext-rieur-saint-p-re-en-retz-8142-10907.jpg"},"320x240":{"url":"https:\/\/www.saint-brevin.com\/medias\/images\/prestataires\/multitailles\/320x240_d-pliant-ext-rieur-saint-p-re-en-retz-8142-10907.jpg"},"160x120":{"url":"https:\/\/www.saint-brevin.com\/medias\/images\/prestataires\/multitailles\/160x120_d-pliant-ext-rieur-saint-p-re-en-retz-8142-10907.jpg"},"origine":{"url":"https:\/\/www.saint-brevin.com\/medias\/images\/prestataires\/d-pliant-ext-rieur-saint-p-re-en-retz-8142-10907.jpg"}},"urlLien":"","typeLien":"","nofollow":"N","copyright":""},{"url":"https:\/\/www.saint-brevin.com\/medias\/images\/prestataires\/d-pliant-int-rieur-saint-p-re-en-retz-8141-10906.jpg","chemin":"..\/medias\/images\/prestataires\/d-pliant-int-rieur-saint-p-re-en-retz-8141-10906.jpg","libelle":"d-pliant-int-rieur-saint-p-re-en-retz-8141","extension":"jpg","categorie":"","largeur":3508,"theme":"","hauteur":2480,"type":"Image","origine":"","liaisonPave":"","langue":"","id":"10906","urlVignette":"https:\/\/www.saint-brevin.com\/medias\/images\/prestataires\/v-d-pliant-int-rieur-saint-p-re-en-retz-8141-10906.jpg","alt":"d-pliant-int-rieur-saint-p-re-en-retz-8141","title":"d-pliant-int-rieur-saint-p-re-en-retz-8141","MultiTaille":{"1920x1440":{"url":"https:\/\/www.saint-brevin.com\/medias\/images\/prestataires\/multitailles\/1920x1440_d-pliant-int-rieur-saint-p-re-en-retz-8141-10906.jpg"},"1200x900":{"url":"https:\/\/www.saint-brevin.com\/medias\/images\/prestataires\/multitailles\/1200x900_d-pliant-int-rieur-saint-p-re-en-retz-8141-10906.jpg"},"800x600":{"url":"https:\/\/www.saint-brevin.com\/medias\/images\/prestataires\/multitailles\/800x600_d-pliant-int-rieur-saint-p-re-en-retz-8141-10906.jpg"},"640x480":{"url":"https:\/\/www.saint-brevin.com\/medias\/images\/prestataires\/multitailles\/640x480_d-pliant-int-rieur-saint-p-re-en-retz-8141-10906.jpg"},"320x240":{"url":"https:\/\/www.saint-brevin.com\/medias\/images\/prestataires\/multitailles\/320x240_d-pliant-int-rieur-saint-p-re-en-retz-8141-10906.jpg"},"160x120":{"url":"https:\/\/www.saint-brevin.com\/medias\/images\/prestataires\/multitailles\/160x120_d-pliant-int-rieur-saint-p-re-en-retz-8141-10906.jpg"},"origine":{"url":"https:\/\/www.saint-brevin.com\/medias\/images\/prestataires\/d-pliant-int-rieur-saint-p-re-en-retz-8141-10906.jpg"}},"urlLien":"","typeLien":"","nofollow":"N","copyright":""}]},"Url":"a-la-decouverte-du-patrimoine-et-du-parcours-photos-de-saint-pere-en-retz.html","Localisation":{"GoogleMap":{"Latitude":"47.20758","Longitude":"-2.04386"}},"ZoneGeo":"","Criteres":{"NIVPARTENAIRE[COMPLET":"","COMMUNES[SAINTPEREENRETZ":"","AUTOURL[STBREVINSE":"","UTYPC[CIRCUITOUEXPOSITIONPERMANENTE":"","MISEAJOUR[AMANDINE":"","AISGT[ADMAJ":""},"DateFinPublication":"","PrixAPartirDe":"","PrixPour":"","FicheListeEnCours":"fiche_liste_patrimoine_culturel_v2017","ParametresModele":{"AfficherPhotos":"1","NbPhotosMax":6,"AfficherReserver":0,"AfficherContact":0,"AfficherSalle":1,"AfficherZoneGeo":0,"AfficherEnSavoirPlus":"1","AfficherUneSeuleOuverture":0,"AfficherContactCarte":1,"AfficherTarifsChaudAPartirDe":0,"AfficherTarifChaudSansRecherche":0,"AfficherLiensCarnetVoyage":"1","AfficherOuverture":"0","BlocCritereInfo":{"critere1":{"libelle":""},"critere2":{"libelle":""},"critere3":{"libelle":"LIBELLE_GENERAL"},"critere4":{"libelle":""},"critere5":{"libelle":""},"critere6":{"libelle":""},"critere7":{"libelle":"","liste_critere":["COMMUNES|U"]},"critere8":{"libelle":""},"afficherpictoetpaslibelle":"1"},"Criteres":"NIVPARTENAIRE[COMPLET","PositionBloc":"GALLERIE|NOM|CARNET_VOYAGE|URL","TypePrestataire":"U","ComportementResa":false,"ComportementDispo":false},"AffichageCoordonnees":[],"Coordonnees":{"Ville":"ST PERE EN RETZ"},"ContexteId":"PRESTATAIRE|U|SAINTPEREALADECOUVERTEDUPATRIM","ContexteIdHtml":"PRESTATAIRE-U-SAINTPEREALADECOUVERTEDUPATRIM","cleContexte":"U|SAINTPEREALADECOUVERTEDUPATRIM","Bloc":{"texte1":"","texte3":"","critere1":{"libelle":"","contenu":[]},"critere2":{"libelle":"","contenu":[]},"critere3":{"libelle":"","contenu":[]},"critere4":{"libelle":"","contenu":[]},"critere5":{"libelle":"","contenu":[]},"critere6":{"libelle":"","contenu":[]},"critere7":{"libelle":"","contenu":{"COMMUNES":{"libelle":"COMMUNE","contenu":{"5":"Saint-P\u00e8re en Retz"},"codesValeurs":{"5":"COMMUNES|SAINTPEREENRETZ|U"},"criteres_datas":{"valeurs":{"5":{"SAINTPEREENRETZ":{"descriptif":""}}}}}}},"critere8":{"libelle":"","contenu":[]},"critere9":{"libelle":"","contenu":[]}},"LocalisationGps":{"Latitude":"47.20758","Longitude":"-2.04386"},"libelleDuPrestataire":"","listeCriteres":{"NIVPARTENAIRE":{"COMPLET":""},"COMMUNES":{"SAINTPEREENRETZ":""},"AUTOURL":{"STBREVINSE":""},"UTYPC":{"CIRCUITOUEXPOSITIONPERMANENTE":""},"MISEAJOUR":{"AMANDINE":""},"AISGT":{"ADMAJ":""}},"dansCarnetVoyage":true,"Ouverture":""},"html":" \n \u003Cdiv id=\"CV-PRESTATAIRE-U-SAINTPEREALADECOUVERTEDUPATRIM\" data-contexte-id=\"PRESTATAIRE|U|SAINTPEREALADECOUVERTEDUPATRIM\" data-cle=\"U|SAINTPEREALADECOUVERTEDUPATRIM\" class=\"fiche-liste\"\u003E\n    \n\n    \u003C!-- partie photo --\u003E\n    \u003Cdiv class=\"photo\"\u003E\t\t\t\t\t\t\t\t\t\t\t\t\t\t\t\t\t\t\t\t\t\n        \u003Cdiv class=\"cadre_photo_principale\"\u003E\t\t\n        \n            \t\t\t\t\t\n                    \u003Ca href=\"a-la-decouverte-du-patrimoine-et-du-parcours-photos-de-saint-pere-en-retz.html?origine=carnet#media\"\u003E\n                        \u003Cimg class=\"photo_principale\" alt=\"photo-du-lavoir-restaur-007-8140\" src=\"https:\/\/www.saint-brevin.com\/medias\/images\/prestataires\/multitailles\/320x240_photo-du-lavoir-restaur-007-8140-10905.jpg\" itemprop=\"image\"\u003E\n                    \u003C\/a\u003E\t\t\t\t\t\t\n                \n                    \u003C\/div\u003E\t\t\t\t\t\t\t\t\t\t\t\t\t\t\t\t\t\t\t \t\t\n    \u003C\/div\u003E\n    \n    \u003C!-- partie nom prest --\u003E\n    \u003Cdiv class=\"nom\"\u003E\n        \u003Ch2\u003E\u00c0 la d\u00e9couverte du patrimoine et du parcours photos de Saint-P\u00e8re-en-Retz\u003C\/h2\u003E\n        \n            \u003C\/div\u003E\n\n         \n    \u003C!-- partie adresse --\u003E\n    \u003Cdiv class=\"adresse\"\u003E\n    \n          \n    \u003C\/div\u003E\n    \n    \u003C!-- partie liens --\u003E\n    \u003Cdiv class=\"liens\"\u003E\n            \u003Ca class=\"btn-icon btn-view \" title=\"Voir la fiche d\u00e9taill\u00e9e\" href=\"a-la-decouverte-du-patrimoine-et-du-parcours-photos-de-saint-pere-en-retz.html?origine=carnet\"\u003E\u003C\/a\u003E\u003C!--\u003Ca class=\"btn-icon btn-view \" title=\"\" href=\"?origine=carnet#thaut\"\u003E\u003C\/a\u003E--\u003E\n      \u003Ca class=\"btn-icon btn-trash carnet_voyage_supprimer\" title=\"Supprimer cette fiche de mon carnet de voyage\" href=\"carnet-voyage?action=remove&fiche=U|SAINTPEREALADECOUVERTEDUPATRIM\"\u003E\u003C\/a\u003E\n    \u003C\/div\u003E\n\n\u003C\/div\u003E\n\n","icon":"https:\/\/static.ingenie.fr\/images\/carnetVoyageV3\/U.png"},"fiche":"U|SAINTPEREALADECOUVERTEDUPATRIM","popup":"\u003Cdiv id=\"bloc_popup_ajout_fiche_carnet\"\u003E\n    \u003Cdiv class=\"info_popup_ajout_fiche_carnet\"\u003E\n        Vous venez d'ajouter cet \u00e9l\u00e9ment \u00e0 votre carnet de voyage :    \u003C\/div\u003E\n    \u003Cdiv class=\"prest_popup_ajout_fiche_carnet\"\u003E\n        &Agrave; la d&eacute;couverte du patrimoine et du parcours photos de Saint-P&egrave;re-en-Retz    \u003C\/div\u003E\n    \u003Cdiv class=\"bloc_btn_ajout_fiche_carnet form_submit_div\"\u003E\n        \u003Cinput type=\"button\" value=\"Continuer ma s\u00e9lection\" title=\"Continuer ma s\u00e9lection\" name=\"btn_close\" class=\"btn_close_popup_carnet form_submit\" onclick=\"$.colorbox.close()\" \/\u003E\n        \u003Cinput type=\"button\" value=\"Voir mon carnet de voyage\" title=\"Voir mon carnet\" name=\"btn_panier\" class=\"btn_panier_popup_carnet form_submit\" onclick=\"if(typeof CarnetVoyage != 'undefined') {CarnetVoyage.voirCarnet();}\" \/\u003E\n    \u003C\/div\u003E\n    \u003Cdiv class=\"bloc_btn_ajout_fiche_carnet\"\u003E\n        \u003Cinput type=\"checkbox\" value=\"1\" name=\"desactiver_popup\" id=\"desactiver_popup\" \/\u003E\n        \u003Clabel for=\"desactiver_popup\"\u003ENe plus afficher ce message\u003C\/label\u003E\n    \u003C\/div\u003E\n\u003C\/div\u003E","success":1}