{"nbFiches":1,"dataPrest":{"infoPrest":{"pave1":{"libelle":"Slogan","contenu":"Class&eacute; Monument Historique en 1973 et situ&eacute; au nord de Saint-Brevin dans le quartier de Mindin, ce menhir est connu sous diverses d&eacute;nominations.\u003Cbr \/\u003E\r\nIl mesure actuellement 1,35 m et on le pense tr&egrave;s profond&eacute;ment enfonc&eacute; dans le marais.\u003Cbr \/\u003E\r\n\u003Cbr \/\u003E\r\n\u003Cstrong\u003E\u003Cspan style=\"color: rgb(0, 128, 128);\"\u003ERetrouvez l&#39;ensemble des m&eacute;galithes de Saint-Brevin&nbsp;\u003C\/span\u003E\u003Ca href=\"https:\/\/www.saint-brevin.com\/s?u=documentation\/T\/MEGSTBREVIN|FR||\" target=\"_blank\"\u003E\u003Cspan style=\"color: rgb(0, 128, 128);\"\u003EICI&gt;&gt;&gt;\u003C\/span\u003E\u003C\/a\u003E\u003C\/strong\u003E"},"pave2":{"libelle":"Descriptif","contenu":"On raconte que Gargantua voulut autrefois construire un pont sur la Loire : il apporta de grosses pierres et les laissa pr&egrave;s du rivage pour en chercher d&#39;autres. Mais, quand il revint, les pierres tenaient si bien en terre que jamais il ne put les arracher."},"pave3":{"libelle":"","contenu":""},"pave4":{"libelle":"","contenu":""},"pave5":{"libelle":"","contenu":""},"pave6":{"libelle":"","contenu":""},"pave7":{"libelle":"","contenu":""},"pave8":{"libelle":"","contenu":""},"pave9":{"libelle":"","contenu":""},"pave10":{"libelle":"","contenu":""},"pave11":{"libelle":"","contenu":""},"pave12":{"libelle":"","contenu":""},"pave13":{"libelle":"","contenu":""},"pave14":{"libelle":"","contenu":""},"pave15":{"libelle":"","contenu":""},"pave16":{"libelle":"","contenu":""},"pave17":{"libelle":"","contenu":""},"pave18":{"libelle":"","contenu":""},"pave19":{"libelle":"","contenu":""},"pave20":{"libelle":"","contenu":""},"pave21":{"libelle":"","contenu":""},"pave22":{"libelle":"","contenu":""},"pave23":{"libelle":"","contenu":""},"pave24":{"libelle":"","contenu":""},"pave25":{"libelle":"","contenu":""},"Libelle":"Menhir La Pierre de Gargantua","Nom":"Menhir La Pierre de Gargantua","Prenom":"","NomPrenom":"Menhir La Pierre de Gargantua ","CiviliteNomPrenom":"Menhir La Pierre de Gargantua ","Cle":"U|PIERREDEGARGANTUASTBREVIN","PrestataireParent":"","ContexteStat":"PRESTATAIRE-U-PIERREDEGARGANTUASTBREVIN","DateModificationIso":"2025-11-21T11:41:00+01:00","Type":"PRESTATAIRE","TypePrestataire":"U","Adresse":{"LigneAdresse1":"Impasse des Roseaux","LigneAdresse2":"","LigneAdresse3":"","CodePostal":"44250","Ville":"ST BREVIN LES PINS","Cedex":"","Etat":"","Pays":"FRA"},"Email":"","Telephone":"02 40 64 44 44","TelephoneBureau":"","Portable":"","SiteWeb":"","Fax":"","Id":"u-pierredegargantuastbrevin","Code":"U|PIERREDEGARGANTUASTBREVIN","Fichier":{"Image":[{"url":"https:\/\/www.saint-brevin.com\/medias\/images\/prestataires\/pierre-de-gargantua-2529.jpg","chemin":"..\/medias\/images\/prestataires\/pierre-de-gargantua-2529.jpg","libelle":"pierre-de-gargantua-2529","extension":"jpg","categorie":"","largeur":3456,"theme":"","hauteur":2304,"type":"Image","origine":"","liaisonPave":"","langue":"","id":"2529","urlVignette":"https:\/\/www.saint-brevin.com\/medias\/images\/prestataires\/v-pierre-de-gargantua-2529.jpg","alt":"pierre-de-gargantua-2529","title":"pierre-de-gargantua-2529","MultiTaille":{"1920x1440":{"url":"https:\/\/www.saint-brevin.com\/medias\/images\/prestataires\/multitailles\/1920x1440_pierre-de-gargantua-2529.jpg"},"1200x900":{"url":"https:\/\/www.saint-brevin.com\/medias\/images\/prestataires\/multitailles\/1200x900_pierre-de-gargantua-2529.jpg"},"800x600":{"url":"https:\/\/www.saint-brevin.com\/medias\/images\/prestataires\/multitailles\/800x600_pierre-de-gargantua-2529.jpg"},"640x480":{"url":"https:\/\/www.saint-brevin.com\/medias\/images\/prestataires\/multitailles\/640x480_pierre-de-gargantua-2529.jpg"},"320x240":{"url":"https:\/\/www.saint-brevin.com\/medias\/images\/prestataires\/multitailles\/320x240_pierre-de-gargantua-2529.jpg"},"160x120":{"url":"https:\/\/www.saint-brevin.com\/medias\/images\/prestataires\/multitailles\/160x120_pierre-de-gargantua-2529.jpg"},"origine":{"url":"https:\/\/www.saint-brevin.com\/medias\/images\/prestataires\/pierre-de-gargantua-2529.jpg"}},"urlLien":"","typeLien":"","nofollow":"N","copyright":""},{"url":"https:\/\/www.saint-brevin.com\/medias\/images\/prestataires\/pierre-de-gargantua-2022-7413.jpg","chemin":"..\/medias\/images\/prestataires\/pierre-de-gargantua-2022-7413.jpg","libelle":"pierre-de-gargantua-2022-7413","extension":"jpg","categorie":"","largeur":4032,"theme":"","hauteur":3024,"type":"Image","origine":"","liaisonPave":"","langue":"","id":"7413","urlVignette":"https:\/\/www.saint-brevin.com\/medias\/images\/prestataires\/v-pierre-de-gargantua-2022-7413.jpg","alt":"pierre-de-gargantua-2022-7413","title":"pierre-de-gargantua-2022-7413","MultiTaille":{"1920x1440":{"url":"https:\/\/www.saint-brevin.com\/medias\/images\/prestataires\/multitailles\/1920x1440_pierre-de-gargantua-2022-7413.jpg"},"1200x900":{"url":"https:\/\/www.saint-brevin.com\/medias\/images\/prestataires\/multitailles\/1200x900_pierre-de-gargantua-2022-7413.jpg"},"800x600":{"url":"https:\/\/www.saint-brevin.com\/medias\/images\/prestataires\/multitailles\/800x600_pierre-de-gargantua-2022-7413.jpg"},"640x480":{"url":"https:\/\/www.saint-brevin.com\/medias\/images\/prestataires\/multitailles\/640x480_pierre-de-gargantua-2022-7413.jpg"},"320x240":{"url":"https:\/\/www.saint-brevin.com\/medias\/images\/prestataires\/multitailles\/320x240_pierre-de-gargantua-2022-7413.jpg"},"160x120":{"url":"https:\/\/www.saint-brevin.com\/medias\/images\/prestataires\/multitailles\/160x120_pierre-de-gargantua-2022-7413.jpg"},"origine":{"url":"https:\/\/www.saint-brevin.com\/medias\/images\/prestataires\/pierre-de-gargantua-2022-7413.jpg"}},"urlLien":"","typeLien":"","nofollow":"N","copyright":""},{"url":"https:\/\/www.saint-brevin.com\/medias\/images\/prestataires\/pierre-de-gargantua-2022-1-7414.jpg","chemin":"..\/medias\/images\/prestataires\/pierre-de-gargantua-2022-1-7414.jpg","libelle":"pierre-de-gargantua-2022-1-7414","extension":"jpg","categorie":"","largeur":4032,"theme":"","hauteur":3024,"type":"Image","origine":"","liaisonPave":"","langue":"","id":"7414","urlVignette":"https:\/\/www.saint-brevin.com\/medias\/images\/prestataires\/v-pierre-de-gargantua-2022-1-7414.jpg","alt":"pierre-de-gargantua-2022-1-7414","title":"pierre-de-gargantua-2022-1-7414","MultiTaille":{"1920x1440":{"url":"https:\/\/www.saint-brevin.com\/medias\/images\/prestataires\/multitailles\/1920x1440_pierre-de-gargantua-2022-1-7414.jpg"},"1200x900":{"url":"https:\/\/www.saint-brevin.com\/medias\/images\/prestataires\/multitailles\/1200x900_pierre-de-gargantua-2022-1-7414.jpg"},"800x600":{"url":"https:\/\/www.saint-brevin.com\/medias\/images\/prestataires\/multitailles\/800x600_pierre-de-gargantua-2022-1-7414.jpg"},"640x480":{"url":"https:\/\/www.saint-brevin.com\/medias\/images\/prestataires\/multitailles\/640x480_pierre-de-gargantua-2022-1-7414.jpg"},"320x240":{"url":"https:\/\/www.saint-brevin.com\/medias\/images\/prestataires\/multitailles\/320x240_pierre-de-gargantua-2022-1-7414.jpg"},"160x120":{"url":"https:\/\/www.saint-brevin.com\/medias\/images\/prestataires\/multitailles\/160x120_pierre-de-gargantua-2022-1-7414.jpg"},"origine":{"url":"https:\/\/www.saint-brevin.com\/medias\/images\/prestataires\/pierre-de-gargantua-2022-1-7414.jpg"}},"urlLien":"","typeLien":"","nofollow":"N","copyright":""}],"ByCategorie":{"":[{"url":"https:\/\/www.saint-brevin.com\/medias\/images\/prestataires\/pierre-de-gargantua-2529.jpg","chemin":"..\/medias\/images\/prestataires\/pierre-de-gargantua-2529.jpg","libelle":"pierre-de-gargantua-2529","extension":"jpg","categorie":"","largeur":3456,"theme":"","hauteur":2304,"type":"Image","origine":"","liaisonPave":"","langue":"","id":"2529","urlVignette":"https:\/\/www.saint-brevin.com\/medias\/images\/prestataires\/v-pierre-de-gargantua-2529.jpg","alt":"pierre-de-gargantua-2529","title":"pierre-de-gargantua-2529","MultiTaille":{"1920x1440":{"url":"https:\/\/www.saint-brevin.com\/medias\/images\/prestataires\/multitailles\/1920x1440_pierre-de-gargantua-2529.jpg"},"1200x900":{"url":"https:\/\/www.saint-brevin.com\/medias\/images\/prestataires\/multitailles\/1200x900_pierre-de-gargantua-2529.jpg"},"800x600":{"url":"https:\/\/www.saint-brevin.com\/medias\/images\/prestataires\/multitailles\/800x600_pierre-de-gargantua-2529.jpg"},"640x480":{"url":"https:\/\/www.saint-brevin.com\/medias\/images\/prestataires\/multitailles\/640x480_pierre-de-gargantua-2529.jpg"},"320x240":{"url":"https:\/\/www.saint-brevin.com\/medias\/images\/prestataires\/multitailles\/320x240_pierre-de-gargantua-2529.jpg"},"160x120":{"url":"https:\/\/www.saint-brevin.com\/medias\/images\/prestataires\/multitailles\/160x120_pierre-de-gargantua-2529.jpg"},"origine":{"url":"https:\/\/www.saint-brevin.com\/medias\/images\/prestataires\/pierre-de-gargantua-2529.jpg"}},"urlLien":"","typeLien":"","nofollow":"N","copyright":""},{"url":"https:\/\/www.saint-brevin.com\/medias\/images\/prestataires\/fiche-patrimoine-m-galithes-st-brevin-6122.pdf","chemin":"..\/medias\/images\/prestataires\/fiche-patrimoine-m-galithes-st-brevin-6122.pdf","libelle":"fiche-patrimoine-m-galithes-st-brevin-6122","extension":"pdf","categorie":"","largeur":"","theme":"","hauteur":"","type":"Document","origine":"","liaisonPave":"","langue":"","id":"6122","poids":"922.15 Ko","alt":"fiche-patrimoine-m-galithes-st-brevin-6122","title":"fiche-patrimoine-m-galithes-st-brevin-6122"},{"url":"https:\/\/www.saint-brevin.com\/medias\/images\/prestataires\/pierre-de-gargantua-2022-7413.jpg","chemin":"..\/medias\/images\/prestataires\/pierre-de-gargantua-2022-7413.jpg","libelle":"pierre-de-gargantua-2022-7413","extension":"jpg","categorie":"","largeur":4032,"theme":"","hauteur":3024,"type":"Image","origine":"","liaisonPave":"","langue":"","id":"7413","urlVignette":"https:\/\/www.saint-brevin.com\/medias\/images\/prestataires\/v-pierre-de-gargantua-2022-7413.jpg","alt":"pierre-de-gargantua-2022-7413","title":"pierre-de-gargantua-2022-7413","MultiTaille":{"1920x1440":{"url":"https:\/\/www.saint-brevin.com\/medias\/images\/prestataires\/multitailles\/1920x1440_pierre-de-gargantua-2022-7413.jpg"},"1200x900":{"url":"https:\/\/www.saint-brevin.com\/medias\/images\/prestataires\/multitailles\/1200x900_pierre-de-gargantua-2022-7413.jpg"},"800x600":{"url":"https:\/\/www.saint-brevin.com\/medias\/images\/prestataires\/multitailles\/800x600_pierre-de-gargantua-2022-7413.jpg"},"640x480":{"url":"https:\/\/www.saint-brevin.com\/medias\/images\/prestataires\/multitailles\/640x480_pierre-de-gargantua-2022-7413.jpg"},"320x240":{"url":"https:\/\/www.saint-brevin.com\/medias\/images\/prestataires\/multitailles\/320x240_pierre-de-gargantua-2022-7413.jpg"},"160x120":{"url":"https:\/\/www.saint-brevin.com\/medias\/images\/prestataires\/multitailles\/160x120_pierre-de-gargantua-2022-7413.jpg"},"origine":{"url":"https:\/\/www.saint-brevin.com\/medias\/images\/prestataires\/pierre-de-gargantua-2022-7413.jpg"}},"urlLien":"","typeLien":"","nofollow":"N","copyright":""},{"url":"https:\/\/www.saint-brevin.com\/medias\/images\/prestataires\/pierre-de-gargantua-2022-1-7414.jpg","chemin":"..\/medias\/images\/prestataires\/pierre-de-gargantua-2022-1-7414.jpg","libelle":"pierre-de-gargantua-2022-1-7414","extension":"jpg","categorie":"","largeur":4032,"theme":"","hauteur":3024,"type":"Image","origine":"","liaisonPave":"","langue":"","id":"7414","urlVignette":"https:\/\/www.saint-brevin.com\/medias\/images\/prestataires\/v-pierre-de-gargantua-2022-1-7414.jpg","alt":"pierre-de-gargantua-2022-1-7414","title":"pierre-de-gargantua-2022-1-7414","MultiTaille":{"1920x1440":{"url":"https:\/\/www.saint-brevin.com\/medias\/images\/prestataires\/multitailles\/1920x1440_pierre-de-gargantua-2022-1-7414.jpg"},"1200x900":{"url":"https:\/\/www.saint-brevin.com\/medias\/images\/prestataires\/multitailles\/1200x900_pierre-de-gargantua-2022-1-7414.jpg"},"800x600":{"url":"https:\/\/www.saint-brevin.com\/medias\/images\/prestataires\/multitailles\/800x600_pierre-de-gargantua-2022-1-7414.jpg"},"640x480":{"url":"https:\/\/www.saint-brevin.com\/medias\/images\/prestataires\/multitailles\/640x480_pierre-de-gargantua-2022-1-7414.jpg"},"320x240":{"url":"https:\/\/www.saint-brevin.com\/medias\/images\/prestataires\/multitailles\/320x240_pierre-de-gargantua-2022-1-7414.jpg"},"160x120":{"url":"https:\/\/www.saint-brevin.com\/medias\/images\/prestataires\/multitailles\/160x120_pierre-de-gargantua-2022-1-7414.jpg"},"origine":{"url":"https:\/\/www.saint-brevin.com\/medias\/images\/prestataires\/pierre-de-gargantua-2022-1-7414.jpg"}},"urlLien":"","typeLien":"","nofollow":"N","copyright":""}]},"Document":[{"url":"https:\/\/www.saint-brevin.com\/medias\/images\/prestataires\/fiche-patrimoine-m-galithes-st-brevin-6122.pdf","chemin":"..\/medias\/images\/prestataires\/fiche-patrimoine-m-galithes-st-brevin-6122.pdf","libelle":"fiche-patrimoine-m-galithes-st-brevin-6122","extension":"pdf","categorie":"","largeur":"","theme":"","hauteur":"","type":"Document","origine":"","liaisonPave":"","langue":"","id":"6122","poids":"922.15 Ko","alt":"fiche-patrimoine-m-galithes-st-brevin-6122","title":"fiche-patrimoine-m-galithes-st-brevin-6122"}]},"Url":"menhir-la-pierre-de-gargantua.html","Localisation":{"GoogleMap":{"Latitude":"47.26298","Longitude":"-2.16246"}},"ZoneGeo":"","Criteres":{"COMMUNES[SAINTBREVIN":"","AUTOURL[STBREVINSE":"","NIVPARTENAIRE[COMPLET":"","QUARTIER[MINDIN":"","DISTANCEDELAGARE[KMGARESAINTBAZAIRE":"11","DISTANCEDELAGARE[KMGAREPORNIC":"19","DISTANCEDUBUS[MARRETBREVIBUS":"300","DISTANCEDUBUS[MPOLEBRESSE":"1700","DISTANCEDUBUS[MPOLEBRESSE16":"1700","DISTANCEDUBUS[MPOLEBRESSE17":"1700","DISTANCEDUBUS[MARRETPLACEBOUGAINVILLE":"800","DISTANCEDUCENTRE[KMCENTREBREVINPIN":"2","DISTANCEMER[500MA2KM":"","UTYPC[UMH":"","UPERSI[UPRHIS":"","UDMEG[UMEH":"","LVISI[UVISLI":"","LVISI[UVGL":"","ANIACC[ANOUI":"","MAJINGENIE[DATEDERNIEREMAJ":"20171006","MISEAJOUR[FABIENNE":""},"DateFinPublication":"","PrixAPartirDe":"","PrixPour":"","FicheListeEnCours":"fiche_liste_patrimoine_culturel_v2017","ParametresModele":{"AfficherPhotos":"1","NbPhotosMax":6,"AfficherReserver":0,"AfficherContact":0,"AfficherSalle":1,"AfficherZoneGeo":0,"AfficherEnSavoirPlus":"1","AfficherUneSeuleOuverture":0,"AfficherContactCarte":1,"AfficherTarifsChaudAPartirDe":0,"AfficherTarifChaudSansRecherche":0,"AfficherLiensCarnetVoyage":"1","AfficherOuverture":"0","BlocCritereInfo":{"critere1":{"libelle":""},"critere2":{"libelle":""},"critere3":{"libelle":"LIBELLE_GENERAL"},"critere4":{"libelle":""},"critere5":{"libelle":""},"critere6":{"libelle":""},"critere7":{"libelle":"","liste_critere":["COMMUNES|U"]},"critere8":{"libelle":""},"afficherpictoetpaslibelle":"1"},"Criteres":"NIVPARTENAIRE[COMPLET","PositionBloc":"GALLERIE|NOM|CARNET_VOYAGE|URL","TypePrestataire":"U","ComportementResa":false,"ComportementDispo":false},"AffichageCoordonnees":[],"Coordonnees":{"Ville":"ST BREVIN LES PINS"},"ContexteId":"PRESTATAIRE|U|PIERREDEGARGANTUASTBREVIN","ContexteIdHtml":"PRESTATAIRE-U-PIERREDEGARGANTUASTBREVIN","cleContexte":"U|PIERREDEGARGANTUASTBREVIN","Bloc":{"texte1":"","texte3":"","critere1":{"libelle":"","contenu":[]},"critere2":{"libelle":"","contenu":[]},"critere3":{"libelle":"","contenu":[]},"critere4":{"libelle":"","contenu":[]},"critere5":{"libelle":"","contenu":[]},"critere6":{"libelle":"","contenu":[]},"critere7":{"libelle":"","contenu":{"COMMUNES":{"libelle":"COMMUNE","contenu":{"1":"Saint-Brevin"},"codesValeurs":{"1":"COMMUNES|SAINTBREVIN|U"},"criteres_datas":{"valeurs":{"1":{"SAINTBREVIN":{"descriptif":""}}}}}}},"critere8":{"libelle":"","contenu":[]},"critere9":{"libelle":"","contenu":[]}},"LocalisationGps":{"Latitude":"47.26298","Longitude":"-2.16246"},"libelleDuPrestataire":"","listeCriteres":{"COMMUNES":{"SAINTBREVIN":""},"AUTOURL":{"STBREVINSE":""},"NIVPARTENAIRE":{"COMPLET":""},"QUARTIER":{"MINDIN":""},"DISTANCEDELAGARE":{"KMGARESAINTBAZAIRE":"11","KMGAREPORNIC":"19"},"DISTANCEDUBUS":{"MARRETBREVIBUS":"300","MPOLEBRESSE":"1700","MPOLEBRESSE16":"1700","MPOLEBRESSE17":"1700","MARRETPLACEBOUGAINVILLE":"800"},"DISTANCEDUCENTRE":{"KMCENTREBREVINPIN":"2"},"DISTANCEMER":{"500MA2KM":""},"UTYPC":{"UMH":""},"UPERSI":{"UPRHIS":""},"UDMEG":{"UMEH":""},"LVISI":{"UVISLI":"","UVGL":""},"ANIACC":{"ANOUI":""},"MAJINGENIE":{"DATEDERNIEREMAJ":"20171006"},"MISEAJOUR":{"FABIENNE":""}},"dansCarnetVoyage":true,"Ouverture":""},"html":" \n \u003Cdiv id=\"CV-PRESTATAIRE-U-PIERREDEGARGANTUASTBREVIN\" data-contexte-id=\"PRESTATAIRE|U|PIERREDEGARGANTUASTBREVIN\" data-cle=\"U|PIERREDEGARGANTUASTBREVIN\" class=\"fiche-liste\"\u003E\n    \n\n    \u003C!-- partie photo --\u003E\n    \u003Cdiv class=\"photo\"\u003E\t\t\t\t\t\t\t\t\t\t\t\t\t\t\t\t\t\t\t\t\t\n        \u003Cdiv class=\"cadre_photo_principale\"\u003E\t\t\n        \n            \t\t\t\t\t\n                    \u003Ca href=\"menhir-la-pierre-de-gargantua.html?origine=carnet#media\"\u003E\n                        \u003Cimg class=\"photo_principale\" alt=\"pierre-de-gargantua-2529\" src=\"https:\/\/www.saint-brevin.com\/medias\/images\/prestataires\/multitailles\/320x240_pierre-de-gargantua-2529.jpg\" itemprop=\"image\"\u003E\n                    \u003C\/a\u003E\t\t\t\t\t\t\n                \n                    \u003C\/div\u003E\t\t\t\t\t\t\t\t\t\t\t\t\t\t\t\t\t\t\t \t\t\n    \u003C\/div\u003E\n    \n    \u003C!-- partie nom prest --\u003E\n    \u003Cdiv class=\"nom\"\u003E\n        \u003Ch2\u003EMenhir La Pierre de Gargantua\u003C\/h2\u003E\n        \n            \u003C\/div\u003E\n\n         \n    \u003C!-- partie adresse --\u003E\n    \u003Cdiv class=\"adresse\"\u003E\n    \n          \n    \u003C\/div\u003E\n    \n    \u003C!-- partie liens --\u003E\n    \u003Cdiv class=\"liens\"\u003E\n            \u003Ca class=\"btn-icon btn-view \" title=\"Voir la fiche d\u00e9taill\u00e9e\" href=\"menhir-la-pierre-de-gargantua.html?origine=carnet\"\u003E\u003C\/a\u003E\u003C!--\u003Ca class=\"btn-icon btn-view \" title=\"\" href=\"?origine=carnet#thaut\"\u003E\u003C\/a\u003E--\u003E\n      \u003Ca class=\"btn-icon btn-trash carnet_voyage_supprimer\" title=\"Supprimer cette fiche de mon carnet de voyage\" href=\"carnet-voyage?action=remove&fiche=U|PIERREDEGARGANTUASTBREVIN\"\u003E\u003C\/a\u003E\n    \u003C\/div\u003E\n\n\u003C\/div\u003E\n\n","icon":"https:\/\/static.ingenie.fr\/images\/carnetVoyageV3\/U.png"},"fiche":"U|PIERREDEGARGANTUASTBREVIN","popup":"\u003Cdiv id=\"bloc_popup_ajout_fiche_carnet\"\u003E\n    \u003Cdiv class=\"info_popup_ajout_fiche_carnet\"\u003E\n        Vous venez d'ajouter cet \u00e9l\u00e9ment \u00e0 votre carnet de voyage :    \u003C\/div\u003E\n    \u003Cdiv class=\"prest_popup_ajout_fiche_carnet\"\u003E\n        Menhir La Pierre de Gargantua    \u003C\/div\u003E\n    \u003Cdiv class=\"bloc_btn_ajout_fiche_carnet form_submit_div\"\u003E\n        \u003Cinput type=\"button\" value=\"Continuer ma s\u00e9lection\" title=\"Continuer ma s\u00e9lection\" name=\"btn_close\" class=\"btn_close_popup_carnet form_submit\" onclick=\"$.colorbox.close()\" \/\u003E\n        \u003Cinput type=\"button\" value=\"Voir mon carnet de voyage\" title=\"Voir mon carnet\" name=\"btn_panier\" class=\"btn_panier_popup_carnet form_submit\" onclick=\"if(typeof CarnetVoyage != 'undefined') {CarnetVoyage.voirCarnet();}\" \/\u003E\n    \u003C\/div\u003E\n    \u003Cdiv class=\"bloc_btn_ajout_fiche_carnet\"\u003E\n        \u003Cinput type=\"checkbox\" value=\"1\" name=\"desactiver_popup\" id=\"desactiver_popup\" \/\u003E\n        \u003Clabel for=\"desactiver_popup\"\u003ENe plus afficher ce message\u003C\/label\u003E\n    \u003C\/div\u003E\n\u003C\/div\u003E","success":1}