{"nbFiches":1,"dataPrest":{"infoPrest":{"pave1":{"libelle":"Slogan","contenu":""},"pave2":{"libelle":"Descriptif","contenu":"\u003Cspan background-color:=\"\" font-size:=\"\" style=\"color: rgb(51, 51, 51); font-family: sans-serif, Arial, Verdana, \" trebuchet=\"\"\u003EEglise de style n&eacute;o-byzantin, inscrite sur la liste des Monuments Historiques depuis 2006.\u003C\/span\u003E\u003Cbr \/\u003E\r\n\u003Cbr \/\u003E\r\nL&#39;&eacute;glise Saint-Louis fut construite entre 1876 et 1913 d&#39;apr&egrave;s les plans des fr&egrave;res et architectes nantais, Lucien et Ludovic Douillard, afin de remplacer l&#39;&eacute;glise paroissiale ab&icirc;m&eacute;e lors de la R&eacute;volution.\u003Cbr \/\u003E\r\n\u003Cbr \/\u003E\r\nLucien et Ludovic Douillard avaient dans un premier temps r&eacute;alis&eacute; les plans pour le concours de la construction du Sacr&eacute;-C&oelig;ur &agrave; Paris, arriv&eacute;s seulement 4&egrave;me, ils pensaient que leur projet ne verrait pas le jour.\u003Cbr \/\u003E\r\nFinalement, le projet sera revu et construit dans de moindres proportions &agrave; Paimb&oelig;uf.\u003Cbr \/\u003E\r\nL&#39;&eacute;glise est facilement reconnaissable gr&acirc;ce &agrave; sa coupole unique dans le Pays de Retz.\u003Cbr \/\u003E\r\n\u003Cbr \/\u003E\r\nOn ne peut que remarquer la beaut&eacute; du ch&oelig;ur peint (&agrave; partir de 1882) par Alexis Douillard repr&eacute;sentant la mort de Saint-Louis &agrave; Tunis, sous lequel tr&ocirc;ne un majestueux ma&icirc;tre-autel de 1776, constitu&eacute; de quatre marbres italiens diff&eacute;rents.\u003Cbr \/\u003E\r\nLe ma&icirc;tre-autel provenait au d&eacute;part de l&#39;abbaye de Buzay qui f&ucirc;t incendi&eacute;e durant la R&eacute;volution. Paimb&oelig;uf racheta l&#39;autel en 1792, il n&#39;a depuis plus boug&eacute; de l&agrave;.\u003Cbr \/\u003E\r\n\u003Cbr \/\u003E\r\nPour en savoir plus n&#39;h&eacute;sitez pas &agrave; consulter la fiche consacr&eacute;e &agrave; l&#39;&eacute;glise, r&eacute;alis&eacute;e lors de l&#39;inventaire de la commune par Fran&ccedil;oise Leli&egrave;vre, \u003Ca href=\"https:\/\/gertrude.paysdelaloire.fr\/dossier\/eglise-paroissiale-saint-louis-a-paimboeuf-place-de-l-eglise\/2ad6b360-6c05-4bc7-a009-60e23a1dac01\" target=\"_blank\"\u003Eici\u003C\/a\u003E.\u003Cbr \/\u003E\r\n\u003Cbr \/\u003E\r\n\u003Cbr \/\u003E\r\n\u003Cbr \/\u003E\r\n\u003Cu\u003E\u003Cstrong\u003EVisites :&nbsp;\u003C\/strong\u003E\u003C\/u\u003E\u003Cbr \/\u003E\r\nJuillet- Ao&ucirc;t : Accueil de 14h &agrave; 18h&nbsp; - visite individuelle ou de groupe (limit&eacute; &agrave; 20 personnes)\u003Cbr \/\u003E\r\n\u200bVisite de groupe toute l&#39;ann&eacute;e : sur demande uniquement, au 06 31 65 33 15\u003Cbr \/\u003E\r\n\u003Cbr \/\u003E\r\n\u003Cbr \/\u003E\r\n\u003Cstrong\u003EMesse : vendredi &agrave; 18h et dimanche &agrave; 9h30.\u003C\/strong\u003E"},"pave3":{"libelle":"","contenu":""},"pave4":{"libelle":"","contenu":""},"pave5":{"libelle":"","contenu":""},"pave6":{"libelle":"","contenu":""},"pave7":{"libelle":"","contenu":""},"pave8":{"libelle":"","contenu":""},"pave9":{"libelle":"","contenu":""},"pave10":{"libelle":"","contenu":""},"pave11":{"libelle":"","contenu":""},"pave12":{"libelle":"","contenu":""},"pave13":{"libelle":"","contenu":""},"pave14":{"libelle":"","contenu":""},"pave15":{"libelle":"","contenu":""},"pave16":{"libelle":"","contenu":""},"pave17":{"libelle":"","contenu":""},"pave18":{"libelle":"","contenu":""},"pave19":{"libelle":"","contenu":""},"pave20":{"libelle":"","contenu":""},"pave21":{"libelle":"","contenu":""},"pave22":{"libelle":"","contenu":""},"pave23":{"libelle":"","contenu":""},"pave24":{"libelle":"","contenu":""},"pave25":{"libelle":"","contenu":""},"ContactsParType":{"PERSRESS":{"246":{"id_contact":"246","type_contact":"PERSRESS","categorie_contact":"PRESTATAIRE","societe_contact":"","fonction_contact":"","civilite_nom_prenom_contact":"M HAREL Andr\u00e9 ","adresse1_contact":"","adresse2_contact":"","adresse3_contact":"","cpostal_contact":"44560","ville_contact":"PAIMBOEUF","teldom_contact":"","telbur_contact":"","fax_contact":"","portable_contact":"06 01 94 54 00","email_contact":"","siteweb_contact":"saintvitalsaintnicolas.wordpress.com\/","commentaire_contact":"","langue_contact":"FR","autre_moyen_com":[]}}},"Libelle":"Eglise Saint-Louis","Nom":"Eglise Saint-Louis","Prenom":"","NomPrenom":"Eglise Saint-Louis ","CiviliteNomPrenom":"Eglise Saint-Louis ","Cle":"U|PCUPDL044V504162","PrestataireParent":"","ContexteStat":"PRESTATAIRE-U-PCUPDL044V504162","DateModificationIso":"2025-11-21T11:41:00+01:00","Type":"PRESTATAIRE","TypePrestataire":"U","Adresse":{"LigneAdresse1":"23 rue de l'Eglise","LigneAdresse2":"","LigneAdresse3":"","CodePostal":"44560","Ville":"PAIMBOEUF","Cedex":"","Etat":"","Pays":"FRA"},"Email":"paroisse.stnicolas.estuaire@gmail.com","Telephone":"02 40 27 24 81","TelephoneBureau":"","Portable":"","SiteWeb":"https:\/\/saintvitalsaintnicolas.wordpress.com\/","Fax":"","Id":"u-pcupdl044v504162","Code":"U|PCUPDL044V504162","Fichier":{"Video":[{"url":"https:\/\/vimeo.com\/167532429","libelle":"\"Byzantine\" Balade en drone \u00e0 l'int\u00e9rieur de l'\u00e9glise Neo Byzantine.","categorie":"","largeur":"","theme":"","hauteur":"","type":"Video","origine":"VIMEO","liaisonPave":"","langue":"","id":"786","htmlVideo":"\u003Ciframe src=\"https:\/\/player.vimeo.com\/video\/167532429?color=ffffff\" width=\"\" height=\"\" style=\"border:0;\" allowfullscreen\u003E\u003C\/iframe\u003E","vignetteVideo":"\u003Cimg src=\"https:\/\/i.vimeocdn.com\/video\/571859881-8202d6061611f94c87ec335bb8489584af6ba1934573afbf07e77161104fb051-d_200x150?region=us\" \/\u003E"}],"ByCategorie":{"":[{"url":"https:\/\/vimeo.com\/167532429","libelle":"\"Byzantine\" Balade en drone \u00e0 l'int\u00e9rieur de l'\u00e9glise Neo Byzantine.","categorie":"","largeur":"","theme":"","hauteur":"","type":"Video","origine":"VIMEO","liaisonPave":"","langue":"","id":"786","htmlVideo":"\u003Ciframe src=\"https:\/\/player.vimeo.com\/video\/167532429?color=ffffff\" width=\"\" height=\"\" style=\"border:0;\" allowfullscreen\u003E\u003C\/iframe\u003E","vignetteVideo":"\u003Cimg src=\"https:\/\/i.vimeocdn.com\/video\/571859881-8202d6061611f94c87ec335bb8489584af6ba1934573afbf07e77161104fb051-d_200x150?region=us\" \/\u003E"},{"url":"https:\/\/www.saint-brevin.com\/medias\/images\/prestataires\/img-4411-662.jpg","chemin":"..\/medias\/images\/prestataires\/img-4411-662.jpg","libelle":"img-4411-662","extension":"jpg","categorie":"","largeur":5184,"theme":"","hauteur":3456,"type":"Image","origine":"","liaisonPave":"","langue":"","id":"662","urlVignette":"https:\/\/www.saint-brevin.com\/medias\/images\/prestataires\/v-img-4411-662.jpg","alt":"img-4411-662","title":"img-4411-662","MultiTaille":{"1920x1440":{"url":"https:\/\/www.saint-brevin.com\/medias\/images\/prestataires\/multitailles\/1920x1440_img-4411-662.jpg"},"1200x900":{"url":"https:\/\/www.saint-brevin.com\/medias\/images\/prestataires\/multitailles\/1200x900_img-4411-662.jpg"},"800x600":{"url":"https:\/\/www.saint-brevin.com\/medias\/images\/prestataires\/multitailles\/800x600_img-4411-662.jpg"},"640x480":{"url":"https:\/\/www.saint-brevin.com\/medias\/images\/prestataires\/multitailles\/640x480_img-4411-662.jpg"},"320x240":{"url":"https:\/\/www.saint-brevin.com\/medias\/images\/prestataires\/multitailles\/320x240_img-4411-662.jpg"},"160x120":{"url":"https:\/\/www.saint-brevin.com\/medias\/images\/prestataires\/multitailles\/160x120_img-4411-662.jpg"},"origine":{"url":"https:\/\/www.saint-brevin.com\/medias\/images\/prestataires\/img-4411-662.jpg"}},"urlLien":"","typeLien":"","nofollow":"N","copyright":""},{"url":"https:\/\/www.saint-brevin.com\/medias\/images\/prestataires\/eglise-saint-louis-8688.jpg","chemin":"..\/medias\/images\/prestataires\/eglise-saint-louis-8688.jpg","libelle":"eglise-saint-louis-8688","extension":"jpg","categorie":"","largeur":1280,"theme":"","hauteur":960,"type":"Image","origine":"","liaisonPave":"","langue":"","id":"8688","urlVignette":"https:\/\/www.saint-brevin.com\/medias\/images\/prestataires\/v-eglise-saint-louis-8688.jpg","alt":"eglise-saint-louis-8688","title":"eglise-saint-louis-8688","MultiTaille":{"1920x1440":{"url":"https:\/\/www.saint-brevin.com\/medias\/images\/prestataires\/multitailles\/1920x1440_eglise-saint-louis-8688.jpg"},"1200x900":{"url":"https:\/\/www.saint-brevin.com\/medias\/images\/prestataires\/multitailles\/1200x900_eglise-saint-louis-8688.jpg"},"800x600":{"url":"https:\/\/www.saint-brevin.com\/medias\/images\/prestataires\/multitailles\/800x600_eglise-saint-louis-8688.jpg"},"640x480":{"url":"https:\/\/www.saint-brevin.com\/medias\/images\/prestataires\/multitailles\/640x480_eglise-saint-louis-8688.jpg"},"320x240":{"url":"https:\/\/www.saint-brevin.com\/medias\/images\/prestataires\/multitailles\/320x240_eglise-saint-louis-8688.jpg"},"160x120":{"url":"https:\/\/www.saint-brevin.com\/medias\/images\/prestataires\/multitailles\/160x120_eglise-saint-louis-8688.jpg"},"origine":{"url":"https:\/\/www.saint-brevin.com\/medias\/images\/prestataires\/eglise-saint-louis-8688.jpg"}},"urlLien":"","typeLien":"","nofollow":"N","copyright":""},{"url":"https:\/\/www.saint-brevin.com\/medias\/images\/prestataires\/dsc02383-web-8686.jpg","chemin":"..\/medias\/images\/prestataires\/dsc02383-web-8686.jpg","libelle":"dsc02383-web-8686","extension":"jpg","categorie":"","largeur":1500,"theme":"","hauteur":1000,"type":"Image","origine":"","liaisonPave":"","langue":"","id":"8686","urlVignette":"https:\/\/www.saint-brevin.com\/medias\/images\/prestataires\/v-dsc02383-web-8686.jpg","alt":"dsc02383-web-8686","title":"dsc02383-web-8686 - &copy @YPOV AGENCY","MultiTaille":{"1920x1440":{"url":"https:\/\/www.saint-brevin.com\/medias\/images\/prestataires\/multitailles\/1920x1440_dsc02383-web-8686.jpg"},"1200x900":{"url":"https:\/\/www.saint-brevin.com\/medias\/images\/prestataires\/multitailles\/1200x900_dsc02383-web-8686.jpg"},"800x600":{"url":"https:\/\/www.saint-brevin.com\/medias\/images\/prestataires\/multitailles\/800x600_dsc02383-web-8686.jpg"},"640x480":{"url":"https:\/\/www.saint-brevin.com\/medias\/images\/prestataires\/multitailles\/640x480_dsc02383-web-8686.jpg"},"320x240":{"url":"https:\/\/www.saint-brevin.com\/medias\/images\/prestataires\/multitailles\/320x240_dsc02383-web-8686.jpg"},"160x120":{"url":"https:\/\/www.saint-brevin.com\/medias\/images\/prestataires\/multitailles\/160x120_dsc02383-web-8686.jpg"},"origine":{"url":"https:\/\/www.saint-brevin.com\/medias\/images\/prestataires\/dsc02383-web-8686.jpg"}},"urlLien":"","typeLien":"|","nofollow":"N","copyright":"@YPOV AGENCY"},{"url":"https:\/\/www.saint-brevin.com\/medias\/images\/prestataires\/img-4416-663.jpg","chemin":"..\/medias\/images\/prestataires\/img-4416-663.jpg","libelle":"img-4416-663","extension":"jpg","categorie":"","largeur":5184,"theme":"","hauteur":3456,"type":"Image","origine":"","liaisonPave":"","langue":"","id":"663","urlVignette":"https:\/\/www.saint-brevin.com\/medias\/images\/prestataires\/v-img-4416-663.jpg","alt":"img-4416-663","title":"img-4416-663","MultiTaille":{"1920x1440":{"url":"https:\/\/www.saint-brevin.com\/medias\/images\/prestataires\/multitailles\/1920x1440_img-4416-663.jpg"},"1200x900":{"url":"https:\/\/www.saint-brevin.com\/medias\/images\/prestataires\/multitailles\/1200x900_img-4416-663.jpg"},"800x600":{"url":"https:\/\/www.saint-brevin.com\/medias\/images\/prestataires\/multitailles\/800x600_img-4416-663.jpg"},"640x480":{"url":"https:\/\/www.saint-brevin.com\/medias\/images\/prestataires\/multitailles\/640x480_img-4416-663.jpg"},"320x240":{"url":"https:\/\/www.saint-brevin.com\/medias\/images\/prestataires\/multitailles\/320x240_img-4416-663.jpg"},"160x120":{"url":"https:\/\/www.saint-brevin.com\/medias\/images\/prestataires\/multitailles\/160x120_img-4416-663.jpg"},"origine":{"url":"https:\/\/www.saint-brevin.com\/medias\/images\/prestataires\/img-4416-663.jpg"}},"urlLien":"","typeLien":"","nofollow":"N","copyright":""},{"url":"https:\/\/www.saint-brevin.com\/medias\/images\/prestataires\/dsc02386-web-8684.jpg","chemin":"..\/medias\/images\/prestataires\/dsc02386-web-8684.jpg","libelle":"dsc02386-web-8684","extension":"jpg","categorie":"","largeur":1500,"theme":"","hauteur":1000,"type":"Image","origine":"","liaisonPave":"","langue":"","id":"8684","urlVignette":"https:\/\/www.saint-brevin.com\/medias\/images\/prestataires\/v-dsc02386-web-8684.jpg","alt":"dsc02386-web-8684","title":"dsc02386-web-8684 - &copy @YPOV AGENCY","MultiTaille":{"1920x1440":{"url":"https:\/\/www.saint-brevin.com\/medias\/images\/prestataires\/multitailles\/1920x1440_dsc02386-web-8684.jpg"},"1200x900":{"url":"https:\/\/www.saint-brevin.com\/medias\/images\/prestataires\/multitailles\/1200x900_dsc02386-web-8684.jpg"},"800x600":{"url":"https:\/\/www.saint-brevin.com\/medias\/images\/prestataires\/multitailles\/800x600_dsc02386-web-8684.jpg"},"640x480":{"url":"https:\/\/www.saint-brevin.com\/medias\/images\/prestataires\/multitailles\/640x480_dsc02386-web-8684.jpg"},"320x240":{"url":"https:\/\/www.saint-brevin.com\/medias\/images\/prestataires\/multitailles\/320x240_dsc02386-web-8684.jpg"},"160x120":{"url":"https:\/\/www.saint-brevin.com\/medias\/images\/prestataires\/multitailles\/160x120_dsc02386-web-8684.jpg"},"origine":{"url":"https:\/\/www.saint-brevin.com\/medias\/images\/prestataires\/dsc02386-web-8684.jpg"}},"urlLien":"","typeLien":"|","nofollow":"N","copyright":"@YPOV AGENCY"},{"url":"https:\/\/www.saint-brevin.com\/medias\/images\/prestataires\/dsc02391-web-8687.jpg","chemin":"..\/medias\/images\/prestataires\/dsc02391-web-8687.jpg","libelle":"dsc02391-web-8687","extension":"jpg","categorie":"","largeur":1500,"theme":"","hauteur":1000,"type":"Image","origine":"","liaisonPave":"","langue":"","id":"8687","urlVignette":"https:\/\/www.saint-brevin.com\/medias\/images\/prestataires\/v-dsc02391-web-8687.jpg","alt":"dsc02391-web-8687","title":"dsc02391-web-8687 - &copy @YPOV AGENCY","MultiTaille":{"1920x1440":{"url":"https:\/\/www.saint-brevin.com\/medias\/images\/prestataires\/multitailles\/1920x1440_dsc02391-web-8687.jpg"},"1200x900":{"url":"https:\/\/www.saint-brevin.com\/medias\/images\/prestataires\/multitailles\/1200x900_dsc02391-web-8687.jpg"},"800x600":{"url":"https:\/\/www.saint-brevin.com\/medias\/images\/prestataires\/multitailles\/800x600_dsc02391-web-8687.jpg"},"640x480":{"url":"https:\/\/www.saint-brevin.com\/medias\/images\/prestataires\/multitailles\/640x480_dsc02391-web-8687.jpg"},"320x240":{"url":"https:\/\/www.saint-brevin.com\/medias\/images\/prestataires\/multitailles\/320x240_dsc02391-web-8687.jpg"},"160x120":{"url":"https:\/\/www.saint-brevin.com\/medias\/images\/prestataires\/multitailles\/160x120_dsc02391-web-8687.jpg"},"origine":{"url":"https:\/\/www.saint-brevin.com\/medias\/images\/prestataires\/dsc02391-web-8687.jpg"}},"urlLien":"","typeLien":"|","nofollow":"N","copyright":"@YPOV AGENCY"}]},"Image":[{"url":"https:\/\/www.saint-brevin.com\/medias\/images\/prestataires\/img-4411-662.jpg","chemin":"..\/medias\/images\/prestataires\/img-4411-662.jpg","libelle":"img-4411-662","extension":"jpg","categorie":"","largeur":5184,"theme":"","hauteur":3456,"type":"Image","origine":"","liaisonPave":"","langue":"","id":"662","urlVignette":"https:\/\/www.saint-brevin.com\/medias\/images\/prestataires\/v-img-4411-662.jpg","alt":"img-4411-662","title":"img-4411-662","MultiTaille":{"1920x1440":{"url":"https:\/\/www.saint-brevin.com\/medias\/images\/prestataires\/multitailles\/1920x1440_img-4411-662.jpg"},"1200x900":{"url":"https:\/\/www.saint-brevin.com\/medias\/images\/prestataires\/multitailles\/1200x900_img-4411-662.jpg"},"800x600":{"url":"https:\/\/www.saint-brevin.com\/medias\/images\/prestataires\/multitailles\/800x600_img-4411-662.jpg"},"640x480":{"url":"https:\/\/www.saint-brevin.com\/medias\/images\/prestataires\/multitailles\/640x480_img-4411-662.jpg"},"320x240":{"url":"https:\/\/www.saint-brevin.com\/medias\/images\/prestataires\/multitailles\/320x240_img-4411-662.jpg"},"160x120":{"url":"https:\/\/www.saint-brevin.com\/medias\/images\/prestataires\/multitailles\/160x120_img-4411-662.jpg"},"origine":{"url":"https:\/\/www.saint-brevin.com\/medias\/images\/prestataires\/img-4411-662.jpg"}},"urlLien":"","typeLien":"","nofollow":"N","copyright":""},{"url":"https:\/\/www.saint-brevin.com\/medias\/images\/prestataires\/eglise-saint-louis-8688.jpg","chemin":"..\/medias\/images\/prestataires\/eglise-saint-louis-8688.jpg","libelle":"eglise-saint-louis-8688","extension":"jpg","categorie":"","largeur":1280,"theme":"","hauteur":960,"type":"Image","origine":"","liaisonPave":"","langue":"","id":"8688","urlVignette":"https:\/\/www.saint-brevin.com\/medias\/images\/prestataires\/v-eglise-saint-louis-8688.jpg","alt":"eglise-saint-louis-8688","title":"eglise-saint-louis-8688","MultiTaille":{"1920x1440":{"url":"https:\/\/www.saint-brevin.com\/medias\/images\/prestataires\/multitailles\/1920x1440_eglise-saint-louis-8688.jpg"},"1200x900":{"url":"https:\/\/www.saint-brevin.com\/medias\/images\/prestataires\/multitailles\/1200x900_eglise-saint-louis-8688.jpg"},"800x600":{"url":"https:\/\/www.saint-brevin.com\/medias\/images\/prestataires\/multitailles\/800x600_eglise-saint-louis-8688.jpg"},"640x480":{"url":"https:\/\/www.saint-brevin.com\/medias\/images\/prestataires\/multitailles\/640x480_eglise-saint-louis-8688.jpg"},"320x240":{"url":"https:\/\/www.saint-brevin.com\/medias\/images\/prestataires\/multitailles\/320x240_eglise-saint-louis-8688.jpg"},"160x120":{"url":"https:\/\/www.saint-brevin.com\/medias\/images\/prestataires\/multitailles\/160x120_eglise-saint-louis-8688.jpg"},"origine":{"url":"https:\/\/www.saint-brevin.com\/medias\/images\/prestataires\/eglise-saint-louis-8688.jpg"}},"urlLien":"","typeLien":"","nofollow":"N","copyright":""},{"url":"https:\/\/www.saint-brevin.com\/medias\/images\/prestataires\/dsc02383-web-8686.jpg","chemin":"..\/medias\/images\/prestataires\/dsc02383-web-8686.jpg","libelle":"dsc02383-web-8686","extension":"jpg","categorie":"","largeur":1500,"theme":"","hauteur":1000,"type":"Image","origine":"","liaisonPave":"","langue":"","id":"8686","urlVignette":"https:\/\/www.saint-brevin.com\/medias\/images\/prestataires\/v-dsc02383-web-8686.jpg","alt":"dsc02383-web-8686","title":"dsc02383-web-8686 - &copy @YPOV AGENCY","MultiTaille":{"1920x1440":{"url":"https:\/\/www.saint-brevin.com\/medias\/images\/prestataires\/multitailles\/1920x1440_dsc02383-web-8686.jpg"},"1200x900":{"url":"https:\/\/www.saint-brevin.com\/medias\/images\/prestataires\/multitailles\/1200x900_dsc02383-web-8686.jpg"},"800x600":{"url":"https:\/\/www.saint-brevin.com\/medias\/images\/prestataires\/multitailles\/800x600_dsc02383-web-8686.jpg"},"640x480":{"url":"https:\/\/www.saint-brevin.com\/medias\/images\/prestataires\/multitailles\/640x480_dsc02383-web-8686.jpg"},"320x240":{"url":"https:\/\/www.saint-brevin.com\/medias\/images\/prestataires\/multitailles\/320x240_dsc02383-web-8686.jpg"},"160x120":{"url":"https:\/\/www.saint-brevin.com\/medias\/images\/prestataires\/multitailles\/160x120_dsc02383-web-8686.jpg"},"origine":{"url":"https:\/\/www.saint-brevin.com\/medias\/images\/prestataires\/dsc02383-web-8686.jpg"}},"urlLien":"","typeLien":"|","nofollow":"N","copyright":"@YPOV AGENCY"},{"url":"https:\/\/www.saint-brevin.com\/medias\/images\/prestataires\/img-4416-663.jpg","chemin":"..\/medias\/images\/prestataires\/img-4416-663.jpg","libelle":"img-4416-663","extension":"jpg","categorie":"","largeur":5184,"theme":"","hauteur":3456,"type":"Image","origine":"","liaisonPave":"","langue":"","id":"663","urlVignette":"https:\/\/www.saint-brevin.com\/medias\/images\/prestataires\/v-img-4416-663.jpg","alt":"img-4416-663","title":"img-4416-663","MultiTaille":{"1920x1440":{"url":"https:\/\/www.saint-brevin.com\/medias\/images\/prestataires\/multitailles\/1920x1440_img-4416-663.jpg"},"1200x900":{"url":"https:\/\/www.saint-brevin.com\/medias\/images\/prestataires\/multitailles\/1200x900_img-4416-663.jpg"},"800x600":{"url":"https:\/\/www.saint-brevin.com\/medias\/images\/prestataires\/multitailles\/800x600_img-4416-663.jpg"},"640x480":{"url":"https:\/\/www.saint-brevin.com\/medias\/images\/prestataires\/multitailles\/640x480_img-4416-663.jpg"},"320x240":{"url":"https:\/\/www.saint-brevin.com\/medias\/images\/prestataires\/multitailles\/320x240_img-4416-663.jpg"},"160x120":{"url":"https:\/\/www.saint-brevin.com\/medias\/images\/prestataires\/multitailles\/160x120_img-4416-663.jpg"},"origine":{"url":"https:\/\/www.saint-brevin.com\/medias\/images\/prestataires\/img-4416-663.jpg"}},"urlLien":"","typeLien":"","nofollow":"N","copyright":""},{"url":"https:\/\/www.saint-brevin.com\/medias\/images\/prestataires\/dsc02386-web-8684.jpg","chemin":"..\/medias\/images\/prestataires\/dsc02386-web-8684.jpg","libelle":"dsc02386-web-8684","extension":"jpg","categorie":"","largeur":1500,"theme":"","hauteur":1000,"type":"Image","origine":"","liaisonPave":"","langue":"","id":"8684","urlVignette":"https:\/\/www.saint-brevin.com\/medias\/images\/prestataires\/v-dsc02386-web-8684.jpg","alt":"dsc02386-web-8684","title":"dsc02386-web-8684 - &copy @YPOV AGENCY","MultiTaille":{"1920x1440":{"url":"https:\/\/www.saint-brevin.com\/medias\/images\/prestataires\/multitailles\/1920x1440_dsc02386-web-8684.jpg"},"1200x900":{"url":"https:\/\/www.saint-brevin.com\/medias\/images\/prestataires\/multitailles\/1200x900_dsc02386-web-8684.jpg"},"800x600":{"url":"https:\/\/www.saint-brevin.com\/medias\/images\/prestataires\/multitailles\/800x600_dsc02386-web-8684.jpg"},"640x480":{"url":"https:\/\/www.saint-brevin.com\/medias\/images\/prestataires\/multitailles\/640x480_dsc02386-web-8684.jpg"},"320x240":{"url":"https:\/\/www.saint-brevin.com\/medias\/images\/prestataires\/multitailles\/320x240_dsc02386-web-8684.jpg"},"160x120":{"url":"https:\/\/www.saint-brevin.com\/medias\/images\/prestataires\/multitailles\/160x120_dsc02386-web-8684.jpg"},"origine":{"url":"https:\/\/www.saint-brevin.com\/medias\/images\/prestataires\/dsc02386-web-8684.jpg"}},"urlLien":"","typeLien":"|","nofollow":"N","copyright":"@YPOV AGENCY"},{"url":"https:\/\/www.saint-brevin.com\/medias\/images\/prestataires\/dsc02391-web-8687.jpg","chemin":"..\/medias\/images\/prestataires\/dsc02391-web-8687.jpg","libelle":"dsc02391-web-8687","extension":"jpg","categorie":"","largeur":1500,"theme":"","hauteur":1000,"type":"Image","origine":"","liaisonPave":"","langue":"","id":"8687","urlVignette":"https:\/\/www.saint-brevin.com\/medias\/images\/prestataires\/v-dsc02391-web-8687.jpg","alt":"dsc02391-web-8687","title":"dsc02391-web-8687 - &copy @YPOV AGENCY","MultiTaille":{"1920x1440":{"url":"https:\/\/www.saint-brevin.com\/medias\/images\/prestataires\/multitailles\/1920x1440_dsc02391-web-8687.jpg"},"1200x900":{"url":"https:\/\/www.saint-brevin.com\/medias\/images\/prestataires\/multitailles\/1200x900_dsc02391-web-8687.jpg"},"800x600":{"url":"https:\/\/www.saint-brevin.com\/medias\/images\/prestataires\/multitailles\/800x600_dsc02391-web-8687.jpg"},"640x480":{"url":"https:\/\/www.saint-brevin.com\/medias\/images\/prestataires\/multitailles\/640x480_dsc02391-web-8687.jpg"},"320x240":{"url":"https:\/\/www.saint-brevin.com\/medias\/images\/prestataires\/multitailles\/320x240_dsc02391-web-8687.jpg"},"160x120":{"url":"https:\/\/www.saint-brevin.com\/medias\/images\/prestataires\/multitailles\/160x120_dsc02391-web-8687.jpg"},"origine":{"url":"https:\/\/www.saint-brevin.com\/medias\/images\/prestataires\/dsc02391-web-8687.jpg"}},"urlLien":"","typeLien":"|","nofollow":"N","copyright":"@YPOV AGENCY"}]},"Url":"eglise-saint-louis.html","Localisation":{"GoogleMap":{"Latitude":"47.28729","Longitude":"-2.03536"}},"ZoneGeo":"","Criteres":{"NIVPARTENAIRE[COMPLET":"","COMMUNES[PAIMBOEUF":"","AUTOURL[STBREVINSE":"","DISTANCEDUBUS[MARRET16":"200","DISTANCEDUCENTRE[MDUCENTREDEPAIMBOEUF":"200","DISTANCEMER[PLUSDE2KM":"","DISTANCEMER[KMDELAMER":"11","UTYPC[PATRIRELIGIEUX":"","UPERSI[UXIX":"","UPERSI[UXX":"","UDPR[UEGLI":"","LVISI[UVISLI":"","ANIACC[ANNON":"","UDLTH[DHAACO":"","INSPUBMAJ[GRATUITPRECISER":"","MAJINGENIE[DATEDERNIEREMAJ":"20240430","MISEAJOUR[AMANDINE":""},"DateFinPublication":"","PrixAPartirDe":"","PrixPour":"","FicheListeEnCours":"fiche_liste_patrimoine_culturel_v2017","ParametresModele":{"AfficherPhotos":"1","NbPhotosMax":6,"AfficherReserver":0,"AfficherContact":0,"AfficherSalle":1,"AfficherZoneGeo":0,"AfficherEnSavoirPlus":"1","AfficherUneSeuleOuverture":0,"AfficherContactCarte":1,"AfficherTarifsChaudAPartirDe":0,"AfficherTarifChaudSansRecherche":0,"AfficherLiensCarnetVoyage":"1","AfficherOuverture":"0","BlocCritereInfo":{"critere1":{"libelle":""},"critere2":{"libelle":""},"critere3":{"libelle":"LIBELLE_GENERAL"},"critere4":{"libelle":""},"critere5":{"libelle":""},"critere6":{"libelle":""},"critere7":{"libelle":"","liste_critere":["COMMUNES|U"]},"critere8":{"libelle":""},"afficherpictoetpaslibelle":"1"},"Criteres":"NIVPARTENAIRE[COMPLET","PositionBloc":"GALLERIE|NOM|CARNET_VOYAGE|URL","TypePrestataire":"U","ComportementResa":false,"ComportementDispo":false},"AffichageCoordonnees":[],"Coordonnees":{"Ville":"PAIMBOEUF"},"ContexteId":"PRESTATAIRE|U|PCUPDL044V504162","ContexteIdHtml":"PRESTATAIRE-U-PCUPDL044V504162","cleContexte":"U|PCUPDL044V504162","Bloc":{"texte1":"","texte3":"","critere1":{"libelle":"","contenu":[]},"critere2":{"libelle":"","contenu":[]},"critere3":{"libelle":"","contenu":[]},"critere4":{"libelle":"","contenu":[]},"critere5":{"libelle":"","contenu":[]},"critere6":{"libelle":"","contenu":[]},"critere7":{"libelle":"","contenu":{"COMMUNES":{"libelle":"COMMUNE","contenu":{"2":"Paimboeuf"},"codesValeurs":{"2":"COMMUNES|PAIMBOEUF|U"},"criteres_datas":{"valeurs":{"2":{"PAIMBOEUF":{"descriptif":""}}}}}}},"critere8":{"libelle":"","contenu":[]},"critere9":{"libelle":"","contenu":[]}},"LocalisationGps":{"Latitude":"47.28729","Longitude":"-2.03536"},"libelleDuPrestataire":"","listeCriteres":{"NIVPARTENAIRE":{"COMPLET":""},"COMMUNES":{"PAIMBOEUF":""},"AUTOURL":{"STBREVINSE":""},"DISTANCEDUBUS":{"MARRET16":"200"},"DISTANCEDUCENTRE":{"MDUCENTREDEPAIMBOEUF":"200"},"DISTANCEMER":{"PLUSDE2KM":"","KMDELAMER":"11"},"UTYPC":{"PATRIRELIGIEUX":""},"UPERSI":{"UXIX":"","UXX":""},"UDPR":{"UEGLI":""},"LVISI":{"UVISLI":""},"ANIACC":{"ANNON":""},"UDLTH":{"DHAACO":""},"INSPUBMAJ":{"GRATUITPRECISER":""},"MAJINGENIE":{"DATEDERNIEREMAJ":"20240430"},"MISEAJOUR":{"AMANDINE":""}},"dansCarnetVoyage":true,"Ouverture":""},"html":" \n \u003Cdiv id=\"CV-PRESTATAIRE-U-PCUPDL044V504162\" data-contexte-id=\"PRESTATAIRE|U|PCUPDL044V504162\" data-cle=\"U|PCUPDL044V504162\" class=\"fiche-liste\"\u003E\n    \n\n    \u003C!-- partie photo --\u003E\n    \u003Cdiv class=\"photo\"\u003E\t\t\t\t\t\t\t\t\t\t\t\t\t\t\t\t\t\t\t\t\t\n        \u003Cdiv class=\"cadre_photo_principale\"\u003E\t\t\n        \n            \t\t\t\t\t\n                    \u003Ca href=\"eglise-saint-louis.html?origine=carnet#media\"\u003E\n                        \u003Cimg class=\"photo_principale\" alt=\"img-4411-662\" src=\"https:\/\/www.saint-brevin.com\/medias\/images\/prestataires\/multitailles\/320x240_img-4411-662.jpg\" itemprop=\"image\"\u003E\n                    \u003C\/a\u003E\t\t\t\t\t\t\n                \n                    \u003C\/div\u003E\t\t\t\t\t\t\t\t\t\t\t\t\t\t\t\t\t\t\t \t\t\n    \u003C\/div\u003E\n    \n    \u003C!-- partie nom prest --\u003E\n    \u003Cdiv class=\"nom\"\u003E\n        \u003Ch2\u003EEglise Saint-Louis\u003C\/h2\u003E\n        \n            \u003C\/div\u003E\n\n         \n    \u003C!-- partie adresse --\u003E\n    \u003Cdiv class=\"adresse\"\u003E\n    \n          \n    \u003C\/div\u003E\n    \n    \u003C!-- partie liens --\u003E\n    \u003Cdiv class=\"liens\"\u003E\n            \u003Ca class=\"btn-icon btn-view \" title=\"Voir la fiche d\u00e9taill\u00e9e\" href=\"eglise-saint-louis.html?origine=carnet\"\u003E\u003C\/a\u003E\u003C!--\u003Ca class=\"btn-icon btn-view \" title=\"\" href=\"?origine=carnet#thaut\"\u003E\u003C\/a\u003E--\u003E\n      \u003Ca class=\"btn-icon btn-trash carnet_voyage_supprimer\" title=\"Supprimer cette fiche de mon carnet de voyage\" href=\"carnet-voyage?action=remove&fiche=U|PCUPDL044V504162\"\u003E\u003C\/a\u003E\n    \u003C\/div\u003E\n\n\u003C\/div\u003E\n\n","icon":"https:\/\/static.ingenie.fr\/images\/carnetVoyageV3\/U.png"},"fiche":"U|PCUPDL044V504162","popup":"\u003Cdiv id=\"bloc_popup_ajout_fiche_carnet\"\u003E\n    \u003Cdiv class=\"info_popup_ajout_fiche_carnet\"\u003E\n        Vous venez d'ajouter cet \u00e9l\u00e9ment \u00e0 votre carnet de voyage :    \u003C\/div\u003E\n    \u003Cdiv class=\"prest_popup_ajout_fiche_carnet\"\u003E\n        Eglise Saint-Louis    \u003C\/div\u003E\n    \u003Cdiv class=\"bloc_btn_ajout_fiche_carnet form_submit_div\"\u003E\n        \u003Cinput type=\"button\" value=\"Continuer ma s\u00e9lection\" title=\"Continuer ma s\u00e9lection\" name=\"btn_close\" class=\"btn_close_popup_carnet form_submit\" onclick=\"$.colorbox.close()\" \/\u003E\n        \u003Cinput type=\"button\" value=\"Voir mon carnet de voyage\" title=\"Voir mon carnet\" name=\"btn_panier\" class=\"btn_panier_popup_carnet form_submit\" onclick=\"if(typeof CarnetVoyage != 'undefined') {CarnetVoyage.voirCarnet();}\" \/\u003E\n    \u003C\/div\u003E\n    \u003Cdiv class=\"bloc_btn_ajout_fiche_carnet\"\u003E\n        \u003Cinput type=\"checkbox\" value=\"1\" name=\"desactiver_popup\" id=\"desactiver_popup\" \/\u003E\n        \u003Clabel for=\"desactiver_popup\"\u003ENe plus afficher ce message\u003C\/label\u003E\n    \u003C\/div\u003E\n\u003C\/div\u003E","success":1}