{"nbFiches":1,"dataPrest":{"infoPrest":{"pave1":{"libelle":"Slogan","contenu":"Chapelle situ&eacute;e dans le quartier de l&#39;Oc&eacute;an et datant de 1899, agrandie en 1960 avec des mat&eacute;riaux modernes (b&eacute;ton)."},"pave2":{"libelle":"Descriptif","contenu":"Le ch&oelig;ur est orn&eacute; de trois vitraux repr&eacute;sentant saint Louis, sainte Th&eacute;r&egrave;se de Lisieux et le C&oelig;ur Immacul&eacute; de Marie.&nbsp;\u003Cbr \/\u003E\r\n\u003Cbr \/\u003E\r\nCulte uniquement en juillet et ao&ucirc;t : dimanche &agrave; 10h30."},"pave3":{"libelle":"","contenu":""},"pave4":{"libelle":"","contenu":""},"pave5":{"libelle":"","contenu":""},"pave6":{"libelle":"","contenu":""},"pave7":{"libelle":"","contenu":""},"pave8":{"libelle":"","contenu":""},"pave9":{"libelle":"","contenu":""},"pave10":{"libelle":"","contenu":""},"pave11":{"libelle":"","contenu":""},"pave12":{"libelle":"","contenu":""},"pave13":{"libelle":"","contenu":""},"pave14":{"libelle":"","contenu":""},"pave15":{"libelle":"","contenu":""},"pave16":{"libelle":"","contenu":""},"pave17":{"libelle":"","contenu":""},"pave18":{"libelle":"","contenu":""},"pave19":{"libelle":"","contenu":""},"pave20":{"libelle":"","contenu":""},"pave21":{"libelle":"","contenu":""},"pave22":{"libelle":"","contenu":""},"pave23":{"libelle":"","contenu":""},"pave24":{"libelle":"","contenu":""},"pave25":{"libelle":"","contenu":""},"ContactsParType":{"LIEU":{"363":{"id_contact":"363","type_contact":"LIEU","categorie_contact":"PRESTATAIRE","societe_contact":"","fonction_contact":"","civilite_nom_prenom_contact":"","adresse1_contact":"Avenue Georges Cl\u00e9menceau","adresse2_contact":"","adresse3_contact":"","cpostal_contact":"44250","ville_contact":"ST BREVIN LES PINS","teldom_contact":"02 40 27 24 81","telbur_contact":"","fax_contact":"","portable_contact":"","email_contact":"paroisse.stnicolas.estuaire@wanadoo.fr","siteweb_contact":"","commentaire_contact":"","langue_contact":"","autre_moyen_com":[]}}},"Libelle":"Chapelle Saint Louis de l'Oc\u00e9an","Nom":"Chapelle Saint Louis de l'Oc\u00e9an","Prenom":"","NomPrenom":"Chapelle Saint Louis de l'Oc\u00e9an ","CiviliteNomPrenom":"Chapelle Saint Louis de l'Oc\u00e9an ","Cle":"U|PCUPDL044V50415D","PrestataireParent":"","ContexteStat":"PRESTATAIRE-U-PCUPDL044V50415D","DateModificationIso":"2025-11-21T11:41:00+01:00","Type":"PRESTATAIRE","TypePrestataire":"U","Adresse":{"LigneAdresse1":"Avenue Georges Cl\u00e9menceau","LigneAdresse2":"","LigneAdresse3":"","CodePostal":"44250","Ville":"ST BREVIN LES PINS","Cedex":"","Etat":"","Pays":"FRA"},"Email":"paroisse.stnicolas.estuaire@wanadoo.fr","Telephone":"02 40 27 24 81","TelephoneBureau":"","Portable":"","SiteWeb":"https:\/\/saintvitalsaintnicolas.com\/eglise-clochers\/la-chapelle-saint-louis-de-locean\/","Fax":"","Id":"u-pcupdl044v50415d","Code":"U|PCUPDL044V50415D","Fichier":{"Image":[{"url":"https:\/\/www.saint-brevin.com\/medias\/images\/prestataires\/chapelle-saint-louis-saint-brevin-1043.jpg","chemin":"..\/medias\/images\/prestataires\/chapelle-saint-louis-saint-brevin-1043.jpg","libelle":"chapelle-saint-louis-saint-brevin","extension":"jpg","categorie":"","largeur":5184,"theme":"","hauteur":3456,"type":"Image","origine":"","liaisonPave":"","langue":"","id":"1043","urlVignette":"https:\/\/www.saint-brevin.com\/medias\/images\/prestataires\/v-chapelle-saint-louis-saint-brevin-1043.jpg","alt":"chapelle-saint-louis-saint-brevin","title":"chapelle-saint-louis-saint-brevin - &copy Ot-St-Brevin","MultiTaille":{"1920x1440":{"url":"https:\/\/www.saint-brevin.com\/medias\/images\/prestataires\/multitailles\/1920x1440_chapelle-saint-louis-saint-brevin-1043.jpg"},"1200x900":{"url":"https:\/\/www.saint-brevin.com\/medias\/images\/prestataires\/multitailles\/1200x900_chapelle-saint-louis-saint-brevin-1043.jpg"},"800x600":{"url":"https:\/\/www.saint-brevin.com\/medias\/images\/prestataires\/multitailles\/800x600_chapelle-saint-louis-saint-brevin-1043.jpg"},"640x480":{"url":"https:\/\/www.saint-brevin.com\/medias\/images\/prestataires\/multitailles\/640x480_chapelle-saint-louis-saint-brevin-1043.jpg"},"320x240":{"url":"https:\/\/www.saint-brevin.com\/medias\/images\/prestataires\/multitailles\/320x240_chapelle-saint-louis-saint-brevin-1043.jpg"},"160x120":{"url":"https:\/\/www.saint-brevin.com\/medias\/images\/prestataires\/multitailles\/160x120_chapelle-saint-louis-saint-brevin-1043.jpg"},"origine":{"url":"https:\/\/www.saint-brevin.com\/medias\/images\/prestataires\/chapelle-saint-louis-saint-brevin-1043.jpg"}},"urlLien":"","typeLien":"|","nofollow":"N","copyright":"Ot-St-Brevin"},{"url":"https:\/\/www.saint-brevin.com\/medias\/images\/prestataires\/chapelle-saint-louis-saint-brevin-1041.jpg","chemin":"..\/medias\/images\/prestataires\/chapelle-saint-louis-saint-brevin-1041.jpg","libelle":"chapelle-saint-louis-saint-brevin","extension":"jpg","categorie":"","largeur":5184,"theme":"","hauteur":3456,"type":"Image","origine":"","liaisonPave":"","langue":"","id":"1041","urlVignette":"https:\/\/www.saint-brevin.com\/medias\/images\/prestataires\/v-chapelle-saint-louis-saint-brevin-1041.jpg","alt":"chapelle-saint-louis-saint-brevin","title":"chapelle-saint-louis-saint-brevin - &copy Ot-St-Brevin","MultiTaille":{"1920x1440":{"url":"https:\/\/www.saint-brevin.com\/medias\/images\/prestataires\/multitailles\/1920x1440_chapelle-saint-louis-saint-brevin-1041.jpg"},"1200x900":{"url":"https:\/\/www.saint-brevin.com\/medias\/images\/prestataires\/multitailles\/1200x900_chapelle-saint-louis-saint-brevin-1041.jpg"},"800x600":{"url":"https:\/\/www.saint-brevin.com\/medias\/images\/prestataires\/multitailles\/800x600_chapelle-saint-louis-saint-brevin-1041.jpg"},"640x480":{"url":"https:\/\/www.saint-brevin.com\/medias\/images\/prestataires\/multitailles\/640x480_chapelle-saint-louis-saint-brevin-1041.jpg"},"320x240":{"url":"https:\/\/www.saint-brevin.com\/medias\/images\/prestataires\/multitailles\/320x240_chapelle-saint-louis-saint-brevin-1041.jpg"},"160x120":{"url":"https:\/\/www.saint-brevin.com\/medias\/images\/prestataires\/multitailles\/160x120_chapelle-saint-louis-saint-brevin-1041.jpg"},"origine":{"url":"https:\/\/www.saint-brevin.com\/medias\/images\/prestataires\/chapelle-saint-louis-saint-brevin-1041.jpg"}},"urlLien":"","typeLien":"|","nofollow":"N","copyright":"Ot-St-Brevin"},{"url":"https:\/\/www.saint-brevin.com\/medias\/images\/prestataires\/chapelle-saint-louis-saint-brevin-1042.jpg","chemin":"..\/medias\/images\/prestataires\/chapelle-saint-louis-saint-brevin-1042.jpg","libelle":"chapelle-saint-louis-saint-brevin","extension":"jpg","categorie":"","largeur":5184,"theme":"","hauteur":3456,"type":"Image","origine":"","liaisonPave":"","langue":"","id":"1042","urlVignette":"https:\/\/www.saint-brevin.com\/medias\/images\/prestataires\/v-chapelle-saint-louis-saint-brevin-1042.jpg","alt":"chapelle-saint-louis-saint-brevin","title":"chapelle-saint-louis-saint-brevin - &copy Ot-St-Brevin","MultiTaille":{"1920x1440":{"url":"https:\/\/www.saint-brevin.com\/medias\/images\/prestataires\/multitailles\/1920x1440_chapelle-saint-louis-saint-brevin-1042.jpg"},"1200x900":{"url":"https:\/\/www.saint-brevin.com\/medias\/images\/prestataires\/multitailles\/1200x900_chapelle-saint-louis-saint-brevin-1042.jpg"},"800x600":{"url":"https:\/\/www.saint-brevin.com\/medias\/images\/prestataires\/multitailles\/800x600_chapelle-saint-louis-saint-brevin-1042.jpg"},"640x480":{"url":"https:\/\/www.saint-brevin.com\/medias\/images\/prestataires\/multitailles\/640x480_chapelle-saint-louis-saint-brevin-1042.jpg"},"320x240":{"url":"https:\/\/www.saint-brevin.com\/medias\/images\/prestataires\/multitailles\/320x240_chapelle-saint-louis-saint-brevin-1042.jpg"},"160x120":{"url":"https:\/\/www.saint-brevin.com\/medias\/images\/prestataires\/multitailles\/160x120_chapelle-saint-louis-saint-brevin-1042.jpg"},"origine":{"url":"https:\/\/www.saint-brevin.com\/medias\/images\/prestataires\/chapelle-saint-louis-saint-brevin-1042.jpg"}},"urlLien":"","typeLien":"|","nofollow":"N","copyright":"Ot-St-Brevin"},{"url":"https:\/\/www.saint-brevin.com\/medias\/images\/prestataires\/chapelle-saint-louis-saint-brevin-1-1044.jpg","chemin":"..\/medias\/images\/prestataires\/chapelle-saint-louis-saint-brevin-1-1044.jpg","libelle":"chapelle-saint-louis-saint-brevin-1","extension":"jpg","categorie":"","largeur":5184,"theme":"","hauteur":3456,"type":"Image","origine":"","liaisonPave":"","langue":"","id":"1044","urlVignette":"https:\/\/www.saint-brevin.com\/medias\/images\/prestataires\/v-chapelle-saint-louis-saint-brevin-1-1044.jpg","alt":"chapelle-saint-louis-saint-brevin-1","title":"chapelle-saint-louis-saint-brevin-1 - &copy Ot-St-Brevin","MultiTaille":{"1920x1440":{"url":"https:\/\/www.saint-brevin.com\/medias\/images\/prestataires\/multitailles\/1920x1440_chapelle-saint-louis-saint-brevin-1-1044.jpg"},"1200x900":{"url":"https:\/\/www.saint-brevin.com\/medias\/images\/prestataires\/multitailles\/1200x900_chapelle-saint-louis-saint-brevin-1-1044.jpg"},"800x600":{"url":"https:\/\/www.saint-brevin.com\/medias\/images\/prestataires\/multitailles\/800x600_chapelle-saint-louis-saint-brevin-1-1044.jpg"},"640x480":{"url":"https:\/\/www.saint-brevin.com\/medias\/images\/prestataires\/multitailles\/640x480_chapelle-saint-louis-saint-brevin-1-1044.jpg"},"320x240":{"url":"https:\/\/www.saint-brevin.com\/medias\/images\/prestataires\/multitailles\/320x240_chapelle-saint-louis-saint-brevin-1-1044.jpg"},"160x120":{"url":"https:\/\/www.saint-brevin.com\/medias\/images\/prestataires\/multitailles\/160x120_chapelle-saint-louis-saint-brevin-1-1044.jpg"},"origine":{"url":"https:\/\/www.saint-brevin.com\/medias\/images\/prestataires\/chapelle-saint-louis-saint-brevin-1-1044.jpg"}},"urlLien":"","typeLien":"|","nofollow":"N","copyright":"Ot-St-Brevin"}],"ByCategorie":{"":[{"url":"https:\/\/www.saint-brevin.com\/medias\/images\/prestataires\/chapelle-saint-louis-saint-brevin-1043.jpg","chemin":"..\/medias\/images\/prestataires\/chapelle-saint-louis-saint-brevin-1043.jpg","libelle":"chapelle-saint-louis-saint-brevin","extension":"jpg","categorie":"","largeur":5184,"theme":"","hauteur":3456,"type":"Image","origine":"","liaisonPave":"","langue":"","id":"1043","urlVignette":"https:\/\/www.saint-brevin.com\/medias\/images\/prestataires\/v-chapelle-saint-louis-saint-brevin-1043.jpg","alt":"chapelle-saint-louis-saint-brevin","title":"chapelle-saint-louis-saint-brevin - &copy Ot-St-Brevin","MultiTaille":{"1920x1440":{"url":"https:\/\/www.saint-brevin.com\/medias\/images\/prestataires\/multitailles\/1920x1440_chapelle-saint-louis-saint-brevin-1043.jpg"},"1200x900":{"url":"https:\/\/www.saint-brevin.com\/medias\/images\/prestataires\/multitailles\/1200x900_chapelle-saint-louis-saint-brevin-1043.jpg"},"800x600":{"url":"https:\/\/www.saint-brevin.com\/medias\/images\/prestataires\/multitailles\/800x600_chapelle-saint-louis-saint-brevin-1043.jpg"},"640x480":{"url":"https:\/\/www.saint-brevin.com\/medias\/images\/prestataires\/multitailles\/640x480_chapelle-saint-louis-saint-brevin-1043.jpg"},"320x240":{"url":"https:\/\/www.saint-brevin.com\/medias\/images\/prestataires\/multitailles\/320x240_chapelle-saint-louis-saint-brevin-1043.jpg"},"160x120":{"url":"https:\/\/www.saint-brevin.com\/medias\/images\/prestataires\/multitailles\/160x120_chapelle-saint-louis-saint-brevin-1043.jpg"},"origine":{"url":"https:\/\/www.saint-brevin.com\/medias\/images\/prestataires\/chapelle-saint-louis-saint-brevin-1043.jpg"}},"urlLien":"","typeLien":"|","nofollow":"N","copyright":"Ot-St-Brevin"},{"url":"https:\/\/www.saint-brevin.com\/medias\/images\/prestataires\/chapelle-saint-louis-saint-brevin-1041.jpg","chemin":"..\/medias\/images\/prestataires\/chapelle-saint-louis-saint-brevin-1041.jpg","libelle":"chapelle-saint-louis-saint-brevin","extension":"jpg","categorie":"","largeur":5184,"theme":"","hauteur":3456,"type":"Image","origine":"","liaisonPave":"","langue":"","id":"1041","urlVignette":"https:\/\/www.saint-brevin.com\/medias\/images\/prestataires\/v-chapelle-saint-louis-saint-brevin-1041.jpg","alt":"chapelle-saint-louis-saint-brevin","title":"chapelle-saint-louis-saint-brevin - &copy Ot-St-Brevin","MultiTaille":{"1920x1440":{"url":"https:\/\/www.saint-brevin.com\/medias\/images\/prestataires\/multitailles\/1920x1440_chapelle-saint-louis-saint-brevin-1041.jpg"},"1200x900":{"url":"https:\/\/www.saint-brevin.com\/medias\/images\/prestataires\/multitailles\/1200x900_chapelle-saint-louis-saint-brevin-1041.jpg"},"800x600":{"url":"https:\/\/www.saint-brevin.com\/medias\/images\/prestataires\/multitailles\/800x600_chapelle-saint-louis-saint-brevin-1041.jpg"},"640x480":{"url":"https:\/\/www.saint-brevin.com\/medias\/images\/prestataires\/multitailles\/640x480_chapelle-saint-louis-saint-brevin-1041.jpg"},"320x240":{"url":"https:\/\/www.saint-brevin.com\/medias\/images\/prestataires\/multitailles\/320x240_chapelle-saint-louis-saint-brevin-1041.jpg"},"160x120":{"url":"https:\/\/www.saint-brevin.com\/medias\/images\/prestataires\/multitailles\/160x120_chapelle-saint-louis-saint-brevin-1041.jpg"},"origine":{"url":"https:\/\/www.saint-brevin.com\/medias\/images\/prestataires\/chapelle-saint-louis-saint-brevin-1041.jpg"}},"urlLien":"","typeLien":"|","nofollow":"N","copyright":"Ot-St-Brevin"},{"url":"https:\/\/www.saint-brevin.com\/medias\/images\/prestataires\/chapelle-saint-louis-saint-brevin-1042.jpg","chemin":"..\/medias\/images\/prestataires\/chapelle-saint-louis-saint-brevin-1042.jpg","libelle":"chapelle-saint-louis-saint-brevin","extension":"jpg","categorie":"","largeur":5184,"theme":"","hauteur":3456,"type":"Image","origine":"","liaisonPave":"","langue":"","id":"1042","urlVignette":"https:\/\/www.saint-brevin.com\/medias\/images\/prestataires\/v-chapelle-saint-louis-saint-brevin-1042.jpg","alt":"chapelle-saint-louis-saint-brevin","title":"chapelle-saint-louis-saint-brevin - &copy Ot-St-Brevin","MultiTaille":{"1920x1440":{"url":"https:\/\/www.saint-brevin.com\/medias\/images\/prestataires\/multitailles\/1920x1440_chapelle-saint-louis-saint-brevin-1042.jpg"},"1200x900":{"url":"https:\/\/www.saint-brevin.com\/medias\/images\/prestataires\/multitailles\/1200x900_chapelle-saint-louis-saint-brevin-1042.jpg"},"800x600":{"url":"https:\/\/www.saint-brevin.com\/medias\/images\/prestataires\/multitailles\/800x600_chapelle-saint-louis-saint-brevin-1042.jpg"},"640x480":{"url":"https:\/\/www.saint-brevin.com\/medias\/images\/prestataires\/multitailles\/640x480_chapelle-saint-louis-saint-brevin-1042.jpg"},"320x240":{"url":"https:\/\/www.saint-brevin.com\/medias\/images\/prestataires\/multitailles\/320x240_chapelle-saint-louis-saint-brevin-1042.jpg"},"160x120":{"url":"https:\/\/www.saint-brevin.com\/medias\/images\/prestataires\/multitailles\/160x120_chapelle-saint-louis-saint-brevin-1042.jpg"},"origine":{"url":"https:\/\/www.saint-brevin.com\/medias\/images\/prestataires\/chapelle-saint-louis-saint-brevin-1042.jpg"}},"urlLien":"","typeLien":"|","nofollow":"N","copyright":"Ot-St-Brevin"},{"url":"https:\/\/www.saint-brevin.com\/medias\/images\/prestataires\/chapelle-saint-louis-saint-brevin-1-1044.jpg","chemin":"..\/medias\/images\/prestataires\/chapelle-saint-louis-saint-brevin-1-1044.jpg","libelle":"chapelle-saint-louis-saint-brevin-1","extension":"jpg","categorie":"","largeur":5184,"theme":"","hauteur":3456,"type":"Image","origine":"","liaisonPave":"","langue":"","id":"1044","urlVignette":"https:\/\/www.saint-brevin.com\/medias\/images\/prestataires\/v-chapelle-saint-louis-saint-brevin-1-1044.jpg","alt":"chapelle-saint-louis-saint-brevin-1","title":"chapelle-saint-louis-saint-brevin-1 - &copy Ot-St-Brevin","MultiTaille":{"1920x1440":{"url":"https:\/\/www.saint-brevin.com\/medias\/images\/prestataires\/multitailles\/1920x1440_chapelle-saint-louis-saint-brevin-1-1044.jpg"},"1200x900":{"url":"https:\/\/www.saint-brevin.com\/medias\/images\/prestataires\/multitailles\/1200x900_chapelle-saint-louis-saint-brevin-1-1044.jpg"},"800x600":{"url":"https:\/\/www.saint-brevin.com\/medias\/images\/prestataires\/multitailles\/800x600_chapelle-saint-louis-saint-brevin-1-1044.jpg"},"640x480":{"url":"https:\/\/www.saint-brevin.com\/medias\/images\/prestataires\/multitailles\/640x480_chapelle-saint-louis-saint-brevin-1-1044.jpg"},"320x240":{"url":"https:\/\/www.saint-brevin.com\/medias\/images\/prestataires\/multitailles\/320x240_chapelle-saint-louis-saint-brevin-1-1044.jpg"},"160x120":{"url":"https:\/\/www.saint-brevin.com\/medias\/images\/prestataires\/multitailles\/160x120_chapelle-saint-louis-saint-brevin-1-1044.jpg"},"origine":{"url":"https:\/\/www.saint-brevin.com\/medias\/images\/prestataires\/chapelle-saint-louis-saint-brevin-1-1044.jpg"}},"urlLien":"","typeLien":"|","nofollow":"N","copyright":"Ot-St-Brevin"}]}},"Url":"chapelle-saint-louis-de-l-ocean.html","Localisation":{"GoogleMap":{"Latitude":"47.23013","Longitude":"-2.17230"}},"ZoneGeo":"","Criteres":{"NIVPARTENAIRE[COMPLET":"","COMMUNES[SAINTBREVIN":"","AUTOURL[STBREVINSE":"","QUARTIER[OCEAN":"","DISTANCEDELAGARE[KMGARESAINTBAZAIRE":"15","DISTANCEDELAGARE[KMGAREPORNIC":"16","DISTANCEDUBUS[MARRETBREVIBUS":"200","DISTANCEDUBUS[MARRET1OCEAN":"200","DISTANCEDUCENTRE[MCENTREBREVINPIN":"50","DISTANCEMER[100A500":"","UTYPC[PATRIRELIGIEUX":"","UDPR[UCHAP":"","INSPUBMAJ[GRATUITPRECISER":"","MAJINGENIE[DATEDERNIEREMAJ":"20171117","MISEAJOUR[MAELLE":""},"DateFinPublication":"","PrixAPartirDe":"","PrixPour":"","FicheListeEnCours":"fiche_liste_patrimoine_culturel_v2017","ParametresModele":{"AfficherPhotos":"1","NbPhotosMax":6,"AfficherReserver":0,"AfficherContact":0,"AfficherSalle":1,"AfficherZoneGeo":0,"AfficherEnSavoirPlus":"1","AfficherUneSeuleOuverture":0,"AfficherContactCarte":1,"AfficherTarifsChaudAPartirDe":0,"AfficherTarifChaudSansRecherche":0,"AfficherLiensCarnetVoyage":"1","AfficherOuverture":"0","BlocCritereInfo":{"critere1":{"libelle":""},"critere2":{"libelle":""},"critere3":{"libelle":"LIBELLE_GENERAL"},"critere4":{"libelle":""},"critere5":{"libelle":""},"critere6":{"libelle":""},"critere7":{"libelle":"","liste_critere":["COMMUNES|U"]},"critere8":{"libelle":""},"afficherpictoetpaslibelle":"1"},"Criteres":"NIVPARTENAIRE[COMPLET","PositionBloc":"GALLERIE|NOM|CARNET_VOYAGE|URL","TypePrestataire":"U","ComportementResa":false,"ComportementDispo":false},"AffichageCoordonnees":[],"Coordonnees":{"Ville":"ST BREVIN LES PINS"},"ContexteId":"PRESTATAIRE|U|PCUPDL044V50415D","ContexteIdHtml":"PRESTATAIRE-U-PCUPDL044V50415D","cleContexte":"U|PCUPDL044V50415D","Bloc":{"texte1":"","texte3":"","critere1":{"libelle":"","contenu":[]},"critere2":{"libelle":"","contenu":[]},"critere3":{"libelle":"","contenu":[]},"critere4":{"libelle":"","contenu":[]},"critere5":{"libelle":"","contenu":[]},"critere6":{"libelle":"","contenu":[]},"critere7":{"libelle":"","contenu":{"COMMUNES":{"libelle":"COMMUNE","contenu":{"1":"Saint-Brevin"},"codesValeurs":{"1":"COMMUNES|SAINTBREVIN|U"},"criteres_datas":{"valeurs":{"1":{"SAINTBREVIN":{"descriptif":""}}}}}}},"critere8":{"libelle":"","contenu":[]},"critere9":{"libelle":"","contenu":[]}},"LocalisationGps":{"Latitude":"47.23013","Longitude":"-2.17230"},"libelleDuPrestataire":"","listeCriteres":{"NIVPARTENAIRE":{"COMPLET":""},"COMMUNES":{"SAINTBREVIN":""},"AUTOURL":{"STBREVINSE":""},"QUARTIER":{"OCEAN":""},"DISTANCEDELAGARE":{"KMGARESAINTBAZAIRE":"15","KMGAREPORNIC":"16"},"DISTANCEDUBUS":{"MARRETBREVIBUS":"200","MARRET1OCEAN":"200"},"DISTANCEDUCENTRE":{"MCENTREBREVINPIN":"50"},"DISTANCEMER":{"100A500":""},"UTYPC":{"PATRIRELIGIEUX":""},"UDPR":{"UCHAP":""},"INSPUBMAJ":{"GRATUITPRECISER":""},"MAJINGENIE":{"DATEDERNIEREMAJ":"20171117"},"MISEAJOUR":{"MAELLE":""}},"dansCarnetVoyage":true,"Ouverture":""},"html":" \n \u003Cdiv id=\"CV-PRESTATAIRE-U-PCUPDL044V50415D\" data-contexte-id=\"PRESTATAIRE|U|PCUPDL044V50415D\" data-cle=\"U|PCUPDL044V50415D\" class=\"fiche-liste\"\u003E\n    \n\n    \u003C!-- partie photo --\u003E\n    \u003Cdiv class=\"photo\"\u003E\t\t\t\t\t\t\t\t\t\t\t\t\t\t\t\t\t\t\t\t\t\n        \u003Cdiv class=\"cadre_photo_principale\"\u003E\t\t\n        \n            \t\t\t\t\t\n                    \u003Ca href=\"chapelle-saint-louis-de-l-ocean.html?origine=carnet#media\"\u003E\n                        \u003Cimg class=\"photo_principale\" alt=\"chapelle-saint-louis-saint-brevin\" src=\"https:\/\/www.saint-brevin.com\/medias\/images\/prestataires\/multitailles\/320x240_chapelle-saint-louis-saint-brevin-1043.jpg\" itemprop=\"image\"\u003E\n                    \u003C\/a\u003E\t\t\t\t\t\t\n                \n                    \u003C\/div\u003E\t\t\t\t\t\t\t\t\t\t\t\t\t\t\t\t\t\t\t \t\t\n    \u003C\/div\u003E\n    \n    \u003C!-- partie nom prest --\u003E\n    \u003Cdiv class=\"nom\"\u003E\n        \u003Ch2\u003EChapelle Saint Louis de l'Oc\u00e9an\u003C\/h2\u003E\n        \n            \u003C\/div\u003E\n\n         \n    \u003C!-- partie adresse --\u003E\n    \u003Cdiv class=\"adresse\"\u003E\n    \n          \n    \u003C\/div\u003E\n    \n    \u003C!-- partie liens --\u003E\n    \u003Cdiv class=\"liens\"\u003E\n            \u003Ca class=\"btn-icon btn-view \" title=\"Voir la fiche d\u00e9taill\u00e9e\" href=\"chapelle-saint-louis-de-l-ocean.html?origine=carnet\"\u003E\u003C\/a\u003E\u003C!--\u003Ca class=\"btn-icon btn-view \" title=\"\" href=\"?origine=carnet#thaut\"\u003E\u003C\/a\u003E--\u003E\n      \u003Ca class=\"btn-icon btn-trash carnet_voyage_supprimer\" title=\"Supprimer cette fiche de mon carnet de voyage\" href=\"carnet-voyage?action=remove&fiche=U|PCUPDL044V50415D\"\u003E\u003C\/a\u003E\n    \u003C\/div\u003E\n\n\u003C\/div\u003E\n\n","icon":"https:\/\/static.ingenie.fr\/images\/carnetVoyageV3\/U.png"},"fiche":"U|PCUPDL044V50415D","popup":"\u003Cdiv id=\"bloc_popup_ajout_fiche_carnet\"\u003E\n    \u003Cdiv class=\"info_popup_ajout_fiche_carnet\"\u003E\n        Vous venez d'ajouter cet \u00e9l\u00e9ment \u00e0 votre carnet de voyage :    \u003C\/div\u003E\n    \u003Cdiv class=\"prest_popup_ajout_fiche_carnet\"\u003E\n        Chapelle Saint Louis de l&#039;Oc&eacute;an    \u003C\/div\u003E\n    \u003Cdiv class=\"bloc_btn_ajout_fiche_carnet form_submit_div\"\u003E\n        \u003Cinput type=\"button\" value=\"Continuer ma s\u00e9lection\" title=\"Continuer ma s\u00e9lection\" name=\"btn_close\" class=\"btn_close_popup_carnet form_submit\" onclick=\"$.colorbox.close()\" \/\u003E\n        \u003Cinput type=\"button\" value=\"Voir mon carnet de voyage\" title=\"Voir mon carnet\" name=\"btn_panier\" class=\"btn_panier_popup_carnet form_submit\" onclick=\"if(typeof CarnetVoyage != 'undefined') {CarnetVoyage.voirCarnet();}\" \/\u003E\n    \u003C\/div\u003E\n    \u003Cdiv class=\"bloc_btn_ajout_fiche_carnet\"\u003E\n        \u003Cinput type=\"checkbox\" value=\"1\" name=\"desactiver_popup\" id=\"desactiver_popup\" \/\u003E\n        \u003Clabel for=\"desactiver_popup\"\u003ENe plus afficher ce message\u003C\/label\u003E\n    \u003C\/div\u003E\n\u003C\/div\u003E","success":1}