{"nbFiches":1,"dataPrest":{"infoPrest":{"pave1":{"libelle":"Slogan","contenu":""},"pave2":{"libelle":"Descriptif","contenu":"Si l&rsquo;&eacute;glise actuelle n&rsquo;est pas la premi&egrave;re de la commune il appara&icirc;t pourtant que le culte catholique est pr&eacute;sent sur la commune depuis longtemps. Ainsi Gr&eacute;goire de Tours y signale un culte &agrave; Saint-Martin de Vertou d&egrave;s le IV&egrave;me si&egrave;cle. La d&eacute;couverte d&rsquo;une cuve carolingienne dans le jardin du presbyt&egrave;re semble le confirmer. On trouve &eacute;galement dans l&rsquo;&eacute;glise une cuve baptismale &agrave; priori du IX&egrave;me si&egrave;cle.&nbsp;\u003Cbr \/\u003E\r\n\u003Cbr \/\u003E\r\nLes archives nous apprennent que l&#39;&eacute;glise f&ucirc;t une premi&egrave;re fois reb&acirc;tit en 1716, puis de grands travaux sont entrepris apr&egrave;s la R&eacute;volution sous le concordat napol&eacute;onien pour restaurer l&rsquo;&eacute;glise qui menacait de tomber en ruine.\u003Cbr \/\u003E\r\n\u003Cbr \/\u003E\r\nAinsi de 1804 &agrave; 1807 on lui ajoute son clocher, de bulbe ardois&eacute;, il a la forme d&#39;une croix latine. On y ajoute &eacute;galement des arcades et des chapelles lat&eacute;rales. C&rsquo;est aussi vers cette p&eacute;riode (1846) qu&rsquo;on transf&egrave;re le cimeti&egrave;re qui entourait alors l&rsquo;&eacute;glise un peu plus loin dans le village.\u003Cbr \/\u003E\r\n\u003Cbr \/\u003E\r\nL&rsquo;&eacute;glise m&eacute;lange deux styles, le style roman avec ses six arcs et le style gothiques des ouvertures.\u003Cbr \/\u003E\r\n\u003Cbr \/\u003E\r\nNe manquez pas de pousser la porte pour d&eacute;couvrir un int&eacute;rieur tr&egrave;s surprenant tout d&rsquo;abord la vo&ucirc;te en bois de la nef ressemble &agrave; s&rsquo;y m&eacute;prendre &agrave; la coque d&#39;un bateau renvers&eacute;, elle d&ucirc;t d&rsquo;ailleurs r&eacute;alis&eacute;e par des ma&icirc;tres-charpentiers de navire. On y trouve &eacute;galement 3 poutres d&rsquo;honneur, toutes 3 enserr&eacute;es par la m&acirc;choire de trois doubles t&ecirc;tes representant des animaux, rappel du bestiaire roman :&nbsp; l&rsquo;ours, le crocodile et le lion.\u003Cbr \/\u003E\r\n\u003Cbr \/\u003E\r\n\u003Cbr \/\u003E\r\nMesse : samedi &agrave; 18h, mercredi &agrave; 9h"},"pave3":{"libelle":"","contenu":""},"pave4":{"libelle":"","contenu":""},"pave5":{"libelle":"","contenu":""},"pave6":{"libelle":"","contenu":""},"pave7":{"libelle":"","contenu":""},"pave8":{"libelle":"","contenu":""},"pave9":{"libelle":"","contenu":""},"pave10":{"libelle":"","contenu":""},"pave11":{"libelle":"","contenu":""},"pave12":{"libelle":"","contenu":""},"pave13":{"libelle":"","contenu":""},"pave14":{"libelle":"","contenu":""},"pave15":{"libelle":"","contenu":""},"pave16":{"libelle":"","contenu":""},"pave17":{"libelle":"","contenu":""},"pave18":{"libelle":"","contenu":""},"pave19":{"libelle":"","contenu":""},"pave20":{"libelle":"","contenu":""},"pave21":{"libelle":"","contenu":""},"pave22":{"libelle":"","contenu":""},"pave23":{"libelle":"","contenu":""},"pave24":{"libelle":"","contenu":""},"pave25":{"libelle":"","contenu":""},"ContactsParType":{"LIEU":{"248":{"id_contact":"248","type_contact":"LIEU","categorie_contact":"PRESTATAIRE","societe_contact":"","fonction_contact":"","civilite_nom_prenom_contact":"","adresse1_contact":"1 Place de la Victoire","adresse2_contact":"","adresse3_contact":"","cpostal_contact":"44250","ville_contact":"ST BREVIN LES PINS","teldom_contact":"02 40 27 24 81","telbur_contact":"","fax_contact":"","portable_contact":"","email_contact":"paroisse.stnicolas.estuaire@gmail.com","siteweb_contact":"saintvitalsaintnicolas.wordpress.com\/","commentaire_contact":"","langue_contact":"FR","autre_moyen_com":[]}}},"Libelle":"Eglise Saint-Martin","Nom":"Eglise Saint-Martin","Prenom":"","NomPrenom":"Eglise Saint-Martin ","CiviliteNomPrenom":"Eglise Saint-Martin ","Cle":"U|PCUPDL044V503BFE","PrestataireParent":"","ContexteStat":"PRESTATAIRE-U-PCUPDL044V503BFE","DateModificationIso":"2025-11-21T11:41:00+01:00","Type":"PRESTATAIRE","TypePrestataire":"U","Adresse":{"LigneAdresse1":"Place de l'Eglise","LigneAdresse2":"","LigneAdresse3":"","CodePostal":"44560","Ville":"CORSEPT","Cedex":"","Etat":"","Pays":"FRA"},"Email":"","Telephone":"02 40 27 24 81","TelephoneBureau":"","Portable":"","SiteWeb":"https:\/\/saintvitalsaintnicolas.wordpress.com\/","Fax":"","Id":"u-pcupdl044v503bfe","Code":"U|PCUPDL044V503BFE","Fichier":{"Image":[{"url":"https:\/\/www.saint-brevin.com\/medias\/images\/prestataires\/eglise-corsept-798.jpg","chemin":"..\/medias\/images\/prestataires\/eglise-corsept-798.jpg","libelle":"eglise-corsept","extension":"jpg","categorie":"","largeur":5184,"theme":"","hauteur":3456,"type":"Image","origine":"","liaisonPave":"","langue":"","id":"798","urlVignette":"https:\/\/www.saint-brevin.com\/medias\/images\/prestataires\/v-eglise-corsept-798.jpg","alt":"eglise-corsept-saint-brevin","title":"eglise-corsept - &copy Ot-St-Brevin","MultiTaille":{"1920x1440":{"url":"https:\/\/www.saint-brevin.com\/medias\/images\/prestataires\/multitailles\/1920x1440_eglise-corsept-798.jpg"},"1200x900":{"url":"https:\/\/www.saint-brevin.com\/medias\/images\/prestataires\/multitailles\/1200x900_eglise-corsept-798.jpg"},"800x600":{"url":"https:\/\/www.saint-brevin.com\/medias\/images\/prestataires\/multitailles\/800x600_eglise-corsept-798.jpg"},"640x480":{"url":"https:\/\/www.saint-brevin.com\/medias\/images\/prestataires\/multitailles\/640x480_eglise-corsept-798.jpg"},"320x240":{"url":"https:\/\/www.saint-brevin.com\/medias\/images\/prestataires\/multitailles\/320x240_eglise-corsept-798.jpg"},"160x120":{"url":"https:\/\/www.saint-brevin.com\/medias\/images\/prestataires\/multitailles\/160x120_eglise-corsept-798.jpg"},"origine":{"url":"https:\/\/www.saint-brevin.com\/medias\/images\/prestataires\/eglise-corsept-798.jpg"}},"urlLien":"","typeLien":"|","nofollow":"N","copyright":"Ot-St-Brevin"},{"url":"https:\/\/www.saint-brevin.com\/medias\/images\/prestataires\/corsept-centreville-eglise-bd-ddufour-2021-7977.jpg","chemin":"..\/medias\/images\/prestataires\/corsept-centreville-eglise-bd-ddufour-2021-7977.jpg","libelle":"corsept-centreville-eglise-bd-ddufour-2021-7977","extension":"jpg","categorie":"","largeur":720,"theme":"","hauteur":1080,"type":"Image","origine":"","liaisonPave":"","langue":"","id":"7977","urlVignette":"https:\/\/www.saint-brevin.com\/medias\/images\/prestataires\/v-corsept-centreville-eglise-bd-ddufour-2021-7977.jpg","alt":"corsept-centreville-eglise-bd-ddufour-2021-7977","title":"corsept-centreville-eglise-bd-ddufour-2021-7977","MultiTaille":{"1920x1440":{"url":"https:\/\/www.saint-brevin.com\/medias\/images\/prestataires\/multitailles\/1920x1440_corsept-centreville-eglise-bd-ddufour-2021-7977.jpg"},"1200x900":{"url":"https:\/\/www.saint-brevin.com\/medias\/images\/prestataires\/multitailles\/1200x900_corsept-centreville-eglise-bd-ddufour-2021-7977.jpg"},"800x600":{"url":"https:\/\/www.saint-brevin.com\/medias\/images\/prestataires\/multitailles\/800x600_corsept-centreville-eglise-bd-ddufour-2021-7977.jpg"},"640x480":{"url":"https:\/\/www.saint-brevin.com\/medias\/images\/prestataires\/multitailles\/640x480_corsept-centreville-eglise-bd-ddufour-2021-7977.jpg"},"320x240":{"url":"https:\/\/www.saint-brevin.com\/medias\/images\/prestataires\/multitailles\/320x240_corsept-centreville-eglise-bd-ddufour-2021-7977.jpg"},"160x120":{"url":"https:\/\/www.saint-brevin.com\/medias\/images\/prestataires\/multitailles\/160x120_corsept-centreville-eglise-bd-ddufour-2021-7977.jpg"},"origine":{"url":"https:\/\/www.saint-brevin.com\/medias\/images\/prestataires\/corsept-centreville-eglise-bd-ddufour-2021-7977.jpg"}},"urlLien":"","typeLien":"","nofollow":"N","copyright":""},{"url":"https:\/\/www.saint-brevin.com\/medias\/images\/prestataires\/eglise-corsept-9-787.jpg","chemin":"..\/medias\/images\/prestataires\/eglise-corsept-9-787.jpg","libelle":"eglise-corsept-9","extension":"jpg","categorie":"","largeur":4368,"theme":"","hauteur":2912,"type":"Image","origine":"","liaisonPave":"","langue":"","id":"787","urlVignette":"https:\/\/www.saint-brevin.com\/medias\/images\/prestataires\/v-eglise-corsept-9-787.jpg","alt":"eglise-corsept-9","title":"eglise-corsept-9 - &copy Ot-St-Brevin","MultiTaille":{"1920x1440":{"url":"https:\/\/www.saint-brevin.com\/medias\/images\/prestataires\/multitailles\/1920x1440_eglise-corsept-9-787.jpg"},"1200x900":{"url":"https:\/\/www.saint-brevin.com\/medias\/images\/prestataires\/multitailles\/1200x900_eglise-corsept-9-787.jpg"},"800x600":{"url":"https:\/\/www.saint-brevin.com\/medias\/images\/prestataires\/multitailles\/800x600_eglise-corsept-9-787.jpg"},"640x480":{"url":"https:\/\/www.saint-brevin.com\/medias\/images\/prestataires\/multitailles\/640x480_eglise-corsept-9-787.jpg"},"320x240":{"url":"https:\/\/www.saint-brevin.com\/medias\/images\/prestataires\/multitailles\/320x240_eglise-corsept-9-787.jpg"},"160x120":{"url":"https:\/\/www.saint-brevin.com\/medias\/images\/prestataires\/multitailles\/160x120_eglise-corsept-9-787.jpg"},"origine":{"url":"https:\/\/www.saint-brevin.com\/medias\/images\/prestataires\/eglise-corsept-9-787.jpg"}},"urlLien":"","typeLien":"|","nofollow":"N","copyright":"Ot-St-Brevin"},{"url":"https:\/\/www.saint-brevin.com\/medias\/images\/prestataires\/dsc02251-web-8654.jpg","chemin":"..\/medias\/images\/prestataires\/dsc02251-web-8654.jpg","libelle":"dsc02251-web-8654","extension":"jpg","categorie":"","largeur":1000,"theme":"","hauteur":1500,"type":"Image","origine":"","liaisonPave":"","langue":"","id":"8654","urlVignette":"https:\/\/www.saint-brevin.com\/medias\/images\/prestataires\/v-dsc02251-web-8654.jpg","alt":"dsc02251-web-8654","title":"dsc02251-web-8654","MultiTaille":{"1920x1440":{"url":"https:\/\/www.saint-brevin.com\/medias\/images\/prestataires\/multitailles\/1920x1440_dsc02251-web-8654.jpg"},"1200x900":{"url":"https:\/\/www.saint-brevin.com\/medias\/images\/prestataires\/multitailles\/1200x900_dsc02251-web-8654.jpg"},"800x600":{"url":"https:\/\/www.saint-brevin.com\/medias\/images\/prestataires\/multitailles\/800x600_dsc02251-web-8654.jpg"},"640x480":{"url":"https:\/\/www.saint-brevin.com\/medias\/images\/prestataires\/multitailles\/640x480_dsc02251-web-8654.jpg"},"320x240":{"url":"https:\/\/www.saint-brevin.com\/medias\/images\/prestataires\/multitailles\/320x240_dsc02251-web-8654.jpg"},"160x120":{"url":"https:\/\/www.saint-brevin.com\/medias\/images\/prestataires\/multitailles\/160x120_dsc02251-web-8654.jpg"},"origine":{"url":"https:\/\/www.saint-brevin.com\/medias\/images\/prestataires\/dsc02251-web-8654.jpg"}},"urlLien":"","typeLien":"","nofollow":"N","copyright":""},{"url":"https:\/\/www.saint-brevin.com\/medias\/images\/prestataires\/dsc02256-web-8655.jpg","chemin":"..\/medias\/images\/prestataires\/dsc02256-web-8655.jpg","libelle":"dsc02256-web-8655","extension":"jpg","categorie":"","largeur":1000,"theme":"","hauteur":1500,"type":"Image","origine":"","liaisonPave":"","langue":"","id":"8655","urlVignette":"https:\/\/www.saint-brevin.com\/medias\/images\/prestataires\/v-dsc02256-web-8655.jpg","alt":"dsc02256-web-8655","title":"dsc02256-web-8655","MultiTaille":{"1920x1440":{"url":"https:\/\/www.saint-brevin.com\/medias\/images\/prestataires\/multitailles\/1920x1440_dsc02256-web-8655.jpg"},"1200x900":{"url":"https:\/\/www.saint-brevin.com\/medias\/images\/prestataires\/multitailles\/1200x900_dsc02256-web-8655.jpg"},"800x600":{"url":"https:\/\/www.saint-brevin.com\/medias\/images\/prestataires\/multitailles\/800x600_dsc02256-web-8655.jpg"},"640x480":{"url":"https:\/\/www.saint-brevin.com\/medias\/images\/prestataires\/multitailles\/640x480_dsc02256-web-8655.jpg"},"320x240":{"url":"https:\/\/www.saint-brevin.com\/medias\/images\/prestataires\/multitailles\/320x240_dsc02256-web-8655.jpg"},"160x120":{"url":"https:\/\/www.saint-brevin.com\/medias\/images\/prestataires\/multitailles\/160x120_dsc02256-web-8655.jpg"},"origine":{"url":"https:\/\/www.saint-brevin.com\/medias\/images\/prestataires\/dsc02256-web-8655.jpg"}},"urlLien":"","typeLien":"","nofollow":"N","copyright":""},{"url":"https:\/\/www.saint-brevin.com\/medias\/images\/prestataires\/dsc02257-web-8656.jpg","chemin":"..\/medias\/images\/prestataires\/dsc02257-web-8656.jpg","libelle":"dsc02257-web-8656","extension":"jpg","categorie":"","largeur":1000,"theme":"","hauteur":1500,"type":"Image","origine":"","liaisonPave":"","langue":"","id":"8656","urlVignette":"https:\/\/www.saint-brevin.com\/medias\/images\/prestataires\/v-dsc02257-web-8656.jpg","alt":"dsc02257-web-8656","title":"dsc02257-web-8656","MultiTaille":{"1920x1440":{"url":"https:\/\/www.saint-brevin.com\/medias\/images\/prestataires\/multitailles\/1920x1440_dsc02257-web-8656.jpg"},"1200x900":{"url":"https:\/\/www.saint-brevin.com\/medias\/images\/prestataires\/multitailles\/1200x900_dsc02257-web-8656.jpg"},"800x600":{"url":"https:\/\/www.saint-brevin.com\/medias\/images\/prestataires\/multitailles\/800x600_dsc02257-web-8656.jpg"},"640x480":{"url":"https:\/\/www.saint-brevin.com\/medias\/images\/prestataires\/multitailles\/640x480_dsc02257-web-8656.jpg"},"320x240":{"url":"https:\/\/www.saint-brevin.com\/medias\/images\/prestataires\/multitailles\/320x240_dsc02257-web-8656.jpg"},"160x120":{"url":"https:\/\/www.saint-brevin.com\/medias\/images\/prestataires\/multitailles\/160x120_dsc02257-web-8656.jpg"},"origine":{"url":"https:\/\/www.saint-brevin.com\/medias\/images\/prestataires\/dsc02257-web-8656.jpg"}},"urlLien":"","typeLien":"","nofollow":"N","copyright":""},{"url":"https:\/\/www.saint-brevin.com\/medias\/images\/prestataires\/dsc02259-web-8657.jpg","chemin":"..\/medias\/images\/prestataires\/dsc02259-web-8657.jpg","libelle":"dsc02259-web-8657","extension":"jpg","categorie":"","largeur":1500,"theme":"","hauteur":1000,"type":"Image","origine":"","liaisonPave":"","langue":"","id":"8657","urlVignette":"https:\/\/www.saint-brevin.com\/medias\/images\/prestataires\/v-dsc02259-web-8657.jpg","alt":"dsc02259-web-8657","title":"dsc02259-web-8657","MultiTaille":{"1920x1440":{"url":"https:\/\/www.saint-brevin.com\/medias\/images\/prestataires\/multitailles\/1920x1440_dsc02259-web-8657.jpg"},"1200x900":{"url":"https:\/\/www.saint-brevin.com\/medias\/images\/prestataires\/multitailles\/1200x900_dsc02259-web-8657.jpg"},"800x600":{"url":"https:\/\/www.saint-brevin.com\/medias\/images\/prestataires\/multitailles\/800x600_dsc02259-web-8657.jpg"},"640x480":{"url":"https:\/\/www.saint-brevin.com\/medias\/images\/prestataires\/multitailles\/640x480_dsc02259-web-8657.jpg"},"320x240":{"url":"https:\/\/www.saint-brevin.com\/medias\/images\/prestataires\/multitailles\/320x240_dsc02259-web-8657.jpg"},"160x120":{"url":"https:\/\/www.saint-brevin.com\/medias\/images\/prestataires\/multitailles\/160x120_dsc02259-web-8657.jpg"},"origine":{"url":"https:\/\/www.saint-brevin.com\/medias\/images\/prestataires\/dsc02259-web-8657.jpg"}},"urlLien":"","typeLien":"","nofollow":"N","copyright":""},{"url":"https:\/\/www.saint-brevin.com\/medias\/images\/prestataires\/dsc02261-web-8658.jpg","chemin":"..\/medias\/images\/prestataires\/dsc02261-web-8658.jpg","libelle":"dsc02261-web-8658","extension":"jpg","categorie":"","largeur":1500,"theme":"","hauteur":1001,"type":"Image","origine":"","liaisonPave":"","langue":"","id":"8658","urlVignette":"https:\/\/www.saint-brevin.com\/medias\/images\/prestataires\/v-dsc02261-web-8658.jpg","alt":"dsc02261-web-8658","title":"dsc02261-web-8658","MultiTaille":{"1920x1440":{"url":"https:\/\/www.saint-brevin.com\/medias\/images\/prestataires\/multitailles\/1920x1440_dsc02261-web-8658.jpg"},"1200x900":{"url":"https:\/\/www.saint-brevin.com\/medias\/images\/prestataires\/multitailles\/1200x900_dsc02261-web-8658.jpg"},"800x600":{"url":"https:\/\/www.saint-brevin.com\/medias\/images\/prestataires\/multitailles\/800x600_dsc02261-web-8658.jpg"},"640x480":{"url":"https:\/\/www.saint-brevin.com\/medias\/images\/prestataires\/multitailles\/640x480_dsc02261-web-8658.jpg"},"320x240":{"url":"https:\/\/www.saint-brevin.com\/medias\/images\/prestataires\/multitailles\/320x240_dsc02261-web-8658.jpg"},"160x120":{"url":"https:\/\/www.saint-brevin.com\/medias\/images\/prestataires\/multitailles\/160x120_dsc02261-web-8658.jpg"},"origine":{"url":"https:\/\/www.saint-brevin.com\/medias\/images\/prestataires\/dsc02261-web-8658.jpg"}},"urlLien":"","typeLien":"","nofollow":"N","copyright":""},{"url":"https:\/\/www.saint-brevin.com\/medias\/images\/prestataires\/dsc02269-web-8659.jpg","chemin":"..\/medias\/images\/prestataires\/dsc02269-web-8659.jpg","libelle":"dsc02269-web-8659","extension":"jpg","categorie":"","largeur":1500,"theme":"","hauteur":1000,"type":"Image","origine":"","liaisonPave":"","langue":"","id":"8659","urlVignette":"https:\/\/www.saint-brevin.com\/medias\/images\/prestataires\/v-dsc02269-web-8659.jpg","alt":"dsc02269-web-8659","title":"dsc02269-web-8659","MultiTaille":{"1920x1440":{"url":"https:\/\/www.saint-brevin.com\/medias\/images\/prestataires\/multitailles\/1920x1440_dsc02269-web-8659.jpg"},"1200x900":{"url":"https:\/\/www.saint-brevin.com\/medias\/images\/prestataires\/multitailles\/1200x900_dsc02269-web-8659.jpg"},"800x600":{"url":"https:\/\/www.saint-brevin.com\/medias\/images\/prestataires\/multitailles\/800x600_dsc02269-web-8659.jpg"},"640x480":{"url":"https:\/\/www.saint-brevin.com\/medias\/images\/prestataires\/multitailles\/640x480_dsc02269-web-8659.jpg"},"320x240":{"url":"https:\/\/www.saint-brevin.com\/medias\/images\/prestataires\/multitailles\/320x240_dsc02269-web-8659.jpg"},"160x120":{"url":"https:\/\/www.saint-brevin.com\/medias\/images\/prestataires\/multitailles\/160x120_dsc02269-web-8659.jpg"},"origine":{"url":"https:\/\/www.saint-brevin.com\/medias\/images\/prestataires\/dsc02269-web-8659.jpg"}},"urlLien":"","typeLien":"","nofollow":"N","copyright":""}],"ByCategorie":{"":[{"url":"https:\/\/www.saint-brevin.com\/medias\/images\/prestataires\/eglise-corsept-798.jpg","chemin":"..\/medias\/images\/prestataires\/eglise-corsept-798.jpg","libelle":"eglise-corsept","extension":"jpg","categorie":"","largeur":5184,"theme":"","hauteur":3456,"type":"Image","origine":"","liaisonPave":"","langue":"","id":"798","urlVignette":"https:\/\/www.saint-brevin.com\/medias\/images\/prestataires\/v-eglise-corsept-798.jpg","alt":"eglise-corsept-saint-brevin","title":"eglise-corsept - &copy Ot-St-Brevin","MultiTaille":{"1920x1440":{"url":"https:\/\/www.saint-brevin.com\/medias\/images\/prestataires\/multitailles\/1920x1440_eglise-corsept-798.jpg"},"1200x900":{"url":"https:\/\/www.saint-brevin.com\/medias\/images\/prestataires\/multitailles\/1200x900_eglise-corsept-798.jpg"},"800x600":{"url":"https:\/\/www.saint-brevin.com\/medias\/images\/prestataires\/multitailles\/800x600_eglise-corsept-798.jpg"},"640x480":{"url":"https:\/\/www.saint-brevin.com\/medias\/images\/prestataires\/multitailles\/640x480_eglise-corsept-798.jpg"},"320x240":{"url":"https:\/\/www.saint-brevin.com\/medias\/images\/prestataires\/multitailles\/320x240_eglise-corsept-798.jpg"},"160x120":{"url":"https:\/\/www.saint-brevin.com\/medias\/images\/prestataires\/multitailles\/160x120_eglise-corsept-798.jpg"},"origine":{"url":"https:\/\/www.saint-brevin.com\/medias\/images\/prestataires\/eglise-corsept-798.jpg"}},"urlLien":"","typeLien":"|","nofollow":"N","copyright":"Ot-St-Brevin"},{"url":"https:\/\/www.saint-brevin.com\/medias\/images\/prestataires\/corsept-centreville-eglise-bd-ddufour-2021-7977.jpg","chemin":"..\/medias\/images\/prestataires\/corsept-centreville-eglise-bd-ddufour-2021-7977.jpg","libelle":"corsept-centreville-eglise-bd-ddufour-2021-7977","extension":"jpg","categorie":"","largeur":720,"theme":"","hauteur":1080,"type":"Image","origine":"","liaisonPave":"","langue":"","id":"7977","urlVignette":"https:\/\/www.saint-brevin.com\/medias\/images\/prestataires\/v-corsept-centreville-eglise-bd-ddufour-2021-7977.jpg","alt":"corsept-centreville-eglise-bd-ddufour-2021-7977","title":"corsept-centreville-eglise-bd-ddufour-2021-7977","MultiTaille":{"1920x1440":{"url":"https:\/\/www.saint-brevin.com\/medias\/images\/prestataires\/multitailles\/1920x1440_corsept-centreville-eglise-bd-ddufour-2021-7977.jpg"},"1200x900":{"url":"https:\/\/www.saint-brevin.com\/medias\/images\/prestataires\/multitailles\/1200x900_corsept-centreville-eglise-bd-ddufour-2021-7977.jpg"},"800x600":{"url":"https:\/\/www.saint-brevin.com\/medias\/images\/prestataires\/multitailles\/800x600_corsept-centreville-eglise-bd-ddufour-2021-7977.jpg"},"640x480":{"url":"https:\/\/www.saint-brevin.com\/medias\/images\/prestataires\/multitailles\/640x480_corsept-centreville-eglise-bd-ddufour-2021-7977.jpg"},"320x240":{"url":"https:\/\/www.saint-brevin.com\/medias\/images\/prestataires\/multitailles\/320x240_corsept-centreville-eglise-bd-ddufour-2021-7977.jpg"},"160x120":{"url":"https:\/\/www.saint-brevin.com\/medias\/images\/prestataires\/multitailles\/160x120_corsept-centreville-eglise-bd-ddufour-2021-7977.jpg"},"origine":{"url":"https:\/\/www.saint-brevin.com\/medias\/images\/prestataires\/corsept-centreville-eglise-bd-ddufour-2021-7977.jpg"}},"urlLien":"","typeLien":"","nofollow":"N","copyright":""},{"url":"https:\/\/www.saint-brevin.com\/medias\/images\/prestataires\/eglise-corsept-9-787.jpg","chemin":"..\/medias\/images\/prestataires\/eglise-corsept-9-787.jpg","libelle":"eglise-corsept-9","extension":"jpg","categorie":"","largeur":4368,"theme":"","hauteur":2912,"type":"Image","origine":"","liaisonPave":"","langue":"","id":"787","urlVignette":"https:\/\/www.saint-brevin.com\/medias\/images\/prestataires\/v-eglise-corsept-9-787.jpg","alt":"eglise-corsept-9","title":"eglise-corsept-9 - &copy Ot-St-Brevin","MultiTaille":{"1920x1440":{"url":"https:\/\/www.saint-brevin.com\/medias\/images\/prestataires\/multitailles\/1920x1440_eglise-corsept-9-787.jpg"},"1200x900":{"url":"https:\/\/www.saint-brevin.com\/medias\/images\/prestataires\/multitailles\/1200x900_eglise-corsept-9-787.jpg"},"800x600":{"url":"https:\/\/www.saint-brevin.com\/medias\/images\/prestataires\/multitailles\/800x600_eglise-corsept-9-787.jpg"},"640x480":{"url":"https:\/\/www.saint-brevin.com\/medias\/images\/prestataires\/multitailles\/640x480_eglise-corsept-9-787.jpg"},"320x240":{"url":"https:\/\/www.saint-brevin.com\/medias\/images\/prestataires\/multitailles\/320x240_eglise-corsept-9-787.jpg"},"160x120":{"url":"https:\/\/www.saint-brevin.com\/medias\/images\/prestataires\/multitailles\/160x120_eglise-corsept-9-787.jpg"},"origine":{"url":"https:\/\/www.saint-brevin.com\/medias\/images\/prestataires\/eglise-corsept-9-787.jpg"}},"urlLien":"","typeLien":"|","nofollow":"N","copyright":"Ot-St-Brevin"},{"url":"https:\/\/www.saint-brevin.com\/medias\/images\/prestataires\/dsc02251-web-8654.jpg","chemin":"..\/medias\/images\/prestataires\/dsc02251-web-8654.jpg","libelle":"dsc02251-web-8654","extension":"jpg","categorie":"","largeur":1000,"theme":"","hauteur":1500,"type":"Image","origine":"","liaisonPave":"","langue":"","id":"8654","urlVignette":"https:\/\/www.saint-brevin.com\/medias\/images\/prestataires\/v-dsc02251-web-8654.jpg","alt":"dsc02251-web-8654","title":"dsc02251-web-8654","MultiTaille":{"1920x1440":{"url":"https:\/\/www.saint-brevin.com\/medias\/images\/prestataires\/multitailles\/1920x1440_dsc02251-web-8654.jpg"},"1200x900":{"url":"https:\/\/www.saint-brevin.com\/medias\/images\/prestataires\/multitailles\/1200x900_dsc02251-web-8654.jpg"},"800x600":{"url":"https:\/\/www.saint-brevin.com\/medias\/images\/prestataires\/multitailles\/800x600_dsc02251-web-8654.jpg"},"640x480":{"url":"https:\/\/www.saint-brevin.com\/medias\/images\/prestataires\/multitailles\/640x480_dsc02251-web-8654.jpg"},"320x240":{"url":"https:\/\/www.saint-brevin.com\/medias\/images\/prestataires\/multitailles\/320x240_dsc02251-web-8654.jpg"},"160x120":{"url":"https:\/\/www.saint-brevin.com\/medias\/images\/prestataires\/multitailles\/160x120_dsc02251-web-8654.jpg"},"origine":{"url":"https:\/\/www.saint-brevin.com\/medias\/images\/prestataires\/dsc02251-web-8654.jpg"}},"urlLien":"","typeLien":"","nofollow":"N","copyright":""},{"url":"https:\/\/www.saint-brevin.com\/medias\/images\/prestataires\/dsc02256-web-8655.jpg","chemin":"..\/medias\/images\/prestataires\/dsc02256-web-8655.jpg","libelle":"dsc02256-web-8655","extension":"jpg","categorie":"","largeur":1000,"theme":"","hauteur":1500,"type":"Image","origine":"","liaisonPave":"","langue":"","id":"8655","urlVignette":"https:\/\/www.saint-brevin.com\/medias\/images\/prestataires\/v-dsc02256-web-8655.jpg","alt":"dsc02256-web-8655","title":"dsc02256-web-8655","MultiTaille":{"1920x1440":{"url":"https:\/\/www.saint-brevin.com\/medias\/images\/prestataires\/multitailles\/1920x1440_dsc02256-web-8655.jpg"},"1200x900":{"url":"https:\/\/www.saint-brevin.com\/medias\/images\/prestataires\/multitailles\/1200x900_dsc02256-web-8655.jpg"},"800x600":{"url":"https:\/\/www.saint-brevin.com\/medias\/images\/prestataires\/multitailles\/800x600_dsc02256-web-8655.jpg"},"640x480":{"url":"https:\/\/www.saint-brevin.com\/medias\/images\/prestataires\/multitailles\/640x480_dsc02256-web-8655.jpg"},"320x240":{"url":"https:\/\/www.saint-brevin.com\/medias\/images\/prestataires\/multitailles\/320x240_dsc02256-web-8655.jpg"},"160x120":{"url":"https:\/\/www.saint-brevin.com\/medias\/images\/prestataires\/multitailles\/160x120_dsc02256-web-8655.jpg"},"origine":{"url":"https:\/\/www.saint-brevin.com\/medias\/images\/prestataires\/dsc02256-web-8655.jpg"}},"urlLien":"","typeLien":"","nofollow":"N","copyright":""},{"url":"https:\/\/www.saint-brevin.com\/medias\/images\/prestataires\/dsc02257-web-8656.jpg","chemin":"..\/medias\/images\/prestataires\/dsc02257-web-8656.jpg","libelle":"dsc02257-web-8656","extension":"jpg","categorie":"","largeur":1000,"theme":"","hauteur":1500,"type":"Image","origine":"","liaisonPave":"","langue":"","id":"8656","urlVignette":"https:\/\/www.saint-brevin.com\/medias\/images\/prestataires\/v-dsc02257-web-8656.jpg","alt":"dsc02257-web-8656","title":"dsc02257-web-8656","MultiTaille":{"1920x1440":{"url":"https:\/\/www.saint-brevin.com\/medias\/images\/prestataires\/multitailles\/1920x1440_dsc02257-web-8656.jpg"},"1200x900":{"url":"https:\/\/www.saint-brevin.com\/medias\/images\/prestataires\/multitailles\/1200x900_dsc02257-web-8656.jpg"},"800x600":{"url":"https:\/\/www.saint-brevin.com\/medias\/images\/prestataires\/multitailles\/800x600_dsc02257-web-8656.jpg"},"640x480":{"url":"https:\/\/www.saint-brevin.com\/medias\/images\/prestataires\/multitailles\/640x480_dsc02257-web-8656.jpg"},"320x240":{"url":"https:\/\/www.saint-brevin.com\/medias\/images\/prestataires\/multitailles\/320x240_dsc02257-web-8656.jpg"},"160x120":{"url":"https:\/\/www.saint-brevin.com\/medias\/images\/prestataires\/multitailles\/160x120_dsc02257-web-8656.jpg"},"origine":{"url":"https:\/\/www.saint-brevin.com\/medias\/images\/prestataires\/dsc02257-web-8656.jpg"}},"urlLien":"","typeLien":"","nofollow":"N","copyright":""},{"url":"https:\/\/www.saint-brevin.com\/medias\/images\/prestataires\/dsc02259-web-8657.jpg","chemin":"..\/medias\/images\/prestataires\/dsc02259-web-8657.jpg","libelle":"dsc02259-web-8657","extension":"jpg","categorie":"","largeur":1500,"theme":"","hauteur":1000,"type":"Image","origine":"","liaisonPave":"","langue":"","id":"8657","urlVignette":"https:\/\/www.saint-brevin.com\/medias\/images\/prestataires\/v-dsc02259-web-8657.jpg","alt":"dsc02259-web-8657","title":"dsc02259-web-8657","MultiTaille":{"1920x1440":{"url":"https:\/\/www.saint-brevin.com\/medias\/images\/prestataires\/multitailles\/1920x1440_dsc02259-web-8657.jpg"},"1200x900":{"url":"https:\/\/www.saint-brevin.com\/medias\/images\/prestataires\/multitailles\/1200x900_dsc02259-web-8657.jpg"},"800x600":{"url":"https:\/\/www.saint-brevin.com\/medias\/images\/prestataires\/multitailles\/800x600_dsc02259-web-8657.jpg"},"640x480":{"url":"https:\/\/www.saint-brevin.com\/medias\/images\/prestataires\/multitailles\/640x480_dsc02259-web-8657.jpg"},"320x240":{"url":"https:\/\/www.saint-brevin.com\/medias\/images\/prestataires\/multitailles\/320x240_dsc02259-web-8657.jpg"},"160x120":{"url":"https:\/\/www.saint-brevin.com\/medias\/images\/prestataires\/multitailles\/160x120_dsc02259-web-8657.jpg"},"origine":{"url":"https:\/\/www.saint-brevin.com\/medias\/images\/prestataires\/dsc02259-web-8657.jpg"}},"urlLien":"","typeLien":"","nofollow":"N","copyright":""},{"url":"https:\/\/www.saint-brevin.com\/medias\/images\/prestataires\/dsc02261-web-8658.jpg","chemin":"..\/medias\/images\/prestataires\/dsc02261-web-8658.jpg","libelle":"dsc02261-web-8658","extension":"jpg","categorie":"","largeur":1500,"theme":"","hauteur":1001,"type":"Image","origine":"","liaisonPave":"","langue":"","id":"8658","urlVignette":"https:\/\/www.saint-brevin.com\/medias\/images\/prestataires\/v-dsc02261-web-8658.jpg","alt":"dsc02261-web-8658","title":"dsc02261-web-8658","MultiTaille":{"1920x1440":{"url":"https:\/\/www.saint-brevin.com\/medias\/images\/prestataires\/multitailles\/1920x1440_dsc02261-web-8658.jpg"},"1200x900":{"url":"https:\/\/www.saint-brevin.com\/medias\/images\/prestataires\/multitailles\/1200x900_dsc02261-web-8658.jpg"},"800x600":{"url":"https:\/\/www.saint-brevin.com\/medias\/images\/prestataires\/multitailles\/800x600_dsc02261-web-8658.jpg"},"640x480":{"url":"https:\/\/www.saint-brevin.com\/medias\/images\/prestataires\/multitailles\/640x480_dsc02261-web-8658.jpg"},"320x240":{"url":"https:\/\/www.saint-brevin.com\/medias\/images\/prestataires\/multitailles\/320x240_dsc02261-web-8658.jpg"},"160x120":{"url":"https:\/\/www.saint-brevin.com\/medias\/images\/prestataires\/multitailles\/160x120_dsc02261-web-8658.jpg"},"origine":{"url":"https:\/\/www.saint-brevin.com\/medias\/images\/prestataires\/dsc02261-web-8658.jpg"}},"urlLien":"","typeLien":"","nofollow":"N","copyright":""},{"url":"https:\/\/www.saint-brevin.com\/medias\/images\/prestataires\/dsc02269-web-8659.jpg","chemin":"..\/medias\/images\/prestataires\/dsc02269-web-8659.jpg","libelle":"dsc02269-web-8659","extension":"jpg","categorie":"","largeur":1500,"theme":"","hauteur":1000,"type":"Image","origine":"","liaisonPave":"","langue":"","id":"8659","urlVignette":"https:\/\/www.saint-brevin.com\/medias\/images\/prestataires\/v-dsc02269-web-8659.jpg","alt":"dsc02269-web-8659","title":"dsc02269-web-8659","MultiTaille":{"1920x1440":{"url":"https:\/\/www.saint-brevin.com\/medias\/images\/prestataires\/multitailles\/1920x1440_dsc02269-web-8659.jpg"},"1200x900":{"url":"https:\/\/www.saint-brevin.com\/medias\/images\/prestataires\/multitailles\/1200x900_dsc02269-web-8659.jpg"},"800x600":{"url":"https:\/\/www.saint-brevin.com\/medias\/images\/prestataires\/multitailles\/800x600_dsc02269-web-8659.jpg"},"640x480":{"url":"https:\/\/www.saint-brevin.com\/medias\/images\/prestataires\/multitailles\/640x480_dsc02269-web-8659.jpg"},"320x240":{"url":"https:\/\/www.saint-brevin.com\/medias\/images\/prestataires\/multitailles\/320x240_dsc02269-web-8659.jpg"},"160x120":{"url":"https:\/\/www.saint-brevin.com\/medias\/images\/prestataires\/multitailles\/160x120_dsc02269-web-8659.jpg"},"origine":{"url":"https:\/\/www.saint-brevin.com\/medias\/images\/prestataires\/dsc02269-web-8659.jpg"}},"urlLien":"","typeLien":"","nofollow":"N","copyright":""}]}},"Url":"eglise-saint-martin.html","Localisation":{"GoogleMap":{"Latitude":"47.27803","Longitude":"-2.05796"}},"ZoneGeo":"","Criteres":{"NIVPARTENAIRE[COMPLET":"","COMMUNES[CORSEPT":"","AUTOURL[STBREVINSE":"","DISTANCEDELAGARE[KMGARESAINTBAZAIRE":"19","DISTANCEDELAGARE[KMGAREPORNIC":"21","DISTANCEDUCENTRE[MCORSEPT":"170","DISTANCEMER[PLUSDE2KM":"","DISTANCEMER[KMDELAMER":"9","UTYPC[PATRIRELIGIEUX":"","UPERSI[UXIX":"","UDPR[UEGLI":"","LVISI[UVISLI":"","LVISI[UVGL":"","ANIACC[ANNON":"","UDLTH[SAAAA":"","INSPUBMAJ[GRATUITPRECISER":"","MAJINGENIE[DATEDERNIEREMAJ":"20230314","MISEAJOUR[AMANDINE":"","AISGT[AODCA":""},"DateFinPublication":"","PrixAPartirDe":"","PrixPour":"","FicheListeEnCours":"fiche_liste_patrimoine_culturel_v2017","ParametresModele":{"AfficherPhotos":"1","NbPhotosMax":6,"AfficherReserver":0,"AfficherContact":0,"AfficherSalle":1,"AfficherZoneGeo":0,"AfficherEnSavoirPlus":"1","AfficherUneSeuleOuverture":0,"AfficherContactCarte":1,"AfficherTarifsChaudAPartirDe":0,"AfficherTarifChaudSansRecherche":0,"AfficherLiensCarnetVoyage":"1","AfficherOuverture":"0","BlocCritereInfo":{"critere1":{"libelle":""},"critere2":{"libelle":""},"critere3":{"libelle":"LIBELLE_GENERAL"},"critere4":{"libelle":""},"critere5":{"libelle":""},"critere6":{"libelle":""},"critere7":{"libelle":"","liste_critere":["COMMUNES|U"]},"critere8":{"libelle":""},"afficherpictoetpaslibelle":"1"},"Criteres":"NIVPARTENAIRE[COMPLET","PositionBloc":"GALLERIE|NOM|CARNET_VOYAGE|URL","TypePrestataire":"U","ComportementResa":false,"ComportementDispo":false},"AffichageCoordonnees":[],"Coordonnees":{"Ville":"CORSEPT"},"ContexteId":"PRESTATAIRE|U|PCUPDL044V503BFE","ContexteIdHtml":"PRESTATAIRE-U-PCUPDL044V503BFE","cleContexte":"U|PCUPDL044V503BFE","Bloc":{"texte1":"","texte3":"","critere1":{"libelle":"","contenu":[]},"critere2":{"libelle":"","contenu":[]},"critere3":{"libelle":"","contenu":[]},"critere4":{"libelle":"","contenu":[]},"critere5":{"libelle":"","contenu":[]},"critere6":{"libelle":"","contenu":[]},"critere7":{"libelle":"","contenu":{"COMMUNES":{"libelle":"COMMUNE","contenu":{"3":"Corsept"},"codesValeurs":{"3":"COMMUNES|CORSEPT|U"},"criteres_datas":{"valeurs":{"3":{"CORSEPT":{"descriptif":""}}}}}}},"critere8":{"libelle":"","contenu":[]},"critere9":{"libelle":"","contenu":[]}},"LocalisationGps":{"Latitude":"47.27803","Longitude":"-2.05796"},"libelleDuPrestataire":"","listeCriteres":{"NIVPARTENAIRE":{"COMPLET":""},"COMMUNES":{"CORSEPT":""},"AUTOURL":{"STBREVINSE":""},"DISTANCEDELAGARE":{"KMGARESAINTBAZAIRE":"19","KMGAREPORNIC":"21"},"DISTANCEDUCENTRE":{"MCORSEPT":"170"},"DISTANCEMER":{"PLUSDE2KM":"","KMDELAMER":"9"},"UTYPC":{"PATRIRELIGIEUX":""},"UPERSI":{"UXIX":""},"UDPR":{"UEGLI":""},"LVISI":{"UVISLI":"","UVGL":""},"ANIACC":{"ANNON":""},"UDLTH":{"SAAAA":""},"INSPUBMAJ":{"GRATUITPRECISER":""},"MAJINGENIE":{"DATEDERNIEREMAJ":"20230314"},"MISEAJOUR":{"AMANDINE":""},"AISGT":{"AODCA":""}},"dansCarnetVoyage":true,"Ouverture":""},"html":" \n \u003Cdiv id=\"CV-PRESTATAIRE-U-PCUPDL044V503BFE\" data-contexte-id=\"PRESTATAIRE|U|PCUPDL044V503BFE\" data-cle=\"U|PCUPDL044V503BFE\" class=\"fiche-liste\"\u003E\n    \n\n    \u003C!-- partie photo --\u003E\n    \u003Cdiv class=\"photo\"\u003E\t\t\t\t\t\t\t\t\t\t\t\t\t\t\t\t\t\t\t\t\t\n        \u003Cdiv class=\"cadre_photo_principale\"\u003E\t\t\n        \n            \t\t\t\t\t\n                    \u003Ca href=\"eglise-saint-martin.html?origine=carnet#media\"\u003E\n                        \u003Cimg class=\"photo_principale\" alt=\"eglise-corsept\" src=\"https:\/\/www.saint-brevin.com\/medias\/images\/prestataires\/multitailles\/320x240_eglise-corsept-798.jpg\" itemprop=\"image\"\u003E\n                    \u003C\/a\u003E\t\t\t\t\t\t\n                \n                    \u003C\/div\u003E\t\t\t\t\t\t\t\t\t\t\t\t\t\t\t\t\t\t\t \t\t\n    \u003C\/div\u003E\n    \n    \u003C!-- partie nom prest --\u003E\n    \u003Cdiv class=\"nom\"\u003E\n        \u003Ch2\u003EEglise Saint-Martin\u003C\/h2\u003E\n        \n            \u003C\/div\u003E\n\n         \n    \u003C!-- partie adresse --\u003E\n    \u003Cdiv class=\"adresse\"\u003E\n    \n          \n    \u003C\/div\u003E\n    \n    \u003C!-- partie liens --\u003E\n    \u003Cdiv class=\"liens\"\u003E\n            \u003Ca class=\"btn-icon btn-view \" title=\"Voir la fiche d\u00e9taill\u00e9e\" href=\"eglise-saint-martin.html?origine=carnet\"\u003E\u003C\/a\u003E\u003C!--\u003Ca class=\"btn-icon btn-view \" title=\"\" href=\"?origine=carnet#thaut\"\u003E\u003C\/a\u003E--\u003E\n      \u003Ca class=\"btn-icon btn-trash carnet_voyage_supprimer\" title=\"Supprimer cette fiche de mon carnet de voyage\" href=\"carnet-voyage?action=remove&fiche=U|PCUPDL044V503BFE\"\u003E\u003C\/a\u003E\n    \u003C\/div\u003E\n\n\u003C\/div\u003E\n\n","icon":"https:\/\/static.ingenie.fr\/images\/carnetVoyageV3\/U.png"},"fiche":"U|PCUPDL044V503BFE","popup":"\u003Cdiv id=\"bloc_popup_ajout_fiche_carnet\"\u003E\n    \u003Cdiv class=\"info_popup_ajout_fiche_carnet\"\u003E\n        Vous venez d'ajouter cet \u00e9l\u00e9ment \u00e0 votre carnet de voyage :    \u003C\/div\u003E\n    \u003Cdiv class=\"prest_popup_ajout_fiche_carnet\"\u003E\n        Eglise Saint-Martin    \u003C\/div\u003E\n    \u003Cdiv class=\"bloc_btn_ajout_fiche_carnet form_submit_div\"\u003E\n        \u003Cinput type=\"button\" value=\"Continuer ma s\u00e9lection\" title=\"Continuer ma s\u00e9lection\" name=\"btn_close\" class=\"btn_close_popup_carnet form_submit\" onclick=\"$.colorbox.close()\" \/\u003E\n        \u003Cinput type=\"button\" value=\"Voir mon carnet de voyage\" title=\"Voir mon carnet\" name=\"btn_panier\" class=\"btn_panier_popup_carnet form_submit\" onclick=\"if(typeof CarnetVoyage != 'undefined') {CarnetVoyage.voirCarnet();}\" \/\u003E\n    \u003C\/div\u003E\n    \u003Cdiv class=\"bloc_btn_ajout_fiche_carnet\"\u003E\n        \u003Cinput type=\"checkbox\" value=\"1\" name=\"desactiver_popup\" id=\"desactiver_popup\" \/\u003E\n        \u003Clabel for=\"desactiver_popup\"\u003ENe plus afficher ce message\u003C\/label\u003E\n    \u003C\/div\u003E\n\u003C\/div\u003E","success":1}