{"nbFiches":1,"dataPrest":{"infoPrest":{"pave1":{"libelle":"Slogan","contenu":""},"pave2":{"libelle":"Descriptif","contenu":"Le menhir de la Pierre Bonde, haut de 2m70, s&rsquo;&eacute;l&egrave;ve au-dessus des prairies humides du marais G&eacute;deau.\u003Cbr \/\u003E\r\n\u003Cbr \/\u003E\r\nPitre de Lisle nous rapporte une l&eacute;gende qui lui est racont&eacute;e par un cultivateur qui travaillait dans le champ voisin lorsqu&#39;il visite le menhir : &quot;Lorsque Gargantua construisait la Rochette (cromelech de Saint-P&egrave;re-en-Retz), il revenait un soir, en portant une grosse pierre sur son &eacute;paule lorsqu&rsquo;il trouva devant lui un ruisseau. Il voulut le sauter d&rsquo;une enjamb&eacute;e mais pendant qu&rsquo;il sautait, la pierre lui &eacute;chappa. Elle se piqua debout dans le ruisseau, dont elle arr&ecirc;ta le cours. Petit &agrave; petit les eaux grossirent et form&egrave;rent le marais qu&rsquo;on voit aujourd&rsquo;hui, d&rsquo;o&ugrave; son nom.&quot;\u003Cbr \/\u003E\r\n\u003Cbr \/\u003E\r\nUne autre variante existe rapport&eacute;e par Chevas, il l&#39;aurait entendu &agrave; Corsept lors d&#39;une veill&eacute;e : &quot;Un jour dans le marais G&eacute;deau, une jeune femme, pr&ecirc;tresse des &icirc;les, portait trois pierres. L&#39;histoire ne dit pas pourquoi, mais sans doute pour expier une grande faute, car les pierres &eacute;taient tr&egrave;s lourdes, comme on peut en juger. Une sous chaque bras, et la troisi&egrave;me sur la t&ecirc;te, elle cheminait lentement, lorsqu&#39;elle rencontra une de ses soeurs qui apr&egrave;s avoir entendu son histoire, lui r&eacute;pondit :\u003Cbr \/\u003E\r\n-&quot;O&ugrave; que tu ailles, au bout de ta course, tu mourras&quot;\u003Cbr \/\u003E\r\n-&quot; Alors, dit la pauvre pr&ecirc;tresse, si telle est ma destin&eacute;e, &agrave; quoi bon prolonger ma peine ?&quot; Et &eacute;cartant les bras et penchant la t&ecirc;te, elle laissa tomber son triple fardeau. La proph&eacute;tie fut accomplie, car la pr&ecirc;tresse mourut imm&eacute;diatement.\u003Cbr \/\u003E\r\n\u003Cbr \/\u003E\r\n\u200bOn peut supposer que la pr&ecirc;tresse venait de l&#39;&Icirc;le Saint-Nicolas, &icirc;le qui selon la l&eacute;gende &eacute;tait habit&eacute;e par des druidresses aux coutumes et aux moeurs cruels.&nbsp;\u003Cbr \/\u003E\r\n\u003Cbr \/\u003E\r\n\u003Cstrong\u003E\u003Cspan style=\"color: rgb(0, 128, 128);\"\u003ENotre destination est riche en m&eacute;galithes, retrouvez l&#39;ensemble et leurs l&eacute;gendes juste&nbsp;\u003C\/span\u003E\u003Ca href=\"https:\/\/www.calameo.com\/read\/000204301d0d99b4ea031\" target=\"_blank\"\u003E\u003Cspan style=\"color: rgb(0, 128, 128);\"\u003Eici &gt;&gt;&gt;\u003C\/span\u003E\u003C\/a\u003E\u003C\/strong\u003E"},"pave3":{"libelle":"","contenu":""},"pave4":{"libelle":"","contenu":""},"pave5":{"libelle":"","contenu":""},"pave6":{"libelle":"","contenu":""},"pave7":{"libelle":"","contenu":""},"pave8":{"libelle":"","contenu":""},"pave9":{"libelle":"","contenu":""},"pave10":{"libelle":"","contenu":""},"pave11":{"libelle":"","contenu":""},"pave12":{"libelle":"","contenu":""},"pave13":{"libelle":"","contenu":""},"pave14":{"libelle":"","contenu":""},"pave15":{"libelle":"","contenu":""},"pave16":{"libelle":"","contenu":""},"pave17":{"libelle":"","contenu":""},"pave18":{"libelle":"","contenu":""},"pave19":{"libelle":"","contenu":""},"pave20":{"libelle":"","contenu":""},"pave21":{"libelle":"","contenu":""},"pave22":{"libelle":"","contenu":""},"pave23":{"libelle":"","contenu":""},"pave24":{"libelle":"","contenu":""},"pave25":{"libelle":"","contenu":""},"ContactsParType":{"ETAB":{"444":{"id_contact":"444","type_contact":"ETAB","categorie_contact":"PRESTATAIRE","societe_contact":"","fonction_contact":"","civilite_nom_prenom_contact":"","adresse1_contact":"","adresse2_contact":"","adresse3_contact":"","cpostal_contact":"","ville_contact":"","teldom_contact":"02 40 27 51 96","telbur_contact":"","fax_contact":"","portable_contact":"","email_contact":"mairiedecorsept@wanadoo.fr","siteweb_contact":"","commentaire_contact":"","langue_contact":"FR","autre_moyen_com":[]}}},"Libelle":"Menhir de la Pierre Bonde","Nom":"Menhir de la Pierre Bonde","Prenom":"","NomPrenom":"Menhir de la Pierre Bonde ","CiviliteNomPrenom":"Menhir de la Pierre Bonde ","Cle":"U|PCUPDL044V503BFC","PrestataireParent":"","ContexteStat":"PRESTATAIRE-U-PCUPDL044V503BFC","DateModificationIso":"2025-11-21T11:41:00+01:00","Type":"PRESTATAIRE","TypePrestataire":"U","Adresse":{"LigneAdresse1":"La Combauderie","LigneAdresse2":"","LigneAdresse3":"","CodePostal":"44560","Ville":"CORSEPT","Cedex":"","Etat":"","Pays":"FRA"},"Email":"mairiedecorsept@wanadoo.fr","Telephone":"02 40 27 51 96","TelephoneBureau":"","Portable":"","SiteWeb":"","Fax":"","Id":"u-pcupdl044v503bfc","Code":"U|PCUPDL044V503BFC","Fichier":{"Document":[{"url":"https:\/\/www.saint-brevin.com\/medias\/images\/prestataires\/d-couverte-des-m-galithes-corsept-9298.pdf","chemin":"..\/medias\/images\/prestataires\/d-couverte-des-m-galithes-corsept-9298.pdf","libelle":"d-couverte-des-m-galithes-corsept-9298","extension":"pdf","categorie":"","largeur":"","theme":"","hauteur":"","type":"Document","origine":"","liaisonPave":"","langue":"","id":"9298","poids":"9.44 Mo","alt":"d-couverte-des-m-galithes-corsept-9298","title":"d-couverte-des-m-galithes-corsept-9298"}],"ByCategorie":{"":[{"url":"https:\/\/www.saint-brevin.com\/medias\/images\/prestataires\/d-couverte-des-m-galithes-corsept-9298.pdf","chemin":"..\/medias\/images\/prestataires\/d-couverte-des-m-galithes-corsept-9298.pdf","libelle":"d-couverte-des-m-galithes-corsept-9298","extension":"pdf","categorie":"","largeur":"","theme":"","hauteur":"","type":"Document","origine":"","liaisonPave":"","langue":"","id":"9298","poids":"9.44 Mo","alt":"d-couverte-des-m-galithes-corsept-9298","title":"d-couverte-des-m-galithes-corsept-9298"},{"url":"https:\/\/www.saint-brevin.com\/medias\/images\/prestataires\/2023-05-menhir-de-pierre-bonde-171347-8276.jpg","chemin":"..\/medias\/images\/prestataires\/2023-05-menhir-de-pierre-bonde-171347-8276.jpg","libelle":"2023-05-menhir-de-pierre-bonde-171347-8276","extension":"jpg","categorie":"","largeur":5000,"theme":"","hauteur":3338,"type":"Image","origine":"","liaisonPave":"","langue":"","id":"8276","urlVignette":"https:\/\/www.saint-brevin.com\/medias\/images\/prestataires\/v-2023-05-menhir-de-pierre-bonde-171347-8276.jpg","alt":"2023-05-menhir-de-pierre-bonde-171347-8276","title":"2023-05-menhir-de-pierre-bonde-171347-8276 - &copy Bernard BOUDON","MultiTaille":{"1920x1440":{"url":"https:\/\/www.saint-brevin.com\/medias\/images\/prestataires\/multitailles\/1920x1440_2023-05-menhir-de-pierre-bonde-171347-8276.jpg"},"1200x900":{"url":"https:\/\/www.saint-brevin.com\/medias\/images\/prestataires\/multitailles\/1200x900_2023-05-menhir-de-pierre-bonde-171347-8276.jpg"},"800x600":{"url":"https:\/\/www.saint-brevin.com\/medias\/images\/prestataires\/multitailles\/800x600_2023-05-menhir-de-pierre-bonde-171347-8276.jpg"},"640x480":{"url":"https:\/\/www.saint-brevin.com\/medias\/images\/prestataires\/multitailles\/640x480_2023-05-menhir-de-pierre-bonde-171347-8276.jpg"},"320x240":{"url":"https:\/\/www.saint-brevin.com\/medias\/images\/prestataires\/multitailles\/320x240_2023-05-menhir-de-pierre-bonde-171347-8276.jpg"},"160x120":{"url":"https:\/\/www.saint-brevin.com\/medias\/images\/prestataires\/multitailles\/160x120_2023-05-menhir-de-pierre-bonde-171347-8276.jpg"},"origine":{"url":"https:\/\/www.saint-brevin.com\/medias\/images\/prestataires\/2023-05-menhir-de-pierre-bonde-171347-8276.jpg"}},"urlLien":"","typeLien":"|","nofollow":"N","copyright":"Bernard BOUDON"},{"url":"https:\/\/www.saint-brevin.com\/medias\/images\/prestataires\/menhir-pierres-blanches-corsept-1-2536.jpg","chemin":"..\/medias\/images\/prestataires\/menhir-pierres-blanches-corsept-1-2536.jpg","libelle":"menhir-pierre bonde","extension":"jpg","categorie":"","largeur":1092,"theme":"","hauteur":728,"type":"Image","origine":"","liaisonPave":"","langue":"","id":"2536","urlVignette":"https:\/\/www.saint-brevin.com\/medias\/images\/prestataires\/v-menhir-pierres-blanches-corsept-1-2536.jpg","alt":"menhir-pierres-blanches-corsept-1","title":"menhir-pierres-blanches-corsept-1 - &copy Ot-St-Brevin","MultiTaille":{"1920x1440":{"url":"https:\/\/www.saint-brevin.com\/medias\/images\/prestataires\/multitailles\/1920x1440_menhir-pierres-blanches-corsept-1-2536.jpg"},"1200x900":{"url":"https:\/\/www.saint-brevin.com\/medias\/images\/prestataires\/multitailles\/1200x900_menhir-pierres-blanches-corsept-1-2536.jpg"},"800x600":{"url":"https:\/\/www.saint-brevin.com\/medias\/images\/prestataires\/multitailles\/800x600_menhir-pierres-blanches-corsept-1-2536.jpg"},"640x480":{"url":"https:\/\/www.saint-brevin.com\/medias\/images\/prestataires\/multitailles\/640x480_menhir-pierres-blanches-corsept-1-2536.jpg"},"320x240":{"url":"https:\/\/www.saint-brevin.com\/medias\/images\/prestataires\/multitailles\/320x240_menhir-pierres-blanches-corsept-1-2536.jpg"},"160x120":{"url":"https:\/\/www.saint-brevin.com\/medias\/images\/prestataires\/multitailles\/160x120_menhir-pierres-blanches-corsept-1-2536.jpg"},"origine":{"url":"https:\/\/www.saint-brevin.com\/medias\/images\/prestataires\/menhir-pierres-blanches-corsept-1-2536.jpg"}},"urlLien":"","typeLien":"|","nofollow":"N","copyright":"Ot-St-Brevin"},{"url":"https:\/\/www.saint-brevin.com\/medias\/images\/prestataires\/menhir-pierres-blanches-corsept-2-2537.jpg","chemin":"..\/medias\/images\/prestataires\/menhir-pierres-blanches-corsept-2-2537.jpg","libelle":"menhir-pierres-blanches-corsept-2","extension":"jpg","categorie":"","largeur":4368,"theme":"","hauteur":2912,"type":"Image","origine":"","liaisonPave":"","langue":"","id":"2537","urlVignette":"https:\/\/www.saint-brevin.com\/medias\/images\/prestataires\/v-menhir-pierres-blanches-corsept-2-2537.jpg","alt":"menhir-pierres-blanches-corsept-2 ","title":"menhir-pierres-blanches-corsept-2 - &copy menhir-pierres-bonde","MultiTaille":{"1920x1440":{"url":"https:\/\/www.saint-brevin.com\/medias\/images\/prestataires\/multitailles\/1920x1440_menhir-pierres-blanches-corsept-2-2537.jpg"},"1200x900":{"url":"https:\/\/www.saint-brevin.com\/medias\/images\/prestataires\/multitailles\/1200x900_menhir-pierres-blanches-corsept-2-2537.jpg"},"800x600":{"url":"https:\/\/www.saint-brevin.com\/medias\/images\/prestataires\/multitailles\/800x600_menhir-pierres-blanches-corsept-2-2537.jpg"},"640x480":{"url":"https:\/\/www.saint-brevin.com\/medias\/images\/prestataires\/multitailles\/640x480_menhir-pierres-blanches-corsept-2-2537.jpg"},"320x240":{"url":"https:\/\/www.saint-brevin.com\/medias\/images\/prestataires\/multitailles\/320x240_menhir-pierres-blanches-corsept-2-2537.jpg"},"160x120":{"url":"https:\/\/www.saint-brevin.com\/medias\/images\/prestataires\/multitailles\/160x120_menhir-pierres-blanches-corsept-2-2537.jpg"},"origine":{"url":"https:\/\/www.saint-brevin.com\/medias\/images\/prestataires\/menhir-pierres-blanches-corsept-2-2537.jpg"}},"urlLien":"","typeLien":"|","nofollow":"N","copyright":"menhir-pierres-bonde"},{"url":"https:\/\/www.saint-brevin.com\/medias\/images\/prestataires\/2023-05-menhir-de-pierre-bonde-171452-8274.jpg","chemin":"..\/medias\/images\/prestataires\/2023-05-menhir-de-pierre-bonde-171452-8274.jpg","libelle":"2023-05-menhir-de-pierre-bonde-171452-8274","extension":"jpg","categorie":"","largeur":3338,"theme":"","hauteur":5000,"type":"Image","origine":"","liaisonPave":"","langue":"","id":"8274","urlVignette":"https:\/\/www.saint-brevin.com\/medias\/images\/prestataires\/v-2023-05-menhir-de-pierre-bonde-171452-8274.jpg","alt":"2023-05-menhir-de-pierre-bonde-171452-8274","title":"2023-05-menhir-de-pierre-bonde-171452-8274 - &copy Bernard BOUDON","MultiTaille":{"1920x1440":{"url":"https:\/\/www.saint-brevin.com\/medias\/images\/prestataires\/multitailles\/1920x1440_2023-05-menhir-de-pierre-bonde-171452-8274.jpg"},"1200x900":{"url":"https:\/\/www.saint-brevin.com\/medias\/images\/prestataires\/multitailles\/1200x900_2023-05-menhir-de-pierre-bonde-171452-8274.jpg"},"800x600":{"url":"https:\/\/www.saint-brevin.com\/medias\/images\/prestataires\/multitailles\/800x600_2023-05-menhir-de-pierre-bonde-171452-8274.jpg"},"640x480":{"url":"https:\/\/www.saint-brevin.com\/medias\/images\/prestataires\/multitailles\/640x480_2023-05-menhir-de-pierre-bonde-171452-8274.jpg"},"320x240":{"url":"https:\/\/www.saint-brevin.com\/medias\/images\/prestataires\/multitailles\/320x240_2023-05-menhir-de-pierre-bonde-171452-8274.jpg"},"160x120":{"url":"https:\/\/www.saint-brevin.com\/medias\/images\/prestataires\/multitailles\/160x120_2023-05-menhir-de-pierre-bonde-171452-8274.jpg"},"origine":{"url":"https:\/\/www.saint-brevin.com\/medias\/images\/prestataires\/2023-05-menhir-de-pierre-bonde-171452-8274.jpg"}},"urlLien":"","typeLien":"|","nofollow":"N","copyright":"Bernard BOUDON"},{"url":"https:\/\/www.saint-brevin.com\/medias\/images\/prestataires\/2023-05-menhir-de-pierre-bonde-172314-8275.jpg","chemin":"..\/medias\/images\/prestataires\/2023-05-menhir-de-pierre-bonde-172314-8275.jpg","libelle":"2023-05-menhir-de-pierre-bonde-172314-8275","extension":"jpg","categorie":"","largeur":5000,"theme":"","hauteur":3338,"type":"Image","origine":"","liaisonPave":"","langue":"","id":"8275","urlVignette":"https:\/\/www.saint-brevin.com\/medias\/images\/prestataires\/v-2023-05-menhir-de-pierre-bonde-172314-8275.jpg","alt":"2023-05-menhir-de-pierre-bonde-172314-8275","title":"2023-05-menhir-de-pierre-bonde-172314-8275 - &copy Bernard BOUDON","MultiTaille":{"1920x1440":{"url":"https:\/\/www.saint-brevin.com\/medias\/images\/prestataires\/multitailles\/1920x1440_2023-05-menhir-de-pierre-bonde-172314-8275.jpg"},"1200x900":{"url":"https:\/\/www.saint-brevin.com\/medias\/images\/prestataires\/multitailles\/1200x900_2023-05-menhir-de-pierre-bonde-172314-8275.jpg"},"800x600":{"url":"https:\/\/www.saint-brevin.com\/medias\/images\/prestataires\/multitailles\/800x600_2023-05-menhir-de-pierre-bonde-172314-8275.jpg"},"640x480":{"url":"https:\/\/www.saint-brevin.com\/medias\/images\/prestataires\/multitailles\/640x480_2023-05-menhir-de-pierre-bonde-172314-8275.jpg"},"320x240":{"url":"https:\/\/www.saint-brevin.com\/medias\/images\/prestataires\/multitailles\/320x240_2023-05-menhir-de-pierre-bonde-172314-8275.jpg"},"160x120":{"url":"https:\/\/www.saint-brevin.com\/medias\/images\/prestataires\/multitailles\/160x120_2023-05-menhir-de-pierre-bonde-172314-8275.jpg"},"origine":{"url":"https:\/\/www.saint-brevin.com\/medias\/images\/prestataires\/2023-05-menhir-de-pierre-bonde-172314-8275.jpg"}},"urlLien":"","typeLien":"|","nofollow":"N","copyright":"Bernard BOUDON"}]},"Image":[{"url":"https:\/\/www.saint-brevin.com\/medias\/images\/prestataires\/2023-05-menhir-de-pierre-bonde-171347-8276.jpg","chemin":"..\/medias\/images\/prestataires\/2023-05-menhir-de-pierre-bonde-171347-8276.jpg","libelle":"2023-05-menhir-de-pierre-bonde-171347-8276","extension":"jpg","categorie":"","largeur":5000,"theme":"","hauteur":3338,"type":"Image","origine":"","liaisonPave":"","langue":"","id":"8276","urlVignette":"https:\/\/www.saint-brevin.com\/medias\/images\/prestataires\/v-2023-05-menhir-de-pierre-bonde-171347-8276.jpg","alt":"2023-05-menhir-de-pierre-bonde-171347-8276","title":"2023-05-menhir-de-pierre-bonde-171347-8276 - &copy Bernard BOUDON","MultiTaille":{"1920x1440":{"url":"https:\/\/www.saint-brevin.com\/medias\/images\/prestataires\/multitailles\/1920x1440_2023-05-menhir-de-pierre-bonde-171347-8276.jpg"},"1200x900":{"url":"https:\/\/www.saint-brevin.com\/medias\/images\/prestataires\/multitailles\/1200x900_2023-05-menhir-de-pierre-bonde-171347-8276.jpg"},"800x600":{"url":"https:\/\/www.saint-brevin.com\/medias\/images\/prestataires\/multitailles\/800x600_2023-05-menhir-de-pierre-bonde-171347-8276.jpg"},"640x480":{"url":"https:\/\/www.saint-brevin.com\/medias\/images\/prestataires\/multitailles\/640x480_2023-05-menhir-de-pierre-bonde-171347-8276.jpg"},"320x240":{"url":"https:\/\/www.saint-brevin.com\/medias\/images\/prestataires\/multitailles\/320x240_2023-05-menhir-de-pierre-bonde-171347-8276.jpg"},"160x120":{"url":"https:\/\/www.saint-brevin.com\/medias\/images\/prestataires\/multitailles\/160x120_2023-05-menhir-de-pierre-bonde-171347-8276.jpg"},"origine":{"url":"https:\/\/www.saint-brevin.com\/medias\/images\/prestataires\/2023-05-menhir-de-pierre-bonde-171347-8276.jpg"}},"urlLien":"","typeLien":"|","nofollow":"N","copyright":"Bernard BOUDON"},{"url":"https:\/\/www.saint-brevin.com\/medias\/images\/prestataires\/menhir-pierres-blanches-corsept-1-2536.jpg","chemin":"..\/medias\/images\/prestataires\/menhir-pierres-blanches-corsept-1-2536.jpg","libelle":"menhir-pierre bonde","extension":"jpg","categorie":"","largeur":1092,"theme":"","hauteur":728,"type":"Image","origine":"","liaisonPave":"","langue":"","id":"2536","urlVignette":"https:\/\/www.saint-brevin.com\/medias\/images\/prestataires\/v-menhir-pierres-blanches-corsept-1-2536.jpg","alt":"menhir-pierres-blanches-corsept-1","title":"menhir-pierres-blanches-corsept-1 - &copy Ot-St-Brevin","MultiTaille":{"1920x1440":{"url":"https:\/\/www.saint-brevin.com\/medias\/images\/prestataires\/multitailles\/1920x1440_menhir-pierres-blanches-corsept-1-2536.jpg"},"1200x900":{"url":"https:\/\/www.saint-brevin.com\/medias\/images\/prestataires\/multitailles\/1200x900_menhir-pierres-blanches-corsept-1-2536.jpg"},"800x600":{"url":"https:\/\/www.saint-brevin.com\/medias\/images\/prestataires\/multitailles\/800x600_menhir-pierres-blanches-corsept-1-2536.jpg"},"640x480":{"url":"https:\/\/www.saint-brevin.com\/medias\/images\/prestataires\/multitailles\/640x480_menhir-pierres-blanches-corsept-1-2536.jpg"},"320x240":{"url":"https:\/\/www.saint-brevin.com\/medias\/images\/prestataires\/multitailles\/320x240_menhir-pierres-blanches-corsept-1-2536.jpg"},"160x120":{"url":"https:\/\/www.saint-brevin.com\/medias\/images\/prestataires\/multitailles\/160x120_menhir-pierres-blanches-corsept-1-2536.jpg"},"origine":{"url":"https:\/\/www.saint-brevin.com\/medias\/images\/prestataires\/menhir-pierres-blanches-corsept-1-2536.jpg"}},"urlLien":"","typeLien":"|","nofollow":"N","copyright":"Ot-St-Brevin"},{"url":"https:\/\/www.saint-brevin.com\/medias\/images\/prestataires\/menhir-pierres-blanches-corsept-2-2537.jpg","chemin":"..\/medias\/images\/prestataires\/menhir-pierres-blanches-corsept-2-2537.jpg","libelle":"menhir-pierres-blanches-corsept-2","extension":"jpg","categorie":"","largeur":4368,"theme":"","hauteur":2912,"type":"Image","origine":"","liaisonPave":"","langue":"","id":"2537","urlVignette":"https:\/\/www.saint-brevin.com\/medias\/images\/prestataires\/v-menhir-pierres-blanches-corsept-2-2537.jpg","alt":"menhir-pierres-blanches-corsept-2 ","title":"menhir-pierres-blanches-corsept-2 - &copy menhir-pierres-bonde","MultiTaille":{"1920x1440":{"url":"https:\/\/www.saint-brevin.com\/medias\/images\/prestataires\/multitailles\/1920x1440_menhir-pierres-blanches-corsept-2-2537.jpg"},"1200x900":{"url":"https:\/\/www.saint-brevin.com\/medias\/images\/prestataires\/multitailles\/1200x900_menhir-pierres-blanches-corsept-2-2537.jpg"},"800x600":{"url":"https:\/\/www.saint-brevin.com\/medias\/images\/prestataires\/multitailles\/800x600_menhir-pierres-blanches-corsept-2-2537.jpg"},"640x480":{"url":"https:\/\/www.saint-brevin.com\/medias\/images\/prestataires\/multitailles\/640x480_menhir-pierres-blanches-corsept-2-2537.jpg"},"320x240":{"url":"https:\/\/www.saint-brevin.com\/medias\/images\/prestataires\/multitailles\/320x240_menhir-pierres-blanches-corsept-2-2537.jpg"},"160x120":{"url":"https:\/\/www.saint-brevin.com\/medias\/images\/prestataires\/multitailles\/160x120_menhir-pierres-blanches-corsept-2-2537.jpg"},"origine":{"url":"https:\/\/www.saint-brevin.com\/medias\/images\/prestataires\/menhir-pierres-blanches-corsept-2-2537.jpg"}},"urlLien":"","typeLien":"|","nofollow":"N","copyright":"menhir-pierres-bonde"},{"url":"https:\/\/www.saint-brevin.com\/medias\/images\/prestataires\/2023-05-menhir-de-pierre-bonde-171452-8274.jpg","chemin":"..\/medias\/images\/prestataires\/2023-05-menhir-de-pierre-bonde-171452-8274.jpg","libelle":"2023-05-menhir-de-pierre-bonde-171452-8274","extension":"jpg","categorie":"","largeur":3338,"theme":"","hauteur":5000,"type":"Image","origine":"","liaisonPave":"","langue":"","id":"8274","urlVignette":"https:\/\/www.saint-brevin.com\/medias\/images\/prestataires\/v-2023-05-menhir-de-pierre-bonde-171452-8274.jpg","alt":"2023-05-menhir-de-pierre-bonde-171452-8274","title":"2023-05-menhir-de-pierre-bonde-171452-8274 - &copy Bernard BOUDON","MultiTaille":{"1920x1440":{"url":"https:\/\/www.saint-brevin.com\/medias\/images\/prestataires\/multitailles\/1920x1440_2023-05-menhir-de-pierre-bonde-171452-8274.jpg"},"1200x900":{"url":"https:\/\/www.saint-brevin.com\/medias\/images\/prestataires\/multitailles\/1200x900_2023-05-menhir-de-pierre-bonde-171452-8274.jpg"},"800x600":{"url":"https:\/\/www.saint-brevin.com\/medias\/images\/prestataires\/multitailles\/800x600_2023-05-menhir-de-pierre-bonde-171452-8274.jpg"},"640x480":{"url":"https:\/\/www.saint-brevin.com\/medias\/images\/prestataires\/multitailles\/640x480_2023-05-menhir-de-pierre-bonde-171452-8274.jpg"},"320x240":{"url":"https:\/\/www.saint-brevin.com\/medias\/images\/prestataires\/multitailles\/320x240_2023-05-menhir-de-pierre-bonde-171452-8274.jpg"},"160x120":{"url":"https:\/\/www.saint-brevin.com\/medias\/images\/prestataires\/multitailles\/160x120_2023-05-menhir-de-pierre-bonde-171452-8274.jpg"},"origine":{"url":"https:\/\/www.saint-brevin.com\/medias\/images\/prestataires\/2023-05-menhir-de-pierre-bonde-171452-8274.jpg"}},"urlLien":"","typeLien":"|","nofollow":"N","copyright":"Bernard BOUDON"},{"url":"https:\/\/www.saint-brevin.com\/medias\/images\/prestataires\/2023-05-menhir-de-pierre-bonde-172314-8275.jpg","chemin":"..\/medias\/images\/prestataires\/2023-05-menhir-de-pierre-bonde-172314-8275.jpg","libelle":"2023-05-menhir-de-pierre-bonde-172314-8275","extension":"jpg","categorie":"","largeur":5000,"theme":"","hauteur":3338,"type":"Image","origine":"","liaisonPave":"","langue":"","id":"8275","urlVignette":"https:\/\/www.saint-brevin.com\/medias\/images\/prestataires\/v-2023-05-menhir-de-pierre-bonde-172314-8275.jpg","alt":"2023-05-menhir-de-pierre-bonde-172314-8275","title":"2023-05-menhir-de-pierre-bonde-172314-8275 - &copy Bernard BOUDON","MultiTaille":{"1920x1440":{"url":"https:\/\/www.saint-brevin.com\/medias\/images\/prestataires\/multitailles\/1920x1440_2023-05-menhir-de-pierre-bonde-172314-8275.jpg"},"1200x900":{"url":"https:\/\/www.saint-brevin.com\/medias\/images\/prestataires\/multitailles\/1200x900_2023-05-menhir-de-pierre-bonde-172314-8275.jpg"},"800x600":{"url":"https:\/\/www.saint-brevin.com\/medias\/images\/prestataires\/multitailles\/800x600_2023-05-menhir-de-pierre-bonde-172314-8275.jpg"},"640x480":{"url":"https:\/\/www.saint-brevin.com\/medias\/images\/prestataires\/multitailles\/640x480_2023-05-menhir-de-pierre-bonde-172314-8275.jpg"},"320x240":{"url":"https:\/\/www.saint-brevin.com\/medias\/images\/prestataires\/multitailles\/320x240_2023-05-menhir-de-pierre-bonde-172314-8275.jpg"},"160x120":{"url":"https:\/\/www.saint-brevin.com\/medias\/images\/prestataires\/multitailles\/160x120_2023-05-menhir-de-pierre-bonde-172314-8275.jpg"},"origine":{"url":"https:\/\/www.saint-brevin.com\/medias\/images\/prestataires\/2023-05-menhir-de-pierre-bonde-172314-8275.jpg"}},"urlLien":"","typeLien":"|","nofollow":"N","copyright":"Bernard BOUDON"}]},"Url":"menhir-de-la-pierre-bonde.html","Localisation":{"GoogleMap":{"Latitude":"47.25946","Longitude":"-2.07109"}},"ZoneGeo":"","Criteres":{"NIVPARTENAIRE[COMPLET":"","COMMUNES[CORSEPT":"","AUTOURL[STBREVINSE":"","DISTANCEDELAGARE[KMGARESAINTBAZAIRE":"20","DISTANCEDELAGARE[KMGAREPORNIC":"20","DISTANCEDUBUS[MARRET16":"3100","DISTANCEDUCENTRE[MCORSEPT":"","DISTANCEDUCENTRE[KMCENTRECORSEPT":"2","DISTANCEMER[PLUSDE2KM":"","DISTANCEMER[KMDELAMER":"10","UTYPC[UMH":"","UDMEG[UMEH":"","LVISI[UVISLI":"","LVISI[UVGL":"","ANIACC[ANOUI":"","UDLTH[SAAAA":"","MAJINGENIE[DATEDERNIEREMAJ":"20171120","MISEAJOUR[ANNABELLE":"","AISGT[AODCA":""},"DateFinPublication":"","PrixAPartirDe":"","PrixPour":"","FicheListeEnCours":"fiche_liste_patrimoine_culturel_v2017","ParametresModele":{"AfficherPhotos":"1","NbPhotosMax":6,"AfficherReserver":0,"AfficherContact":0,"AfficherSalle":1,"AfficherZoneGeo":0,"AfficherEnSavoirPlus":"1","AfficherUneSeuleOuverture":0,"AfficherContactCarte":1,"AfficherTarifsChaudAPartirDe":0,"AfficherTarifChaudSansRecherche":0,"AfficherLiensCarnetVoyage":"1","AfficherOuverture":"0","BlocCritereInfo":{"critere1":{"libelle":""},"critere2":{"libelle":""},"critere3":{"libelle":"LIBELLE_GENERAL"},"critere4":{"libelle":""},"critere5":{"libelle":""},"critere6":{"libelle":""},"critere7":{"libelle":"","liste_critere":["COMMUNES|U"]},"critere8":{"libelle":""},"afficherpictoetpaslibelle":"1"},"Criteres":"NIVPARTENAIRE[COMPLET","PositionBloc":"GALLERIE|NOM|CARNET_VOYAGE|URL","TypePrestataire":"U","ComportementResa":false,"ComportementDispo":false},"AffichageCoordonnees":[],"Coordonnees":{"Ville":"CORSEPT"},"ContexteId":"PRESTATAIRE|U|PCUPDL044V503BFC","ContexteIdHtml":"PRESTATAIRE-U-PCUPDL044V503BFC","cleContexte":"U|PCUPDL044V503BFC","Bloc":{"texte1":"","texte3":"","critere1":{"libelle":"","contenu":[]},"critere2":{"libelle":"","contenu":[]},"critere3":{"libelle":"","contenu":[]},"critere4":{"libelle":"","contenu":[]},"critere5":{"libelle":"","contenu":[]},"critere6":{"libelle":"","contenu":[]},"critere7":{"libelle":"","contenu":{"COMMUNES":{"libelle":"COMMUNE","contenu":{"3":"Corsept"},"codesValeurs":{"3":"COMMUNES|CORSEPT|U"},"criteres_datas":{"valeurs":{"3":{"CORSEPT":{"descriptif":""}}}}}}},"critere8":{"libelle":"","contenu":[]},"critere9":{"libelle":"","contenu":[]}},"LocalisationGps":{"Latitude":"47.25946","Longitude":"-2.07109"},"libelleDuPrestataire":"","listeCriteres":{"NIVPARTENAIRE":{"COMPLET":""},"COMMUNES":{"CORSEPT":""},"AUTOURL":{"STBREVINSE":""},"DISTANCEDELAGARE":{"KMGARESAINTBAZAIRE":"20","KMGAREPORNIC":"20"},"DISTANCEDUBUS":{"MARRET16":"3100"},"DISTANCEDUCENTRE":{"MCORSEPT":"","KMCENTRECORSEPT":"2"},"DISTANCEMER":{"PLUSDE2KM":"","KMDELAMER":"10"},"UTYPC":{"UMH":""},"UDMEG":{"UMEH":""},"LVISI":{"UVISLI":"","UVGL":""},"ANIACC":{"ANOUI":""},"UDLTH":{"SAAAA":""},"MAJINGENIE":{"DATEDERNIEREMAJ":"20171120"},"MISEAJOUR":{"ANNABELLE":""},"AISGT":{"AODCA":""}},"dansCarnetVoyage":true,"Ouverture":""},"html":" \n \u003Cdiv id=\"CV-PRESTATAIRE-U-PCUPDL044V503BFC\" data-contexte-id=\"PRESTATAIRE|U|PCUPDL044V503BFC\" data-cle=\"U|PCUPDL044V503BFC\" class=\"fiche-liste\"\u003E\n    \n\n    \u003C!-- partie photo --\u003E\n    \u003Cdiv class=\"photo\"\u003E\t\t\t\t\t\t\t\t\t\t\t\t\t\t\t\t\t\t\t\t\t\n        \u003Cdiv class=\"cadre_photo_principale\"\u003E\t\t\n        \n            \t\t\t\t\t\n                    \u003Ca href=\"menhir-de-la-pierre-bonde.html?origine=carnet#media\"\u003E\n                        \u003Cimg class=\"photo_principale\" alt=\"2023-05-menhir-de-pierre-bonde-171347-8276\" src=\"https:\/\/www.saint-brevin.com\/medias\/images\/prestataires\/multitailles\/320x240_2023-05-menhir-de-pierre-bonde-171347-8276.jpg\" itemprop=\"image\"\u003E\n                    \u003C\/a\u003E\t\t\t\t\t\t\n                \n                    \u003C\/div\u003E\t\t\t\t\t\t\t\t\t\t\t\t\t\t\t\t\t\t\t \t\t\n    \u003C\/div\u003E\n    \n    \u003C!-- partie nom prest --\u003E\n    \u003Cdiv class=\"nom\"\u003E\n        \u003Ch2\u003EMenhir de la Pierre Bonde\u003C\/h2\u003E\n        \n            \u003C\/div\u003E\n\n         \n    \u003C!-- partie adresse --\u003E\n    \u003Cdiv class=\"adresse\"\u003E\n    \n          \n    \u003C\/div\u003E\n    \n    \u003C!-- partie liens --\u003E\n    \u003Cdiv class=\"liens\"\u003E\n            \u003Ca class=\"btn-icon btn-view \" title=\"Voir la fiche d\u00e9taill\u00e9e\" href=\"menhir-de-la-pierre-bonde.html?origine=carnet\"\u003E\u003C\/a\u003E\u003C!--\u003Ca class=\"btn-icon btn-view \" title=\"\" href=\"?origine=carnet#thaut\"\u003E\u003C\/a\u003E--\u003E\n      \u003Ca class=\"btn-icon btn-trash carnet_voyage_supprimer\" title=\"Supprimer cette fiche de mon carnet de voyage\" href=\"carnet-voyage?action=remove&fiche=U|PCUPDL044V503BFC\"\u003E\u003C\/a\u003E\n    \u003C\/div\u003E\n\n\u003C\/div\u003E\n\n","icon":"https:\/\/static.ingenie.fr\/images\/carnetVoyageV3\/U.png"},"fiche":"U|PCUPDL044V503BFC","popup":"\u003Cdiv id=\"bloc_popup_ajout_fiche_carnet\"\u003E\n    \u003Cdiv class=\"info_popup_ajout_fiche_carnet\"\u003E\n        Vous venez d'ajouter cet \u00e9l\u00e9ment \u00e0 votre carnet de voyage :    \u003C\/div\u003E\n    \u003Cdiv class=\"prest_popup_ajout_fiche_carnet\"\u003E\n        Menhir de la Pierre Bonde    \u003C\/div\u003E\n    \u003Cdiv class=\"bloc_btn_ajout_fiche_carnet form_submit_div\"\u003E\n        \u003Cinput type=\"button\" value=\"Continuer ma s\u00e9lection\" title=\"Continuer ma s\u00e9lection\" name=\"btn_close\" class=\"btn_close_popup_carnet form_submit\" onclick=\"$.colorbox.close()\" \/\u003E\n        \u003Cinput type=\"button\" value=\"Voir mon carnet de voyage\" title=\"Voir mon carnet\" name=\"btn_panier\" class=\"btn_panier_popup_carnet form_submit\" onclick=\"if(typeof CarnetVoyage != 'undefined') {CarnetVoyage.voirCarnet();}\" \/\u003E\n    \u003C\/div\u003E\n    \u003Cdiv class=\"bloc_btn_ajout_fiche_carnet\"\u003E\n        \u003Cinput type=\"checkbox\" value=\"1\" name=\"desactiver_popup\" id=\"desactiver_popup\" \/\u003E\n        \u003Clabel for=\"desactiver_popup\"\u003ENe plus afficher ce message\u003C\/label\u003E\n    \u003C\/div\u003E\n\u003C\/div\u003E","success":1}