{"nbFiches":1,"dataPrest":{"infoPrest":{"pave1":{"libelle":"Slogan","contenu":""},"pave2":{"libelle":"Descriptif","contenu":"Bloc de gr&egrave;s de 3m de hauteur, 2m50 de largeur &agrave; la base et d&rsquo;une &eacute;paissseur d&rsquo;environ 0.80m. Le profil de ce bloc de gr&egrave;s est constitu&eacute;s de mouvements particuliers et on peut voir sur l&rsquo;une de ses faces un creux circulaire de 12 cm.&nbsp; Le menhir a &eacute;t&eacute; inscrit en 1984 au titre des monuments historiques.\u003Cbr \/\u003E\r\n\u003Cbr \/\u003E\r\n\u003Cem\u003EAttention on peut voir &agrave; proximit&eacute; une autre pierre qui a &eacute;t&eacute; &eacute;rig&eacute;e &agrave; priori de fa&ccedil;on contemporaine.&nbsp; N&eacute;anmoins dans l&rsquo;inventaire de Pitre de Lisle on &eacute;voque un second menhir encore visible et un troisi&egrave;me abbattu et bris&eacute;. Ils devaient &agrave; eux trois former un alignement.\u003C\/em\u003E\u003Cbr \/\u003E\r\n\u003Cbr \/\u003E\r\n\u003Cstrong style=\"box-sizing: border-box; font-weight: bold; color: rgb(112, 113, 114); font-family: Heebo, sans-serif; font-size: 14.4px; font-style: normal; font-variant-ligatures: normal; font-variant-caps: normal; letter-spacing: normal; orphans: 2; text-align: start; text-indent: 0px; text-transform: none; widows: 2; word-spacing: 0px; -webkit-text-stroke-width: 0px; white-space: normal; text-decoration-thickness: initial; text-decoration-style: initial; text-decoration-color: initial; background-color: rgb(255, 255, 255);\"\u003E\u003Cspan style=\"box-sizing: border-box; color: rgb(0, 128, 128);\"\u003ENotre destination est riche en m&eacute;galithes, retrouvez l&#39;ensemble et leurs l&eacute;gendes juste\u003Cspan style=\"box-sizing: border-box;\"\u003E&nbsp;\u003C\/span\u003E\u003C\/span\u003E\u003Ca href=\"https:\/\/www.calameo.com\/read\/000204301d0d99b4ea031\" style=\"box-sizing: border-box; color: inherit;\" target=\"_blank\"\u003E\u003Cspan style=\"box-sizing: border-box; color: rgb(0, 128, 128);\"\u003Eici &gt;&gt;&gt;\u003C\/span\u003E\u003C\/a\u003E\u003C\/strong\u003E"},"pave3":{"libelle":"","contenu":""},"pave4":{"libelle":"","contenu":""},"pave5":{"libelle":"","contenu":""},"pave6":{"libelle":"","contenu":""},"pave7":{"libelle":"","contenu":""},"pave8":{"libelle":"","contenu":""},"pave9":{"libelle":"","contenu":""},"pave10":{"libelle":"","contenu":""},"pave11":{"libelle":"","contenu":""},"pave12":{"libelle":"","contenu":""},"pave13":{"libelle":"","contenu":""},"pave14":{"libelle":"","contenu":""},"pave15":{"libelle":"","contenu":""},"pave16":{"libelle":"","contenu":""},"pave17":{"libelle":"","contenu":""},"pave18":{"libelle":"","contenu":""},"pave19":{"libelle":"","contenu":""},"pave20":{"libelle":"","contenu":""},"pave21":{"libelle":"","contenu":""},"pave22":{"libelle":"","contenu":""},"pave23":{"libelle":"","contenu":""},"pave24":{"libelle":"","contenu":""},"pave25":{"libelle":"","contenu":""},"ContactsParType":{"ETAB":{"484":{"id_contact":"484","type_contact":"ETAB","categorie_contact":"PRESTATAIRE","societe_contact":"","fonction_contact":"","civilite_nom_prenom_contact":"","adresse1_contact":"","adresse2_contact":"","adresse3_contact":"","cpostal_contact":"","ville_contact":"","teldom_contact":"02 40 21 70 29","telbur_contact":"","fax_contact":"","portable_contact":"","email_contact":"","siteweb_contact":"","commentaire_contact":"","langue_contact":"FR","autre_moyen_com":[]}}},"Libelle":"Menhir de la Riveraie","Nom":"Menhir de la Riveraie","Prenom":"","NomPrenom":"Menhir de la Riveraie ","CiviliteNomPrenom":"Menhir de la Riveraie ","Cle":"U|PCUPDL044V50045Z","PrestataireParent":"","ContexteStat":"PRESTATAIRE-U-PCUPDL044V50045Z","DateModificationIso":"2025-11-21T11:41:00+01:00","Type":"PRESTATAIRE","TypePrestataire":"U","Adresse":{"LigneAdresse1":"La Riverais","LigneAdresse2":"","LigneAdresse3":"","CodePostal":"44320","Ville":"ST PERE EN RETZ","Cedex":"","Etat":"","Pays":"FRA"},"Email":"info@saintpereenretz.fr","Telephone":"02 40 21 70 29","TelephoneBureau":"","Portable":"","SiteWeb":"","Fax":"","Id":"u-pcupdl044v50045z","Code":"U|PCUPDL044V50045Z","Fichier":{"Document":[{"url":"https:\/\/www.saint-brevin.com\/medias\/images\/prestataires\/d-couverte-des-m-galithes-st-p-re-9305.pdf","chemin":"..\/medias\/images\/prestataires\/d-couverte-des-m-galithes-st-p-re-9305.pdf","libelle":"d-couverte-des-m-galithes-st-p-re-9305","extension":"pdf","categorie":"","largeur":"","theme":"","hauteur":"","type":"Document","origine":"","liaisonPave":"","langue":"","id":"9305","poids":"5.59 Mo","alt":"d-couverte-des-m-galithes-st-p-re-9305","title":"d-couverte-des-m-galithes-st-p-re-9305"}],"ByCategorie":{"":[{"url":"https:\/\/www.saint-brevin.com\/medias\/images\/prestataires\/d-couverte-des-m-galithes-st-p-re-9305.pdf","chemin":"..\/medias\/images\/prestataires\/d-couverte-des-m-galithes-st-p-re-9305.pdf","libelle":"d-couverte-des-m-galithes-st-p-re-9305","extension":"pdf","categorie":"","largeur":"","theme":"","hauteur":"","type":"Document","origine":"","liaisonPave":"","langue":"","id":"9305","poids":"5.59 Mo","alt":"d-couverte-des-m-galithes-st-p-re-9305","title":"d-couverte-des-m-galithes-st-p-re-9305"},{"url":"https:\/\/www.saint-brevin.com\/medias\/images\/prestataires\/2023-05-menhir-de-la-riveraie-162026-8291.jpg","chemin":"..\/medias\/images\/prestataires\/2023-05-menhir-de-la-riveraie-162026-8291.jpg","libelle":"2023-05-menhir-de-la-riveraie-162026-8291","extension":"jpg","categorie":"","largeur":2000,"theme":"","hauteur":1335,"type":"Image","origine":"","liaisonPave":"","langue":"","id":"8291","urlVignette":"https:\/\/www.saint-brevin.com\/medias\/images\/prestataires\/v-2023-05-menhir-de-la-riveraie-162026-8291.jpg","alt":"2023-05-menhir-de-la-riveraie-162026-8291","title":"2023-05-menhir-de-la-riveraie-162026-8291 - &copy Bernard BOUDON","MultiTaille":{"1920x1440":{"url":"https:\/\/www.saint-brevin.com\/medias\/images\/prestataires\/multitailles\/1920x1440_2023-05-menhir-de-la-riveraie-162026-8291.jpg"},"1200x900":{"url":"https:\/\/www.saint-brevin.com\/medias\/images\/prestataires\/multitailles\/1200x900_2023-05-menhir-de-la-riveraie-162026-8291.jpg"},"800x600":{"url":"https:\/\/www.saint-brevin.com\/medias\/images\/prestataires\/multitailles\/800x600_2023-05-menhir-de-la-riveraie-162026-8291.jpg"},"640x480":{"url":"https:\/\/www.saint-brevin.com\/medias\/images\/prestataires\/multitailles\/640x480_2023-05-menhir-de-la-riveraie-162026-8291.jpg"},"320x240":{"url":"https:\/\/www.saint-brevin.com\/medias\/images\/prestataires\/multitailles\/320x240_2023-05-menhir-de-la-riveraie-162026-8291.jpg"},"160x120":{"url":"https:\/\/www.saint-brevin.com\/medias\/images\/prestataires\/multitailles\/160x120_2023-05-menhir-de-la-riveraie-162026-8291.jpg"},"origine":{"url":"https:\/\/www.saint-brevin.com\/medias\/images\/prestataires\/2023-05-menhir-de-la-riveraie-162026-8291.jpg"}},"urlLien":"","typeLien":"|","nofollow":"N","copyright":"Bernard BOUDON"},{"url":"https:\/\/www.saint-brevin.com\/medias\/images\/prestataires\/la-riverais-2-face-est-3-st-pere-en-retz-2540.jpg","chemin":"..\/medias\/images\/prestataires\/la-riverais-2-face-est-3-st-pere-en-retz-2540.jpg","libelle":"la-riverais-2-face-est-3-st-pere-en-retz-2540","extension":"jpg","categorie":"","largeur":1600,"theme":"","hauteur":1200,"type":"Image","origine":"","liaisonPave":"","langue":"","id":"2540","urlVignette":"https:\/\/www.saint-brevin.com\/medias\/images\/prestataires\/v-la-riverais-2-face-est-3-st-pere-en-retz-2540.jpg","alt":"la-riverais-2-face-est-3-st-pere-en-retz-2540","title":"la-riverais-2-face-est-3-st-pere-en-retz-2540 - &copy Didier Pointeau","MultiTaille":{"1920x1440":{"url":"https:\/\/www.saint-brevin.com\/medias\/images\/prestataires\/multitailles\/1920x1440_la-riverais-2-face-est-3-st-pere-en-retz-2540.jpg"},"1200x900":{"url":"https:\/\/www.saint-brevin.com\/medias\/images\/prestataires\/multitailles\/1200x900_la-riverais-2-face-est-3-st-pere-en-retz-2540.jpg"},"800x600":{"url":"https:\/\/www.saint-brevin.com\/medias\/images\/prestataires\/multitailles\/800x600_la-riverais-2-face-est-3-st-pere-en-retz-2540.jpg"},"640x480":{"url":"https:\/\/www.saint-brevin.com\/medias\/images\/prestataires\/multitailles\/640x480_la-riverais-2-face-est-3-st-pere-en-retz-2540.jpg"},"320x240":{"url":"https:\/\/www.saint-brevin.com\/medias\/images\/prestataires\/multitailles\/320x240_la-riverais-2-face-est-3-st-pere-en-retz-2540.jpg"},"160x120":{"url":"https:\/\/www.saint-brevin.com\/medias\/images\/prestataires\/multitailles\/160x120_la-riverais-2-face-est-3-st-pere-en-retz-2540.jpg"},"origine":{"url":"https:\/\/www.saint-brevin.com\/medias\/images\/prestataires\/la-riverais-2-face-est-3-st-pere-en-retz-2540.jpg"}},"urlLien":"","typeLien":"|","nofollow":"N","copyright":"Didier Pointeau"},{"url":"https:\/\/www.saint-brevin.com\/medias\/images\/prestataires\/2023-05-menhir-de-la-riveraie-161952-8290.jpg","chemin":"..\/medias\/images\/prestataires\/2023-05-menhir-de-la-riveraie-161952-8290.jpg","libelle":"2023-05-menhir-de-la-riveraie-161952-8290","extension":"jpg","categorie":"","largeur":1335,"theme":"","hauteur":2000,"type":"Image","origine":"","liaisonPave":"","langue":"","id":"8290","urlVignette":"https:\/\/www.saint-brevin.com\/medias\/images\/prestataires\/v-2023-05-menhir-de-la-riveraie-161952-8290.jpg","alt":"2023-05-menhir-de-la-riveraie-161952-8290","title":"2023-05-menhir-de-la-riveraie-161952-8290 - &copy Bernard BOUDON","MultiTaille":{"1920x1440":{"url":"https:\/\/www.saint-brevin.com\/medias\/images\/prestataires\/multitailles\/1920x1440_2023-05-menhir-de-la-riveraie-161952-8290.jpg"},"1200x900":{"url":"https:\/\/www.saint-brevin.com\/medias\/images\/prestataires\/multitailles\/1200x900_2023-05-menhir-de-la-riveraie-161952-8290.jpg"},"800x600":{"url":"https:\/\/www.saint-brevin.com\/medias\/images\/prestataires\/multitailles\/800x600_2023-05-menhir-de-la-riveraie-161952-8290.jpg"},"640x480":{"url":"https:\/\/www.saint-brevin.com\/medias\/images\/prestataires\/multitailles\/640x480_2023-05-menhir-de-la-riveraie-161952-8290.jpg"},"320x240":{"url":"https:\/\/www.saint-brevin.com\/medias\/images\/prestataires\/multitailles\/320x240_2023-05-menhir-de-la-riveraie-161952-8290.jpg"},"160x120":{"url":"https:\/\/www.saint-brevin.com\/medias\/images\/prestataires\/multitailles\/160x120_2023-05-menhir-de-la-riveraie-161952-8290.jpg"},"origine":{"url":"https:\/\/www.saint-brevin.com\/medias\/images\/prestataires\/2023-05-menhir-de-la-riveraie-161952-8290.jpg"}},"urlLien":"","typeLien":"|","nofollow":"N","copyright":"Bernard BOUDON"}]},"Image":[{"url":"https:\/\/www.saint-brevin.com\/medias\/images\/prestataires\/2023-05-menhir-de-la-riveraie-162026-8291.jpg","chemin":"..\/medias\/images\/prestataires\/2023-05-menhir-de-la-riveraie-162026-8291.jpg","libelle":"2023-05-menhir-de-la-riveraie-162026-8291","extension":"jpg","categorie":"","largeur":2000,"theme":"","hauteur":1335,"type":"Image","origine":"","liaisonPave":"","langue":"","id":"8291","urlVignette":"https:\/\/www.saint-brevin.com\/medias\/images\/prestataires\/v-2023-05-menhir-de-la-riveraie-162026-8291.jpg","alt":"2023-05-menhir-de-la-riveraie-162026-8291","title":"2023-05-menhir-de-la-riveraie-162026-8291 - &copy Bernard BOUDON","MultiTaille":{"1920x1440":{"url":"https:\/\/www.saint-brevin.com\/medias\/images\/prestataires\/multitailles\/1920x1440_2023-05-menhir-de-la-riveraie-162026-8291.jpg"},"1200x900":{"url":"https:\/\/www.saint-brevin.com\/medias\/images\/prestataires\/multitailles\/1200x900_2023-05-menhir-de-la-riveraie-162026-8291.jpg"},"800x600":{"url":"https:\/\/www.saint-brevin.com\/medias\/images\/prestataires\/multitailles\/800x600_2023-05-menhir-de-la-riveraie-162026-8291.jpg"},"640x480":{"url":"https:\/\/www.saint-brevin.com\/medias\/images\/prestataires\/multitailles\/640x480_2023-05-menhir-de-la-riveraie-162026-8291.jpg"},"320x240":{"url":"https:\/\/www.saint-brevin.com\/medias\/images\/prestataires\/multitailles\/320x240_2023-05-menhir-de-la-riveraie-162026-8291.jpg"},"160x120":{"url":"https:\/\/www.saint-brevin.com\/medias\/images\/prestataires\/multitailles\/160x120_2023-05-menhir-de-la-riveraie-162026-8291.jpg"},"origine":{"url":"https:\/\/www.saint-brevin.com\/medias\/images\/prestataires\/2023-05-menhir-de-la-riveraie-162026-8291.jpg"}},"urlLien":"","typeLien":"|","nofollow":"N","copyright":"Bernard BOUDON"},{"url":"https:\/\/www.saint-brevin.com\/medias\/images\/prestataires\/la-riverais-2-face-est-3-st-pere-en-retz-2540.jpg","chemin":"..\/medias\/images\/prestataires\/la-riverais-2-face-est-3-st-pere-en-retz-2540.jpg","libelle":"la-riverais-2-face-est-3-st-pere-en-retz-2540","extension":"jpg","categorie":"","largeur":1600,"theme":"","hauteur":1200,"type":"Image","origine":"","liaisonPave":"","langue":"","id":"2540","urlVignette":"https:\/\/www.saint-brevin.com\/medias\/images\/prestataires\/v-la-riverais-2-face-est-3-st-pere-en-retz-2540.jpg","alt":"la-riverais-2-face-est-3-st-pere-en-retz-2540","title":"la-riverais-2-face-est-3-st-pere-en-retz-2540 - &copy Didier Pointeau","MultiTaille":{"1920x1440":{"url":"https:\/\/www.saint-brevin.com\/medias\/images\/prestataires\/multitailles\/1920x1440_la-riverais-2-face-est-3-st-pere-en-retz-2540.jpg"},"1200x900":{"url":"https:\/\/www.saint-brevin.com\/medias\/images\/prestataires\/multitailles\/1200x900_la-riverais-2-face-est-3-st-pere-en-retz-2540.jpg"},"800x600":{"url":"https:\/\/www.saint-brevin.com\/medias\/images\/prestataires\/multitailles\/800x600_la-riverais-2-face-est-3-st-pere-en-retz-2540.jpg"},"640x480":{"url":"https:\/\/www.saint-brevin.com\/medias\/images\/prestataires\/multitailles\/640x480_la-riverais-2-face-est-3-st-pere-en-retz-2540.jpg"},"320x240":{"url":"https:\/\/www.saint-brevin.com\/medias\/images\/prestataires\/multitailles\/320x240_la-riverais-2-face-est-3-st-pere-en-retz-2540.jpg"},"160x120":{"url":"https:\/\/www.saint-brevin.com\/medias\/images\/prestataires\/multitailles\/160x120_la-riverais-2-face-est-3-st-pere-en-retz-2540.jpg"},"origine":{"url":"https:\/\/www.saint-brevin.com\/medias\/images\/prestataires\/la-riverais-2-face-est-3-st-pere-en-retz-2540.jpg"}},"urlLien":"","typeLien":"|","nofollow":"N","copyright":"Didier Pointeau"},{"url":"https:\/\/www.saint-brevin.com\/medias\/images\/prestataires\/2023-05-menhir-de-la-riveraie-161952-8290.jpg","chemin":"..\/medias\/images\/prestataires\/2023-05-menhir-de-la-riveraie-161952-8290.jpg","libelle":"2023-05-menhir-de-la-riveraie-161952-8290","extension":"jpg","categorie":"","largeur":1335,"theme":"","hauteur":2000,"type":"Image","origine":"","liaisonPave":"","langue":"","id":"8290","urlVignette":"https:\/\/www.saint-brevin.com\/medias\/images\/prestataires\/v-2023-05-menhir-de-la-riveraie-161952-8290.jpg","alt":"2023-05-menhir-de-la-riveraie-161952-8290","title":"2023-05-menhir-de-la-riveraie-161952-8290 - &copy Bernard BOUDON","MultiTaille":{"1920x1440":{"url":"https:\/\/www.saint-brevin.com\/medias\/images\/prestataires\/multitailles\/1920x1440_2023-05-menhir-de-la-riveraie-161952-8290.jpg"},"1200x900":{"url":"https:\/\/www.saint-brevin.com\/medias\/images\/prestataires\/multitailles\/1200x900_2023-05-menhir-de-la-riveraie-161952-8290.jpg"},"800x600":{"url":"https:\/\/www.saint-brevin.com\/medias\/images\/prestataires\/multitailles\/800x600_2023-05-menhir-de-la-riveraie-161952-8290.jpg"},"640x480":{"url":"https:\/\/www.saint-brevin.com\/medias\/images\/prestataires\/multitailles\/640x480_2023-05-menhir-de-la-riveraie-161952-8290.jpg"},"320x240":{"url":"https:\/\/www.saint-brevin.com\/medias\/images\/prestataires\/multitailles\/320x240_2023-05-menhir-de-la-riveraie-161952-8290.jpg"},"160x120":{"url":"https:\/\/www.saint-brevin.com\/medias\/images\/prestataires\/multitailles\/160x120_2023-05-menhir-de-la-riveraie-161952-8290.jpg"},"origine":{"url":"https:\/\/www.saint-brevin.com\/medias\/images\/prestataires\/2023-05-menhir-de-la-riveraie-161952-8290.jpg"}},"urlLien":"","typeLien":"|","nofollow":"N","copyright":"Bernard BOUDON"}]},"Url":"menhir-de-la-riveraie.html","Localisation":{"GoogleMap":{"Latitude":"47.20706","Longitude":"-2.10237"}},"ZoneGeo":"","Criteres":{"NIVPARTENAIRE[COMPLET":"","COMMUNES[SAINTPEREENRETZ":"","AUTOURL[STBREVINSE":"","DISTANCEDELAGARE[KMGARESAINTBAZAIRE":"20","DISTANCEDELAGARE[KMGAREPORNIC":"18","DISTANCEDUBUS[MARRET":"5400","DISTANCEDUCENTRE[KMDUCENTREDESAINTPREEN":"5","DISTANCEMER[PLUSDE2KM":"","DISTANCEMER[KMDELAMER":"6","UTYPC[UMH":"","UDMEG[UMEH":"","LVISI[UVISLI":"","LVISI[UVGL":"","LVISI[UJP":"Visites guid\u00e9es","ANIACC[ANOUI":"","UDLTH[SAAAA":"","MAJINGENIE[DATEDERNIEREMAJ":"20230320","MISEAJOUR[AMANDINE":""},"DateFinPublication":"","PrixAPartirDe":"","PrixPour":"","FicheListeEnCours":"fiche_liste_patrimoine_culturel_v2017","ParametresModele":{"AfficherPhotos":"1","NbPhotosMax":6,"AfficherReserver":0,"AfficherContact":0,"AfficherSalle":1,"AfficherZoneGeo":0,"AfficherEnSavoirPlus":"1","AfficherUneSeuleOuverture":0,"AfficherContactCarte":1,"AfficherTarifsChaudAPartirDe":0,"AfficherTarifChaudSansRecherche":0,"AfficherLiensCarnetVoyage":"1","AfficherOuverture":"0","BlocCritereInfo":{"critere1":{"libelle":""},"critere2":{"libelle":""},"critere3":{"libelle":"LIBELLE_GENERAL"},"critere4":{"libelle":""},"critere5":{"libelle":""},"critere6":{"libelle":""},"critere7":{"libelle":"","liste_critere":["COMMUNES|U"]},"critere8":{"libelle":""},"afficherpictoetpaslibelle":"1"},"Criteres":"NIVPARTENAIRE[COMPLET","PositionBloc":"GALLERIE|NOM|CARNET_VOYAGE|URL","TypePrestataire":"U","ComportementResa":false,"ComportementDispo":false},"AffichageCoordonnees":[],"Coordonnees":{"Ville":"ST PERE EN RETZ"},"ContexteId":"PRESTATAIRE|U|PCUPDL044V50045Z","ContexteIdHtml":"PRESTATAIRE-U-PCUPDL044V50045Z","cleContexte":"U|PCUPDL044V50045Z","Bloc":{"texte1":"","texte3":"","critere1":{"libelle":"","contenu":[]},"critere2":{"libelle":"","contenu":[]},"critere3":{"libelle":"","contenu":[]},"critere4":{"libelle":"","contenu":[]},"critere5":{"libelle":"","contenu":[]},"critere6":{"libelle":"","contenu":[]},"critere7":{"libelle":"","contenu":{"COMMUNES":{"libelle":"COMMUNE","contenu":{"5":"Saint-P\u00e8re en Retz"},"codesValeurs":{"5":"COMMUNES|SAINTPEREENRETZ|U"},"criteres_datas":{"valeurs":{"5":{"SAINTPEREENRETZ":{"descriptif":""}}}}}}},"critere8":{"libelle":"","contenu":[]},"critere9":{"libelle":"","contenu":[]}},"LocalisationGps":{"Latitude":"47.20706","Longitude":"-2.10237"},"libelleDuPrestataire":"","listeCriteres":{"NIVPARTENAIRE":{"COMPLET":""},"COMMUNES":{"SAINTPEREENRETZ":""},"AUTOURL":{"STBREVINSE":""},"DISTANCEDELAGARE":{"KMGARESAINTBAZAIRE":"20","KMGAREPORNIC":"18"},"DISTANCEDUBUS":{"MARRET":"5400"},"DISTANCEDUCENTRE":{"KMDUCENTREDESAINTPREEN":"5"},"DISTANCEMER":{"PLUSDE2KM":"","KMDELAMER":"6"},"UTYPC":{"UMH":""},"UDMEG":{"UMEH":""},"LVISI":{"UVISLI":"","UVGL":"","UJP":"Visites guid\u00e9es"},"ANIACC":{"ANOUI":""},"UDLTH":{"SAAAA":""},"MAJINGENIE":{"DATEDERNIEREMAJ":"20230320"},"MISEAJOUR":{"AMANDINE":""}},"dansCarnetVoyage":true,"Ouverture":""},"html":" \n \u003Cdiv id=\"CV-PRESTATAIRE-U-PCUPDL044V50045Z\" data-contexte-id=\"PRESTATAIRE|U|PCUPDL044V50045Z\" data-cle=\"U|PCUPDL044V50045Z\" class=\"fiche-liste\"\u003E\n    \n\n    \u003C!-- partie photo --\u003E\n    \u003Cdiv class=\"photo\"\u003E\t\t\t\t\t\t\t\t\t\t\t\t\t\t\t\t\t\t\t\t\t\n        \u003Cdiv class=\"cadre_photo_principale\"\u003E\t\t\n        \n            \t\t\t\t\t\n                    \u003Ca href=\"menhir-de-la-riveraie.html?origine=carnet#media\"\u003E\n                        \u003Cimg class=\"photo_principale\" alt=\"2023-05-menhir-de-la-riveraie-162026-8291\" src=\"https:\/\/www.saint-brevin.com\/medias\/images\/prestataires\/multitailles\/320x240_2023-05-menhir-de-la-riveraie-162026-8291.jpg\" itemprop=\"image\"\u003E\n                    \u003C\/a\u003E\t\t\t\t\t\t\n                \n                    \u003C\/div\u003E\t\t\t\t\t\t\t\t\t\t\t\t\t\t\t\t\t\t\t \t\t\n    \u003C\/div\u003E\n    \n    \u003C!-- partie nom prest --\u003E\n    \u003Cdiv class=\"nom\"\u003E\n        \u003Ch2\u003EMenhir de la Riveraie\u003C\/h2\u003E\n        \n            \u003C\/div\u003E\n\n         \n    \u003C!-- partie adresse --\u003E\n    \u003Cdiv class=\"adresse\"\u003E\n    \n          \n    \u003C\/div\u003E\n    \n    \u003C!-- partie liens --\u003E\n    \u003Cdiv class=\"liens\"\u003E\n            \u003Ca class=\"btn-icon btn-view \" title=\"Voir la fiche d\u00e9taill\u00e9e\" href=\"menhir-de-la-riveraie.html?origine=carnet\"\u003E\u003C\/a\u003E\u003C!--\u003Ca class=\"btn-icon btn-view \" title=\"\" href=\"?origine=carnet#thaut\"\u003E\u003C\/a\u003E--\u003E\n      \u003Ca class=\"btn-icon btn-trash carnet_voyage_supprimer\" title=\"Supprimer cette fiche de mon carnet de voyage\" href=\"carnet-voyage?action=remove&fiche=U|PCUPDL044V50045Z\"\u003E\u003C\/a\u003E\n    \u003C\/div\u003E\n\n\u003C\/div\u003E\n\n","icon":"https:\/\/static.ingenie.fr\/images\/carnetVoyageV3\/U.png"},"fiche":"U|PCUPDL044V50045Z","popup":"\u003Cdiv id=\"bloc_popup_ajout_fiche_carnet\"\u003E\n    \u003Cdiv class=\"info_popup_ajout_fiche_carnet\"\u003E\n        Vous venez d'ajouter cet \u00e9l\u00e9ment \u00e0 votre carnet de voyage :    \u003C\/div\u003E\n    \u003Cdiv class=\"prest_popup_ajout_fiche_carnet\"\u003E\n        Menhir de la Riveraie    \u003C\/div\u003E\n    \u003Cdiv class=\"bloc_btn_ajout_fiche_carnet form_submit_div\"\u003E\n        \u003Cinput type=\"button\" value=\"Continuer ma s\u00e9lection\" title=\"Continuer ma s\u00e9lection\" name=\"btn_close\" class=\"btn_close_popup_carnet form_submit\" onclick=\"$.colorbox.close()\" \/\u003E\n        \u003Cinput type=\"button\" value=\"Voir mon carnet de voyage\" title=\"Voir mon carnet\" name=\"btn_panier\" class=\"btn_panier_popup_carnet form_submit\" onclick=\"if(typeof CarnetVoyage != 'undefined') {CarnetVoyage.voirCarnet();}\" \/\u003E\n    \u003C\/div\u003E\n    \u003Cdiv class=\"bloc_btn_ajout_fiche_carnet\"\u003E\n        \u003Cinput type=\"checkbox\" value=\"1\" name=\"desactiver_popup\" id=\"desactiver_popup\" \/\u003E\n        \u003Clabel for=\"desactiver_popup\"\u003ENe plus afficher ce message\u003C\/label\u003E\n    \u003C\/div\u003E\n\u003C\/div\u003E","success":1}