{"nbFiches":1,"dataPrest":{"infoPrest":{"pave1":{"libelle":"Slogan","contenu":"Parcours artistique dans la ville"},"pave2":{"libelle":"Descriptif","contenu":"\u003Cp\u003EL&rsquo;association 13ARTS, en partenariat avec la commune de Paimboeuf, a initi&eacute; la cr&eacute;ation d&rsquo;un parcours temporel dans la ville avec la participation du collectif 100pression et deux de ses artistes : WIDE et Francis PERSU.\u003C\/p\u003E\r\n\r\n\u003Cdiv\u003EPaimblotin(e)s, visiteurs, touristes, cyclistes de la Loire &agrave; v&eacute;lo, tous, ont pu apercevoir et assiter &agrave; la naissance des trois fresques murales r&eacute;alis&eacute;es par deux membres du collectif nantais 100pression : WIDE et Francis PERSU.&nbsp;Embellir le territoire et moderniser l&rsquo;espace public, affirmer l&rsquo;identit&eacute; forte de Paimb&oelig;uf, inciter &agrave; d&eacute;couvrir la ville et d&eacute;velopper l&rsquo;attractivit&eacute; touristique par une autre forme d&rsquo;art et d&rsquo;expression, voila toute l&#39;ambition de ce projet men&eacute; par l&#39;association 13ARTS en partenariat avec la Commune.\u003Cbr \/\u003E\r\n\u003Cbr \/\u003E\r\nL&#39;objectif &eacute;tait de mettre en valeur les pass&eacute;es maritimes, historiques, industriels et naturels de notre Cit&eacute; &agrave; travers l&#39;art urbain.\u003Cbr \/\u003E\r\n&nbsp;\r\n\u003Ch4\u003E\u003Cem\u003E\u003Cu\u003E\u003Cstrong\u003ELe Hangar\u003C\/strong\u003E\u003C\/u\u003E\u003C\/em\u003E\u003C\/h4\u003E\r\n\r\n\u003Cp\u003EOn d&eacute;bute tout d&#39;abord ce parcours par un regard myst&eacute;rieux,&nbsp;celui de Jacques-No&euml;l SAN&Eacute; surnomm&eacute; &laquo; Le Vauban de la marine &raquo;\u003Cbr \/\u003E\r\nN&eacute; &agrave; Brest en 1740 et mort &agrave; Paris en 1831, il est l&rsquo;ing&eacute;nieur constructeur naval fran&ccedil;ais le plus brillant de l&rsquo;&acirc;ge de la voile.\u003C\/p\u003E\r\n\r\n\u003Cp\u003EPuis cot&eacute; Loire, on d&eacute;couvre le bateau &laquo;&nbsp;La M&eacute;duse&nbsp;&raquo; construit &agrave; Paimb&oelig;uf. Napol&eacute;on s&rsquo;y int&eacute;resse lors de sa visite en 1808. Il a &eacute;t&eacute; inaugur&eacute; et acclam&eacute; par la foule,&nbsp;le 1er juillet 1810&nbsp;avant de faire naufrage le 2 juillet 1816, entra&icirc;nant la mort de 160 personnes, dont 147 abandonn&eacute;es sur un radeau de fortune.\u003C\/p\u003E\r\n\r\n\u003Cp\u003ELe naufrage inspire &agrave; Th&eacute;odore G&eacute;ricault en 1818-1819 le tableau monumental&nbsp;&laquo;&nbsp;Le Radeau de la M&eacute;duse&nbsp;&raquo;, expos&eacute; au mus&eacute;e du Louvre.\u003Cbr \/\u003E\r\n\u003Cbr \/\u003E\r\n&nbsp;\u003C\/p\u003E\r\n\r\n\u003Ch4\u003E\u003Cstrong\u003E\u003Cem\u003E\u003Cu\u003ELe passage des Acadiens\u003C\/u\u003E\u003C\/em\u003E\u003C\/strong\u003E\u003C\/h4\u003E\r\n\r\n\u003Cp\u003EIci un m&eacute;lange color&eacute; inspir&eacute; du pass&eacute; industriel de Paimb&oelig;uf et de son patrimoine naturel.\u003C\/p\u003E\r\n\r\n\u003Cp\u003EOn y retrouve&nbsp;l&#39;Ang&eacute;lique des estuaires (herbe a\u0300 la fi&egrave;vre), rare plante end&eacute;mique fran&ccedil;aise menac&eacute;e et prot&eacute;g&eacute;e. Ainsi que la Gratiola appel&eacute;e aussi Herbe au pauvre homme, ou Petite digitale&hellip;\u003C\/p\u003E\r\n\r\n\u003Cp\u003EL&rsquo;usine Kuhlmann&nbsp;y est aussi repr&eacute;sent&eacute;e. Pendant 80 ans, la commune de Paimb&oelig;uf a accueilli le plus gros p&ocirc;le industriel du sud de l&rsquo;estuaire, celui de l&rsquo;usine Kuhlmann qui comptait encore en 1970 plus de 700 salari&eacute;s. Tr&egrave;s vite actif dans la production d&rsquo;engrais, le groupe industriel fut pionnier du d&eacute;veloppement des superphosphates. Jusqu&rsquo;&agrave; sa fermeture en 1996, le site fabriquait le plomb t&eacute;tra&eacute;thyle, essentiel &agrave; la composition de l&rsquo;essence. En cr&eacute;ant des logements, des clubs sportifs, une &eacute;cole d&rsquo;appentis, cette usine a marqu&eacute; l&rsquo;histoire de Paimb&oelig;uf.\u003Cbr \/\u003E\r\n\u003Cbr \/\u003E\r\n&nbsp;\u003C\/p\u003E\r\n\r\n\u003Ch4\u003E\u003Cstrong\u003E\u003Cem\u003E\u003Cu\u003ELe pr&eacute;au du Centre Culturel Georges Brassens\u003C\/u\u003E\u003C\/em\u003E\u003C\/strong\u003E\u003C\/h4\u003E\r\n\r\n\u003Cp\u003E(26, boulevard Dumesnildot)\u003C\/p\u003E\r\n\r\n\u003Cp\u003EPierre Chevry, patron de l&rsquo;usine Kuhlmann de Paimb&oelig;uf est ici repr&eacute;sent&eacute;. N&eacute; en Haute-Marne en 1894, ing&eacute;nieur, polytechnicien et r&eacute;sistant, on lui doit notamment d&rsquo;avoir pr&eacute;venu ses salari&eacute;s avant l&rsquo;arriv&eacute;e des Allemands. Il est mort en d&eacute;portation le 17 ao&ucirc;t 1944.\u003C\/p\u003E\r\n\r\n\u003Cp\u003EL&#39;usine renait et on retrouve sur la fresque, son logo (un K bleu) ainsi que sa devise NEC PLURIBUS IMPAR (Tout lui est possible).\u003C\/p\u003E\r\n\r\n\u003Cdiv role=\"alert\"\u003ETrois fresques murales dans 3 lieux&nbsp;:\u003Cbr \/\u003E\r\n&bull; Le HANGAR, quai Sadi-Carnot\u003Cbr \/\u003E\r\n&bull; Le Passage des Acadiens, quai Sadi-Carnot\u003Cbr \/\u003E\r\n&bull; Le pr&eacute;au du Centre Culturel Georges-Brassens (26, boulevard Dumesnildot)\u003C\/div\u003E\r\n\r\n\u003Cp\u003E&nbsp;\u003C\/p\u003E\r\n\r\n\u003Cp\u003E\u003Cstrong\u003E\u003Cem\u003E\u003Cu\u003EQui sont-ils ?\u003C\/u\u003E\u003C\/em\u003E\u003C\/strong\u003E\u003C\/p\u003E\r\n\r\n\u003Cp\u003E\u003Cstrong\u003EL&rsquo;association 13ARTS&nbsp;\u003C\/strong\u003Ea &eacute;t&eacute; constitu&eacute;e par Carine et Ga&euml;l, deux passionn&eacute;s de graffitis et de patrimoine industriel. Elle s&rsquo;est implant&eacute;e dans l&rsquo;ancien Centre de soin de Paimb&oelig;uf, situ&eacute; rue Pierre-Jubau, afin d&rsquo;y d&eacute;velopper un lieu d&rsquo;exposition et de libert&eacute; d&rsquo;expression artistique pluridisciplinaire. L&rsquo;association a pour objectif de rendre accessible la culture de mani&egrave;re large et transversale ; d&rsquo;orchestrer la rencontre entre les publics et les artistes ; et de valoriser la cr&eacute;ation, le patrimoine urbain et les talents locaux &agrave; travers l&rsquo;art de la rue (Street-art).\u003C\/p\u003E\r\n\r\n\u003Cp\u003E\u003Cstrong\u003EPersu\u003C\/strong\u003E&nbsp;est actif dans la sc&egrave;ne graffiti fran&ccedil;aise depuis le d&eacute;but des ann&eacute;es 90, o&ugrave; il intervient sous divers pseudonymes. C&rsquo;est au sein de L&rsquo;OCT crew qu&rsquo;il d&eacute;veloppe une technique qui lui permet de pouvoir tout r&eacute;aliser, du simple &laquo;flop&raquo; &agrave; la fresque ultra color&eacute;e. Bien qu&rsquo;inspir&eacute; par la bande-dessin&eacute;e dans l&rsquo;&eacute;laboration de ses personnages et paysages, sa sp&eacute;cialit&eacute; reste le &laquo;Wild style&raquo;, style de lettrage complexe. Dessinant inlassablement, ce sont les liens entre les lettres qui le fascinent et avec lesquels il joue le plus.\u003C\/p\u003E\r\n\r\n\u003Cp\u003EDepuis son enfance,&nbsp;\u003Cstrong\u003EWide\u003C\/strong\u003E&nbsp;est fascin&eacute; par les espaces abandonn&eacute;s, c&eacute;d&eacute;s par l&rsquo;homme au sauvage. Ces ruines modernes nous renvoient &agrave; notre propre temporalit&eacute;, &agrave; l&rsquo;impermanence de toute chose. Cela fait 20 ans qu&rsquo;il r&eacute;alise des peintures, par essence &eacute;ph&eacute;m&egrave;res, dans ces lieux en d&eacute;composition. Cette pratique a d&eacute;velopp&eacute; chez Wide un int&eacute;r&ecirc;t pour l&rsquo;obsolescence produite par le temps et l&rsquo;a amen&eacute; dans cette recherche d&rsquo;esth&eacute;tisation de l&rsquo;&eacute;ph&eacute;m&egrave;re vers le Glitch art. Cet art consiste &agrave; reconnaitre la beaut&eacute; dans les erreurs d&rsquo;affichage des images num&eacute;riques, sous la forme de fragmentations, de r&eacute;p&eacute;titions et d&rsquo;artefacts.\u003Cbr \/\u003E\r\nWide tente de reproduire en peinture cette esth&eacute;tique de l&rsquo;obsolescence technologique qui peut appara&icirc;tre sur nos &eacute;crans LCD. La collecte de photos d&rsquo;identit&eacute;, t&eacute;moignages d&rsquo;un instant T, et la capture de mots tir&eacute;s du flot d&rsquo;information en continu &agrave; la fois &laquo; news &raquo; et d&eacute;j&agrave; d&eacute;pass&eacute;es, constituent la mati&egrave;re premi&egrave;re du travail d&rsquo;atelier de Wide. Il explore ces th&egrave;mes dans des oeuvres tendant vers l&rsquo;abstraction, en exp&eacute;rimentant diff&eacute;rents supports et techniques.\u003C\/p\u003E\r\n\r\n\u003Cdiv\u003E\r\n\u003Cp\u003E\u003Cstrong\u003E\u003Cem\u003EAssociation 13ARTS Carine JOLY (Pr&eacute;sidente), 06 47 97 66 16 \/ 13arts.asso@gmail.com \/ www.facebook.com\/13arts.asso\u003C\/em\u003E\u003C\/strong\u003E\u003C\/p\u003E\r\n\r\n\u003Cp data-attrid=\"title\" data-dtype=\"d3ifr\" data-local-attribute=\"d3bn\" data-ved=\"2ahUKEwiz0-O7xKzrAhVlzoUKHWcQA-0Q3B0oATAXegQIDxAO\"\u003E\u003Cstrong\u003E\u003Cem\u003ECollectif 100pression, 11 Rue des Olivettes, 44000 Nantes \/&nbsp;06 08 02 79 81\u003C\/em\u003E\u003C\/strong\u003E\u003C\/p\u003E\r\n\u003C\/div\u003E\r\n\u003C\/div\u003E\r\n"},"pave3":{"libelle":"","contenu":""},"pave4":{"libelle":"","contenu":""},"pave5":{"libelle":"","contenu":""},"pave6":{"libelle":"","contenu":""},"pave7":{"libelle":"","contenu":""},"pave8":{"libelle":"","contenu":""},"pave9":{"libelle":"","contenu":""},"pave10":{"libelle":"","contenu":""},"pave11":{"libelle":"","contenu":""},"pave12":{"libelle":"","contenu":""},"pave13":{"libelle":"","contenu":""},"pave14":{"libelle":"","contenu":""},"pave15":{"libelle":"","contenu":""},"pave16":{"libelle":"","contenu":""},"pave17":{"libelle":"","contenu":""},"pave18":{"libelle":"","contenu":""},"pave19":{"libelle":"","contenu":""},"pave20":{"libelle":"","contenu":""},"pave21":{"libelle":"","contenu":""},"pave22":{"libelle":"","contenu":""},"pave23":{"libelle":"","contenu":""},"pave24":{"libelle":"","contenu":""},"pave25":{"libelle":"","contenu":""},"ContactsParType":{"IWEB":{"1916":{"id_contact":"1916","type_contact":"IWEB","categorie_contact":"PRESTATAIRE","societe_contact":"Parcours temporel Artistique","fonction_contact":"","civilite_nom_prenom_contact":"","adresse1_contact":"Quai Sadi Carnot","adresse2_contact":"","adresse3_contact":"","cpostal_contact":"44560","ville_contact":"PAIMBOEUF","teldom_contact":"02 40 27 53 82","telbur_contact":"","fax_contact":"","portable_contact":"","email_contact":"13arts.asso@gmail.com","siteweb_contact":"","commentaire_contact":"","langue_contact":"","autre_moyen_com":[]}}},"Libelle":"Parcours temporel Artistique","Nom":"Parcours temporel Artistique","Prenom":"","NomPrenom":"Parcours temporel Artistique ","CiviliteNomPrenom":"Parcours temporel Artistique ","Cle":"U|PARCOURSTEMPOREL","PrestataireParent":"","ContexteStat":"PRESTATAIRE-U-PARCOURSTEMPOREL","DateModificationIso":"2025-11-21T14:03:00+01:00","Type":"PRESTATAIRE","TypePrestataire":"U","Adresse":{"LigneAdresse1":"Quai Sadi Carnot","LigneAdresse2":"","LigneAdresse3":"","CodePostal":"44560","Ville":"PAIMBOEUF","Cedex":"","Etat":"","Pays":"FRA"},"Email":"13arts.asso@gmail.com","Telephone":"02 40 27 53 82","TelephoneBureau":"","Portable":"","SiteWeb":"","Fax":"","Id":"u-parcourstemporel","Code":"U|PARCOURSTEMPOREL","Fichier":{"Image":[{"url":"https:\/\/www.saint-brevin.com\/medias\/images\/prestataires\/hangar-2-5189-5670.jpg","chemin":"..\/medias\/images\/prestataires\/hangar-2-5189-5670.jpg","libelle":"hangar-2-5189","extension":"jpg","categorie":"","largeur":3757,"theme":"","hauteur":3024,"type":"Image","origine":"","liaisonPave":"","langue":"","id":"5670","urlVignette":"https:\/\/www.saint-brevin.com\/medias\/images\/prestataires\/v-hangar-2-5189-5670.jpg","alt":"hangar-2-5189","title":"hangar-2-5189","MultiTaille":{"1920x1440":{"url":"https:\/\/www.saint-brevin.com\/medias\/images\/prestataires\/multitailles\/1920x1440_hangar-2-5189-5670.jpg"},"1200x900":{"url":"https:\/\/www.saint-brevin.com\/medias\/images\/prestataires\/multitailles\/1200x900_hangar-2-5189-5670.jpg"},"800x600":{"url":"https:\/\/www.saint-brevin.com\/medias\/images\/prestataires\/multitailles\/800x600_hangar-2-5189-5670.jpg"},"640x480":{"url":"https:\/\/www.saint-brevin.com\/medias\/images\/prestataires\/multitailles\/640x480_hangar-2-5189-5670.jpg"},"320x240":{"url":"https:\/\/www.saint-brevin.com\/medias\/images\/prestataires\/multitailles\/320x240_hangar-2-5189-5670.jpg"},"160x120":{"url":"https:\/\/www.saint-brevin.com\/medias\/images\/prestataires\/multitailles\/160x120_hangar-2-5189-5670.jpg"},"origine":{"url":"https:\/\/www.saint-brevin.com\/medias\/images\/prestataires\/hangar-2-5189-5670.jpg"}},"urlLien":"","typeLien":"|","nofollow":"N","copyright":"13arts"},{"url":"https:\/\/www.saint-brevin.com\/medias\/images\/prestataires\/hangar-1-5190-5671.jpg","chemin":"..\/medias\/images\/prestataires\/hangar-1-5190-5671.jpg","libelle":"hangar-1-5190","extension":"jpg","categorie":"","largeur":2500,"theme":"","hauteur":1875,"type":"Image","origine":"","liaisonPave":"","langue":"","id":"5671","urlVignette":"https:\/\/www.saint-brevin.com\/medias\/images\/prestataires\/v-hangar-1-5190-5671.jpg","alt":"hangar-1-5190","title":"hangar-1-5190","MultiTaille":{"1920x1440":{"url":"https:\/\/www.saint-brevin.com\/medias\/images\/prestataires\/multitailles\/1920x1440_hangar-1-5190-5671.jpg"},"1200x900":{"url":"https:\/\/www.saint-brevin.com\/medias\/images\/prestataires\/multitailles\/1200x900_hangar-1-5190-5671.jpg"},"800x600":{"url":"https:\/\/www.saint-brevin.com\/medias\/images\/prestataires\/multitailles\/800x600_hangar-1-5190-5671.jpg"},"640x480":{"url":"https:\/\/www.saint-brevin.com\/medias\/images\/prestataires\/multitailles\/640x480_hangar-1-5190-5671.jpg"},"320x240":{"url":"https:\/\/www.saint-brevin.com\/medias\/images\/prestataires\/multitailles\/320x240_hangar-1-5190-5671.jpg"},"160x120":{"url":"https:\/\/www.saint-brevin.com\/medias\/images\/prestataires\/multitailles\/160x120_hangar-1-5190-5671.jpg"},"origine":{"url":"https:\/\/www.saint-brevin.com\/medias\/images\/prestataires\/hangar-1-5190-5671.jpg"}},"urlLien":"","typeLien":"|","nofollow":"N","copyright":"13arts"},{"url":"https:\/\/www.saint-brevin.com\/medias\/images\/prestataires\/la-meduse-5191-5672.jpg","chemin":"..\/medias\/images\/prestataires\/la-meduse-5191-5672.jpg","libelle":"la-meduse-5191","extension":"jpg","categorie":"","largeur":640,"theme":"","hauteur":360,"type":"Image","origine":"","liaisonPave":"","langue":"","id":"5672","urlVignette":"https:\/\/www.saint-brevin.com\/medias\/images\/prestataires\/v-la-meduse-5191-5672.jpg","alt":"la-meduse-5191","title":"la-meduse-5191","MultiTaille":{"1920x1440":{"url":"https:\/\/www.saint-brevin.com\/medias\/images\/prestataires\/multitailles\/1920x1440_la-meduse-5191-5672.jpg"},"1200x900":{"url":"https:\/\/www.saint-brevin.com\/medias\/images\/prestataires\/multitailles\/1200x900_la-meduse-5191-5672.jpg"},"800x600":{"url":"https:\/\/www.saint-brevin.com\/medias\/images\/prestataires\/multitailles\/800x600_la-meduse-5191-5672.jpg"},"640x480":{"url":"https:\/\/www.saint-brevin.com\/medias\/images\/prestataires\/multitailles\/640x480_la-meduse-5191-5672.jpg"},"320x240":{"url":"https:\/\/www.saint-brevin.com\/medias\/images\/prestataires\/multitailles\/320x240_la-meduse-5191-5672.jpg"},"160x120":{"url":"https:\/\/www.saint-brevin.com\/medias\/images\/prestataires\/multitailles\/160x120_la-meduse-5191-5672.jpg"},"origine":{"url":"https:\/\/www.saint-brevin.com\/medias\/images\/prestataires\/la-meduse-5191-5672.jpg"}},"urlLien":"","typeLien":"","nofollow":"N","copyright":""},{"url":"https:\/\/www.saint-brevin.com\/medias\/images\/prestataires\/sane-5192-5673.jpg","chemin":"..\/medias\/images\/prestataires\/sane-5192-5673.jpg","libelle":"sane-5192","extension":"jpg","categorie":"","largeur":661,"theme":"","hauteur":1011,"type":"Image","origine":"","liaisonPave":"","langue":"","id":"5673","urlVignette":"https:\/\/www.saint-brevin.com\/medias\/images\/prestataires\/v-sane-5192-5673.jpg","alt":"sane-5192","title":"sane-5192","MultiTaille":{"1920x1440":{"url":"https:\/\/www.saint-brevin.com\/medias\/images\/prestataires\/multitailles\/1920x1440_sane-5192-5673.jpg"},"1200x900":{"url":"https:\/\/www.saint-brevin.com\/medias\/images\/prestataires\/multitailles\/1200x900_sane-5192-5673.jpg"},"800x600":{"url":"https:\/\/www.saint-brevin.com\/medias\/images\/prestataires\/multitailles\/800x600_sane-5192-5673.jpg"},"640x480":{"url":"https:\/\/www.saint-brevin.com\/medias\/images\/prestataires\/multitailles\/640x480_sane-5192-5673.jpg"},"320x240":{"url":"https:\/\/www.saint-brevin.com\/medias\/images\/prestataires\/multitailles\/320x240_sane-5192-5673.jpg"},"160x120":{"url":"https:\/\/www.saint-brevin.com\/medias\/images\/prestataires\/multitailles\/160x120_sane-5192-5673.jpg"},"origine":{"url":"https:\/\/www.saint-brevin.com\/medias\/images\/prestataires\/sane-5192-5673.jpg"}},"urlLien":"","typeLien":"","nofollow":"N","copyright":""},{"url":"https:\/\/www.saint-brevin.com\/medias\/images\/prestataires\/acadiens-1-5193-5674.jpg","chemin":"..\/medias\/images\/prestataires\/acadiens-1-5193-5674.jpg","libelle":"acadiens-1-5193","extension":"jpg","categorie":"","largeur":2500,"theme":"","hauteur":1875,"type":"Image","origine":"","liaisonPave":"","langue":"","id":"5674","urlVignette":"https:\/\/www.saint-brevin.com\/medias\/images\/prestataires\/v-acadiens-1-5193-5674.jpg","alt":"acadiens-1-5193","title":"acadiens-1-5193","MultiTaille":{"1920x1440":{"url":"https:\/\/www.saint-brevin.com\/medias\/images\/prestataires\/multitailles\/1920x1440_acadiens-1-5193-5674.jpg"},"1200x900":{"url":"https:\/\/www.saint-brevin.com\/medias\/images\/prestataires\/multitailles\/1200x900_acadiens-1-5193-5674.jpg"},"800x600":{"url":"https:\/\/www.saint-brevin.com\/medias\/images\/prestataires\/multitailles\/800x600_acadiens-1-5193-5674.jpg"},"640x480":{"url":"https:\/\/www.saint-brevin.com\/medias\/images\/prestataires\/multitailles\/640x480_acadiens-1-5193-5674.jpg"},"320x240":{"url":"https:\/\/www.saint-brevin.com\/medias\/images\/prestataires\/multitailles\/320x240_acadiens-1-5193-5674.jpg"},"160x120":{"url":"https:\/\/www.saint-brevin.com\/medias\/images\/prestataires\/multitailles\/160x120_acadiens-1-5193-5674.jpg"},"origine":{"url":"https:\/\/www.saint-brevin.com\/medias\/images\/prestataires\/acadiens-1-5193-5674.jpg"}},"urlLien":"","typeLien":"|","nofollow":"N","copyright":"13arts"},{"url":"https:\/\/www.saint-brevin.com\/medias\/images\/prestataires\/acadiens-2-5194-5675.jpg","chemin":"..\/medias\/images\/prestataires\/acadiens-2-5194-5675.jpg","libelle":"acadiens-2-5194","extension":"jpg","categorie":"","largeur":3355,"theme":"","hauteur":3024,"type":"Image","origine":"","liaisonPave":"","langue":"","id":"5675","urlVignette":"https:\/\/www.saint-brevin.com\/medias\/images\/prestataires\/v-acadiens-2-5194-5675.jpg","alt":"acadiens-2-5194","title":"acadiens-2-5194","MultiTaille":{"1920x1440":{"url":"https:\/\/www.saint-brevin.com\/medias\/images\/prestataires\/multitailles\/1920x1440_acadiens-2-5194-5675.jpg"},"1200x900":{"url":"https:\/\/www.saint-brevin.com\/medias\/images\/prestataires\/multitailles\/1200x900_acadiens-2-5194-5675.jpg"},"800x600":{"url":"https:\/\/www.saint-brevin.com\/medias\/images\/prestataires\/multitailles\/800x600_acadiens-2-5194-5675.jpg"},"640x480":{"url":"https:\/\/www.saint-brevin.com\/medias\/images\/prestataires\/multitailles\/640x480_acadiens-2-5194-5675.jpg"},"320x240":{"url":"https:\/\/www.saint-brevin.com\/medias\/images\/prestataires\/multitailles\/320x240_acadiens-2-5194-5675.jpg"},"160x120":{"url":"https:\/\/www.saint-brevin.com\/medias\/images\/prestataires\/multitailles\/160x120_acadiens-2-5194-5675.jpg"},"origine":{"url":"https:\/\/www.saint-brevin.com\/medias\/images\/prestataires\/acadiens-2-5194-5675.jpg"}},"urlLien":"","typeLien":"|","nofollow":"N","copyright":"13arts"},{"url":"https:\/\/www.saint-brevin.com\/medias\/images\/prestataires\/gratiola-petite-digitale-5195-5676.jpg","chemin":"..\/medias\/images\/prestataires\/gratiola-petite-digitale-5195-5676.jpg","libelle":"gratiola-petite-digitale-5195","extension":"jpg","categorie":"","largeur":600,"theme":"","hauteur":400,"type":"Image","origine":"","liaisonPave":"","langue":"","id":"5676","urlVignette":"https:\/\/www.saint-brevin.com\/medias\/images\/prestataires\/v-gratiola-petite-digitale-5195-5676.jpg","alt":"gratiola-petite-digitale-5195","title":"gratiola-petite-digitale-5195","MultiTaille":{"1920x1440":{"url":"https:\/\/www.saint-brevin.com\/medias\/images\/prestataires\/multitailles\/1920x1440_gratiola-petite-digitale-5195-5676.jpg"},"1200x900":{"url":"https:\/\/www.saint-brevin.com\/medias\/images\/prestataires\/multitailles\/1200x900_gratiola-petite-digitale-5195-5676.jpg"},"800x600":{"url":"https:\/\/www.saint-brevin.com\/medias\/images\/prestataires\/multitailles\/800x600_gratiola-petite-digitale-5195-5676.jpg"},"640x480":{"url":"https:\/\/www.saint-brevin.com\/medias\/images\/prestataires\/multitailles\/640x480_gratiola-petite-digitale-5195-5676.jpg"},"320x240":{"url":"https:\/\/www.saint-brevin.com\/medias\/images\/prestataires\/multitailles\/320x240_gratiola-petite-digitale-5195-5676.jpg"},"160x120":{"url":"https:\/\/www.saint-brevin.com\/medias\/images\/prestataires\/multitailles\/160x120_gratiola-petite-digitale-5195-5676.jpg"},"origine":{"url":"https:\/\/www.saint-brevin.com\/medias\/images\/prestataires\/gratiola-petite-digitale-5195-5676.jpg"}},"urlLien":"","typeLien":"","nofollow":"N","copyright":""},{"url":"https:\/\/www.saint-brevin.com\/medias\/images\/prestataires\/angelique-des-estuaire-5196-5677.jpg","chemin":"..\/medias\/images\/prestataires\/angelique-des-estuaire-5196-5677.jpg","libelle":"angelique-des-estuaire-5196","extension":"jpg","categorie":"","largeur":448,"theme":"","hauteur":336,"type":"Image","origine":"","liaisonPave":"","langue":"","id":"5677","urlVignette":"https:\/\/www.saint-brevin.com\/medias\/images\/prestataires\/v-angelique-des-estuaire-5196-5677.jpg","alt":"angelique-des-estuaire-5196","title":"angelique-des-estuaire-5196","MultiTaille":{"1920x1440":{"url":"https:\/\/www.saint-brevin.com\/medias\/images\/prestataires\/multitailles\/1920x1440_angelique-des-estuaire-5196-5677.jpg"},"1200x900":{"url":"https:\/\/www.saint-brevin.com\/medias\/images\/prestataires\/multitailles\/1200x900_angelique-des-estuaire-5196-5677.jpg"},"800x600":{"url":"https:\/\/www.saint-brevin.com\/medias\/images\/prestataires\/multitailles\/800x600_angelique-des-estuaire-5196-5677.jpg"},"640x480":{"url":"https:\/\/www.saint-brevin.com\/medias\/images\/prestataires\/multitailles\/640x480_angelique-des-estuaire-5196-5677.jpg"},"320x240":{"url":"https:\/\/www.saint-brevin.com\/medias\/images\/prestataires\/multitailles\/320x240_angelique-des-estuaire-5196-5677.jpg"},"160x120":{"url":"https:\/\/www.saint-brevin.com\/medias\/images\/prestataires\/multitailles\/160x120_angelique-des-estuaire-5196-5677.jpg"},"origine":{"url":"https:\/\/www.saint-brevin.com\/medias\/images\/prestataires\/angelique-des-estuaire-5196-5677.jpg"}},"urlLien":"","typeLien":"","nofollow":"N","copyright":""},{"url":"https:\/\/www.saint-brevin.com\/medias\/images\/prestataires\/vers-la-loire-5197-5678.jpg","chemin":"..\/medias\/images\/prestataires\/vers-la-loire-5197-5678.jpg","libelle":"vers-la-loire-5197","extension":"jpg","categorie":"","largeur":2500,"theme":"","hauteur":1875,"type":"Image","origine":"","liaisonPave":"","langue":"","id":"5678","urlVignette":"https:\/\/www.saint-brevin.com\/medias\/images\/prestataires\/v-vers-la-loire-5197-5678.jpg","alt":"vers-la-loire-5197","title":"vers-la-loire-5197","MultiTaille":{"1920x1440":{"url":"https:\/\/www.saint-brevin.com\/medias\/images\/prestataires\/multitailles\/1920x1440_vers-la-loire-5197-5678.jpg"},"1200x900":{"url":"https:\/\/www.saint-brevin.com\/medias\/images\/prestataires\/multitailles\/1200x900_vers-la-loire-5197-5678.jpg"},"800x600":{"url":"https:\/\/www.saint-brevin.com\/medias\/images\/prestataires\/multitailles\/800x600_vers-la-loire-5197-5678.jpg"},"640x480":{"url":"https:\/\/www.saint-brevin.com\/medias\/images\/prestataires\/multitailles\/640x480_vers-la-loire-5197-5678.jpg"},"320x240":{"url":"https:\/\/www.saint-brevin.com\/medias\/images\/prestataires\/multitailles\/320x240_vers-la-loire-5197-5678.jpg"},"160x120":{"url":"https:\/\/www.saint-brevin.com\/medias\/images\/prestataires\/multitailles\/160x120_vers-la-loire-5197-5678.jpg"},"origine":{"url":"https:\/\/www.saint-brevin.com\/medias\/images\/prestataires\/vers-la-loire-5197-5678.jpg"}},"urlLien":"","typeLien":"|","nofollow":"N","copyright":"13arts"},{"url":"https:\/\/www.saint-brevin.com\/medias\/images\/prestataires\/brassens-1-5198-5679.jpg","chemin":"..\/medias\/images\/prestataires\/brassens-1-5198-5679.jpg","libelle":"brassens-1-5198","extension":"jpg","categorie":"","largeur":2500,"theme":"","hauteur":1875,"type":"Image","origine":"","liaisonPave":"","langue":"","id":"5679","urlVignette":"https:\/\/www.saint-brevin.com\/medias\/images\/prestataires\/v-brassens-1-5198-5679.jpg","alt":"brassens-1-5198","title":"brassens-1-5198","MultiTaille":{"1920x1440":{"url":"https:\/\/www.saint-brevin.com\/medias\/images\/prestataires\/multitailles\/1920x1440_brassens-1-5198-5679.jpg"},"1200x900":{"url":"https:\/\/www.saint-brevin.com\/medias\/images\/prestataires\/multitailles\/1200x900_brassens-1-5198-5679.jpg"},"800x600":{"url":"https:\/\/www.saint-brevin.com\/medias\/images\/prestataires\/multitailles\/800x600_brassens-1-5198-5679.jpg"},"640x480":{"url":"https:\/\/www.saint-brevin.com\/medias\/images\/prestataires\/multitailles\/640x480_brassens-1-5198-5679.jpg"},"320x240":{"url":"https:\/\/www.saint-brevin.com\/medias\/images\/prestataires\/multitailles\/320x240_brassens-1-5198-5679.jpg"},"160x120":{"url":"https:\/\/www.saint-brevin.com\/medias\/images\/prestataires\/multitailles\/160x120_brassens-1-5198-5679.jpg"},"origine":{"url":"https:\/\/www.saint-brevin.com\/medias\/images\/prestataires\/brassens-1-5198-5679.jpg"}},"urlLien":"","typeLien":"|","nofollow":"N","copyright":"13arts"},{"url":"https:\/\/www.saint-brevin.com\/medias\/images\/prestataires\/brassens-2-5199-5680.jpg","chemin":"..\/medias\/images\/prestataires\/brassens-2-5199-5680.jpg","libelle":"brassens-2-5199","extension":"jpg","categorie":"","largeur":2500,"theme":"","hauteur":1875,"type":"Image","origine":"","liaisonPave":"","langue":"","id":"5680","urlVignette":"https:\/\/www.saint-brevin.com\/medias\/images\/prestataires\/v-brassens-2-5199-5680.jpg","alt":"brassens-2-5199","title":"brassens-2-5199","MultiTaille":{"1920x1440":{"url":"https:\/\/www.saint-brevin.com\/medias\/images\/prestataires\/multitailles\/1920x1440_brassens-2-5199-5680.jpg"},"1200x900":{"url":"https:\/\/www.saint-brevin.com\/medias\/images\/prestataires\/multitailles\/1200x900_brassens-2-5199-5680.jpg"},"800x600":{"url":"https:\/\/www.saint-brevin.com\/medias\/images\/prestataires\/multitailles\/800x600_brassens-2-5199-5680.jpg"},"640x480":{"url":"https:\/\/www.saint-brevin.com\/medias\/images\/prestataires\/multitailles\/640x480_brassens-2-5199-5680.jpg"},"320x240":{"url":"https:\/\/www.saint-brevin.com\/medias\/images\/prestataires\/multitailles\/320x240_brassens-2-5199-5680.jpg"},"160x120":{"url":"https:\/\/www.saint-brevin.com\/medias\/images\/prestataires\/multitailles\/160x120_brassens-2-5199-5680.jpg"},"origine":{"url":"https:\/\/www.saint-brevin.com\/medias\/images\/prestataires\/brassens-2-5199-5680.jpg"}},"urlLien":"","typeLien":"|","nofollow":"N","copyright":"13arts"},{"url":"https:\/\/www.saint-brevin.com\/medias\/images\/prestataires\/kuhlmann-5200-5681.jpg","chemin":"..\/medias\/images\/prestataires\/kuhlmann-5200-5681.jpg","libelle":"kuhlmann-5200","extension":"jpg","categorie":"","largeur":532,"theme":"","hauteur":496,"type":"Image","origine":"","liaisonPave":"","langue":"","id":"5681","urlVignette":"https:\/\/www.saint-brevin.com\/medias\/images\/prestataires\/v-kuhlmann-5200-5681.jpg","alt":"kuhlmann-5200","title":"kuhlmann-5200","MultiTaille":{"1920x1440":{"url":"https:\/\/www.saint-brevin.com\/medias\/images\/prestataires\/multitailles\/1920x1440_kuhlmann-5200-5681.jpg"},"1200x900":{"url":"https:\/\/www.saint-brevin.com\/medias\/images\/prestataires\/multitailles\/1200x900_kuhlmann-5200-5681.jpg"},"800x600":{"url":"https:\/\/www.saint-brevin.com\/medias\/images\/prestataires\/multitailles\/800x600_kuhlmann-5200-5681.jpg"},"640x480":{"url":"https:\/\/www.saint-brevin.com\/medias\/images\/prestataires\/multitailles\/640x480_kuhlmann-5200-5681.jpg"},"320x240":{"url":"https:\/\/www.saint-brevin.com\/medias\/images\/prestataires\/multitailles\/320x240_kuhlmann-5200-5681.jpg"},"160x120":{"url":"https:\/\/www.saint-brevin.com\/medias\/images\/prestataires\/multitailles\/160x120_kuhlmann-5200-5681.jpg"},"origine":{"url":"https:\/\/www.saint-brevin.com\/medias\/images\/prestataires\/kuhlmann-5200-5681.jpg"}},"urlLien":"","typeLien":"","nofollow":"N","copyright":""},{"url":"https:\/\/www.saint-brevin.com\/medias\/images\/prestataires\/usine-kuhlmann-5201-5682.jpg","chemin":"..\/medias\/images\/prestataires\/usine-kuhlmann-5201-5682.jpg","libelle":"usine-kuhlmann-5201","extension":"jpg","categorie":"","largeur":264,"theme":"","hauteur":191,"type":"Image","origine":"","liaisonPave":"","langue":"","id":"5682","urlVignette":"https:\/\/www.saint-brevin.com\/medias\/images\/prestataires\/v-usine-kuhlmann-5201-5682.jpg","alt":"usine-kuhlmann-5201","title":"usine-kuhlmann-5201","MultiTaille":{"1920x1440":{"url":"https:\/\/www.saint-brevin.com\/medias\/images\/prestataires\/multitailles\/1920x1440_usine-kuhlmann-5201-5682.jpg"},"1200x900":{"url":"https:\/\/www.saint-brevin.com\/medias\/images\/prestataires\/multitailles\/1200x900_usine-kuhlmann-5201-5682.jpg"},"800x600":{"url":"https:\/\/www.saint-brevin.com\/medias\/images\/prestataires\/multitailles\/800x600_usine-kuhlmann-5201-5682.jpg"},"640x480":{"url":"https:\/\/www.saint-brevin.com\/medias\/images\/prestataires\/multitailles\/640x480_usine-kuhlmann-5201-5682.jpg"},"320x240":{"url":"https:\/\/www.saint-brevin.com\/medias\/images\/prestataires\/multitailles\/320x240_usine-kuhlmann-5201-5682.jpg"},"160x120":{"url":"https:\/\/www.saint-brevin.com\/medias\/images\/prestataires\/multitailles\/160x120_usine-kuhlmann-5201-5682.jpg"},"origine":{"url":"https:\/\/www.saint-brevin.com\/medias\/images\/prestataires\/usine-kuhlmann-5201-5682.jpg"}},"urlLien":"","typeLien":"","nofollow":"N","copyright":""},{"url":"https:\/\/www.saint-brevin.com\/medias\/images\/prestataires\/usine-5202-5683.jpg","chemin":"..\/medias\/images\/prestataires\/usine-5202-5683.jpg","libelle":"usine-5202","extension":"jpg","categorie":"","largeur":720,"theme":"","hauteur":378,"type":"Image","origine":"","liaisonPave":"","langue":"","id":"5683","urlVignette":"https:\/\/www.saint-brevin.com\/medias\/images\/prestataires\/v-usine-5202-5683.jpg","alt":"usine-5202","title":"usine-5202","MultiTaille":{"1920x1440":{"url":"https:\/\/www.saint-brevin.com\/medias\/images\/prestataires\/multitailles\/1920x1440_usine-5202-5683.jpg"},"1200x900":{"url":"https:\/\/www.saint-brevin.com\/medias\/images\/prestataires\/multitailles\/1200x900_usine-5202-5683.jpg"},"800x600":{"url":"https:\/\/www.saint-brevin.com\/medias\/images\/prestataires\/multitailles\/800x600_usine-5202-5683.jpg"},"640x480":{"url":"https:\/\/www.saint-brevin.com\/medias\/images\/prestataires\/multitailles\/640x480_usine-5202-5683.jpg"},"320x240":{"url":"https:\/\/www.saint-brevin.com\/medias\/images\/prestataires\/multitailles\/320x240_usine-5202-5683.jpg"},"160x120":{"url":"https:\/\/www.saint-brevin.com\/medias\/images\/prestataires\/multitailles\/160x120_usine-5202-5683.jpg"},"origine":{"url":"https:\/\/www.saint-brevin.com\/medias\/images\/prestataires\/usine-5202-5683.jpg"}},"urlLien":"","typeLien":"","nofollow":"N","copyright":""},{"url":"https:\/\/www.saint-brevin.com\/medias\/images\/prestataires\/pierre-chevry-5203-5684.jpg","chemin":"..\/medias\/images\/prestataires\/pierre-chevry-5203-5684.jpg","libelle":"pierre-chevry-5203","extension":"jpg","categorie":"","largeur":1984,"theme":"","hauteur":2680,"type":"Image","origine":"","liaisonPave":"","langue":"","id":"5684","urlVignette":"https:\/\/www.saint-brevin.com\/medias\/images\/prestataires\/v-pierre-chevry-5203-5684.jpg","alt":"pierre-chevry-5203","title":"pierre-chevry-5203","MultiTaille":{"1920x1440":{"url":"https:\/\/www.saint-brevin.com\/medias\/images\/prestataires\/multitailles\/1920x1440_pierre-chevry-5203-5684.jpg"},"1200x900":{"url":"https:\/\/www.saint-brevin.com\/medias\/images\/prestataires\/multitailles\/1200x900_pierre-chevry-5203-5684.jpg"},"800x600":{"url":"https:\/\/www.saint-brevin.com\/medias\/images\/prestataires\/multitailles\/800x600_pierre-chevry-5203-5684.jpg"},"640x480":{"url":"https:\/\/www.saint-brevin.com\/medias\/images\/prestataires\/multitailles\/640x480_pierre-chevry-5203-5684.jpg"},"320x240":{"url":"https:\/\/www.saint-brevin.com\/medias\/images\/prestataires\/multitailles\/320x240_pierre-chevry-5203-5684.jpg"},"160x120":{"url":"https:\/\/www.saint-brevin.com\/medias\/images\/prestataires\/multitailles\/160x120_pierre-chevry-5203-5684.jpg"},"origine":{"url":"https:\/\/www.saint-brevin.com\/medias\/images\/prestataires\/pierre-chevry-5203-5684.jpg"}},"urlLien":"","typeLien":"","nofollow":"N","copyright":""}],"ByCategorie":{"":[{"url":"https:\/\/www.saint-brevin.com\/medias\/images\/prestataires\/hangar-2-5189-5670.jpg","chemin":"..\/medias\/images\/prestataires\/hangar-2-5189-5670.jpg","libelle":"hangar-2-5189","extension":"jpg","categorie":"","largeur":3757,"theme":"","hauteur":3024,"type":"Image","origine":"","liaisonPave":"","langue":"","id":"5670","urlVignette":"https:\/\/www.saint-brevin.com\/medias\/images\/prestataires\/v-hangar-2-5189-5670.jpg","alt":"hangar-2-5189","title":"hangar-2-5189","MultiTaille":{"1920x1440":{"url":"https:\/\/www.saint-brevin.com\/medias\/images\/prestataires\/multitailles\/1920x1440_hangar-2-5189-5670.jpg"},"1200x900":{"url":"https:\/\/www.saint-brevin.com\/medias\/images\/prestataires\/multitailles\/1200x900_hangar-2-5189-5670.jpg"},"800x600":{"url":"https:\/\/www.saint-brevin.com\/medias\/images\/prestataires\/multitailles\/800x600_hangar-2-5189-5670.jpg"},"640x480":{"url":"https:\/\/www.saint-brevin.com\/medias\/images\/prestataires\/multitailles\/640x480_hangar-2-5189-5670.jpg"},"320x240":{"url":"https:\/\/www.saint-brevin.com\/medias\/images\/prestataires\/multitailles\/320x240_hangar-2-5189-5670.jpg"},"160x120":{"url":"https:\/\/www.saint-brevin.com\/medias\/images\/prestataires\/multitailles\/160x120_hangar-2-5189-5670.jpg"},"origine":{"url":"https:\/\/www.saint-brevin.com\/medias\/images\/prestataires\/hangar-2-5189-5670.jpg"}},"urlLien":"","typeLien":"|","nofollow":"N","copyright":"13arts"},{"url":"https:\/\/www.saint-brevin.com\/medias\/images\/prestataires\/hangar-1-5190-5671.jpg","chemin":"..\/medias\/images\/prestataires\/hangar-1-5190-5671.jpg","libelle":"hangar-1-5190","extension":"jpg","categorie":"","largeur":2500,"theme":"","hauteur":1875,"type":"Image","origine":"","liaisonPave":"","langue":"","id":"5671","urlVignette":"https:\/\/www.saint-brevin.com\/medias\/images\/prestataires\/v-hangar-1-5190-5671.jpg","alt":"hangar-1-5190","title":"hangar-1-5190","MultiTaille":{"1920x1440":{"url":"https:\/\/www.saint-brevin.com\/medias\/images\/prestataires\/multitailles\/1920x1440_hangar-1-5190-5671.jpg"},"1200x900":{"url":"https:\/\/www.saint-brevin.com\/medias\/images\/prestataires\/multitailles\/1200x900_hangar-1-5190-5671.jpg"},"800x600":{"url":"https:\/\/www.saint-brevin.com\/medias\/images\/prestataires\/multitailles\/800x600_hangar-1-5190-5671.jpg"},"640x480":{"url":"https:\/\/www.saint-brevin.com\/medias\/images\/prestataires\/multitailles\/640x480_hangar-1-5190-5671.jpg"},"320x240":{"url":"https:\/\/www.saint-brevin.com\/medias\/images\/prestataires\/multitailles\/320x240_hangar-1-5190-5671.jpg"},"160x120":{"url":"https:\/\/www.saint-brevin.com\/medias\/images\/prestataires\/multitailles\/160x120_hangar-1-5190-5671.jpg"},"origine":{"url":"https:\/\/www.saint-brevin.com\/medias\/images\/prestataires\/hangar-1-5190-5671.jpg"}},"urlLien":"","typeLien":"|","nofollow":"N","copyright":"13arts"},{"url":"https:\/\/www.saint-brevin.com\/medias\/images\/prestataires\/la-meduse-5191-5672.jpg","chemin":"..\/medias\/images\/prestataires\/la-meduse-5191-5672.jpg","libelle":"la-meduse-5191","extension":"jpg","categorie":"","largeur":640,"theme":"","hauteur":360,"type":"Image","origine":"","liaisonPave":"","langue":"","id":"5672","urlVignette":"https:\/\/www.saint-brevin.com\/medias\/images\/prestataires\/v-la-meduse-5191-5672.jpg","alt":"la-meduse-5191","title":"la-meduse-5191","MultiTaille":{"1920x1440":{"url":"https:\/\/www.saint-brevin.com\/medias\/images\/prestataires\/multitailles\/1920x1440_la-meduse-5191-5672.jpg"},"1200x900":{"url":"https:\/\/www.saint-brevin.com\/medias\/images\/prestataires\/multitailles\/1200x900_la-meduse-5191-5672.jpg"},"800x600":{"url":"https:\/\/www.saint-brevin.com\/medias\/images\/prestataires\/multitailles\/800x600_la-meduse-5191-5672.jpg"},"640x480":{"url":"https:\/\/www.saint-brevin.com\/medias\/images\/prestataires\/multitailles\/640x480_la-meduse-5191-5672.jpg"},"320x240":{"url":"https:\/\/www.saint-brevin.com\/medias\/images\/prestataires\/multitailles\/320x240_la-meduse-5191-5672.jpg"},"160x120":{"url":"https:\/\/www.saint-brevin.com\/medias\/images\/prestataires\/multitailles\/160x120_la-meduse-5191-5672.jpg"},"origine":{"url":"https:\/\/www.saint-brevin.com\/medias\/images\/prestataires\/la-meduse-5191-5672.jpg"}},"urlLien":"","typeLien":"","nofollow":"N","copyright":""},{"url":"https:\/\/www.saint-brevin.com\/medias\/images\/prestataires\/sane-5192-5673.jpg","chemin":"..\/medias\/images\/prestataires\/sane-5192-5673.jpg","libelle":"sane-5192","extension":"jpg","categorie":"","largeur":661,"theme":"","hauteur":1011,"type":"Image","origine":"","liaisonPave":"","langue":"","id":"5673","urlVignette":"https:\/\/www.saint-brevin.com\/medias\/images\/prestataires\/v-sane-5192-5673.jpg","alt":"sane-5192","title":"sane-5192","MultiTaille":{"1920x1440":{"url":"https:\/\/www.saint-brevin.com\/medias\/images\/prestataires\/multitailles\/1920x1440_sane-5192-5673.jpg"},"1200x900":{"url":"https:\/\/www.saint-brevin.com\/medias\/images\/prestataires\/multitailles\/1200x900_sane-5192-5673.jpg"},"800x600":{"url":"https:\/\/www.saint-brevin.com\/medias\/images\/prestataires\/multitailles\/800x600_sane-5192-5673.jpg"},"640x480":{"url":"https:\/\/www.saint-brevin.com\/medias\/images\/prestataires\/multitailles\/640x480_sane-5192-5673.jpg"},"320x240":{"url":"https:\/\/www.saint-brevin.com\/medias\/images\/prestataires\/multitailles\/320x240_sane-5192-5673.jpg"},"160x120":{"url":"https:\/\/www.saint-brevin.com\/medias\/images\/prestataires\/multitailles\/160x120_sane-5192-5673.jpg"},"origine":{"url":"https:\/\/www.saint-brevin.com\/medias\/images\/prestataires\/sane-5192-5673.jpg"}},"urlLien":"","typeLien":"","nofollow":"N","copyright":""},{"url":"https:\/\/www.saint-brevin.com\/medias\/images\/prestataires\/acadiens-1-5193-5674.jpg","chemin":"..\/medias\/images\/prestataires\/acadiens-1-5193-5674.jpg","libelle":"acadiens-1-5193","extension":"jpg","categorie":"","largeur":2500,"theme":"","hauteur":1875,"type":"Image","origine":"","liaisonPave":"","langue":"","id":"5674","urlVignette":"https:\/\/www.saint-brevin.com\/medias\/images\/prestataires\/v-acadiens-1-5193-5674.jpg","alt":"acadiens-1-5193","title":"acadiens-1-5193","MultiTaille":{"1920x1440":{"url":"https:\/\/www.saint-brevin.com\/medias\/images\/prestataires\/multitailles\/1920x1440_acadiens-1-5193-5674.jpg"},"1200x900":{"url":"https:\/\/www.saint-brevin.com\/medias\/images\/prestataires\/multitailles\/1200x900_acadiens-1-5193-5674.jpg"},"800x600":{"url":"https:\/\/www.saint-brevin.com\/medias\/images\/prestataires\/multitailles\/800x600_acadiens-1-5193-5674.jpg"},"640x480":{"url":"https:\/\/www.saint-brevin.com\/medias\/images\/prestataires\/multitailles\/640x480_acadiens-1-5193-5674.jpg"},"320x240":{"url":"https:\/\/www.saint-brevin.com\/medias\/images\/prestataires\/multitailles\/320x240_acadiens-1-5193-5674.jpg"},"160x120":{"url":"https:\/\/www.saint-brevin.com\/medias\/images\/prestataires\/multitailles\/160x120_acadiens-1-5193-5674.jpg"},"origine":{"url":"https:\/\/www.saint-brevin.com\/medias\/images\/prestataires\/acadiens-1-5193-5674.jpg"}},"urlLien":"","typeLien":"|","nofollow":"N","copyright":"13arts"},{"url":"https:\/\/www.saint-brevin.com\/medias\/images\/prestataires\/acadiens-2-5194-5675.jpg","chemin":"..\/medias\/images\/prestataires\/acadiens-2-5194-5675.jpg","libelle":"acadiens-2-5194","extension":"jpg","categorie":"","largeur":3355,"theme":"","hauteur":3024,"type":"Image","origine":"","liaisonPave":"","langue":"","id":"5675","urlVignette":"https:\/\/www.saint-brevin.com\/medias\/images\/prestataires\/v-acadiens-2-5194-5675.jpg","alt":"acadiens-2-5194","title":"acadiens-2-5194","MultiTaille":{"1920x1440":{"url":"https:\/\/www.saint-brevin.com\/medias\/images\/prestataires\/multitailles\/1920x1440_acadiens-2-5194-5675.jpg"},"1200x900":{"url":"https:\/\/www.saint-brevin.com\/medias\/images\/prestataires\/multitailles\/1200x900_acadiens-2-5194-5675.jpg"},"800x600":{"url":"https:\/\/www.saint-brevin.com\/medias\/images\/prestataires\/multitailles\/800x600_acadiens-2-5194-5675.jpg"},"640x480":{"url":"https:\/\/www.saint-brevin.com\/medias\/images\/prestataires\/multitailles\/640x480_acadiens-2-5194-5675.jpg"},"320x240":{"url":"https:\/\/www.saint-brevin.com\/medias\/images\/prestataires\/multitailles\/320x240_acadiens-2-5194-5675.jpg"},"160x120":{"url":"https:\/\/www.saint-brevin.com\/medias\/images\/prestataires\/multitailles\/160x120_acadiens-2-5194-5675.jpg"},"origine":{"url":"https:\/\/www.saint-brevin.com\/medias\/images\/prestataires\/acadiens-2-5194-5675.jpg"}},"urlLien":"","typeLien":"|","nofollow":"N","copyright":"13arts"},{"url":"https:\/\/www.saint-brevin.com\/medias\/images\/prestataires\/gratiola-petite-digitale-5195-5676.jpg","chemin":"..\/medias\/images\/prestataires\/gratiola-petite-digitale-5195-5676.jpg","libelle":"gratiola-petite-digitale-5195","extension":"jpg","categorie":"","largeur":600,"theme":"","hauteur":400,"type":"Image","origine":"","liaisonPave":"","langue":"","id":"5676","urlVignette":"https:\/\/www.saint-brevin.com\/medias\/images\/prestataires\/v-gratiola-petite-digitale-5195-5676.jpg","alt":"gratiola-petite-digitale-5195","title":"gratiola-petite-digitale-5195","MultiTaille":{"1920x1440":{"url":"https:\/\/www.saint-brevin.com\/medias\/images\/prestataires\/multitailles\/1920x1440_gratiola-petite-digitale-5195-5676.jpg"},"1200x900":{"url":"https:\/\/www.saint-brevin.com\/medias\/images\/prestataires\/multitailles\/1200x900_gratiola-petite-digitale-5195-5676.jpg"},"800x600":{"url":"https:\/\/www.saint-brevin.com\/medias\/images\/prestataires\/multitailles\/800x600_gratiola-petite-digitale-5195-5676.jpg"},"640x480":{"url":"https:\/\/www.saint-brevin.com\/medias\/images\/prestataires\/multitailles\/640x480_gratiola-petite-digitale-5195-5676.jpg"},"320x240":{"url":"https:\/\/www.saint-brevin.com\/medias\/images\/prestataires\/multitailles\/320x240_gratiola-petite-digitale-5195-5676.jpg"},"160x120":{"url":"https:\/\/www.saint-brevin.com\/medias\/images\/prestataires\/multitailles\/160x120_gratiola-petite-digitale-5195-5676.jpg"},"origine":{"url":"https:\/\/www.saint-brevin.com\/medias\/images\/prestataires\/gratiola-petite-digitale-5195-5676.jpg"}},"urlLien":"","typeLien":"","nofollow":"N","copyright":""},{"url":"https:\/\/www.saint-brevin.com\/medias\/images\/prestataires\/angelique-des-estuaire-5196-5677.jpg","chemin":"..\/medias\/images\/prestataires\/angelique-des-estuaire-5196-5677.jpg","libelle":"angelique-des-estuaire-5196","extension":"jpg","categorie":"","largeur":448,"theme":"","hauteur":336,"type":"Image","origine":"","liaisonPave":"","langue":"","id":"5677","urlVignette":"https:\/\/www.saint-brevin.com\/medias\/images\/prestataires\/v-angelique-des-estuaire-5196-5677.jpg","alt":"angelique-des-estuaire-5196","title":"angelique-des-estuaire-5196","MultiTaille":{"1920x1440":{"url":"https:\/\/www.saint-brevin.com\/medias\/images\/prestataires\/multitailles\/1920x1440_angelique-des-estuaire-5196-5677.jpg"},"1200x900":{"url":"https:\/\/www.saint-brevin.com\/medias\/images\/prestataires\/multitailles\/1200x900_angelique-des-estuaire-5196-5677.jpg"},"800x600":{"url":"https:\/\/www.saint-brevin.com\/medias\/images\/prestataires\/multitailles\/800x600_angelique-des-estuaire-5196-5677.jpg"},"640x480":{"url":"https:\/\/www.saint-brevin.com\/medias\/images\/prestataires\/multitailles\/640x480_angelique-des-estuaire-5196-5677.jpg"},"320x240":{"url":"https:\/\/www.saint-brevin.com\/medias\/images\/prestataires\/multitailles\/320x240_angelique-des-estuaire-5196-5677.jpg"},"160x120":{"url":"https:\/\/www.saint-brevin.com\/medias\/images\/prestataires\/multitailles\/160x120_angelique-des-estuaire-5196-5677.jpg"},"origine":{"url":"https:\/\/www.saint-brevin.com\/medias\/images\/prestataires\/angelique-des-estuaire-5196-5677.jpg"}},"urlLien":"","typeLien":"","nofollow":"N","copyright":""},{"url":"https:\/\/www.saint-brevin.com\/medias\/images\/prestataires\/vers-la-loire-5197-5678.jpg","chemin":"..\/medias\/images\/prestataires\/vers-la-loire-5197-5678.jpg","libelle":"vers-la-loire-5197","extension":"jpg","categorie":"","largeur":2500,"theme":"","hauteur":1875,"type":"Image","origine":"","liaisonPave":"","langue":"","id":"5678","urlVignette":"https:\/\/www.saint-brevin.com\/medias\/images\/prestataires\/v-vers-la-loire-5197-5678.jpg","alt":"vers-la-loire-5197","title":"vers-la-loire-5197","MultiTaille":{"1920x1440":{"url":"https:\/\/www.saint-brevin.com\/medias\/images\/prestataires\/multitailles\/1920x1440_vers-la-loire-5197-5678.jpg"},"1200x900":{"url":"https:\/\/www.saint-brevin.com\/medias\/images\/prestataires\/multitailles\/1200x900_vers-la-loire-5197-5678.jpg"},"800x600":{"url":"https:\/\/www.saint-brevin.com\/medias\/images\/prestataires\/multitailles\/800x600_vers-la-loire-5197-5678.jpg"},"640x480":{"url":"https:\/\/www.saint-brevin.com\/medias\/images\/prestataires\/multitailles\/640x480_vers-la-loire-5197-5678.jpg"},"320x240":{"url":"https:\/\/www.saint-brevin.com\/medias\/images\/prestataires\/multitailles\/320x240_vers-la-loire-5197-5678.jpg"},"160x120":{"url":"https:\/\/www.saint-brevin.com\/medias\/images\/prestataires\/multitailles\/160x120_vers-la-loire-5197-5678.jpg"},"origine":{"url":"https:\/\/www.saint-brevin.com\/medias\/images\/prestataires\/vers-la-loire-5197-5678.jpg"}},"urlLien":"","typeLien":"|","nofollow":"N","copyright":"13arts"},{"url":"https:\/\/www.saint-brevin.com\/medias\/images\/prestataires\/brassens-1-5198-5679.jpg","chemin":"..\/medias\/images\/prestataires\/brassens-1-5198-5679.jpg","libelle":"brassens-1-5198","extension":"jpg","categorie":"","largeur":2500,"theme":"","hauteur":1875,"type":"Image","origine":"","liaisonPave":"","langue":"","id":"5679","urlVignette":"https:\/\/www.saint-brevin.com\/medias\/images\/prestataires\/v-brassens-1-5198-5679.jpg","alt":"brassens-1-5198","title":"brassens-1-5198","MultiTaille":{"1920x1440":{"url":"https:\/\/www.saint-brevin.com\/medias\/images\/prestataires\/multitailles\/1920x1440_brassens-1-5198-5679.jpg"},"1200x900":{"url":"https:\/\/www.saint-brevin.com\/medias\/images\/prestataires\/multitailles\/1200x900_brassens-1-5198-5679.jpg"},"800x600":{"url":"https:\/\/www.saint-brevin.com\/medias\/images\/prestataires\/multitailles\/800x600_brassens-1-5198-5679.jpg"},"640x480":{"url":"https:\/\/www.saint-brevin.com\/medias\/images\/prestataires\/multitailles\/640x480_brassens-1-5198-5679.jpg"},"320x240":{"url":"https:\/\/www.saint-brevin.com\/medias\/images\/prestataires\/multitailles\/320x240_brassens-1-5198-5679.jpg"},"160x120":{"url":"https:\/\/www.saint-brevin.com\/medias\/images\/prestataires\/multitailles\/160x120_brassens-1-5198-5679.jpg"},"origine":{"url":"https:\/\/www.saint-brevin.com\/medias\/images\/prestataires\/brassens-1-5198-5679.jpg"}},"urlLien":"","typeLien":"|","nofollow":"N","copyright":"13arts"},{"url":"https:\/\/www.saint-brevin.com\/medias\/images\/prestataires\/brassens-2-5199-5680.jpg","chemin":"..\/medias\/images\/prestataires\/brassens-2-5199-5680.jpg","libelle":"brassens-2-5199","extension":"jpg","categorie":"","largeur":2500,"theme":"","hauteur":1875,"type":"Image","origine":"","liaisonPave":"","langue":"","id":"5680","urlVignette":"https:\/\/www.saint-brevin.com\/medias\/images\/prestataires\/v-brassens-2-5199-5680.jpg","alt":"brassens-2-5199","title":"brassens-2-5199","MultiTaille":{"1920x1440":{"url":"https:\/\/www.saint-brevin.com\/medias\/images\/prestataires\/multitailles\/1920x1440_brassens-2-5199-5680.jpg"},"1200x900":{"url":"https:\/\/www.saint-brevin.com\/medias\/images\/prestataires\/multitailles\/1200x900_brassens-2-5199-5680.jpg"},"800x600":{"url":"https:\/\/www.saint-brevin.com\/medias\/images\/prestataires\/multitailles\/800x600_brassens-2-5199-5680.jpg"},"640x480":{"url":"https:\/\/www.saint-brevin.com\/medias\/images\/prestataires\/multitailles\/640x480_brassens-2-5199-5680.jpg"},"320x240":{"url":"https:\/\/www.saint-brevin.com\/medias\/images\/prestataires\/multitailles\/320x240_brassens-2-5199-5680.jpg"},"160x120":{"url":"https:\/\/www.saint-brevin.com\/medias\/images\/prestataires\/multitailles\/160x120_brassens-2-5199-5680.jpg"},"origine":{"url":"https:\/\/www.saint-brevin.com\/medias\/images\/prestataires\/brassens-2-5199-5680.jpg"}},"urlLien":"","typeLien":"|","nofollow":"N","copyright":"13arts"},{"url":"https:\/\/www.saint-brevin.com\/medias\/images\/prestataires\/kuhlmann-5200-5681.jpg","chemin":"..\/medias\/images\/prestataires\/kuhlmann-5200-5681.jpg","libelle":"kuhlmann-5200","extension":"jpg","categorie":"","largeur":532,"theme":"","hauteur":496,"type":"Image","origine":"","liaisonPave":"","langue":"","id":"5681","urlVignette":"https:\/\/www.saint-brevin.com\/medias\/images\/prestataires\/v-kuhlmann-5200-5681.jpg","alt":"kuhlmann-5200","title":"kuhlmann-5200","MultiTaille":{"1920x1440":{"url":"https:\/\/www.saint-brevin.com\/medias\/images\/prestataires\/multitailles\/1920x1440_kuhlmann-5200-5681.jpg"},"1200x900":{"url":"https:\/\/www.saint-brevin.com\/medias\/images\/prestataires\/multitailles\/1200x900_kuhlmann-5200-5681.jpg"},"800x600":{"url":"https:\/\/www.saint-brevin.com\/medias\/images\/prestataires\/multitailles\/800x600_kuhlmann-5200-5681.jpg"},"640x480":{"url":"https:\/\/www.saint-brevin.com\/medias\/images\/prestataires\/multitailles\/640x480_kuhlmann-5200-5681.jpg"},"320x240":{"url":"https:\/\/www.saint-brevin.com\/medias\/images\/prestataires\/multitailles\/320x240_kuhlmann-5200-5681.jpg"},"160x120":{"url":"https:\/\/www.saint-brevin.com\/medias\/images\/prestataires\/multitailles\/160x120_kuhlmann-5200-5681.jpg"},"origine":{"url":"https:\/\/www.saint-brevin.com\/medias\/images\/prestataires\/kuhlmann-5200-5681.jpg"}},"urlLien":"","typeLien":"","nofollow":"N","copyright":""},{"url":"https:\/\/www.saint-brevin.com\/medias\/images\/prestataires\/usine-kuhlmann-5201-5682.jpg","chemin":"..\/medias\/images\/prestataires\/usine-kuhlmann-5201-5682.jpg","libelle":"usine-kuhlmann-5201","extension":"jpg","categorie":"","largeur":264,"theme":"","hauteur":191,"type":"Image","origine":"","liaisonPave":"","langue":"","id":"5682","urlVignette":"https:\/\/www.saint-brevin.com\/medias\/images\/prestataires\/v-usine-kuhlmann-5201-5682.jpg","alt":"usine-kuhlmann-5201","title":"usine-kuhlmann-5201","MultiTaille":{"1920x1440":{"url":"https:\/\/www.saint-brevin.com\/medias\/images\/prestataires\/multitailles\/1920x1440_usine-kuhlmann-5201-5682.jpg"},"1200x900":{"url":"https:\/\/www.saint-brevin.com\/medias\/images\/prestataires\/multitailles\/1200x900_usine-kuhlmann-5201-5682.jpg"},"800x600":{"url":"https:\/\/www.saint-brevin.com\/medias\/images\/prestataires\/multitailles\/800x600_usine-kuhlmann-5201-5682.jpg"},"640x480":{"url":"https:\/\/www.saint-brevin.com\/medias\/images\/prestataires\/multitailles\/640x480_usine-kuhlmann-5201-5682.jpg"},"320x240":{"url":"https:\/\/www.saint-brevin.com\/medias\/images\/prestataires\/multitailles\/320x240_usine-kuhlmann-5201-5682.jpg"},"160x120":{"url":"https:\/\/www.saint-brevin.com\/medias\/images\/prestataires\/multitailles\/160x120_usine-kuhlmann-5201-5682.jpg"},"origine":{"url":"https:\/\/www.saint-brevin.com\/medias\/images\/prestataires\/usine-kuhlmann-5201-5682.jpg"}},"urlLien":"","typeLien":"","nofollow":"N","copyright":""},{"url":"https:\/\/www.saint-brevin.com\/medias\/images\/prestataires\/usine-5202-5683.jpg","chemin":"..\/medias\/images\/prestataires\/usine-5202-5683.jpg","libelle":"usine-5202","extension":"jpg","categorie":"","largeur":720,"theme":"","hauteur":378,"type":"Image","origine":"","liaisonPave":"","langue":"","id":"5683","urlVignette":"https:\/\/www.saint-brevin.com\/medias\/images\/prestataires\/v-usine-5202-5683.jpg","alt":"usine-5202","title":"usine-5202","MultiTaille":{"1920x1440":{"url":"https:\/\/www.saint-brevin.com\/medias\/images\/prestataires\/multitailles\/1920x1440_usine-5202-5683.jpg"},"1200x900":{"url":"https:\/\/www.saint-brevin.com\/medias\/images\/prestataires\/multitailles\/1200x900_usine-5202-5683.jpg"},"800x600":{"url":"https:\/\/www.saint-brevin.com\/medias\/images\/prestataires\/multitailles\/800x600_usine-5202-5683.jpg"},"640x480":{"url":"https:\/\/www.saint-brevin.com\/medias\/images\/prestataires\/multitailles\/640x480_usine-5202-5683.jpg"},"320x240":{"url":"https:\/\/www.saint-brevin.com\/medias\/images\/prestataires\/multitailles\/320x240_usine-5202-5683.jpg"},"160x120":{"url":"https:\/\/www.saint-brevin.com\/medias\/images\/prestataires\/multitailles\/160x120_usine-5202-5683.jpg"},"origine":{"url":"https:\/\/www.saint-brevin.com\/medias\/images\/prestataires\/usine-5202-5683.jpg"}},"urlLien":"","typeLien":"","nofollow":"N","copyright":""},{"url":"https:\/\/www.saint-brevin.com\/medias\/images\/prestataires\/pierre-chevry-5203-5684.jpg","chemin":"..\/medias\/images\/prestataires\/pierre-chevry-5203-5684.jpg","libelle":"pierre-chevry-5203","extension":"jpg","categorie":"","largeur":1984,"theme":"","hauteur":2680,"type":"Image","origine":"","liaisonPave":"","langue":"","id":"5684","urlVignette":"https:\/\/www.saint-brevin.com\/medias\/images\/prestataires\/v-pierre-chevry-5203-5684.jpg","alt":"pierre-chevry-5203","title":"pierre-chevry-5203","MultiTaille":{"1920x1440":{"url":"https:\/\/www.saint-brevin.com\/medias\/images\/prestataires\/multitailles\/1920x1440_pierre-chevry-5203-5684.jpg"},"1200x900":{"url":"https:\/\/www.saint-brevin.com\/medias\/images\/prestataires\/multitailles\/1200x900_pierre-chevry-5203-5684.jpg"},"800x600":{"url":"https:\/\/www.saint-brevin.com\/medias\/images\/prestataires\/multitailles\/800x600_pierre-chevry-5203-5684.jpg"},"640x480":{"url":"https:\/\/www.saint-brevin.com\/medias\/images\/prestataires\/multitailles\/640x480_pierre-chevry-5203-5684.jpg"},"320x240":{"url":"https:\/\/www.saint-brevin.com\/medias\/images\/prestataires\/multitailles\/320x240_pierre-chevry-5203-5684.jpg"},"160x120":{"url":"https:\/\/www.saint-brevin.com\/medias\/images\/prestataires\/multitailles\/160x120_pierre-chevry-5203-5684.jpg"},"origine":{"url":"https:\/\/www.saint-brevin.com\/medias\/images\/prestataires\/pierre-chevry-5203-5684.jpg"}},"urlLien":"","typeLien":"","nofollow":"N","copyright":""}]}},"Url":"parcours-temporel-artistique-1.html","Localisation":{"GoogleMap":{"Latitude":"47.28802","Longitude":"-2.02874"}},"ZoneGeo":"","Criteres":{"NIVPARTENAIRE[COMPLET":"","COMMUNES[PAIMBOEUF":"","AUTOURL[STBREVINSE":"","UTYPC[ART":"","UTYPC[CIRCUITOUEXPOSITIONPERMANENTE":"","UTHMUS[UARTMO":"","UTHMUS[INSOLITE":"","UDAC[UVILLE":"","LVISI[UVISLI":"","LVISI[UVGL":"","MAJINGENIE[DATEDERNIEREMAJ":"20210224","MISEAJOUR[MAELLE":""},"DateFinPublication":"","PrixAPartirDe":"","PrixPour":"","FicheListeEnCours":"fiche_liste_patrimoine_culturel_v2017","ParametresModele":{"AfficherPhotos":"1","NbPhotosMax":6,"AfficherReserver":0,"AfficherContact":0,"AfficherSalle":1,"AfficherZoneGeo":0,"AfficherEnSavoirPlus":"1","AfficherUneSeuleOuverture":0,"AfficherContactCarte":1,"AfficherTarifsChaudAPartirDe":0,"AfficherTarifChaudSansRecherche":0,"AfficherLiensCarnetVoyage":"1","AfficherOuverture":"0","BlocCritereInfo":{"critere1":{"libelle":""},"critere2":{"libelle":""},"critere3":{"libelle":"LIBELLE_GENERAL"},"critere4":{"libelle":""},"critere5":{"libelle":""},"critere6":{"libelle":""},"critere7":{"libelle":"","liste_critere":["COMMUNES|U"]},"critere8":{"libelle":""},"afficherpictoetpaslibelle":"1"},"Criteres":"NIVPARTENAIRE[COMPLET","PositionBloc":"GALLERIE|NOM|CARNET_VOYAGE|URL","TypePrestataire":"U","ComportementResa":false,"ComportementDispo":false},"AffichageCoordonnees":[],"Coordonnees":{"Ville":"PAIMBOEUF"},"ContexteId":"PRESTATAIRE|U|PARCOURSTEMPOREL","ContexteIdHtml":"PRESTATAIRE-U-PARCOURSTEMPOREL","cleContexte":"U|PARCOURSTEMPOREL","Bloc":{"texte1":"","texte3":"","critere1":{"libelle":"","contenu":[]},"critere2":{"libelle":"","contenu":[]},"critere3":{"libelle":"","contenu":[]},"critere4":{"libelle":"","contenu":[]},"critere5":{"libelle":"","contenu":[]},"critere6":{"libelle":"","contenu":[]},"critere7":{"libelle":"","contenu":{"COMMUNES":{"libelle":"COMMUNE","contenu":{"2":"Paimboeuf"},"codesValeurs":{"2":"COMMUNES|PAIMBOEUF|U"},"criteres_datas":{"valeurs":{"2":{"PAIMBOEUF":{"descriptif":""}}}}}}},"critere8":{"libelle":"","contenu":[]},"critere9":{"libelle":"","contenu":[]}},"LocalisationGps":{"Latitude":"47.28802","Longitude":"-2.02874"},"libelleDuPrestataire":"","listeCriteres":{"NIVPARTENAIRE":{"COMPLET":""},"COMMUNES":{"PAIMBOEUF":""},"AUTOURL":{"STBREVINSE":""},"UTYPC":{"ART":"","CIRCUITOUEXPOSITIONPERMANENTE":""},"UTHMUS":{"UARTMO":"","INSOLITE":""},"UDAC":{"UVILLE":""},"LVISI":{"UVISLI":"","UVGL":""},"MAJINGENIE":{"DATEDERNIEREMAJ":"20210224"},"MISEAJOUR":{"MAELLE":""}},"dansCarnetVoyage":true,"Ouverture":""},"html":" \n \u003Cdiv id=\"CV-PRESTATAIRE-U-PARCOURSTEMPOREL\" data-contexte-id=\"PRESTATAIRE|U|PARCOURSTEMPOREL\" data-cle=\"U|PARCOURSTEMPOREL\" class=\"fiche-liste\"\u003E\n    \n\n    \u003C!-- partie photo --\u003E\n    \u003Cdiv class=\"photo\"\u003E\t\t\t\t\t\t\t\t\t\t\t\t\t\t\t\t\t\t\t\t\t\n        \u003Cdiv class=\"cadre_photo_principale\"\u003E\t\t\n        \n            \t\t\t\t\t\n                    \u003Ca href=\"parcours-temporel-artistique-1.html?origine=carnet#media\"\u003E\n                        \u003Cimg class=\"photo_principale\" alt=\"hangar-2-5189\" src=\"https:\/\/www.saint-brevin.com\/medias\/images\/prestataires\/multitailles\/320x240_hangar-2-5189-5670.jpg\" itemprop=\"image\"\u003E\n                    \u003C\/a\u003E\t\t\t\t\t\t\n                \n                    \u003C\/div\u003E\t\t\t\t\t\t\t\t\t\t\t\t\t\t\t\t\t\t\t \t\t\n    \u003C\/div\u003E\n    \n    \u003C!-- partie nom prest --\u003E\n    \u003Cdiv class=\"nom\"\u003E\n        \u003Ch2\u003EParcours temporel Artistique\u003C\/h2\u003E\n        \n            \u003C\/div\u003E\n\n         \n    \u003C!-- partie adresse --\u003E\n    \u003Cdiv class=\"adresse\"\u003E\n    \n          \n    \u003C\/div\u003E\n    \n    \u003C!-- partie liens --\u003E\n    \u003Cdiv class=\"liens\"\u003E\n            \u003Ca class=\"btn-icon btn-view \" title=\"Voir la fiche d\u00e9taill\u00e9e\" href=\"parcours-temporel-artistique-1.html?origine=carnet\"\u003E\u003C\/a\u003E\u003C!--\u003Ca class=\"btn-icon btn-view \" title=\"\" href=\"?origine=carnet#thaut\"\u003E\u003C\/a\u003E--\u003E\n      \u003Ca class=\"btn-icon btn-trash carnet_voyage_supprimer\" title=\"Supprimer cette fiche de mon carnet de voyage\" href=\"carnet-voyage?action=remove&fiche=U|PARCOURSTEMPOREL\"\u003E\u003C\/a\u003E\n    \u003C\/div\u003E\n\n\u003C\/div\u003E\n\n","icon":"https:\/\/static.ingenie.fr\/images\/carnetVoyageV3\/U.png"},"fiche":"U|PARCOURSTEMPOREL","popup":"\u003Cdiv id=\"bloc_popup_ajout_fiche_carnet\"\u003E\n    \u003Cdiv class=\"info_popup_ajout_fiche_carnet\"\u003E\n        Vous venez d'ajouter cet \u00e9l\u00e9ment \u00e0 votre carnet de voyage :    \u003C\/div\u003E\n    \u003Cdiv class=\"prest_popup_ajout_fiche_carnet\"\u003E\n        Parcours temporel Artistique    \u003C\/div\u003E\n    \u003Cdiv class=\"bloc_btn_ajout_fiche_carnet form_submit_div\"\u003E\n        \u003Cinput type=\"button\" value=\"Continuer ma s\u00e9lection\" title=\"Continuer ma s\u00e9lection\" name=\"btn_close\" class=\"btn_close_popup_carnet form_submit\" onclick=\"$.colorbox.close()\" \/\u003E\n        \u003Cinput type=\"button\" value=\"Voir mon carnet de voyage\" title=\"Voir mon carnet\" name=\"btn_panier\" class=\"btn_panier_popup_carnet form_submit\" onclick=\"if(typeof CarnetVoyage != 'undefined') {CarnetVoyage.voirCarnet();}\" \/\u003E\n    \u003C\/div\u003E\n    \u003Cdiv class=\"bloc_btn_ajout_fiche_carnet\"\u003E\n        \u003Cinput type=\"checkbox\" value=\"1\" name=\"desactiver_popup\" id=\"desactiver_popup\" \/\u003E\n        \u003Clabel for=\"desactiver_popup\"\u003ENe plus afficher ce message\u003C\/label\u003E\n    \u003C\/div\u003E\n\u003C\/div\u003E","success":1}