{"nbFiches":1,"dataPrest":{"infoPrest":{"pave1":{"libelle":"Slogan","contenu":""},"pave2":{"libelle":"Descriptif","contenu":"Parcours nature : observer, comprendre, voir la Loire&nbsp;autrement\u003Cbr \/\u003E\r\n\u003Cbr \/\u003E\r\nIl existe sur les quais des panneaux consacr&eacute;s au pass&eacute; de Paimb&oelig;uf, &agrave;&nbsp;son histoire, &agrave; son ancienne activit&eacute; portuaire.\u003Cbr \/\u003E\r\nD&eacute;sormais, en longeant du&nbsp;bout de la pin&egrave;de la Loire jusqu&rsquo;au phare, les promeneurs paimblotins et&nbsp;ceux d&rsquo;ailleurs peuvent d&eacute;couvrir des bornes d&rsquo;un autre type jalonnant&nbsp;leur balade, autant de haltes didactiques portant sur l&rsquo;estuaire, sa faune&nbsp;et sa flore, l&rsquo;environnement et l&rsquo;&eacute;cosyst&egrave;me.\u003Cbr \/\u003E\r\n\u003Cbr \/\u003E\r\nCinq panneaux ponctuent ce parcours avec comme&nbsp;th&eacute;matiques : l&rsquo;estran estuarien et les vasi&egrave;res qui s&rsquo;imposent comme&nbsp;des r&eacute;serves naturelles essentielles &agrave; de nombreuses esp&egrave;ces (oiseaux,&nbsp;coquillages, insectes marins...), l&rsquo;histoire de la Pierre &agrave; l&rsquo;&OElig;il, ancienne balise&nbsp;de Loire, et le modelage successif des rives au cours des derniers si&egrave;cles ;&nbsp;les arbres communs ou remarquables qui tapissent la commune ; la zone&nbsp;d&rsquo;int&eacute;r&ecirc;t majeur que constituent les roseli&egrave;res sur la rive nord pour le r&ocirc;le&nbsp;qu&rsquo;elles jouent dans la pr&eacute;servation environnementale et les migrations&nbsp;aviaires et enfin l&rsquo;activit&eacute; de la p&ecirc;che replac&eacute;e dans son pass&eacute; traditionnel&nbsp;ainsi que les esp&egrave;ces les plus courantes crois&eacute;es dans l&rsquo;estuaire (de l&rsquo;alose&nbsp;&agrave; la lamproie, du sandre &agrave; la civelle).\u003Cbr \/\u003E\r\n\u003Cbr \/\u003E\r\nP&eacute;dagogiques, clairs, ces textes synth&eacute;tiques sont accompagn&eacute;s d&rsquo;une&nbsp;iconographie descriptive, ludique et attrayante, d&rsquo;un r&eacute;sum&eacute; traduit en&nbsp;anglais et de jeux-devinettes propos&eacute;s aux enfants et &agrave; leurs parents.\u003Cbr \/\u003E\r\n\u003Cbr \/\u003E\r\nEn plus de ces cinq stations, une table d&rsquo;orientation situ&eacute;e sur le rivage,&nbsp;&agrave; hauteur de la Pierre &agrave; l&rsquo;&OElig;il, offre une synth&egrave;se &agrave; 180&deg; du panorama&nbsp;s&rsquo;&eacute;tendant depuis le pont de Saint-Nazaire, &agrave; l&rsquo;ouest, jusqu&rsquo;aux torch&egrave;res&nbsp;du complexe de Donges &agrave; l&rsquo;est, en passant par un rep&eacute;rage des usines de&nbsp;Montoir et des principaux terminaux de Loire.\u003Cbr \/\u003E\r\n\u003Cbr \/\u003E\r\n\u003Cstrong\u003EUn livret jeux est disponible gratuitement &agrave; l&#39;office de tourisme de Paimboeuf. Celui-ci d&eacute;di&eacute; aux enfants de 5 &agrave; 12 ans permet d&#39;apprendre tout en jouant.\u003C\/strong\u003E"},"pave3":{"libelle":"","contenu":""},"pave4":{"libelle":"","contenu":""},"pave5":{"libelle":"","contenu":""},"pave6":{"libelle":"","contenu":""},"pave7":{"libelle":"","contenu":""},"pave8":{"libelle":"","contenu":""},"pave9":{"libelle":"","contenu":""},"pave10":{"libelle":"","contenu":""},"pave11":{"libelle":"","contenu":""},"pave12":{"libelle":"","contenu":""},"pave13":{"libelle":"","contenu":""},"pave14":{"libelle":"","contenu":""},"pave15":{"libelle":"","contenu":""},"pave16":{"libelle":"","contenu":""},"pave17":{"libelle":"","contenu":""},"pave18":{"libelle":"","contenu":""},"pave19":{"libelle":"","contenu":""},"pave20":{"libelle":"","contenu":""},"pave21":{"libelle":"","contenu":""},"pave22":{"libelle":"","contenu":""},"pave23":{"libelle":"","contenu":""},"pave24":{"libelle":"","contenu":""},"pave25":{"libelle":"","contenu":""},"Libelle":"Parcours Nature : La Loire autrement","Nom":"Parcours Nature : La Loire autrement","Prenom":"","NomPrenom":"Parcours Nature : La Loire autrement ","CiviliteNomPrenom":"Parcours Nature : La Loire autrement ","Cle":"U|PARCOURSNATURELALOIREAUTREMENT","PrestataireParent":"","ContexteStat":"PRESTATAIRE-U-PARCOURSNATURELALOIREAUTREMENT","DateModificationIso":"2025-11-21T15:26:00+01:00","Type":"PRESTATAIRE","TypePrestataire":"U","Adresse":{"LigneAdresse1":"Plage de la Pierre \u00e0 L'Oeil","LigneAdresse2":"1 Quai \u00c9ole","LigneAdresse3":"","CodePostal":"44560","Ville":"PAIMBOEUF","Cedex":"","Etat":"","Pays":"FRA"},"Email":"communication@paimboeuf.fr","Telephone":"02 40 27 50 50","TelephoneBureau":"","Portable":"","SiteWeb":"","Fax":"","Id":"u-parcoursnaturelaloireautrement","Code":"U|PARCOURSNATURELALOIREAUTREMENT","Fichier":{"Document":[{"url":"https:\/\/www.saint-brevin.com\/medias\/images\/prestataires\/communiqu-de-presse-2021-inauguration-parcours-la-loire-autrement-6196-10868.pdf","chemin":"..\/medias\/images\/prestataires\/communiqu-de-presse-2021-inauguration-parcours-la-loire-autrement-6196-10868.pdf","libelle":"communiqu-de-presse-2021-inauguration-parcours-la-loire-autrement-6196","extension":"pdf","categorie":"","largeur":"","theme":"","hauteur":"","type":"Document","origine":"","liaisonPave":"","langue":"","id":"10868","poids":"426.7 Ko","alt":"communiqu-de-presse-2021-inauguration-parcours-la-loire-autrement-6196","title":"communiqu-de-presse-2021-inauguration-parcours-la-loire-autrement-6196"}],"ByCategorie":{"":[{"url":"https:\/\/www.saint-brevin.com\/medias\/images\/prestataires\/communiqu-de-presse-2021-inauguration-parcours-la-loire-autrement-6196-10868.pdf","chemin":"..\/medias\/images\/prestataires\/communiqu-de-presse-2021-inauguration-parcours-la-loire-autrement-6196-10868.pdf","libelle":"communiqu-de-presse-2021-inauguration-parcours-la-loire-autrement-6196","extension":"pdf","categorie":"","largeur":"","theme":"","hauteur":"","type":"Document","origine":"","liaisonPave":"","langue":"","id":"10868","poids":"426.7 Ko","alt":"communiqu-de-presse-2021-inauguration-parcours-la-loire-autrement-6196","title":"communiqu-de-presse-2021-inauguration-parcours-la-loire-autrement-6196"},{"url":"https:\/\/www.saint-brevin.com\/medias\/images\/prestataires\/image-6483441-6198-10869.jpg","chemin":"..\/medias\/images\/prestataires\/image-6483441-6198-10869.jpg","libelle":"image-6483441-6198","extension":"jpg","categorie":"","largeur":4032,"theme":"","hauteur":3024,"type":"Image","origine":"","liaisonPave":"","langue":"","id":"10869","urlVignette":"https:\/\/www.saint-brevin.com\/medias\/images\/prestataires\/v-image-6483441-6198-10869.jpg","alt":"image-6483441-6198","title":"image-6483441-6198","MultiTaille":{"1920x1440":{"url":"https:\/\/www.saint-brevin.com\/medias\/images\/prestataires\/multitailles\/1920x1440_image-6483441-6198-10869.jpg"},"1200x900":{"url":"https:\/\/www.saint-brevin.com\/medias\/images\/prestataires\/multitailles\/1200x900_image-6483441-6198-10869.jpg"},"800x600":{"url":"https:\/\/www.saint-brevin.com\/medias\/images\/prestataires\/multitailles\/800x600_image-6483441-6198-10869.jpg"},"640x480":{"url":"https:\/\/www.saint-brevin.com\/medias\/images\/prestataires\/multitailles\/640x480_image-6483441-6198-10869.jpg"},"320x240":{"url":"https:\/\/www.saint-brevin.com\/medias\/images\/prestataires\/multitailles\/320x240_image-6483441-6198-10869.jpg"},"160x120":{"url":"https:\/\/www.saint-brevin.com\/medias\/images\/prestataires\/multitailles\/160x120_image-6483441-6198-10869.jpg"},"origine":{"url":"https:\/\/www.saint-brevin.com\/medias\/images\/prestataires\/image-6483441-6198-10869.jpg"}},"urlLien":"","typeLien":"","nofollow":"N","copyright":""},{"url":"https:\/\/www.saint-brevin.com\/medias\/images\/prestataires\/1-estran-6199-10870.jpg","chemin":"..\/medias\/images\/prestataires\/1-estran-6199-10870.jpg","libelle":"1-estran-6199","extension":"jpg","categorie":"","largeur":1109,"theme":"","hauteur":826,"type":"Image","origine":"","liaisonPave":"","langue":"","id":"10870","urlVignette":"https:\/\/www.saint-brevin.com\/medias\/images\/prestataires\/v-1-estran-6199-10870.jpg","alt":"1-estran-6199","title":"1-estran-6199","MultiTaille":{"1920x1440":{"url":"https:\/\/www.saint-brevin.com\/medias\/images\/prestataires\/multitailles\/1920x1440_1-estran-6199-10870.jpg"},"1200x900":{"url":"https:\/\/www.saint-brevin.com\/medias\/images\/prestataires\/multitailles\/1200x900_1-estran-6199-10870.jpg"},"800x600":{"url":"https:\/\/www.saint-brevin.com\/medias\/images\/prestataires\/multitailles\/800x600_1-estran-6199-10870.jpg"},"640x480":{"url":"https:\/\/www.saint-brevin.com\/medias\/images\/prestataires\/multitailles\/640x480_1-estran-6199-10870.jpg"},"320x240":{"url":"https:\/\/www.saint-brevin.com\/medias\/images\/prestataires\/multitailles\/320x240_1-estran-6199-10870.jpg"},"160x120":{"url":"https:\/\/www.saint-brevin.com\/medias\/images\/prestataires\/multitailles\/160x120_1-estran-6199-10870.jpg"},"origine":{"url":"https:\/\/www.saint-brevin.com\/medias\/images\/prestataires\/1-estran-6199-10870.jpg"}},"urlLien":"","typeLien":"","nofollow":"N","copyright":""},{"url":"https:\/\/www.saint-brevin.com\/medias\/images\/prestataires\/photo-1-4840-6807-10871.jpg","chemin":"..\/medias\/images\/prestataires\/photo-1-4840-6807-10871.jpg","libelle":"photo-1-4840-6807","extension":"jpg","categorie":"","largeur":1200,"theme":"","hauteur":1600,"type":"Image","origine":"","liaisonPave":"","langue":"","id":"10871","urlVignette":"https:\/\/www.saint-brevin.com\/medias\/images\/prestataires\/v-photo-1-4840-6807-10871.jpg","alt":"photo-1-4840-6807","title":"photo-1-4840-6807","MultiTaille":{"1920x1440":{"url":"https:\/\/www.saint-brevin.com\/medias\/images\/prestataires\/multitailles\/1920x1440_photo-1-4840-6807-10871.jpg"},"1200x900":{"url":"https:\/\/www.saint-brevin.com\/medias\/images\/prestataires\/multitailles\/1200x900_photo-1-4840-6807-10871.jpg"},"800x600":{"url":"https:\/\/www.saint-brevin.com\/medias\/images\/prestataires\/multitailles\/800x600_photo-1-4840-6807-10871.jpg"},"640x480":{"url":"https:\/\/www.saint-brevin.com\/medias\/images\/prestataires\/multitailles\/640x480_photo-1-4840-6807-10871.jpg"},"320x240":{"url":"https:\/\/www.saint-brevin.com\/medias\/images\/prestataires\/multitailles\/320x240_photo-1-4840-6807-10871.jpg"},"160x120":{"url":"https:\/\/www.saint-brevin.com\/medias\/images\/prestataires\/multitailles\/160x120_photo-1-4840-6807-10871.jpg"},"origine":{"url":"https:\/\/www.saint-brevin.com\/medias\/images\/prestataires\/photo-1-4840-6807-10871.jpg"}},"urlLien":"","typeLien":"","nofollow":"N","copyright":""},{"url":"https:\/\/www.saint-brevin.com\/medias\/images\/prestataires\/paimboeuf-ccse-st-brevin-3-1510-4348-6808-10872.jpg","chemin":"..\/medias\/images\/prestataires\/paimboeuf-ccse-st-brevin-3-1510-4348-6808-10872.jpg","libelle":"paimboeuf-ccse-st-brevin-3-1510-4348-6808","extension":"jpg","categorie":"","largeur":4368,"theme":"","hauteur":2912,"type":"Image","origine":"","liaisonPave":"","langue":"","id":"10872","urlVignette":"https:\/\/www.saint-brevin.com\/medias\/images\/prestataires\/v-paimboeuf-ccse-st-brevin-3-1510-4348-6808-10872.jpg","alt":"paimboeuf-ccse-st-brevin-3-1510-4348-6808","title":"paimboeuf-ccse-st-brevin-3-1510-4348-6808","MultiTaille":{"1920x1440":{"url":"https:\/\/www.saint-brevin.com\/medias\/images\/prestataires\/multitailles\/1920x1440_paimboeuf-ccse-st-brevin-3-1510-4348-6808-10872.jpg"},"1200x900":{"url":"https:\/\/www.saint-brevin.com\/medias\/images\/prestataires\/multitailles\/1200x900_paimboeuf-ccse-st-brevin-3-1510-4348-6808-10872.jpg"},"800x600":{"url":"https:\/\/www.saint-brevin.com\/medias\/images\/prestataires\/multitailles\/800x600_paimboeuf-ccse-st-brevin-3-1510-4348-6808-10872.jpg"},"640x480":{"url":"https:\/\/www.saint-brevin.com\/medias\/images\/prestataires\/multitailles\/640x480_paimboeuf-ccse-st-brevin-3-1510-4348-6808-10872.jpg"},"320x240":{"url":"https:\/\/www.saint-brevin.com\/medias\/images\/prestataires\/multitailles\/320x240_paimboeuf-ccse-st-brevin-3-1510-4348-6808-10872.jpg"},"160x120":{"url":"https:\/\/www.saint-brevin.com\/medias\/images\/prestataires\/multitailles\/160x120_paimboeuf-ccse-st-brevin-3-1510-4348-6808-10872.jpg"},"origine":{"url":"https:\/\/www.saint-brevin.com\/medias\/images\/prestataires\/paimboeuf-ccse-st-brevin-3-1510-4348-6808-10872.jpg"}},"urlLien":"","typeLien":"","nofollow":"N","copyright":""},{"url":"https:\/\/www.saint-brevin.com\/medias\/images\/prestataires\/pierre-a-l-il-2-4355-6809-10873.jpeg","chemin":"..\/medias\/images\/prestataires\/pierre-a-l-il-2-4355-6809-10873.jpeg","libelle":"pierre-a-l-il-2-4355-6809","extension":"jpeg","categorie":"","largeur":1126,"theme":"","hauteur":751,"type":"Image","origine":"","liaisonPave":"","langue":"","id":"10873","urlVignette":"https:\/\/www.saint-brevin.com\/medias\/images\/prestataires\/v-pierre-a-l-il-2-4355-6809-10873.jpeg","alt":"pierre-a-l-il-2-4355-6809","title":"pierre-a-l-il-2-4355-6809","MultiTaille":{"1920x1440":{"url":"https:\/\/www.saint-brevin.com\/medias\/images\/prestataires\/multitailles\/1920x1440_pierre-a-l-il-2-4355-6809-10873.jpeg"},"1200x900":{"url":"https:\/\/www.saint-brevin.com\/medias\/images\/prestataires\/multitailles\/1200x900_pierre-a-l-il-2-4355-6809-10873.jpeg"},"800x600":{"url":"https:\/\/www.saint-brevin.com\/medias\/images\/prestataires\/multitailles\/800x600_pierre-a-l-il-2-4355-6809-10873.jpeg"},"640x480":{"url":"https:\/\/www.saint-brevin.com\/medias\/images\/prestataires\/multitailles\/640x480_pierre-a-l-il-2-4355-6809-10873.jpeg"},"320x240":{"url":"https:\/\/www.saint-brevin.com\/medias\/images\/prestataires\/multitailles\/320x240_pierre-a-l-il-2-4355-6809-10873.jpeg"},"160x120":{"url":"https:\/\/www.saint-brevin.com\/medias\/images\/prestataires\/multitailles\/160x120_pierre-a-l-il-2-4355-6809-10873.jpeg"},"origine":{"url":"https:\/\/www.saint-brevin.com\/medias\/images\/prestataires\/pierre-a-l-il-2-4355-6809-10873.jpeg"}},"urlLien":"","typeLien":"","nofollow":"N","copyright":""},{"url":"https:\/\/www.saint-brevin.com\/medias\/images\/prestataires\/pbf-vue-nature-et-phare-cote-pinede-4354-6810-10874.jpg","chemin":"..\/medias\/images\/prestataires\/pbf-vue-nature-et-phare-cote-pinede-4354-6810-10874.jpg","libelle":"pbf-vue-nature-et-phare-cote-pinede-4354-6810","extension":"jpg","categorie":"","largeur":3648,"theme":"","hauteur":2736,"type":"Image","origine":"","liaisonPave":"","langue":"","id":"10874","urlVignette":"https:\/\/www.saint-brevin.com\/medias\/images\/prestataires\/v-pbf-vue-nature-et-phare-cote-pinede-4354-6810-10874.jpg","alt":"pbf-vue-nature-et-phare-cote-pinede-4354-6810","title":"pbf-vue-nature-et-phare-cote-pinede-4354-6810","MultiTaille":{"1920x1440":{"url":"https:\/\/www.saint-brevin.com\/medias\/images\/prestataires\/multitailles\/1920x1440_pbf-vue-nature-et-phare-cote-pinede-4354-6810-10874.jpg"},"1200x900":{"url":"https:\/\/www.saint-brevin.com\/medias\/images\/prestataires\/multitailles\/1200x900_pbf-vue-nature-et-phare-cote-pinede-4354-6810-10874.jpg"},"800x600":{"url":"https:\/\/www.saint-brevin.com\/medias\/images\/prestataires\/multitailles\/800x600_pbf-vue-nature-et-phare-cote-pinede-4354-6810-10874.jpg"},"640x480":{"url":"https:\/\/www.saint-brevin.com\/medias\/images\/prestataires\/multitailles\/640x480_pbf-vue-nature-et-phare-cote-pinede-4354-6810-10874.jpg"},"320x240":{"url":"https:\/\/www.saint-brevin.com\/medias\/images\/prestataires\/multitailles\/320x240_pbf-vue-nature-et-phare-cote-pinede-4354-6810-10874.jpg"},"160x120":{"url":"https:\/\/www.saint-brevin.com\/medias\/images\/prestataires\/multitailles\/160x120_pbf-vue-nature-et-phare-cote-pinede-4354-6810-10874.jpg"},"origine":{"url":"https:\/\/www.saint-brevin.com\/medias\/images\/prestataires\/pbf-vue-nature-et-phare-cote-pinede-4354-6810-10874.jpg"}},"urlLien":"","typeLien":"","nofollow":"N","copyright":""},{"url":"https:\/\/www.saint-brevin.com\/medias\/images\/prestataires\/photo-2-4843-6811-10875.jpg","chemin":"..\/medias\/images\/prestataires\/photo-2-4843-6811-10875.jpg","libelle":"photo-2-4843-6811","extension":"jpg","categorie":"","largeur":5672,"theme":"","hauteur":1960,"type":"Image","origine":"","liaisonPave":"","langue":"","id":"10875","urlVignette":"https:\/\/www.saint-brevin.com\/medias\/images\/prestataires\/v-photo-2-4843-6811-10875.jpg","alt":"photo-2-4843-6811","title":"photo-2-4843-6811","MultiTaille":{"1920x1440":{"url":"https:\/\/www.saint-brevin.com\/medias\/images\/prestataires\/multitailles\/1920x1440_photo-2-4843-6811-10875.jpg"},"1200x900":{"url":"https:\/\/www.saint-brevin.com\/medias\/images\/prestataires\/multitailles\/1200x900_photo-2-4843-6811-10875.jpg"},"800x600":{"url":"https:\/\/www.saint-brevin.com\/medias\/images\/prestataires\/multitailles\/800x600_photo-2-4843-6811-10875.jpg"},"640x480":{"url":"https:\/\/www.saint-brevin.com\/medias\/images\/prestataires\/multitailles\/640x480_photo-2-4843-6811-10875.jpg"},"320x240":{"url":"https:\/\/www.saint-brevin.com\/medias\/images\/prestataires\/multitailles\/320x240_photo-2-4843-6811-10875.jpg"},"160x120":{"url":"https:\/\/www.saint-brevin.com\/medias\/images\/prestataires\/multitailles\/160x120_photo-2-4843-6811-10875.jpg"},"origine":{"url":"https:\/\/www.saint-brevin.com\/medias\/images\/prestataires\/photo-2-4843-6811-10875.jpg"}},"urlLien":"","typeLien":"","nofollow":"N","copyright":""}]},"Image":[{"url":"https:\/\/www.saint-brevin.com\/medias\/images\/prestataires\/image-6483441-6198-10869.jpg","chemin":"..\/medias\/images\/prestataires\/image-6483441-6198-10869.jpg","libelle":"image-6483441-6198","extension":"jpg","categorie":"","largeur":4032,"theme":"","hauteur":3024,"type":"Image","origine":"","liaisonPave":"","langue":"","id":"10869","urlVignette":"https:\/\/www.saint-brevin.com\/medias\/images\/prestataires\/v-image-6483441-6198-10869.jpg","alt":"image-6483441-6198","title":"image-6483441-6198","MultiTaille":{"1920x1440":{"url":"https:\/\/www.saint-brevin.com\/medias\/images\/prestataires\/multitailles\/1920x1440_image-6483441-6198-10869.jpg"},"1200x900":{"url":"https:\/\/www.saint-brevin.com\/medias\/images\/prestataires\/multitailles\/1200x900_image-6483441-6198-10869.jpg"},"800x600":{"url":"https:\/\/www.saint-brevin.com\/medias\/images\/prestataires\/multitailles\/800x600_image-6483441-6198-10869.jpg"},"640x480":{"url":"https:\/\/www.saint-brevin.com\/medias\/images\/prestataires\/multitailles\/640x480_image-6483441-6198-10869.jpg"},"320x240":{"url":"https:\/\/www.saint-brevin.com\/medias\/images\/prestataires\/multitailles\/320x240_image-6483441-6198-10869.jpg"},"160x120":{"url":"https:\/\/www.saint-brevin.com\/medias\/images\/prestataires\/multitailles\/160x120_image-6483441-6198-10869.jpg"},"origine":{"url":"https:\/\/www.saint-brevin.com\/medias\/images\/prestataires\/image-6483441-6198-10869.jpg"}},"urlLien":"","typeLien":"","nofollow":"N","copyright":""},{"url":"https:\/\/www.saint-brevin.com\/medias\/images\/prestataires\/1-estran-6199-10870.jpg","chemin":"..\/medias\/images\/prestataires\/1-estran-6199-10870.jpg","libelle":"1-estran-6199","extension":"jpg","categorie":"","largeur":1109,"theme":"","hauteur":826,"type":"Image","origine":"","liaisonPave":"","langue":"","id":"10870","urlVignette":"https:\/\/www.saint-brevin.com\/medias\/images\/prestataires\/v-1-estran-6199-10870.jpg","alt":"1-estran-6199","title":"1-estran-6199","MultiTaille":{"1920x1440":{"url":"https:\/\/www.saint-brevin.com\/medias\/images\/prestataires\/multitailles\/1920x1440_1-estran-6199-10870.jpg"},"1200x900":{"url":"https:\/\/www.saint-brevin.com\/medias\/images\/prestataires\/multitailles\/1200x900_1-estran-6199-10870.jpg"},"800x600":{"url":"https:\/\/www.saint-brevin.com\/medias\/images\/prestataires\/multitailles\/800x600_1-estran-6199-10870.jpg"},"640x480":{"url":"https:\/\/www.saint-brevin.com\/medias\/images\/prestataires\/multitailles\/640x480_1-estran-6199-10870.jpg"},"320x240":{"url":"https:\/\/www.saint-brevin.com\/medias\/images\/prestataires\/multitailles\/320x240_1-estran-6199-10870.jpg"},"160x120":{"url":"https:\/\/www.saint-brevin.com\/medias\/images\/prestataires\/multitailles\/160x120_1-estran-6199-10870.jpg"},"origine":{"url":"https:\/\/www.saint-brevin.com\/medias\/images\/prestataires\/1-estran-6199-10870.jpg"}},"urlLien":"","typeLien":"","nofollow":"N","copyright":""},{"url":"https:\/\/www.saint-brevin.com\/medias\/images\/prestataires\/photo-1-4840-6807-10871.jpg","chemin":"..\/medias\/images\/prestataires\/photo-1-4840-6807-10871.jpg","libelle":"photo-1-4840-6807","extension":"jpg","categorie":"","largeur":1200,"theme":"","hauteur":1600,"type":"Image","origine":"","liaisonPave":"","langue":"","id":"10871","urlVignette":"https:\/\/www.saint-brevin.com\/medias\/images\/prestataires\/v-photo-1-4840-6807-10871.jpg","alt":"photo-1-4840-6807","title":"photo-1-4840-6807","MultiTaille":{"1920x1440":{"url":"https:\/\/www.saint-brevin.com\/medias\/images\/prestataires\/multitailles\/1920x1440_photo-1-4840-6807-10871.jpg"},"1200x900":{"url":"https:\/\/www.saint-brevin.com\/medias\/images\/prestataires\/multitailles\/1200x900_photo-1-4840-6807-10871.jpg"},"800x600":{"url":"https:\/\/www.saint-brevin.com\/medias\/images\/prestataires\/multitailles\/800x600_photo-1-4840-6807-10871.jpg"},"640x480":{"url":"https:\/\/www.saint-brevin.com\/medias\/images\/prestataires\/multitailles\/640x480_photo-1-4840-6807-10871.jpg"},"320x240":{"url":"https:\/\/www.saint-brevin.com\/medias\/images\/prestataires\/multitailles\/320x240_photo-1-4840-6807-10871.jpg"},"160x120":{"url":"https:\/\/www.saint-brevin.com\/medias\/images\/prestataires\/multitailles\/160x120_photo-1-4840-6807-10871.jpg"},"origine":{"url":"https:\/\/www.saint-brevin.com\/medias\/images\/prestataires\/photo-1-4840-6807-10871.jpg"}},"urlLien":"","typeLien":"","nofollow":"N","copyright":""},{"url":"https:\/\/www.saint-brevin.com\/medias\/images\/prestataires\/paimboeuf-ccse-st-brevin-3-1510-4348-6808-10872.jpg","chemin":"..\/medias\/images\/prestataires\/paimboeuf-ccse-st-brevin-3-1510-4348-6808-10872.jpg","libelle":"paimboeuf-ccse-st-brevin-3-1510-4348-6808","extension":"jpg","categorie":"","largeur":4368,"theme":"","hauteur":2912,"type":"Image","origine":"","liaisonPave":"","langue":"","id":"10872","urlVignette":"https:\/\/www.saint-brevin.com\/medias\/images\/prestataires\/v-paimboeuf-ccse-st-brevin-3-1510-4348-6808-10872.jpg","alt":"paimboeuf-ccse-st-brevin-3-1510-4348-6808","title":"paimboeuf-ccse-st-brevin-3-1510-4348-6808","MultiTaille":{"1920x1440":{"url":"https:\/\/www.saint-brevin.com\/medias\/images\/prestataires\/multitailles\/1920x1440_paimboeuf-ccse-st-brevin-3-1510-4348-6808-10872.jpg"},"1200x900":{"url":"https:\/\/www.saint-brevin.com\/medias\/images\/prestataires\/multitailles\/1200x900_paimboeuf-ccse-st-brevin-3-1510-4348-6808-10872.jpg"},"800x600":{"url":"https:\/\/www.saint-brevin.com\/medias\/images\/prestataires\/multitailles\/800x600_paimboeuf-ccse-st-brevin-3-1510-4348-6808-10872.jpg"},"640x480":{"url":"https:\/\/www.saint-brevin.com\/medias\/images\/prestataires\/multitailles\/640x480_paimboeuf-ccse-st-brevin-3-1510-4348-6808-10872.jpg"},"320x240":{"url":"https:\/\/www.saint-brevin.com\/medias\/images\/prestataires\/multitailles\/320x240_paimboeuf-ccse-st-brevin-3-1510-4348-6808-10872.jpg"},"160x120":{"url":"https:\/\/www.saint-brevin.com\/medias\/images\/prestataires\/multitailles\/160x120_paimboeuf-ccse-st-brevin-3-1510-4348-6808-10872.jpg"},"origine":{"url":"https:\/\/www.saint-brevin.com\/medias\/images\/prestataires\/paimboeuf-ccse-st-brevin-3-1510-4348-6808-10872.jpg"}},"urlLien":"","typeLien":"","nofollow":"N","copyright":""},{"url":"https:\/\/www.saint-brevin.com\/medias\/images\/prestataires\/pierre-a-l-il-2-4355-6809-10873.jpeg","chemin":"..\/medias\/images\/prestataires\/pierre-a-l-il-2-4355-6809-10873.jpeg","libelle":"pierre-a-l-il-2-4355-6809","extension":"jpeg","categorie":"","largeur":1126,"theme":"","hauteur":751,"type":"Image","origine":"","liaisonPave":"","langue":"","id":"10873","urlVignette":"https:\/\/www.saint-brevin.com\/medias\/images\/prestataires\/v-pierre-a-l-il-2-4355-6809-10873.jpeg","alt":"pierre-a-l-il-2-4355-6809","title":"pierre-a-l-il-2-4355-6809","MultiTaille":{"1920x1440":{"url":"https:\/\/www.saint-brevin.com\/medias\/images\/prestataires\/multitailles\/1920x1440_pierre-a-l-il-2-4355-6809-10873.jpeg"},"1200x900":{"url":"https:\/\/www.saint-brevin.com\/medias\/images\/prestataires\/multitailles\/1200x900_pierre-a-l-il-2-4355-6809-10873.jpeg"},"800x600":{"url":"https:\/\/www.saint-brevin.com\/medias\/images\/prestataires\/multitailles\/800x600_pierre-a-l-il-2-4355-6809-10873.jpeg"},"640x480":{"url":"https:\/\/www.saint-brevin.com\/medias\/images\/prestataires\/multitailles\/640x480_pierre-a-l-il-2-4355-6809-10873.jpeg"},"320x240":{"url":"https:\/\/www.saint-brevin.com\/medias\/images\/prestataires\/multitailles\/320x240_pierre-a-l-il-2-4355-6809-10873.jpeg"},"160x120":{"url":"https:\/\/www.saint-brevin.com\/medias\/images\/prestataires\/multitailles\/160x120_pierre-a-l-il-2-4355-6809-10873.jpeg"},"origine":{"url":"https:\/\/www.saint-brevin.com\/medias\/images\/prestataires\/pierre-a-l-il-2-4355-6809-10873.jpeg"}},"urlLien":"","typeLien":"","nofollow":"N","copyright":""},{"url":"https:\/\/www.saint-brevin.com\/medias\/images\/prestataires\/pbf-vue-nature-et-phare-cote-pinede-4354-6810-10874.jpg","chemin":"..\/medias\/images\/prestataires\/pbf-vue-nature-et-phare-cote-pinede-4354-6810-10874.jpg","libelle":"pbf-vue-nature-et-phare-cote-pinede-4354-6810","extension":"jpg","categorie":"","largeur":3648,"theme":"","hauteur":2736,"type":"Image","origine":"","liaisonPave":"","langue":"","id":"10874","urlVignette":"https:\/\/www.saint-brevin.com\/medias\/images\/prestataires\/v-pbf-vue-nature-et-phare-cote-pinede-4354-6810-10874.jpg","alt":"pbf-vue-nature-et-phare-cote-pinede-4354-6810","title":"pbf-vue-nature-et-phare-cote-pinede-4354-6810","MultiTaille":{"1920x1440":{"url":"https:\/\/www.saint-brevin.com\/medias\/images\/prestataires\/multitailles\/1920x1440_pbf-vue-nature-et-phare-cote-pinede-4354-6810-10874.jpg"},"1200x900":{"url":"https:\/\/www.saint-brevin.com\/medias\/images\/prestataires\/multitailles\/1200x900_pbf-vue-nature-et-phare-cote-pinede-4354-6810-10874.jpg"},"800x600":{"url":"https:\/\/www.saint-brevin.com\/medias\/images\/prestataires\/multitailles\/800x600_pbf-vue-nature-et-phare-cote-pinede-4354-6810-10874.jpg"},"640x480":{"url":"https:\/\/www.saint-brevin.com\/medias\/images\/prestataires\/multitailles\/640x480_pbf-vue-nature-et-phare-cote-pinede-4354-6810-10874.jpg"},"320x240":{"url":"https:\/\/www.saint-brevin.com\/medias\/images\/prestataires\/multitailles\/320x240_pbf-vue-nature-et-phare-cote-pinede-4354-6810-10874.jpg"},"160x120":{"url":"https:\/\/www.saint-brevin.com\/medias\/images\/prestataires\/multitailles\/160x120_pbf-vue-nature-et-phare-cote-pinede-4354-6810-10874.jpg"},"origine":{"url":"https:\/\/www.saint-brevin.com\/medias\/images\/prestataires\/pbf-vue-nature-et-phare-cote-pinede-4354-6810-10874.jpg"}},"urlLien":"","typeLien":"","nofollow":"N","copyright":""},{"url":"https:\/\/www.saint-brevin.com\/medias\/images\/prestataires\/photo-2-4843-6811-10875.jpg","chemin":"..\/medias\/images\/prestataires\/photo-2-4843-6811-10875.jpg","libelle":"photo-2-4843-6811","extension":"jpg","categorie":"","largeur":5672,"theme":"","hauteur":1960,"type":"Image","origine":"","liaisonPave":"","langue":"","id":"10875","urlVignette":"https:\/\/www.saint-brevin.com\/medias\/images\/prestataires\/v-photo-2-4843-6811-10875.jpg","alt":"photo-2-4843-6811","title":"photo-2-4843-6811","MultiTaille":{"1920x1440":{"url":"https:\/\/www.saint-brevin.com\/medias\/images\/prestataires\/multitailles\/1920x1440_photo-2-4843-6811-10875.jpg"},"1200x900":{"url":"https:\/\/www.saint-brevin.com\/medias\/images\/prestataires\/multitailles\/1200x900_photo-2-4843-6811-10875.jpg"},"800x600":{"url":"https:\/\/www.saint-brevin.com\/medias\/images\/prestataires\/multitailles\/800x600_photo-2-4843-6811-10875.jpg"},"640x480":{"url":"https:\/\/www.saint-brevin.com\/medias\/images\/prestataires\/multitailles\/640x480_photo-2-4843-6811-10875.jpg"},"320x240":{"url":"https:\/\/www.saint-brevin.com\/medias\/images\/prestataires\/multitailles\/320x240_photo-2-4843-6811-10875.jpg"},"160x120":{"url":"https:\/\/www.saint-brevin.com\/medias\/images\/prestataires\/multitailles\/160x120_photo-2-4843-6811-10875.jpg"},"origine":{"url":"https:\/\/www.saint-brevin.com\/medias\/images\/prestataires\/photo-2-4843-6811-10875.jpg"}},"urlLien":"","typeLien":"","nofollow":"N","copyright":""}]},"Url":"parcours-nature-la-loire-autrement-1-1-1.html","Localisation":{"GoogleMap":{"Latitude":"47.28798","Longitude":"-2.04612"}},"ZoneGeo":"","Criteres":{"NIVPARTENAIRE[COMPLET":"","COMMUNES[PAIMBOEUF":"","UTYPC[CIRCUITOUEXPOSITIONPERMANENTE":"","UTHMUS[UENVNA":""},"DateFinPublication":"","PrixAPartirDe":"","PrixPour":"","FicheListeEnCours":"fiche_liste_patrimoine_culturel_v2017","ParametresModele":{"AfficherPhotos":"1","NbPhotosMax":6,"AfficherReserver":0,"AfficherContact":0,"AfficherSalle":1,"AfficherZoneGeo":0,"AfficherEnSavoirPlus":"1","AfficherUneSeuleOuverture":0,"AfficherContactCarte":1,"AfficherTarifsChaudAPartirDe":0,"AfficherTarifChaudSansRecherche":0,"AfficherLiensCarnetVoyage":"1","AfficherOuverture":"0","BlocCritereInfo":{"critere1":{"libelle":""},"critere2":{"libelle":""},"critere3":{"libelle":"LIBELLE_GENERAL"},"critere4":{"libelle":""},"critere5":{"libelle":""},"critere6":{"libelle":""},"critere7":{"libelle":"","liste_critere":["COMMUNES|U"]},"critere8":{"libelle":""},"afficherpictoetpaslibelle":"1"},"Criteres":"NIVPARTENAIRE[COMPLET","PositionBloc":"GALLERIE|NOM|CARNET_VOYAGE|URL","TypePrestataire":"U","ComportementResa":false,"ComportementDispo":false},"AffichageCoordonnees":[],"Coordonnees":{"Ville":"PAIMBOEUF"},"ContexteId":"PRESTATAIRE|U|PARCOURSNATURELALOIREAUTREMENT","ContexteIdHtml":"PRESTATAIRE-U-PARCOURSNATURELALOIREAUTREMENT","cleContexte":"U|PARCOURSNATURELALOIREAUTREMENT","Bloc":{"texte1":"","texte3":"","critere1":{"libelle":"","contenu":[]},"critere2":{"libelle":"","contenu":[]},"critere3":{"libelle":"","contenu":[]},"critere4":{"libelle":"","contenu":[]},"critere5":{"libelle":"","contenu":[]},"critere6":{"libelle":"","contenu":[]},"critere7":{"libelle":"","contenu":{"COMMUNES":{"libelle":"COMMUNE","contenu":{"2":"Paimboeuf"},"codesValeurs":{"2":"COMMUNES|PAIMBOEUF|U"},"criteres_datas":{"valeurs":{"2":{"PAIMBOEUF":{"descriptif":""}}}}}}},"critere8":{"libelle":"","contenu":[]},"critere9":{"libelle":"","contenu":[]}},"LocalisationGps":{"Latitude":"47.28798","Longitude":"-2.04612"},"libelleDuPrestataire":"","listeCriteres":{"NIVPARTENAIRE":{"COMPLET":""},"COMMUNES":{"PAIMBOEUF":""},"UTYPC":{"CIRCUITOUEXPOSITIONPERMANENTE":""},"UTHMUS":{"UENVNA":""}},"dansCarnetVoyage":true,"Ouverture":""},"html":" \n \u003Cdiv id=\"CV-PRESTATAIRE-U-PARCOURSNATURELALOIREAUTREMENT\" data-contexte-id=\"PRESTATAIRE|U|PARCOURSNATURELALOIREAUTREMENT\" data-cle=\"U|PARCOURSNATURELALOIREAUTREMENT\" class=\"fiche-liste\"\u003E\n    \n\n    \u003C!-- partie photo --\u003E\n    \u003Cdiv class=\"photo\"\u003E\t\t\t\t\t\t\t\t\t\t\t\t\t\t\t\t\t\t\t\t\t\n        \u003Cdiv class=\"cadre_photo_principale\"\u003E\t\t\n        \n            \t\t\t\t\t\n                    \u003Ca href=\"parcours-nature-la-loire-autrement-1-1-1.html?origine=carnet#media\"\u003E\n                        \u003Cimg class=\"photo_principale\" alt=\"image-6483441-6198\" src=\"https:\/\/www.saint-brevin.com\/medias\/images\/prestataires\/multitailles\/320x240_image-6483441-6198-10869.jpg\" itemprop=\"image\"\u003E\n                    \u003C\/a\u003E\t\t\t\t\t\t\n                \n                    \u003C\/div\u003E\t\t\t\t\t\t\t\t\t\t\t\t\t\t\t\t\t\t\t \t\t\n    \u003C\/div\u003E\n    \n    \u003C!-- partie nom prest --\u003E\n    \u003Cdiv class=\"nom\"\u003E\n        \u003Ch2\u003EParcours Nature : La Loire autrement\u003C\/h2\u003E\n        \n            \u003C\/div\u003E\n\n         \n    \u003C!-- partie adresse --\u003E\n    \u003Cdiv class=\"adresse\"\u003E\n    \n          \n    \u003C\/div\u003E\n    \n    \u003C!-- partie liens --\u003E\n    \u003Cdiv class=\"liens\"\u003E\n            \u003Ca class=\"btn-icon btn-view \" title=\"Voir la fiche d\u00e9taill\u00e9e\" href=\"parcours-nature-la-loire-autrement-1-1-1.html?origine=carnet\"\u003E\u003C\/a\u003E\u003C!--\u003Ca class=\"btn-icon btn-view \" title=\"\" href=\"?origine=carnet#thaut\"\u003E\u003C\/a\u003E--\u003E\n      \u003Ca class=\"btn-icon btn-trash carnet_voyage_supprimer\" title=\"Supprimer cette fiche de mon carnet de voyage\" href=\"carnet-voyage?action=remove&fiche=U|PARCOURSNATURELALOIREAUTREMENT\"\u003E\u003C\/a\u003E\n    \u003C\/div\u003E\n\n\u003C\/div\u003E\n\n","icon":"https:\/\/static.ingenie.fr\/images\/carnetVoyageV3\/U.png"},"fiche":"U|PARCOURSNATURELALOIREAUTREMENT","popup":"\u003Cdiv id=\"bloc_popup_ajout_fiche_carnet\"\u003E\n    \u003Cdiv class=\"info_popup_ajout_fiche_carnet\"\u003E\n        Vous venez d'ajouter cet \u00e9l\u00e9ment \u00e0 votre carnet de voyage :    \u003C\/div\u003E\n    \u003Cdiv class=\"prest_popup_ajout_fiche_carnet\"\u003E\n        Parcours Nature : La Loire autrement    \u003C\/div\u003E\n    \u003Cdiv class=\"bloc_btn_ajout_fiche_carnet form_submit_div\"\u003E\n        \u003Cinput type=\"button\" value=\"Continuer ma s\u00e9lection\" title=\"Continuer ma s\u00e9lection\" name=\"btn_close\" class=\"btn_close_popup_carnet form_submit\" onclick=\"$.colorbox.close()\" \/\u003E\n        \u003Cinput type=\"button\" value=\"Voir mon carnet de voyage\" title=\"Voir mon carnet\" name=\"btn_panier\" class=\"btn_panier_popup_carnet form_submit\" onclick=\"if(typeof CarnetVoyage != 'undefined') {CarnetVoyage.voirCarnet();}\" \/\u003E\n    \u003C\/div\u003E\n    \u003Cdiv class=\"bloc_btn_ajout_fiche_carnet\"\u003E\n        \u003Cinput type=\"checkbox\" value=\"1\" name=\"desactiver_popup\" id=\"desactiver_popup\" \/\u003E\n        \u003Clabel for=\"desactiver_popup\"\u003ENe plus afficher ce message\u003C\/label\u003E\n    \u003C\/div\u003E\n\u003C\/div\u003E","success":1}