{"nbFiches":1,"dataPrest":{"infoPrest":{"pave1":{"libelle":"Slogan","contenu":"Class&eacute; Monument Historique en 1977 et situ&eacute; au sud de Saint-Brevin, ce monolithe est implant&eacute; sur une petite parcelle carr&eacute;e, nich&eacute;e entre deux maisons.\u003Cbr \/\u003E\r\nHaut de 2 m, il est enfoui d&#39;autant dans le sol.\u003Cbr \/\u003E\r\nIl est accessible par un chemin depuis l&#39;avenue du 8 Mai 1945.\u003Cbr \/\u003E\r\n\u003Cbr \/\u003E\r\n\u003Cstrong\u003E\u003Cspan style=\"color: rgb(0, 128, 128);\"\u003ERetrouvez l&#39;ensemble des m&eacute;galithes de Saint-Brevin&nbsp;\u003C\/span\u003E\u003Ca href=\"https:\/\/www.saint-brevin.com\/s?u=documentation\/T\/MEGSTBREVIN|FR||\" target=\"_blank\"\u003E\u003Cspan style=\"color: rgb(0, 128, 128);\"\u003EICI&gt;&gt;&gt;\u003C\/span\u003E\u003C\/a\u003E\u003C\/strong\u003E"},"pave2":{"libelle":"Descriptif","contenu":"On raconte qu&#39;il &eacute;tait fr&eacute;quent&eacute; par les femmes qui souhaitaient devenir m&egrave;re ou esp&eacute;raient une maternit&eacute; sans probl&egrave;me, ce qui expliquerait son nom."},"pave3":{"libelle":"","contenu":""},"pave4":{"libelle":"","contenu":""},"pave5":{"libelle":"","contenu":""},"pave6":{"libelle":"","contenu":""},"pave7":{"libelle":"","contenu":""},"pave8":{"libelle":"","contenu":""},"pave9":{"libelle":"","contenu":""},"pave10":{"libelle":"","contenu":""},"pave11":{"libelle":"","contenu":""},"pave12":{"libelle":"","contenu":""},"pave13":{"libelle":"","contenu":""},"pave14":{"libelle":"","contenu":""},"pave15":{"libelle":"","contenu":""},"pave16":{"libelle":"","contenu":""},"pave17":{"libelle":"","contenu":""},"pave18":{"libelle":"","contenu":""},"pave19":{"libelle":"","contenu":""},"pave20":{"libelle":"","contenu":""},"pave21":{"libelle":"","contenu":""},"pave22":{"libelle":"","contenu":""},"pave23":{"libelle":"","contenu":""},"pave24":{"libelle":"","contenu":""},"pave25":{"libelle":"","contenu":""},"Libelle":"Menhir de la Pierre de Couche","Nom":"Menhir de la Pierre de Couche","Prenom":"","NomPrenom":"Menhir de la Pierre de Couche ","CiviliteNomPrenom":"Menhir de la Pierre de Couche ","Cle":"U|MENHIRPIERREDECOUCHESTBREVIN","PrestataireParent":"","ContexteStat":"PRESTATAIRE-U-MENHIRPIERREDECOUCHESTBREVIN","DateModificationIso":"2025-11-21T11:41:00+01:00","Type":"PRESTATAIRE","TypePrestataire":"U","Adresse":{"LigneAdresse1":"All\u00e9e du Menhir","LigneAdresse2":"","LigneAdresse3":"","CodePostal":"44250","Ville":"ST BREVIN LES PINS","Cedex":"","Etat":"","Pays":"FRA"},"Email":"","Telephone":"02 40 64 44 44","TelephoneBureau":"","Portable":"","SiteWeb":"","Fax":"","Id":"u-menhirpierredecouchestbrevin","Code":"U|MENHIRPIERREDECOUCHESTBREVIN","Fichier":{"Image":[{"url":"https:\/\/www.saint-brevin.com\/medias\/images\/prestataires\/menhir-de-la-pierre-de-couche-4752.jpg","chemin":"..\/medias\/images\/prestataires\/menhir-de-la-pierre-de-couche-4752.jpg","libelle":"menhir-de-la-pierre-de-couche-4752","extension":"jpg","categorie":"","largeur":537,"theme":"","hauteur":347,"type":"Image","origine":"","liaisonPave":"","langue":"","id":"4752","urlVignette":"https:\/\/www.saint-brevin.com\/medias\/images\/prestataires\/v-menhir-de-la-pierre-de-couche-4752.jpg","alt":"menhir-de-la-pierre-de-couche-4752","title":"menhir-de-la-pierre-de-couche-4752","MultiTaille":{"1920x1440":{"url":"https:\/\/www.saint-brevin.com\/medias\/images\/prestataires\/multitailles\/1920x1440_menhir-de-la-pierre-de-couche-4752.jpg"},"1200x900":{"url":"https:\/\/www.saint-brevin.com\/medias\/images\/prestataires\/multitailles\/1200x900_menhir-de-la-pierre-de-couche-4752.jpg"},"800x600":{"url":"https:\/\/www.saint-brevin.com\/medias\/images\/prestataires\/multitailles\/800x600_menhir-de-la-pierre-de-couche-4752.jpg"},"640x480":{"url":"https:\/\/www.saint-brevin.com\/medias\/images\/prestataires\/multitailles\/640x480_menhir-de-la-pierre-de-couche-4752.jpg"},"320x240":{"url":"https:\/\/www.saint-brevin.com\/medias\/images\/prestataires\/multitailles\/320x240_menhir-de-la-pierre-de-couche-4752.jpg"},"160x120":{"url":"https:\/\/www.saint-brevin.com\/medias\/images\/prestataires\/multitailles\/160x120_menhir-de-la-pierre-de-couche-4752.jpg"},"origine":{"url":"https:\/\/www.saint-brevin.com\/medias\/images\/prestataires\/menhir-de-la-pierre-de-couche-4752.jpg"}},"urlLien":"","typeLien":"","nofollow":"N","copyright":""},{"url":"https:\/\/www.saint-brevin.com\/medias\/images\/prestataires\/pierre-de-couche-2-2528.jpg","chemin":"..\/medias\/images\/prestataires\/pierre-de-couche-2-2528.jpg","libelle":"pierre-de-couche-2-2528","extension":"jpg","categorie":"","largeur":2304,"theme":"","hauteur":3456,"type":"Image","origine":"","liaisonPave":"","langue":"","id":"2528","urlVignette":"https:\/\/www.saint-brevin.com\/medias\/images\/prestataires\/v-pierre-de-couche-2-2528.jpg","alt":"pierre-de-couche-2-2528","title":"pierre-de-couche-2-2528","MultiTaille":{"1920x1440":{"url":"https:\/\/www.saint-brevin.com\/medias\/images\/prestataires\/multitailles\/1920x1440_pierre-de-couche-2-2528.jpg"},"1200x900":{"url":"https:\/\/www.saint-brevin.com\/medias\/images\/prestataires\/multitailles\/1200x900_pierre-de-couche-2-2528.jpg"},"800x600":{"url":"https:\/\/www.saint-brevin.com\/medias\/images\/prestataires\/multitailles\/800x600_pierre-de-couche-2-2528.jpg"},"640x480":{"url":"https:\/\/www.saint-brevin.com\/medias\/images\/prestataires\/multitailles\/640x480_pierre-de-couche-2-2528.jpg"},"320x240":{"url":"https:\/\/www.saint-brevin.com\/medias\/images\/prestataires\/multitailles\/320x240_pierre-de-couche-2-2528.jpg"},"160x120":{"url":"https:\/\/www.saint-brevin.com\/medias\/images\/prestataires\/multitailles\/160x120_pierre-de-couche-2-2528.jpg"},"origine":{"url":"https:\/\/www.saint-brevin.com\/medias\/images\/prestataires\/pierre-de-couche-2-2528.jpg"}},"urlLien":"","typeLien":"","nofollow":"N","copyright":""}],"ByCategorie":{"":[{"url":"https:\/\/www.saint-brevin.com\/medias\/images\/prestataires\/menhir-de-la-pierre-de-couche-4752.jpg","chemin":"..\/medias\/images\/prestataires\/menhir-de-la-pierre-de-couche-4752.jpg","libelle":"menhir-de-la-pierre-de-couche-4752","extension":"jpg","categorie":"","largeur":537,"theme":"","hauteur":347,"type":"Image","origine":"","liaisonPave":"","langue":"","id":"4752","urlVignette":"https:\/\/www.saint-brevin.com\/medias\/images\/prestataires\/v-menhir-de-la-pierre-de-couche-4752.jpg","alt":"menhir-de-la-pierre-de-couche-4752","title":"menhir-de-la-pierre-de-couche-4752","MultiTaille":{"1920x1440":{"url":"https:\/\/www.saint-brevin.com\/medias\/images\/prestataires\/multitailles\/1920x1440_menhir-de-la-pierre-de-couche-4752.jpg"},"1200x900":{"url":"https:\/\/www.saint-brevin.com\/medias\/images\/prestataires\/multitailles\/1200x900_menhir-de-la-pierre-de-couche-4752.jpg"},"800x600":{"url":"https:\/\/www.saint-brevin.com\/medias\/images\/prestataires\/multitailles\/800x600_menhir-de-la-pierre-de-couche-4752.jpg"},"640x480":{"url":"https:\/\/www.saint-brevin.com\/medias\/images\/prestataires\/multitailles\/640x480_menhir-de-la-pierre-de-couche-4752.jpg"},"320x240":{"url":"https:\/\/www.saint-brevin.com\/medias\/images\/prestataires\/multitailles\/320x240_menhir-de-la-pierre-de-couche-4752.jpg"},"160x120":{"url":"https:\/\/www.saint-brevin.com\/medias\/images\/prestataires\/multitailles\/160x120_menhir-de-la-pierre-de-couche-4752.jpg"},"origine":{"url":"https:\/\/www.saint-brevin.com\/medias\/images\/prestataires\/menhir-de-la-pierre-de-couche-4752.jpg"}},"urlLien":"","typeLien":"","nofollow":"N","copyright":""},{"url":"https:\/\/www.saint-brevin.com\/medias\/images\/prestataires\/fiche-patrimoine-m-galithes-st-brevin-6125.pdf","chemin":"..\/medias\/images\/prestataires\/fiche-patrimoine-m-galithes-st-brevin-6125.pdf","libelle":"fiche-patrimoine-m-galithes-st-brevin-6125","extension":"pdf","categorie":"","largeur":"","theme":"","hauteur":"","type":"Document","origine":"","liaisonPave":"","langue":"","id":"6125","poids":"922.15 Ko","alt":"fiche-patrimoine-m-galithes-st-brevin-6125","title":"fiche-patrimoine-m-galithes-st-brevin-6125"},{"url":"https:\/\/www.saint-brevin.com\/medias\/images\/prestataires\/pierre-de-couche-2-2528.jpg","chemin":"..\/medias\/images\/prestataires\/pierre-de-couche-2-2528.jpg","libelle":"pierre-de-couche-2-2528","extension":"jpg","categorie":"","largeur":2304,"theme":"","hauteur":3456,"type":"Image","origine":"","liaisonPave":"","langue":"","id":"2528","urlVignette":"https:\/\/www.saint-brevin.com\/medias\/images\/prestataires\/v-pierre-de-couche-2-2528.jpg","alt":"pierre-de-couche-2-2528","title":"pierre-de-couche-2-2528","MultiTaille":{"1920x1440":{"url":"https:\/\/www.saint-brevin.com\/medias\/images\/prestataires\/multitailles\/1920x1440_pierre-de-couche-2-2528.jpg"},"1200x900":{"url":"https:\/\/www.saint-brevin.com\/medias\/images\/prestataires\/multitailles\/1200x900_pierre-de-couche-2-2528.jpg"},"800x600":{"url":"https:\/\/www.saint-brevin.com\/medias\/images\/prestataires\/multitailles\/800x600_pierre-de-couche-2-2528.jpg"},"640x480":{"url":"https:\/\/www.saint-brevin.com\/medias\/images\/prestataires\/multitailles\/640x480_pierre-de-couche-2-2528.jpg"},"320x240":{"url":"https:\/\/www.saint-brevin.com\/medias\/images\/prestataires\/multitailles\/320x240_pierre-de-couche-2-2528.jpg"},"160x120":{"url":"https:\/\/www.saint-brevin.com\/medias\/images\/prestataires\/multitailles\/160x120_pierre-de-couche-2-2528.jpg"},"origine":{"url":"https:\/\/www.saint-brevin.com\/medias\/images\/prestataires\/pierre-de-couche-2-2528.jpg"}},"urlLien":"","typeLien":"","nofollow":"N","copyright":""}]},"Document":[{"url":"https:\/\/www.saint-brevin.com\/medias\/images\/prestataires\/fiche-patrimoine-m-galithes-st-brevin-6125.pdf","chemin":"..\/medias\/images\/prestataires\/fiche-patrimoine-m-galithes-st-brevin-6125.pdf","libelle":"fiche-patrimoine-m-galithes-st-brevin-6125","extension":"pdf","categorie":"","largeur":"","theme":"","hauteur":"","type":"Document","origine":"","liaisonPave":"","langue":"","id":"6125","poids":"922.15 Ko","alt":"fiche-patrimoine-m-galithes-st-brevin-6125","title":"fiche-patrimoine-m-galithes-st-brevin-6125"}]},"Url":"menhir-de-la-pierre-de-couche.html","Localisation":{"GoogleMap":{"Latitude":"47.20329","Longitude":"-2.14818"}},"ZoneGeo":"","Criteres":{"COMMUNES[SAINTBREVIN":"","AUTOURL[STBREVINSE":"","NIVPARTENAIRE[COMPLET":"","QUARTIER[LEMENHIR":"","DISTANCEDELAGARE[KMGARESAINTBAZAIRE":"17","DISTANCEDELAGARE[KMGAREPORNIC":"13","DISTANCEDUBUS[MARRETBREVIBUS":"300","DISTANCEDUCENTRE[KMCENTREBREVINOCEAN":"3","DISTANCEMER[500MA2KM":"","UTYPC[UMH":"","UPERSI[UPRHIS":"","UDMEG[UMEH":"","LVISI[UVISLI":"","LVISI[UVGL":"","ANIACC[ANOUI":"","ANIACC[AEL":"","MAJINGENIE[DATEDERNIEREMAJ":"20171006","MISEAJOUR[FABIENNE":""},"DateFinPublication":"","PrixAPartirDe":"","PrixPour":"","FicheListeEnCours":"fiche_liste_patrimoine_culturel_v2017","ParametresModele":{"AfficherPhotos":"1","NbPhotosMax":6,"AfficherReserver":0,"AfficherContact":0,"AfficherSalle":1,"AfficherZoneGeo":0,"AfficherEnSavoirPlus":"1","AfficherUneSeuleOuverture":0,"AfficherContactCarte":1,"AfficherTarifsChaudAPartirDe":0,"AfficherTarifChaudSansRecherche":0,"AfficherLiensCarnetVoyage":"1","AfficherOuverture":"0","BlocCritereInfo":{"critere1":{"libelle":""},"critere2":{"libelle":""},"critere3":{"libelle":"LIBELLE_GENERAL"},"critere4":{"libelle":""},"critere5":{"libelle":""},"critere6":{"libelle":""},"critere7":{"libelle":"","liste_critere":["COMMUNES|U"]},"critere8":{"libelle":""},"afficherpictoetpaslibelle":"1"},"Criteres":"NIVPARTENAIRE[COMPLET","PositionBloc":"GALLERIE|NOM|CARNET_VOYAGE|URL","TypePrestataire":"U","ComportementResa":false,"ComportementDispo":false},"AffichageCoordonnees":[],"Coordonnees":{"Ville":"ST BREVIN LES PINS"},"ContexteId":"PRESTATAIRE|U|MENHIRPIERREDECOUCHESTBREVIN","ContexteIdHtml":"PRESTATAIRE-U-MENHIRPIERREDECOUCHESTBREVIN","cleContexte":"U|MENHIRPIERREDECOUCHESTBREVIN","Bloc":{"texte1":"","texte3":"","critere1":{"libelle":"","contenu":[]},"critere2":{"libelle":"","contenu":[]},"critere3":{"libelle":"","contenu":[]},"critere4":{"libelle":"","contenu":[]},"critere5":{"libelle":"","contenu":[]},"critere6":{"libelle":"","contenu":[]},"critere7":{"libelle":"","contenu":{"COMMUNES":{"libelle":"COMMUNE","contenu":{"1":"Saint-Brevin"},"codesValeurs":{"1":"COMMUNES|SAINTBREVIN|U"},"criteres_datas":{"valeurs":{"1":{"SAINTBREVIN":{"descriptif":""}}}}}}},"critere8":{"libelle":"","contenu":[]},"critere9":{"libelle":"","contenu":[]}},"LocalisationGps":{"Latitude":"47.20329","Longitude":"-2.14818"},"libelleDuPrestataire":"","listeCriteres":{"COMMUNES":{"SAINTBREVIN":""},"AUTOURL":{"STBREVINSE":""},"NIVPARTENAIRE":{"COMPLET":""},"QUARTIER":{"LEMENHIR":""},"DISTANCEDELAGARE":{"KMGARESAINTBAZAIRE":"17","KMGAREPORNIC":"13"},"DISTANCEDUBUS":{"MARRETBREVIBUS":"300"},"DISTANCEDUCENTRE":{"KMCENTREBREVINOCEAN":"3"},"DISTANCEMER":{"500MA2KM":""},"UTYPC":{"UMH":""},"UPERSI":{"UPRHIS":""},"UDMEG":{"UMEH":""},"LVISI":{"UVISLI":"","UVGL":""},"ANIACC":{"ANOUI":"","AEL":""},"MAJINGENIE":{"DATEDERNIEREMAJ":"20171006"},"MISEAJOUR":{"FABIENNE":""}},"dansCarnetVoyage":true,"Ouverture":""},"html":" \n \u003Cdiv id=\"CV-PRESTATAIRE-U-MENHIRPIERREDECOUCHESTBREVIN\" data-contexte-id=\"PRESTATAIRE|U|MENHIRPIERREDECOUCHESTBREVIN\" data-cle=\"U|MENHIRPIERREDECOUCHESTBREVIN\" class=\"fiche-liste\"\u003E\n    \n\n    \u003C!-- partie photo --\u003E\n    \u003Cdiv class=\"photo\"\u003E\t\t\t\t\t\t\t\t\t\t\t\t\t\t\t\t\t\t\t\t\t\n        \u003Cdiv class=\"cadre_photo_principale\"\u003E\t\t\n        \n            \t\t\t\t\t\n                    \u003Ca href=\"menhir-de-la-pierre-de-couche.html?origine=carnet#media\"\u003E\n                        \u003Cimg class=\"photo_principale\" alt=\"menhir-de-la-pierre-de-couche-4752\" src=\"https:\/\/www.saint-brevin.com\/medias\/images\/prestataires\/multitailles\/320x240_menhir-de-la-pierre-de-couche-4752.jpg\" itemprop=\"image\"\u003E\n                    \u003C\/a\u003E\t\t\t\t\t\t\n                \n                    \u003C\/div\u003E\t\t\t\t\t\t\t\t\t\t\t\t\t\t\t\t\t\t\t \t\t\n    \u003C\/div\u003E\n    \n    \u003C!-- partie nom prest --\u003E\n    \u003Cdiv class=\"nom\"\u003E\n        \u003Ch2\u003EMenhir de la Pierre de Couche\u003C\/h2\u003E\n        \n            \u003C\/div\u003E\n\n         \n    \u003C!-- partie adresse --\u003E\n    \u003Cdiv class=\"adresse\"\u003E\n    \n          \n    \u003C\/div\u003E\n    \n    \u003C!-- partie liens --\u003E\n    \u003Cdiv class=\"liens\"\u003E\n            \u003Ca class=\"btn-icon btn-view \" title=\"Voir la fiche d\u00e9taill\u00e9e\" href=\"menhir-de-la-pierre-de-couche.html?origine=carnet\"\u003E\u003C\/a\u003E\u003C!--\u003Ca class=\"btn-icon btn-view \" title=\"\" href=\"?origine=carnet#thaut\"\u003E\u003C\/a\u003E--\u003E\n      \u003Ca class=\"btn-icon btn-trash carnet_voyage_supprimer\" title=\"Supprimer cette fiche de mon carnet de voyage\" href=\"carnet-voyage?action=remove&fiche=U|MENHIRPIERREDECOUCHESTBREVIN\"\u003E\u003C\/a\u003E\n    \u003C\/div\u003E\n\n\u003C\/div\u003E\n\n","icon":"https:\/\/static.ingenie.fr\/images\/carnetVoyageV3\/U.png"},"fiche":"U|MENHIRPIERREDECOUCHESTBREVIN","popup":"\u003Cdiv id=\"bloc_popup_ajout_fiche_carnet\"\u003E\n    \u003Cdiv class=\"info_popup_ajout_fiche_carnet\"\u003E\n        Vous venez d'ajouter cet \u00e9l\u00e9ment \u00e0 votre carnet de voyage :    \u003C\/div\u003E\n    \u003Cdiv class=\"prest_popup_ajout_fiche_carnet\"\u003E\n        Menhir de la Pierre de Couche    \u003C\/div\u003E\n    \u003Cdiv class=\"bloc_btn_ajout_fiche_carnet form_submit_div\"\u003E\n        \u003Cinput type=\"button\" value=\"Continuer ma s\u00e9lection\" title=\"Continuer ma s\u00e9lection\" name=\"btn_close\" class=\"btn_close_popup_carnet form_submit\" onclick=\"$.colorbox.close()\" \/\u003E\n        \u003Cinput type=\"button\" value=\"Voir mon carnet de voyage\" title=\"Voir mon carnet\" name=\"btn_panier\" class=\"btn_panier_popup_carnet form_submit\" onclick=\"if(typeof CarnetVoyage != 'undefined') {CarnetVoyage.voirCarnet();}\" \/\u003E\n    \u003C\/div\u003E\n    \u003Cdiv class=\"bloc_btn_ajout_fiche_carnet\"\u003E\n        \u003Cinput type=\"checkbox\" value=\"1\" name=\"desactiver_popup\" id=\"desactiver_popup\" \/\u003E\n        \u003Clabel for=\"desactiver_popup\"\u003ENe plus afficher ce message\u003C\/label\u003E\n    \u003C\/div\u003E\n\u003C\/div\u003E","success":1}