{"nbFiches":1,"dataPrest":{"infoPrest":{"pave1":{"libelle":"Slogan","contenu":"\u003Cem\u003EAussi appel&eacute; Menhir de Sainte-Marie\u003C\/em\u003E"},"pave2":{"libelle":"Descriptif","contenu":"Menhir de 2m60 de hauteur et de 1 m&egrave;tre de large."},"pave3":{"libelle":"","contenu":""},"pave4":{"libelle":"","contenu":""},"pave5":{"libelle":"","contenu":""},"pave6":{"libelle":"","contenu":""},"pave7":{"libelle":"","contenu":""},"pave8":{"libelle":"","contenu":""},"pave9":{"libelle":"","contenu":""},"pave10":{"libelle":"","contenu":""},"pave11":{"libelle":"","contenu":""},"pave12":{"libelle":"","contenu":""},"pave13":{"libelle":"","contenu":""},"pave14":{"libelle":"","contenu":""},"pave15":{"libelle":"","contenu":""},"pave16":{"libelle":"","contenu":""},"pave17":{"libelle":"","contenu":""},"pave18":{"libelle":"","contenu":""},"pave19":{"libelle":"","contenu":""},"pave20":{"libelle":"","contenu":""},"pave21":{"libelle":"","contenu":""},"pave22":{"libelle":"","contenu":""},"pave23":{"libelle":"","contenu":""},"pave24":{"libelle":"","contenu":""},"pave25":{"libelle":"","contenu":""},"Libelle":"Menhir des Pins","Nom":"Menhir des Pins","Prenom":"","NomPrenom":"Menhir des Pins ","CiviliteNomPrenom":"Menhir des Pins ","Cle":"U|MENHIRDUPIN","PrestataireParent":"","ContexteStat":"PRESTATAIRE-U-MENHIRDUPIN","DateModificationIso":"2023-07-10T18:02:00+02:00","Type":"PRESTATAIRE","TypePrestataire":"U","Adresse":{"LigneAdresse1":"Les Pins","LigneAdresse2":"","LigneAdresse3":"","CodePostal":"44320","Ville":"FROSSAY","Cedex":"","Etat":"","Pays":"FRA"},"Email":"","Telephone":"","TelephoneBureau":"","Portable":"","SiteWeb":"","Fax":"","Id":"u-menhirdupin","Code":"U|MENHIRDUPIN","Fichier":{"Image":[{"url":"https:\/\/www.saint-brevin.com\/medias\/images\/prestataires\/frossay-ileadet-menhirpins2-bd-ddufour-2021-8306.jpg","chemin":"..\/medias\/images\/prestataires\/frossay-ileadet-menhirpins2-bd-ddufour-2021-8306.jpg","libelle":"frossay-ileadet-menhirpins2-bd-ddufour-2021-8306","extension":"jpg","categorie":"","largeur":720,"theme":"","hauteur":437,"type":"Image","origine":"","liaisonPave":"","langue":"","id":"8306","urlVignette":"https:\/\/www.saint-brevin.com\/medias\/images\/prestataires\/v-frossay-ileadet-menhirpins2-bd-ddufour-2021-8306.jpg","alt":"frossay-ileadet-menhirpins2-bd-ddufour-2021-8306","title":"frossay-ileadet-menhirpins2-bd-ddufour-2021-8306 - &copy Damien DUFOUR","MultiTaille":{"1920x1440":{"url":"https:\/\/www.saint-brevin.com\/medias\/images\/prestataires\/multitailles\/1920x1440_frossay-ileadet-menhirpins2-bd-ddufour-2021-8306.jpg"},"1200x900":{"url":"https:\/\/www.saint-brevin.com\/medias\/images\/prestataires\/multitailles\/1200x900_frossay-ileadet-menhirpins2-bd-ddufour-2021-8306.jpg"},"800x600":{"url":"https:\/\/www.saint-brevin.com\/medias\/images\/prestataires\/multitailles\/800x600_frossay-ileadet-menhirpins2-bd-ddufour-2021-8306.jpg"},"640x480":{"url":"https:\/\/www.saint-brevin.com\/medias\/images\/prestataires\/multitailles\/640x480_frossay-ileadet-menhirpins2-bd-ddufour-2021-8306.jpg"},"320x240":{"url":"https:\/\/www.saint-brevin.com\/medias\/images\/prestataires\/multitailles\/320x240_frossay-ileadet-menhirpins2-bd-ddufour-2021-8306.jpg"},"160x120":{"url":"https:\/\/www.saint-brevin.com\/medias\/images\/prestataires\/multitailles\/160x120_frossay-ileadet-menhirpins2-bd-ddufour-2021-8306.jpg"},"origine":{"url":"https:\/\/www.saint-brevin.com\/medias\/images\/prestataires\/frossay-ileadet-menhirpins2-bd-ddufour-2021-8306.jpg"}},"urlLien":"","typeLien":"|","nofollow":"N","copyright":"Damien DUFOUR"},{"url":"https:\/\/www.saint-brevin.com\/medias\/images\/prestataires\/frossay-ileadet-menhirpins-bd-ddufour-2021-8106.jpg","chemin":"..\/medias\/images\/prestataires\/frossay-ileadet-menhirpins-bd-ddufour-2021-8106.jpg","libelle":"frossay-ileadet-menhirpins-bd-ddufour-2021-8106","extension":"jpg","categorie":"","largeur":720,"theme":"","hauteur":1080,"type":"Image","origine":"","liaisonPave":"","langue":"","id":"8106","urlVignette":"https:\/\/www.saint-brevin.com\/medias\/images\/prestataires\/v-frossay-ileadet-menhirpins-bd-ddufour-2021-8106.jpg","alt":"frossay-ileadet-menhirpins-bd-ddufour-2021-8106","title":"frossay-ileadet-menhirpins-bd-ddufour-2021-8106 - &copy Damien Dufou","MultiTaille":{"1920x1440":{"url":"https:\/\/www.saint-brevin.com\/medias\/images\/prestataires\/multitailles\/1920x1440_frossay-ileadet-menhirpins-bd-ddufour-2021-8106.jpg"},"1200x900":{"url":"https:\/\/www.saint-brevin.com\/medias\/images\/prestataires\/multitailles\/1200x900_frossay-ileadet-menhirpins-bd-ddufour-2021-8106.jpg"},"800x600":{"url":"https:\/\/www.saint-brevin.com\/medias\/images\/prestataires\/multitailles\/800x600_frossay-ileadet-menhirpins-bd-ddufour-2021-8106.jpg"},"640x480":{"url":"https:\/\/www.saint-brevin.com\/medias\/images\/prestataires\/multitailles\/640x480_frossay-ileadet-menhirpins-bd-ddufour-2021-8106.jpg"},"320x240":{"url":"https:\/\/www.saint-brevin.com\/medias\/images\/prestataires\/multitailles\/320x240_frossay-ileadet-menhirpins-bd-ddufour-2021-8106.jpg"},"160x120":{"url":"https:\/\/www.saint-brevin.com\/medias\/images\/prestataires\/multitailles\/160x120_frossay-ileadet-menhirpins-bd-ddufour-2021-8106.jpg"},"origine":{"url":"https:\/\/www.saint-brevin.com\/medias\/images\/prestataires\/frossay-ileadet-menhirpins-bd-ddufour-2021-8106.jpg"}},"urlLien":"","typeLien":"|","nofollow":"N","copyright":"Damien Dufou"}],"ByCategorie":{"":[{"url":"https:\/\/www.saint-brevin.com\/medias\/images\/prestataires\/frossay-ileadet-menhirpins2-bd-ddufour-2021-8306.jpg","chemin":"..\/medias\/images\/prestataires\/frossay-ileadet-menhirpins2-bd-ddufour-2021-8306.jpg","libelle":"frossay-ileadet-menhirpins2-bd-ddufour-2021-8306","extension":"jpg","categorie":"","largeur":720,"theme":"","hauteur":437,"type":"Image","origine":"","liaisonPave":"","langue":"","id":"8306","urlVignette":"https:\/\/www.saint-brevin.com\/medias\/images\/prestataires\/v-frossay-ileadet-menhirpins2-bd-ddufour-2021-8306.jpg","alt":"frossay-ileadet-menhirpins2-bd-ddufour-2021-8306","title":"frossay-ileadet-menhirpins2-bd-ddufour-2021-8306 - &copy Damien DUFOUR","MultiTaille":{"1920x1440":{"url":"https:\/\/www.saint-brevin.com\/medias\/images\/prestataires\/multitailles\/1920x1440_frossay-ileadet-menhirpins2-bd-ddufour-2021-8306.jpg"},"1200x900":{"url":"https:\/\/www.saint-brevin.com\/medias\/images\/prestataires\/multitailles\/1200x900_frossay-ileadet-menhirpins2-bd-ddufour-2021-8306.jpg"},"800x600":{"url":"https:\/\/www.saint-brevin.com\/medias\/images\/prestataires\/multitailles\/800x600_frossay-ileadet-menhirpins2-bd-ddufour-2021-8306.jpg"},"640x480":{"url":"https:\/\/www.saint-brevin.com\/medias\/images\/prestataires\/multitailles\/640x480_frossay-ileadet-menhirpins2-bd-ddufour-2021-8306.jpg"},"320x240":{"url":"https:\/\/www.saint-brevin.com\/medias\/images\/prestataires\/multitailles\/320x240_frossay-ileadet-menhirpins2-bd-ddufour-2021-8306.jpg"},"160x120":{"url":"https:\/\/www.saint-brevin.com\/medias\/images\/prestataires\/multitailles\/160x120_frossay-ileadet-menhirpins2-bd-ddufour-2021-8306.jpg"},"origine":{"url":"https:\/\/www.saint-brevin.com\/medias\/images\/prestataires\/frossay-ileadet-menhirpins2-bd-ddufour-2021-8306.jpg"}},"urlLien":"","typeLien":"|","nofollow":"N","copyright":"Damien DUFOUR"},{"url":"https:\/\/www.saint-brevin.com\/medias\/images\/prestataires\/frossay-ileadet-menhirpins-bd-ddufour-2021-8106.jpg","chemin":"..\/medias\/images\/prestataires\/frossay-ileadet-menhirpins-bd-ddufour-2021-8106.jpg","libelle":"frossay-ileadet-menhirpins-bd-ddufour-2021-8106","extension":"jpg","categorie":"","largeur":720,"theme":"","hauteur":1080,"type":"Image","origine":"","liaisonPave":"","langue":"","id":"8106","urlVignette":"https:\/\/www.saint-brevin.com\/medias\/images\/prestataires\/v-frossay-ileadet-menhirpins-bd-ddufour-2021-8106.jpg","alt":"frossay-ileadet-menhirpins-bd-ddufour-2021-8106","title":"frossay-ileadet-menhirpins-bd-ddufour-2021-8106 - &copy Damien Dufou","MultiTaille":{"1920x1440":{"url":"https:\/\/www.saint-brevin.com\/medias\/images\/prestataires\/multitailles\/1920x1440_frossay-ileadet-menhirpins-bd-ddufour-2021-8106.jpg"},"1200x900":{"url":"https:\/\/www.saint-brevin.com\/medias\/images\/prestataires\/multitailles\/1200x900_frossay-ileadet-menhirpins-bd-ddufour-2021-8106.jpg"},"800x600":{"url":"https:\/\/www.saint-brevin.com\/medias\/images\/prestataires\/multitailles\/800x600_frossay-ileadet-menhirpins-bd-ddufour-2021-8106.jpg"},"640x480":{"url":"https:\/\/www.saint-brevin.com\/medias\/images\/prestataires\/multitailles\/640x480_frossay-ileadet-menhirpins-bd-ddufour-2021-8106.jpg"},"320x240":{"url":"https:\/\/www.saint-brevin.com\/medias\/images\/prestataires\/multitailles\/320x240_frossay-ileadet-menhirpins-bd-ddufour-2021-8106.jpg"},"160x120":{"url":"https:\/\/www.saint-brevin.com\/medias\/images\/prestataires\/multitailles\/160x120_frossay-ileadet-menhirpins-bd-ddufour-2021-8106.jpg"},"origine":{"url":"https:\/\/www.saint-brevin.com\/medias\/images\/prestataires\/frossay-ileadet-menhirpins-bd-ddufour-2021-8106.jpg"}},"urlLien":"","typeLien":"|","nofollow":"N","copyright":"Damien Dufou"}]}},"Url":"menhir-des-pins.html","Localisation":{"GoogleMap":{"Latitude":"47.24331","Longitude":"-1.92100"}},"ZoneGeo":"","Criteres":{"NIVPARTENAIRE[COMPLET":"","COMMUNES[FROSSAY":"","AUTOURL[STBREVINSE":"","QUARTIER[AUTRESQUARTIERSAINTBREVINLESPI":"","DISTANCEDELAGARE[KMGARESAINTBAZAIRE":"","DISTANCEDELAGARE[KMGAREPORNIC":"","DISTANCEDUBUS[MARRETBREVIBUS":"","DISTANCEDUCENTRE[KMCENTREBREVINOCEAN":"","UPERSI[UPRHIS":"","UDMEG[UMEH":"","LVISI[UVISLI":"","LVISI[UVGL":"","ANIACC[ANOUI":"","MAJINGENIE[DATEDERNIEREMAJ":"20230417","MISEAJOUR[AMANDINE":""},"DateFinPublication":"","PrixAPartirDe":"","PrixPour":"","FicheListeEnCours":"fiche_liste_patrimoine_culturel_v2017","ParametresModele":{"AfficherPhotos":"1","NbPhotosMax":6,"AfficherReserver":0,"AfficherContact":0,"AfficherSalle":1,"AfficherZoneGeo":0,"AfficherEnSavoirPlus":"1","AfficherUneSeuleOuverture":0,"AfficherContactCarte":1,"AfficherTarifsChaudAPartirDe":0,"AfficherTarifChaudSansRecherche":0,"AfficherLiensCarnetVoyage":"1","AfficherOuverture":"0","BlocCritereInfo":{"critere1":{"libelle":""},"critere2":{"libelle":""},"critere3":{"libelle":"LIBELLE_GENERAL"},"critere4":{"libelle":""},"critere5":{"libelle":""},"critere6":{"libelle":""},"critere7":{"libelle":"","liste_critere":["COMMUNES|U"]},"critere8":{"libelle":""},"afficherpictoetpaslibelle":"1"},"Criteres":"NIVPARTENAIRE[COMPLET","PositionBloc":"GALLERIE|NOM|CARNET_VOYAGE|URL","TypePrestataire":"U","ComportementResa":false,"ComportementDispo":false},"AffichageCoordonnees":[],"Coordonnees":{"Ville":"FROSSAY"},"ContexteId":"PRESTATAIRE|U|MENHIRDUPIN","ContexteIdHtml":"PRESTATAIRE-U-MENHIRDUPIN","cleContexte":"U|MENHIRDUPIN","Bloc":{"texte1":"","texte3":"","critere1":{"libelle":"","contenu":[]},"critere2":{"libelle":"","contenu":[]},"critere3":{"libelle":"","contenu":[]},"critere4":{"libelle":"","contenu":[]},"critere5":{"libelle":"","contenu":[]},"critere6":{"libelle":"","contenu":[]},"critere7":{"libelle":"","contenu":{"COMMUNES":{"libelle":"COMMUNE","contenu":{"4":"Frossay"},"codesValeurs":{"4":"COMMUNES|FROSSAY|U"},"criteres_datas":{"valeurs":{"4":{"FROSSAY":{"descriptif":""}}}}}}},"critere8":{"libelle":"","contenu":[]},"critere9":{"libelle":"","contenu":[]}},"LocalisationGps":{"Latitude":"47.24331","Longitude":"-1.92100"},"libelleDuPrestataire":"","listeCriteres":{"NIVPARTENAIRE":{"COMPLET":""},"COMMUNES":{"FROSSAY":""},"AUTOURL":{"STBREVINSE":""},"QUARTIER":{"AUTRESQUARTIERSAINTBREVINLESPI":""},"DISTANCEDELAGARE":{"KMGARESAINTBAZAIRE":"","KMGAREPORNIC":""},"DISTANCEDUBUS":{"MARRETBREVIBUS":""},"DISTANCEDUCENTRE":{"KMCENTREBREVINOCEAN":""},"UPERSI":{"UPRHIS":""},"UDMEG":{"UMEH":""},"LVISI":{"UVISLI":"","UVGL":""},"ANIACC":{"ANOUI":""},"MAJINGENIE":{"DATEDERNIEREMAJ":"20230417"},"MISEAJOUR":{"AMANDINE":""}},"dansCarnetVoyage":true,"Ouverture":""},"html":" \n \u003Cdiv id=\"CV-PRESTATAIRE-U-MENHIRDUPIN\" data-contexte-id=\"PRESTATAIRE|U|MENHIRDUPIN\" data-cle=\"U|MENHIRDUPIN\" class=\"fiche-liste\"\u003E\n    \n\n    \u003C!-- partie photo --\u003E\n    \u003Cdiv class=\"photo\"\u003E\t\t\t\t\t\t\t\t\t\t\t\t\t\t\t\t\t\t\t\t\t\n        \u003Cdiv class=\"cadre_photo_principale\"\u003E\t\t\n        \n            \t\t\t\t\t\n                    \u003Ca href=\"menhir-des-pins.html?origine=carnet#media\"\u003E\n                        \u003Cimg class=\"photo_principale\" alt=\"frossay-ileadet-menhirpins2-bd-ddufour-2021-8306\" src=\"https:\/\/www.saint-brevin.com\/medias\/images\/prestataires\/multitailles\/320x240_frossay-ileadet-menhirpins2-bd-ddufour-2021-8306.jpg\" itemprop=\"image\"\u003E\n                    \u003C\/a\u003E\t\t\t\t\t\t\n                \n                    \u003C\/div\u003E\t\t\t\t\t\t\t\t\t\t\t\t\t\t\t\t\t\t\t \t\t\n    \u003C\/div\u003E\n    \n    \u003C!-- partie nom prest --\u003E\n    \u003Cdiv class=\"nom\"\u003E\n        \u003Ch2\u003EMenhir des Pins\u003C\/h2\u003E\n        \n            \u003C\/div\u003E\n\n         \n    \u003C!-- partie adresse --\u003E\n    \u003Cdiv class=\"adresse\"\u003E\n    \n          \n    \u003C\/div\u003E\n    \n    \u003C!-- partie liens --\u003E\n    \u003Cdiv class=\"liens\"\u003E\n            \u003Ca class=\"btn-icon btn-view \" title=\"Voir la fiche d\u00e9taill\u00e9e\" href=\"menhir-des-pins.html?origine=carnet\"\u003E\u003C\/a\u003E\u003C!--\u003Ca class=\"btn-icon btn-view \" title=\"\" href=\"?origine=carnet#thaut\"\u003E\u003C\/a\u003E--\u003E\n      \u003Ca class=\"btn-icon btn-trash carnet_voyage_supprimer\" title=\"Supprimer cette fiche de mon carnet de voyage\" href=\"carnet-voyage?action=remove&fiche=U|MENHIRDUPIN\"\u003E\u003C\/a\u003E\n    \u003C\/div\u003E\n\n\u003C\/div\u003E\n\n","icon":"https:\/\/static.ingenie.fr\/images\/carnetVoyageV3\/U.png"},"fiche":"U|MENHIRDUPIN","popup":"\u003Cdiv id=\"bloc_popup_ajout_fiche_carnet\"\u003E\n    \u003Cdiv class=\"info_popup_ajout_fiche_carnet\"\u003E\n        Vous venez d'ajouter cet \u00e9l\u00e9ment \u00e0 votre carnet de voyage :    \u003C\/div\u003E\n    \u003Cdiv class=\"prest_popup_ajout_fiche_carnet\"\u003E\n        Menhir des Pins    \u003C\/div\u003E\n    \u003Cdiv class=\"bloc_btn_ajout_fiche_carnet form_submit_div\"\u003E\n        \u003Cinput type=\"button\" value=\"Continuer ma s\u00e9lection\" title=\"Continuer ma s\u00e9lection\" name=\"btn_close\" class=\"btn_close_popup_carnet form_submit\" onclick=\"$.colorbox.close()\" \/\u003E\n        \u003Cinput type=\"button\" value=\"Voir mon carnet de voyage\" title=\"Voir mon carnet\" name=\"btn_panier\" class=\"btn_panier_popup_carnet form_submit\" onclick=\"if(typeof CarnetVoyage != 'undefined') {CarnetVoyage.voirCarnet();}\" \/\u003E\n    \u003C\/div\u003E\n    \u003Cdiv class=\"bloc_btn_ajout_fiche_carnet\"\u003E\n        \u003Cinput type=\"checkbox\" value=\"1\" name=\"desactiver_popup\" id=\"desactiver_popup\" \/\u003E\n        \u003Clabel for=\"desactiver_popup\"\u003ENe plus afficher ce message\u003C\/label\u003E\n    \u003C\/div\u003E\n\u003C\/div\u003E","success":1}