{"nbFiches":1,"dataPrest":{"infoPrest":{"pave1":{"libelle":"Slogan","contenu":""},"pave2":{"libelle":"Descriptif","contenu":"Balade non balis&eacute;e de 4,5 km &agrave; la d&eacute;couverte du quartier de l&#39;Oc&eacute;an, de son histoire et de son architecture.\u003Cbr \/\u003E\r\n\u003Cbr \/\u003E\r\nCe circuit est ponctu&eacute; de panneaux r&eacute;alis&eacute;s par l&#39;historienne locale, V&eacute;ronique Mathot. Ils permettent de mieux comprendre la construction de Saint-Brevin-l&#39;Oc&eacute;an en tant que station baln&eacute;aire, notamment par l&#39;histoire et l&#39;architecture de certains lieux du quartier.\u003Cbr \/\u003E\r\n\u003Cbr \/\u003E\r\nVous pouvez trouver le d&eacute;pliant du circuit en format impression\u003Ca href=\"https:\/\/www.calameo.com\/read\/0002043011ff8dd4c705e\" target=\"_blank\"\u003E\u003Cstrong\u003E \u003C\/strong\u003E\u003C\/a\u003E\u003Cstrong\u003E\u003Cu\u003E\u003Cspan style=\"font-size:14px;\"\u003E\u003Ca href=\"https:\/\/www.calameo.com\/read\/0002043011ff8dd4c705e\" target=\"_blank\"\u003E\u003Cspan style=\"color:#008080;\"\u003Eici\u003C\/span\u003E\u003C\/a\u003E\u003C\/span\u003E\u003C\/u\u003E\u003C\/strong\u003E\u003Ca href=\"https:\/\/www.calameo.com\/read\/0002043011ff8dd4c705e\" target=\"_blank\"\u003E\u003Cstrong\u003E\u003Cu\u003E\u003Cspan style=\"color:#008080;\"\u003E &gt;&gt;&gt;&gt;\u003C\/span\u003E\u003C\/u\u003E\u003C\/strong\u003E\u003C\/a\u003E, et dans nos offices de tourisme.\u003Cbr \/\u003E\r\n\u003Cbr \/\u003E\r\n&nbsp;"},"pave3":{"libelle":"","contenu":""},"pave4":{"libelle":"","contenu":""},"pave5":{"libelle":"","contenu":""},"pave6":{"libelle":"","contenu":""},"pave7":{"libelle":"","contenu":""},"pave8":{"libelle":"","contenu":""},"pave9":{"libelle":"","contenu":""},"pave10":{"libelle":"","contenu":""},"pave11":{"libelle":"","contenu":""},"pave12":{"libelle":"","contenu":""},"pave13":{"libelle":"","contenu":""},"pave14":{"libelle":"","contenu":""},"pave15":{"libelle":"","contenu":""},"pave16":{"libelle":"","contenu":""},"pave17":{"libelle":"","contenu":""},"pave18":{"libelle":"","contenu":""},"pave19":{"libelle":"","contenu":""},"pave20":{"libelle":"","contenu":""},"pave21":{"libelle":"","contenu":""},"pave22":{"libelle":"","contenu":""},"pave23":{"libelle":"","contenu":""},"pave24":{"libelle":"","contenu":""},"pave25":{"libelle":"","contenu":""},"Libelle":"\u00c0 la d\u00e9couverte des villas baln\u00e9aires, quartier de l'oc\u00e9an","Nom":"\u00c0 la d\u00e9couverte des villas baln\u00e9aires, quartier de l'oc\u00e9an","Prenom":"","NomPrenom":"\u00c0 la d\u00e9couverte des villas baln\u00e9aires, quartier de l'oc\u00e9an ","CiviliteNomPrenom":"\u00c0 la d\u00e9couverte des villas baln\u00e9aires, quartier de l'oc\u00e9an ","Cle":"U|CIRCUITDESVILLASBALNEAIRES","PrestataireParent":"","ContexteStat":"PRESTATAIRE-U-CIRCUITDESVILLASBALNEAIRES","DateModificationIso":"2025-11-21T14:26:00+01:00","Type":"PRESTATAIRE","TypePrestataire":"U","Adresse":{"LigneAdresse1":"D\u00e9part au n\u00b01 avenue du Pr\u00e9sident Roosevelt","LigneAdresse2":"Quartier de l'Oc\u00e9an","LigneAdresse3":"","CodePostal":"44250","Ville":"ST BREVIN LES PINS","Cedex":"","Etat":"","Pays":"FRA"},"Email":"","Telephone":"","TelephoneBureau":"","Portable":"","SiteWeb":"","Fax":"","Id":"u-circuitdesvillasbalneaires","Code":"U|CIRCUITDESVILLASBALNEAIRES","Fichier":{"Image":[{"url":"https:\/\/www.saint-brevin.com\/medias\/images\/prestataires\/img-5674-7550-10863.jpg","chemin":"..\/medias\/images\/prestataires\/img-5674-7550-10863.jpg","libelle":"img-5674-7550","extension":"jpg","categorie":"","largeur":3504,"theme":"","hauteur":2336,"type":"Image","origine":"","liaisonPave":"","langue":"","id":"10863","urlVignette":"https:\/\/www.saint-brevin.com\/medias\/images\/prestataires\/v-img-5674-7550-10863.jpg","alt":"img-5674-7550","title":"img-5674-7550","MultiTaille":{"1920x1440":{"url":"https:\/\/www.saint-brevin.com\/medias\/images\/prestataires\/multitailles\/1920x1440_img-5674-7550-10863.jpg"},"1200x900":{"url":"https:\/\/www.saint-brevin.com\/medias\/images\/prestataires\/multitailles\/1200x900_img-5674-7550-10863.jpg"},"800x600":{"url":"https:\/\/www.saint-brevin.com\/medias\/images\/prestataires\/multitailles\/800x600_img-5674-7550-10863.jpg"},"640x480":{"url":"https:\/\/www.saint-brevin.com\/medias\/images\/prestataires\/multitailles\/640x480_img-5674-7550-10863.jpg"},"320x240":{"url":"https:\/\/www.saint-brevin.com\/medias\/images\/prestataires\/multitailles\/320x240_img-5674-7550-10863.jpg"},"160x120":{"url":"https:\/\/www.saint-brevin.com\/medias\/images\/prestataires\/multitailles\/160x120_img-5674-7550-10863.jpg"},"origine":{"url":"https:\/\/www.saint-brevin.com\/medias\/images\/prestataires\/img-5674-7550-10863.jpg"}},"urlLien":"","typeLien":"","nofollow":"N","copyright":""}],"ByCategorie":{"":[{"url":"https:\/\/www.saint-brevin.com\/medias\/images\/prestataires\/img-5674-7550-10863.jpg","chemin":"..\/medias\/images\/prestataires\/img-5674-7550-10863.jpg","libelle":"img-5674-7550","extension":"jpg","categorie":"","largeur":3504,"theme":"","hauteur":2336,"type":"Image","origine":"","liaisonPave":"","langue":"","id":"10863","urlVignette":"https:\/\/www.saint-brevin.com\/medias\/images\/prestataires\/v-img-5674-7550-10863.jpg","alt":"img-5674-7550","title":"img-5674-7550","MultiTaille":{"1920x1440":{"url":"https:\/\/www.saint-brevin.com\/medias\/images\/prestataires\/multitailles\/1920x1440_img-5674-7550-10863.jpg"},"1200x900":{"url":"https:\/\/www.saint-brevin.com\/medias\/images\/prestataires\/multitailles\/1200x900_img-5674-7550-10863.jpg"},"800x600":{"url":"https:\/\/www.saint-brevin.com\/medias\/images\/prestataires\/multitailles\/800x600_img-5674-7550-10863.jpg"},"640x480":{"url":"https:\/\/www.saint-brevin.com\/medias\/images\/prestataires\/multitailles\/640x480_img-5674-7550-10863.jpg"},"320x240":{"url":"https:\/\/www.saint-brevin.com\/medias\/images\/prestataires\/multitailles\/320x240_img-5674-7550-10863.jpg"},"160x120":{"url":"https:\/\/www.saint-brevin.com\/medias\/images\/prestataires\/multitailles\/160x120_img-5674-7550-10863.jpg"},"origine":{"url":"https:\/\/www.saint-brevin.com\/medias\/images\/prestataires\/img-5674-7550-10863.jpg"}},"urlLien":"","typeLien":"","nofollow":"N","copyright":""},{"url":"https:\/\/www.saint-brevin.com\/medias\/images\/prestataires\/circuit-des-villas-recto-verso-maj-3-juillet-2023-8756-10864.pdf","chemin":"..\/medias\/images\/prestataires\/circuit-des-villas-recto-verso-maj-3-juillet-2023-8756-10864.pdf","libelle":"circuit-des-villas-recto-verso-maj-3-juillet-2023-8756","extension":"pdf","categorie":"","largeur":"","theme":"","hauteur":"","type":"Document","origine":"","liaisonPave":"","langue":"","id":"10864","poids":"4.34 Mo","alt":"circuit-des-villas-recto-verso-maj-3-juillet-2023-8756","title":"circuit-des-villas-recto-verso-maj-3-juillet-2023-8756"},{"url":"https:\/\/www.saint-brevin.com\/medias\/images\/prestataires\/trace-gpx-decouverte-des-villas-balneaires-de-locean-9935-10865.gpx","chemin":"..\/medias\/images\/prestataires\/trace-gpx-decouverte-des-villas-balneaires-de-locean-9935-10865.gpx","libelle":"trace-gpx-decouverte-des-villas-balneaires-de-locean-9935","extension":"gpx","categorie":"","largeur":"","theme":"","hauteur":"","type":"Document","origine":"","liaisonPave":"","langue":"","id":"10865","poids":"7.75 Ko","alt":"trace-gpx-decouverte-des-villas-balneaires-de-locean-9935","title":"trace-gpx-decouverte-des-villas-balneaires-de-locean-9935"},{"url":"https:\/\/www.saint-brevin.com\/medias\/images\/prestataires\/circuit-des-villas-recto-verso-allemand-3-10634-10866.pdf","chemin":"..\/medias\/images\/prestataires\/circuit-des-villas-recto-verso-allemand-3-10634-10866.pdf","libelle":"circuit-des-villas-recto-verso-allemand-3-10634","extension":"pdf","categorie":"","largeur":"","theme":"","hauteur":"","type":"Document","origine":"","liaisonPave":"","langue":"","id":"10866","poids":"4.48 Mo","alt":"circuit-des-villas-recto-verso-allemand-3-10634","title":"circuit-des-villas-recto-verso-allemand-3-10634"},{"url":"https:\/\/www.saint-brevin.com\/medias\/images\/prestataires\/circuit-des-villas-recto-verso-anglais-10635-10867.pdf","chemin":"..\/medias\/images\/prestataires\/circuit-des-villas-recto-verso-anglais-10635-10867.pdf","libelle":"circuit-des-villas-recto-verso-anglais-10635","extension":"pdf","categorie":"","largeur":"","theme":"","hauteur":"","type":"Document","origine":"","liaisonPave":"","langue":"","id":"10867","poids":"13.9 Mo","alt":"circuit-des-villas-recto-verso-anglais-10635","title":"circuit-des-villas-recto-verso-anglais-10635"}]},"Document":[{"url":"https:\/\/www.saint-brevin.com\/medias\/images\/prestataires\/circuit-des-villas-recto-verso-maj-3-juillet-2023-8756-10864.pdf","chemin":"..\/medias\/images\/prestataires\/circuit-des-villas-recto-verso-maj-3-juillet-2023-8756-10864.pdf","libelle":"circuit-des-villas-recto-verso-maj-3-juillet-2023-8756","extension":"pdf","categorie":"","largeur":"","theme":"","hauteur":"","type":"Document","origine":"","liaisonPave":"","langue":"","id":"10864","poids":"4.34 Mo","alt":"circuit-des-villas-recto-verso-maj-3-juillet-2023-8756","title":"circuit-des-villas-recto-verso-maj-3-juillet-2023-8756"},{"url":"https:\/\/www.saint-brevin.com\/medias\/images\/prestataires\/trace-gpx-decouverte-des-villas-balneaires-de-locean-9935-10865.gpx","chemin":"..\/medias\/images\/prestataires\/trace-gpx-decouverte-des-villas-balneaires-de-locean-9935-10865.gpx","libelle":"trace-gpx-decouverte-des-villas-balneaires-de-locean-9935","extension":"gpx","categorie":"","largeur":"","theme":"","hauteur":"","type":"Document","origine":"","liaisonPave":"","langue":"","id":"10865","poids":"7.75 Ko","alt":"trace-gpx-decouverte-des-villas-balneaires-de-locean-9935","title":"trace-gpx-decouverte-des-villas-balneaires-de-locean-9935"},{"url":"https:\/\/www.saint-brevin.com\/medias\/images\/prestataires\/circuit-des-villas-recto-verso-allemand-3-10634-10866.pdf","chemin":"..\/medias\/images\/prestataires\/circuit-des-villas-recto-verso-allemand-3-10634-10866.pdf","libelle":"circuit-des-villas-recto-verso-allemand-3-10634","extension":"pdf","categorie":"","largeur":"","theme":"","hauteur":"","type":"Document","origine":"","liaisonPave":"","langue":"","id":"10866","poids":"4.48 Mo","alt":"circuit-des-villas-recto-verso-allemand-3-10634","title":"circuit-des-villas-recto-verso-allemand-3-10634"},{"url":"https:\/\/www.saint-brevin.com\/medias\/images\/prestataires\/circuit-des-villas-recto-verso-anglais-10635-10867.pdf","chemin":"..\/medias\/images\/prestataires\/circuit-des-villas-recto-verso-anglais-10635-10867.pdf","libelle":"circuit-des-villas-recto-verso-anglais-10635","extension":"pdf","categorie":"","largeur":"","theme":"","hauteur":"","type":"Document","origine":"","liaisonPave":"","langue":"","id":"10867","poids":"13.9 Mo","alt":"circuit-des-villas-recto-verso-anglais-10635","title":"circuit-des-villas-recto-verso-anglais-10635"}]},"Url":"a-la-decouverte-des-villas-balneaires-quartier-de-l-ocean.html","Localisation":{"GoogleMap":{"Latitude":"47.23324","Longitude":"-2.17555"}},"ZoneGeo":"","Criteres":{"NIVPARTENAIRE[COMPLET":"","COMMUNES[SAINTBREVIN":"","AUTOURL[STBREVINSE":"","DISTANCEMER[MOINSDE100":"","UTYPC[PATRIMOINEBALNEAIRE":"","UTYPC[CIRCUITOUEXPOSITIONPERMANENTE":"","UPERSI[UXIX":"","UPERSI[UXX":"","UDAC[UMAISO":"","UDAC[UVILLE":"","MAJINGENIE[DATEDERNIEREMAJ":"20251121","MISEAJOUR[AMANDINE":""},"DateFinPublication":"","PrixAPartirDe":"","PrixPour":"","FicheListeEnCours":"fiche_liste_patrimoine_culturel_v2017","ParametresModele":{"AfficherPhotos":"1","NbPhotosMax":6,"AfficherReserver":0,"AfficherContact":0,"AfficherSalle":1,"AfficherZoneGeo":0,"AfficherEnSavoirPlus":"1","AfficherUneSeuleOuverture":0,"AfficherContactCarte":1,"AfficherTarifsChaudAPartirDe":0,"AfficherTarifChaudSansRecherche":0,"AfficherLiensCarnetVoyage":"1","AfficherOuverture":"0","BlocCritereInfo":{"critere1":{"libelle":""},"critere2":{"libelle":""},"critere3":{"libelle":"LIBELLE_GENERAL"},"critere4":{"libelle":""},"critere5":{"libelle":""},"critere6":{"libelle":""},"critere7":{"libelle":"","liste_critere":["COMMUNES|U"]},"critere8":{"libelle":""},"afficherpictoetpaslibelle":"1"},"Criteres":"NIVPARTENAIRE[COMPLET","PositionBloc":"GALLERIE|NOM|CARNET_VOYAGE|URL","TypePrestataire":"U","ComportementResa":false,"ComportementDispo":false},"AffichageCoordonnees":[],"Coordonnees":{"Ville":"ST BREVIN LES PINS"},"ContexteId":"PRESTATAIRE|U|CIRCUITDESVILLASBALNEAIRES","ContexteIdHtml":"PRESTATAIRE-U-CIRCUITDESVILLASBALNEAIRES","cleContexte":"U|CIRCUITDESVILLASBALNEAIRES","Bloc":{"texte1":"","texte3":"","critere1":{"libelle":"","contenu":[]},"critere2":{"libelle":"","contenu":[]},"critere3":{"libelle":"","contenu":[]},"critere4":{"libelle":"","contenu":[]},"critere5":{"libelle":"","contenu":[]},"critere6":{"libelle":"","contenu":[]},"critere7":{"libelle":"","contenu":{"COMMUNES":{"libelle":"COMMUNE","contenu":{"1":"Saint-Brevin"},"codesValeurs":{"1":"COMMUNES|SAINTBREVIN|U"},"criteres_datas":{"valeurs":{"1":{"SAINTBREVIN":{"descriptif":""}}}}}}},"critere8":{"libelle":"","contenu":[]},"critere9":{"libelle":"","contenu":[]}},"LocalisationGps":{"Latitude":"47.23324","Longitude":"-2.17555"},"libelleDuPrestataire":"","listeCriteres":{"NIVPARTENAIRE":{"COMPLET":""},"COMMUNES":{"SAINTBREVIN":""},"AUTOURL":{"STBREVINSE":""},"DISTANCEMER":{"MOINSDE100":""},"UTYPC":{"PATRIMOINEBALNEAIRE":"","CIRCUITOUEXPOSITIONPERMANENTE":""},"UPERSI":{"UXIX":"","UXX":""},"UDAC":{"UMAISO":"","UVILLE":""},"MAJINGENIE":{"DATEDERNIEREMAJ":"20251121"},"MISEAJOUR":{"AMANDINE":""}},"dansCarnetVoyage":true,"Ouverture":""},"html":" \n \u003Cdiv id=\"CV-PRESTATAIRE-U-CIRCUITDESVILLASBALNEAIRES\" data-contexte-id=\"PRESTATAIRE|U|CIRCUITDESVILLASBALNEAIRES\" data-cle=\"U|CIRCUITDESVILLASBALNEAIRES\" class=\"fiche-liste\"\u003E\n    \n\n    \u003C!-- partie photo --\u003E\n    \u003Cdiv class=\"photo\"\u003E\t\t\t\t\t\t\t\t\t\t\t\t\t\t\t\t\t\t\t\t\t\n        \u003Cdiv class=\"cadre_photo_principale\"\u003E\t\t\n        \n            \t\t\t\t\t\n                    \u003Ca href=\"a-la-decouverte-des-villas-balneaires-quartier-de-l-ocean.html?origine=carnet#media\"\u003E\n                        \u003Cimg class=\"photo_principale\" alt=\"img-5674-7550\" src=\"https:\/\/www.saint-brevin.com\/medias\/images\/prestataires\/multitailles\/320x240_img-5674-7550-10863.jpg\" itemprop=\"image\"\u003E\n                    \u003C\/a\u003E\t\t\t\t\t\t\n                \n                    \u003C\/div\u003E\t\t\t\t\t\t\t\t\t\t\t\t\t\t\t\t\t\t\t \t\t\n    \u003C\/div\u003E\n    \n    \u003C!-- partie nom prest --\u003E\n    \u003Cdiv class=\"nom\"\u003E\n        \u003Ch2\u003E\u00c0 la d\u00e9couverte des villas baln\u00e9aires, quartier de l'oc\u00e9an\u003C\/h2\u003E\n        \n            \u003C\/div\u003E\n\n         \n    \u003C!-- partie adresse --\u003E\n    \u003Cdiv class=\"adresse\"\u003E\n    \n          \n    \u003C\/div\u003E\n    \n    \u003C!-- partie liens --\u003E\n    \u003Cdiv class=\"liens\"\u003E\n            \u003Ca class=\"btn-icon btn-view \" title=\"Voir la fiche d\u00e9taill\u00e9e\" href=\"a-la-decouverte-des-villas-balneaires-quartier-de-l-ocean.html?origine=carnet\"\u003E\u003C\/a\u003E\u003C!--\u003Ca class=\"btn-icon btn-view \" title=\"\" href=\"?origine=carnet#thaut\"\u003E\u003C\/a\u003E--\u003E\n      \u003Ca class=\"btn-icon btn-trash carnet_voyage_supprimer\" title=\"Supprimer cette fiche de mon carnet de voyage\" href=\"carnet-voyage?action=remove&fiche=U|CIRCUITDESVILLASBALNEAIRES\"\u003E\u003C\/a\u003E\n    \u003C\/div\u003E\n\n\u003C\/div\u003E\n\n","icon":"https:\/\/static.ingenie.fr\/images\/carnetVoyageV3\/U.png"},"fiche":"U|CIRCUITDESVILLASBALNEAIRES","popup":"\u003Cdiv id=\"bloc_popup_ajout_fiche_carnet\"\u003E\n    \u003Cdiv class=\"info_popup_ajout_fiche_carnet\"\u003E\n        Vous venez d'ajouter cet \u00e9l\u00e9ment \u00e0 votre carnet de voyage :    \u003C\/div\u003E\n    \u003Cdiv class=\"prest_popup_ajout_fiche_carnet\"\u003E\n        &Agrave; la d&eacute;couverte des villas baln&eacute;aires, quartier de l&#039;oc&eacute;an    \u003C\/div\u003E\n    \u003Cdiv class=\"bloc_btn_ajout_fiche_carnet form_submit_div\"\u003E\n        \u003Cinput type=\"button\" value=\"Continuer ma s\u00e9lection\" title=\"Continuer ma s\u00e9lection\" name=\"btn_close\" class=\"btn_close_popup_carnet form_submit\" onclick=\"$.colorbox.close()\" \/\u003E\n        \u003Cinput type=\"button\" value=\"Voir mon carnet de voyage\" title=\"Voir mon carnet\" name=\"btn_panier\" class=\"btn_panier_popup_carnet form_submit\" onclick=\"if(typeof CarnetVoyage != 'undefined') {CarnetVoyage.voirCarnet();}\" \/\u003E\n    \u003C\/div\u003E\n    \u003Cdiv class=\"bloc_btn_ajout_fiche_carnet\"\u003E\n        \u003Cinput type=\"checkbox\" value=\"1\" name=\"desactiver_popup\" id=\"desactiver_popup\" \/\u003E\n        \u003Clabel for=\"desactiver_popup\"\u003ENe plus afficher ce message\u003C\/label\u003E\n    \u003C\/div\u003E\n\u003C\/div\u003E","success":1}