{"nbFiches":1,"dataPrest":{"infoPrest":{"pave1":{"libelle":"Slogan","contenu":""},"pave2":{"libelle":"Descriptif","contenu":"\u003Cp\u003ELe Chemin de la m&eacute;moire 39-45 en Pays de Retz est un circuit de tourisme m&eacute;moriel.\u003Cbr \/\u003E\r\n\u003Ca href=\"http:\/\/chemin-memoire39-45paysderetz.e-monsite.com\/pages\/le-chemin-carte-des-panneaux\/carte-des-panneaux-historiques.html\"\u003E\u003Cspan style=\"color:#008080;\"\u003E\u003Cstrong\u003ERetrouvez tout le circuit \u003C\/strong\u003E\u003C\/span\u003E\u003C\/a\u003E\u003Cstrong\u003E\u003Ca href=\"http:\/\/chemin-memoire39-45paysderetz.e-monsite.com\/pages\/le-chemin-carte-des-panneaux\/carte-des-panneaux-historiques.html\"\u003E\u003Cspan style=\"color:#008080;\"\u003Eici\u003C\/span\u003E\u003C\/a\u003E\u003Ca href=\"http:\/\/chemin-memoire39-45paysderetz.e-monsite.com\/pages\/le-chemin-carte-des-panneaux\/carte-des-panneaux-historiques.html\"\u003E\u003Cspan style=\"color:#008080;\"\u003E&nbsp;\u003C\/span\u003E\u003C\/a\u003E\u003C\/strong\u003E\u003Ca href=\"http:\/\/chemin-memoire39-45paysderetz.e-monsite.com\/pages\/le-chemin-carte-des-panneaux\/carte-des-panneaux-historiques.html\"\u003E\u003Cstrong\u003E\u003Cspan style=\"color:#008080;\"\u003E&gt;&gt;&gt;&gt;\u003C\/span\u003E\u003C\/strong\u003E\u003C\/a\u003E\u003Cbr \/\u003E\r\n\u003Cbr \/\u003E\r\nIl inscrit le souvenir de faits marquants de la derni&egrave;re guerre dans le territoire et m&ecirc;me dans le paysage.\u003Cbr \/\u003E\r\nDes panneaux de pierre de lave &eacute;maill&eacute;e portant le r&eacute;cit et les photos de chaque fait de guerre sont install&eacute;s sur les lieux m&ecirc;mes o&ugrave; ils se sont d&eacute;roul&eacute;s.\u003Cbr \/\u003E\r\nParmi de nombreux t&eacute;moignages de cette p&eacute;riode historique, visualisez les 3 documents en t&eacute;l&eacute;chargement de cette page...passionnant !\u003Cbr \/\u003E\r\n\u003Cbr \/\u003E\r\n\u003Cbr \/\u003E\r\n3 st&egrave;les se trouvent &agrave; \u003Cstrong\u003ESaint-P&egrave;re-en-Retz \u003C\/strong\u003E:\u003C\/p\u003E\r\n\r\n\u003Cul\u003E\r\n\t\u003Cli\u003EUne premi&egrave;re, &agrave; la \u003Cstrong\u003EPichonnais\u003C\/strong\u003E, raconte le crash du Lancaster MKL W4257 DX de la RAF, le 2 avril 1943, o&ugrave; 7 aviateurs alli&eacute;s perdront la vie.\u003C\/li\u003E\r\n\t\u003Cli\u003EUne seconde aux \u003Cstrong\u003EMorandi&egrave;res\u003C\/strong\u003E, relate le crash du B-17F 42-5780 GN-N Black Swann abattu par la chasse allemande le 1\u003Csup\u003Eer\u003C\/sup\u003E mai 1943, causant la mort de 6 jeunes aviateurs am&eacute;ricains.\u003C\/li\u003E\r\n\t\u003Cli\u003EEnfin la troisi&egrave;me plaque se trouve \u003Cstrong\u003Eplace de la mairie,\u003C\/strong\u003E et rend hommages aux r&eacute;sistants p&eacute;r&egrave;ziens d&eacute;port&eacute;s dans les camps.\u003C\/li\u003E\r\n\u003C\/ul\u003E\r\n\r\n\u003Cp\u003E\u003Cbr \/\u003E\r\n2 st&egrave;les se trouvent &agrave; \u003Cstrong\u003ESaint-Brevin-les-Pins\u003C\/strong\u003E :\u003C\/p\u003E\r\n\r\n\u003Cul\u003E\r\n\t\u003Cli\u003EUne premi&egrave;re st&egrave;le, sur le \u003Cstrong\u003Eboulevard Padioleau\u003C\/strong\u003E, relate le crash du B24 The Oklhoman, abbatu par la FLAK allemande, o&ugrave; 9 des 10 aviateurs trouveront la mort.\u003C\/li\u003E\r\n\t\u003Cli\u003EUne seconde se trouve au \u003Cstrong\u003E32 all&eacute;e Yvonne\u003C\/strong\u003E, comm&eacute;morant la m&eacute;moire de 15 habitants du secteur tu&eacute;s par l&#39;explosion de plus de 200 mines anti-chars, lors d&#39;une r&eacute;quisition par les allemands dans ce qu&#39;on appelle \u003Ca href=\"https:\/\/www.facebook.com\/reel\/3790772284487201\" target=\"_blank\"\u003E\u003Cem\u003E\u003Cstrong\u003E\u003Cspan style=\"color:#008080;\"\u003Ela Catastrophe du Boivre\u003C\/span\u003E\u003C\/strong\u003E\u003C\/em\u003E\u003C\/a\u003E.\u003C\/li\u003E\r\n\u003C\/ul\u003E\r\n\r\n\u003Cp\u003E\u003Cbr \/\u003E\r\n2 st&egrave;les se trouvent &agrave; \u003Cstrong\u003ESaint-Viaud\u003C\/strong\u003E :\u003C\/p\u003E\r\n\r\n\u003Cul\u003E\r\n\t\u003Cli\u003EUne premi&egrave;re st&egrave;le aux \u003Cstrong\u003EBretesches\u003C\/strong\u003E, relate le crash du Lockheed Hudson, le 21 d&eacute;cembre 1941 o&ugrave; 4 jeunes aviateurs trouveront la mort.\u003C\/li\u003E\r\n\t\u003Cli\u003EUne seconde se trouve &agrave; \u003Cstrong\u003Ela Brosse\u003C\/strong\u003E et relate le dernier &eacute;v&egrave;nement tragique de la seconde guerre mondiale, l&#39;explosion d&#39;un d&eacute;p&ocirc;t de munitions,le 12 mai 1945, causant la mort de 5 jeunes FFI venus du Limousin, et de deux civils du secteur.&nbsp;\u003Cstrong\u003E\u003Ca href=\"https:\/\/www.saint-brevin.com\/les-balades-eacute-motions-le-drame-de-la-brosse.html\"\u003E\u003Cspan style=\"color:#008080;\"\u003ENe manquez pas notre podcast sur le drame de la Brosse, ici &gt;&gt;&gt;&gt;\u003C\/span\u003E\u003C\/a\u003E\u003C\/strong\u003E\u003C\/li\u003E\r\n\u003C\/ul\u003E\r\n"},"pave3":{"libelle":"","contenu":""},"pave4":{"libelle":"","contenu":""},"pave5":{"libelle":"","contenu":""},"pave6":{"libelle":"","contenu":""},"pave7":{"libelle":"","contenu":""},"pave8":{"libelle":"","contenu":""},"pave9":{"libelle":"","contenu":""},"pave10":{"libelle":"","contenu":""},"pave11":{"libelle":"","contenu":""},"pave12":{"libelle":"","contenu":""},"pave13":{"libelle":"","contenu":""},"pave14":{"libelle":"","contenu":""},"pave15":{"libelle":"","contenu":""},"pave16":{"libelle":"","contenu":""},"pave17":{"libelle":"","contenu":""},"pave18":{"libelle":"","contenu":""},"pave19":{"libelle":"","contenu":""},"pave20":{"libelle":"","contenu":""},"pave21":{"libelle":"","contenu":""},"pave22":{"libelle":"","contenu":""},"pave23":{"libelle":"","contenu":""},"pave24":{"libelle":"","contenu":""},"pave25":{"libelle":"","contenu":""},"ContactsParType":{"ASS":{"735":{"id_contact":"735","type_contact":"ASS","categorie_contact":"PRESTATAIRE","societe_contact":"","fonction_contact":"","civilite_nom_prenom_contact":"M GAUTIER Michel ","adresse1_contact":"","adresse2_contact":"","adresse3_contact":"","cpostal_contact":"","ville_contact":"","teldom_contact":"","telbur_contact":"","fax_contact":"","portable_contact":"06 81 94 27 66","email_contact":"michalex.gautier@gmail.fr","siteweb_contact":"http:\/\/chemin-memoire39-45paysderetz.e-monsite.com\/","commentaire_contact":"","langue_contact":"","autre_moyen_com":[]}}},"Libelle":"Chemin de la M\u00e9moire 39-45 en Pays de Retz","Nom":"Chemin de la M\u00e9moire 39-45 en Pays de Retz","Prenom":"","NomPrenom":"Chemin de la M\u00e9moire 39-45 en Pays de Retz ","CiviliteNomPrenom":"Chemin de la M\u00e9moire 39-45 en Pays de Retz ","Cle":"U|CHEMINDELAMEMOIREENPAYSDERETZ","PrestataireParent":"","ContexteStat":"PRESTATAIRE-U-CHEMINDELAMEMOIREENPAYSDERETZ","DateModificationIso":"2025-11-21T15:51:00+01:00","Type":"PRESTATAIRE","TypePrestataire":"U","Adresse":{"LigneAdresse1":"","LigneAdresse2":"","LigneAdresse3":"","CodePostal":"44250","Ville":"ST BREVIN LES PINS","Cedex":"","Etat":"","Pays":"FRA"},"Email":"michalex.gautier@gmail.com","Telephone":"02 40 05 71 16","TelephoneBureau":"","Portable":"","SiteWeb":"http:\/\/chemin-memoire39-45paysderetz.e-monsite.com\/","Fax":"","Id":"u-chemindelamemoireenpaysderetz","Code":"U|CHEMINDELAMEMOIREENPAYSDERETZ","Fichier":{"Document":[{"url":"https:\/\/www.saint-brevin.com\/medias\/images\/prestataires\/depliant-chemin-de-la-memoire39-45-pays-de-retz-1371.pdf","chemin":"..\/medias\/images\/prestataires\/depliant-chemin-de-la-memoire39-45-pays-de-retz-1371.pdf","libelle":"depliant-chemin-de-la-memoire39-45-pays-de-retz-1371","extension":"pdf","categorie":"","largeur":"","theme":"","hauteur":"","type":"Document","origine":"","liaisonPave":"","langue":"","id":"1371","poids":"2.08 Mo","alt":"depliant-chemin-de-la-memoire39-45-pays-de-retz-1371","title":"depliant-chemin-de-la-memoire39-45-pays-de-retz-1371"},{"url":"https:\/\/www.saint-brevin.com\/medias\/images\/prestataires\/temoignages-sur-la-poche-sud-3-5228.pdf","chemin":"..\/medias\/images\/prestataires\/temoignages-sur-la-poche-sud-3-5228.pdf","libelle":"temoignages-sur-la-poche-sud-3-5228","extension":"pdf","categorie":"","largeur":"","theme":"","hauteur":"","type":"Document","origine":"","liaisonPave":"","langue":"","id":"5228","poids":"1.46 Mo","alt":"temoignages-sur-la-poche-sud-3-5228","title":"temoignages-sur-la-poche-sud-3-5228"},{"url":"https:\/\/www.saint-brevin.com\/medias\/images\/prestataires\/temoignages-sur-la-poche-nord-5229.pdf","chemin":"..\/medias\/images\/prestataires\/temoignages-sur-la-poche-nord-5229.pdf","libelle":"temoignages-sur-la-poche-nord-5229","extension":"pdf","categorie":"","largeur":"","theme":"","hauteur":"","type":"Document","origine":"","liaisonPave":"","langue":"","id":"5229","poids":"5.78 Mo","alt":"temoignages-sur-la-poche-nord-5229","title":"temoignages-sur-la-poche-nord-5229"},{"url":"https:\/\/www.saint-brevin.com\/medias\/images\/prestataires\/guenrouet-journaux-de-guerre-dans-la-poche-nord-5227.pdf","chemin":"..\/medias\/images\/prestataires\/guenrouet-journaux-de-guerre-dans-la-poche-nord-5227.pdf","libelle":"guenrouet-journaux-de-guerre-dans-la-poche-nord-5227","extension":"pdf","categorie":"","largeur":"","theme":"","hauteur":"","type":"Document","origine":"","liaisonPave":"","langue":"","id":"5227","poids":"7.67 Mo","alt":"guenrouet-journaux-de-guerre-dans-la-poche-nord-5227","title":"guenrouet-journaux-de-guerre-dans-la-poche-nord-5227"}],"ByCategorie":{"":[{"url":"https:\/\/www.saint-brevin.com\/medias\/images\/prestataires\/depliant-chemin-de-la-memoire39-45-pays-de-retz-1371.pdf","chemin":"..\/medias\/images\/prestataires\/depliant-chemin-de-la-memoire39-45-pays-de-retz-1371.pdf","libelle":"depliant-chemin-de-la-memoire39-45-pays-de-retz-1371","extension":"pdf","categorie":"","largeur":"","theme":"","hauteur":"","type":"Document","origine":"","liaisonPave":"","langue":"","id":"1371","poids":"2.08 Mo","alt":"depliant-chemin-de-la-memoire39-45-pays-de-retz-1371","title":"depliant-chemin-de-la-memoire39-45-pays-de-retz-1371"},{"url":"https:\/\/www.saint-brevin.com\/medias\/images\/prestataires\/memorials3-10739.jpg","chemin":"..\/medias\/images\/prestataires\/memorials3-10739.jpg","libelle":"memorials3-10739","extension":"jpg","categorie":"","largeur":5463,"theme":"","hauteur":3642,"type":"Image","origine":"","liaisonPave":"","langue":"","id":"10739","urlVignette":"https:\/\/www.saint-brevin.com\/medias\/images\/prestataires\/v-memorials3-10739.jpg","alt":"memorials3-10739","title":"memorials3-10739","MultiTaille":{"1920x1440":{"url":"https:\/\/www.saint-brevin.com\/medias\/images\/prestataires\/multitailles\/1920x1440_memorials3-10739.jpg"},"1200x900":{"url":"https:\/\/www.saint-brevin.com\/medias\/images\/prestataires\/multitailles\/1200x900_memorials3-10739.jpg"},"800x600":{"url":"https:\/\/www.saint-brevin.com\/medias\/images\/prestataires\/multitailles\/800x600_memorials3-10739.jpg"},"640x480":{"url":"https:\/\/www.saint-brevin.com\/medias\/images\/prestataires\/multitailles\/640x480_memorials3-10739.jpg"},"320x240":{"url":"https:\/\/www.saint-brevin.com\/medias\/images\/prestataires\/multitailles\/320x240_memorials3-10739.jpg"},"160x120":{"url":"https:\/\/www.saint-brevin.com\/medias\/images\/prestataires\/multitailles\/160x120_memorials3-10739.jpg"},"origine":{"url":"https:\/\/www.saint-brevin.com\/medias\/images\/prestataires\/memorials3-10739.jpg"}},"urlLien":"","typeLien":"","nofollow":"N","copyright":""},{"url":"https:\/\/www.saint-brevin.com\/medias\/images\/prestataires\/temoignages-sur-la-poche-sud-3-5228.pdf","chemin":"..\/medias\/images\/prestataires\/temoignages-sur-la-poche-sud-3-5228.pdf","libelle":"temoignages-sur-la-poche-sud-3-5228","extension":"pdf","categorie":"","largeur":"","theme":"","hauteur":"","type":"Document","origine":"","liaisonPave":"","langue":"","id":"5228","poids":"1.46 Mo","alt":"temoignages-sur-la-poche-sud-3-5228","title":"temoignages-sur-la-poche-sud-3-5228"},{"url":"https:\/\/www.saint-brevin.com\/medias\/images\/prestataires\/memorials24-10736.jpg","chemin":"..\/medias\/images\/prestataires\/memorials24-10736.jpg","libelle":"memorials24-10736","extension":"jpg","categorie":"","largeur":3744,"theme":"","hauteur":2496,"type":"Image","origine":"","liaisonPave":"","langue":"","id":"10736","urlVignette":"https:\/\/www.saint-brevin.com\/medias\/images\/prestataires\/v-memorials24-10736.jpg","alt":"memorials24-10736","title":"memorials24-10736","MultiTaille":{"1920x1440":{"url":"https:\/\/www.saint-brevin.com\/medias\/images\/prestataires\/multitailles\/1920x1440_memorials24-10736.jpg"},"1200x900":{"url":"https:\/\/www.saint-brevin.com\/medias\/images\/prestataires\/multitailles\/1200x900_memorials24-10736.jpg"},"800x600":{"url":"https:\/\/www.saint-brevin.com\/medias\/images\/prestataires\/multitailles\/800x600_memorials24-10736.jpg"},"640x480":{"url":"https:\/\/www.saint-brevin.com\/medias\/images\/prestataires\/multitailles\/640x480_memorials24-10736.jpg"},"320x240":{"url":"https:\/\/www.saint-brevin.com\/medias\/images\/prestataires\/multitailles\/320x240_memorials24-10736.jpg"},"160x120":{"url":"https:\/\/www.saint-brevin.com\/medias\/images\/prestataires\/multitailles\/160x120_memorials24-10736.jpg"},"origine":{"url":"https:\/\/www.saint-brevin.com\/medias\/images\/prestataires\/memorials24-10736.jpg"}},"urlLien":"","typeLien":"","nofollow":"N","copyright":""},{"url":"https:\/\/www.saint-brevin.com\/medias\/images\/prestataires\/temoignages-sur-la-poche-nord-5229.pdf","chemin":"..\/medias\/images\/prestataires\/temoignages-sur-la-poche-nord-5229.pdf","libelle":"temoignages-sur-la-poche-nord-5229","extension":"pdf","categorie":"","largeur":"","theme":"","hauteur":"","type":"Document","origine":"","liaisonPave":"","langue":"","id":"5229","poids":"5.78 Mo","alt":"temoignages-sur-la-poche-nord-5229","title":"temoignages-sur-la-poche-nord-5229"},{"url":"https:\/\/www.saint-brevin.com\/medias\/images\/prestataires\/memorials25-10737.jpg","chemin":"..\/medias\/images\/prestataires\/memorials25-10737.jpg","libelle":"memorials25-10737","extension":"jpg","categorie":"","largeur":3725,"theme":"","hauteur":2483,"type":"Image","origine":"","liaisonPave":"","langue":"","id":"10737","urlVignette":"https:\/\/www.saint-brevin.com\/medias\/images\/prestataires\/v-memorials25-10737.jpg","alt":"memorials25-10737","title":"memorials25-10737","MultiTaille":{"1920x1440":{"url":"https:\/\/www.saint-brevin.com\/medias\/images\/prestataires\/multitailles\/1920x1440_memorials25-10737.jpg"},"1200x900":{"url":"https:\/\/www.saint-brevin.com\/medias\/images\/prestataires\/multitailles\/1200x900_memorials25-10737.jpg"},"800x600":{"url":"https:\/\/www.saint-brevin.com\/medias\/images\/prestataires\/multitailles\/800x600_memorials25-10737.jpg"},"640x480":{"url":"https:\/\/www.saint-brevin.com\/medias\/images\/prestataires\/multitailles\/640x480_memorials25-10737.jpg"},"320x240":{"url":"https:\/\/www.saint-brevin.com\/medias\/images\/prestataires\/multitailles\/320x240_memorials25-10737.jpg"},"160x120":{"url":"https:\/\/www.saint-brevin.com\/medias\/images\/prestataires\/multitailles\/160x120_memorials25-10737.jpg"},"origine":{"url":"https:\/\/www.saint-brevin.com\/medias\/images\/prestataires\/memorials25-10737.jpg"}},"urlLien":"","typeLien":"","nofollow":"N","copyright":""},{"url":"https:\/\/www.saint-brevin.com\/medias\/images\/prestataires\/guenrouet-journaux-de-guerre-dans-la-poche-nord-5227.pdf","chemin":"..\/medias\/images\/prestataires\/guenrouet-journaux-de-guerre-dans-la-poche-nord-5227.pdf","libelle":"guenrouet-journaux-de-guerre-dans-la-poche-nord-5227","extension":"pdf","categorie":"","largeur":"","theme":"","hauteur":"","type":"Document","origine":"","liaisonPave":"","langue":"","id":"5227","poids":"7.67 Mo","alt":"guenrouet-journaux-de-guerre-dans-la-poche-nord-5227","title":"guenrouet-journaux-de-guerre-dans-la-poche-nord-5227"},{"url":"https:\/\/www.saint-brevin.com\/medias\/images\/prestataires\/memorials27-10738.jpg","chemin":"..\/medias\/images\/prestataires\/memorials27-10738.jpg","libelle":"memorials27-10738","extension":"jpg","categorie":"","largeur":3744,"theme":"","hauteur":2496,"type":"Image","origine":"","liaisonPave":"","langue":"","id":"10738","urlVignette":"https:\/\/www.saint-brevin.com\/medias\/images\/prestataires\/v-memorials27-10738.jpg","alt":"memorials27-10738","title":"memorials27-10738","MultiTaille":{"1920x1440":{"url":"https:\/\/www.saint-brevin.com\/medias\/images\/prestataires\/multitailles\/1920x1440_memorials27-10738.jpg"},"1200x900":{"url":"https:\/\/www.saint-brevin.com\/medias\/images\/prestataires\/multitailles\/1200x900_memorials27-10738.jpg"},"800x600":{"url":"https:\/\/www.saint-brevin.com\/medias\/images\/prestataires\/multitailles\/800x600_memorials27-10738.jpg"},"640x480":{"url":"https:\/\/www.saint-brevin.com\/medias\/images\/prestataires\/multitailles\/640x480_memorials27-10738.jpg"},"320x240":{"url":"https:\/\/www.saint-brevin.com\/medias\/images\/prestataires\/multitailles\/320x240_memorials27-10738.jpg"},"160x120":{"url":"https:\/\/www.saint-brevin.com\/medias\/images\/prestataires\/multitailles\/160x120_memorials27-10738.jpg"},"origine":{"url":"https:\/\/www.saint-brevin.com\/medias\/images\/prestataires\/memorials27-10738.jpg"}},"urlLien":"","typeLien":"","nofollow":"N","copyright":""},{"url":"https:\/\/www.saint-brevin.com\/medias\/images\/prestataires\/memorials28-10740.jpg","chemin":"..\/medias\/images\/prestataires\/memorials28-10740.jpg","libelle":"memorials28-10740","extension":"jpg","categorie":"","largeur":3681,"theme":"","hauteur":2454,"type":"Image","origine":"","liaisonPave":"","langue":"","id":"10740","urlVignette":"https:\/\/www.saint-brevin.com\/medias\/images\/prestataires\/v-memorials28-10740.jpg","alt":"memorials28-10740","title":"memorials28-10740","MultiTaille":{"1920x1440":{"url":"https:\/\/www.saint-brevin.com\/medias\/images\/prestataires\/multitailles\/1920x1440_memorials28-10740.jpg"},"1200x900":{"url":"https:\/\/www.saint-brevin.com\/medias\/images\/prestataires\/multitailles\/1200x900_memorials28-10740.jpg"},"800x600":{"url":"https:\/\/www.saint-brevin.com\/medias\/images\/prestataires\/multitailles\/800x600_memorials28-10740.jpg"},"640x480":{"url":"https:\/\/www.saint-brevin.com\/medias\/images\/prestataires\/multitailles\/640x480_memorials28-10740.jpg"},"320x240":{"url":"https:\/\/www.saint-brevin.com\/medias\/images\/prestataires\/multitailles\/320x240_memorials28-10740.jpg"},"160x120":{"url":"https:\/\/www.saint-brevin.com\/medias\/images\/prestataires\/multitailles\/160x120_memorials28-10740.jpg"},"origine":{"url":"https:\/\/www.saint-brevin.com\/medias\/images\/prestataires\/memorials28-10740.jpg"}},"urlLien":"","typeLien":"","nofollow":"N","copyright":""},{"url":"https:\/\/www.saint-brevin.com\/medias\/images\/prestataires\/memorials30-10741.jpg","chemin":"..\/medias\/images\/prestataires\/memorials30-10741.jpg","libelle":"memorials30-10741","extension":"jpg","categorie":"","largeur":3744,"theme":"","hauteur":2496,"type":"Image","origine":"","liaisonPave":"","langue":"","id":"10741","urlVignette":"https:\/\/www.saint-brevin.com\/medias\/images\/prestataires\/v-memorials30-10741.jpg","alt":"memorials30-10741","title":"memorials30-10741","MultiTaille":{"1920x1440":{"url":"https:\/\/www.saint-brevin.com\/medias\/images\/prestataires\/multitailles\/1920x1440_memorials30-10741.jpg"},"1200x900":{"url":"https:\/\/www.saint-brevin.com\/medias\/images\/prestataires\/multitailles\/1200x900_memorials30-10741.jpg"},"800x600":{"url":"https:\/\/www.saint-brevin.com\/medias\/images\/prestataires\/multitailles\/800x600_memorials30-10741.jpg"},"640x480":{"url":"https:\/\/www.saint-brevin.com\/medias\/images\/prestataires\/multitailles\/640x480_memorials30-10741.jpg"},"320x240":{"url":"https:\/\/www.saint-brevin.com\/medias\/images\/prestataires\/multitailles\/320x240_memorials30-10741.jpg"},"160x120":{"url":"https:\/\/www.saint-brevin.com\/medias\/images\/prestataires\/multitailles\/160x120_memorials30-10741.jpg"},"origine":{"url":"https:\/\/www.saint-brevin.com\/medias\/images\/prestataires\/memorials30-10741.jpg"}},"urlLien":"","typeLien":"","nofollow":"N","copyright":""},{"url":"https:\/\/www.saint-brevin.com\/medias\/images\/prestataires\/memorials32-10742.jpg","chemin":"..\/medias\/images\/prestataires\/memorials32-10742.jpg","libelle":"memorials32-10742","extension":"jpg","categorie":"","largeur":3661,"theme":"","hauteur":2441,"type":"Image","origine":"","liaisonPave":"","langue":"","id":"10742","urlVignette":"https:\/\/www.saint-brevin.com\/medias\/images\/prestataires\/v-memorials32-10742.jpg","alt":"memorials32-10742","title":"memorials32-10742","MultiTaille":{"1920x1440":{"url":"https:\/\/www.saint-brevin.com\/medias\/images\/prestataires\/multitailles\/1920x1440_memorials32-10742.jpg"},"1200x900":{"url":"https:\/\/www.saint-brevin.com\/medias\/images\/prestataires\/multitailles\/1200x900_memorials32-10742.jpg"},"800x600":{"url":"https:\/\/www.saint-brevin.com\/medias\/images\/prestataires\/multitailles\/800x600_memorials32-10742.jpg"},"640x480":{"url":"https:\/\/www.saint-brevin.com\/medias\/images\/prestataires\/multitailles\/640x480_memorials32-10742.jpg"},"320x240":{"url":"https:\/\/www.saint-brevin.com\/medias\/images\/prestataires\/multitailles\/320x240_memorials32-10742.jpg"},"160x120":{"url":"https:\/\/www.saint-brevin.com\/medias\/images\/prestataires\/multitailles\/160x120_memorials32-10742.jpg"},"origine":{"url":"https:\/\/www.saint-brevin.com\/medias\/images\/prestataires\/memorials32-10742.jpg"}},"urlLien":"","typeLien":"","nofollow":"N","copyright":""},{"url":"https:\/\/www.saint-brevin.com\/medias\/images\/prestataires\/memorials34-10743.jpg","chemin":"..\/medias\/images\/prestataires\/memorials34-10743.jpg","libelle":"memorials34-10743","extension":"jpg","categorie":"","largeur":6960,"theme":"","hauteur":4640,"type":"Image","origine":"","liaisonPave":"","langue":"","id":"10743","urlVignette":"https:\/\/www.saint-brevin.com\/medias\/images\/prestataires\/v-memorials34-10743.jpg","alt":"memorials34-10743","title":"memorials34-10743","MultiTaille":{"1920x1440":{"url":"https:\/\/www.saint-brevin.com\/medias\/images\/prestataires\/multitailles\/1920x1440_memorials34-10743.jpg"},"1200x900":{"url":"https:\/\/www.saint-brevin.com\/medias\/images\/prestataires\/multitailles\/1200x900_memorials34-10743.jpg"},"800x600":{"url":"https:\/\/www.saint-brevin.com\/medias\/images\/prestataires\/multitailles\/800x600_memorials34-10743.jpg"},"640x480":{"url":"https:\/\/www.saint-brevin.com\/medias\/images\/prestataires\/multitailles\/640x480_memorials34-10743.jpg"},"320x240":{"url":"https:\/\/www.saint-brevin.com\/medias\/images\/prestataires\/multitailles\/320x240_memorials34-10743.jpg"},"160x120":{"url":"https:\/\/www.saint-brevin.com\/medias\/images\/prestataires\/multitailles\/160x120_memorials34-10743.jpg"},"origine":{"url":"https:\/\/www.saint-brevin.com\/medias\/images\/prestataires\/memorials34-10743.jpg"}},"urlLien":"","typeLien":"","nofollow":"N","copyright":""},{"url":"https:\/\/www.saint-brevin.com\/medias\/images\/prestataires\/memorials35-10744.jpg","chemin":"..\/medias\/images\/prestataires\/memorials35-10744.jpg","libelle":"memorials35-10744","extension":"jpg","categorie":"","largeur":6960,"theme":"","hauteur":4640,"type":"Image","origine":"","liaisonPave":"","langue":"","id":"10744","urlVignette":"https:\/\/www.saint-brevin.com\/medias\/images\/prestataires\/v-memorials35-10744.jpg","alt":"memorials35-10744","title":"memorials35-10744","MultiTaille":{"1920x1440":{"url":"https:\/\/www.saint-brevin.com\/medias\/images\/prestataires\/multitailles\/1920x1440_memorials35-10744.jpg"},"1200x900":{"url":"https:\/\/www.saint-brevin.com\/medias\/images\/prestataires\/multitailles\/1200x900_memorials35-10744.jpg"},"800x600":{"url":"https:\/\/www.saint-brevin.com\/medias\/images\/prestataires\/multitailles\/800x600_memorials35-10744.jpg"},"640x480":{"url":"https:\/\/www.saint-brevin.com\/medias\/images\/prestataires\/multitailles\/640x480_memorials35-10744.jpg"},"320x240":{"url":"https:\/\/www.saint-brevin.com\/medias\/images\/prestataires\/multitailles\/320x240_memorials35-10744.jpg"},"160x120":{"url":"https:\/\/www.saint-brevin.com\/medias\/images\/prestataires\/multitailles\/160x120_memorials35-10744.jpg"},"origine":{"url":"https:\/\/www.saint-brevin.com\/medias\/images\/prestataires\/memorials35-10744.jpg"}},"urlLien":"","typeLien":"","nofollow":"N","copyright":""},{"url":"https:\/\/www.saint-brevin.com\/medias\/images\/prestataires\/boivre-stelle-saint-brevin1-5288.jpg","chemin":"..\/medias\/images\/prestataires\/boivre-stelle-saint-brevin1-5288.jpg","libelle":"boivre-stelle-saint-brevin1-5288","extension":"jpg","categorie":"","largeur":960,"theme":"","hauteur":640,"type":"Image","origine":"","liaisonPave":"","langue":"","id":"5288","urlVignette":"https:\/\/www.saint-brevin.com\/medias\/images\/prestataires\/v-boivre-stelle-saint-brevin1-5288.jpg","alt":"boivre-stelle-saint-brevin1-5288","title":"boivre-stelle-saint-brevin1-5288","MultiTaille":{"1920x1440":{"url":"https:\/\/www.saint-brevin.com\/medias\/images\/prestataires\/multitailles\/1920x1440_boivre-stelle-saint-brevin1-5288.jpg"},"1200x900":{"url":"https:\/\/www.saint-brevin.com\/medias\/images\/prestataires\/multitailles\/1200x900_boivre-stelle-saint-brevin1-5288.jpg"},"800x600":{"url":"https:\/\/www.saint-brevin.com\/medias\/images\/prestataires\/multitailles\/800x600_boivre-stelle-saint-brevin1-5288.jpg"},"640x480":{"url":"https:\/\/www.saint-brevin.com\/medias\/images\/prestataires\/multitailles\/640x480_boivre-stelle-saint-brevin1-5288.jpg"},"320x240":{"url":"https:\/\/www.saint-brevin.com\/medias\/images\/prestataires\/multitailles\/320x240_boivre-stelle-saint-brevin1-5288.jpg"},"160x120":{"url":"https:\/\/www.saint-brevin.com\/medias\/images\/prestataires\/multitailles\/160x120_boivre-stelle-saint-brevin1-5288.jpg"},"origine":{"url":"https:\/\/www.saint-brevin.com\/medias\/images\/prestataires\/boivre-stelle-saint-brevin1-5288.jpg"}},"urlLien":"","typeLien":"","nofollow":"N","copyright":""}]},"Image":[{"url":"https:\/\/www.saint-brevin.com\/medias\/images\/prestataires\/memorials3-10739.jpg","chemin":"..\/medias\/images\/prestataires\/memorials3-10739.jpg","libelle":"memorials3-10739","extension":"jpg","categorie":"","largeur":5463,"theme":"","hauteur":3642,"type":"Image","origine":"","liaisonPave":"","langue":"","id":"10739","urlVignette":"https:\/\/www.saint-brevin.com\/medias\/images\/prestataires\/v-memorials3-10739.jpg","alt":"memorials3-10739","title":"memorials3-10739","MultiTaille":{"1920x1440":{"url":"https:\/\/www.saint-brevin.com\/medias\/images\/prestataires\/multitailles\/1920x1440_memorials3-10739.jpg"},"1200x900":{"url":"https:\/\/www.saint-brevin.com\/medias\/images\/prestataires\/multitailles\/1200x900_memorials3-10739.jpg"},"800x600":{"url":"https:\/\/www.saint-brevin.com\/medias\/images\/prestataires\/multitailles\/800x600_memorials3-10739.jpg"},"640x480":{"url":"https:\/\/www.saint-brevin.com\/medias\/images\/prestataires\/multitailles\/640x480_memorials3-10739.jpg"},"320x240":{"url":"https:\/\/www.saint-brevin.com\/medias\/images\/prestataires\/multitailles\/320x240_memorials3-10739.jpg"},"160x120":{"url":"https:\/\/www.saint-brevin.com\/medias\/images\/prestataires\/multitailles\/160x120_memorials3-10739.jpg"},"origine":{"url":"https:\/\/www.saint-brevin.com\/medias\/images\/prestataires\/memorials3-10739.jpg"}},"urlLien":"","typeLien":"","nofollow":"N","copyright":""},{"url":"https:\/\/www.saint-brevin.com\/medias\/images\/prestataires\/memorials24-10736.jpg","chemin":"..\/medias\/images\/prestataires\/memorials24-10736.jpg","libelle":"memorials24-10736","extension":"jpg","categorie":"","largeur":3744,"theme":"","hauteur":2496,"type":"Image","origine":"","liaisonPave":"","langue":"","id":"10736","urlVignette":"https:\/\/www.saint-brevin.com\/medias\/images\/prestataires\/v-memorials24-10736.jpg","alt":"memorials24-10736","title":"memorials24-10736","MultiTaille":{"1920x1440":{"url":"https:\/\/www.saint-brevin.com\/medias\/images\/prestataires\/multitailles\/1920x1440_memorials24-10736.jpg"},"1200x900":{"url":"https:\/\/www.saint-brevin.com\/medias\/images\/prestataires\/multitailles\/1200x900_memorials24-10736.jpg"},"800x600":{"url":"https:\/\/www.saint-brevin.com\/medias\/images\/prestataires\/multitailles\/800x600_memorials24-10736.jpg"},"640x480":{"url":"https:\/\/www.saint-brevin.com\/medias\/images\/prestataires\/multitailles\/640x480_memorials24-10736.jpg"},"320x240":{"url":"https:\/\/www.saint-brevin.com\/medias\/images\/prestataires\/multitailles\/320x240_memorials24-10736.jpg"},"160x120":{"url":"https:\/\/www.saint-brevin.com\/medias\/images\/prestataires\/multitailles\/160x120_memorials24-10736.jpg"},"origine":{"url":"https:\/\/www.saint-brevin.com\/medias\/images\/prestataires\/memorials24-10736.jpg"}},"urlLien":"","typeLien":"","nofollow":"N","copyright":""},{"url":"https:\/\/www.saint-brevin.com\/medias\/images\/prestataires\/memorials25-10737.jpg","chemin":"..\/medias\/images\/prestataires\/memorials25-10737.jpg","libelle":"memorials25-10737","extension":"jpg","categorie":"","largeur":3725,"theme":"","hauteur":2483,"type":"Image","origine":"","liaisonPave":"","langue":"","id":"10737","urlVignette":"https:\/\/www.saint-brevin.com\/medias\/images\/prestataires\/v-memorials25-10737.jpg","alt":"memorials25-10737","title":"memorials25-10737","MultiTaille":{"1920x1440":{"url":"https:\/\/www.saint-brevin.com\/medias\/images\/prestataires\/multitailles\/1920x1440_memorials25-10737.jpg"},"1200x900":{"url":"https:\/\/www.saint-brevin.com\/medias\/images\/prestataires\/multitailles\/1200x900_memorials25-10737.jpg"},"800x600":{"url":"https:\/\/www.saint-brevin.com\/medias\/images\/prestataires\/multitailles\/800x600_memorials25-10737.jpg"},"640x480":{"url":"https:\/\/www.saint-brevin.com\/medias\/images\/prestataires\/multitailles\/640x480_memorials25-10737.jpg"},"320x240":{"url":"https:\/\/www.saint-brevin.com\/medias\/images\/prestataires\/multitailles\/320x240_memorials25-10737.jpg"},"160x120":{"url":"https:\/\/www.saint-brevin.com\/medias\/images\/prestataires\/multitailles\/160x120_memorials25-10737.jpg"},"origine":{"url":"https:\/\/www.saint-brevin.com\/medias\/images\/prestataires\/memorials25-10737.jpg"}},"urlLien":"","typeLien":"","nofollow":"N","copyright":""},{"url":"https:\/\/www.saint-brevin.com\/medias\/images\/prestataires\/memorials27-10738.jpg","chemin":"..\/medias\/images\/prestataires\/memorials27-10738.jpg","libelle":"memorials27-10738","extension":"jpg","categorie":"","largeur":3744,"theme":"","hauteur":2496,"type":"Image","origine":"","liaisonPave":"","langue":"","id":"10738","urlVignette":"https:\/\/www.saint-brevin.com\/medias\/images\/prestataires\/v-memorials27-10738.jpg","alt":"memorials27-10738","title":"memorials27-10738","MultiTaille":{"1920x1440":{"url":"https:\/\/www.saint-brevin.com\/medias\/images\/prestataires\/multitailles\/1920x1440_memorials27-10738.jpg"},"1200x900":{"url":"https:\/\/www.saint-brevin.com\/medias\/images\/prestataires\/multitailles\/1200x900_memorials27-10738.jpg"},"800x600":{"url":"https:\/\/www.saint-brevin.com\/medias\/images\/prestataires\/multitailles\/800x600_memorials27-10738.jpg"},"640x480":{"url":"https:\/\/www.saint-brevin.com\/medias\/images\/prestataires\/multitailles\/640x480_memorials27-10738.jpg"},"320x240":{"url":"https:\/\/www.saint-brevin.com\/medias\/images\/prestataires\/multitailles\/320x240_memorials27-10738.jpg"},"160x120":{"url":"https:\/\/www.saint-brevin.com\/medias\/images\/prestataires\/multitailles\/160x120_memorials27-10738.jpg"},"origine":{"url":"https:\/\/www.saint-brevin.com\/medias\/images\/prestataires\/memorials27-10738.jpg"}},"urlLien":"","typeLien":"","nofollow":"N","copyright":""},{"url":"https:\/\/www.saint-brevin.com\/medias\/images\/prestataires\/memorials28-10740.jpg","chemin":"..\/medias\/images\/prestataires\/memorials28-10740.jpg","libelle":"memorials28-10740","extension":"jpg","categorie":"","largeur":3681,"theme":"","hauteur":2454,"type":"Image","origine":"","liaisonPave":"","langue":"","id":"10740","urlVignette":"https:\/\/www.saint-brevin.com\/medias\/images\/prestataires\/v-memorials28-10740.jpg","alt":"memorials28-10740","title":"memorials28-10740","MultiTaille":{"1920x1440":{"url":"https:\/\/www.saint-brevin.com\/medias\/images\/prestataires\/multitailles\/1920x1440_memorials28-10740.jpg"},"1200x900":{"url":"https:\/\/www.saint-brevin.com\/medias\/images\/prestataires\/multitailles\/1200x900_memorials28-10740.jpg"},"800x600":{"url":"https:\/\/www.saint-brevin.com\/medias\/images\/prestataires\/multitailles\/800x600_memorials28-10740.jpg"},"640x480":{"url":"https:\/\/www.saint-brevin.com\/medias\/images\/prestataires\/multitailles\/640x480_memorials28-10740.jpg"},"320x240":{"url":"https:\/\/www.saint-brevin.com\/medias\/images\/prestataires\/multitailles\/320x240_memorials28-10740.jpg"},"160x120":{"url":"https:\/\/www.saint-brevin.com\/medias\/images\/prestataires\/multitailles\/160x120_memorials28-10740.jpg"},"origine":{"url":"https:\/\/www.saint-brevin.com\/medias\/images\/prestataires\/memorials28-10740.jpg"}},"urlLien":"","typeLien":"","nofollow":"N","copyright":""},{"url":"https:\/\/www.saint-brevin.com\/medias\/images\/prestataires\/memorials30-10741.jpg","chemin":"..\/medias\/images\/prestataires\/memorials30-10741.jpg","libelle":"memorials30-10741","extension":"jpg","categorie":"","largeur":3744,"theme":"","hauteur":2496,"type":"Image","origine":"","liaisonPave":"","langue":"","id":"10741","urlVignette":"https:\/\/www.saint-brevin.com\/medias\/images\/prestataires\/v-memorials30-10741.jpg","alt":"memorials30-10741","title":"memorials30-10741","MultiTaille":{"1920x1440":{"url":"https:\/\/www.saint-brevin.com\/medias\/images\/prestataires\/multitailles\/1920x1440_memorials30-10741.jpg"},"1200x900":{"url":"https:\/\/www.saint-brevin.com\/medias\/images\/prestataires\/multitailles\/1200x900_memorials30-10741.jpg"},"800x600":{"url":"https:\/\/www.saint-brevin.com\/medias\/images\/prestataires\/multitailles\/800x600_memorials30-10741.jpg"},"640x480":{"url":"https:\/\/www.saint-brevin.com\/medias\/images\/prestataires\/multitailles\/640x480_memorials30-10741.jpg"},"320x240":{"url":"https:\/\/www.saint-brevin.com\/medias\/images\/prestataires\/multitailles\/320x240_memorials30-10741.jpg"},"160x120":{"url":"https:\/\/www.saint-brevin.com\/medias\/images\/prestataires\/multitailles\/160x120_memorials30-10741.jpg"},"origine":{"url":"https:\/\/www.saint-brevin.com\/medias\/images\/prestataires\/memorials30-10741.jpg"}},"urlLien":"","typeLien":"","nofollow":"N","copyright":""},{"url":"https:\/\/www.saint-brevin.com\/medias\/images\/prestataires\/memorials32-10742.jpg","chemin":"..\/medias\/images\/prestataires\/memorials32-10742.jpg","libelle":"memorials32-10742","extension":"jpg","categorie":"","largeur":3661,"theme":"","hauteur":2441,"type":"Image","origine":"","liaisonPave":"","langue":"","id":"10742","urlVignette":"https:\/\/www.saint-brevin.com\/medias\/images\/prestataires\/v-memorials32-10742.jpg","alt":"memorials32-10742","title":"memorials32-10742","MultiTaille":{"1920x1440":{"url":"https:\/\/www.saint-brevin.com\/medias\/images\/prestataires\/multitailles\/1920x1440_memorials32-10742.jpg"},"1200x900":{"url":"https:\/\/www.saint-brevin.com\/medias\/images\/prestataires\/multitailles\/1200x900_memorials32-10742.jpg"},"800x600":{"url":"https:\/\/www.saint-brevin.com\/medias\/images\/prestataires\/multitailles\/800x600_memorials32-10742.jpg"},"640x480":{"url":"https:\/\/www.saint-brevin.com\/medias\/images\/prestataires\/multitailles\/640x480_memorials32-10742.jpg"},"320x240":{"url":"https:\/\/www.saint-brevin.com\/medias\/images\/prestataires\/multitailles\/320x240_memorials32-10742.jpg"},"160x120":{"url":"https:\/\/www.saint-brevin.com\/medias\/images\/prestataires\/multitailles\/160x120_memorials32-10742.jpg"},"origine":{"url":"https:\/\/www.saint-brevin.com\/medias\/images\/prestataires\/memorials32-10742.jpg"}},"urlLien":"","typeLien":"","nofollow":"N","copyright":""},{"url":"https:\/\/www.saint-brevin.com\/medias\/images\/prestataires\/memorials34-10743.jpg","chemin":"..\/medias\/images\/prestataires\/memorials34-10743.jpg","libelle":"memorials34-10743","extension":"jpg","categorie":"","largeur":6960,"theme":"","hauteur":4640,"type":"Image","origine":"","liaisonPave":"","langue":"","id":"10743","urlVignette":"https:\/\/www.saint-brevin.com\/medias\/images\/prestataires\/v-memorials34-10743.jpg","alt":"memorials34-10743","title":"memorials34-10743","MultiTaille":{"1920x1440":{"url":"https:\/\/www.saint-brevin.com\/medias\/images\/prestataires\/multitailles\/1920x1440_memorials34-10743.jpg"},"1200x900":{"url":"https:\/\/www.saint-brevin.com\/medias\/images\/prestataires\/multitailles\/1200x900_memorials34-10743.jpg"},"800x600":{"url":"https:\/\/www.saint-brevin.com\/medias\/images\/prestataires\/multitailles\/800x600_memorials34-10743.jpg"},"640x480":{"url":"https:\/\/www.saint-brevin.com\/medias\/images\/prestataires\/multitailles\/640x480_memorials34-10743.jpg"},"320x240":{"url":"https:\/\/www.saint-brevin.com\/medias\/images\/prestataires\/multitailles\/320x240_memorials34-10743.jpg"},"160x120":{"url":"https:\/\/www.saint-brevin.com\/medias\/images\/prestataires\/multitailles\/160x120_memorials34-10743.jpg"},"origine":{"url":"https:\/\/www.saint-brevin.com\/medias\/images\/prestataires\/memorials34-10743.jpg"}},"urlLien":"","typeLien":"","nofollow":"N","copyright":""},{"url":"https:\/\/www.saint-brevin.com\/medias\/images\/prestataires\/memorials35-10744.jpg","chemin":"..\/medias\/images\/prestataires\/memorials35-10744.jpg","libelle":"memorials35-10744","extension":"jpg","categorie":"","largeur":6960,"theme":"","hauteur":4640,"type":"Image","origine":"","liaisonPave":"","langue":"","id":"10744","urlVignette":"https:\/\/www.saint-brevin.com\/medias\/images\/prestataires\/v-memorials35-10744.jpg","alt":"memorials35-10744","title":"memorials35-10744","MultiTaille":{"1920x1440":{"url":"https:\/\/www.saint-brevin.com\/medias\/images\/prestataires\/multitailles\/1920x1440_memorials35-10744.jpg"},"1200x900":{"url":"https:\/\/www.saint-brevin.com\/medias\/images\/prestataires\/multitailles\/1200x900_memorials35-10744.jpg"},"800x600":{"url":"https:\/\/www.saint-brevin.com\/medias\/images\/prestataires\/multitailles\/800x600_memorials35-10744.jpg"},"640x480":{"url":"https:\/\/www.saint-brevin.com\/medias\/images\/prestataires\/multitailles\/640x480_memorials35-10744.jpg"},"320x240":{"url":"https:\/\/www.saint-brevin.com\/medias\/images\/prestataires\/multitailles\/320x240_memorials35-10744.jpg"},"160x120":{"url":"https:\/\/www.saint-brevin.com\/medias\/images\/prestataires\/multitailles\/160x120_memorials35-10744.jpg"},"origine":{"url":"https:\/\/www.saint-brevin.com\/medias\/images\/prestataires\/memorials35-10744.jpg"}},"urlLien":"","typeLien":"","nofollow":"N","copyright":""},{"url":"https:\/\/www.saint-brevin.com\/medias\/images\/prestataires\/boivre-stelle-saint-brevin1-5288.jpg","chemin":"..\/medias\/images\/prestataires\/boivre-stelle-saint-brevin1-5288.jpg","libelle":"boivre-stelle-saint-brevin1-5288","extension":"jpg","categorie":"","largeur":960,"theme":"","hauteur":640,"type":"Image","origine":"","liaisonPave":"","langue":"","id":"5288","urlVignette":"https:\/\/www.saint-brevin.com\/medias\/images\/prestataires\/v-boivre-stelle-saint-brevin1-5288.jpg","alt":"boivre-stelle-saint-brevin1-5288","title":"boivre-stelle-saint-brevin1-5288","MultiTaille":{"1920x1440":{"url":"https:\/\/www.saint-brevin.com\/medias\/images\/prestataires\/multitailles\/1920x1440_boivre-stelle-saint-brevin1-5288.jpg"},"1200x900":{"url":"https:\/\/www.saint-brevin.com\/medias\/images\/prestataires\/multitailles\/1200x900_boivre-stelle-saint-brevin1-5288.jpg"},"800x600":{"url":"https:\/\/www.saint-brevin.com\/medias\/images\/prestataires\/multitailles\/800x600_boivre-stelle-saint-brevin1-5288.jpg"},"640x480":{"url":"https:\/\/www.saint-brevin.com\/medias\/images\/prestataires\/multitailles\/640x480_boivre-stelle-saint-brevin1-5288.jpg"},"320x240":{"url":"https:\/\/www.saint-brevin.com\/medias\/images\/prestataires\/multitailles\/320x240_boivre-stelle-saint-brevin1-5288.jpg"},"160x120":{"url":"https:\/\/www.saint-brevin.com\/medias\/images\/prestataires\/multitailles\/160x120_boivre-stelle-saint-brevin1-5288.jpg"},"origine":{"url":"https:\/\/www.saint-brevin.com\/medias\/images\/prestataires\/boivre-stelle-saint-brevin1-5288.jpg"}},"urlLien":"","typeLien":"","nofollow":"N","copyright":""}]},"Url":"chemin-de-la-memoire-39-45-en-pays-de-retz.html","Localisation":{"GoogleMap":{"Latitude":"47.21387","Longitude":"-2.16180"}},"ZoneGeo":"","Criteres":{"NIVPARTENAIRE[COMPLET":"","COMMUNES[SAINTBREVIN":"","COMMUNES[SAINTPEREENRETZ":"","COMMUNES[SAINTVIAUD":"","AUTOURL[AUTOUR":"","AUTOURL[STBREVINSE":"","UTYPC[PATRIMILITAIRE":"","UTYPC[CIRCUITOUEXPOSITIONPERMANENTE":"","UPERSI[UAUPER":"2de Guerre mondiale","UTHMUS[UMILI":"","LVISI[UVISLI":"","LVISI[UVGL":"","INSPUBMAJ[PASPARTENAIRE":"","MAJINGENIE[DATEDERNIEREMAJ":"20230315","MISEAJOUR[AMANDINE":""},"DateFinPublication":"","PrixAPartirDe":"","PrixPour":"","FicheListeEnCours":"fiche_liste_patrimoine_culturel_v2017","ParametresModele":{"AfficherPhotos":"1","NbPhotosMax":6,"AfficherReserver":0,"AfficherContact":0,"AfficherSalle":1,"AfficherZoneGeo":0,"AfficherEnSavoirPlus":"1","AfficherUneSeuleOuverture":0,"AfficherContactCarte":1,"AfficherTarifsChaudAPartirDe":0,"AfficherTarifChaudSansRecherche":0,"AfficherLiensCarnetVoyage":"1","AfficherOuverture":"0","BlocCritereInfo":{"critere1":{"libelle":""},"critere2":{"libelle":""},"critere3":{"libelle":"LIBELLE_GENERAL"},"critere4":{"libelle":""},"critere5":{"libelle":""},"critere6":{"libelle":""},"critere7":{"libelle":"","liste_critere":["COMMUNES|U"]},"critere8":{"libelle":""},"afficherpictoetpaslibelle":"1"},"Criteres":"NIVPARTENAIRE[COMPLET","PositionBloc":"GALLERIE|NOM|CARNET_VOYAGE|URL","TypePrestataire":"U","ComportementResa":false,"ComportementDispo":false},"AffichageCoordonnees":[],"Coordonnees":{"Ville":"ST BREVIN LES PINS"},"ContexteId":"PRESTATAIRE|U|CHEMINDELAMEMOIREENPAYSDERETZ","ContexteIdHtml":"PRESTATAIRE-U-CHEMINDELAMEMOIREENPAYSDERETZ","cleContexte":"U|CHEMINDELAMEMOIREENPAYSDERETZ","Bloc":{"texte1":"","texte3":"","critere1":{"libelle":"","contenu":[]},"critere2":{"libelle":"","contenu":[]},"critere3":{"libelle":"","contenu":[]},"critere4":{"libelle":"","contenu":[]},"critere5":{"libelle":"","contenu":[]},"critere6":{"libelle":"","contenu":[]},"critere7":{"libelle":"","contenu":{"COMMUNES":{"libelle":"COMMUNE","contenu":{"1":"Saint-Brevin","5":"Saint-P\u00e8re en Retz","6":"Saint-Viaud"},"codesValeurs":{"1":"COMMUNES|SAINTBREVIN|U","5":"COMMUNES|SAINTPEREENRETZ|U","6":"COMMUNES|SAINTVIAUD|U"},"criteres_datas":{"valeurs":{"1":{"SAINTBREVIN":{"descriptif":""}},"5":{"SAINTPEREENRETZ":{"descriptif":""}},"6":{"SAINTVIAUD":{"descriptif":""}}}}}}},"critere8":{"libelle":"","contenu":[]},"critere9":{"libelle":"","contenu":[]}},"LocalisationGps":{"Latitude":"47.21387","Longitude":"-2.16180"},"libelleDuPrestataire":"","listeCriteres":{"NIVPARTENAIRE":{"COMPLET":""},"COMMUNES":{"SAINTBREVIN":"","SAINTPEREENRETZ":"","SAINTVIAUD":""},"AUTOURL":{"AUTOUR":"","STBREVINSE":""},"UTYPC":{"PATRIMILITAIRE":"","CIRCUITOUEXPOSITIONPERMANENTE":""},"UPERSI":{"UAUPER":"2de Guerre mondiale"},"UTHMUS":{"UMILI":""},"LVISI":{"UVISLI":"","UVGL":""},"INSPUBMAJ":{"PASPARTENAIRE":""},"MAJINGENIE":{"DATEDERNIEREMAJ":"20230315"},"MISEAJOUR":{"AMANDINE":""}},"dansCarnetVoyage":true,"Ouverture":""},"html":" \n \u003Cdiv id=\"CV-PRESTATAIRE-U-CHEMINDELAMEMOIREENPAYSDERETZ\" data-contexte-id=\"PRESTATAIRE|U|CHEMINDELAMEMOIREENPAYSDERETZ\" data-cle=\"U|CHEMINDELAMEMOIREENPAYSDERETZ\" class=\"fiche-liste\"\u003E\n    \n\n    \u003C!-- partie photo --\u003E\n    \u003Cdiv class=\"photo\"\u003E\t\t\t\t\t\t\t\t\t\t\t\t\t\t\t\t\t\t\t\t\t\n        \u003Cdiv class=\"cadre_photo_principale\"\u003E\t\t\n        \n            \t\t\t\t\t\n                    \u003Ca href=\"chemin-de-la-memoire-39-45-en-pays-de-retz.html?origine=carnet#media\"\u003E\n                        \u003Cimg class=\"photo_principale\" alt=\"memorials3-10739\" src=\"https:\/\/www.saint-brevin.com\/medias\/images\/prestataires\/multitailles\/320x240_memorials3-10739.jpg\" itemprop=\"image\"\u003E\n                    \u003C\/a\u003E\t\t\t\t\t\t\n                \n                    \u003C\/div\u003E\t\t\t\t\t\t\t\t\t\t\t\t\t\t\t\t\t\t\t \t\t\n    \u003C\/div\u003E\n    \n    \u003C!-- partie nom prest --\u003E\n    \u003Cdiv class=\"nom\"\u003E\n        \u003Ch2\u003EChemin de la M\u00e9moire 39-45 en Pays de Retz\u003C\/h2\u003E\n        \n            \u003C\/div\u003E\n\n         \n    \u003C!-- partie adresse --\u003E\n    \u003Cdiv class=\"adresse\"\u003E\n    \n          \n    \u003C\/div\u003E\n    \n    \u003C!-- partie liens --\u003E\n    \u003Cdiv class=\"liens\"\u003E\n            \u003Ca class=\"btn-icon btn-view \" title=\"Voir la fiche d\u00e9taill\u00e9e\" href=\"chemin-de-la-memoire-39-45-en-pays-de-retz.html?origine=carnet\"\u003E\u003C\/a\u003E\u003C!--\u003Ca class=\"btn-icon btn-view \" title=\"\" href=\"?origine=carnet#thaut\"\u003E\u003C\/a\u003E--\u003E\n      \u003Ca class=\"btn-icon btn-trash carnet_voyage_supprimer\" title=\"Supprimer cette fiche de mon carnet de voyage\" href=\"carnet-voyage?action=remove&fiche=U|CHEMINDELAMEMOIREENPAYSDERETZ\"\u003E\u003C\/a\u003E\n    \u003C\/div\u003E\n\n\u003C\/div\u003E\n\n","icon":"https:\/\/static.ingenie.fr\/images\/carnetVoyageV3\/U.png"},"fiche":"U|CHEMINDELAMEMOIREENPAYSDERETZ","popup":"\u003Cdiv id=\"bloc_popup_ajout_fiche_carnet\"\u003E\n    \u003Cdiv class=\"info_popup_ajout_fiche_carnet\"\u003E\n        Vous venez d'ajouter cet \u00e9l\u00e9ment \u00e0 votre carnet de voyage :    \u003C\/div\u003E\n    \u003Cdiv class=\"prest_popup_ajout_fiche_carnet\"\u003E\n        Chemin de la M&eacute;moire 39-45 en Pays de Retz    \u003C\/div\u003E\n    \u003Cdiv class=\"bloc_btn_ajout_fiche_carnet form_submit_div\"\u003E\n        \u003Cinput type=\"button\" value=\"Continuer ma s\u00e9lection\" title=\"Continuer ma s\u00e9lection\" name=\"btn_close\" class=\"btn_close_popup_carnet form_submit\" onclick=\"$.colorbox.close()\" \/\u003E\n        \u003Cinput type=\"button\" value=\"Voir mon carnet de voyage\" title=\"Voir mon carnet\" name=\"btn_panier\" class=\"btn_panier_popup_carnet form_submit\" onclick=\"if(typeof CarnetVoyage != 'undefined') {CarnetVoyage.voirCarnet();}\" \/\u003E\n    \u003C\/div\u003E\n    \u003Cdiv class=\"bloc_btn_ajout_fiche_carnet\"\u003E\n        \u003Cinput type=\"checkbox\" value=\"1\" name=\"desactiver_popup\" id=\"desactiver_popup\" \/\u003E\n        \u003Clabel for=\"desactiver_popup\"\u003ENe plus afficher ce message\u003C\/label\u003E\n    \u003C\/div\u003E\n\u003C\/div\u003E","success":1}