{"nbFiches":1,"dataPrest":{"infoPrest":{"pave1":{"libelle":"Slogan","contenu":""},"pave2":{"libelle":"Descriptif","contenu":"La chapelle Saint-Charles, construite avant le milieu du XVIII&egrave;me si&egrave;cle, est accol&eacute;e &agrave; l&#39;h&ocirc;pital et accueillait &agrave; la fois les malades et les fid&egrave;les du quartier.\u003Cbr \/\u003E\r\n\u003Cbr \/\u003E\r\nLa plupart des aum&ocirc;niers servant pour la chapelle de l&#39;Hospice &eacute;taient irlandais. Durant la R&eacute;volution, elle est transform&eacute;e en grenier pour les troupes r&eacute;publicaines. Une fois les tourments de la R&eacute;volution pass&eacute;s, elle reprend son but initial.&nbsp; Pendant la Seconde Guerre Mondiale, elle est occup&eacute;e (et saccag&eacute;e) par la Kommandantur. Petit &agrave; petit, elle n&rsquo;est plus utilis&eacute;e que par les fid&egrave;les en fin d&rsquo;apr&egrave;s-midi pour assister au chapelet.\u003Cbr \/\u003E\r\n\u003Cbr \/\u003E\r\nElle ferme au public en 2001, et est d&eacute;sacralis&eacute;e. La municipalit&eacute; l&rsquo;ach&egrave;te pour 1&euro; symbolique en 2009.\u003Cbr \/\u003E\r\n\u003Cbr \/\u003E\r\n\u003Cbr \/\u003E\r\nCe lieu de culte, &eacute;tait autrefois ouvert sur la salle des malades qui pouvaient ainsi assister aux offices derri&egrave;re des balustres en bois. La chapelle comprend une nef et un chevet plat avec une couverture en tuiles. L&rsquo;int&eacute;rieur est couvert de vo&ucirc;tes lambriss&eacute;es avec fermes apparentes. Le ch&oelig;ur renferme un autel-tabernacle et un retable polychrom&eacute; avec un tableau de 1743 au centre repr&eacute;sentant Saint-Charles-Borrom&eacute;, offert &agrave; la suite de la peste de 1720. Ces deux objets d&rsquo;art pr&eacute;cieux sont inscrits depuis 2023 au titre de monuments historiques.\u003Cbr \/\u003E\r\n\u003Cbr \/\u003E\r\n\u003Cbr \/\u003E\r\nEntre 2022 et 2024, la chapelle Saint-Charles a &eacute;t&eacute; enti&egrave;rement restaur&eacute;e sous l&#39;impulsion de la muncipalit&eacute;.\u003Cbr \/\u003E\r\n\u003Cbr \/\u003E\r\nLa restauration a &eacute;t&eacute; entreprise gr&acirc;ce &agrave; un grand appel aux dons et &agrave; l&rsquo;aide de la Fondation du Patrimoine, ce qui a permis &agrave; des contributeurs priv&eacute;s de contibuer &agrave; cette r&eacute;novation. Mais aussi gr&acirc;ce au soutien du club des m&eacute;c&eacute;nes de Loire Atlantique, la Fondation Total Energie, le D&eacute;partement, l&rsquo;&Eacute;tat ou encore la DRAC. L&rsquo;Orchestre National des Pays de la Loire a &eacute;galement soutenu le projet en donnant un concert dans le cadre des JEP &agrave; Paimboeuf. Au final 90% de cette r&eacute;novation a &eacute;t&eacute; financ&eacute;e par des sources ext&eacute;rieures &agrave; la commune. Ce qui montre un r&eacute;el soutien et int&eacute;r&ecirc;t pour ce beau projet \u003Cb style=\"font-weight:normal;\"\u003E\u003Cspan style=\"font-size:11pt;font-family:Calibri,sans-serif;color:#000000;background-color:transparent;font-weight:400;font-style:normal;font-variant:normal;text-decoration:none;vertical-align:baseline;white-space:pre;white-space:pre-wrap;\"\u003E!\u003C\/span\u003E\u003C\/b\u003E\u003Cbr \/\u003E\r\n\u003Cbr \/\u003E\r\n\u003Cbr \/\u003E\r\n\u003Cstrong\u003EAfin de la prot&eacute;ger la chapelle est ferm&eacute;e aux visiteurs en dehors des &eacute;v&egrave;nements ou des visites pr&eacute;vues, n&#39;h&eacute;sitez pas &agrave; consulter notre agenda ou &agrave; nous contacter pour conna&icirc;tre ses dates d&#39;ouverture.\u003Cbr \/\u003E\r\n\u003Cbr \/\u003E\r\nPossibilit&eacute; de visites guid&eacute;es sur demande pour les groupes, merci de nous contacter au moins 3 semaines avant pour voir les possibilit&eacute;s.\u003C\/strong\u003E\u003Cbr \/\u003E\r\n\u003Cbr \/\u003E\r\n&nbsp;"},"pave3":{"libelle":"","contenu":""},"pave4":{"libelle":"","contenu":""},"pave5":{"libelle":"","contenu":""},"pave6":{"libelle":"","contenu":""},"pave7":{"libelle":"","contenu":""},"pave8":{"libelle":"","contenu":""},"pave9":{"libelle":"","contenu":""},"pave10":{"libelle":"","contenu":""},"pave11":{"libelle":"","contenu":""},"pave12":{"libelle":"","contenu":""},"pave13":{"libelle":"","contenu":""},"pave14":{"libelle":"","contenu":""},"pave15":{"libelle":"","contenu":""},"pave16":{"libelle":"","contenu":""},"pave17":{"libelle":"","contenu":""},"pave18":{"libelle":"","contenu":""},"pave19":{"libelle":"","contenu":""},"pave20":{"libelle":"","contenu":""},"pave21":{"libelle":"","contenu":""},"pave22":{"libelle":"","contenu":""},"pave23":{"libelle":"","contenu":""},"pave24":{"libelle":"","contenu":""},"pave25":{"libelle":"","contenu":""},"Libelle":"Chapelle Saint-Charles","Nom":"Chapelle Saint-Charles","Prenom":"","NomPrenom":"Chapelle Saint-Charles ","CiviliteNomPrenom":"Chapelle Saint-Charles ","Cle":"U|CHAPELLESTCHARLES","PrestataireParent":"","ContexteStat":"PRESTATAIRE-U-CHAPELLESTCHARLES","DateModificationIso":"2025-11-21T12:58:00+01:00","Type":"PRESTATAIRE","TypePrestataire":"U","Adresse":{"LigneAdresse1":"","LigneAdresse2":"","LigneAdresse3":"","CodePostal":"44560","Ville":"PAIMBOEUF","Cedex":"","Etat":"","Pays":"FRA"},"Email":"","Telephone":"","TelephoneBureau":"","Portable":"","SiteWeb":"","Fax":"","Id":"u-chapellestcharles","Code":"U|CHAPELLESTCHARLES","Fichier":{"Document":[{"url":"https:\/\/www.saint-brevin.com\/medias\/images\/prestataires\/saison-culturelle-septembre-decembre-2024-9535.pdf","chemin":"..\/medias\/images\/prestataires\/saison-culturelle-septembre-decembre-2024-9535.pdf","libelle":"saison-culturelle-septembre-decembre-2024-9535","extension":"pdf","categorie":"","largeur":"","theme":"","hauteur":"","type":"Document","origine":"","liaisonPave":"","langue":"","id":"9535","poids":"3.03 Mo","alt":"saison-culturelle-septembre-decembre-2024-9535","title":"saison-culturelle-septembre-decembre-2024-9535"},{"url":"https:\/\/www.saint-brevin.com\/medias\/images\/prestataires\/dossier-de-demande-utilisation-chapelle-saint-charles-9421.pdf","chemin":"..\/medias\/images\/prestataires\/dossier-de-demande-utilisation-chapelle-saint-charles-9421.pdf","libelle":"dossier-de-demande-utilisation-chapelle-saint-charles-9421","extension":"pdf","categorie":"","largeur":"","theme":"","hauteur":"","type":"Document","origine":"","liaisonPave":"","langue":"","id":"9421","poids":"854.84 Ko","alt":"dossier-de-demande-utilisation-chapelle-saint-charles-9421","title":"dossier-de-demande-utilisation-chapelle-saint-charles-9421"}],"ByCategorie":{"":[{"url":"https:\/\/www.saint-brevin.com\/medias\/images\/prestataires\/saison-culturelle-septembre-decembre-2024-9535.pdf","chemin":"..\/medias\/images\/prestataires\/saison-culturelle-septembre-decembre-2024-9535.pdf","libelle":"saison-culturelle-septembre-decembre-2024-9535","extension":"pdf","categorie":"","largeur":"","theme":"","hauteur":"","type":"Document","origine":"","liaisonPave":"","langue":"","id":"9535","poids":"3.03 Mo","alt":"saison-culturelle-septembre-decembre-2024-9535","title":"saison-culturelle-septembre-decembre-2024-9535"},{"url":"https:\/\/www.saint-brevin.com\/medias\/images\/prestataires\/2024-08-23-9588.jpg","chemin":"..\/medias\/images\/prestataires\/2024-08-23-9588.jpg","libelle":"2024-08-23-9588","extension":"jpg","categorie":"","largeur":680,"theme":"","hauteur":510,"type":"Image","origine":"","liaisonPave":"","langue":"","id":"9588","urlVignette":"https:\/\/www.saint-brevin.com\/medias\/images\/prestataires\/v-2024-08-23-9588.jpg","alt":"2024-08-23-9588","title":"2024-08-23-9588","MultiTaille":{"1920x1440":{"url":"https:\/\/www.saint-brevin.com\/medias\/images\/prestataires\/multitailles\/1920x1440_2024-08-23-9588.jpg"},"1200x900":{"url":"https:\/\/www.saint-brevin.com\/medias\/images\/prestataires\/multitailles\/1200x900_2024-08-23-9588.jpg"},"800x600":{"url":"https:\/\/www.saint-brevin.com\/medias\/images\/prestataires\/multitailles\/800x600_2024-08-23-9588.jpg"},"640x480":{"url":"https:\/\/www.saint-brevin.com\/medias\/images\/prestataires\/multitailles\/640x480_2024-08-23-9588.jpg"},"320x240":{"url":"https:\/\/www.saint-brevin.com\/medias\/images\/prestataires\/multitailles\/320x240_2024-08-23-9588.jpg"},"160x120":{"url":"https:\/\/www.saint-brevin.com\/medias\/images\/prestataires\/multitailles\/160x120_2024-08-23-9588.jpg"},"origine":{"url":"https:\/\/www.saint-brevin.com\/medias\/images\/prestataires\/2024-08-23-9588.jpg"}},"urlLien":"","typeLien":"","nofollow":"N","copyright":""},{"url":"https:\/\/www.saint-brevin.com\/medias\/images\/prestataires\/img-2810-9156.jpg","chemin":"..\/medias\/images\/prestataires\/img-2810-9156.jpg","libelle":"img-2810-9156","extension":"jpg","categorie":"","largeur":4032,"theme":"","hauteur":3024,"type":"Image","origine":"","liaisonPave":"","langue":"","id":"9156","urlVignette":"https:\/\/www.saint-brevin.com\/medias\/images\/prestataires\/v-img-2810-9156.jpg","alt":"img-2810-9156","title":"img-2810-9156","MultiTaille":{"1920x1440":{"url":"https:\/\/www.saint-brevin.com\/medias\/images\/prestataires\/multitailles\/1920x1440_img-2810-9156.jpg"},"1200x900":{"url":"https:\/\/www.saint-brevin.com\/medias\/images\/prestataires\/multitailles\/1200x900_img-2810-9156.jpg"},"800x600":{"url":"https:\/\/www.saint-brevin.com\/medias\/images\/prestataires\/multitailles\/800x600_img-2810-9156.jpg"},"640x480":{"url":"https:\/\/www.saint-brevin.com\/medias\/images\/prestataires\/multitailles\/640x480_img-2810-9156.jpg"},"320x240":{"url":"https:\/\/www.saint-brevin.com\/medias\/images\/prestataires\/multitailles\/320x240_img-2810-9156.jpg"},"160x120":{"url":"https:\/\/www.saint-brevin.com\/medias\/images\/prestataires\/multitailles\/160x120_img-2810-9156.jpg"},"origine":{"url":"https:\/\/www.saint-brevin.com\/medias\/images\/prestataires\/img-2810-9156.jpg"}},"urlLien":"","typeLien":"","nofollow":"N","copyright":""},{"url":"https:\/\/www.saint-brevin.com\/medias\/images\/prestataires\/dossier-de-demande-utilisation-chapelle-saint-charles-9421.pdf","chemin":"..\/medias\/images\/prestataires\/dossier-de-demande-utilisation-chapelle-saint-charles-9421.pdf","libelle":"dossier-de-demande-utilisation-chapelle-saint-charles-9421","extension":"pdf","categorie":"","largeur":"","theme":"","hauteur":"","type":"Document","origine":"","liaisonPave":"","langue":"","id":"9421","poids":"854.84 Ko","alt":"dossier-de-demande-utilisation-chapelle-saint-charles-9421","title":"dossier-de-demande-utilisation-chapelle-saint-charles-9421"},{"url":"https:\/\/www.saint-brevin.com\/medias\/images\/prestataires\/capture-d-cran-2023-12-04-154230-8651.png","chemin":"..\/medias\/images\/prestataires\/capture-d-cran-2023-12-04-154230-8651.png","libelle":"capture-d-cran-2023-12-04-154230-8651","extension":"png","categorie":"","largeur":629,"theme":"","hauteur":921,"type":"Image","origine":"","liaisonPave":"","langue":"","id":"8651","urlVignette":"https:\/\/www.saint-brevin.com\/medias\/images\/prestataires\/v-capture-d-cran-2023-12-04-154230-8651.png","alt":"capture-d-cran-2023-12-04-154230-8651","title":"capture-d-cran-2023-12-04-154230-8651","MultiTaille":{"1920x1440":{"url":"https:\/\/www.saint-brevin.com\/medias\/images\/prestataires\/multitailles\/1920x1440_capture-d-cran-2023-12-04-154230-8651.png"},"1200x900":{"url":"https:\/\/www.saint-brevin.com\/medias\/images\/prestataires\/multitailles\/1200x900_capture-d-cran-2023-12-04-154230-8651.png"},"800x600":{"url":"https:\/\/www.saint-brevin.com\/medias\/images\/prestataires\/multitailles\/800x600_capture-d-cran-2023-12-04-154230-8651.png"},"640x480":{"url":"https:\/\/www.saint-brevin.com\/medias\/images\/prestataires\/multitailles\/640x480_capture-d-cran-2023-12-04-154230-8651.png"},"320x240":{"url":"https:\/\/www.saint-brevin.com\/medias\/images\/prestataires\/multitailles\/320x240_capture-d-cran-2023-12-04-154230-8651.png"},"160x120":{"url":"https:\/\/www.saint-brevin.com\/medias\/images\/prestataires\/multitailles\/160x120_capture-d-cran-2023-12-04-154230-8651.png"},"origine":{"url":"https:\/\/www.saint-brevin.com\/medias\/images\/prestataires\/capture-d-cran-2023-12-04-154230-8651.png"}},"urlLien":"","typeLien":"","nofollow":"N","copyright":""},{"url":"https:\/\/www.saint-brevin.com\/medias\/images\/prestataires\/capture-d-cran-2023-12-04-154413-8652.png","chemin":"..\/medias\/images\/prestataires\/capture-d-cran-2023-12-04-154413-8652.png","libelle":"capture-d-cran-2023-12-04-154413-8652","extension":"png","categorie":"","largeur":609,"theme":"","hauteur":822,"type":"Image","origine":"","liaisonPave":"","langue":"","id":"8652","urlVignette":"https:\/\/www.saint-brevin.com\/medias\/images\/prestataires\/v-capture-d-cran-2023-12-04-154413-8652.png","alt":"capture-d-cran-2023-12-04-154413-8652","title":"capture-d-cran-2023-12-04-154413-8652","MultiTaille":{"1920x1440":{"url":"https:\/\/www.saint-brevin.com\/medias\/images\/prestataires\/multitailles\/1920x1440_capture-d-cran-2023-12-04-154413-8652.png"},"1200x900":{"url":"https:\/\/www.saint-brevin.com\/medias\/images\/prestataires\/multitailles\/1200x900_capture-d-cran-2023-12-04-154413-8652.png"},"800x600":{"url":"https:\/\/www.saint-brevin.com\/medias\/images\/prestataires\/multitailles\/800x600_capture-d-cran-2023-12-04-154413-8652.png"},"640x480":{"url":"https:\/\/www.saint-brevin.com\/medias\/images\/prestataires\/multitailles\/640x480_capture-d-cran-2023-12-04-154413-8652.png"},"320x240":{"url":"https:\/\/www.saint-brevin.com\/medias\/images\/prestataires\/multitailles\/320x240_capture-d-cran-2023-12-04-154413-8652.png"},"160x120":{"url":"https:\/\/www.saint-brevin.com\/medias\/images\/prestataires\/multitailles\/160x120_capture-d-cran-2023-12-04-154413-8652.png"},"origine":{"url":"https:\/\/www.saint-brevin.com\/medias\/images\/prestataires\/capture-d-cran-2023-12-04-154413-8652.png"}},"urlLien":"","typeLien":"","nofollow":"N","copyright":""},{"url":"https:\/\/www.saint-brevin.com\/medias\/images\/prestataires\/capture-d-cran-2023-12-04-154400-8653.png","chemin":"..\/medias\/images\/prestataires\/capture-d-cran-2023-12-04-154400-8653.png","libelle":"capture-d-cran-2023-12-04-154400-8653","extension":"png","categorie":"","largeur":596,"theme":"","hauteur":919,"type":"Image","origine":"","liaisonPave":"","langue":"","id":"8653","urlVignette":"https:\/\/www.saint-brevin.com\/medias\/images\/prestataires\/v-capture-d-cran-2023-12-04-154400-8653.png","alt":"capture-d-cran-2023-12-04-154400-8653","title":"capture-d-cran-2023-12-04-154400-8653","MultiTaille":{"1920x1440":{"url":"https:\/\/www.saint-brevin.com\/medias\/images\/prestataires\/multitailles\/1920x1440_capture-d-cran-2023-12-04-154400-8653.png"},"1200x900":{"url":"https:\/\/www.saint-brevin.com\/medias\/images\/prestataires\/multitailles\/1200x900_capture-d-cran-2023-12-04-154400-8653.png"},"800x600":{"url":"https:\/\/www.saint-brevin.com\/medias\/images\/prestataires\/multitailles\/800x600_capture-d-cran-2023-12-04-154400-8653.png"},"640x480":{"url":"https:\/\/www.saint-brevin.com\/medias\/images\/prestataires\/multitailles\/640x480_capture-d-cran-2023-12-04-154400-8653.png"},"320x240":{"url":"https:\/\/www.saint-brevin.com\/medias\/images\/prestataires\/multitailles\/320x240_capture-d-cran-2023-12-04-154400-8653.png"},"160x120":{"url":"https:\/\/www.saint-brevin.com\/medias\/images\/prestataires\/multitailles\/160x120_capture-d-cran-2023-12-04-154400-8653.png"},"origine":{"url":"https:\/\/www.saint-brevin.com\/medias\/images\/prestataires\/capture-d-cran-2023-12-04-154400-8653.png"}},"urlLien":"","typeLien":"","nofollow":"N","copyright":""},{"url":"https:\/\/www.saint-brevin.com\/medias\/images\/prestataires\/image00003-9158.jpeg","chemin":"..\/medias\/images\/prestataires\/image00003-9158.jpeg","libelle":"image00003-9158","extension":"jpeg","categorie":"","largeur":4032,"theme":"","hauteur":3024,"type":"Image","origine":"","liaisonPave":"","langue":"","id":"9158","urlVignette":"https:\/\/www.saint-brevin.com\/medias\/images\/prestataires\/v-image00003-9158.jpeg","alt":"image00003-9158","title":"image00003-9158","MultiTaille":{"1920x1440":{"url":"https:\/\/www.saint-brevin.com\/medias\/images\/prestataires\/multitailles\/1920x1440_image00003-9158.jpeg"},"1200x900":{"url":"https:\/\/www.saint-brevin.com\/medias\/images\/prestataires\/multitailles\/1200x900_image00003-9158.jpeg"},"800x600":{"url":"https:\/\/www.saint-brevin.com\/medias\/images\/prestataires\/multitailles\/800x600_image00003-9158.jpeg"},"640x480":{"url":"https:\/\/www.saint-brevin.com\/medias\/images\/prestataires\/multitailles\/640x480_image00003-9158.jpeg"},"320x240":{"url":"https:\/\/www.saint-brevin.com\/medias\/images\/prestataires\/multitailles\/320x240_image00003-9158.jpeg"},"160x120":{"url":"https:\/\/www.saint-brevin.com\/medias\/images\/prestataires\/multitailles\/160x120_image00003-9158.jpeg"},"origine":{"url":"https:\/\/www.saint-brevin.com\/medias\/images\/prestataires\/image00003-9158.jpeg"}},"urlLien":"","typeLien":"","nofollow":"N","copyright":""},{"url":"https:\/\/www.saint-brevin.com\/medias\/images\/prestataires\/image00002-9159.jpeg","chemin":"..\/medias\/images\/prestataires\/image00002-9159.jpeg","libelle":"image00002-9159","extension":"jpeg","categorie":"","largeur":4032,"theme":"","hauteur":3024,"type":"Image","origine":"","liaisonPave":"","langue":"","id":"9159","urlVignette":"https:\/\/www.saint-brevin.com\/medias\/images\/prestataires\/v-image00002-9159.jpeg","alt":"image00002-9159","title":"image00002-9159","MultiTaille":{"1920x1440":{"url":"https:\/\/www.saint-brevin.com\/medias\/images\/prestataires\/multitailles\/1920x1440_image00002-9159.jpeg"},"1200x900":{"url":"https:\/\/www.saint-brevin.com\/medias\/images\/prestataires\/multitailles\/1200x900_image00002-9159.jpeg"},"800x600":{"url":"https:\/\/www.saint-brevin.com\/medias\/images\/prestataires\/multitailles\/800x600_image00002-9159.jpeg"},"640x480":{"url":"https:\/\/www.saint-brevin.com\/medias\/images\/prestataires\/multitailles\/640x480_image00002-9159.jpeg"},"320x240":{"url":"https:\/\/www.saint-brevin.com\/medias\/images\/prestataires\/multitailles\/320x240_image00002-9159.jpeg"},"160x120":{"url":"https:\/\/www.saint-brevin.com\/medias\/images\/prestataires\/multitailles\/160x120_image00002-9159.jpeg"},"origine":{"url":"https:\/\/www.saint-brevin.com\/medias\/images\/prestataires\/image00002-9159.jpeg"}},"urlLien":"","typeLien":"","nofollow":"N","copyright":""},{"url":"https:\/\/www.saint-brevin.com\/medias\/images\/prestataires\/image00010-9160.jpeg","chemin":"..\/medias\/images\/prestataires\/image00010-9160.jpeg","libelle":"image00010-9160","extension":"jpeg","categorie":"","largeur":4032,"theme":"","hauteur":3024,"type":"Image","origine":"","liaisonPave":"","langue":"","id":"9160","urlVignette":"https:\/\/www.saint-brevin.com\/medias\/images\/prestataires\/v-image00010-9160.jpeg","alt":"image00010-9160","title":"image00010-9160","MultiTaille":{"1920x1440":{"url":"https:\/\/www.saint-brevin.com\/medias\/images\/prestataires\/multitailles\/1920x1440_image00010-9160.jpeg"},"1200x900":{"url":"https:\/\/www.saint-brevin.com\/medias\/images\/prestataires\/multitailles\/1200x900_image00010-9160.jpeg"},"800x600":{"url":"https:\/\/www.saint-brevin.com\/medias\/images\/prestataires\/multitailles\/800x600_image00010-9160.jpeg"},"640x480":{"url":"https:\/\/www.saint-brevin.com\/medias\/images\/prestataires\/multitailles\/640x480_image00010-9160.jpeg"},"320x240":{"url":"https:\/\/www.saint-brevin.com\/medias\/images\/prestataires\/multitailles\/320x240_image00010-9160.jpeg"},"160x120":{"url":"https:\/\/www.saint-brevin.com\/medias\/images\/prestataires\/multitailles\/160x120_image00010-9160.jpeg"},"origine":{"url":"https:\/\/www.saint-brevin.com\/medias\/images\/prestataires\/image00010-9160.jpeg"}},"urlLien":"","typeLien":"","nofollow":"N","copyright":""},{"url":"https:\/\/www.saint-brevin.com\/medias\/images\/prestataires\/image00022-9161.jpeg","chemin":"..\/medias\/images\/prestataires\/image00022-9161.jpeg","libelle":"image00022-9161","extension":"jpeg","categorie":"","largeur":4032,"theme":"","hauteur":3024,"type":"Image","origine":"","liaisonPave":"","langue":"","id":"9161","urlVignette":"https:\/\/www.saint-brevin.com\/medias\/images\/prestataires\/v-image00022-9161.jpeg","alt":"image00022-9161","title":"image00022-9161","MultiTaille":{"1920x1440":{"url":"https:\/\/www.saint-brevin.com\/medias\/images\/prestataires\/multitailles\/1920x1440_image00022-9161.jpeg"},"1200x900":{"url":"https:\/\/www.saint-brevin.com\/medias\/images\/prestataires\/multitailles\/1200x900_image00022-9161.jpeg"},"800x600":{"url":"https:\/\/www.saint-brevin.com\/medias\/images\/prestataires\/multitailles\/800x600_image00022-9161.jpeg"},"640x480":{"url":"https:\/\/www.saint-brevin.com\/medias\/images\/prestataires\/multitailles\/640x480_image00022-9161.jpeg"},"320x240":{"url":"https:\/\/www.saint-brevin.com\/medias\/images\/prestataires\/multitailles\/320x240_image00022-9161.jpeg"},"160x120":{"url":"https:\/\/www.saint-brevin.com\/medias\/images\/prestataires\/multitailles\/160x120_image00022-9161.jpeg"},"origine":{"url":"https:\/\/www.saint-brevin.com\/medias\/images\/prestataires\/image00022-9161.jpeg"}},"urlLien":"","typeLien":"","nofollow":"N","copyright":""},{"url":"https:\/\/www.saint-brevin.com\/medias\/images\/prestataires\/image00015-9162.jpeg","chemin":"..\/medias\/images\/prestataires\/image00015-9162.jpeg","libelle":"image00015-9162","extension":"jpeg","categorie":"","largeur":4032,"theme":"","hauteur":3024,"type":"Image","origine":"","liaisonPave":"","langue":"","id":"9162","urlVignette":"https:\/\/www.saint-brevin.com\/medias\/images\/prestataires\/v-image00015-9162.jpeg","alt":"image00015-9162","title":"image00015-9162","MultiTaille":{"1920x1440":{"url":"https:\/\/www.saint-brevin.com\/medias\/images\/prestataires\/multitailles\/1920x1440_image00015-9162.jpeg"},"1200x900":{"url":"https:\/\/www.saint-brevin.com\/medias\/images\/prestataires\/multitailles\/1200x900_image00015-9162.jpeg"},"800x600":{"url":"https:\/\/www.saint-brevin.com\/medias\/images\/prestataires\/multitailles\/800x600_image00015-9162.jpeg"},"640x480":{"url":"https:\/\/www.saint-brevin.com\/medias\/images\/prestataires\/multitailles\/640x480_image00015-9162.jpeg"},"320x240":{"url":"https:\/\/www.saint-brevin.com\/medias\/images\/prestataires\/multitailles\/320x240_image00015-9162.jpeg"},"160x120":{"url":"https:\/\/www.saint-brevin.com\/medias\/images\/prestataires\/multitailles\/160x120_image00015-9162.jpeg"},"origine":{"url":"https:\/\/www.saint-brevin.com\/medias\/images\/prestataires\/image00015-9162.jpeg"}},"urlLien":"","typeLien":"","nofollow":"N","copyright":""},{"url":"https:\/\/www.saint-brevin.com\/medias\/images\/prestataires\/img-9286-9164.jpg","chemin":"..\/medias\/images\/prestataires\/img-9286-9164.jpg","libelle":"img-9286-9164","extension":"jpg","categorie":"","largeur":4032,"theme":"","hauteur":3024,"type":"Image","origine":"","liaisonPave":"","langue":"","id":"9164","urlVignette":"https:\/\/www.saint-brevin.com\/medias\/images\/prestataires\/v-img-9286-9164.jpg","alt":"img-9286-9164","title":"img-9286-9164","MultiTaille":{"1920x1440":{"url":"https:\/\/www.saint-brevin.com\/medias\/images\/prestataires\/multitailles\/1920x1440_img-9286-9164.jpg"},"1200x900":{"url":"https:\/\/www.saint-brevin.com\/medias\/images\/prestataires\/multitailles\/1200x900_img-9286-9164.jpg"},"800x600":{"url":"https:\/\/www.saint-brevin.com\/medias\/images\/prestataires\/multitailles\/800x600_img-9286-9164.jpg"},"640x480":{"url":"https:\/\/www.saint-brevin.com\/medias\/images\/prestataires\/multitailles\/640x480_img-9286-9164.jpg"},"320x240":{"url":"https:\/\/www.saint-brevin.com\/medias\/images\/prestataires\/multitailles\/320x240_img-9286-9164.jpg"},"160x120":{"url":"https:\/\/www.saint-brevin.com\/medias\/images\/prestataires\/multitailles\/160x120_img-9286-9164.jpg"},"origine":{"url":"https:\/\/www.saint-brevin.com\/medias\/images\/prestataires\/img-9286-9164.jpg"}},"urlLien":"","typeLien":"","nofollow":"N","copyright":""},{"url":"https:\/\/www.saint-brevin.com\/medias\/images\/prestataires\/capture-d-cran-2023-08-23-103810-9587.jpg","chemin":"..\/medias\/images\/prestataires\/capture-d-cran-2023-08-23-103810-9587.jpg","libelle":"capture-d-cran-2023-08-23-103810-9587","extension":"jpg","categorie":"","largeur":631,"theme":"","hauteur":504,"type":"Image","origine":"","liaisonPave":"","langue":"","id":"9587","urlVignette":"https:\/\/www.saint-brevin.com\/medias\/images\/prestataires\/v-capture-d-cran-2023-08-23-103810-9587.jpg","alt":"capture-d-cran-2023-08-23-103810-9587","title":"capture-d-cran-2023-08-23-103810-9587","MultiTaille":{"1920x1440":{"url":"https:\/\/www.saint-brevin.com\/medias\/images\/prestataires\/multitailles\/1920x1440_capture-d-cran-2023-08-23-103810-9587.jpg"},"1200x900":{"url":"https:\/\/www.saint-brevin.com\/medias\/images\/prestataires\/multitailles\/1200x900_capture-d-cran-2023-08-23-103810-9587.jpg"},"800x600":{"url":"https:\/\/www.saint-brevin.com\/medias\/images\/prestataires\/multitailles\/800x600_capture-d-cran-2023-08-23-103810-9587.jpg"},"640x480":{"url":"https:\/\/www.saint-brevin.com\/medias\/images\/prestataires\/multitailles\/640x480_capture-d-cran-2023-08-23-103810-9587.jpg"},"320x240":{"url":"https:\/\/www.saint-brevin.com\/medias\/images\/prestataires\/multitailles\/320x240_capture-d-cran-2023-08-23-103810-9587.jpg"},"160x120":{"url":"https:\/\/www.saint-brevin.com\/medias\/images\/prestataires\/multitailles\/160x120_capture-d-cran-2023-08-23-103810-9587.jpg"},"origine":{"url":"https:\/\/www.saint-brevin.com\/medias\/images\/prestataires\/capture-d-cran-2023-08-23-103810-9587.jpg"}},"urlLien":"","typeLien":"","nofollow":"N","copyright":""},{"url":"https:\/\/www.saint-brevin.com\/medias\/images\/prestataires\/1-10625.jpg","chemin":"..\/medias\/images\/prestataires\/1-10625.jpg","libelle":"1-10625","extension":"jpg","categorie":"","largeur":2016,"theme":"","hauteur":1512,"type":"Image","origine":"","liaisonPave":"","langue":"","id":"10625","urlVignette":"https:\/\/www.saint-brevin.com\/medias\/images\/prestataires\/v-1-10625.jpg","alt":"1-10625","title":"1-10625","MultiTaille":{"1920x1440":{"url":"https:\/\/www.saint-brevin.com\/medias\/images\/prestataires\/multitailles\/1920x1440_1-10625.jpg"},"1200x900":{"url":"https:\/\/www.saint-brevin.com\/medias\/images\/prestataires\/multitailles\/1200x900_1-10625.jpg"},"800x600":{"url":"https:\/\/www.saint-brevin.com\/medias\/images\/prestataires\/multitailles\/800x600_1-10625.jpg"},"640x480":{"url":"https:\/\/www.saint-brevin.com\/medias\/images\/prestataires\/multitailles\/640x480_1-10625.jpg"},"320x240":{"url":"https:\/\/www.saint-brevin.com\/medias\/images\/prestataires\/multitailles\/320x240_1-10625.jpg"},"160x120":{"url":"https:\/\/www.saint-brevin.com\/medias\/images\/prestataires\/multitailles\/160x120_1-10625.jpg"},"origine":{"url":"https:\/\/www.saint-brevin.com\/medias\/images\/prestataires\/1-10625.jpg"}},"urlLien":"","typeLien":"","nofollow":"N","copyright":""},{"url":"https:\/\/www.saint-brevin.com\/medias\/images\/prestataires\/img-2178-10626.jpg","chemin":"..\/medias\/images\/prestataires\/img-2178-10626.jpg","libelle":"img-2178-10626","extension":"jpg","categorie":"","largeur":2016,"theme":"","hauteur":1512,"type":"Image","origine":"","liaisonPave":"","langue":"","id":"10626","urlVignette":"https:\/\/www.saint-brevin.com\/medias\/images\/prestataires\/v-img-2178-10626.jpg","alt":"img-2178-10626","title":"img-2178-10626","MultiTaille":{"1920x1440":{"url":"https:\/\/www.saint-brevin.com\/medias\/images\/prestataires\/multitailles\/1920x1440_img-2178-10626.jpg"},"1200x900":{"url":"https:\/\/www.saint-brevin.com\/medias\/images\/prestataires\/multitailles\/1200x900_img-2178-10626.jpg"},"800x600":{"url":"https:\/\/www.saint-brevin.com\/medias\/images\/prestataires\/multitailles\/800x600_img-2178-10626.jpg"},"640x480":{"url":"https:\/\/www.saint-brevin.com\/medias\/images\/prestataires\/multitailles\/640x480_img-2178-10626.jpg"},"320x240":{"url":"https:\/\/www.saint-brevin.com\/medias\/images\/prestataires\/multitailles\/320x240_img-2178-10626.jpg"},"160x120":{"url":"https:\/\/www.saint-brevin.com\/medias\/images\/prestataires\/multitailles\/160x120_img-2178-10626.jpg"},"origine":{"url":"https:\/\/www.saint-brevin.com\/medias\/images\/prestataires\/img-2178-10626.jpg"}},"urlLien":"","typeLien":"","nofollow":"N","copyright":""},{"url":"https:\/\/www.saint-brevin.com\/medias\/images\/prestataires\/img-2175-10627.jpg","chemin":"..\/medias\/images\/prestataires\/img-2175-10627.jpg","libelle":"img-2175-10627","extension":"jpg","categorie":"","largeur":2016,"theme":"","hauteur":1512,"type":"Image","origine":"","liaisonPave":"","langue":"","id":"10627","urlVignette":"https:\/\/www.saint-brevin.com\/medias\/images\/prestataires\/v-img-2175-10627.jpg","alt":"img-2175-10627","title":"img-2175-10627","MultiTaille":{"1920x1440":{"url":"https:\/\/www.saint-brevin.com\/medias\/images\/prestataires\/multitailles\/1920x1440_img-2175-10627.jpg"},"1200x900":{"url":"https:\/\/www.saint-brevin.com\/medias\/images\/prestataires\/multitailles\/1200x900_img-2175-10627.jpg"},"800x600":{"url":"https:\/\/www.saint-brevin.com\/medias\/images\/prestataires\/multitailles\/800x600_img-2175-10627.jpg"},"640x480":{"url":"https:\/\/www.saint-brevin.com\/medias\/images\/prestataires\/multitailles\/640x480_img-2175-10627.jpg"},"320x240":{"url":"https:\/\/www.saint-brevin.com\/medias\/images\/prestataires\/multitailles\/320x240_img-2175-10627.jpg"},"160x120":{"url":"https:\/\/www.saint-brevin.com\/medias\/images\/prestataires\/multitailles\/160x120_img-2175-10627.jpg"},"origine":{"url":"https:\/\/www.saint-brevin.com\/medias\/images\/prestataires\/img-2175-10627.jpg"}},"urlLien":"","typeLien":"","nofollow":"N","copyright":""}]},"Image":[{"url":"https:\/\/www.saint-brevin.com\/medias\/images\/prestataires\/2024-08-23-9588.jpg","chemin":"..\/medias\/images\/prestataires\/2024-08-23-9588.jpg","libelle":"2024-08-23-9588","extension":"jpg","categorie":"","largeur":680,"theme":"","hauteur":510,"type":"Image","origine":"","liaisonPave":"","langue":"","id":"9588","urlVignette":"https:\/\/www.saint-brevin.com\/medias\/images\/prestataires\/v-2024-08-23-9588.jpg","alt":"2024-08-23-9588","title":"2024-08-23-9588","MultiTaille":{"1920x1440":{"url":"https:\/\/www.saint-brevin.com\/medias\/images\/prestataires\/multitailles\/1920x1440_2024-08-23-9588.jpg"},"1200x900":{"url":"https:\/\/www.saint-brevin.com\/medias\/images\/prestataires\/multitailles\/1200x900_2024-08-23-9588.jpg"},"800x600":{"url":"https:\/\/www.saint-brevin.com\/medias\/images\/prestataires\/multitailles\/800x600_2024-08-23-9588.jpg"},"640x480":{"url":"https:\/\/www.saint-brevin.com\/medias\/images\/prestataires\/multitailles\/640x480_2024-08-23-9588.jpg"},"320x240":{"url":"https:\/\/www.saint-brevin.com\/medias\/images\/prestataires\/multitailles\/320x240_2024-08-23-9588.jpg"},"160x120":{"url":"https:\/\/www.saint-brevin.com\/medias\/images\/prestataires\/multitailles\/160x120_2024-08-23-9588.jpg"},"origine":{"url":"https:\/\/www.saint-brevin.com\/medias\/images\/prestataires\/2024-08-23-9588.jpg"}},"urlLien":"","typeLien":"","nofollow":"N","copyright":""},{"url":"https:\/\/www.saint-brevin.com\/medias\/images\/prestataires\/img-2810-9156.jpg","chemin":"..\/medias\/images\/prestataires\/img-2810-9156.jpg","libelle":"img-2810-9156","extension":"jpg","categorie":"","largeur":4032,"theme":"","hauteur":3024,"type":"Image","origine":"","liaisonPave":"","langue":"","id":"9156","urlVignette":"https:\/\/www.saint-brevin.com\/medias\/images\/prestataires\/v-img-2810-9156.jpg","alt":"img-2810-9156","title":"img-2810-9156","MultiTaille":{"1920x1440":{"url":"https:\/\/www.saint-brevin.com\/medias\/images\/prestataires\/multitailles\/1920x1440_img-2810-9156.jpg"},"1200x900":{"url":"https:\/\/www.saint-brevin.com\/medias\/images\/prestataires\/multitailles\/1200x900_img-2810-9156.jpg"},"800x600":{"url":"https:\/\/www.saint-brevin.com\/medias\/images\/prestataires\/multitailles\/800x600_img-2810-9156.jpg"},"640x480":{"url":"https:\/\/www.saint-brevin.com\/medias\/images\/prestataires\/multitailles\/640x480_img-2810-9156.jpg"},"320x240":{"url":"https:\/\/www.saint-brevin.com\/medias\/images\/prestataires\/multitailles\/320x240_img-2810-9156.jpg"},"160x120":{"url":"https:\/\/www.saint-brevin.com\/medias\/images\/prestataires\/multitailles\/160x120_img-2810-9156.jpg"},"origine":{"url":"https:\/\/www.saint-brevin.com\/medias\/images\/prestataires\/img-2810-9156.jpg"}},"urlLien":"","typeLien":"","nofollow":"N","copyright":""},{"url":"https:\/\/www.saint-brevin.com\/medias\/images\/prestataires\/capture-d-cran-2023-12-04-154230-8651.png","chemin":"..\/medias\/images\/prestataires\/capture-d-cran-2023-12-04-154230-8651.png","libelle":"capture-d-cran-2023-12-04-154230-8651","extension":"png","categorie":"","largeur":629,"theme":"","hauteur":921,"type":"Image","origine":"","liaisonPave":"","langue":"","id":"8651","urlVignette":"https:\/\/www.saint-brevin.com\/medias\/images\/prestataires\/v-capture-d-cran-2023-12-04-154230-8651.png","alt":"capture-d-cran-2023-12-04-154230-8651","title":"capture-d-cran-2023-12-04-154230-8651","MultiTaille":{"1920x1440":{"url":"https:\/\/www.saint-brevin.com\/medias\/images\/prestataires\/multitailles\/1920x1440_capture-d-cran-2023-12-04-154230-8651.png"},"1200x900":{"url":"https:\/\/www.saint-brevin.com\/medias\/images\/prestataires\/multitailles\/1200x900_capture-d-cran-2023-12-04-154230-8651.png"},"800x600":{"url":"https:\/\/www.saint-brevin.com\/medias\/images\/prestataires\/multitailles\/800x600_capture-d-cran-2023-12-04-154230-8651.png"},"640x480":{"url":"https:\/\/www.saint-brevin.com\/medias\/images\/prestataires\/multitailles\/640x480_capture-d-cran-2023-12-04-154230-8651.png"},"320x240":{"url":"https:\/\/www.saint-brevin.com\/medias\/images\/prestataires\/multitailles\/320x240_capture-d-cran-2023-12-04-154230-8651.png"},"160x120":{"url":"https:\/\/www.saint-brevin.com\/medias\/images\/prestataires\/multitailles\/160x120_capture-d-cran-2023-12-04-154230-8651.png"},"origine":{"url":"https:\/\/www.saint-brevin.com\/medias\/images\/prestataires\/capture-d-cran-2023-12-04-154230-8651.png"}},"urlLien":"","typeLien":"","nofollow":"N","copyright":""},{"url":"https:\/\/www.saint-brevin.com\/medias\/images\/prestataires\/capture-d-cran-2023-12-04-154413-8652.png","chemin":"..\/medias\/images\/prestataires\/capture-d-cran-2023-12-04-154413-8652.png","libelle":"capture-d-cran-2023-12-04-154413-8652","extension":"png","categorie":"","largeur":609,"theme":"","hauteur":822,"type":"Image","origine":"","liaisonPave":"","langue":"","id":"8652","urlVignette":"https:\/\/www.saint-brevin.com\/medias\/images\/prestataires\/v-capture-d-cran-2023-12-04-154413-8652.png","alt":"capture-d-cran-2023-12-04-154413-8652","title":"capture-d-cran-2023-12-04-154413-8652","MultiTaille":{"1920x1440":{"url":"https:\/\/www.saint-brevin.com\/medias\/images\/prestataires\/multitailles\/1920x1440_capture-d-cran-2023-12-04-154413-8652.png"},"1200x900":{"url":"https:\/\/www.saint-brevin.com\/medias\/images\/prestataires\/multitailles\/1200x900_capture-d-cran-2023-12-04-154413-8652.png"},"800x600":{"url":"https:\/\/www.saint-brevin.com\/medias\/images\/prestataires\/multitailles\/800x600_capture-d-cran-2023-12-04-154413-8652.png"},"640x480":{"url":"https:\/\/www.saint-brevin.com\/medias\/images\/prestataires\/multitailles\/640x480_capture-d-cran-2023-12-04-154413-8652.png"},"320x240":{"url":"https:\/\/www.saint-brevin.com\/medias\/images\/prestataires\/multitailles\/320x240_capture-d-cran-2023-12-04-154413-8652.png"},"160x120":{"url":"https:\/\/www.saint-brevin.com\/medias\/images\/prestataires\/multitailles\/160x120_capture-d-cran-2023-12-04-154413-8652.png"},"origine":{"url":"https:\/\/www.saint-brevin.com\/medias\/images\/prestataires\/capture-d-cran-2023-12-04-154413-8652.png"}},"urlLien":"","typeLien":"","nofollow":"N","copyright":""},{"url":"https:\/\/www.saint-brevin.com\/medias\/images\/prestataires\/capture-d-cran-2023-12-04-154400-8653.png","chemin":"..\/medias\/images\/prestataires\/capture-d-cran-2023-12-04-154400-8653.png","libelle":"capture-d-cran-2023-12-04-154400-8653","extension":"png","categorie":"","largeur":596,"theme":"","hauteur":919,"type":"Image","origine":"","liaisonPave":"","langue":"","id":"8653","urlVignette":"https:\/\/www.saint-brevin.com\/medias\/images\/prestataires\/v-capture-d-cran-2023-12-04-154400-8653.png","alt":"capture-d-cran-2023-12-04-154400-8653","title":"capture-d-cran-2023-12-04-154400-8653","MultiTaille":{"1920x1440":{"url":"https:\/\/www.saint-brevin.com\/medias\/images\/prestataires\/multitailles\/1920x1440_capture-d-cran-2023-12-04-154400-8653.png"},"1200x900":{"url":"https:\/\/www.saint-brevin.com\/medias\/images\/prestataires\/multitailles\/1200x900_capture-d-cran-2023-12-04-154400-8653.png"},"800x600":{"url":"https:\/\/www.saint-brevin.com\/medias\/images\/prestataires\/multitailles\/800x600_capture-d-cran-2023-12-04-154400-8653.png"},"640x480":{"url":"https:\/\/www.saint-brevin.com\/medias\/images\/prestataires\/multitailles\/640x480_capture-d-cran-2023-12-04-154400-8653.png"},"320x240":{"url":"https:\/\/www.saint-brevin.com\/medias\/images\/prestataires\/multitailles\/320x240_capture-d-cran-2023-12-04-154400-8653.png"},"160x120":{"url":"https:\/\/www.saint-brevin.com\/medias\/images\/prestataires\/multitailles\/160x120_capture-d-cran-2023-12-04-154400-8653.png"},"origine":{"url":"https:\/\/www.saint-brevin.com\/medias\/images\/prestataires\/capture-d-cran-2023-12-04-154400-8653.png"}},"urlLien":"","typeLien":"","nofollow":"N","copyright":""},{"url":"https:\/\/www.saint-brevin.com\/medias\/images\/prestataires\/image00003-9158.jpeg","chemin":"..\/medias\/images\/prestataires\/image00003-9158.jpeg","libelle":"image00003-9158","extension":"jpeg","categorie":"","largeur":4032,"theme":"","hauteur":3024,"type":"Image","origine":"","liaisonPave":"","langue":"","id":"9158","urlVignette":"https:\/\/www.saint-brevin.com\/medias\/images\/prestataires\/v-image00003-9158.jpeg","alt":"image00003-9158","title":"image00003-9158","MultiTaille":{"1920x1440":{"url":"https:\/\/www.saint-brevin.com\/medias\/images\/prestataires\/multitailles\/1920x1440_image00003-9158.jpeg"},"1200x900":{"url":"https:\/\/www.saint-brevin.com\/medias\/images\/prestataires\/multitailles\/1200x900_image00003-9158.jpeg"},"800x600":{"url":"https:\/\/www.saint-brevin.com\/medias\/images\/prestataires\/multitailles\/800x600_image00003-9158.jpeg"},"640x480":{"url":"https:\/\/www.saint-brevin.com\/medias\/images\/prestataires\/multitailles\/640x480_image00003-9158.jpeg"},"320x240":{"url":"https:\/\/www.saint-brevin.com\/medias\/images\/prestataires\/multitailles\/320x240_image00003-9158.jpeg"},"160x120":{"url":"https:\/\/www.saint-brevin.com\/medias\/images\/prestataires\/multitailles\/160x120_image00003-9158.jpeg"},"origine":{"url":"https:\/\/www.saint-brevin.com\/medias\/images\/prestataires\/image00003-9158.jpeg"}},"urlLien":"","typeLien":"","nofollow":"N","copyright":""},{"url":"https:\/\/www.saint-brevin.com\/medias\/images\/prestataires\/image00002-9159.jpeg","chemin":"..\/medias\/images\/prestataires\/image00002-9159.jpeg","libelle":"image00002-9159","extension":"jpeg","categorie":"","largeur":4032,"theme":"","hauteur":3024,"type":"Image","origine":"","liaisonPave":"","langue":"","id":"9159","urlVignette":"https:\/\/www.saint-brevin.com\/medias\/images\/prestataires\/v-image00002-9159.jpeg","alt":"image00002-9159","title":"image00002-9159","MultiTaille":{"1920x1440":{"url":"https:\/\/www.saint-brevin.com\/medias\/images\/prestataires\/multitailles\/1920x1440_image00002-9159.jpeg"},"1200x900":{"url":"https:\/\/www.saint-brevin.com\/medias\/images\/prestataires\/multitailles\/1200x900_image00002-9159.jpeg"},"800x600":{"url":"https:\/\/www.saint-brevin.com\/medias\/images\/prestataires\/multitailles\/800x600_image00002-9159.jpeg"},"640x480":{"url":"https:\/\/www.saint-brevin.com\/medias\/images\/prestataires\/multitailles\/640x480_image00002-9159.jpeg"},"320x240":{"url":"https:\/\/www.saint-brevin.com\/medias\/images\/prestataires\/multitailles\/320x240_image00002-9159.jpeg"},"160x120":{"url":"https:\/\/www.saint-brevin.com\/medias\/images\/prestataires\/multitailles\/160x120_image00002-9159.jpeg"},"origine":{"url":"https:\/\/www.saint-brevin.com\/medias\/images\/prestataires\/image00002-9159.jpeg"}},"urlLien":"","typeLien":"","nofollow":"N","copyright":""},{"url":"https:\/\/www.saint-brevin.com\/medias\/images\/prestataires\/image00010-9160.jpeg","chemin":"..\/medias\/images\/prestataires\/image00010-9160.jpeg","libelle":"image00010-9160","extension":"jpeg","categorie":"","largeur":4032,"theme":"","hauteur":3024,"type":"Image","origine":"","liaisonPave":"","langue":"","id":"9160","urlVignette":"https:\/\/www.saint-brevin.com\/medias\/images\/prestataires\/v-image00010-9160.jpeg","alt":"image00010-9160","title":"image00010-9160","MultiTaille":{"1920x1440":{"url":"https:\/\/www.saint-brevin.com\/medias\/images\/prestataires\/multitailles\/1920x1440_image00010-9160.jpeg"},"1200x900":{"url":"https:\/\/www.saint-brevin.com\/medias\/images\/prestataires\/multitailles\/1200x900_image00010-9160.jpeg"},"800x600":{"url":"https:\/\/www.saint-brevin.com\/medias\/images\/prestataires\/multitailles\/800x600_image00010-9160.jpeg"},"640x480":{"url":"https:\/\/www.saint-brevin.com\/medias\/images\/prestataires\/multitailles\/640x480_image00010-9160.jpeg"},"320x240":{"url":"https:\/\/www.saint-brevin.com\/medias\/images\/prestataires\/multitailles\/320x240_image00010-9160.jpeg"},"160x120":{"url":"https:\/\/www.saint-brevin.com\/medias\/images\/prestataires\/multitailles\/160x120_image00010-9160.jpeg"},"origine":{"url":"https:\/\/www.saint-brevin.com\/medias\/images\/prestataires\/image00010-9160.jpeg"}},"urlLien":"","typeLien":"","nofollow":"N","copyright":""},{"url":"https:\/\/www.saint-brevin.com\/medias\/images\/prestataires\/image00022-9161.jpeg","chemin":"..\/medias\/images\/prestataires\/image00022-9161.jpeg","libelle":"image00022-9161","extension":"jpeg","categorie":"","largeur":4032,"theme":"","hauteur":3024,"type":"Image","origine":"","liaisonPave":"","langue":"","id":"9161","urlVignette":"https:\/\/www.saint-brevin.com\/medias\/images\/prestataires\/v-image00022-9161.jpeg","alt":"image00022-9161","title":"image00022-9161","MultiTaille":{"1920x1440":{"url":"https:\/\/www.saint-brevin.com\/medias\/images\/prestataires\/multitailles\/1920x1440_image00022-9161.jpeg"},"1200x900":{"url":"https:\/\/www.saint-brevin.com\/medias\/images\/prestataires\/multitailles\/1200x900_image00022-9161.jpeg"},"800x600":{"url":"https:\/\/www.saint-brevin.com\/medias\/images\/prestataires\/multitailles\/800x600_image00022-9161.jpeg"},"640x480":{"url":"https:\/\/www.saint-brevin.com\/medias\/images\/prestataires\/multitailles\/640x480_image00022-9161.jpeg"},"320x240":{"url":"https:\/\/www.saint-brevin.com\/medias\/images\/prestataires\/multitailles\/320x240_image00022-9161.jpeg"},"160x120":{"url":"https:\/\/www.saint-brevin.com\/medias\/images\/prestataires\/multitailles\/160x120_image00022-9161.jpeg"},"origine":{"url":"https:\/\/www.saint-brevin.com\/medias\/images\/prestataires\/image00022-9161.jpeg"}},"urlLien":"","typeLien":"","nofollow":"N","copyright":""},{"url":"https:\/\/www.saint-brevin.com\/medias\/images\/prestataires\/image00015-9162.jpeg","chemin":"..\/medias\/images\/prestataires\/image00015-9162.jpeg","libelle":"image00015-9162","extension":"jpeg","categorie":"","largeur":4032,"theme":"","hauteur":3024,"type":"Image","origine":"","liaisonPave":"","langue":"","id":"9162","urlVignette":"https:\/\/www.saint-brevin.com\/medias\/images\/prestataires\/v-image00015-9162.jpeg","alt":"image00015-9162","title":"image00015-9162","MultiTaille":{"1920x1440":{"url":"https:\/\/www.saint-brevin.com\/medias\/images\/prestataires\/multitailles\/1920x1440_image00015-9162.jpeg"},"1200x900":{"url":"https:\/\/www.saint-brevin.com\/medias\/images\/prestataires\/multitailles\/1200x900_image00015-9162.jpeg"},"800x600":{"url":"https:\/\/www.saint-brevin.com\/medias\/images\/prestataires\/multitailles\/800x600_image00015-9162.jpeg"},"640x480":{"url":"https:\/\/www.saint-brevin.com\/medias\/images\/prestataires\/multitailles\/640x480_image00015-9162.jpeg"},"320x240":{"url":"https:\/\/www.saint-brevin.com\/medias\/images\/prestataires\/multitailles\/320x240_image00015-9162.jpeg"},"160x120":{"url":"https:\/\/www.saint-brevin.com\/medias\/images\/prestataires\/multitailles\/160x120_image00015-9162.jpeg"},"origine":{"url":"https:\/\/www.saint-brevin.com\/medias\/images\/prestataires\/image00015-9162.jpeg"}},"urlLien":"","typeLien":"","nofollow":"N","copyright":""},{"url":"https:\/\/www.saint-brevin.com\/medias\/images\/prestataires\/img-9286-9164.jpg","chemin":"..\/medias\/images\/prestataires\/img-9286-9164.jpg","libelle":"img-9286-9164","extension":"jpg","categorie":"","largeur":4032,"theme":"","hauteur":3024,"type":"Image","origine":"","liaisonPave":"","langue":"","id":"9164","urlVignette":"https:\/\/www.saint-brevin.com\/medias\/images\/prestataires\/v-img-9286-9164.jpg","alt":"img-9286-9164","title":"img-9286-9164","MultiTaille":{"1920x1440":{"url":"https:\/\/www.saint-brevin.com\/medias\/images\/prestataires\/multitailles\/1920x1440_img-9286-9164.jpg"},"1200x900":{"url":"https:\/\/www.saint-brevin.com\/medias\/images\/prestataires\/multitailles\/1200x900_img-9286-9164.jpg"},"800x600":{"url":"https:\/\/www.saint-brevin.com\/medias\/images\/prestataires\/multitailles\/800x600_img-9286-9164.jpg"},"640x480":{"url":"https:\/\/www.saint-brevin.com\/medias\/images\/prestataires\/multitailles\/640x480_img-9286-9164.jpg"},"320x240":{"url":"https:\/\/www.saint-brevin.com\/medias\/images\/prestataires\/multitailles\/320x240_img-9286-9164.jpg"},"160x120":{"url":"https:\/\/www.saint-brevin.com\/medias\/images\/prestataires\/multitailles\/160x120_img-9286-9164.jpg"},"origine":{"url":"https:\/\/www.saint-brevin.com\/medias\/images\/prestataires\/img-9286-9164.jpg"}},"urlLien":"","typeLien":"","nofollow":"N","copyright":""},{"url":"https:\/\/www.saint-brevin.com\/medias\/images\/prestataires\/capture-d-cran-2023-08-23-103810-9587.jpg","chemin":"..\/medias\/images\/prestataires\/capture-d-cran-2023-08-23-103810-9587.jpg","libelle":"capture-d-cran-2023-08-23-103810-9587","extension":"jpg","categorie":"","largeur":631,"theme":"","hauteur":504,"type":"Image","origine":"","liaisonPave":"","langue":"","id":"9587","urlVignette":"https:\/\/www.saint-brevin.com\/medias\/images\/prestataires\/v-capture-d-cran-2023-08-23-103810-9587.jpg","alt":"capture-d-cran-2023-08-23-103810-9587","title":"capture-d-cran-2023-08-23-103810-9587","MultiTaille":{"1920x1440":{"url":"https:\/\/www.saint-brevin.com\/medias\/images\/prestataires\/multitailles\/1920x1440_capture-d-cran-2023-08-23-103810-9587.jpg"},"1200x900":{"url":"https:\/\/www.saint-brevin.com\/medias\/images\/prestataires\/multitailles\/1200x900_capture-d-cran-2023-08-23-103810-9587.jpg"},"800x600":{"url":"https:\/\/www.saint-brevin.com\/medias\/images\/prestataires\/multitailles\/800x600_capture-d-cran-2023-08-23-103810-9587.jpg"},"640x480":{"url":"https:\/\/www.saint-brevin.com\/medias\/images\/prestataires\/multitailles\/640x480_capture-d-cran-2023-08-23-103810-9587.jpg"},"320x240":{"url":"https:\/\/www.saint-brevin.com\/medias\/images\/prestataires\/multitailles\/320x240_capture-d-cran-2023-08-23-103810-9587.jpg"},"160x120":{"url":"https:\/\/www.saint-brevin.com\/medias\/images\/prestataires\/multitailles\/160x120_capture-d-cran-2023-08-23-103810-9587.jpg"},"origine":{"url":"https:\/\/www.saint-brevin.com\/medias\/images\/prestataires\/capture-d-cran-2023-08-23-103810-9587.jpg"}},"urlLien":"","typeLien":"","nofollow":"N","copyright":""},{"url":"https:\/\/www.saint-brevin.com\/medias\/images\/prestataires\/1-10625.jpg","chemin":"..\/medias\/images\/prestataires\/1-10625.jpg","libelle":"1-10625","extension":"jpg","categorie":"","largeur":2016,"theme":"","hauteur":1512,"type":"Image","origine":"","liaisonPave":"","langue":"","id":"10625","urlVignette":"https:\/\/www.saint-brevin.com\/medias\/images\/prestataires\/v-1-10625.jpg","alt":"1-10625","title":"1-10625","MultiTaille":{"1920x1440":{"url":"https:\/\/www.saint-brevin.com\/medias\/images\/prestataires\/multitailles\/1920x1440_1-10625.jpg"},"1200x900":{"url":"https:\/\/www.saint-brevin.com\/medias\/images\/prestataires\/multitailles\/1200x900_1-10625.jpg"},"800x600":{"url":"https:\/\/www.saint-brevin.com\/medias\/images\/prestataires\/multitailles\/800x600_1-10625.jpg"},"640x480":{"url":"https:\/\/www.saint-brevin.com\/medias\/images\/prestataires\/multitailles\/640x480_1-10625.jpg"},"320x240":{"url":"https:\/\/www.saint-brevin.com\/medias\/images\/prestataires\/multitailles\/320x240_1-10625.jpg"},"160x120":{"url":"https:\/\/www.saint-brevin.com\/medias\/images\/prestataires\/multitailles\/160x120_1-10625.jpg"},"origine":{"url":"https:\/\/www.saint-brevin.com\/medias\/images\/prestataires\/1-10625.jpg"}},"urlLien":"","typeLien":"","nofollow":"N","copyright":""},{"url":"https:\/\/www.saint-brevin.com\/medias\/images\/prestataires\/img-2178-10626.jpg","chemin":"..\/medias\/images\/prestataires\/img-2178-10626.jpg","libelle":"img-2178-10626","extension":"jpg","categorie":"","largeur":2016,"theme":"","hauteur":1512,"type":"Image","origine":"","liaisonPave":"","langue":"","id":"10626","urlVignette":"https:\/\/www.saint-brevin.com\/medias\/images\/prestataires\/v-img-2178-10626.jpg","alt":"img-2178-10626","title":"img-2178-10626","MultiTaille":{"1920x1440":{"url":"https:\/\/www.saint-brevin.com\/medias\/images\/prestataires\/multitailles\/1920x1440_img-2178-10626.jpg"},"1200x900":{"url":"https:\/\/www.saint-brevin.com\/medias\/images\/prestataires\/multitailles\/1200x900_img-2178-10626.jpg"},"800x600":{"url":"https:\/\/www.saint-brevin.com\/medias\/images\/prestataires\/multitailles\/800x600_img-2178-10626.jpg"},"640x480":{"url":"https:\/\/www.saint-brevin.com\/medias\/images\/prestataires\/multitailles\/640x480_img-2178-10626.jpg"},"320x240":{"url":"https:\/\/www.saint-brevin.com\/medias\/images\/prestataires\/multitailles\/320x240_img-2178-10626.jpg"},"160x120":{"url":"https:\/\/www.saint-brevin.com\/medias\/images\/prestataires\/multitailles\/160x120_img-2178-10626.jpg"},"origine":{"url":"https:\/\/www.saint-brevin.com\/medias\/images\/prestataires\/img-2178-10626.jpg"}},"urlLien":"","typeLien":"","nofollow":"N","copyright":""},{"url":"https:\/\/www.saint-brevin.com\/medias\/images\/prestataires\/img-2175-10627.jpg","chemin":"..\/medias\/images\/prestataires\/img-2175-10627.jpg","libelle":"img-2175-10627","extension":"jpg","categorie":"","largeur":2016,"theme":"","hauteur":1512,"type":"Image","origine":"","liaisonPave":"","langue":"","id":"10627","urlVignette":"https:\/\/www.saint-brevin.com\/medias\/images\/prestataires\/v-img-2175-10627.jpg","alt":"img-2175-10627","title":"img-2175-10627","MultiTaille":{"1920x1440":{"url":"https:\/\/www.saint-brevin.com\/medias\/images\/prestataires\/multitailles\/1920x1440_img-2175-10627.jpg"},"1200x900":{"url":"https:\/\/www.saint-brevin.com\/medias\/images\/prestataires\/multitailles\/1200x900_img-2175-10627.jpg"},"800x600":{"url":"https:\/\/www.saint-brevin.com\/medias\/images\/prestataires\/multitailles\/800x600_img-2175-10627.jpg"},"640x480":{"url":"https:\/\/www.saint-brevin.com\/medias\/images\/prestataires\/multitailles\/640x480_img-2175-10627.jpg"},"320x240":{"url":"https:\/\/www.saint-brevin.com\/medias\/images\/prestataires\/multitailles\/320x240_img-2175-10627.jpg"},"160x120":{"url":"https:\/\/www.saint-brevin.com\/medias\/images\/prestataires\/multitailles\/160x120_img-2175-10627.jpg"},"origine":{"url":"https:\/\/www.saint-brevin.com\/medias\/images\/prestataires\/img-2175-10627.jpg"}},"urlLien":"","typeLien":"","nofollow":"N","copyright":""}]},"Url":"chapelle-saint-charles.html","Localisation":{"GoogleMap":{"Latitude":"47.28840","Longitude":"-2.03259"}},"ZoneGeo":"","Criteres":{"NIVPARTENAIRE[COMPLET":"","COMMUNES[PAIMBOEUF":"","DISTANCEDUCENTRE[MDUCENTREDEPAIMBOEUF":"50","UTYPC[PATRIRELIGIEUX":"","UPERSI[UXVIII":"","UTHMUS[INSOLITE":"","UDPR[UCHAP":"","UDLTH[DHAACO":"","MAJINGENIE[DATEDERNIEREMAJ":"20240402","MISEAJOUR[AMANDINE":"","MISEAJOUR[ANNABELLE":""},"DateFinPublication":"","PrixAPartirDe":"","PrixPour":"","FicheListeEnCours":"fiche_liste_patrimoine_culturel_v2017","ParametresModele":{"AfficherPhotos":"1","NbPhotosMax":6,"AfficherReserver":0,"AfficherContact":0,"AfficherSalle":1,"AfficherZoneGeo":0,"AfficherEnSavoirPlus":"1","AfficherUneSeuleOuverture":0,"AfficherContactCarte":1,"AfficherTarifsChaudAPartirDe":0,"AfficherTarifChaudSansRecherche":0,"AfficherLiensCarnetVoyage":"1","AfficherOuverture":"0","BlocCritereInfo":{"critere1":{"libelle":""},"critere2":{"libelle":""},"critere3":{"libelle":"LIBELLE_GENERAL"},"critere4":{"libelle":""},"critere5":{"libelle":""},"critere6":{"libelle":""},"critere7":{"libelle":"","liste_critere":["COMMUNES|U"]},"critere8":{"libelle":""},"afficherpictoetpaslibelle":"1"},"Criteres":"NIVPARTENAIRE[COMPLET","PositionBloc":"GALLERIE|NOM|CARNET_VOYAGE|URL","TypePrestataire":"U","ComportementResa":false,"ComportementDispo":false},"AffichageCoordonnees":[],"Coordonnees":{"Ville":"PAIMBOEUF"},"ContexteId":"PRESTATAIRE|U|CHAPELLESTCHARLES","ContexteIdHtml":"PRESTATAIRE-U-CHAPELLESTCHARLES","cleContexte":"U|CHAPELLESTCHARLES","Bloc":{"texte1":"","texte3":"","critere1":{"libelle":"","contenu":[]},"critere2":{"libelle":"","contenu":[]},"critere3":{"libelle":"","contenu":[]},"critere4":{"libelle":"","contenu":[]},"critere5":{"libelle":"","contenu":[]},"critere6":{"libelle":"","contenu":[]},"critere7":{"libelle":"","contenu":{"COMMUNES":{"libelle":"COMMUNE","contenu":{"2":"Paimboeuf"},"codesValeurs":{"2":"COMMUNES|PAIMBOEUF|U"},"criteres_datas":{"valeurs":{"2":{"PAIMBOEUF":{"descriptif":""}}}}}}},"critere8":{"libelle":"","contenu":[]},"critere9":{"libelle":"","contenu":[]}},"LocalisationGps":{"Latitude":"47.28840","Longitude":"-2.03259"},"libelleDuPrestataire":"","listeCriteres":{"NIVPARTENAIRE":{"COMPLET":""},"COMMUNES":{"PAIMBOEUF":""},"DISTANCEDUCENTRE":{"MDUCENTREDEPAIMBOEUF":"50"},"UTYPC":{"PATRIRELIGIEUX":""},"UPERSI":{"UXVIII":""},"UTHMUS":{"INSOLITE":""},"UDPR":{"UCHAP":""},"UDLTH":{"DHAACO":""},"MAJINGENIE":{"DATEDERNIEREMAJ":"20240402"},"MISEAJOUR":{"AMANDINE":"","ANNABELLE":""}},"dansCarnetVoyage":true,"Ouverture":""},"html":" \n \u003Cdiv id=\"CV-PRESTATAIRE-U-CHAPELLESTCHARLES\" data-contexte-id=\"PRESTATAIRE|U|CHAPELLESTCHARLES\" data-cle=\"U|CHAPELLESTCHARLES\" class=\"fiche-liste\"\u003E\n    \n\n    \u003C!-- partie photo --\u003E\n    \u003Cdiv class=\"photo\"\u003E\t\t\t\t\t\t\t\t\t\t\t\t\t\t\t\t\t\t\t\t\t\n        \u003Cdiv class=\"cadre_photo_principale\"\u003E\t\t\n        \n            \t\t\t\t\t\n                    \u003Ca href=\"chapelle-saint-charles.html?origine=carnet#media\"\u003E\n                        \u003Cimg class=\"photo_principale\" alt=\"2024-08-23-9588\" src=\"https:\/\/www.saint-brevin.com\/medias\/images\/prestataires\/multitailles\/320x240_2024-08-23-9588.jpg\" itemprop=\"image\"\u003E\n                    \u003C\/a\u003E\t\t\t\t\t\t\n                \n                    \u003C\/div\u003E\t\t\t\t\t\t\t\t\t\t\t\t\t\t\t\t\t\t\t \t\t\n    \u003C\/div\u003E\n    \n    \u003C!-- partie nom prest --\u003E\n    \u003Cdiv class=\"nom\"\u003E\n        \u003Ch2\u003EChapelle Saint-Charles\u003C\/h2\u003E\n        \n            \u003C\/div\u003E\n\n         \n    \u003C!-- partie adresse --\u003E\n    \u003Cdiv class=\"adresse\"\u003E\n    \n          \n    \u003C\/div\u003E\n    \n    \u003C!-- partie liens --\u003E\n    \u003Cdiv class=\"liens\"\u003E\n            \u003Ca class=\"btn-icon btn-view \" title=\"Voir la fiche d\u00e9taill\u00e9e\" href=\"chapelle-saint-charles.html?origine=carnet\"\u003E\u003C\/a\u003E\u003C!--\u003Ca class=\"btn-icon btn-view \" title=\"\" href=\"?origine=carnet#thaut\"\u003E\u003C\/a\u003E--\u003E\n      \u003Ca class=\"btn-icon btn-trash carnet_voyage_supprimer\" title=\"Supprimer cette fiche de mon carnet de voyage\" href=\"carnet-voyage?action=remove&fiche=U|CHAPELLESTCHARLES\"\u003E\u003C\/a\u003E\n    \u003C\/div\u003E\n\n\u003C\/div\u003E\n\n","icon":"https:\/\/static.ingenie.fr\/images\/carnetVoyageV3\/U.png"},"fiche":"U|CHAPELLESTCHARLES","popup":"\u003Cdiv id=\"bloc_popup_ajout_fiche_carnet\"\u003E\n    \u003Cdiv class=\"info_popup_ajout_fiche_carnet\"\u003E\n        Vous venez d'ajouter cet \u00e9l\u00e9ment \u00e0 votre carnet de voyage :    \u003C\/div\u003E\n    \u003Cdiv class=\"prest_popup_ajout_fiche_carnet\"\u003E\n        Chapelle Saint-Charles    \u003C\/div\u003E\n    \u003Cdiv class=\"bloc_btn_ajout_fiche_carnet form_submit_div\"\u003E\n        \u003Cinput type=\"button\" value=\"Continuer ma s\u00e9lection\" title=\"Continuer ma s\u00e9lection\" name=\"btn_close\" class=\"btn_close_popup_carnet form_submit\" onclick=\"$.colorbox.close()\" \/\u003E\n        \u003Cinput type=\"button\" value=\"Voir mon carnet de voyage\" title=\"Voir mon carnet\" name=\"btn_panier\" class=\"btn_panier_popup_carnet form_submit\" onclick=\"if(typeof CarnetVoyage != 'undefined') {CarnetVoyage.voirCarnet();}\" \/\u003E\n    \u003C\/div\u003E\n    \u003Cdiv class=\"bloc_btn_ajout_fiche_carnet\"\u003E\n        \u003Cinput type=\"checkbox\" value=\"1\" name=\"desactiver_popup\" id=\"desactiver_popup\" \/\u003E\n        \u003Clabel for=\"desactiver_popup\"\u003ENe plus afficher ce message\u003C\/label\u003E\n    \u003C\/div\u003E\n\u003C\/div\u003E","success":1}