{"nbFiches":1,"dataPrest":{"infoPrest":{"pave1":{"libelle":"Slogan","contenu":""},"pave2":{"libelle":"Descriptif","contenu":"Situ&eacute; au sein du camping SandayaLe Fief, ce restaurant est ouvert &agrave; tous, midi et soir.\u003Cbr \/\u003E\r\nLe chef et son &eacute;quipe vous y accueillent d&egrave;s avril, et vous proposent une carte traditionnelle avec des plats de qualit&eacute; et diversifi&eacute;s, adapt&eacute;s aussi aux enfants.\u003Cbr \/\u003E\r\n\u003Cbr \/\u003E\r\nVente &agrave; emporter au kiosque du restaurant pour profiter des plats au pied des h&eacute;bergements.\u003Cbr \/\u003E\r\n\u003Cbr \/\u003E\r\nLe petit-d&eacute;jeuner (sur r&eacute;servation) est &eacute;galement ouvert aux gens ext&eacute;rieurs au camping.\u003Cbr \/\u003E\r\n&nbsp;&nbsp;\u003Cbr \/\u003E\r\n\u003Cstrong\u003E\u003Ca href=\"https:\/\/reservation.laddition.com\/booking\/6lOycLqFz#\/date\" target=\"_blank\"\u003ER&eacute;servation ICI&gt;&gt;&gt;\u003C\/a\u003E\u003C\/strong\u003E au 02 40 27 75 90."},"pave3":{"libelle":"","contenu":""},"pave4":{"libelle":"","contenu":""},"pave5":{"libelle":"","contenu":""},"pave6":{"libelle":"","contenu":""},"pave7":{"libelle":"","contenu":""},"pave8":{"libelle":"","contenu":""},"pave9":{"libelle":"","contenu":""},"pave10":{"libelle":"","contenu":""},"pave11":{"libelle":"","contenu":""},"pave12":{"libelle":"","contenu":""},"pave13":{"libelle":"","contenu":""},"pave14":{"libelle":"","contenu":""},"pave15":{"libelle":"","contenu":""},"pave16":{"libelle":"","contenu":""},"pave17":{"libelle":"","contenu":""},"pave18":{"libelle":"","contenu":""},"pave19":{"libelle":"","contenu":""},"pave20":{"libelle":"","contenu":""},"pave21":{"libelle":"","contenu":""},"pave22":{"libelle":"","contenu":""},"pave23":{"libelle":"","contenu":""},"pave24":{"libelle":"","contenu":""},"pave25":{"libelle":"","contenu":""},"ContactsParType":{"DIR":{"3216":{"id_contact":"3216","type_contact":"DIR","categorie_contact":"PRESTATAIRE","societe_contact":"","fonction_contact":"","civilite_nom_prenom_contact":"M Jouan Jacques ","adresse1_contact":"","adresse2_contact":"","adresse3_contact":"","cpostal_contact":"","ville_contact":"","teldom_contact":"","telbur_contact":"","fax_contact":"","portable_contact":"02 40 27 75 90","email_contact":"jacques.jouan@lefief.com","siteweb_contact":"","commentaire_contact":"","langue_contact":"","autre_moyen_com":[]}}},"Libelle":"Le 57","Nom":"Le 57","Prenom":"","NomPrenom":"Le 57 ","CiviliteNomPrenom":"Le 57 ","Cle":"T|RESPDL044V5004K9","PrestataireParent":"","ContexteStat":"PRESTATAIRE-T-RESPDL044V5004K9","DateModificationIso":"2025-12-11T12:23:00+01:00","Type":"PRESTATAIRE","TypePrestataire":"T","Adresse":{"LigneAdresse1":"57 Chemin du Fief","LigneAdresse2":"","LigneAdresse3":"","CodePostal":"44250","Ville":"ST BREVIN LES PINS","Cedex":"","Etat":"","Pays":"FRA"},"Email":"camping@lefief.com","Telephone":"02 40 27 75 90","TelephoneBureau":"","Portable":"","SiteWeb":"http:\/\/www.camping-le-fief.com\/bar-restaurant-pizzeria.php","Fax":"","Id":"t-respdl044v5004k9","Code":"T|RESPDL044V5004K9","Fichier":{"Image":[{"url":"https:\/\/www.saint-brevin.com\/medias\/images\/prestataires\/sun-lia-le-fief-photo911-repas-en-famille3-7011.jpg","chemin":"..\/medias\/images\/prestataires\/sun-lia-le-fief-photo911-repas-en-famille3-7011.jpg","libelle":"sun-lia-le-fief-photo911-repas-en-famille3-7011","extension":"jpg","categorie":"","largeur":4000,"theme":"","hauteur":2707,"type":"Image","origine":"","liaisonPave":"","langue":"","id":"7011","urlVignette":"https:\/\/www.saint-brevin.com\/medias\/images\/prestataires\/v-sun-lia-le-fief-photo911-repas-en-famille3-7011.jpg","alt":"sun-lia-le-fief-photo911-repas-en-famille3-7011","title":"sun-lia-le-fief-photo911-repas-en-famille3-7011","MultiTaille":{"1920x1440":{"url":"https:\/\/www.saint-brevin.com\/medias\/images\/prestataires\/multitailles\/1920x1440_sun-lia-le-fief-photo911-repas-en-famille3-7011.jpg"},"1200x900":{"url":"https:\/\/www.saint-brevin.com\/medias\/images\/prestataires\/multitailles\/1200x900_sun-lia-le-fief-photo911-repas-en-famille3-7011.jpg"},"800x600":{"url":"https:\/\/www.saint-brevin.com\/medias\/images\/prestataires\/multitailles\/800x600_sun-lia-le-fief-photo911-repas-en-famille3-7011.jpg"},"640x480":{"url":"https:\/\/www.saint-brevin.com\/medias\/images\/prestataires\/multitailles\/640x480_sun-lia-le-fief-photo911-repas-en-famille3-7011.jpg"},"320x240":{"url":"https:\/\/www.saint-brevin.com\/medias\/images\/prestataires\/multitailles\/320x240_sun-lia-le-fief-photo911-repas-en-famille3-7011.jpg"},"160x120":{"url":"https:\/\/www.saint-brevin.com\/medias\/images\/prestataires\/multitailles\/160x120_sun-lia-le-fief-photo911-repas-en-famille3-7011.jpg"},"origine":{"url":"https:\/\/www.saint-brevin.com\/medias\/images\/prestataires\/sun-lia-le-fief-photo911-repas-en-famille3-7011.jpg"}},"urlLien":"","typeLien":"","nofollow":"N","copyright":""},{"url":"https:\/\/www.saint-brevin.com\/medias\/images\/prestataires\/le-fief-167-99.jpg","chemin":"..\/medias\/images\/prestataires\/le-fief-167-99.jpg","libelle":"le-fief-167-99","extension":"jpg","categorie":"","largeur":2000,"theme":"","hauteur":1333,"type":"Image","origine":"","liaisonPave":"","langue":"","id":"99","urlVignette":"https:\/\/www.saint-brevin.com\/medias\/images\/prestataires\/v-le-fief-167-99.jpg","alt":"le-fief-167-99","title":"le-fief-167-99","MultiTaille":{"1920x1440":{"url":"https:\/\/www.saint-brevin.com\/medias\/images\/prestataires\/multitailles\/1920x1440_le-fief-167-99.jpg"},"1200x900":{"url":"https:\/\/www.saint-brevin.com\/medias\/images\/prestataires\/multitailles\/1200x900_le-fief-167-99.jpg"},"800x600":{"url":"https:\/\/www.saint-brevin.com\/medias\/images\/prestataires\/multitailles\/800x600_le-fief-167-99.jpg"},"640x480":{"url":"https:\/\/www.saint-brevin.com\/medias\/images\/prestataires\/multitailles\/640x480_le-fief-167-99.jpg"},"320x240":{"url":"https:\/\/www.saint-brevin.com\/medias\/images\/prestataires\/multitailles\/320x240_le-fief-167-99.jpg"},"160x120":{"url":"https:\/\/www.saint-brevin.com\/medias\/images\/prestataires\/multitailles\/160x120_le-fief-167-99.jpg"},"origine":{"url":"https:\/\/www.saint-brevin.com\/medias\/images\/prestataires\/le-fief-167-99.jpg"}},"urlLien":"","typeLien":"","nofollow":"N","copyright":""},{"url":"https:\/\/www.saint-brevin.com\/medias\/images\/prestataires\/sun-lia-le-fief-photo911-bar2-7012.jpg","chemin":"..\/medias\/images\/prestataires\/sun-lia-le-fief-photo911-bar2-7012.jpg","libelle":"sun-lia-le-fief-photo911-bar2-7012","extension":"jpg","categorie":"","largeur":4000,"theme":"","hauteur":2682,"type":"Image","origine":"","liaisonPave":"","langue":"","id":"7012","urlVignette":"https:\/\/www.saint-brevin.com\/medias\/images\/prestataires\/v-sun-lia-le-fief-photo911-bar2-7012.jpg","alt":"sun-lia-le-fief-photo911-bar2-7012","title":"sun-lia-le-fief-photo911-bar2-7012","MultiTaille":{"1920x1440":{"url":"https:\/\/www.saint-brevin.com\/medias\/images\/prestataires\/multitailles\/1920x1440_sun-lia-le-fief-photo911-bar2-7012.jpg"},"1200x900":{"url":"https:\/\/www.saint-brevin.com\/medias\/images\/prestataires\/multitailles\/1200x900_sun-lia-le-fief-photo911-bar2-7012.jpg"},"800x600":{"url":"https:\/\/www.saint-brevin.com\/medias\/images\/prestataires\/multitailles\/800x600_sun-lia-le-fief-photo911-bar2-7012.jpg"},"640x480":{"url":"https:\/\/www.saint-brevin.com\/medias\/images\/prestataires\/multitailles\/640x480_sun-lia-le-fief-photo911-bar2-7012.jpg"},"320x240":{"url":"https:\/\/www.saint-brevin.com\/medias\/images\/prestataires\/multitailles\/320x240_sun-lia-le-fief-photo911-bar2-7012.jpg"},"160x120":{"url":"https:\/\/www.saint-brevin.com\/medias\/images\/prestataires\/multitailles\/160x120_sun-lia-le-fief-photo911-bar2-7012.jpg"},"origine":{"url":"https:\/\/www.saint-brevin.com\/medias\/images\/prestataires\/sun-lia-le-fief-photo911-bar2-7012.jpg"}},"urlLien":"","typeLien":"","nofollow":"N","copyright":""},{"url":"https:\/\/www.saint-brevin.com\/medias\/images\/prestataires\/sun-lia-le-fief-photo911-visuels-plats8-7013.jpg","chemin":"..\/medias\/images\/prestataires\/sun-lia-le-fief-photo911-visuels-plats8-7013.jpg","libelle":"sun-lia-le-fief-photo911-visuels-plats8-7013","extension":"jpg","categorie":"","largeur":2728,"theme":"","hauteur":4000,"type":"Image","origine":"","liaisonPave":"","langue":"","id":"7013","urlVignette":"https:\/\/www.saint-brevin.com\/medias\/images\/prestataires\/v-sun-lia-le-fief-photo911-visuels-plats8-7013.jpg","alt":"sun-lia-le-fief-photo911-visuels-plats8-7013","title":"sun-lia-le-fief-photo911-visuels-plats8-7013","MultiTaille":{"1920x1440":{"url":"https:\/\/www.saint-brevin.com\/medias\/images\/prestataires\/multitailles\/1920x1440_sun-lia-le-fief-photo911-visuels-plats8-7013.jpg"},"1200x900":{"url":"https:\/\/www.saint-brevin.com\/medias\/images\/prestataires\/multitailles\/1200x900_sun-lia-le-fief-photo911-visuels-plats8-7013.jpg"},"800x600":{"url":"https:\/\/www.saint-brevin.com\/medias\/images\/prestataires\/multitailles\/800x600_sun-lia-le-fief-photo911-visuels-plats8-7013.jpg"},"640x480":{"url":"https:\/\/www.saint-brevin.com\/medias\/images\/prestataires\/multitailles\/640x480_sun-lia-le-fief-photo911-visuels-plats8-7013.jpg"},"320x240":{"url":"https:\/\/www.saint-brevin.com\/medias\/images\/prestataires\/multitailles\/320x240_sun-lia-le-fief-photo911-visuels-plats8-7013.jpg"},"160x120":{"url":"https:\/\/www.saint-brevin.com\/medias\/images\/prestataires\/multitailles\/160x120_sun-lia-le-fief-photo911-visuels-plats8-7013.jpg"},"origine":{"url":"https:\/\/www.saint-brevin.com\/medias\/images\/prestataires\/sun-lia-le-fief-photo911-visuels-plats8-7013.jpg"}},"urlLien":"","typeLien":"","nofollow":"N","copyright":""},{"url":"https:\/\/www.saint-brevin.com\/medias\/images\/prestataires\/reservation-le57-8932.png","chemin":"..\/medias\/images\/prestataires\/reservation-le57-8932.png","libelle":"reservation-le57-8932","extension":"png","categorie":"","largeur":592,"theme":"","hauteur":592,"type":"Image","origine":"","liaisonPave":"","langue":"","id":"8932","urlVignette":"https:\/\/www.saint-brevin.com\/medias\/images\/prestataires\/v-reservation-le57-8932.png","alt":"reservation-le57-8932","title":"reservation-le57-8932","MultiTaille":{"1920x1440":{"url":"https:\/\/www.saint-brevin.com\/medias\/images\/prestataires\/multitailles\/1920x1440_reservation-le57-8932.png"},"1200x900":{"url":"https:\/\/www.saint-brevin.com\/medias\/images\/prestataires\/multitailles\/1200x900_reservation-le57-8932.png"},"800x600":{"url":"https:\/\/www.saint-brevin.com\/medias\/images\/prestataires\/multitailles\/800x600_reservation-le57-8932.png"},"640x480":{"url":"https:\/\/www.saint-brevin.com\/medias\/images\/prestataires\/multitailles\/640x480_reservation-le57-8932.png"},"320x240":{"url":"https:\/\/www.saint-brevin.com\/medias\/images\/prestataires\/multitailles\/320x240_reservation-le57-8932.png"},"160x120":{"url":"https:\/\/www.saint-brevin.com\/medias\/images\/prestataires\/multitailles\/160x120_reservation-le57-8932.png"},"origine":{"url":"https:\/\/www.saint-brevin.com\/medias\/images\/prestataires\/reservation-le57-8932.png"}},"urlLien":"","typeLien":"","nofollow":"N","copyright":""}],"ByCategorie":{"":[{"url":"https:\/\/www.saint-brevin.com\/medias\/images\/prestataires\/sun-lia-le-fief-photo911-repas-en-famille3-7011.jpg","chemin":"..\/medias\/images\/prestataires\/sun-lia-le-fief-photo911-repas-en-famille3-7011.jpg","libelle":"sun-lia-le-fief-photo911-repas-en-famille3-7011","extension":"jpg","categorie":"","largeur":4000,"theme":"","hauteur":2707,"type":"Image","origine":"","liaisonPave":"","langue":"","id":"7011","urlVignette":"https:\/\/www.saint-brevin.com\/medias\/images\/prestataires\/v-sun-lia-le-fief-photo911-repas-en-famille3-7011.jpg","alt":"sun-lia-le-fief-photo911-repas-en-famille3-7011","title":"sun-lia-le-fief-photo911-repas-en-famille3-7011","MultiTaille":{"1920x1440":{"url":"https:\/\/www.saint-brevin.com\/medias\/images\/prestataires\/multitailles\/1920x1440_sun-lia-le-fief-photo911-repas-en-famille3-7011.jpg"},"1200x900":{"url":"https:\/\/www.saint-brevin.com\/medias\/images\/prestataires\/multitailles\/1200x900_sun-lia-le-fief-photo911-repas-en-famille3-7011.jpg"},"800x600":{"url":"https:\/\/www.saint-brevin.com\/medias\/images\/prestataires\/multitailles\/800x600_sun-lia-le-fief-photo911-repas-en-famille3-7011.jpg"},"640x480":{"url":"https:\/\/www.saint-brevin.com\/medias\/images\/prestataires\/multitailles\/640x480_sun-lia-le-fief-photo911-repas-en-famille3-7011.jpg"},"320x240":{"url":"https:\/\/www.saint-brevin.com\/medias\/images\/prestataires\/multitailles\/320x240_sun-lia-le-fief-photo911-repas-en-famille3-7011.jpg"},"160x120":{"url":"https:\/\/www.saint-brevin.com\/medias\/images\/prestataires\/multitailles\/160x120_sun-lia-le-fief-photo911-repas-en-famille3-7011.jpg"},"origine":{"url":"https:\/\/www.saint-brevin.com\/medias\/images\/prestataires\/sun-lia-le-fief-photo911-repas-en-famille3-7011.jpg"}},"urlLien":"","typeLien":"","nofollow":"N","copyright":""},{"url":"https:\/\/www.saint-brevin.com\/medias\/images\/prestataires\/le-fief-167-99.jpg","chemin":"..\/medias\/images\/prestataires\/le-fief-167-99.jpg","libelle":"le-fief-167-99","extension":"jpg","categorie":"","largeur":2000,"theme":"","hauteur":1333,"type":"Image","origine":"","liaisonPave":"","langue":"","id":"99","urlVignette":"https:\/\/www.saint-brevin.com\/medias\/images\/prestataires\/v-le-fief-167-99.jpg","alt":"le-fief-167-99","title":"le-fief-167-99","MultiTaille":{"1920x1440":{"url":"https:\/\/www.saint-brevin.com\/medias\/images\/prestataires\/multitailles\/1920x1440_le-fief-167-99.jpg"},"1200x900":{"url":"https:\/\/www.saint-brevin.com\/medias\/images\/prestataires\/multitailles\/1200x900_le-fief-167-99.jpg"},"800x600":{"url":"https:\/\/www.saint-brevin.com\/medias\/images\/prestataires\/multitailles\/800x600_le-fief-167-99.jpg"},"640x480":{"url":"https:\/\/www.saint-brevin.com\/medias\/images\/prestataires\/multitailles\/640x480_le-fief-167-99.jpg"},"320x240":{"url":"https:\/\/www.saint-brevin.com\/medias\/images\/prestataires\/multitailles\/320x240_le-fief-167-99.jpg"},"160x120":{"url":"https:\/\/www.saint-brevin.com\/medias\/images\/prestataires\/multitailles\/160x120_le-fief-167-99.jpg"},"origine":{"url":"https:\/\/www.saint-brevin.com\/medias\/images\/prestataires\/le-fief-167-99.jpg"}},"urlLien":"","typeLien":"","nofollow":"N","copyright":""},{"url":"https:\/\/www.saint-brevin.com\/medias\/images\/prestataires\/sun-lia-le-fief-photo911-bar2-7012.jpg","chemin":"..\/medias\/images\/prestataires\/sun-lia-le-fief-photo911-bar2-7012.jpg","libelle":"sun-lia-le-fief-photo911-bar2-7012","extension":"jpg","categorie":"","largeur":4000,"theme":"","hauteur":2682,"type":"Image","origine":"","liaisonPave":"","langue":"","id":"7012","urlVignette":"https:\/\/www.saint-brevin.com\/medias\/images\/prestataires\/v-sun-lia-le-fief-photo911-bar2-7012.jpg","alt":"sun-lia-le-fief-photo911-bar2-7012","title":"sun-lia-le-fief-photo911-bar2-7012","MultiTaille":{"1920x1440":{"url":"https:\/\/www.saint-brevin.com\/medias\/images\/prestataires\/multitailles\/1920x1440_sun-lia-le-fief-photo911-bar2-7012.jpg"},"1200x900":{"url":"https:\/\/www.saint-brevin.com\/medias\/images\/prestataires\/multitailles\/1200x900_sun-lia-le-fief-photo911-bar2-7012.jpg"},"800x600":{"url":"https:\/\/www.saint-brevin.com\/medias\/images\/prestataires\/multitailles\/800x600_sun-lia-le-fief-photo911-bar2-7012.jpg"},"640x480":{"url":"https:\/\/www.saint-brevin.com\/medias\/images\/prestataires\/multitailles\/640x480_sun-lia-le-fief-photo911-bar2-7012.jpg"},"320x240":{"url":"https:\/\/www.saint-brevin.com\/medias\/images\/prestataires\/multitailles\/320x240_sun-lia-le-fief-photo911-bar2-7012.jpg"},"160x120":{"url":"https:\/\/www.saint-brevin.com\/medias\/images\/prestataires\/multitailles\/160x120_sun-lia-le-fief-photo911-bar2-7012.jpg"},"origine":{"url":"https:\/\/www.saint-brevin.com\/medias\/images\/prestataires\/sun-lia-le-fief-photo911-bar2-7012.jpg"}},"urlLien":"","typeLien":"","nofollow":"N","copyright":""},{"url":"https:\/\/www.saint-brevin.com\/medias\/images\/prestataires\/sun-lia-le-fief-photo911-visuels-plats8-7013.jpg","chemin":"..\/medias\/images\/prestataires\/sun-lia-le-fief-photo911-visuels-plats8-7013.jpg","libelle":"sun-lia-le-fief-photo911-visuels-plats8-7013","extension":"jpg","categorie":"","largeur":2728,"theme":"","hauteur":4000,"type":"Image","origine":"","liaisonPave":"","langue":"","id":"7013","urlVignette":"https:\/\/www.saint-brevin.com\/medias\/images\/prestataires\/v-sun-lia-le-fief-photo911-visuels-plats8-7013.jpg","alt":"sun-lia-le-fief-photo911-visuels-plats8-7013","title":"sun-lia-le-fief-photo911-visuels-plats8-7013","MultiTaille":{"1920x1440":{"url":"https:\/\/www.saint-brevin.com\/medias\/images\/prestataires\/multitailles\/1920x1440_sun-lia-le-fief-photo911-visuels-plats8-7013.jpg"},"1200x900":{"url":"https:\/\/www.saint-brevin.com\/medias\/images\/prestataires\/multitailles\/1200x900_sun-lia-le-fief-photo911-visuels-plats8-7013.jpg"},"800x600":{"url":"https:\/\/www.saint-brevin.com\/medias\/images\/prestataires\/multitailles\/800x600_sun-lia-le-fief-photo911-visuels-plats8-7013.jpg"},"640x480":{"url":"https:\/\/www.saint-brevin.com\/medias\/images\/prestataires\/multitailles\/640x480_sun-lia-le-fief-photo911-visuels-plats8-7013.jpg"},"320x240":{"url":"https:\/\/www.saint-brevin.com\/medias\/images\/prestataires\/multitailles\/320x240_sun-lia-le-fief-photo911-visuels-plats8-7013.jpg"},"160x120":{"url":"https:\/\/www.saint-brevin.com\/medias\/images\/prestataires\/multitailles\/160x120_sun-lia-le-fief-photo911-visuels-plats8-7013.jpg"},"origine":{"url":"https:\/\/www.saint-brevin.com\/medias\/images\/prestataires\/sun-lia-le-fief-photo911-visuels-plats8-7013.jpg"}},"urlLien":"","typeLien":"","nofollow":"N","copyright":""},{"url":"https:\/\/www.saint-brevin.com\/medias\/images\/prestataires\/reservation-le57-8932.png","chemin":"..\/medias\/images\/prestataires\/reservation-le57-8932.png","libelle":"reservation-le57-8932","extension":"png","categorie":"","largeur":592,"theme":"","hauteur":592,"type":"Image","origine":"","liaisonPave":"","langue":"","id":"8932","urlVignette":"https:\/\/www.saint-brevin.com\/medias\/images\/prestataires\/v-reservation-le57-8932.png","alt":"reservation-le57-8932","title":"reservation-le57-8932","MultiTaille":{"1920x1440":{"url":"https:\/\/www.saint-brevin.com\/medias\/images\/prestataires\/multitailles\/1920x1440_reservation-le57-8932.png"},"1200x900":{"url":"https:\/\/www.saint-brevin.com\/medias\/images\/prestataires\/multitailles\/1200x900_reservation-le57-8932.png"},"800x600":{"url":"https:\/\/www.saint-brevin.com\/medias\/images\/prestataires\/multitailles\/800x600_reservation-le57-8932.png"},"640x480":{"url":"https:\/\/www.saint-brevin.com\/medias\/images\/prestataires\/multitailles\/640x480_reservation-le57-8932.png"},"320x240":{"url":"https:\/\/www.saint-brevin.com\/medias\/images\/prestataires\/multitailles\/320x240_reservation-le57-8932.png"},"160x120":{"url":"https:\/\/www.saint-brevin.com\/medias\/images\/prestataires\/multitailles\/160x120_reservation-le57-8932.png"},"origine":{"url":"https:\/\/www.saint-brevin.com\/medias\/images\/prestataires\/reservation-le57-8932.png"}},"urlLien":"","typeLien":"","nofollow":"N","copyright":""}]}},"Url":"le-57.html","Localisation":{"GoogleMap":{"Latitude":"47.23512","Longitude":"-2.16713"}},"ZoneGeo":"","Criteres":{"NIVPARTENAIRE[COMPLET":"","LIEU[SAINTBREVINOCEAN":"","COMMUNES[SAINTBREVIN":"","QUARTIER[OCEAN":"","SPECIA[TRADIT":"","SPECIA[PIZZAS":"","SPECIA[SALADES":"","CAPA[NBRESA":"1","CAPA[COUVER":"40","CAPA[COUVTE":"100","DISTANCEDUCENTRE[KMCENTREBREVINPIN":"2","DISTANCEDUCENTRE[MCENTREBREVINOCEAN":"800","DISTANCEDELAGARE[KMGARESAINTBAZAIRE":"13","DISTANCEDELAGARE[KMGAREPORNIC":"18","DISTANCEMER[500MA2KM":"","DISTANCEDUBUS[MARRETBREVIBUS":"50","DISTANCEDUBUS[MPOLEBRESSE":"2000","DISTANCEDUBUS[MPOLEBRESSE16":"2000","DISTANCEDUBUS[MPOLEBRESSE17":"2000","CADREETCONFORT[TERRASSEEXTRERIEURE":"","EQUIPEMENTSETSERVICES[RWIFI":"","EQUIPEMENTSETSERVICES[BAR":"","EQUIPEMENTSETSERVICES[ACCESPISCINE2H":"","BEBEENFANTS[ACCESPOUSSETTE":"","BEBEENFANTS[MENUSENFANTS":"","SERVICESRESTO[VENTEAEMPORTER":"","LANGUE[ANGLAI":"","LANGUE[ALLEMA":"","LANGUE[NEERLA":"","GROU[GROUOU":"","GROU[SEMINAIRE":"","TDLTH[DHAACO":"","THANDI[WC":"","EQUISE[ACCESSIBLEPMR":"","EQUISE[TCVAG":"","EQUISE[RWIFI":"","EQUISE[BAR":"","EQUISE[TERR":"","EQUISE[SEM":"","ACCESWIFIPUBLIC[WIFICONSO":"","INSPUBMAJ[NOTEPRESTA":"Brochure touristique","INSPUBMAJ[PRINT2NUMRIQUE17":"","INSPUBMAJ[PRINT2018":"","INSPUBMAJ[PRINT2020":"","MAJINGENIE[DATEDERNIEREMAJ":"20240110","MISEAJOUR[ANNABELLE":""},"DateFinPublication":"","PrixAPartirDe":"","PrixPour":"","FicheListeEnCours":"fiche_liste_restauration_v2017","ParametresModele":{"AfficherPhotos":"1","NbPhotosMax":6,"AfficherReserver":0,"AfficherContact":0,"AfficherSalle":1,"AfficherZoneGeo":0,"AfficherEnSavoirPlus":"1","AfficherUneSeuleOuverture":0,"AfficherContactCarte":1,"AfficherTarifsChaudAPartirDe":0,"AfficherTarifChaudSansRecherche":0,"AfficherLiensCarnetVoyage":"1","BlocCritereInfo":{"critere1":{"libelle":""},"critere2":{"libelle":""},"critere3":{"libelle":""},"critere4":{"libelle":""},"critere5":{"libelle":""},"critere6":{"libelle":""},"critere7":{"libelle":"","liste_critere":["COMMUNES|T"]},"critere8":{"libelle":""},"afficherpictoetpaslibelle":"1"},"Criteres":"NIVPARTENAIRE[COMPLET","PositionBloc":"GALLERIE|NOM|CARNET_VOYAGE|URL","TypePrestataire":"T","ComportementResa":false,"ComportementDispo":false},"AffichageCoordonnees":[],"Coordonnees":{"Ville":"ST BREVIN LES PINS"},"ContexteId":"PRESTATAIRE|T|RESPDL044V5004K9","ContexteIdHtml":"PRESTATAIRE-T-RESPDL044V5004K9","cleContexte":"T|RESPDL044V5004K9","Bloc":{"texte1":"","texte3":"","critere1":{"libelle":"","contenu":[]},"critere2":{"libelle":"","contenu":[]},"critere3":{"libelle":"","contenu":[]},"critere4":{"libelle":"","contenu":[]},"critere5":{"libelle":"","contenu":[]},"critere6":{"libelle":"","contenu":[]},"critere7":{"libelle":"","contenu":{"COMMUNES":{"libelle":"COMMUNE","contenu":{"1":"Saint-Brevin"},"codesValeurs":{"1":"COMMUNES|SAINTBREVIN|T"},"criteres_datas":{"valeurs":{"1":{"SAINTBREVIN":{"descriptif":""}}}}}}},"critere8":{"libelle":"","contenu":[]},"critere9":{"libelle":"","contenu":[]}},"LocalisationGps":{"Latitude":"47.23512","Longitude":"-2.16713"},"libelleDuPrestataire":"","listeCriteres":{"NIVPARTENAIRE":{"COMPLET":""},"LIEU":{"SAINTBREVINOCEAN":""},"COMMUNES":{"SAINTBREVIN":""},"QUARTIER":{"OCEAN":""},"SPECIA":{"TRADIT":"","PIZZAS":"","SALADES":""},"CAPA":{"NBRESA":"1","COUVER":"40","COUVTE":"100"},"DISTANCEDUCENTRE":{"KMCENTREBREVINPIN":"2","MCENTREBREVINOCEAN":"800"},"DISTANCEDELAGARE":{"KMGARESAINTBAZAIRE":"13","KMGAREPORNIC":"18"},"DISTANCEMER":{"500MA2KM":""},"DISTANCEDUBUS":{"MARRETBREVIBUS":"50","MPOLEBRESSE":"2000","MPOLEBRESSE16":"2000","MPOLEBRESSE17":"2000"},"CADREETCONFORT":{"TERRASSEEXTRERIEURE":""},"EQUIPEMENTSETSERVICES":{"RWIFI":"","BAR":"","ACCESPISCINE2H":""},"BEBEENFANTS":{"ACCESPOUSSETTE":"","MENUSENFANTS":""},"SERVICESRESTO":{"VENTEAEMPORTER":""},"LANGUE":{"ANGLAI":"","ALLEMA":"","NEERLA":""},"GROU":{"GROUOU":"","SEMINAIRE":""},"TDLTH":{"DHAACO":""},"THANDI":{"WC":""},"EQUISE":{"ACCESSIBLEPMR":"","TCVAG":"","RWIFI":"","BAR":"","TERR":"","SEM":""},"ACCESWIFIPUBLIC":{"WIFICONSO":""},"INSPUBMAJ":{"NOTEPRESTA":"Brochure touristique","PRINT2NUMRIQUE17":"","PRINT2018":"","PRINT2020":""},"MAJINGENIE":{"DATEDERNIEREMAJ":"20240110"},"MISEAJOUR":{"ANNABELLE":""}},"dansCarnetVoyage":true,"Ouverture":""},"html":" \n \u003Cdiv id=\"CV-PRESTATAIRE-T-RESPDL044V5004K9\" data-contexte-id=\"PRESTATAIRE|T|RESPDL044V5004K9\" data-cle=\"T|RESPDL044V5004K9\" class=\"fiche-liste\"\u003E\n    \n\n    \u003C!-- partie photo --\u003E\n    \u003Cdiv class=\"photo\"\u003E\t\t\t\t\t\t\t\t\t\t\t\t\t\t\t\t\t\t\t\t\t\n        \u003Cdiv class=\"cadre_photo_principale\"\u003E\t\t\n        \n            \t\t\t\t\t\n                    \u003Ca href=\"le-57.html?origine=carnet#media\"\u003E\n                        \u003Cimg class=\"photo_principale\" alt=\"sun-lia-le-fief-photo911-repas-en-famille3-7011\" src=\"https:\/\/www.saint-brevin.com\/medias\/images\/prestataires\/multitailles\/320x240_sun-lia-le-fief-photo911-repas-en-famille3-7011.jpg\" itemprop=\"image\"\u003E\n                    \u003C\/a\u003E\t\t\t\t\t\t\n                \n                    \u003C\/div\u003E\t\t\t\t\t\t\t\t\t\t\t\t\t\t\t\t\t\t\t \t\t\n    \u003C\/div\u003E\n    \n    \u003C!-- partie nom prest --\u003E\n    \u003Cdiv class=\"nom\"\u003E\n        \u003Ch2\u003ELe 57\u003C\/h2\u003E\n        \n            \u003C\/div\u003E\n\n         \n    \u003C!-- partie adresse --\u003E\n    \u003Cdiv class=\"adresse\"\u003E\n    \n          \n    \u003C\/div\u003E\n    \n    \u003C!-- partie liens --\u003E\n    \u003Cdiv class=\"liens\"\u003E\n            \u003Ca class=\"btn-icon btn-view \" title=\"Voir la fiche d\u00e9taill\u00e9e\" href=\"le-57.html?origine=carnet\"\u003E\u003C\/a\u003E\u003C!--\u003Ca class=\"btn-icon btn-view \" title=\"\" href=\"?origine=carnet#thaut\"\u003E\u003C\/a\u003E--\u003E\n      \u003Ca class=\"btn-icon btn-trash carnet_voyage_supprimer\" title=\"Supprimer cette fiche de mon carnet de voyage\" href=\"carnet-voyage?action=remove&fiche=T|RESPDL044V5004K9\"\u003E\u003C\/a\u003E\n    \u003C\/div\u003E\n\n\u003C\/div\u003E\n\n","icon":"https:\/\/static.ingenie.fr\/images\/carnetVoyageV3\/T.png"},"fiche":"T|RESPDL044V5004K9","popup":"\u003Cdiv id=\"bloc_popup_ajout_fiche_carnet\"\u003E\n    \u003Cdiv class=\"info_popup_ajout_fiche_carnet\"\u003E\n        Vous venez d'ajouter cet \u00e9l\u00e9ment \u00e0 votre carnet de voyage :    \u003C\/div\u003E\n    \u003Cdiv class=\"prest_popup_ajout_fiche_carnet\"\u003E\n        Le 57    \u003C\/div\u003E\n    \u003Cdiv class=\"bloc_btn_ajout_fiche_carnet form_submit_div\"\u003E\n        \u003Cinput type=\"button\" value=\"Continuer ma s\u00e9lection\" title=\"Continuer ma s\u00e9lection\" name=\"btn_close\" class=\"btn_close_popup_carnet form_submit\" onclick=\"$.colorbox.close()\" \/\u003E\n        \u003Cinput type=\"button\" value=\"Voir mon carnet de voyage\" title=\"Voir mon carnet\" name=\"btn_panier\" class=\"btn_panier_popup_carnet form_submit\" onclick=\"if(typeof CarnetVoyage != 'undefined') {CarnetVoyage.voirCarnet();}\" \/\u003E\n    \u003C\/div\u003E\n    \u003Cdiv class=\"bloc_btn_ajout_fiche_carnet\"\u003E\n        \u003Cinput type=\"checkbox\" value=\"1\" name=\"desactiver_popup\" id=\"desactiver_popup\" \/\u003E\n        \u003Clabel for=\"desactiver_popup\"\u003ENe plus afficher ce message\u003C\/label\u003E\n    \u003C\/div\u003E\n\u003C\/div\u003E","success":1}