{"nbFiches":1,"dataPrest":{"infoPrest":{"pave1":{"libelle":"Slogan","contenu":"Boucherie, charcuterie, traiteur."},"pave2":{"libelle":"Descriptif","contenu":"Dans notre boutique, l&#39;&eacute;quipe de la Maison Fradin vous r&eacute;serve un accueil convivial et vous propose&nbsp;un large choix de&nbsp;viandes&nbsp;et&nbsp;de la&nbsp;charcuterie&nbsp;de haute qualit&eacute;. Vous trouverez &eacute;galement des plats &agrave; emporter faits maison\u003Cbr \/\u003E\r\n\u003Cbr \/\u003E\r\nPour tous vos &eacute;v&eacute;nements, nous r&eacute;alisons de l&#39;entr&eacute;e au dessert des&nbsp;plats&nbsp;cuisin&eacute;s&nbsp;&agrave;&nbsp;emporter,&nbsp;des&nbsp;buffets&nbsp;froids&nbsp;ou&nbsp;chauds avec une livraison possible gratuite &agrave;&nbsp;St-Brevin-les-Pins&nbsp;et aux alentours."},"pave3":{"libelle":"","contenu":""},"pave4":{"libelle":"","contenu":""},"pave5":{"libelle":"","contenu":""},"pave6":{"libelle":"","contenu":""},"pave7":{"libelle":"","contenu":""},"pave8":{"libelle":"","contenu":""},"pave9":{"libelle":"","contenu":""},"pave10":{"libelle":"","contenu":""},"pave11":{"libelle":"","contenu":""},"pave12":{"libelle":"","contenu":""},"pave13":{"libelle":"","contenu":""},"pave14":{"libelle":"","contenu":""},"pave15":{"libelle":"","contenu":""},"pave16":{"libelle":"","contenu":""},"pave17":{"libelle":"","contenu":""},"pave18":{"libelle":"","contenu":""},"pave19":{"libelle":"","contenu":""},"pave20":{"libelle":"","contenu":""},"pave21":{"libelle":"","contenu":""},"pave22":{"libelle":"","contenu":""},"pave23":{"libelle":"","contenu":""},"pave24":{"libelle":"","contenu":""},"pave25":{"libelle":"","contenu":""},"ContactsParType":{"ENT":{"899":{"id_contact":"899","type_contact":"ENT","categorie_contact":"PRESTATAIRE","societe_contact":"","fonction_contact":"","civilite_nom_prenom_contact":"","adresse1_contact":"7 rue du G\u00e9n\u00e9ral de Gaulle","adresse2_contact":"","adresse3_contact":"","cpostal_contact":"44250","ville_contact":"ST BREVIN LES PINS","teldom_contact":"0240272027","telbur_contact":"","fax_contact":"","portable_contact":"","email_contact":"eurl.fradin@orange.fr","siteweb_contact":"http:\/\/www.maisonfradin.fr\/fr","commentaire_contact":"","langue_contact":"","autre_moyen_com":[]}}},"Libelle":"Maison Fradin","Nom":"Maison Fradin","Prenom":"","NomPrenom":"Maison Fradin ","CiviliteNomPrenom":"Maison Fradin ","Cle":"T|A0013PDL044V5042W3","PrestataireParent":"","ContexteStat":"PRESTATAIRE-T-A0013PDL044V5042W3","DateModificationIso":"2022-01-14T15:17:00+01:00","Type":"PRESTATAIRE","TypePrestataire":"T","Adresse":{"LigneAdresse1":"7 rue du G\u00e9n\u00e9ral de Gaulle","LigneAdresse2":"","LigneAdresse3":"","CodePostal":"44250","Ville":"ST BREVIN LES PINS","Cedex":"","Etat":"","Pays":"FRA"},"Email":"eurl.fradin@orange.fr","Telephone":"02 40 27 20 27","TelephoneBureau":"","Portable":"","SiteWeb":"https:\/\/www.maisonfradin.fr\/","Fax":"","Id":"t-a0013pdl044v5042w3","Code":"T|A0013PDL044V5042W3","Fichier":{"Image":[{"url":"https:\/\/www.saint-brevin.com\/medias\/images\/prestataires\/fradin1-323-2738.jpg","chemin":"..\/medias\/images\/prestataires\/fradin1-323-2738.jpg","libelle":"fradin1-323","extension":"jpg","categorie":"","largeur":2048,"theme":"","hauteur":1228,"type":"Image","origine":"","liaisonPave":"","langue":"","id":"2738","urlVignette":"https:\/\/www.saint-brevin.com\/medias\/images\/prestataires\/v-fradin1-323-2738.jpg","alt":"fradin1-323","title":"fradin1-323","MultiTaille":{"1920x1440":{"url":"https:\/\/www.saint-brevin.com\/medias\/images\/prestataires\/multitailles\/1920x1440_fradin1-323-2738.jpg"},"1200x900":{"url":"https:\/\/www.saint-brevin.com\/medias\/images\/prestataires\/multitailles\/1200x900_fradin1-323-2738.jpg"},"800x600":{"url":"https:\/\/www.saint-brevin.com\/medias\/images\/prestataires\/multitailles\/800x600_fradin1-323-2738.jpg"},"640x480":{"url":"https:\/\/www.saint-brevin.com\/medias\/images\/prestataires\/multitailles\/640x480_fradin1-323-2738.jpg"},"320x240":{"url":"https:\/\/www.saint-brevin.com\/medias\/images\/prestataires\/multitailles\/320x240_fradin1-323-2738.jpg"},"160x120":{"url":"https:\/\/www.saint-brevin.com\/medias\/images\/prestataires\/multitailles\/160x120_fradin1-323-2738.jpg"},"origine":{"url":"https:\/\/www.saint-brevin.com\/medias\/images\/prestataires\/fradin1-323-2738.jpg"}},"urlLien":"","typeLien":"","nofollow":"N","copyright":""},{"url":"https:\/\/www.saint-brevin.com\/medias\/images\/prestataires\/fradin2-324-2739.jpg","chemin":"..\/medias\/images\/prestataires\/fradin2-324-2739.jpg","libelle":"fradin2-324","extension":"jpg","categorie":"","largeur":1024,"theme":"","hauteur":768,"type":"Image","origine":"","liaisonPave":"","langue":"","id":"2739","urlVignette":"https:\/\/www.saint-brevin.com\/medias\/images\/prestataires\/v-fradin2-324-2739.jpg","alt":"fradin2-324","title":"fradin2-324","MultiTaille":{"1920x1440":{"url":"https:\/\/www.saint-brevin.com\/medias\/images\/prestataires\/multitailles\/1920x1440_fradin2-324-2739.jpg"},"1200x900":{"url":"https:\/\/www.saint-brevin.com\/medias\/images\/prestataires\/multitailles\/1200x900_fradin2-324-2739.jpg"},"800x600":{"url":"https:\/\/www.saint-brevin.com\/medias\/images\/prestataires\/multitailles\/800x600_fradin2-324-2739.jpg"},"640x480":{"url":"https:\/\/www.saint-brevin.com\/medias\/images\/prestataires\/multitailles\/640x480_fradin2-324-2739.jpg"},"320x240":{"url":"https:\/\/www.saint-brevin.com\/medias\/images\/prestataires\/multitailles\/320x240_fradin2-324-2739.jpg"},"160x120":{"url":"https:\/\/www.saint-brevin.com\/medias\/images\/prestataires\/multitailles\/160x120_fradin2-324-2739.jpg"},"origine":{"url":"https:\/\/www.saint-brevin.com\/medias\/images\/prestataires\/fradin2-324-2739.jpg"}},"urlLien":"","typeLien":"","nofollow":"N","copyright":""},{"url":"https:\/\/www.saint-brevin.com\/medias\/images\/prestataires\/fradin-325-2740.jpg","chemin":"..\/medias\/images\/prestataires\/fradin-325-2740.jpg","libelle":"fradin-325","extension":"jpg","categorie":"","largeur":960,"theme":"","hauteur":720,"type":"Image","origine":"","liaisonPave":"","langue":"","id":"2740","urlVignette":"https:\/\/www.saint-brevin.com\/medias\/images\/prestataires\/v-fradin-325-2740.jpg","alt":"fradin-325","title":"fradin-325","MultiTaille":{"1920x1440":{"url":"https:\/\/www.saint-brevin.com\/medias\/images\/prestataires\/multitailles\/1920x1440_fradin-325-2740.jpg"},"1200x900":{"url":"https:\/\/www.saint-brevin.com\/medias\/images\/prestataires\/multitailles\/1200x900_fradin-325-2740.jpg"},"800x600":{"url":"https:\/\/www.saint-brevin.com\/medias\/images\/prestataires\/multitailles\/800x600_fradin-325-2740.jpg"},"640x480":{"url":"https:\/\/www.saint-brevin.com\/medias\/images\/prestataires\/multitailles\/640x480_fradin-325-2740.jpg"},"320x240":{"url":"https:\/\/www.saint-brevin.com\/medias\/images\/prestataires\/multitailles\/320x240_fradin-325-2740.jpg"},"160x120":{"url":"https:\/\/www.saint-brevin.com\/medias\/images\/prestataires\/multitailles\/160x120_fradin-325-2740.jpg"},"origine":{"url":"https:\/\/www.saint-brevin.com\/medias\/images\/prestataires\/fradin-325-2740.jpg"}},"urlLien":"","typeLien":"","nofollow":"N","copyright":""},{"url":"https:\/\/www.saint-brevin.com\/medias\/images\/prestataires\/img-2115-564-2741.jpg","chemin":"..\/medias\/images\/prestataires\/img-2115-564-2741.jpg","libelle":"img-2115-564","extension":"jpg","categorie":"","largeur":5184,"theme":"","hauteur":3456,"type":"Image","origine":"","liaisonPave":"","langue":"","id":"2741","urlVignette":"https:\/\/www.saint-brevin.com\/medias\/images\/prestataires\/v-img-2115-564-2741.jpg","alt":"img-2115-564","title":"img-2115-564","MultiTaille":{"1920x1440":{"url":"https:\/\/www.saint-brevin.com\/medias\/images\/prestataires\/multitailles\/1920x1440_img-2115-564-2741.jpg"},"1200x900":{"url":"https:\/\/www.saint-brevin.com\/medias\/images\/prestataires\/multitailles\/1200x900_img-2115-564-2741.jpg"},"800x600":{"url":"https:\/\/www.saint-brevin.com\/medias\/images\/prestataires\/multitailles\/800x600_img-2115-564-2741.jpg"},"640x480":{"url":"https:\/\/www.saint-brevin.com\/medias\/images\/prestataires\/multitailles\/640x480_img-2115-564-2741.jpg"},"320x240":{"url":"https:\/\/www.saint-brevin.com\/medias\/images\/prestataires\/multitailles\/320x240_img-2115-564-2741.jpg"},"160x120":{"url":"https:\/\/www.saint-brevin.com\/medias\/images\/prestataires\/multitailles\/160x120_img-2115-564-2741.jpg"},"origine":{"url":"https:\/\/www.saint-brevin.com\/medias\/images\/prestataires\/img-2115-564-2741.jpg"}},"urlLien":"","typeLien":"","nofollow":"N","copyright":""}],"ByCategorie":{"":[{"url":"https:\/\/www.saint-brevin.com\/medias\/images\/prestataires\/fradin1-323-2738.jpg","chemin":"..\/medias\/images\/prestataires\/fradin1-323-2738.jpg","libelle":"fradin1-323","extension":"jpg","categorie":"","largeur":2048,"theme":"","hauteur":1228,"type":"Image","origine":"","liaisonPave":"","langue":"","id":"2738","urlVignette":"https:\/\/www.saint-brevin.com\/medias\/images\/prestataires\/v-fradin1-323-2738.jpg","alt":"fradin1-323","title":"fradin1-323","MultiTaille":{"1920x1440":{"url":"https:\/\/www.saint-brevin.com\/medias\/images\/prestataires\/multitailles\/1920x1440_fradin1-323-2738.jpg"},"1200x900":{"url":"https:\/\/www.saint-brevin.com\/medias\/images\/prestataires\/multitailles\/1200x900_fradin1-323-2738.jpg"},"800x600":{"url":"https:\/\/www.saint-brevin.com\/medias\/images\/prestataires\/multitailles\/800x600_fradin1-323-2738.jpg"},"640x480":{"url":"https:\/\/www.saint-brevin.com\/medias\/images\/prestataires\/multitailles\/640x480_fradin1-323-2738.jpg"},"320x240":{"url":"https:\/\/www.saint-brevin.com\/medias\/images\/prestataires\/multitailles\/320x240_fradin1-323-2738.jpg"},"160x120":{"url":"https:\/\/www.saint-brevin.com\/medias\/images\/prestataires\/multitailles\/160x120_fradin1-323-2738.jpg"},"origine":{"url":"https:\/\/www.saint-brevin.com\/medias\/images\/prestataires\/fradin1-323-2738.jpg"}},"urlLien":"","typeLien":"","nofollow":"N","copyright":""},{"url":"https:\/\/www.saint-brevin.com\/medias\/images\/prestataires\/fradin2-324-2739.jpg","chemin":"..\/medias\/images\/prestataires\/fradin2-324-2739.jpg","libelle":"fradin2-324","extension":"jpg","categorie":"","largeur":1024,"theme":"","hauteur":768,"type":"Image","origine":"","liaisonPave":"","langue":"","id":"2739","urlVignette":"https:\/\/www.saint-brevin.com\/medias\/images\/prestataires\/v-fradin2-324-2739.jpg","alt":"fradin2-324","title":"fradin2-324","MultiTaille":{"1920x1440":{"url":"https:\/\/www.saint-brevin.com\/medias\/images\/prestataires\/multitailles\/1920x1440_fradin2-324-2739.jpg"},"1200x900":{"url":"https:\/\/www.saint-brevin.com\/medias\/images\/prestataires\/multitailles\/1200x900_fradin2-324-2739.jpg"},"800x600":{"url":"https:\/\/www.saint-brevin.com\/medias\/images\/prestataires\/multitailles\/800x600_fradin2-324-2739.jpg"},"640x480":{"url":"https:\/\/www.saint-brevin.com\/medias\/images\/prestataires\/multitailles\/640x480_fradin2-324-2739.jpg"},"320x240":{"url":"https:\/\/www.saint-brevin.com\/medias\/images\/prestataires\/multitailles\/320x240_fradin2-324-2739.jpg"},"160x120":{"url":"https:\/\/www.saint-brevin.com\/medias\/images\/prestataires\/multitailles\/160x120_fradin2-324-2739.jpg"},"origine":{"url":"https:\/\/www.saint-brevin.com\/medias\/images\/prestataires\/fradin2-324-2739.jpg"}},"urlLien":"","typeLien":"","nofollow":"N","copyright":""},{"url":"https:\/\/www.saint-brevin.com\/medias\/images\/prestataires\/fradin-325-2740.jpg","chemin":"..\/medias\/images\/prestataires\/fradin-325-2740.jpg","libelle":"fradin-325","extension":"jpg","categorie":"","largeur":960,"theme":"","hauteur":720,"type":"Image","origine":"","liaisonPave":"","langue":"","id":"2740","urlVignette":"https:\/\/www.saint-brevin.com\/medias\/images\/prestataires\/v-fradin-325-2740.jpg","alt":"fradin-325","title":"fradin-325","MultiTaille":{"1920x1440":{"url":"https:\/\/www.saint-brevin.com\/medias\/images\/prestataires\/multitailles\/1920x1440_fradin-325-2740.jpg"},"1200x900":{"url":"https:\/\/www.saint-brevin.com\/medias\/images\/prestataires\/multitailles\/1200x900_fradin-325-2740.jpg"},"800x600":{"url":"https:\/\/www.saint-brevin.com\/medias\/images\/prestataires\/multitailles\/800x600_fradin-325-2740.jpg"},"640x480":{"url":"https:\/\/www.saint-brevin.com\/medias\/images\/prestataires\/multitailles\/640x480_fradin-325-2740.jpg"},"320x240":{"url":"https:\/\/www.saint-brevin.com\/medias\/images\/prestataires\/multitailles\/320x240_fradin-325-2740.jpg"},"160x120":{"url":"https:\/\/www.saint-brevin.com\/medias\/images\/prestataires\/multitailles\/160x120_fradin-325-2740.jpg"},"origine":{"url":"https:\/\/www.saint-brevin.com\/medias\/images\/prestataires\/fradin-325-2740.jpg"}},"urlLien":"","typeLien":"","nofollow":"N","copyright":""},{"url":"https:\/\/www.saint-brevin.com\/medias\/images\/prestataires\/img-2115-564-2741.jpg","chemin":"..\/medias\/images\/prestataires\/img-2115-564-2741.jpg","libelle":"img-2115-564","extension":"jpg","categorie":"","largeur":5184,"theme":"","hauteur":3456,"type":"Image","origine":"","liaisonPave":"","langue":"","id":"2741","urlVignette":"https:\/\/www.saint-brevin.com\/medias\/images\/prestataires\/v-img-2115-564-2741.jpg","alt":"img-2115-564","title":"img-2115-564","MultiTaille":{"1920x1440":{"url":"https:\/\/www.saint-brevin.com\/medias\/images\/prestataires\/multitailles\/1920x1440_img-2115-564-2741.jpg"},"1200x900":{"url":"https:\/\/www.saint-brevin.com\/medias\/images\/prestataires\/multitailles\/1200x900_img-2115-564-2741.jpg"},"800x600":{"url":"https:\/\/www.saint-brevin.com\/medias\/images\/prestataires\/multitailles\/800x600_img-2115-564-2741.jpg"},"640x480":{"url":"https:\/\/www.saint-brevin.com\/medias\/images\/prestataires\/multitailles\/640x480_img-2115-564-2741.jpg"},"320x240":{"url":"https:\/\/www.saint-brevin.com\/medias\/images\/prestataires\/multitailles\/320x240_img-2115-564-2741.jpg"},"160x120":{"url":"https:\/\/www.saint-brevin.com\/medias\/images\/prestataires\/multitailles\/160x120_img-2115-564-2741.jpg"},"origine":{"url":"https:\/\/www.saint-brevin.com\/medias\/images\/prestataires\/img-2115-564-2741.jpg"}},"urlLien":"","typeLien":"","nofollow":"N","copyright":""}]}},"Url":"maison-fradin-1.html","Localisation":{"GoogleMap":{"Latitude":"47.24704","Longitude":"-2.16600"}},"ZoneGeo":"","Criteres":{"NIVPARTENAIRE[COMPLET":"","LIEU[SAINTBREVINLESPINS":"","COMMUNES[SAINTBREVIN":"","QUARTIER[LESPINS":"","SPECIA[TRAITEUR":"","DISTANCEMER[100A500":"","SERVICESRESTO[VENTEAEMPORTER":"","SERVICESRESTO[TRAITEUR":"","TDLTH[DHAACO":"","THANDI[ACCESFAUT":"","THANDI[HDETAI":"Magasin accessible avec entr\u00e9e adapt\u00e9e et porte manuelle large, comptoir abaiss\u00e9.","PAIEME[ESPECE":"","PAIEME[CARTEB":"","PAIEME[TIREST":"","EQUISE[ACCESSIBLEPMR":"","EQUISE[TRAI":"","EQUISE[TCVTR":"","TLOCA[TPM":"","INSPUBMAJ[NOTEPRESTA":"Plan 2020","INSPUBMAJ[PRINT2018":"","MAJINGENIE[DATEDERNIEREMAJ":"20211209","MISEAJOUR[FABIENNE":""},"DateFinPublication":"","PrixAPartirDe":"","PrixPour":"","FicheListeEnCours":"fiche_liste_restauration_v2017","ParametresModele":{"AfficherPhotos":"1","NbPhotosMax":6,"AfficherReserver":0,"AfficherContact":0,"AfficherSalle":1,"AfficherZoneGeo":0,"AfficherEnSavoirPlus":"1","AfficherUneSeuleOuverture":0,"AfficherContactCarte":1,"AfficherTarifsChaudAPartirDe":0,"AfficherTarifChaudSansRecherche":0,"AfficherLiensCarnetVoyage":"1","BlocCritereInfo":{"critere1":{"libelle":""},"critere2":{"libelle":""},"critere3":{"libelle":""},"critere4":{"libelle":""},"critere5":{"libelle":""},"critere6":{"libelle":""},"critere7":{"libelle":"","liste_critere":["COMMUNES|T"]},"critere8":{"libelle":""},"afficherpictoetpaslibelle":"1"},"Criteres":"NIVPARTENAIRE[COMPLET","PositionBloc":"GALLERIE|NOM|CARNET_VOYAGE|URL","TypePrestataire":"T","ComportementResa":false,"ComportementDispo":false},"AffichageCoordonnees":[],"Coordonnees":{"Ville":"ST BREVIN LES PINS"},"ContexteId":"PRESTATAIRE|T|A0013PDL044V5042W3","ContexteIdHtml":"PRESTATAIRE-T-A0013PDL044V5042W3","cleContexte":"T|A0013PDL044V5042W3","Bloc":{"texte1":"","texte3":"","critere1":{"libelle":"","contenu":[]},"critere2":{"libelle":"","contenu":[]},"critere3":{"libelle":"","contenu":[]},"critere4":{"libelle":"","contenu":[]},"critere5":{"libelle":"","contenu":[]},"critere6":{"libelle":"","contenu":[]},"critere7":{"libelle":"","contenu":{"COMMUNES":{"libelle":"COMMUNE","contenu":{"1":"Saint-Brevin"},"codesValeurs":{"1":"COMMUNES|SAINTBREVIN|T"},"criteres_datas":{"valeurs":{"1":{"SAINTBREVIN":{"descriptif":""}}}}}}},"critere8":{"libelle":"","contenu":[]},"critere9":{"libelle":"","contenu":[]}},"LocalisationGps":{"Latitude":"47.24704","Longitude":"-2.16600"},"libelleDuPrestataire":"","listeCriteres":{"NIVPARTENAIRE":{"COMPLET":""},"LIEU":{"SAINTBREVINLESPINS":""},"COMMUNES":{"SAINTBREVIN":""},"QUARTIER":{"LESPINS":""},"SPECIA":{"TRAITEUR":""},"DISTANCEMER":{"100A500":""},"SERVICESRESTO":{"VENTEAEMPORTER":"","TRAITEUR":""},"TDLTH":{"DHAACO":""},"THANDI":{"ACCESFAUT":"","HDETAI":"Magasin accessible avec entr\u00e9e adapt\u00e9e et porte manuelle large, comptoir abaiss\u00e9."},"PAIEME":{"ESPECE":"","CARTEB":"","TIREST":""},"EQUISE":{"ACCESSIBLEPMR":"","TRAI":"","TCVTR":""},"TLOCA":{"TPM":""},"INSPUBMAJ":{"NOTEPRESTA":"Plan 2020","PRINT2018":""},"MAJINGENIE":{"DATEDERNIEREMAJ":"20211209"},"MISEAJOUR":{"FABIENNE":""}},"dansCarnetVoyage":true,"Ouverture":""},"html":" \n \u003Cdiv id=\"CV-PRESTATAIRE-T-A0013PDL044V5042W3\" data-contexte-id=\"PRESTATAIRE|T|A0013PDL044V5042W3\" data-cle=\"T|A0013PDL044V5042W3\" class=\"fiche-liste\"\u003E\n    \n\n    \u003C!-- partie photo --\u003E\n    \u003Cdiv class=\"photo\"\u003E\t\t\t\t\t\t\t\t\t\t\t\t\t\t\t\t\t\t\t\t\t\n        \u003Cdiv class=\"cadre_photo_principale\"\u003E\t\t\n        \n            \t\t\t\t\t\n                    \u003Ca href=\"maison-fradin-1.html?origine=carnet#media\"\u003E\n                        \u003Cimg class=\"photo_principale\" alt=\"fradin1-323\" src=\"https:\/\/www.saint-brevin.com\/medias\/images\/prestataires\/multitailles\/320x240_fradin1-323-2738.jpg\" itemprop=\"image\"\u003E\n                    \u003C\/a\u003E\t\t\t\t\t\t\n                \n                    \u003C\/div\u003E\t\t\t\t\t\t\t\t\t\t\t\t\t\t\t\t\t\t\t \t\t\n    \u003C\/div\u003E\n    \n    \u003C!-- partie nom prest --\u003E\n    \u003Cdiv class=\"nom\"\u003E\n        \u003Ch2\u003EMaison Fradin\u003C\/h2\u003E\n        \n            \u003C\/div\u003E\n\n         \n    \u003C!-- partie adresse --\u003E\n    \u003Cdiv class=\"adresse\"\u003E\n    \n          \n    \u003C\/div\u003E\n    \n    \u003C!-- partie liens --\u003E\n    \u003Cdiv class=\"liens\"\u003E\n            \u003Ca class=\"btn-icon btn-view \" title=\"Voir la fiche d\u00e9taill\u00e9e\" href=\"maison-fradin-1.html?origine=carnet\"\u003E\u003C\/a\u003E\u003C!--\u003Ca class=\"btn-icon btn-view \" title=\"\" href=\"?origine=carnet#thaut\"\u003E\u003C\/a\u003E--\u003E\n      \u003Ca class=\"btn-icon btn-trash carnet_voyage_supprimer\" title=\"Supprimer cette fiche de mon carnet de voyage\" href=\"carnet-voyage?action=remove&fiche=T|A0013PDL044V5042W3\"\u003E\u003C\/a\u003E\n    \u003C\/div\u003E\n\n\u003C\/div\u003E\n\n","icon":"https:\/\/static.ingenie.fr\/images\/carnetVoyageV3\/T.png"},"fiche":"T|A0013PDL044V5042W3","popup":"\u003Cdiv id=\"bloc_popup_ajout_fiche_carnet\"\u003E\n    \u003Cdiv class=\"info_popup_ajout_fiche_carnet\"\u003E\n        Vous venez d'ajouter cet \u00e9l\u00e9ment \u00e0 votre carnet de voyage :    \u003C\/div\u003E\n    \u003Cdiv class=\"prest_popup_ajout_fiche_carnet\"\u003E\n        Maison Fradin    \u003C\/div\u003E\n    \u003Cdiv class=\"bloc_btn_ajout_fiche_carnet form_submit_div\"\u003E\n        \u003Cinput type=\"button\" value=\"Continuer ma s\u00e9lection\" title=\"Continuer ma s\u00e9lection\" name=\"btn_close\" class=\"btn_close_popup_carnet form_submit\" onclick=\"$.colorbox.close()\" \/\u003E\n        \u003Cinput type=\"button\" value=\"Voir mon carnet de voyage\" title=\"Voir mon carnet\" name=\"btn_panier\" class=\"btn_panier_popup_carnet form_submit\" onclick=\"if(typeof CarnetVoyage != 'undefined') {CarnetVoyage.voirCarnet();}\" \/\u003E\n    \u003C\/div\u003E\n    \u003Cdiv class=\"bloc_btn_ajout_fiche_carnet\"\u003E\n        \u003Cinput type=\"checkbox\" value=\"1\" name=\"desactiver_popup\" id=\"desactiver_popup\" \/\u003E\n        \u003Clabel for=\"desactiver_popup\"\u003ENe plus afficher ce message\u003C\/label\u003E\n    \u003C\/div\u003E\n\u003C\/div\u003E","success":1}