{"nbFiches":1,"dataPrest":{"infoPrest":{"pave1":{"libelle":"Slogan","contenu":"\u003Cbr \/\u003E\r\n&nbsp;","fichiers":[]},"pave2":{"libelle":"Descriptif","contenu":"\u003Cdiv\u003E\r\n\u003Ch2 style=\"font-style:italic;\"\u003E\u003Cbr \/\u003E\r\n\u003Cspan style=\"font-size:20px;\"\u003E\u003Cvar\u003E\u003Cspan style=\"color:#008080;\"\u003E\u003Cu\u003E\u003Cstrong\u003E\u003Cspan style=\"font-family:verdana,geneva,sans-serif;\"\u003EVisite : La chapelle Saint-Charles, une restauration n&eacute;cessaire - Paimboeuf.\u003C\/span\u003E\u003C\/strong\u003E\u003C\/u\u003E\u003C\/span\u003E\u003C\/var\u003E\u003C\/span\u003E\u003C\/h2\u003E\r\n\u003Cbr \/\u003E\r\n\u003Cspan style=\"color:#008080;\"\u003E\u003Cem\u003EDur&eacute;e : 45mn &agrave; 1h.\u003C\/em\u003E\u003C\/span\u003E\u003Cbr \/\u003E\r\n\u003Cbr \/\u003E\r\nApr&egrave;s plusieurs ann&eacute;es de fermeture et deux ans de travaux, la chapelle Saint-Charles rena&icirc;t et s&rsquo;offre une seconde vie.\u003Cbr \/\u003E\r\nAncien lieu de culte des patients de l&rsquo;h&ocirc;pital, ce tr&eacute;sor patrimonial, marqu&eacute; par les ravages du temps, &eacute;tait menac&eacute; de disparition.\u003Cbr \/\u003E\r\nGr&acirc;ce &agrave; une restauration minutieuse, cet &eacute;difice historique a retrouv&eacute; toute sa splendeur.\u003Cbr \/\u003E\r\nPlongez dans son histoire et explorez les &eacute;tapes de cette transformation remarquable lors d&rsquo;une visite guid&eacute;e.\u003Cbr \/\u003E\r\n\u003Cbr \/\u003E\r\n\u003Cem\u003E\u003Cspan style=\"color:#008080;\"\u003E\u003Cstrong\u003ELe +&nbsp;\u003C\/strong\u003E\u003C\/span\u003E\u003C\/em\u003E\u003Cbr \/\u003E\r\nLa chapelle est ferm&eacute;e au public en dehors d&#39;&eacute;v&eacute;nements culturels, cette visite vous en ouvre les portes !\u003Cbr \/\u003E\r\n\u003Cbr \/\u003E\r\n\u003Cbr \/\u003E\r\nPour conna&icirc;tre nos dates de visite consulter notre agenda ou contactez-nous !\u003C\/div\u003E\r\n","fichiers":[]},"pave3":{"libelle":"","contenu":""},"pave4":{"libelle":"","contenu":""},"pave5":{"libelle":"","contenu":""},"pave6":{"libelle":"","contenu":""},"pave7":{"libelle":"","contenu":""},"pave8":{"libelle":"","contenu":""},"pave9":{"libelle":"","contenu":""},"pave10":{"libelle":"","contenu":""},"pave11":{"libelle":"","contenu":""},"pave12":{"libelle":"","contenu":""},"pave13":{"libelle":"","contenu":""},"pave14":{"libelle":"","contenu":""},"pave15":{"libelle":"","contenu":""},"pave16":{"libelle":"","contenu":""},"pave17":{"libelle":"","contenu":""},"pave18":{"libelle":"","contenu":""},"pave19":{"libelle":"","contenu":""},"pave20":{"libelle":"","contenu":""},"pave21":{"libelle":"","contenu":""},"pave22":{"libelle":"","contenu":""},"pave23":{"libelle":"","contenu":""},"pave24":{"libelle":"","contenu":""},"pave25":{"libelle":"","contenu":""},"Libelle":"Visite de la chapelle Saint-Charles","Reference":"","Reftar":"","Type":"PRESTATION","TypePrestataire":"L","ContexteStat":"PRESTATION-L-OTSTBREVINSE-VISITECHAPELLE","DateModificationIso":"2025-09-30T15:18:00+02:00","Adresse":{"LigneAdresse1":"","LigneAdresse2":"","LigneAdresse3":"","CodePostal":"44560","Ville":"PAIMBOEUF","Cedex":"","Etat":"","Pays":"FRA"},"Id":"l-otstbrevinse-visitechapelle","Code":"L|OTSTBREVINSE|VISITECHAPELLE","Cle":"L|OTSTBREVINSE|VISITECHAPELLE","Url":"visite-de-la-chapelle-saint-charles.html","Localisation":{"GoogleMap":{"Latitude":"","Longitude":""}},"ZoneGeo":"","Criteres":{"PARTENAIRE[COMPLET":"","COMMUNES[SAINTBREVIN":"","COMMUNES[PAIMBOEUF":"","ODLTH2[DHAACO":"","OTYACC2[OVG":"","OTYVC2[OVGP":"","LMPAC2[LCBP":"","LMPAC2[LESPE":"","LMPAC2[LCB":"","LMPAC2[LANCV":"","LMPAC2[CHVACCONNECT":"","LMPAC2[MONEKO":"","BILLETTERIEOFFICE[TARIFPREFERENTIEL":""},"Prestataire":{"pave1":{"libelle":"Slogan","contenu":""},"pave2":{"libelle":"Descriptif","contenu":""},"pave3":{"libelle":"Bons Plans","contenu":""},"pave4":{"libelle":"","contenu":""},"pave5":{"libelle":"","contenu":""},"pave6":{"libelle":"","contenu":""},"pave7":{"libelle":"","contenu":""},"pave8":{"libelle":"","contenu":""},"pave9":{"libelle":"","contenu":""},"pave10":{"libelle":"","contenu":""},"pave11":{"libelle":"","contenu":""},"pave12":{"libelle":"","contenu":""},"pave13":{"libelle":"","contenu":""},"pave14":{"libelle":"","contenu":""},"pave15":{"libelle":"","contenu":""},"pave16":{"libelle":"","contenu":""},"pave17":{"libelle":"","contenu":""},"pave18":{"libelle":"","contenu":""},"pave19":{"libelle":"","contenu":""},"pave20":{"libelle":"","contenu":""},"pave21":{"libelle":"","contenu":""},"pave22":{"libelle":"","contenu":""},"pave23":{"libelle":"","contenu":""},"pave24":{"libelle":"","contenu":""},"pave25":{"libelle":"","contenu":""},"Libelle":"Office de Tourisme Saint Brevin Sud Estuaire","Nom":"Office de Tourisme Saint Brevin Sud Estuaire","Prenom":"","NomPrenom":"Office de Tourisme Saint Brevin Sud Estuaire ","CiviliteNomPrenom":"Office de Tourisme Saint Brevin Sud Estuaire ","Cle":"L|OTSTBREVINSE","PrestataireParent":"","ContexteStat":"PRESTATAIRE-L-OTSTBREVINSE","DateModificationIso":"2024-12-10T15:43:00+01:00","Type":"PRESTATAIRE","TypePrestataire":"L","Adresse":{"LigneAdresse1":"","LigneAdresse2":"","LigneAdresse3":"","CodePostal":"44250","Ville":"ST BREVIN LES PINS","Cedex":"","Etat":"","Pays":"FRA"},"Email":"ot@tourisme-saint-brevin.fr","Telephone":"02 40 27 24 32","TelephoneBureau":"","Portable":"","SiteWeb":"https:\/\/www.saint-brevin.com","Fax":"","Id":"l-otstbrevinse","Code":"L|OTSTBREVINSE","Fichier":[],"Url":"","Localisation":{"GoogleMap":{"Latitude":"","Longitude":""}},"ZoneGeo":"","Criteres":{"DESTINATION[HORSDESTINATION":""},"DateFinPublication":""},"Fichier":{"Image":[{"url":"https:\/\/www.saint-brevin.com\/medias\/images\/prestations\/2024-08-23-25282-25294.jpg","chemin":"..\/medias\/images\/prestations\/2024-08-23-25282-25294.jpg","libelle":"2024-08-23-25282","extension":"jpg","categorie":"","largeur":680,"theme":"","hauteur":510,"type":"Image","origine":"","liaisonPave":"","langue":"","id":"25294","urlVignette":"https:\/\/www.saint-brevin.com\/medias\/images\/prestations\/v-2024-08-23-25282-25294.jpg","alt":"2024-08-23-25282","title":"2024-08-23-25282","MultiTaille":{"1920x1440":{"url":"https:\/\/www.saint-brevin.com\/medias\/images\/prestations\/multitailles\/1920x1440_2024-08-23-25282-25294.jpg"},"1200x900":{"url":"https:\/\/www.saint-brevin.com\/medias\/images\/prestations\/multitailles\/1200x900_2024-08-23-25282-25294.jpg"},"800x600":{"url":"https:\/\/www.saint-brevin.com\/medias\/images\/prestations\/multitailles\/800x600_2024-08-23-25282-25294.jpg"},"640x480":{"url":"https:\/\/www.saint-brevin.com\/medias\/images\/prestations\/multitailles\/640x480_2024-08-23-25282-25294.jpg"},"320x240":{"url":"https:\/\/www.saint-brevin.com\/medias\/images\/prestations\/multitailles\/320x240_2024-08-23-25282-25294.jpg"},"160x120":{"url":"https:\/\/www.saint-brevin.com\/medias\/images\/prestations\/multitailles\/160x120_2024-08-23-25282-25294.jpg"},"origine":{"url":"https:\/\/www.saint-brevin.com\/medias\/images\/prestations\/2024-08-23-25282-25294.jpg"}},"urlLien":"","typeLien":"","nofollow":"N","copyright":""},{"url":"https:\/\/www.saint-brevin.com\/medias\/images\/prestations\/image00024-25283-25295.jpeg","chemin":"..\/medias\/images\/prestations\/image00024-25283-25295.jpeg","libelle":"image00024-25283","extension":"jpeg","categorie":"","largeur":4032,"theme":"","hauteur":3024,"type":"Image","origine":"","liaisonPave":"","langue":"","id":"25295","urlVignette":"https:\/\/www.saint-brevin.com\/medias\/images\/prestations\/v-image00024-25283-25295.jpeg","alt":"image00024-25283","title":"image00024-25283","MultiTaille":{"1920x1440":{"url":"https:\/\/www.saint-brevin.com\/medias\/images\/prestations\/multitailles\/1920x1440_image00024-25283-25295.jpeg"},"1200x900":{"url":"https:\/\/www.saint-brevin.com\/medias\/images\/prestations\/multitailles\/1200x900_image00024-25283-25295.jpeg"},"800x600":{"url":"https:\/\/www.saint-brevin.com\/medias\/images\/prestations\/multitailles\/800x600_image00024-25283-25295.jpeg"},"640x480":{"url":"https:\/\/www.saint-brevin.com\/medias\/images\/prestations\/multitailles\/640x480_image00024-25283-25295.jpeg"},"320x240":{"url":"https:\/\/www.saint-brevin.com\/medias\/images\/prestations\/multitailles\/320x240_image00024-25283-25295.jpeg"},"160x120":{"url":"https:\/\/www.saint-brevin.com\/medias\/images\/prestations\/multitailles\/160x120_image00024-25283-25295.jpeg"},"origine":{"url":"https:\/\/www.saint-brevin.com\/medias\/images\/prestations\/image00024-25283-25295.jpeg"}},"urlLien":"","typeLien":"","nofollow":"N","copyright":""}],"ByCategorie":{"":[{"url":"https:\/\/www.saint-brevin.com\/medias\/images\/prestations\/2024-08-23-25282-25294.jpg","chemin":"..\/medias\/images\/prestations\/2024-08-23-25282-25294.jpg","libelle":"2024-08-23-25282","extension":"jpg","categorie":"","largeur":680,"theme":"","hauteur":510,"type":"Image","origine":"","liaisonPave":"","langue":"","id":"25294","urlVignette":"https:\/\/www.saint-brevin.com\/medias\/images\/prestations\/v-2024-08-23-25282-25294.jpg","alt":"2024-08-23-25282","title":"2024-08-23-25282","MultiTaille":{"1920x1440":{"url":"https:\/\/www.saint-brevin.com\/medias\/images\/prestations\/multitailles\/1920x1440_2024-08-23-25282-25294.jpg"},"1200x900":{"url":"https:\/\/www.saint-brevin.com\/medias\/images\/prestations\/multitailles\/1200x900_2024-08-23-25282-25294.jpg"},"800x600":{"url":"https:\/\/www.saint-brevin.com\/medias\/images\/prestations\/multitailles\/800x600_2024-08-23-25282-25294.jpg"},"640x480":{"url":"https:\/\/www.saint-brevin.com\/medias\/images\/prestations\/multitailles\/640x480_2024-08-23-25282-25294.jpg"},"320x240":{"url":"https:\/\/www.saint-brevin.com\/medias\/images\/prestations\/multitailles\/320x240_2024-08-23-25282-25294.jpg"},"160x120":{"url":"https:\/\/www.saint-brevin.com\/medias\/images\/prestations\/multitailles\/160x120_2024-08-23-25282-25294.jpg"},"origine":{"url":"https:\/\/www.saint-brevin.com\/medias\/images\/prestations\/2024-08-23-25282-25294.jpg"}},"urlLien":"","typeLien":"","nofollow":"N","copyright":""},{"url":"https:\/\/www.saint-brevin.com\/medias\/images\/prestations\/image00024-25283-25295.jpeg","chemin":"..\/medias\/images\/prestations\/image00024-25283-25295.jpeg","libelle":"image00024-25283","extension":"jpeg","categorie":"","largeur":4032,"theme":"","hauteur":3024,"type":"Image","origine":"","liaisonPave":"","langue":"","id":"25295","urlVignette":"https:\/\/www.saint-brevin.com\/medias\/images\/prestations\/v-image00024-25283-25295.jpeg","alt":"image00024-25283","title":"image00024-25283","MultiTaille":{"1920x1440":{"url":"https:\/\/www.saint-brevin.com\/medias\/images\/prestations\/multitailles\/1920x1440_image00024-25283-25295.jpeg"},"1200x900":{"url":"https:\/\/www.saint-brevin.com\/medias\/images\/prestations\/multitailles\/1200x900_image00024-25283-25295.jpeg"},"800x600":{"url":"https:\/\/www.saint-brevin.com\/medias\/images\/prestations\/multitailles\/800x600_image00024-25283-25295.jpeg"},"640x480":{"url":"https:\/\/www.saint-brevin.com\/medias\/images\/prestations\/multitailles\/640x480_image00024-25283-25295.jpeg"},"320x240":{"url":"https:\/\/www.saint-brevin.com\/medias\/images\/prestations\/multitailles\/320x240_image00024-25283-25295.jpeg"},"160x120":{"url":"https:\/\/www.saint-brevin.com\/medias\/images\/prestations\/multitailles\/160x120_image00024-25283-25295.jpeg"},"origine":{"url":"https:\/\/www.saint-brevin.com\/medias\/images\/prestations\/image00024-25283-25295.jpeg"}},"urlLien":"","typeLien":"","nofollow":"N","copyright":""}]}},"DateDebPublication":"","DateFinPublication":"","PrixAPartirDe":"","PrixPour":"","FicheListeEnCours":"","ParametresModele":{"AfficherPhotos":1,"NbPhotosMax":6,"AfficherReserver":0,"AfficherContact":0,"AfficherSalle":1,"AfficherZoneGeo":0,"AfficherEnSavoirPlus":1,"AfficherUneSeuleOuverture":0,"AfficherContactCarte":0,"AfficherTarifsChaudAPartirDe":0,"AfficherTarifChaudSansRecherche":0,"AfficherTypeCarte":["GOOGLE_MAPS"],"ComportementResa":false,"ComportementDispo":false},"AffichageCoordonnees":[],"Coordonnees":{"Ville":"PAIMBOEUF"},"ContexteId":"PRESTATION|L|OTSTBREVINSE|VISITECHAPELLE","ContexteIdHtml":"PRESTATION-L-OTSTBREVINSE-VISITECHAPELLE","cleContexte":"L|OTSTBREVINSE|VISITECHAPELLE","Bloc":{"texte1":"","texte3":"","critere1":{"libelle":"","contenu":[]},"critere2":{"libelle":"","contenu":[]},"critere3":{"libelle":"","contenu":[]},"critere4":{"libelle":"","contenu":[]},"critere5":{"libelle":"","contenu":[]},"critere6":{"libelle":"","contenu":[]},"critere7":{"libelle":"","contenu":[]},"critere8":{"libelle":"","contenu":[]},"critere9":{"libelle":"","contenu":[]}},"libelleDuPrestataire":"","vuePrestataire":{"pave1":{"libelle":"Slogan","contenu":""},"pave2":{"libelle":"Descriptif","contenu":""},"pave3":{"libelle":"Bons Plans","contenu":""},"pave4":{"libelle":"","contenu":""},"pave5":{"libelle":"","contenu":""},"pave6":{"libelle":"","contenu":""},"pave7":{"libelle":"","contenu":""},"pave8":{"libelle":"","contenu":""},"pave9":{"libelle":"","contenu":""},"pave10":{"libelle":"","contenu":""},"pave11":{"libelle":"","contenu":""},"pave12":{"libelle":"","contenu":""},"pave13":{"libelle":"","contenu":""},"pave14":{"libelle":"","contenu":""},"pave15":{"libelle":"","contenu":""},"pave16":{"libelle":"","contenu":""},"pave17":{"libelle":"","contenu":""},"pave18":{"libelle":"","contenu":""},"pave19":{"libelle":"","contenu":""},"pave20":{"libelle":"","contenu":""},"pave21":{"libelle":"","contenu":""},"pave22":{"libelle":"","contenu":""},"pave23":{"libelle":"","contenu":""},"pave24":{"libelle":"","contenu":""},"pave25":{"libelle":"","contenu":""},"Libelle":"Office de Tourisme Saint Brevin Sud Estuaire","Nom":"Office de Tourisme Saint Brevin Sud Estuaire","Prenom":"","NomPrenom":"Office de Tourisme Saint Brevin Sud Estuaire ","CiviliteNomPrenom":"Office de Tourisme Saint Brevin Sud Estuaire ","Cle":"L|OTSTBREVINSE","PrestataireParent":"","ContexteStat":"PRESTATAIRE-L-OTSTBREVINSE","DateModificationIso":"2024-12-10T15:43:00+01:00","Type":"PRESTATAIRE","TypePrestataire":"L","Adresse":{"LigneAdresse1":"","LigneAdresse2":"","LigneAdresse3":"","CodePostal":"44250","Ville":"ST BREVIN LES PINS","Cedex":"","Etat":"","Pays":"FRA"},"Email":"ot@tourisme-saint-brevin.fr","Telephone":"02 40 27 24 32","TelephoneBureau":"","Portable":"","SiteWeb":"https:\/\/www.saint-brevin.com","Fax":"","Id":"l-otstbrevinse","Code":"L|OTSTBREVINSE","Fichier":[],"Url":"","Localisation":{"GoogleMap":{"Latitude":"","Longitude":""}},"ZoneGeo":"","Criteres":{"DESTINATION[HORSDESTINATION":""},"DateFinPublication":"","AffichageCoordonnees":[]},"listeCriteres":{"PARTENAIRE":{"COMPLET":""},"COMMUNES":{"SAINTBREVIN":"","PAIMBOEUF":""},"ODLTH2":{"DHAACO":""},"OTYACC2":{"OVG":""},"OTYVC2":{"OVGP":""},"LMPAC2":{"LCBP":"","LESPE":"","LCB":"","LANCV":"","CHVACCONNECT":"","MONEKO":""},"BILLETTERIEOFFICE":{"TARIFPREFERENTIEL":""},"DESTINATION":{"HORSDESTINATION":""}},"dansCarnetVoyage":true,"Ouverture":""},"html":" \n \u003Cdiv id=\"CV-PRESTATION-L-OTSTBREVINSE-VISITECHAPELLE\" data-contexte-id=\"PRESTATION|L|OTSTBREVINSE|VISITECHAPELLE\" data-cle=\"L|OTSTBREVINSE|VISITECHAPELLE\" class=\"fiche-liste\"\u003E\n    \n\n    \u003C!-- partie photo --\u003E\n    \u003Cdiv class=\"photo\"\u003E\t\t\t\t\t\t\t\t\t\t\t\t\t\t\t\t\t\t\t\t\t\n        \u003Cdiv class=\"cadre_photo_principale\"\u003E\t\t\n        \n            \t\t\t\t\t\n                    \u003Ca href=\"visite-de-la-chapelle-saint-charles.html?origine=carnet#media\"\u003E\n                        \u003Cimg class=\"photo_principale\" alt=\"2024-08-23-25282\" src=\"https:\/\/www.saint-brevin.com\/medias\/images\/prestations\/multitailles\/320x240_2024-08-23-25282-25294.jpg\" itemprop=\"image\"\u003E\n                    \u003C\/a\u003E\t\t\t\t\t\t\n                \n                    \u003C\/div\u003E\t\t\t\t\t\t\t\t\t\t\t\t\t\t\t\t\t\t\t \t\t\n    \u003C\/div\u003E\n    \n    \u003C!-- partie nom prest --\u003E\n    \u003Cdiv class=\"nom\"\u003E\n        \u003Ch2\u003EVisite de la chapelle Saint-Charles\u003C\/h2\u003E\n        \n            \u003C\/div\u003E\n\n         \n    \u003C!-- partie adresse --\u003E\n    \u003Cdiv class=\"adresse\"\u003E\n    \n          \n    \u003C\/div\u003E\n    \n    \u003C!-- partie liens --\u003E\n    \u003Cdiv class=\"liens\"\u003E\n            \u003Ca class=\"btn-icon btn-view \" title=\"Voir la fiche d\u00e9taill\u00e9e\" href=\"visite-de-la-chapelle-saint-charles.html?origine=carnet\"\u003E\u003C\/a\u003E\u003C!--\u003Ca class=\"btn-icon btn-view \" title=\"\" href=\"?origine=carnet#thaut\"\u003E\u003C\/a\u003E--\u003E\n      \u003Ca class=\"btn-icon btn-trash carnet_voyage_supprimer\" title=\"Supprimer cette fiche de mon carnet de voyage\" href=\"carnet-voyage?action=remove&fiche=L|OTSTBREVINSE|VISITECHAPELLE\"\u003E\u003C\/a\u003E\n    \u003C\/div\u003E\n\n\u003C\/div\u003E\n\n","icon":"https:\/\/static.ingenie.fr\/images\/carnetVoyageV3\/L.png"},"fiche":"L|OTSTBREVINSE|VISITECHAPELLE","popup":"\u003Cdiv id=\"bloc_popup_ajout_fiche_carnet\"\u003E\n    \u003Cdiv class=\"info_popup_ajout_fiche_carnet\"\u003E\n        Vous venez d'ajouter cet \u00e9l\u00e9ment \u00e0 votre carnet de voyage :    \u003C\/div\u003E\n    \u003Cdiv class=\"prest_popup_ajout_fiche_carnet\"\u003E\n        Visite de la chapelle Saint-Charles    \u003C\/div\u003E\n    \u003Cdiv class=\"bloc_btn_ajout_fiche_carnet form_submit_div\"\u003E\n        \u003Cinput type=\"button\" value=\"Continuer ma s\u00e9lection\" title=\"Continuer ma s\u00e9lection\" name=\"btn_close\" class=\"btn_close_popup_carnet form_submit\" onclick=\"$.colorbox.close()\" \/\u003E\n        \u003Cinput type=\"button\" value=\"Voir mon carnet de voyage\" title=\"Voir mon carnet\" name=\"btn_panier\" class=\"btn_panier_popup_carnet form_submit\" onclick=\"if(typeof CarnetVoyage != 'undefined') {CarnetVoyage.voirCarnet();}\" \/\u003E\n    \u003C\/div\u003E\n    \u003Cdiv class=\"bloc_btn_ajout_fiche_carnet\"\u003E\n        \u003Cinput type=\"checkbox\" value=\"1\" name=\"desactiver_popup\" id=\"desactiver_popup\" \/\u003E\n        \u003Clabel for=\"desactiver_popup\"\u003ENe plus afficher ce message\u003C\/label\u003E\n    \u003C\/div\u003E\n\u003C\/div\u003E","success":1}