{"nbFiches":1,"dataPrest":{"infoPrest":{"pave1":{"libelle":"Slogan","contenu":"Partez &agrave; la d&eacute;couverte du territoire &agrave; trottinette &eacute;lectrique !\u003Cbr \/\u003E\r\n\u003Cbr \/\u003E\r\nAu d&eacute;part du Pouliguen, NATURA TROTT vous accompagne pour vous faire d&eacute;couvrir les plus belles balades de La Baule au Croisic.&nbsp;\u003Cbr \/\u003E\r\n\u003Cbr \/\u003E\r\nProfitez des panoramas incontournables du territoire et de la richesse de son patrimoine de fa&ccedil;on amusante et originale tout en respectant l&#39;environnement.\u003Cbr \/\u003E\r\n\u003Cbr \/\u003E\r\nPartagez cette activit&eacute; insolite en famille ou entre amis."},"pave2":{"libelle":"Descriptif","contenu":"Partez &agrave; la d&eacute;couverte de la Presqu&#39;&icirc;le de Gu&eacute;rande &agrave; trottinette &eacute;lectrique !&nbsp;\u003Cbr \/\u003E\r\n\u003Cbr \/\u003E\r\nAu d&eacute;part du Pouliguen, Natura Trott vous accompagne pour d&eacute;couvrir les plus belles balades du territoire de la Baule jusqu&#39;&agrave; la pointe du Croisic.\u003Cbr \/\u003E\r\n\u003Cbr \/\u003E\r\nNous proposons quatre parcours diff&eacute;rents qui vous permettront de profiter des panoramas incontournables de la c&ocirc;te d&#39;Amour. La baie de La Baule, la c&ocirc;te sauvage du Pouliguen, les cit&eacute;s de caract&egrave;re de Batz sur Mer et du Croisic et les marais salants de Gu&eacute;rande font la richesse de la Presqu&#39;&icirc;le et ne doivent surtout pas &ecirc;tre manqu&eacute;s ! Partagez cette activit&eacute; ludique et originale en famille ou entre amis.\u003Cbr \/\u003E\r\n\u003Cbr \/\u003E\r\n- Balade 1h00 - A l&#39;ombre des Pins : 30 euros\/personne\u003Cbr \/\u003E\r\n- Balade 1h30 - Promenade Sauvage : 40 euros\/ personne\u003Cbr \/\u003E\r\n- Balade 2h00 - Immersion saline : 50 euros\/personne&nbsp;\u003Cbr \/\u003E\r\n\u003Cbr \/\u003E\r\nR&eacute;duction de 5% &agrave; partir de 4 personnes pour chaque balade.&nbsp;\u003Cbr \/\u003E\r\n\u003Cbr \/\u003E\r\nAllier plaisir et gourmandise avec notre balade gourmande ! Vous halterez dans un lieu aussi charmant qu&rsquo;atypique o&ugrave; vous aurez la chance de d&eacute;guster de d&eacute;licieuses pr&eacute;parations avec des produits locaux et r&eacute;gionaux.&nbsp;&nbsp;\u003Cbr \/\u003E\r\n&nbsp;\u003Cbr \/\u003E\r\nBalade 1h45 &ndash; Balade Gourmande : 49 euros\/personne\u003Cbr \/\u003E\r\n\u003Cbr \/\u003E\r\nPour les groupes (s&eacute;minaire d&#39;entreprise, amis) ou &eacute;v&egrave;nements (EVG\/EVJF), consultez nos offres d&eacute;di&eacute;es sur l&#39;onglet Groupes de notre site internet ou contactez-nous.&nbsp;\u003Cbr \/\u003E\r\n\u003Cbr \/\u003E\r\nInfos pratiques :&nbsp;\u003Cbr \/\u003E\r\n\u003Cbr \/\u003E\r\nBatterie int&eacute;gr&eacute;e &agrave; la trottinette &eacute;lectrique pour un confort optimal.&nbsp;\u003Cbr \/\u003E\r\nCapacit&eacute; de 8 personnes par balade pour plus de convivialit&eacute; et de s&eacute;curit&eacute;.&nbsp;\u003Cbr \/\u003E\r\nActivit&eacute; non adapt&eacute;e aux personnes enceintes et aux personnes en situation de handicap.&nbsp;\u003Cbr \/\u003E\r\n\u003Cbr \/\u003E\r\n&nbsp;"},"pave3":{"libelle":"Bons Plans","contenu":""},"pave4":{"libelle":"","contenu":""},"pave5":{"libelle":"","contenu":""},"pave6":{"libelle":"","contenu":""},"pave7":{"libelle":"","contenu":""},"pave8":{"libelle":"","contenu":""},"pave9":{"libelle":"","contenu":""},"pave10":{"libelle":"","contenu":""},"pave11":{"libelle":"","contenu":""},"pave12":{"libelle":"","contenu":""},"pave13":{"libelle":"","contenu":""},"pave14":{"libelle":"","contenu":""},"pave15":{"libelle":"","contenu":""},"pave16":{"libelle":"","contenu":""},"pave17":{"libelle":"","contenu":""},"pave18":{"libelle":"","contenu":""},"pave19":{"libelle":"","contenu":""},"pave20":{"libelle":"","contenu":""},"pave21":{"libelle":"","contenu":""},"pave22":{"libelle":"","contenu":""},"pave23":{"libelle":"","contenu":""},"pave24":{"libelle":"","contenu":""},"pave25":{"libelle":"","contenu":""},"Libelle":"Natura Trott","Nom":"Natura Trott","Prenom":"","NomPrenom":"Natura Trott ","CiviliteNomPrenom":"Natura Trott ","Cle":"L|NATURATROTT","PrestataireParent":"","ContexteStat":"PRESTATAIRE-L-NATURATROTT","DateModificationIso":"2026-02-06T12:24:00+01:00","Type":"PRESTATAIRE","TypePrestataire":"L","Adresse":{"LigneAdresse1":"9 Grande Rue","LigneAdresse2":"","LigneAdresse3":"","CodePostal":"44510","Ville":"LE POULIGUEN","Cedex":"","Etat":"","Pays":"FRA"},"Email":"naturatrott@gmail.com","Telephone":"06 50 13 09 29","TelephoneBureau":"","Portable":"","SiteWeb":"https:\/\/www.natura-trott.fr\/","Fax":"","Id":"l-naturatrott","Code":"L|NATURATROTT","Fichier":{"Image":[{"url":"https:\/\/www.saint-brevin.com\/medias\/images\/prestataires\/800x600-natura-trott-location-de-trottinettes-electriques-au-pouliguen-1910093-7586.jpg","chemin":"..\/medias\/images\/prestataires\/800x600-natura-trott-location-de-trottinettes-electriques-au-pouliguen-1910093-7586.jpg","libelle":"800x600-natura-trott-location-de-trottinettes-electriques-au-pouliguen-1910093-7586","extension":"jpg","categorie":"","largeur":800,"theme":"","hauteur":600,"type":"Image","origine":"","liaisonPave":"","langue":"","id":"7586","urlVignette":"https:\/\/www.saint-brevin.com\/medias\/images\/prestataires\/v-800x600-natura-trott-location-de-trottinettes-electriques-au-pouliguen-1910093-7586.jpg","alt":"800x600-natura-trott-location-de-trottinettes-electriques-au-pouliguen-1910093-7586","title":"800x600-natura-trott-location-de-trottinettes-electriques-au-pouliguen-1910093-7586","MultiTaille":{"1920x1440":{"url":"https:\/\/www.saint-brevin.com\/medias\/images\/prestataires\/multitailles\/1920x1440_800x600-natura-trott-location-de-trottinettes-electriques-au-pouliguen-1910093-7586.jpg"},"1200x900":{"url":"https:\/\/www.saint-brevin.com\/medias\/images\/prestataires\/multitailles\/1200x900_800x600-natura-trott-location-de-trottinettes-electriques-au-pouliguen-1910093-7586.jpg"},"800x600":{"url":"https:\/\/www.saint-brevin.com\/medias\/images\/prestataires\/multitailles\/800x600_800x600-natura-trott-location-de-trottinettes-electriques-au-pouliguen-1910093-7586.jpg"},"640x480":{"url":"https:\/\/www.saint-brevin.com\/medias\/images\/prestataires\/multitailles\/640x480_800x600-natura-trott-location-de-trottinettes-electriques-au-pouliguen-1910093-7586.jpg"},"320x240":{"url":"https:\/\/www.saint-brevin.com\/medias\/images\/prestataires\/multitailles\/320x240_800x600-natura-trott-location-de-trottinettes-electriques-au-pouliguen-1910093-7586.jpg"},"160x120":{"url":"https:\/\/www.saint-brevin.com\/medias\/images\/prestataires\/multitailles\/160x120_800x600-natura-trott-location-de-trottinettes-electriques-au-pouliguen-1910093-7586.jpg"},"origine":{"url":"https:\/\/www.saint-brevin.com\/medias\/images\/prestataires\/800x600-natura-trott-location-de-trottinettes-electriques-au-pouliguen-1910093-7586.jpg"}},"urlLien":"","typeLien":"","nofollow":"N","copyright":""},{"url":"https:\/\/www.saint-brevin.com\/medias\/images\/prestataires\/800x600-natura-trott-location-de-trottinettes-electriques-au-pouliguen-1910095-7587.jpg","chemin":"..\/medias\/images\/prestataires\/800x600-natura-trott-location-de-trottinettes-electriques-au-pouliguen-1910095-7587.jpg","libelle":"800x600-natura-trott-location-de-trottinettes-electriques-au-pouliguen-1910095-7587","extension":"jpg","categorie":"","largeur":800,"theme":"","hauteur":600,"type":"Image","origine":"","liaisonPave":"","langue":"","id":"7587","urlVignette":"https:\/\/www.saint-brevin.com\/medias\/images\/prestataires\/v-800x600-natura-trott-location-de-trottinettes-electriques-au-pouliguen-1910095-7587.jpg","alt":"800x600-natura-trott-location-de-trottinettes-electriques-au-pouliguen-1910095-7587","title":"800x600-natura-trott-location-de-trottinettes-electriques-au-pouliguen-1910095-7587","MultiTaille":{"1920x1440":{"url":"https:\/\/www.saint-brevin.com\/medias\/images\/prestataires\/multitailles\/1920x1440_800x600-natura-trott-location-de-trottinettes-electriques-au-pouliguen-1910095-7587.jpg"},"1200x900":{"url":"https:\/\/www.saint-brevin.com\/medias\/images\/prestataires\/multitailles\/1200x900_800x600-natura-trott-location-de-trottinettes-electriques-au-pouliguen-1910095-7587.jpg"},"800x600":{"url":"https:\/\/www.saint-brevin.com\/medias\/images\/prestataires\/multitailles\/800x600_800x600-natura-trott-location-de-trottinettes-electriques-au-pouliguen-1910095-7587.jpg"},"640x480":{"url":"https:\/\/www.saint-brevin.com\/medias\/images\/prestataires\/multitailles\/640x480_800x600-natura-trott-location-de-trottinettes-electriques-au-pouliguen-1910095-7587.jpg"},"320x240":{"url":"https:\/\/www.saint-brevin.com\/medias\/images\/prestataires\/multitailles\/320x240_800x600-natura-trott-location-de-trottinettes-electriques-au-pouliguen-1910095-7587.jpg"},"160x120":{"url":"https:\/\/www.saint-brevin.com\/medias\/images\/prestataires\/multitailles\/160x120_800x600-natura-trott-location-de-trottinettes-electriques-au-pouliguen-1910095-7587.jpg"},"origine":{"url":"https:\/\/www.saint-brevin.com\/medias\/images\/prestataires\/800x600-natura-trott-location-de-trottinettes-electriques-au-pouliguen-1910095-7587.jpg"}},"urlLien":"","typeLien":"","nofollow":"N","copyright":""},{"url":"https:\/\/www.saint-brevin.com\/medias\/images\/prestataires\/800x600-natura-trott-location-de-trottinettes-electriques-au-pouliguen-1910096-7588.jpg","chemin":"..\/medias\/images\/prestataires\/800x600-natura-trott-location-de-trottinettes-electriques-au-pouliguen-1910096-7588.jpg","libelle":"800x600-natura-trott-location-de-trottinettes-electriques-au-pouliguen-1910096-7588","extension":"jpg","categorie":"","largeur":800,"theme":"","hauteur":600,"type":"Image","origine":"","liaisonPave":"","langue":"","id":"7588","urlVignette":"https:\/\/www.saint-brevin.com\/medias\/images\/prestataires\/v-800x600-natura-trott-location-de-trottinettes-electriques-au-pouliguen-1910096-7588.jpg","alt":"800x600-natura-trott-location-de-trottinettes-electriques-au-pouliguen-1910096-7588","title":"800x600-natura-trott-location-de-trottinettes-electriques-au-pouliguen-1910096-7588","MultiTaille":{"1920x1440":{"url":"https:\/\/www.saint-brevin.com\/medias\/images\/prestataires\/multitailles\/1920x1440_800x600-natura-trott-location-de-trottinettes-electriques-au-pouliguen-1910096-7588.jpg"},"1200x900":{"url":"https:\/\/www.saint-brevin.com\/medias\/images\/prestataires\/multitailles\/1200x900_800x600-natura-trott-location-de-trottinettes-electriques-au-pouliguen-1910096-7588.jpg"},"800x600":{"url":"https:\/\/www.saint-brevin.com\/medias\/images\/prestataires\/multitailles\/800x600_800x600-natura-trott-location-de-trottinettes-electriques-au-pouliguen-1910096-7588.jpg"},"640x480":{"url":"https:\/\/www.saint-brevin.com\/medias\/images\/prestataires\/multitailles\/640x480_800x600-natura-trott-location-de-trottinettes-electriques-au-pouliguen-1910096-7588.jpg"},"320x240":{"url":"https:\/\/www.saint-brevin.com\/medias\/images\/prestataires\/multitailles\/320x240_800x600-natura-trott-location-de-trottinettes-electriques-au-pouliguen-1910096-7588.jpg"},"160x120":{"url":"https:\/\/www.saint-brevin.com\/medias\/images\/prestataires\/multitailles\/160x120_800x600-natura-trott-location-de-trottinettes-electriques-au-pouliguen-1910096-7588.jpg"},"origine":{"url":"https:\/\/www.saint-brevin.com\/medias\/images\/prestataires\/800x600-natura-trott-location-de-trottinettes-electriques-au-pouliguen-1910096-7588.jpg"}},"urlLien":"","typeLien":"","nofollow":"N","copyright":""},{"url":"https:\/\/www.saint-brevin.com\/medias\/images\/prestataires\/800x600-natura-trott-location-de-trottinettes-electriques-au-pouliguen-1910097-7589.jpg","chemin":"..\/medias\/images\/prestataires\/800x600-natura-trott-location-de-trottinettes-electriques-au-pouliguen-1910097-7589.jpg","libelle":"800x600-natura-trott-location-de-trottinettes-electriques-au-pouliguen-1910097-7589","extension":"jpg","categorie":"","largeur":800,"theme":"","hauteur":600,"type":"Image","origine":"","liaisonPave":"","langue":"","id":"7589","urlVignette":"https:\/\/www.saint-brevin.com\/medias\/images\/prestataires\/v-800x600-natura-trott-location-de-trottinettes-electriques-au-pouliguen-1910097-7589.jpg","alt":"800x600-natura-trott-location-de-trottinettes-electriques-au-pouliguen-1910097-7589","title":"800x600-natura-trott-location-de-trottinettes-electriques-au-pouliguen-1910097-7589","MultiTaille":{"1920x1440":{"url":"https:\/\/www.saint-brevin.com\/medias\/images\/prestataires\/multitailles\/1920x1440_800x600-natura-trott-location-de-trottinettes-electriques-au-pouliguen-1910097-7589.jpg"},"1200x900":{"url":"https:\/\/www.saint-brevin.com\/medias\/images\/prestataires\/multitailles\/1200x900_800x600-natura-trott-location-de-trottinettes-electriques-au-pouliguen-1910097-7589.jpg"},"800x600":{"url":"https:\/\/www.saint-brevin.com\/medias\/images\/prestataires\/multitailles\/800x600_800x600-natura-trott-location-de-trottinettes-electriques-au-pouliguen-1910097-7589.jpg"},"640x480":{"url":"https:\/\/www.saint-brevin.com\/medias\/images\/prestataires\/multitailles\/640x480_800x600-natura-trott-location-de-trottinettes-electriques-au-pouliguen-1910097-7589.jpg"},"320x240":{"url":"https:\/\/www.saint-brevin.com\/medias\/images\/prestataires\/multitailles\/320x240_800x600-natura-trott-location-de-trottinettes-electriques-au-pouliguen-1910097-7589.jpg"},"160x120":{"url":"https:\/\/www.saint-brevin.com\/medias\/images\/prestataires\/multitailles\/160x120_800x600-natura-trott-location-de-trottinettes-electriques-au-pouliguen-1910097-7589.jpg"},"origine":{"url":"https:\/\/www.saint-brevin.com\/medias\/images\/prestataires\/800x600-natura-trott-location-de-trottinettes-electriques-au-pouliguen-1910097-7589.jpg"}},"urlLien":"","typeLien":"","nofollow":"N","copyright":""},{"url":"https:\/\/www.saint-brevin.com\/medias\/images\/prestataires\/4b4fa9e8-d0cf-41d4-9c0f-4f1fa690c1db-8070.jpg","chemin":"..\/medias\/images\/prestataires\/4b4fa9e8-d0cf-41d4-9c0f-4f1fa690c1db-8070.jpg","libelle":"4b4fa9e8-d0cf-41d4-9c0f-4f1fa690c1db-8070","extension":"jpg","categorie":"","largeur":2000,"theme":"","hauteur":1500,"type":"Image","origine":"","liaisonPave":"","langue":"","id":"8070","urlVignette":"https:\/\/www.saint-brevin.com\/medias\/images\/prestataires\/v-4b4fa9e8-d0cf-41d4-9c0f-4f1fa690c1db-8070.jpg","alt":"4b4fa9e8-d0cf-41d4-9c0f-4f1fa690c1db-8070","title":"4b4fa9e8-d0cf-41d4-9c0f-4f1fa690c1db-8070","MultiTaille":{"1920x1440":{"url":"https:\/\/www.saint-brevin.com\/medias\/images\/prestataires\/multitailles\/1920x1440_4b4fa9e8-d0cf-41d4-9c0f-4f1fa690c1db-8070.jpg"},"1200x900":{"url":"https:\/\/www.saint-brevin.com\/medias\/images\/prestataires\/multitailles\/1200x900_4b4fa9e8-d0cf-41d4-9c0f-4f1fa690c1db-8070.jpg"},"800x600":{"url":"https:\/\/www.saint-brevin.com\/medias\/images\/prestataires\/multitailles\/800x600_4b4fa9e8-d0cf-41d4-9c0f-4f1fa690c1db-8070.jpg"},"640x480":{"url":"https:\/\/www.saint-brevin.com\/medias\/images\/prestataires\/multitailles\/640x480_4b4fa9e8-d0cf-41d4-9c0f-4f1fa690c1db-8070.jpg"},"320x240":{"url":"https:\/\/www.saint-brevin.com\/medias\/images\/prestataires\/multitailles\/320x240_4b4fa9e8-d0cf-41d4-9c0f-4f1fa690c1db-8070.jpg"},"160x120":{"url":"https:\/\/www.saint-brevin.com\/medias\/images\/prestataires\/multitailles\/160x120_4b4fa9e8-d0cf-41d4-9c0f-4f1fa690c1db-8070.jpg"},"origine":{"url":"https:\/\/www.saint-brevin.com\/medias\/images\/prestataires\/4b4fa9e8-d0cf-41d4-9c0f-4f1fa690c1db-8070.jpg"}},"urlLien":"","typeLien":"","nofollow":"N","copyright":""},{"url":"https:\/\/www.saint-brevin.com\/medias\/images\/prestataires\/21e84edc-d9dd-443d-ab7f-645e2fa22f6f-8071.jpg","chemin":"..\/medias\/images\/prestataires\/21e84edc-d9dd-443d-ab7f-645e2fa22f6f-8071.jpg","libelle":"21e84edc-d9dd-443d-ab7f-645e2fa22f6f-8071","extension":"jpg","categorie":"","largeur":2000,"theme":"","hauteur":1500,"type":"Image","origine":"","liaisonPave":"","langue":"","id":"8071","urlVignette":"https:\/\/www.saint-brevin.com\/medias\/images\/prestataires\/v-21e84edc-d9dd-443d-ab7f-645e2fa22f6f-8071.jpg","alt":"21e84edc-d9dd-443d-ab7f-645e2fa22f6f-8071","title":"21e84edc-d9dd-443d-ab7f-645e2fa22f6f-8071","MultiTaille":{"1920x1440":{"url":"https:\/\/www.saint-brevin.com\/medias\/images\/prestataires\/multitailles\/1920x1440_21e84edc-d9dd-443d-ab7f-645e2fa22f6f-8071.jpg"},"1200x900":{"url":"https:\/\/www.saint-brevin.com\/medias\/images\/prestataires\/multitailles\/1200x900_21e84edc-d9dd-443d-ab7f-645e2fa22f6f-8071.jpg"},"800x600":{"url":"https:\/\/www.saint-brevin.com\/medias\/images\/prestataires\/multitailles\/800x600_21e84edc-d9dd-443d-ab7f-645e2fa22f6f-8071.jpg"},"640x480":{"url":"https:\/\/www.saint-brevin.com\/medias\/images\/prestataires\/multitailles\/640x480_21e84edc-d9dd-443d-ab7f-645e2fa22f6f-8071.jpg"},"320x240":{"url":"https:\/\/www.saint-brevin.com\/medias\/images\/prestataires\/multitailles\/320x240_21e84edc-d9dd-443d-ab7f-645e2fa22f6f-8071.jpg"},"160x120":{"url":"https:\/\/www.saint-brevin.com\/medias\/images\/prestataires\/multitailles\/160x120_21e84edc-d9dd-443d-ab7f-645e2fa22f6f-8071.jpg"},"origine":{"url":"https:\/\/www.saint-brevin.com\/medias\/images\/prestataires\/21e84edc-d9dd-443d-ab7f-645e2fa22f6f-8071.jpg"}},"urlLien":"","typeLien":"","nofollow":"N","copyright":""},{"url":"https:\/\/www.saint-brevin.com\/medias\/images\/prestataires\/e436902f-4fa8-4926-8fe6-9e69ee110c25-8072.jpg","chemin":"..\/medias\/images\/prestataires\/e436902f-4fa8-4926-8fe6-9e69ee110c25-8072.jpg","libelle":"e436902f-4fa8-4926-8fe6-9e69ee110c25-8072","extension":"jpg","categorie":"","largeur":2000,"theme":"","hauteur":1500,"type":"Image","origine":"","liaisonPave":"","langue":"","id":"8072","urlVignette":"https:\/\/www.saint-brevin.com\/medias\/images\/prestataires\/v-e436902f-4fa8-4926-8fe6-9e69ee110c25-8072.jpg","alt":"e436902f-4fa8-4926-8fe6-9e69ee110c25-8072","title":"e436902f-4fa8-4926-8fe6-9e69ee110c25-8072","MultiTaille":{"1920x1440":{"url":"https:\/\/www.saint-brevin.com\/medias\/images\/prestataires\/multitailles\/1920x1440_e436902f-4fa8-4926-8fe6-9e69ee110c25-8072.jpg"},"1200x900":{"url":"https:\/\/www.saint-brevin.com\/medias\/images\/prestataires\/multitailles\/1200x900_e436902f-4fa8-4926-8fe6-9e69ee110c25-8072.jpg"},"800x600":{"url":"https:\/\/www.saint-brevin.com\/medias\/images\/prestataires\/multitailles\/800x600_e436902f-4fa8-4926-8fe6-9e69ee110c25-8072.jpg"},"640x480":{"url":"https:\/\/www.saint-brevin.com\/medias\/images\/prestataires\/multitailles\/640x480_e436902f-4fa8-4926-8fe6-9e69ee110c25-8072.jpg"},"320x240":{"url":"https:\/\/www.saint-brevin.com\/medias\/images\/prestataires\/multitailles\/320x240_e436902f-4fa8-4926-8fe6-9e69ee110c25-8072.jpg"},"160x120":{"url":"https:\/\/www.saint-brevin.com\/medias\/images\/prestataires\/multitailles\/160x120_e436902f-4fa8-4926-8fe6-9e69ee110c25-8072.jpg"},"origine":{"url":"https:\/\/www.saint-brevin.com\/medias\/images\/prestataires\/e436902f-4fa8-4926-8fe6-9e69ee110c25-8072.jpg"}},"urlLien":"","typeLien":"","nofollow":"N","copyright":""},{"url":"https:\/\/www.saint-brevin.com\/medias\/images\/prestataires\/img-2162-8073.jpg","chemin":"..\/medias\/images\/prestataires\/img-2162-8073.jpg","libelle":"img-2162-8073","extension":"jpg","categorie":"","largeur":4032,"theme":"","hauteur":3024,"type":"Image","origine":"","liaisonPave":"","langue":"","id":"8073","urlVignette":"https:\/\/www.saint-brevin.com\/medias\/images\/prestataires\/v-img-2162-8073.jpg","alt":"img-2162-8073","title":"img-2162-8073","MultiTaille":{"1920x1440":{"url":"https:\/\/www.saint-brevin.com\/medias\/images\/prestataires\/multitailles\/1920x1440_img-2162-8073.jpg"},"1200x900":{"url":"https:\/\/www.saint-brevin.com\/medias\/images\/prestataires\/multitailles\/1200x900_img-2162-8073.jpg"},"800x600":{"url":"https:\/\/www.saint-brevin.com\/medias\/images\/prestataires\/multitailles\/800x600_img-2162-8073.jpg"},"640x480":{"url":"https:\/\/www.saint-brevin.com\/medias\/images\/prestataires\/multitailles\/640x480_img-2162-8073.jpg"},"320x240":{"url":"https:\/\/www.saint-brevin.com\/medias\/images\/prestataires\/multitailles\/320x240_img-2162-8073.jpg"},"160x120":{"url":"https:\/\/www.saint-brevin.com\/medias\/images\/prestataires\/multitailles\/160x120_img-2162-8073.jpg"},"origine":{"url":"https:\/\/www.saint-brevin.com\/medias\/images\/prestataires\/img-2162-8073.jpg"}},"urlLien":"","typeLien":"","nofollow":"N","copyright":""}],"ByCategorie":{"":[{"url":"https:\/\/www.saint-brevin.com\/medias\/images\/prestataires\/800x600-natura-trott-location-de-trottinettes-electriques-au-pouliguen-1910093-7586.jpg","chemin":"..\/medias\/images\/prestataires\/800x600-natura-trott-location-de-trottinettes-electriques-au-pouliguen-1910093-7586.jpg","libelle":"800x600-natura-trott-location-de-trottinettes-electriques-au-pouliguen-1910093-7586","extension":"jpg","categorie":"","largeur":800,"theme":"","hauteur":600,"type":"Image","origine":"","liaisonPave":"","langue":"","id":"7586","urlVignette":"https:\/\/www.saint-brevin.com\/medias\/images\/prestataires\/v-800x600-natura-trott-location-de-trottinettes-electriques-au-pouliguen-1910093-7586.jpg","alt":"800x600-natura-trott-location-de-trottinettes-electriques-au-pouliguen-1910093-7586","title":"800x600-natura-trott-location-de-trottinettes-electriques-au-pouliguen-1910093-7586","MultiTaille":{"1920x1440":{"url":"https:\/\/www.saint-brevin.com\/medias\/images\/prestataires\/multitailles\/1920x1440_800x600-natura-trott-location-de-trottinettes-electriques-au-pouliguen-1910093-7586.jpg"},"1200x900":{"url":"https:\/\/www.saint-brevin.com\/medias\/images\/prestataires\/multitailles\/1200x900_800x600-natura-trott-location-de-trottinettes-electriques-au-pouliguen-1910093-7586.jpg"},"800x600":{"url":"https:\/\/www.saint-brevin.com\/medias\/images\/prestataires\/multitailles\/800x600_800x600-natura-trott-location-de-trottinettes-electriques-au-pouliguen-1910093-7586.jpg"},"640x480":{"url":"https:\/\/www.saint-brevin.com\/medias\/images\/prestataires\/multitailles\/640x480_800x600-natura-trott-location-de-trottinettes-electriques-au-pouliguen-1910093-7586.jpg"},"320x240":{"url":"https:\/\/www.saint-brevin.com\/medias\/images\/prestataires\/multitailles\/320x240_800x600-natura-trott-location-de-trottinettes-electriques-au-pouliguen-1910093-7586.jpg"},"160x120":{"url":"https:\/\/www.saint-brevin.com\/medias\/images\/prestataires\/multitailles\/160x120_800x600-natura-trott-location-de-trottinettes-electriques-au-pouliguen-1910093-7586.jpg"},"origine":{"url":"https:\/\/www.saint-brevin.com\/medias\/images\/prestataires\/800x600-natura-trott-location-de-trottinettes-electriques-au-pouliguen-1910093-7586.jpg"}},"urlLien":"","typeLien":"","nofollow":"N","copyright":""},{"url":"https:\/\/www.saint-brevin.com\/medias\/images\/prestataires\/800x600-natura-trott-location-de-trottinettes-electriques-au-pouliguen-1910095-7587.jpg","chemin":"..\/medias\/images\/prestataires\/800x600-natura-trott-location-de-trottinettes-electriques-au-pouliguen-1910095-7587.jpg","libelle":"800x600-natura-trott-location-de-trottinettes-electriques-au-pouliguen-1910095-7587","extension":"jpg","categorie":"","largeur":800,"theme":"","hauteur":600,"type":"Image","origine":"","liaisonPave":"","langue":"","id":"7587","urlVignette":"https:\/\/www.saint-brevin.com\/medias\/images\/prestataires\/v-800x600-natura-trott-location-de-trottinettes-electriques-au-pouliguen-1910095-7587.jpg","alt":"800x600-natura-trott-location-de-trottinettes-electriques-au-pouliguen-1910095-7587","title":"800x600-natura-trott-location-de-trottinettes-electriques-au-pouliguen-1910095-7587","MultiTaille":{"1920x1440":{"url":"https:\/\/www.saint-brevin.com\/medias\/images\/prestataires\/multitailles\/1920x1440_800x600-natura-trott-location-de-trottinettes-electriques-au-pouliguen-1910095-7587.jpg"},"1200x900":{"url":"https:\/\/www.saint-brevin.com\/medias\/images\/prestataires\/multitailles\/1200x900_800x600-natura-trott-location-de-trottinettes-electriques-au-pouliguen-1910095-7587.jpg"},"800x600":{"url":"https:\/\/www.saint-brevin.com\/medias\/images\/prestataires\/multitailles\/800x600_800x600-natura-trott-location-de-trottinettes-electriques-au-pouliguen-1910095-7587.jpg"},"640x480":{"url":"https:\/\/www.saint-brevin.com\/medias\/images\/prestataires\/multitailles\/640x480_800x600-natura-trott-location-de-trottinettes-electriques-au-pouliguen-1910095-7587.jpg"},"320x240":{"url":"https:\/\/www.saint-brevin.com\/medias\/images\/prestataires\/multitailles\/320x240_800x600-natura-trott-location-de-trottinettes-electriques-au-pouliguen-1910095-7587.jpg"},"160x120":{"url":"https:\/\/www.saint-brevin.com\/medias\/images\/prestataires\/multitailles\/160x120_800x600-natura-trott-location-de-trottinettes-electriques-au-pouliguen-1910095-7587.jpg"},"origine":{"url":"https:\/\/www.saint-brevin.com\/medias\/images\/prestataires\/800x600-natura-trott-location-de-trottinettes-electriques-au-pouliguen-1910095-7587.jpg"}},"urlLien":"","typeLien":"","nofollow":"N","copyright":""},{"url":"https:\/\/www.saint-brevin.com\/medias\/images\/prestataires\/800x600-natura-trott-location-de-trottinettes-electriques-au-pouliguen-1910096-7588.jpg","chemin":"..\/medias\/images\/prestataires\/800x600-natura-trott-location-de-trottinettes-electriques-au-pouliguen-1910096-7588.jpg","libelle":"800x600-natura-trott-location-de-trottinettes-electriques-au-pouliguen-1910096-7588","extension":"jpg","categorie":"","largeur":800,"theme":"","hauteur":600,"type":"Image","origine":"","liaisonPave":"","langue":"","id":"7588","urlVignette":"https:\/\/www.saint-brevin.com\/medias\/images\/prestataires\/v-800x600-natura-trott-location-de-trottinettes-electriques-au-pouliguen-1910096-7588.jpg","alt":"800x600-natura-trott-location-de-trottinettes-electriques-au-pouliguen-1910096-7588","title":"800x600-natura-trott-location-de-trottinettes-electriques-au-pouliguen-1910096-7588","MultiTaille":{"1920x1440":{"url":"https:\/\/www.saint-brevin.com\/medias\/images\/prestataires\/multitailles\/1920x1440_800x600-natura-trott-location-de-trottinettes-electriques-au-pouliguen-1910096-7588.jpg"},"1200x900":{"url":"https:\/\/www.saint-brevin.com\/medias\/images\/prestataires\/multitailles\/1200x900_800x600-natura-trott-location-de-trottinettes-electriques-au-pouliguen-1910096-7588.jpg"},"800x600":{"url":"https:\/\/www.saint-brevin.com\/medias\/images\/prestataires\/multitailles\/800x600_800x600-natura-trott-location-de-trottinettes-electriques-au-pouliguen-1910096-7588.jpg"},"640x480":{"url":"https:\/\/www.saint-brevin.com\/medias\/images\/prestataires\/multitailles\/640x480_800x600-natura-trott-location-de-trottinettes-electriques-au-pouliguen-1910096-7588.jpg"},"320x240":{"url":"https:\/\/www.saint-brevin.com\/medias\/images\/prestataires\/multitailles\/320x240_800x600-natura-trott-location-de-trottinettes-electriques-au-pouliguen-1910096-7588.jpg"},"160x120":{"url":"https:\/\/www.saint-brevin.com\/medias\/images\/prestataires\/multitailles\/160x120_800x600-natura-trott-location-de-trottinettes-electriques-au-pouliguen-1910096-7588.jpg"},"origine":{"url":"https:\/\/www.saint-brevin.com\/medias\/images\/prestataires\/800x600-natura-trott-location-de-trottinettes-electriques-au-pouliguen-1910096-7588.jpg"}},"urlLien":"","typeLien":"","nofollow":"N","copyright":""},{"url":"https:\/\/www.saint-brevin.com\/medias\/images\/prestataires\/800x600-natura-trott-location-de-trottinettes-electriques-au-pouliguen-1910097-7589.jpg","chemin":"..\/medias\/images\/prestataires\/800x600-natura-trott-location-de-trottinettes-electriques-au-pouliguen-1910097-7589.jpg","libelle":"800x600-natura-trott-location-de-trottinettes-electriques-au-pouliguen-1910097-7589","extension":"jpg","categorie":"","largeur":800,"theme":"","hauteur":600,"type":"Image","origine":"","liaisonPave":"","langue":"","id":"7589","urlVignette":"https:\/\/www.saint-brevin.com\/medias\/images\/prestataires\/v-800x600-natura-trott-location-de-trottinettes-electriques-au-pouliguen-1910097-7589.jpg","alt":"800x600-natura-trott-location-de-trottinettes-electriques-au-pouliguen-1910097-7589","title":"800x600-natura-trott-location-de-trottinettes-electriques-au-pouliguen-1910097-7589","MultiTaille":{"1920x1440":{"url":"https:\/\/www.saint-brevin.com\/medias\/images\/prestataires\/multitailles\/1920x1440_800x600-natura-trott-location-de-trottinettes-electriques-au-pouliguen-1910097-7589.jpg"},"1200x900":{"url":"https:\/\/www.saint-brevin.com\/medias\/images\/prestataires\/multitailles\/1200x900_800x600-natura-trott-location-de-trottinettes-electriques-au-pouliguen-1910097-7589.jpg"},"800x600":{"url":"https:\/\/www.saint-brevin.com\/medias\/images\/prestataires\/multitailles\/800x600_800x600-natura-trott-location-de-trottinettes-electriques-au-pouliguen-1910097-7589.jpg"},"640x480":{"url":"https:\/\/www.saint-brevin.com\/medias\/images\/prestataires\/multitailles\/640x480_800x600-natura-trott-location-de-trottinettes-electriques-au-pouliguen-1910097-7589.jpg"},"320x240":{"url":"https:\/\/www.saint-brevin.com\/medias\/images\/prestataires\/multitailles\/320x240_800x600-natura-trott-location-de-trottinettes-electriques-au-pouliguen-1910097-7589.jpg"},"160x120":{"url":"https:\/\/www.saint-brevin.com\/medias\/images\/prestataires\/multitailles\/160x120_800x600-natura-trott-location-de-trottinettes-electriques-au-pouliguen-1910097-7589.jpg"},"origine":{"url":"https:\/\/www.saint-brevin.com\/medias\/images\/prestataires\/800x600-natura-trott-location-de-trottinettes-electriques-au-pouliguen-1910097-7589.jpg"}},"urlLien":"","typeLien":"","nofollow":"N","copyright":""},{"url":"https:\/\/www.saint-brevin.com\/medias\/images\/prestataires\/4b4fa9e8-d0cf-41d4-9c0f-4f1fa690c1db-8070.jpg","chemin":"..\/medias\/images\/prestataires\/4b4fa9e8-d0cf-41d4-9c0f-4f1fa690c1db-8070.jpg","libelle":"4b4fa9e8-d0cf-41d4-9c0f-4f1fa690c1db-8070","extension":"jpg","categorie":"","largeur":2000,"theme":"","hauteur":1500,"type":"Image","origine":"","liaisonPave":"","langue":"","id":"8070","urlVignette":"https:\/\/www.saint-brevin.com\/medias\/images\/prestataires\/v-4b4fa9e8-d0cf-41d4-9c0f-4f1fa690c1db-8070.jpg","alt":"4b4fa9e8-d0cf-41d4-9c0f-4f1fa690c1db-8070","title":"4b4fa9e8-d0cf-41d4-9c0f-4f1fa690c1db-8070","MultiTaille":{"1920x1440":{"url":"https:\/\/www.saint-brevin.com\/medias\/images\/prestataires\/multitailles\/1920x1440_4b4fa9e8-d0cf-41d4-9c0f-4f1fa690c1db-8070.jpg"},"1200x900":{"url":"https:\/\/www.saint-brevin.com\/medias\/images\/prestataires\/multitailles\/1200x900_4b4fa9e8-d0cf-41d4-9c0f-4f1fa690c1db-8070.jpg"},"800x600":{"url":"https:\/\/www.saint-brevin.com\/medias\/images\/prestataires\/multitailles\/800x600_4b4fa9e8-d0cf-41d4-9c0f-4f1fa690c1db-8070.jpg"},"640x480":{"url":"https:\/\/www.saint-brevin.com\/medias\/images\/prestataires\/multitailles\/640x480_4b4fa9e8-d0cf-41d4-9c0f-4f1fa690c1db-8070.jpg"},"320x240":{"url":"https:\/\/www.saint-brevin.com\/medias\/images\/prestataires\/multitailles\/320x240_4b4fa9e8-d0cf-41d4-9c0f-4f1fa690c1db-8070.jpg"},"160x120":{"url":"https:\/\/www.saint-brevin.com\/medias\/images\/prestataires\/multitailles\/160x120_4b4fa9e8-d0cf-41d4-9c0f-4f1fa690c1db-8070.jpg"},"origine":{"url":"https:\/\/www.saint-brevin.com\/medias\/images\/prestataires\/4b4fa9e8-d0cf-41d4-9c0f-4f1fa690c1db-8070.jpg"}},"urlLien":"","typeLien":"","nofollow":"N","copyright":""},{"url":"https:\/\/www.saint-brevin.com\/medias\/images\/prestataires\/21e84edc-d9dd-443d-ab7f-645e2fa22f6f-8071.jpg","chemin":"..\/medias\/images\/prestataires\/21e84edc-d9dd-443d-ab7f-645e2fa22f6f-8071.jpg","libelle":"21e84edc-d9dd-443d-ab7f-645e2fa22f6f-8071","extension":"jpg","categorie":"","largeur":2000,"theme":"","hauteur":1500,"type":"Image","origine":"","liaisonPave":"","langue":"","id":"8071","urlVignette":"https:\/\/www.saint-brevin.com\/medias\/images\/prestataires\/v-21e84edc-d9dd-443d-ab7f-645e2fa22f6f-8071.jpg","alt":"21e84edc-d9dd-443d-ab7f-645e2fa22f6f-8071","title":"21e84edc-d9dd-443d-ab7f-645e2fa22f6f-8071","MultiTaille":{"1920x1440":{"url":"https:\/\/www.saint-brevin.com\/medias\/images\/prestataires\/multitailles\/1920x1440_21e84edc-d9dd-443d-ab7f-645e2fa22f6f-8071.jpg"},"1200x900":{"url":"https:\/\/www.saint-brevin.com\/medias\/images\/prestataires\/multitailles\/1200x900_21e84edc-d9dd-443d-ab7f-645e2fa22f6f-8071.jpg"},"800x600":{"url":"https:\/\/www.saint-brevin.com\/medias\/images\/prestataires\/multitailles\/800x600_21e84edc-d9dd-443d-ab7f-645e2fa22f6f-8071.jpg"},"640x480":{"url":"https:\/\/www.saint-brevin.com\/medias\/images\/prestataires\/multitailles\/640x480_21e84edc-d9dd-443d-ab7f-645e2fa22f6f-8071.jpg"},"320x240":{"url":"https:\/\/www.saint-brevin.com\/medias\/images\/prestataires\/multitailles\/320x240_21e84edc-d9dd-443d-ab7f-645e2fa22f6f-8071.jpg"},"160x120":{"url":"https:\/\/www.saint-brevin.com\/medias\/images\/prestataires\/multitailles\/160x120_21e84edc-d9dd-443d-ab7f-645e2fa22f6f-8071.jpg"},"origine":{"url":"https:\/\/www.saint-brevin.com\/medias\/images\/prestataires\/21e84edc-d9dd-443d-ab7f-645e2fa22f6f-8071.jpg"}},"urlLien":"","typeLien":"","nofollow":"N","copyright":""},{"url":"https:\/\/www.saint-brevin.com\/medias\/images\/prestataires\/e436902f-4fa8-4926-8fe6-9e69ee110c25-8072.jpg","chemin":"..\/medias\/images\/prestataires\/e436902f-4fa8-4926-8fe6-9e69ee110c25-8072.jpg","libelle":"e436902f-4fa8-4926-8fe6-9e69ee110c25-8072","extension":"jpg","categorie":"","largeur":2000,"theme":"","hauteur":1500,"type":"Image","origine":"","liaisonPave":"","langue":"","id":"8072","urlVignette":"https:\/\/www.saint-brevin.com\/medias\/images\/prestataires\/v-e436902f-4fa8-4926-8fe6-9e69ee110c25-8072.jpg","alt":"e436902f-4fa8-4926-8fe6-9e69ee110c25-8072","title":"e436902f-4fa8-4926-8fe6-9e69ee110c25-8072","MultiTaille":{"1920x1440":{"url":"https:\/\/www.saint-brevin.com\/medias\/images\/prestataires\/multitailles\/1920x1440_e436902f-4fa8-4926-8fe6-9e69ee110c25-8072.jpg"},"1200x900":{"url":"https:\/\/www.saint-brevin.com\/medias\/images\/prestataires\/multitailles\/1200x900_e436902f-4fa8-4926-8fe6-9e69ee110c25-8072.jpg"},"800x600":{"url":"https:\/\/www.saint-brevin.com\/medias\/images\/prestataires\/multitailles\/800x600_e436902f-4fa8-4926-8fe6-9e69ee110c25-8072.jpg"},"640x480":{"url":"https:\/\/www.saint-brevin.com\/medias\/images\/prestataires\/multitailles\/640x480_e436902f-4fa8-4926-8fe6-9e69ee110c25-8072.jpg"},"320x240":{"url":"https:\/\/www.saint-brevin.com\/medias\/images\/prestataires\/multitailles\/320x240_e436902f-4fa8-4926-8fe6-9e69ee110c25-8072.jpg"},"160x120":{"url":"https:\/\/www.saint-brevin.com\/medias\/images\/prestataires\/multitailles\/160x120_e436902f-4fa8-4926-8fe6-9e69ee110c25-8072.jpg"},"origine":{"url":"https:\/\/www.saint-brevin.com\/medias\/images\/prestataires\/e436902f-4fa8-4926-8fe6-9e69ee110c25-8072.jpg"}},"urlLien":"","typeLien":"","nofollow":"N","copyright":""},{"url":"https:\/\/www.saint-brevin.com\/medias\/images\/prestataires\/img-2162-8073.jpg","chemin":"..\/medias\/images\/prestataires\/img-2162-8073.jpg","libelle":"img-2162-8073","extension":"jpg","categorie":"","largeur":4032,"theme":"","hauteur":3024,"type":"Image","origine":"","liaisonPave":"","langue":"","id":"8073","urlVignette":"https:\/\/www.saint-brevin.com\/medias\/images\/prestataires\/v-img-2162-8073.jpg","alt":"img-2162-8073","title":"img-2162-8073","MultiTaille":{"1920x1440":{"url":"https:\/\/www.saint-brevin.com\/medias\/images\/prestataires\/multitailles\/1920x1440_img-2162-8073.jpg"},"1200x900":{"url":"https:\/\/www.saint-brevin.com\/medias\/images\/prestataires\/multitailles\/1200x900_img-2162-8073.jpg"},"800x600":{"url":"https:\/\/www.saint-brevin.com\/medias\/images\/prestataires\/multitailles\/800x600_img-2162-8073.jpg"},"640x480":{"url":"https:\/\/www.saint-brevin.com\/medias\/images\/prestataires\/multitailles\/640x480_img-2162-8073.jpg"},"320x240":{"url":"https:\/\/www.saint-brevin.com\/medias\/images\/prestataires\/multitailles\/320x240_img-2162-8073.jpg"},"160x120":{"url":"https:\/\/www.saint-brevin.com\/medias\/images\/prestataires\/multitailles\/160x120_img-2162-8073.jpg"},"origine":{"url":"https:\/\/www.saint-brevin.com\/medias\/images\/prestataires\/img-2162-8073.jpg"}},"urlLien":"","typeLien":"","nofollow":"N","copyright":""}]}},"Url":"natura-trott.html","Localisation":{"GoogleMap":{"Latitude":"","Longitude":""}},"ZoneGeo":"","Criteres":{"NIVPARTENAIRE[COMPLET":"","DESTINATION[HORSDESTINATION":"","THACT[ACLUD":"","DERAN[AURAND":"Trottinettes \u00e9lectriques","DEFOIT[AUFOIT":"Trottinettes \u00e9lectriques","LMPAC[LCBP":"","LMPAC[LESPE":"","LMPAC[LCB":"","LMPAC[LANCV":"","INSPUBMAJ[INSER2022":"","MISEAJOUR[JOHANNA":""},"DateFinPublication":"","PrixAPartirDe":"","PrixPour":"","FicheListeEnCours":"fiche_liste_activites_loisirs_v2017","ParametresModele":{"AfficherPhotos":"1","NbPhotosMax":6,"AfficherReserver":0,"AfficherContact":0,"AfficherSalle":1,"AfficherZoneGeo":0,"AfficherEnSavoirPlus":"1","AfficherUneSeuleOuverture":0,"AfficherContactCarte":0,"AfficherTarifsChaudAPartirDe":0,"AfficherTarifChaudSansRecherche":0,"AfficherLiensCarnetVoyage":"1","AfficherSelectionner":"0","BlocCritereInfo":{"critere1":{"libelle":""},"critere2":{"libelle":""},"critere3":{"libelle":""},"critere4":{"libelle":""},"critere5":{"libelle":""},"critere6":{"libelle":""},"critere7":{"libelle":"","liste_critere":["LCOMMUNES|L"]},"critere8":{"libelle":""},"afficherpictoetpaslibelle":"1"},"BlocPaveInfo":{"texte1":{"pave":["1"],"longeurmax":"","afficherLibelle":"0","garderHtml":"0"}},"Criteres":"NIVPARTENAIRE[COMPLET","PositionBloc":"NOM|GALLERIE|CARNET_VOYAGE|URL","TypePrestataire":"L","ComportementResa":false,"ComportementDispo":false},"AffichageCoordonnees":[],"Coordonnees":{"Ville":"LE POULIGUEN"},"ContexteId":"PRESTATAIRE|L|NATURATROTT","ContexteIdHtml":"PRESTATAIRE-L-NATURATROTT","cleContexte":"L|NATURATROTT","Bloc":{"texte1":"Partez &agrave; la d&eacute;couverte du territoire &agrave; trottinette &eacute;lectrique !\r\n\r\nAu d&eacute;part du Pouliguen, NATURA TROTT vous accompagne pour vous faire d&eacute;couvrir les plus belles balades de La Baule au Croisic.&nbsp;\r\n\r\nProfitez des panoramas incontournables du territoire et de la richesse de son patrimoine de fa&ccedil;on amusante et originale tout en respectant l&#39;environnement.\r\n\r\nPartagez cette activit&eacute; insolite en famille ou entre amis.","texte3":"","critere1":{"libelle":"","contenu":[]},"critere2":{"libelle":"","contenu":[]},"critere3":{"libelle":"","contenu":[]},"critere4":{"libelle":"","contenu":[]},"critere5":{"libelle":"","contenu":[]},"critere6":{"libelle":"","contenu":[]},"critere7":{"libelle":"","contenu":[]},"critere8":{"libelle":"","contenu":[]},"critere9":{"libelle":"","contenu":[]}},"libelleDuPrestataire":"","listeCriteres":{"NIVPARTENAIRE":{"COMPLET":""},"DESTINATION":{"HORSDESTINATION":""},"THACT":{"ACLUD":""},"DERAN":{"AURAND":"Trottinettes \u00e9lectriques"},"DEFOIT":{"AUFOIT":"Trottinettes \u00e9lectriques"},"LMPAC":{"LCBP":"","LESPE":"","LCB":"","LANCV":""},"INSPUBMAJ":{"INSER2022":""},"MISEAJOUR":{"JOHANNA":""}},"dansCarnetVoyage":true,"Ouverture":""},"html":" \n \u003Cdiv id=\"CV-PRESTATAIRE-L-NATURATROTT\" data-contexte-id=\"PRESTATAIRE|L|NATURATROTT\" data-cle=\"L|NATURATROTT\" class=\"fiche-liste\"\u003E\n    \n\n    \u003C!-- partie photo --\u003E\n    \u003Cdiv class=\"photo\"\u003E\t\t\t\t\t\t\t\t\t\t\t\t\t\t\t\t\t\t\t\t\t\n        \u003Cdiv class=\"cadre_photo_principale\"\u003E\t\t\n        \n            \t\t\t\t\t\n                    \u003Ca href=\"natura-trott.html?origine=carnet#media\"\u003E\n                        \u003Cimg class=\"photo_principale\" alt=\"800x600-natura-trott-location-de-trottinettes-electriques-au-pouliguen-1910093-7586\" src=\"https:\/\/www.saint-brevin.com\/medias\/images\/prestataires\/multitailles\/320x240_800x600-natura-trott-location-de-trottinettes-electriques-au-pouliguen-1910093-7586.jpg\" itemprop=\"image\"\u003E\n                    \u003C\/a\u003E\t\t\t\t\t\t\n                \n                    \u003C\/div\u003E\t\t\t\t\t\t\t\t\t\t\t\t\t\t\t\t\t\t\t \t\t\n    \u003C\/div\u003E\n    \n    \u003C!-- partie nom prest --\u003E\n    \u003Cdiv class=\"nom\"\u003E\n        \u003Ch2\u003ENatura Trott\u003C\/h2\u003E\n        \n            \u003C\/div\u003E\n\n         \n    \u003C!-- partie adresse --\u003E\n    \u003Cdiv class=\"adresse\"\u003E\n    \n          \n    \u003C\/div\u003E\n    \n    \u003C!-- partie liens --\u003E\n    \u003Cdiv class=\"liens\"\u003E\n            \u003Ca class=\"btn-icon btn-view \" title=\"Voir la fiche d\u00e9taill\u00e9e\" href=\"natura-trott.html?origine=carnet\"\u003E\u003C\/a\u003E\u003C!--\u003Ca class=\"btn-icon btn-view \" title=\"\" href=\"?origine=carnet#thaut\"\u003E\u003C\/a\u003E--\u003E\n      \u003Ca class=\"btn-icon btn-trash carnet_voyage_supprimer\" title=\"Supprimer cette fiche de mon carnet de voyage\" href=\"carnet-voyage?action=remove&fiche=L|NATURATROTT\"\u003E\u003C\/a\u003E\n    \u003C\/div\u003E\n\n\u003C\/div\u003E\n\n","icon":"https:\/\/static.ingenie.fr\/images\/carnetVoyageV3\/L.png"},"fiche":"L|NATURATROTT","popup":"\u003Cdiv id=\"bloc_popup_ajout_fiche_carnet\"\u003E\n    \u003Cdiv class=\"info_popup_ajout_fiche_carnet\"\u003E\n        Vous venez d'ajouter cet \u00e9l\u00e9ment \u00e0 votre carnet de voyage :    \u003C\/div\u003E\n    \u003Cdiv class=\"prest_popup_ajout_fiche_carnet\"\u003E\n        Natura Trott    \u003C\/div\u003E\n    \u003Cdiv class=\"bloc_btn_ajout_fiche_carnet form_submit_div\"\u003E\n        \u003Cinput type=\"button\" value=\"Continuer ma s\u00e9lection\" title=\"Continuer ma s\u00e9lection\" name=\"btn_close\" class=\"btn_close_popup_carnet form_submit\" onclick=\"$.colorbox.close()\" \/\u003E\n        \u003Cinput type=\"button\" value=\"Voir mon carnet de voyage\" title=\"Voir mon carnet\" name=\"btn_panier\" class=\"btn_panier_popup_carnet form_submit\" onclick=\"if(typeof CarnetVoyage != 'undefined') {CarnetVoyage.voirCarnet();}\" \/\u003E\n    \u003C\/div\u003E\n    \u003Cdiv class=\"bloc_btn_ajout_fiche_carnet\"\u003E\n        \u003Cinput type=\"checkbox\" value=\"1\" name=\"desactiver_popup\" id=\"desactiver_popup\" \/\u003E\n        \u003Clabel for=\"desactiver_popup\"\u003ENe plus afficher ce message\u003C\/label\u003E\n    \u003C\/div\u003E\n\u003C\/div\u003E","success":1}