{"nbFiches":1,"dataPrest":{"infoPrest":{"pave1":{"libelle":"Slogan","contenu":"","fichiers":[]},"pave2":{"libelle":"Descriptif","contenu":"Embarquez &agrave; bord d&#39;un catamaran au d&eacute;part de Pornichet pour des sorties &agrave; la&nbsp;d&eacute;couverte du littoral riche et vari&eacute; de la rade de la Loire et de l&#39;Estuaire.&nbsp;\u003Cbr \/\u003E\r\nEntre installations portuaires et industrielles du Grand Port Maritime de Nantes Saint-Nazaire, les criques et plages de Saint Nazaire, Pornichet et Saint Brevin et les paysages\u003Cbr \/\u003E\r\nde l&#39;Estuaire vous profiterez d&#39;une navigation au plus pr&egrave;s des &eacute;l&eacute;ments et des sensationsde la navigation en voilier.\u003Cbr \/\u003E\r\n\u003Cbr \/\u003E\r\nParmi les propositions de Mouette and Sea&hellip;\u003Cbr \/\u003E\r\n\u003Cspan style=\"font-size:14px;\"\u003E\u003Cstrong\u003ESortie d&eacute;couverte\u003C\/strong\u003E\u003C\/span\u003E\u003Cbr \/\u003E\r\nCroisi&egrave;re au d&eacute;part de Saint-Nazaire. Entre installations portuaires et&nbsp;plages, d&eacute;couvrez la navigation en voilier et profitez du paysage.\u003Cbr \/\u003E\r\nDur&eacute;e: 2h30 environ\u003Cbr \/\u003E\r\nTarif : 34&euro;\/adulte, 23&euro;\/enfant (jusqu&#39;&agrave; 14 ans).\u003Cbr \/\u003E\r\n\u003Cbr \/\u003E\r\n\u003Cspan style=\"font-size:14px;\"\u003E\u003Cstrong\u003ESortie demi-journ&eacute;e :\u003C\/strong\u003E\u003C\/span\u003E\u003Cbr \/\u003E\r\nEmbarquez pour un apr&egrave;s-midi de navigation &agrave; la d&eacute;couverte de la rade de la Loire, avec&nbsp;plusieurs parcours possibles selon la m&eacute;t&eacute;o et la mar&eacute;e : navigation de la Pointe Saint-Gildas &agrave; la Baie de La Baule et &eacute;ventuellement incursion en Loire vers Paimboeuf.\u003Cbr \/\u003E\r\nDur&eacute;e: une demi-journ&eacute;e (4h30 environ)\u003Cbr \/\u003E\r\nTarif : 50&euro;\/adulte, 38&euro;\/enfant (jusqu&#39;&agrave; 14 ans)\u003Cbr \/\u003E\r\nPossibilit&eacute; de programmation selon la mar&eacute;e et la m&eacute;t&eacute;o.\u003Cbr \/\u003E\r\n\u003Cbr \/\u003E\r\n\u003Cspan style=\"font-size:14px;\"\u003E\u003Cstrong\u003ER&eacute;servez 1, 2, 3&hellip; places ou privatisez le bateau entier : sorties en famille, entre&nbsp;amis, comit&eacute;s d&rsquo;entreprise...\u003C\/strong\u003E\u003C\/span\u003E\u003Cbr \/\u003E\r\n&nbsp;\r\n\u003Cdiv style=\"text-align: center;\"\u003E\u003Cspan style=\"font-size:20px;\"\u003E\u003Cstrong\u003E\u003Ca href=\"https:\/\/mouetteandsea.addock.co\/\" target=\"_blank\"\u003E\u003Cspan style=\"color:#008080;\"\u003ER&eacute;servation des sorties en mer ICI&gt;&gt;&gt;\u003C\/span\u003E\u003C\/a\u003E\u003C\/strong\u003E\u003C\/span\u003E\u003C\/div\u003E\r\n","fichiers":[]},"pave3":{"libelle":"","contenu":""},"pave4":{"libelle":"","contenu":""},"pave5":{"libelle":"","contenu":""},"pave6":{"libelle":"","contenu":""},"pave7":{"libelle":"","contenu":""},"pave8":{"libelle":"","contenu":""},"pave9":{"libelle":"","contenu":""},"pave10":{"libelle":"","contenu":""},"pave11":{"libelle":"","contenu":""},"pave12":{"libelle":"","contenu":""},"pave13":{"libelle":"","contenu":""},"pave14":{"libelle":"","contenu":""},"pave15":{"libelle":"","contenu":""},"pave16":{"libelle":"","contenu":""},"pave17":{"libelle":"","contenu":""},"pave18":{"libelle":"","contenu":""},"pave19":{"libelle":"","contenu":""},"pave20":{"libelle":"","contenu":""},"pave21":{"libelle":"","contenu":""},"pave22":{"libelle":"","contenu":""},"pave23":{"libelle":"","contenu":""},"pave24":{"libelle":"","contenu":""},"pave25":{"libelle":"","contenu":""},"Libelle":"Mouette and Sea","Reference":"","Reftar":"","Type":"PRESTATION","TypePrestataire":"L","ContexteStat":"PRESTATION-L-MOUETTEANDSEA-SORTIESMERMOUETTEANDSEA","DateModificationIso":"2025-10-09T12:22:00+02:00","Adresse":{"LigneAdresse1":"Port de Plaisance","LigneAdresse2":"Ponton C","LigneAdresse3":"","CodePostal":"44380","Ville":"PORNICHET","Cedex":"","Etat":"","Pays":"FRA"},"Id":"l-mouetteandsea-sortiesmermouetteandsea","Code":"L|MOUETTEANDSEA|SORTIESMERMOUETTEANDSEA","Cle":"L|MOUETTEANDSEA|SORTIESMERMOUETTEANDSEA","Url":"mouette-and-sea-1.html","Localisation":{"GoogleMap":{"Latitude":"47.25782","Longitude":"-2.34841"}},"ZoneGeo":"","Criteres":{"PARTENAIRE[COMPLET":"","ANIACC2[ANNON":"","OACNAU2[PROMMER":"","OACNAU2[LIAISON":"","EQDEQL2[PARGRA":"","EQDEQL2[PPTA":"","EQDEQL2[TOIL":"","LMPAC2[LCBP":"","LMPAC2[LESPE":"","LMPAC2[LCB":"","LMPAC2[LANCV":"","BILLETTERIEOFFICE[TARIFPREFERENTIEL":"","CATGENERALE[ACTNAUTIQUE":""},"LiensEtWidgetsParType":{"A":[{"Id":"179","TypePrestataire":"L","CodePrestataire":"MOUETTEANDSEA","CodePrestation":"SORTIESMERMOUETTEANDSEA","CodeLibelle":"URL00000224","Type":"A","Url":"https:\/\/www.facebook.com\/mouetteandseacatamaran\/","Defaut":"N","Langue":"","Nature":"URL","Import":"","LibelleText":"Mouette and Sea","Theme":""}],"IG":[{"Id":"301","TypePrestataire":"L","CodePrestataire":"MOUETTEANDSEA","CodePrestation":"SORTIESMERMOUETTEANDSEA","CodeLibelle":"URL00000327","Type":"IG","Url":"https:\/\/www.instagram.com\/mouette_and_sea\/","Defaut":"N","Langue":"FR","Nature":"URL","Import":"","LibelleText":"Mouette and Sea","Theme":""}]},"LiensEtWidgets":[{"Id":"179","TypePrestataire":"L","CodePrestataire":"MOUETTEANDSEA","CodePrestation":"SORTIESMERMOUETTEANDSEA","CodeLibelle":"URL00000224","Type":"A","Url":"https:\/\/www.facebook.com\/mouetteandseacatamaran\/","Defaut":"N","Langue":"","Nature":"URL","Import":"","LibelleText":"Mouette and Sea","Theme":""},{"Id":"301","TypePrestataire":"L","CodePrestataire":"MOUETTEANDSEA","CodePrestation":"SORTIESMERMOUETTEANDSEA","CodeLibelle":"URL00000327","Type":"IG","Url":"https:\/\/www.instagram.com\/mouette_and_sea\/","Defaut":"N","Langue":"FR","Nature":"URL","Import":"","LibelleText":"Mouette and Sea","Theme":""}],"Prestataire":{"pave1":{"libelle":"Slogan","contenu":""},"pave2":{"libelle":"Descriptif","contenu":"Embarquez &agrave; bord d&#39;un catamaran au d&eacute;part de Saint Nazaire pour des sorties &agrave; la d&eacute;couverte du littoral riche et vari&eacute; de la rade de la Loire et de l&#39;Estuaire.&nbsp;\u003Cbr \/\u003E\r\nEntre installations portuaires et industrielles du Grand Port Maritime de Nantes Saint Nazaire, les criques et plages de Saint Nazaire, Pornichet et Saint Brevin et les paysages de l&#39;Estuaire vous profiterez d&#39;une navigation au plus pr&egrave;s des &eacute;l&eacute;ments et des sensations de la navigation en voilier."},"pave3":{"libelle":"Bons Plans","contenu":""},"pave4":{"libelle":"","contenu":""},"pave5":{"libelle":"","contenu":""},"pave6":{"libelle":"","contenu":""},"pave7":{"libelle":"","contenu":""},"pave8":{"libelle":"","contenu":""},"pave9":{"libelle":"","contenu":""},"pave10":{"libelle":"","contenu":""},"pave11":{"libelle":"","contenu":""},"pave12":{"libelle":"","contenu":""},"pave13":{"libelle":"","contenu":""},"pave14":{"libelle":"","contenu":""},"pave15":{"libelle":"","contenu":""},"pave16":{"libelle":"","contenu":""},"pave17":{"libelle":"","contenu":""},"pave18":{"libelle":"","contenu":""},"pave19":{"libelle":"","contenu":""},"pave20":{"libelle":"","contenu":""},"pave21":{"libelle":"","contenu":""},"pave22":{"libelle":"","contenu":""},"pave23":{"libelle":"","contenu":""},"pave24":{"libelle":"","contenu":""},"pave25":{"libelle":"","contenu":""},"ContactsParType":{"DIR":{"1626":{"id_contact":"1626","type_contact":"DIR","categorie_contact":"PRESTATAIRE","societe_contact":"","fonction_contact":"","civilite_nom_prenom_contact":"M Fortunier F\u00e9lix ","adresse1_contact":"14 Rue de La Vierge","adresse2_contact":"","adresse3_contact":"","cpostal_contact":"44000","ville_contact":"NANTES","teldom_contact":"","telbur_contact":"","fax_contact":"","portable_contact":"","email_contact":"","siteweb_contact":"","commentaire_contact":"","langue_contact":"","autre_moyen_com":[]}}},"Libelle":"Mouette and Sea","Nom":"Mouette and Sea","Prenom":"","NomPrenom":"Mouette and Sea ","CiviliteNomPrenom":"Mouette and Sea ","Cle":"L|MOUETTEANDSEA","PrestataireParent":"","ContexteStat":"PRESTATAIRE-L-MOUETTEANDSEA","DateModificationIso":"2025-10-09T12:21:00+02:00","Type":"PRESTATAIRE","TypePrestataire":"L","Adresse":{"LigneAdresse1":"Quai du Commerce","LigneAdresse2":"","LigneAdresse3":"","CodePostal":"44600","Ville":"ST NAZAIRE","Cedex":"","Etat":"","Pays":"FRA"},"Email":"felix@mouetteandsea.fr","Telephone":"","TelephoneBureau":"","Portable":"06 51 43 99 26","SiteWeb":"https:\/\/www.mouetteandsea.fr\/","Fax":"","Id":"l-mouetteandsea","Code":"L|MOUETTEANDSEA","Fichier":{"Image":[{"url":"https:\/\/www.saint-brevin.com\/medias\/images\/prestataires\/balades-en-mer-catamaran-mouette-and-sea-5272.jpg","chemin":"..\/medias\/images\/prestataires\/balades-en-mer-catamaran-mouette-and-sea-5272.jpg","libelle":"balades-en-mer-catamaran-mouette-and-sea-5272","extension":"jpg","categorie":"","largeur":555,"theme":"","hauteur":406,"type":"Image","origine":"","liaisonPave":"","langue":"","id":"5272","urlVignette":"https:\/\/www.saint-brevin.com\/medias\/images\/prestataires\/v-balades-en-mer-catamaran-mouette-and-sea-5272.jpg","alt":"balades-en-mer-catamaran-mouette-and-sea-5272","title":"balades-en-mer-catamaran-mouette-and-sea-5272","MultiTaille":{"1920x1440":{"url":"https:\/\/www.saint-brevin.com\/medias\/images\/prestataires\/multitailles\/1920x1440_balades-en-mer-catamaran-mouette-and-sea-5272.jpg"},"1200x900":{"url":"https:\/\/www.saint-brevin.com\/medias\/images\/prestataires\/multitailles\/1200x900_balades-en-mer-catamaran-mouette-and-sea-5272.jpg"},"800x600":{"url":"https:\/\/www.saint-brevin.com\/medias\/images\/prestataires\/multitailles\/800x600_balades-en-mer-catamaran-mouette-and-sea-5272.jpg"},"640x480":{"url":"https:\/\/www.saint-brevin.com\/medias\/images\/prestataires\/multitailles\/640x480_balades-en-mer-catamaran-mouette-and-sea-5272.jpg"},"320x240":{"url":"https:\/\/www.saint-brevin.com\/medias\/images\/prestataires\/multitailles\/320x240_balades-en-mer-catamaran-mouette-and-sea-5272.jpg"},"160x120":{"url":"https:\/\/www.saint-brevin.com\/medias\/images\/prestataires\/multitailles\/160x120_balades-en-mer-catamaran-mouette-and-sea-5272.jpg"},"origine":{"url":"https:\/\/www.saint-brevin.com\/medias\/images\/prestataires\/balades-en-mer-catamaran-mouette-and-sea-5272.jpg"}},"urlLien":"","typeLien":"","nofollow":"N","copyright":""}],"ByCategorie":{"":[{"url":"https:\/\/www.saint-brevin.com\/medias\/images\/prestataires\/balades-en-mer-catamaran-mouette-and-sea-5272.jpg","chemin":"..\/medias\/images\/prestataires\/balades-en-mer-catamaran-mouette-and-sea-5272.jpg","libelle":"balades-en-mer-catamaran-mouette-and-sea-5272","extension":"jpg","categorie":"","largeur":555,"theme":"","hauteur":406,"type":"Image","origine":"","liaisonPave":"","langue":"","id":"5272","urlVignette":"https:\/\/www.saint-brevin.com\/medias\/images\/prestataires\/v-balades-en-mer-catamaran-mouette-and-sea-5272.jpg","alt":"balades-en-mer-catamaran-mouette-and-sea-5272","title":"balades-en-mer-catamaran-mouette-and-sea-5272","MultiTaille":{"1920x1440":{"url":"https:\/\/www.saint-brevin.com\/medias\/images\/prestataires\/multitailles\/1920x1440_balades-en-mer-catamaran-mouette-and-sea-5272.jpg"},"1200x900":{"url":"https:\/\/www.saint-brevin.com\/medias\/images\/prestataires\/multitailles\/1200x900_balades-en-mer-catamaran-mouette-and-sea-5272.jpg"},"800x600":{"url":"https:\/\/www.saint-brevin.com\/medias\/images\/prestataires\/multitailles\/800x600_balades-en-mer-catamaran-mouette-and-sea-5272.jpg"},"640x480":{"url":"https:\/\/www.saint-brevin.com\/medias\/images\/prestataires\/multitailles\/640x480_balades-en-mer-catamaran-mouette-and-sea-5272.jpg"},"320x240":{"url":"https:\/\/www.saint-brevin.com\/medias\/images\/prestataires\/multitailles\/320x240_balades-en-mer-catamaran-mouette-and-sea-5272.jpg"},"160x120":{"url":"https:\/\/www.saint-brevin.com\/medias\/images\/prestataires\/multitailles\/160x120_balades-en-mer-catamaran-mouette-and-sea-5272.jpg"},"origine":{"url":"https:\/\/www.saint-brevin.com\/medias\/images\/prestataires\/balades-en-mer-catamaran-mouette-and-sea-5272.jpg"}},"urlLien":"","typeLien":"","nofollow":"N","copyright":""}]}},"Url":"mouette-and-sea.html","Localisation":{"GoogleMap":{"Latitude":"47.27349","Longitude":"-2.20271"}},"ZoneGeo":"","LiensEtWidgetsParType":{"A":[{"Id":"178","TypePrestataire":"L","CodePrestataire":"MOUETTEANDSEA","CodePrestation":"","CodeLibelle":"URL00000223","Type":"A","Url":"https:\/\/www.facebook.com\/mouetteandseaStNazaire\/","Defaut":"N","Langue":"FR","Nature":"URL","Import":"","LibelleText":"Mouette and Sea","Theme":""}]},"LiensEtWidgets":[{"Id":"178","TypePrestataire":"L","CodePrestataire":"MOUETTEANDSEA","CodePrestation":"","CodeLibelle":"URL00000223","Type":"A","Url":"https:\/\/www.facebook.com\/mouetteandseaStNazaire\/","Defaut":"N","Langue":"FR","Nature":"URL","Import":"","LibelleText":"Mouette and Sea","Theme":""}],"Criteres":{"NIVPARTENAIRE[COMPLET":"","THACT[FOITI":"","TYACT[OTOU":"","TYPEEL[BATEAU":"","LDLTH[DHAACN":"","ANIACC[ANNON":"","LMPAC[LCBP":"","LMPAC[LESPE":"","LMPAC[LCB":"","INSPUBMAJ[INSER2020":"","MISEAJOUR[ANNABELLE":"","DESTINATION[HORSDESTINATION":"","SPORTS[SPORTSNAUT":""},"DateFinPublication":""},"Fichier":{"Image":[{"url":"https:\/\/www.saint-brevin.com\/medias\/images\/prestations\/mouette-and-sea-1-28994.jpg","chemin":"..\/medias\/images\/prestations\/mouette-and-sea-1-28994.jpg","libelle":"mouette-and-sea-1-28994","extension":"jpg","categorie":"","largeur":859,"theme":"","hauteur":640,"type":"Image","origine":"","liaisonPave":"","langue":"","id":"28994","urlVignette":"https:\/\/www.saint-brevin.com\/medias\/images\/prestations\/v-mouette-and-sea-1-28994.jpg","alt":"mouette-and-sea-1-28994","title":"mouette-and-sea-1-28994","MultiTaille":{"1920x1440":{"url":"https:\/\/www.saint-brevin.com\/medias\/images\/prestations\/multitailles\/1920x1440_mouette-and-sea-1-28994.jpg"},"1200x900":{"url":"https:\/\/www.saint-brevin.com\/medias\/images\/prestations\/multitailles\/1200x900_mouette-and-sea-1-28994.jpg"},"800x600":{"url":"https:\/\/www.saint-brevin.com\/medias\/images\/prestations\/multitailles\/800x600_mouette-and-sea-1-28994.jpg"},"640x480":{"url":"https:\/\/www.saint-brevin.com\/medias\/images\/prestations\/multitailles\/640x480_mouette-and-sea-1-28994.jpg"},"320x240":{"url":"https:\/\/www.saint-brevin.com\/medias\/images\/prestations\/multitailles\/320x240_mouette-and-sea-1-28994.jpg"},"160x120":{"url":"https:\/\/www.saint-brevin.com\/medias\/images\/prestations\/multitailles\/160x120_mouette-and-sea-1-28994.jpg"},"origine":{"url":"https:\/\/www.saint-brevin.com\/medias\/images\/prestations\/mouette-and-sea-1-28994.jpg"}},"urlLien":"","typeLien":"","nofollow":"N","copyright":""},{"url":"https:\/\/www.saint-brevin.com\/medias\/images\/prestations\/mouette-and-sea-2-28995.jpg","chemin":"..\/medias\/images\/prestations\/mouette-and-sea-2-28995.jpg","libelle":"mouette-and-sea-2-28995","extension":"jpg","categorie":"","largeur":856,"theme":"","hauteur":642,"type":"Image","origine":"","liaisonPave":"","langue":"","id":"28995","urlVignette":"https:\/\/www.saint-brevin.com\/medias\/images\/prestations\/v-mouette-and-sea-2-28995.jpg","alt":"mouette-and-sea-2-28995","title":"mouette-and-sea-2-28995","MultiTaille":{"1920x1440":{"url":"https:\/\/www.saint-brevin.com\/medias\/images\/prestations\/multitailles\/1920x1440_mouette-and-sea-2-28995.jpg"},"1200x900":{"url":"https:\/\/www.saint-brevin.com\/medias\/images\/prestations\/multitailles\/1200x900_mouette-and-sea-2-28995.jpg"},"800x600":{"url":"https:\/\/www.saint-brevin.com\/medias\/images\/prestations\/multitailles\/800x600_mouette-and-sea-2-28995.jpg"},"640x480":{"url":"https:\/\/www.saint-brevin.com\/medias\/images\/prestations\/multitailles\/640x480_mouette-and-sea-2-28995.jpg"},"320x240":{"url":"https:\/\/www.saint-brevin.com\/medias\/images\/prestations\/multitailles\/320x240_mouette-and-sea-2-28995.jpg"},"160x120":{"url":"https:\/\/www.saint-brevin.com\/medias\/images\/prestations\/multitailles\/160x120_mouette-and-sea-2-28995.jpg"},"origine":{"url":"https:\/\/www.saint-brevin.com\/medias\/images\/prestations\/mouette-and-sea-2-28995.jpg"}},"urlLien":"","typeLien":"","nofollow":"N","copyright":""},{"url":"https:\/\/www.saint-brevin.com\/medias\/images\/prestations\/mouette-and-sea-3-28993.jpg","chemin":"..\/medias\/images\/prestations\/mouette-and-sea-3-28993.jpg","libelle":"mouette-and-sea-3-28993","extension":"jpg","categorie":"","largeur":679,"theme":"","hauteur":849,"type":"Image","origine":"","liaisonPave":"","langue":"","id":"28993","urlVignette":"https:\/\/www.saint-brevin.com\/medias\/images\/prestations\/v-mouette-and-sea-3-28993.jpg","alt":"mouette-and-sea-3-28993","title":"mouette-and-sea-3-28993","MultiTaille":{"1920x1440":{"url":"https:\/\/www.saint-brevin.com\/medias\/images\/prestations\/multitailles\/1920x1440_mouette-and-sea-3-28993.jpg"},"1200x900":{"url":"https:\/\/www.saint-brevin.com\/medias\/images\/prestations\/multitailles\/1200x900_mouette-and-sea-3-28993.jpg"},"800x600":{"url":"https:\/\/www.saint-brevin.com\/medias\/images\/prestations\/multitailles\/800x600_mouette-and-sea-3-28993.jpg"},"640x480":{"url":"https:\/\/www.saint-brevin.com\/medias\/images\/prestations\/multitailles\/640x480_mouette-and-sea-3-28993.jpg"},"320x240":{"url":"https:\/\/www.saint-brevin.com\/medias\/images\/prestations\/multitailles\/320x240_mouette-and-sea-3-28993.jpg"},"160x120":{"url":"https:\/\/www.saint-brevin.com\/medias\/images\/prestations\/multitailles\/160x120_mouette-and-sea-3-28993.jpg"},"origine":{"url":"https:\/\/www.saint-brevin.com\/medias\/images\/prestations\/mouette-and-sea-3-28993.jpg"}},"urlLien":"","typeLien":"","nofollow":"N","copyright":""},{"url":"https:\/\/www.saint-brevin.com\/medias\/images\/prestations\/mouette-and-sea-4-28996.jpg","chemin":"..\/medias\/images\/prestations\/mouette-and-sea-4-28996.jpg","libelle":"mouette-and-sea-4-28996","extension":"jpg","categorie":"","largeur":852,"theme":"","hauteur":849,"type":"Image","origine":"","liaisonPave":"","langue":"","id":"28996","urlVignette":"https:\/\/www.saint-brevin.com\/medias\/images\/prestations\/v-mouette-and-sea-4-28996.jpg","alt":"mouette-and-sea-4-28996","title":"mouette-and-sea-4-28996","MultiTaille":{"1920x1440":{"url":"https:\/\/www.saint-brevin.com\/medias\/images\/prestations\/multitailles\/1920x1440_mouette-and-sea-4-28996.jpg"},"1200x900":{"url":"https:\/\/www.saint-brevin.com\/medias\/images\/prestations\/multitailles\/1200x900_mouette-and-sea-4-28996.jpg"},"800x600":{"url":"https:\/\/www.saint-brevin.com\/medias\/images\/prestations\/multitailles\/800x600_mouette-and-sea-4-28996.jpg"},"640x480":{"url":"https:\/\/www.saint-brevin.com\/medias\/images\/prestations\/multitailles\/640x480_mouette-and-sea-4-28996.jpg"},"320x240":{"url":"https:\/\/www.saint-brevin.com\/medias\/images\/prestations\/multitailles\/320x240_mouette-and-sea-4-28996.jpg"},"160x120":{"url":"https:\/\/www.saint-brevin.com\/medias\/images\/prestations\/multitailles\/160x120_mouette-and-sea-4-28996.jpg"},"origine":{"url":"https:\/\/www.saint-brevin.com\/medias\/images\/prestations\/mouette-and-sea-4-28996.jpg"}},"urlLien":"","typeLien":"","nofollow":"N","copyright":""},{"url":"https:\/\/www.saint-brevin.com\/medias\/images\/prestations\/mouette-and-sea-c-a-beaune-9623.jpg","chemin":"..\/medias\/images\/prestations\/mouette-and-sea-c-a-beaune-9623.jpg","libelle":"mouette-and-sea-c-a-beaune-9623","extension":"jpg","categorie":"","largeur":960,"theme":"","hauteur":640,"type":"Image","origine":"","liaisonPave":"","langue":"","id":"9623","urlVignette":"https:\/\/www.saint-brevin.com\/medias\/images\/prestations\/v-mouette-and-sea-c-a-beaune-9623.jpg","alt":"mouette-and-sea-c-a-beaune-9623","title":"mouette-and-sea-c-a-beaune-9623","MultiTaille":{"1920x1440":{"url":"https:\/\/www.saint-brevin.com\/medias\/images\/prestations\/multitailles\/1920x1440_mouette-and-sea-c-a-beaune-9623.jpg"},"1200x900":{"url":"https:\/\/www.saint-brevin.com\/medias\/images\/prestations\/multitailles\/1200x900_mouette-and-sea-c-a-beaune-9623.jpg"},"800x600":{"url":"https:\/\/www.saint-brevin.com\/medias\/images\/prestations\/multitailles\/800x600_mouette-and-sea-c-a-beaune-9623.jpg"},"640x480":{"url":"https:\/\/www.saint-brevin.com\/medias\/images\/prestations\/multitailles\/640x480_mouette-and-sea-c-a-beaune-9623.jpg"},"320x240":{"url":"https:\/\/www.saint-brevin.com\/medias\/images\/prestations\/multitailles\/320x240_mouette-and-sea-c-a-beaune-9623.jpg"},"160x120":{"url":"https:\/\/www.saint-brevin.com\/medias\/images\/prestations\/multitailles\/160x120_mouette-and-sea-c-a-beaune-9623.jpg"},"origine":{"url":"https:\/\/www.saint-brevin.com\/medias\/images\/prestations\/mouette-and-sea-c-a-beaune-9623.jpg"}},"urlLien":"","typeLien":"","nofollow":"N","copyright":""},{"url":"https:\/\/www.saint-brevin.com\/medias\/images\/prestations\/mouette-and-sea-st-nazaire-st-brevin-catamaran2-9601.jpg","chemin":"..\/medias\/images\/prestations\/mouette-and-sea-st-nazaire-st-brevin-catamaran2-9601.jpg","libelle":"mouette-and-sea-st-nazaire-st-brevin-catamaran2-9601","extension":"jpg","categorie":"","largeur":768,"theme":"","hauteur":512,"type":"Image","origine":"","liaisonPave":"","langue":"","id":"9601","urlVignette":"https:\/\/www.saint-brevin.com\/medias\/images\/prestations\/v-mouette-and-sea-st-nazaire-st-brevin-catamaran2-9601.jpg","alt":"mouette-and-sea-st-nazaire-st-brevin-catamaran2-9601","title":"mouette-and-sea-st-nazaire-st-brevin-catamaran2-9601","MultiTaille":{"1920x1440":{"url":"https:\/\/www.saint-brevin.com\/medias\/images\/prestations\/multitailles\/1920x1440_mouette-and-sea-st-nazaire-st-brevin-catamaran2-9601.jpg"},"1200x900":{"url":"https:\/\/www.saint-brevin.com\/medias\/images\/prestations\/multitailles\/1200x900_mouette-and-sea-st-nazaire-st-brevin-catamaran2-9601.jpg"},"800x600":{"url":"https:\/\/www.saint-brevin.com\/medias\/images\/prestations\/multitailles\/800x600_mouette-and-sea-st-nazaire-st-brevin-catamaran2-9601.jpg"},"640x480":{"url":"https:\/\/www.saint-brevin.com\/medias\/images\/prestations\/multitailles\/640x480_mouette-and-sea-st-nazaire-st-brevin-catamaran2-9601.jpg"},"320x240":{"url":"https:\/\/www.saint-brevin.com\/medias\/images\/prestations\/multitailles\/320x240_mouette-and-sea-st-nazaire-st-brevin-catamaran2-9601.jpg"},"160x120":{"url":"https:\/\/www.saint-brevin.com\/medias\/images\/prestations\/multitailles\/160x120_mouette-and-sea-st-nazaire-st-brevin-catamaran2-9601.jpg"},"origine":{"url":"https:\/\/www.saint-brevin.com\/medias\/images\/prestations\/mouette-and-sea-st-nazaire-st-brevin-catamaran2-9601.jpg"}},"urlLien":"","typeLien":"","nofollow":"N","copyright":""},{"url":"https:\/\/www.saint-brevin.com\/medias\/images\/prestations\/mouette-and-sea-st-nazaire-st-brevin-catamaran-9600.jpg","chemin":"..\/medias\/images\/prestations\/mouette-and-sea-st-nazaire-st-brevin-catamaran-9600.jpg","libelle":"mouette-and-sea-st-nazaire-st-brevin-catamaran-9600","extension":"jpg","categorie":"","largeur":772,"theme":"","hauteur":800,"type":"Image","origine":"","liaisonPave":"","langue":"","id":"9600","urlVignette":"https:\/\/www.saint-brevin.com\/medias\/images\/prestations\/v-mouette-and-sea-st-nazaire-st-brevin-catamaran-9600.jpg","alt":"mouette-and-sea-st-nazaire-st-brevin-catamaran-9600","title":"mouette-and-sea-st-nazaire-st-brevin-catamaran-9600","MultiTaille":{"1920x1440":{"url":"https:\/\/www.saint-brevin.com\/medias\/images\/prestations\/multitailles\/1920x1440_mouette-and-sea-st-nazaire-st-brevin-catamaran-9600.jpg"},"1200x900":{"url":"https:\/\/www.saint-brevin.com\/medias\/images\/prestations\/multitailles\/1200x900_mouette-and-sea-st-nazaire-st-brevin-catamaran-9600.jpg"},"800x600":{"url":"https:\/\/www.saint-brevin.com\/medias\/images\/prestations\/multitailles\/800x600_mouette-and-sea-st-nazaire-st-brevin-catamaran-9600.jpg"},"640x480":{"url":"https:\/\/www.saint-brevin.com\/medias\/images\/prestations\/multitailles\/640x480_mouette-and-sea-st-nazaire-st-brevin-catamaran-9600.jpg"},"320x240":{"url":"https:\/\/www.saint-brevin.com\/medias\/images\/prestations\/multitailles\/320x240_mouette-and-sea-st-nazaire-st-brevin-catamaran-9600.jpg"},"160x120":{"url":"https:\/\/www.saint-brevin.com\/medias\/images\/prestations\/multitailles\/160x120_mouette-and-sea-st-nazaire-st-brevin-catamaran-9600.jpg"},"origine":{"url":"https:\/\/www.saint-brevin.com\/medias\/images\/prestations\/mouette-and-sea-st-nazaire-st-brevin-catamaran-9600.jpg"}},"urlLien":"","typeLien":"","nofollow":"N","copyright":""},{"url":"https:\/\/www.saint-brevin.com\/medias\/images\/prestations\/mouette-and-sea-st-nazaire-st-brevin-catamaran2-coucher-de-soleil-9603.jpg","chemin":"..\/medias\/images\/prestations\/mouette-and-sea-st-nazaire-st-brevin-catamaran2-coucher-de-soleil-9603.jpg","libelle":"mouette-and-sea-st-nazaire-st-brevin-catamaran2-coucher-de-soleil-9603","extension":"jpg","categorie":"","largeur":2040,"theme":"","hauteur":1530,"type":"Image","origine":"","liaisonPave":"","langue":"","id":"9603","urlVignette":"https:\/\/www.saint-brevin.com\/medias\/images\/prestations\/v-mouette-and-sea-st-nazaire-st-brevin-catamaran2-coucher-de-soleil-9603.jpg","alt":"mouette-and-sea-st-nazaire-st-brevin-catamaran2-coucher-de-soleil-9603","title":"mouette-and-sea-st-nazaire-st-brevin-catamaran2-coucher-de-soleil-9603","MultiTaille":{"1920x1440":{"url":"https:\/\/www.saint-brevin.com\/medias\/images\/prestations\/multitailles\/1920x1440_mouette-and-sea-st-nazaire-st-brevin-catamaran2-coucher-de-soleil-9603.jpg"},"1200x900":{"url":"https:\/\/www.saint-brevin.com\/medias\/images\/prestations\/multitailles\/1200x900_mouette-and-sea-st-nazaire-st-brevin-catamaran2-coucher-de-soleil-9603.jpg"},"800x600":{"url":"https:\/\/www.saint-brevin.com\/medias\/images\/prestations\/multitailles\/800x600_mouette-and-sea-st-nazaire-st-brevin-catamaran2-coucher-de-soleil-9603.jpg"},"640x480":{"url":"https:\/\/www.saint-brevin.com\/medias\/images\/prestations\/multitailles\/640x480_mouette-and-sea-st-nazaire-st-brevin-catamaran2-coucher-de-soleil-9603.jpg"},"320x240":{"url":"https:\/\/www.saint-brevin.com\/medias\/images\/prestations\/multitailles\/320x240_mouette-and-sea-st-nazaire-st-brevin-catamaran2-coucher-de-soleil-9603.jpg"},"160x120":{"url":"https:\/\/www.saint-brevin.com\/medias\/images\/prestations\/multitailles\/160x120_mouette-and-sea-st-nazaire-st-brevin-catamaran2-coucher-de-soleil-9603.jpg"},"origine":{"url":"https:\/\/www.saint-brevin.com\/medias\/images\/prestations\/mouette-and-sea-st-nazaire-st-brevin-catamaran2-coucher-de-soleil-9603.jpg"}},"urlLien":"","typeLien":"","nofollow":"N","copyright":""},{"url":"https:\/\/www.saint-brevin.com\/medias\/images\/prestations\/mouette-and-sea-st-nazaire-st-brevin-catamaran2-apero-9602.jpg","chemin":"..\/medias\/images\/prestations\/mouette-and-sea-st-nazaire-st-brevin-catamaran2-apero-9602.jpg","libelle":"mouette-and-sea-st-nazaire-st-brevin-catamaran2-apero-9602","extension":"jpg","categorie":"","largeur":960,"theme":"","hauteur":720,"type":"Image","origine":"","liaisonPave":"","langue":"","id":"9602","urlVignette":"https:\/\/www.saint-brevin.com\/medias\/images\/prestations\/v-mouette-and-sea-st-nazaire-st-brevin-catamaran2-apero-9602.jpg","alt":"mouette-and-sea-st-nazaire-st-brevin-catamaran2-apero-9602","title":"mouette-and-sea-st-nazaire-st-brevin-catamaran2-apero-9602","MultiTaille":{"1920x1440":{"url":"https:\/\/www.saint-brevin.com\/medias\/images\/prestations\/multitailles\/1920x1440_mouette-and-sea-st-nazaire-st-brevin-catamaran2-apero-9602.jpg"},"1200x900":{"url":"https:\/\/www.saint-brevin.com\/medias\/images\/prestations\/multitailles\/1200x900_mouette-and-sea-st-nazaire-st-brevin-catamaran2-apero-9602.jpg"},"800x600":{"url":"https:\/\/www.saint-brevin.com\/medias\/images\/prestations\/multitailles\/800x600_mouette-and-sea-st-nazaire-st-brevin-catamaran2-apero-9602.jpg"},"640x480":{"url":"https:\/\/www.saint-brevin.com\/medias\/images\/prestations\/multitailles\/640x480_mouette-and-sea-st-nazaire-st-brevin-catamaran2-apero-9602.jpg"},"320x240":{"url":"https:\/\/www.saint-brevin.com\/medias\/images\/prestations\/multitailles\/320x240_mouette-and-sea-st-nazaire-st-brevin-catamaran2-apero-9602.jpg"},"160x120":{"url":"https:\/\/www.saint-brevin.com\/medias\/images\/prestations\/multitailles\/160x120_mouette-and-sea-st-nazaire-st-brevin-catamaran2-apero-9602.jpg"},"origine":{"url":"https:\/\/www.saint-brevin.com\/medias\/images\/prestations\/mouette-and-sea-st-nazaire-st-brevin-catamaran2-apero-9602.jpg"}},"urlLien":"","typeLien":"","nofollow":"N","copyright":""},{"url":"https:\/\/www.saint-brevin.com\/medias\/images\/prestations\/mouette-and-sea-st-nazaire-st-brevin-catamaran2-apero2-9605.jpg","chemin":"..\/medias\/images\/prestations\/mouette-and-sea-st-nazaire-st-brevin-catamaran2-apero2-9605.jpg","libelle":"mouette-and-sea-st-nazaire-st-brevin-catamaran2-apero2-9605","extension":"jpg","categorie":"","largeur":2040,"theme":"","hauteur":1530,"type":"Image","origine":"","liaisonPave":"","langue":"","id":"9605","urlVignette":"https:\/\/www.saint-brevin.com\/medias\/images\/prestations\/v-mouette-and-sea-st-nazaire-st-brevin-catamaran2-apero2-9605.jpg","alt":"mouette-and-sea-st-nazaire-st-brevin-catamaran2-apero2-9605","title":"mouette-and-sea-st-nazaire-st-brevin-catamaran2-apero2-9605","MultiTaille":{"1920x1440":{"url":"https:\/\/www.saint-brevin.com\/medias\/images\/prestations\/multitailles\/1920x1440_mouette-and-sea-st-nazaire-st-brevin-catamaran2-apero2-9605.jpg"},"1200x900":{"url":"https:\/\/www.saint-brevin.com\/medias\/images\/prestations\/multitailles\/1200x900_mouette-and-sea-st-nazaire-st-brevin-catamaran2-apero2-9605.jpg"},"800x600":{"url":"https:\/\/www.saint-brevin.com\/medias\/images\/prestations\/multitailles\/800x600_mouette-and-sea-st-nazaire-st-brevin-catamaran2-apero2-9605.jpg"},"640x480":{"url":"https:\/\/www.saint-brevin.com\/medias\/images\/prestations\/multitailles\/640x480_mouette-and-sea-st-nazaire-st-brevin-catamaran2-apero2-9605.jpg"},"320x240":{"url":"https:\/\/www.saint-brevin.com\/medias\/images\/prestations\/multitailles\/320x240_mouette-and-sea-st-nazaire-st-brevin-catamaran2-apero2-9605.jpg"},"160x120":{"url":"https:\/\/www.saint-brevin.com\/medias\/images\/prestations\/multitailles\/160x120_mouette-and-sea-st-nazaire-st-brevin-catamaran2-apero2-9605.jpg"},"origine":{"url":"https:\/\/www.saint-brevin.com\/medias\/images\/prestations\/mouette-and-sea-st-nazaire-st-brevin-catamaran2-apero2-9605.jpg"}},"urlLien":"","typeLien":"","nofollow":"N","copyright":""},{"url":"https:\/\/www.saint-brevin.com\/medias\/images\/prestations\/mouette-and-sea-c-g-francois-9622.jpg","chemin":"..\/medias\/images\/prestations\/mouette-and-sea-c-g-francois-9622.jpg","libelle":"mouette-and-sea-c-g-francois-9622","extension":"jpg","categorie":"","largeur":900,"theme":"","hauteur":1200,"type":"Image","origine":"","liaisonPave":"","langue":"","id":"9622","urlVignette":"https:\/\/www.saint-brevin.com\/medias\/images\/prestations\/v-mouette-and-sea-c-g-francois-9622.jpg","alt":"mouette-and-sea-c-g-francois-9622","title":"mouette-and-sea-c-g-francois-9622","MultiTaille":{"1920x1440":{"url":"https:\/\/www.saint-brevin.com\/medias\/images\/prestations\/multitailles\/1920x1440_mouette-and-sea-c-g-francois-9622.jpg"},"1200x900":{"url":"https:\/\/www.saint-brevin.com\/medias\/images\/prestations\/multitailles\/1200x900_mouette-and-sea-c-g-francois-9622.jpg"},"800x600":{"url":"https:\/\/www.saint-brevin.com\/medias\/images\/prestations\/multitailles\/800x600_mouette-and-sea-c-g-francois-9622.jpg"},"640x480":{"url":"https:\/\/www.saint-brevin.com\/medias\/images\/prestations\/multitailles\/640x480_mouette-and-sea-c-g-francois-9622.jpg"},"320x240":{"url":"https:\/\/www.saint-brevin.com\/medias\/images\/prestations\/multitailles\/320x240_mouette-and-sea-c-g-francois-9622.jpg"},"160x120":{"url":"https:\/\/www.saint-brevin.com\/medias\/images\/prestations\/multitailles\/160x120_mouette-and-sea-c-g-francois-9622.jpg"},"origine":{"url":"https:\/\/www.saint-brevin.com\/medias\/images\/prestations\/mouette-and-sea-c-g-francois-9622.jpg"}},"urlLien":"","typeLien":"","nofollow":"N","copyright":""},{"url":"https:\/\/www.saint-brevin.com\/medias\/images\/prestations\/mouette-and-sea-st-nazaire-st-brevin-9599.png","chemin":"..\/medias\/images\/prestations\/mouette-and-sea-st-nazaire-st-brevin-9599.png","libelle":"mouette-and-sea-st-nazaire-st-brevin-9599","extension":"png","categorie":"","largeur":827,"theme":"","hauteur":591,"type":"Image","origine":"","liaisonPave":"","langue":"","id":"9599","urlVignette":"https:\/\/www.saint-brevin.com\/medias\/images\/prestations\/v-mouette-and-sea-st-nazaire-st-brevin-9599.png","alt":"mouette-and-sea-st-nazaire-st-brevin-9599","title":"mouette-and-sea-st-nazaire-st-brevin-9599","MultiTaille":{"1920x1440":{"url":"https:\/\/www.saint-brevin.com\/medias\/images\/prestations\/multitailles\/1920x1440_mouette-and-sea-st-nazaire-st-brevin-9599.png"},"1200x900":{"url":"https:\/\/www.saint-brevin.com\/medias\/images\/prestations\/multitailles\/1200x900_mouette-and-sea-st-nazaire-st-brevin-9599.png"},"800x600":{"url":"https:\/\/www.saint-brevin.com\/medias\/images\/prestations\/multitailles\/800x600_mouette-and-sea-st-nazaire-st-brevin-9599.png"},"640x480":{"url":"https:\/\/www.saint-brevin.com\/medias\/images\/prestations\/multitailles\/640x480_mouette-and-sea-st-nazaire-st-brevin-9599.png"},"320x240":{"url":"https:\/\/www.saint-brevin.com\/medias\/images\/prestations\/multitailles\/320x240_mouette-and-sea-st-nazaire-st-brevin-9599.png"},"160x120":{"url":"https:\/\/www.saint-brevin.com\/medias\/images\/prestations\/multitailles\/160x120_mouette-and-sea-st-nazaire-st-brevin-9599.png"},"origine":{"url":"https:\/\/www.saint-brevin.com\/medias\/images\/prestations\/mouette-and-sea-st-nazaire-st-brevin-9599.png"}},"urlLien":"","typeLien":"","nofollow":"N","copyright":""}],"ByCategorie":{"":[{"url":"https:\/\/www.saint-brevin.com\/medias\/images\/prestations\/mouette-and-sea-1-28994.jpg","chemin":"..\/medias\/images\/prestations\/mouette-and-sea-1-28994.jpg","libelle":"mouette-and-sea-1-28994","extension":"jpg","categorie":"","largeur":859,"theme":"","hauteur":640,"type":"Image","origine":"","liaisonPave":"","langue":"","id":"28994","urlVignette":"https:\/\/www.saint-brevin.com\/medias\/images\/prestations\/v-mouette-and-sea-1-28994.jpg","alt":"mouette-and-sea-1-28994","title":"mouette-and-sea-1-28994","MultiTaille":{"1920x1440":{"url":"https:\/\/www.saint-brevin.com\/medias\/images\/prestations\/multitailles\/1920x1440_mouette-and-sea-1-28994.jpg"},"1200x900":{"url":"https:\/\/www.saint-brevin.com\/medias\/images\/prestations\/multitailles\/1200x900_mouette-and-sea-1-28994.jpg"},"800x600":{"url":"https:\/\/www.saint-brevin.com\/medias\/images\/prestations\/multitailles\/800x600_mouette-and-sea-1-28994.jpg"},"640x480":{"url":"https:\/\/www.saint-brevin.com\/medias\/images\/prestations\/multitailles\/640x480_mouette-and-sea-1-28994.jpg"},"320x240":{"url":"https:\/\/www.saint-brevin.com\/medias\/images\/prestations\/multitailles\/320x240_mouette-and-sea-1-28994.jpg"},"160x120":{"url":"https:\/\/www.saint-brevin.com\/medias\/images\/prestations\/multitailles\/160x120_mouette-and-sea-1-28994.jpg"},"origine":{"url":"https:\/\/www.saint-brevin.com\/medias\/images\/prestations\/mouette-and-sea-1-28994.jpg"}},"urlLien":"","typeLien":"","nofollow":"N","copyright":""},{"url":"https:\/\/www.saint-brevin.com\/medias\/images\/prestations\/flyer-mouette-and-sea-2025-28997.pdf","chemin":"..\/medias\/images\/prestations\/flyer-mouette-and-sea-2025-28997.pdf","libelle":"flyer-mouette-and-sea-2025-28997","extension":"pdf","categorie":"","largeur":"","theme":"","hauteur":"","type":"Document","origine":"","liaisonPave":"","langue":"","id":"28997","poids":"828.92 Ko","alt":"flyer-mouette-and-sea-2025-28997","title":"flyer-mouette-and-sea-2025-28997"},{"url":"https:\/\/www.saint-brevin.com\/medias\/images\/prestations\/mouette-and-sea-2-28995.jpg","chemin":"..\/medias\/images\/prestations\/mouette-and-sea-2-28995.jpg","libelle":"mouette-and-sea-2-28995","extension":"jpg","categorie":"","largeur":856,"theme":"","hauteur":642,"type":"Image","origine":"","liaisonPave":"","langue":"","id":"28995","urlVignette":"https:\/\/www.saint-brevin.com\/medias\/images\/prestations\/v-mouette-and-sea-2-28995.jpg","alt":"mouette-and-sea-2-28995","title":"mouette-and-sea-2-28995","MultiTaille":{"1920x1440":{"url":"https:\/\/www.saint-brevin.com\/medias\/images\/prestations\/multitailles\/1920x1440_mouette-and-sea-2-28995.jpg"},"1200x900":{"url":"https:\/\/www.saint-brevin.com\/medias\/images\/prestations\/multitailles\/1200x900_mouette-and-sea-2-28995.jpg"},"800x600":{"url":"https:\/\/www.saint-brevin.com\/medias\/images\/prestations\/multitailles\/800x600_mouette-and-sea-2-28995.jpg"},"640x480":{"url":"https:\/\/www.saint-brevin.com\/medias\/images\/prestations\/multitailles\/640x480_mouette-and-sea-2-28995.jpg"},"320x240":{"url":"https:\/\/www.saint-brevin.com\/medias\/images\/prestations\/multitailles\/320x240_mouette-and-sea-2-28995.jpg"},"160x120":{"url":"https:\/\/www.saint-brevin.com\/medias\/images\/prestations\/multitailles\/160x120_mouette-and-sea-2-28995.jpg"},"origine":{"url":"https:\/\/www.saint-brevin.com\/medias\/images\/prestations\/mouette-and-sea-2-28995.jpg"}},"urlLien":"","typeLien":"","nofollow":"N","copyright":""},{"url":"https:\/\/www.saint-brevin.com\/medias\/images\/prestations\/mouette-and-sea-3-28993.jpg","chemin":"..\/medias\/images\/prestations\/mouette-and-sea-3-28993.jpg","libelle":"mouette-and-sea-3-28993","extension":"jpg","categorie":"","largeur":679,"theme":"","hauteur":849,"type":"Image","origine":"","liaisonPave":"","langue":"","id":"28993","urlVignette":"https:\/\/www.saint-brevin.com\/medias\/images\/prestations\/v-mouette-and-sea-3-28993.jpg","alt":"mouette-and-sea-3-28993","title":"mouette-and-sea-3-28993","MultiTaille":{"1920x1440":{"url":"https:\/\/www.saint-brevin.com\/medias\/images\/prestations\/multitailles\/1920x1440_mouette-and-sea-3-28993.jpg"},"1200x900":{"url":"https:\/\/www.saint-brevin.com\/medias\/images\/prestations\/multitailles\/1200x900_mouette-and-sea-3-28993.jpg"},"800x600":{"url":"https:\/\/www.saint-brevin.com\/medias\/images\/prestations\/multitailles\/800x600_mouette-and-sea-3-28993.jpg"},"640x480":{"url":"https:\/\/www.saint-brevin.com\/medias\/images\/prestations\/multitailles\/640x480_mouette-and-sea-3-28993.jpg"},"320x240":{"url":"https:\/\/www.saint-brevin.com\/medias\/images\/prestations\/multitailles\/320x240_mouette-and-sea-3-28993.jpg"},"160x120":{"url":"https:\/\/www.saint-brevin.com\/medias\/images\/prestations\/multitailles\/160x120_mouette-and-sea-3-28993.jpg"},"origine":{"url":"https:\/\/www.saint-brevin.com\/medias\/images\/prestations\/mouette-and-sea-3-28993.jpg"}},"urlLien":"","typeLien":"","nofollow":"N","copyright":""},{"url":"https:\/\/www.saint-brevin.com\/medias\/images\/prestations\/mouette-and-sea-4-28996.jpg","chemin":"..\/medias\/images\/prestations\/mouette-and-sea-4-28996.jpg","libelle":"mouette-and-sea-4-28996","extension":"jpg","categorie":"","largeur":852,"theme":"","hauteur":849,"type":"Image","origine":"","liaisonPave":"","langue":"","id":"28996","urlVignette":"https:\/\/www.saint-brevin.com\/medias\/images\/prestations\/v-mouette-and-sea-4-28996.jpg","alt":"mouette-and-sea-4-28996","title":"mouette-and-sea-4-28996","MultiTaille":{"1920x1440":{"url":"https:\/\/www.saint-brevin.com\/medias\/images\/prestations\/multitailles\/1920x1440_mouette-and-sea-4-28996.jpg"},"1200x900":{"url":"https:\/\/www.saint-brevin.com\/medias\/images\/prestations\/multitailles\/1200x900_mouette-and-sea-4-28996.jpg"},"800x600":{"url":"https:\/\/www.saint-brevin.com\/medias\/images\/prestations\/multitailles\/800x600_mouette-and-sea-4-28996.jpg"},"640x480":{"url":"https:\/\/www.saint-brevin.com\/medias\/images\/prestations\/multitailles\/640x480_mouette-and-sea-4-28996.jpg"},"320x240":{"url":"https:\/\/www.saint-brevin.com\/medias\/images\/prestations\/multitailles\/320x240_mouette-and-sea-4-28996.jpg"},"160x120":{"url":"https:\/\/www.saint-brevin.com\/medias\/images\/prestations\/multitailles\/160x120_mouette-and-sea-4-28996.jpg"},"origine":{"url":"https:\/\/www.saint-brevin.com\/medias\/images\/prestations\/mouette-and-sea-4-28996.jpg"}},"urlLien":"","typeLien":"","nofollow":"N","copyright":""},{"url":"https:\/\/www.saint-brevin.com\/medias\/images\/prestations\/mouette-and-sea-c-a-beaune-9623.jpg","chemin":"..\/medias\/images\/prestations\/mouette-and-sea-c-a-beaune-9623.jpg","libelle":"mouette-and-sea-c-a-beaune-9623","extension":"jpg","categorie":"","largeur":960,"theme":"","hauteur":640,"type":"Image","origine":"","liaisonPave":"","langue":"","id":"9623","urlVignette":"https:\/\/www.saint-brevin.com\/medias\/images\/prestations\/v-mouette-and-sea-c-a-beaune-9623.jpg","alt":"mouette-and-sea-c-a-beaune-9623","title":"mouette-and-sea-c-a-beaune-9623","MultiTaille":{"1920x1440":{"url":"https:\/\/www.saint-brevin.com\/medias\/images\/prestations\/multitailles\/1920x1440_mouette-and-sea-c-a-beaune-9623.jpg"},"1200x900":{"url":"https:\/\/www.saint-brevin.com\/medias\/images\/prestations\/multitailles\/1200x900_mouette-and-sea-c-a-beaune-9623.jpg"},"800x600":{"url":"https:\/\/www.saint-brevin.com\/medias\/images\/prestations\/multitailles\/800x600_mouette-and-sea-c-a-beaune-9623.jpg"},"640x480":{"url":"https:\/\/www.saint-brevin.com\/medias\/images\/prestations\/multitailles\/640x480_mouette-and-sea-c-a-beaune-9623.jpg"},"320x240":{"url":"https:\/\/www.saint-brevin.com\/medias\/images\/prestations\/multitailles\/320x240_mouette-and-sea-c-a-beaune-9623.jpg"},"160x120":{"url":"https:\/\/www.saint-brevin.com\/medias\/images\/prestations\/multitailles\/160x120_mouette-and-sea-c-a-beaune-9623.jpg"},"origine":{"url":"https:\/\/www.saint-brevin.com\/medias\/images\/prestations\/mouette-and-sea-c-a-beaune-9623.jpg"}},"urlLien":"","typeLien":"","nofollow":"N","copyright":""},{"url":"https:\/\/www.saint-brevin.com\/medias\/images\/prestations\/mouette-and-sea-st-nazaire-st-brevin-catamaran2-9601.jpg","chemin":"..\/medias\/images\/prestations\/mouette-and-sea-st-nazaire-st-brevin-catamaran2-9601.jpg","libelle":"mouette-and-sea-st-nazaire-st-brevin-catamaran2-9601","extension":"jpg","categorie":"","largeur":768,"theme":"","hauteur":512,"type":"Image","origine":"","liaisonPave":"","langue":"","id":"9601","urlVignette":"https:\/\/www.saint-brevin.com\/medias\/images\/prestations\/v-mouette-and-sea-st-nazaire-st-brevin-catamaran2-9601.jpg","alt":"mouette-and-sea-st-nazaire-st-brevin-catamaran2-9601","title":"mouette-and-sea-st-nazaire-st-brevin-catamaran2-9601","MultiTaille":{"1920x1440":{"url":"https:\/\/www.saint-brevin.com\/medias\/images\/prestations\/multitailles\/1920x1440_mouette-and-sea-st-nazaire-st-brevin-catamaran2-9601.jpg"},"1200x900":{"url":"https:\/\/www.saint-brevin.com\/medias\/images\/prestations\/multitailles\/1200x900_mouette-and-sea-st-nazaire-st-brevin-catamaran2-9601.jpg"},"800x600":{"url":"https:\/\/www.saint-brevin.com\/medias\/images\/prestations\/multitailles\/800x600_mouette-and-sea-st-nazaire-st-brevin-catamaran2-9601.jpg"},"640x480":{"url":"https:\/\/www.saint-brevin.com\/medias\/images\/prestations\/multitailles\/640x480_mouette-and-sea-st-nazaire-st-brevin-catamaran2-9601.jpg"},"320x240":{"url":"https:\/\/www.saint-brevin.com\/medias\/images\/prestations\/multitailles\/320x240_mouette-and-sea-st-nazaire-st-brevin-catamaran2-9601.jpg"},"160x120":{"url":"https:\/\/www.saint-brevin.com\/medias\/images\/prestations\/multitailles\/160x120_mouette-and-sea-st-nazaire-st-brevin-catamaran2-9601.jpg"},"origine":{"url":"https:\/\/www.saint-brevin.com\/medias\/images\/prestations\/mouette-and-sea-st-nazaire-st-brevin-catamaran2-9601.jpg"}},"urlLien":"","typeLien":"","nofollow":"N","copyright":""},{"url":"https:\/\/www.saint-brevin.com\/medias\/images\/prestations\/mouette-and-sea-st-nazaire-st-brevin-catamaran-9600.jpg","chemin":"..\/medias\/images\/prestations\/mouette-and-sea-st-nazaire-st-brevin-catamaran-9600.jpg","libelle":"mouette-and-sea-st-nazaire-st-brevin-catamaran-9600","extension":"jpg","categorie":"","largeur":772,"theme":"","hauteur":800,"type":"Image","origine":"","liaisonPave":"","langue":"","id":"9600","urlVignette":"https:\/\/www.saint-brevin.com\/medias\/images\/prestations\/v-mouette-and-sea-st-nazaire-st-brevin-catamaran-9600.jpg","alt":"mouette-and-sea-st-nazaire-st-brevin-catamaran-9600","title":"mouette-and-sea-st-nazaire-st-brevin-catamaran-9600","MultiTaille":{"1920x1440":{"url":"https:\/\/www.saint-brevin.com\/medias\/images\/prestations\/multitailles\/1920x1440_mouette-and-sea-st-nazaire-st-brevin-catamaran-9600.jpg"},"1200x900":{"url":"https:\/\/www.saint-brevin.com\/medias\/images\/prestations\/multitailles\/1200x900_mouette-and-sea-st-nazaire-st-brevin-catamaran-9600.jpg"},"800x600":{"url":"https:\/\/www.saint-brevin.com\/medias\/images\/prestations\/multitailles\/800x600_mouette-and-sea-st-nazaire-st-brevin-catamaran-9600.jpg"},"640x480":{"url":"https:\/\/www.saint-brevin.com\/medias\/images\/prestations\/multitailles\/640x480_mouette-and-sea-st-nazaire-st-brevin-catamaran-9600.jpg"},"320x240":{"url":"https:\/\/www.saint-brevin.com\/medias\/images\/prestations\/multitailles\/320x240_mouette-and-sea-st-nazaire-st-brevin-catamaran-9600.jpg"},"160x120":{"url":"https:\/\/www.saint-brevin.com\/medias\/images\/prestations\/multitailles\/160x120_mouette-and-sea-st-nazaire-st-brevin-catamaran-9600.jpg"},"origine":{"url":"https:\/\/www.saint-brevin.com\/medias\/images\/prestations\/mouette-and-sea-st-nazaire-st-brevin-catamaran-9600.jpg"}},"urlLien":"","typeLien":"","nofollow":"N","copyright":""},{"url":"https:\/\/www.saint-brevin.com\/medias\/images\/prestations\/mouette-and-sea-st-nazaire-st-brevin-catamaran2-coucher-de-soleil-9603.jpg","chemin":"..\/medias\/images\/prestations\/mouette-and-sea-st-nazaire-st-brevin-catamaran2-coucher-de-soleil-9603.jpg","libelle":"mouette-and-sea-st-nazaire-st-brevin-catamaran2-coucher-de-soleil-9603","extension":"jpg","categorie":"","largeur":2040,"theme":"","hauteur":1530,"type":"Image","origine":"","liaisonPave":"","langue":"","id":"9603","urlVignette":"https:\/\/www.saint-brevin.com\/medias\/images\/prestations\/v-mouette-and-sea-st-nazaire-st-brevin-catamaran2-coucher-de-soleil-9603.jpg","alt":"mouette-and-sea-st-nazaire-st-brevin-catamaran2-coucher-de-soleil-9603","title":"mouette-and-sea-st-nazaire-st-brevin-catamaran2-coucher-de-soleil-9603","MultiTaille":{"1920x1440":{"url":"https:\/\/www.saint-brevin.com\/medias\/images\/prestations\/multitailles\/1920x1440_mouette-and-sea-st-nazaire-st-brevin-catamaran2-coucher-de-soleil-9603.jpg"},"1200x900":{"url":"https:\/\/www.saint-brevin.com\/medias\/images\/prestations\/multitailles\/1200x900_mouette-and-sea-st-nazaire-st-brevin-catamaran2-coucher-de-soleil-9603.jpg"},"800x600":{"url":"https:\/\/www.saint-brevin.com\/medias\/images\/prestations\/multitailles\/800x600_mouette-and-sea-st-nazaire-st-brevin-catamaran2-coucher-de-soleil-9603.jpg"},"640x480":{"url":"https:\/\/www.saint-brevin.com\/medias\/images\/prestations\/multitailles\/640x480_mouette-and-sea-st-nazaire-st-brevin-catamaran2-coucher-de-soleil-9603.jpg"},"320x240":{"url":"https:\/\/www.saint-brevin.com\/medias\/images\/prestations\/multitailles\/320x240_mouette-and-sea-st-nazaire-st-brevin-catamaran2-coucher-de-soleil-9603.jpg"},"160x120":{"url":"https:\/\/www.saint-brevin.com\/medias\/images\/prestations\/multitailles\/160x120_mouette-and-sea-st-nazaire-st-brevin-catamaran2-coucher-de-soleil-9603.jpg"},"origine":{"url":"https:\/\/www.saint-brevin.com\/medias\/images\/prestations\/mouette-and-sea-st-nazaire-st-brevin-catamaran2-coucher-de-soleil-9603.jpg"}},"urlLien":"","typeLien":"","nofollow":"N","copyright":""},{"url":"https:\/\/www.saint-brevin.com\/medias\/images\/prestations\/mouette-and-sea-st-nazaire-st-brevin-catamaran2-apero-9602.jpg","chemin":"..\/medias\/images\/prestations\/mouette-and-sea-st-nazaire-st-brevin-catamaran2-apero-9602.jpg","libelle":"mouette-and-sea-st-nazaire-st-brevin-catamaran2-apero-9602","extension":"jpg","categorie":"","largeur":960,"theme":"","hauteur":720,"type":"Image","origine":"","liaisonPave":"","langue":"","id":"9602","urlVignette":"https:\/\/www.saint-brevin.com\/medias\/images\/prestations\/v-mouette-and-sea-st-nazaire-st-brevin-catamaran2-apero-9602.jpg","alt":"mouette-and-sea-st-nazaire-st-brevin-catamaran2-apero-9602","title":"mouette-and-sea-st-nazaire-st-brevin-catamaran2-apero-9602","MultiTaille":{"1920x1440":{"url":"https:\/\/www.saint-brevin.com\/medias\/images\/prestations\/multitailles\/1920x1440_mouette-and-sea-st-nazaire-st-brevin-catamaran2-apero-9602.jpg"},"1200x900":{"url":"https:\/\/www.saint-brevin.com\/medias\/images\/prestations\/multitailles\/1200x900_mouette-and-sea-st-nazaire-st-brevin-catamaran2-apero-9602.jpg"},"800x600":{"url":"https:\/\/www.saint-brevin.com\/medias\/images\/prestations\/multitailles\/800x600_mouette-and-sea-st-nazaire-st-brevin-catamaran2-apero-9602.jpg"},"640x480":{"url":"https:\/\/www.saint-brevin.com\/medias\/images\/prestations\/multitailles\/640x480_mouette-and-sea-st-nazaire-st-brevin-catamaran2-apero-9602.jpg"},"320x240":{"url":"https:\/\/www.saint-brevin.com\/medias\/images\/prestations\/multitailles\/320x240_mouette-and-sea-st-nazaire-st-brevin-catamaran2-apero-9602.jpg"},"160x120":{"url":"https:\/\/www.saint-brevin.com\/medias\/images\/prestations\/multitailles\/160x120_mouette-and-sea-st-nazaire-st-brevin-catamaran2-apero-9602.jpg"},"origine":{"url":"https:\/\/www.saint-brevin.com\/medias\/images\/prestations\/mouette-and-sea-st-nazaire-st-brevin-catamaran2-apero-9602.jpg"}},"urlLien":"","typeLien":"","nofollow":"N","copyright":""},{"url":"https:\/\/www.saint-brevin.com\/medias\/images\/prestations\/mouette-and-sea-st-nazaire-st-brevin-catamaran2-apero2-9605.jpg","chemin":"..\/medias\/images\/prestations\/mouette-and-sea-st-nazaire-st-brevin-catamaran2-apero2-9605.jpg","libelle":"mouette-and-sea-st-nazaire-st-brevin-catamaran2-apero2-9605","extension":"jpg","categorie":"","largeur":2040,"theme":"","hauteur":1530,"type":"Image","origine":"","liaisonPave":"","langue":"","id":"9605","urlVignette":"https:\/\/www.saint-brevin.com\/medias\/images\/prestations\/v-mouette-and-sea-st-nazaire-st-brevin-catamaran2-apero2-9605.jpg","alt":"mouette-and-sea-st-nazaire-st-brevin-catamaran2-apero2-9605","title":"mouette-and-sea-st-nazaire-st-brevin-catamaran2-apero2-9605","MultiTaille":{"1920x1440":{"url":"https:\/\/www.saint-brevin.com\/medias\/images\/prestations\/multitailles\/1920x1440_mouette-and-sea-st-nazaire-st-brevin-catamaran2-apero2-9605.jpg"},"1200x900":{"url":"https:\/\/www.saint-brevin.com\/medias\/images\/prestations\/multitailles\/1200x900_mouette-and-sea-st-nazaire-st-brevin-catamaran2-apero2-9605.jpg"},"800x600":{"url":"https:\/\/www.saint-brevin.com\/medias\/images\/prestations\/multitailles\/800x600_mouette-and-sea-st-nazaire-st-brevin-catamaran2-apero2-9605.jpg"},"640x480":{"url":"https:\/\/www.saint-brevin.com\/medias\/images\/prestations\/multitailles\/640x480_mouette-and-sea-st-nazaire-st-brevin-catamaran2-apero2-9605.jpg"},"320x240":{"url":"https:\/\/www.saint-brevin.com\/medias\/images\/prestations\/multitailles\/320x240_mouette-and-sea-st-nazaire-st-brevin-catamaran2-apero2-9605.jpg"},"160x120":{"url":"https:\/\/www.saint-brevin.com\/medias\/images\/prestations\/multitailles\/160x120_mouette-and-sea-st-nazaire-st-brevin-catamaran2-apero2-9605.jpg"},"origine":{"url":"https:\/\/www.saint-brevin.com\/medias\/images\/prestations\/mouette-and-sea-st-nazaire-st-brevin-catamaran2-apero2-9605.jpg"}},"urlLien":"","typeLien":"","nofollow":"N","copyright":""},{"url":"https:\/\/www.saint-brevin.com\/medias\/images\/prestations\/mouette-and-sea-c-g-francois-9622.jpg","chemin":"..\/medias\/images\/prestations\/mouette-and-sea-c-g-francois-9622.jpg","libelle":"mouette-and-sea-c-g-francois-9622","extension":"jpg","categorie":"","largeur":900,"theme":"","hauteur":1200,"type":"Image","origine":"","liaisonPave":"","langue":"","id":"9622","urlVignette":"https:\/\/www.saint-brevin.com\/medias\/images\/prestations\/v-mouette-and-sea-c-g-francois-9622.jpg","alt":"mouette-and-sea-c-g-francois-9622","title":"mouette-and-sea-c-g-francois-9622","MultiTaille":{"1920x1440":{"url":"https:\/\/www.saint-brevin.com\/medias\/images\/prestations\/multitailles\/1920x1440_mouette-and-sea-c-g-francois-9622.jpg"},"1200x900":{"url":"https:\/\/www.saint-brevin.com\/medias\/images\/prestations\/multitailles\/1200x900_mouette-and-sea-c-g-francois-9622.jpg"},"800x600":{"url":"https:\/\/www.saint-brevin.com\/medias\/images\/prestations\/multitailles\/800x600_mouette-and-sea-c-g-francois-9622.jpg"},"640x480":{"url":"https:\/\/www.saint-brevin.com\/medias\/images\/prestations\/multitailles\/640x480_mouette-and-sea-c-g-francois-9622.jpg"},"320x240":{"url":"https:\/\/www.saint-brevin.com\/medias\/images\/prestations\/multitailles\/320x240_mouette-and-sea-c-g-francois-9622.jpg"},"160x120":{"url":"https:\/\/www.saint-brevin.com\/medias\/images\/prestations\/multitailles\/160x120_mouette-and-sea-c-g-francois-9622.jpg"},"origine":{"url":"https:\/\/www.saint-brevin.com\/medias\/images\/prestations\/mouette-and-sea-c-g-francois-9622.jpg"}},"urlLien":"","typeLien":"","nofollow":"N","copyright":""},{"url":"https:\/\/www.saint-brevin.com\/medias\/images\/prestations\/mouette-and-sea-st-nazaire-st-brevin-9599.png","chemin":"..\/medias\/images\/prestations\/mouette-and-sea-st-nazaire-st-brevin-9599.png","libelle":"mouette-and-sea-st-nazaire-st-brevin-9599","extension":"png","categorie":"","largeur":827,"theme":"","hauteur":591,"type":"Image","origine":"","liaisonPave":"","langue":"","id":"9599","urlVignette":"https:\/\/www.saint-brevin.com\/medias\/images\/prestations\/v-mouette-and-sea-st-nazaire-st-brevin-9599.png","alt":"mouette-and-sea-st-nazaire-st-brevin-9599","title":"mouette-and-sea-st-nazaire-st-brevin-9599","MultiTaille":{"1920x1440":{"url":"https:\/\/www.saint-brevin.com\/medias\/images\/prestations\/multitailles\/1920x1440_mouette-and-sea-st-nazaire-st-brevin-9599.png"},"1200x900":{"url":"https:\/\/www.saint-brevin.com\/medias\/images\/prestations\/multitailles\/1200x900_mouette-and-sea-st-nazaire-st-brevin-9599.png"},"800x600":{"url":"https:\/\/www.saint-brevin.com\/medias\/images\/prestations\/multitailles\/800x600_mouette-and-sea-st-nazaire-st-brevin-9599.png"},"640x480":{"url":"https:\/\/www.saint-brevin.com\/medias\/images\/prestations\/multitailles\/640x480_mouette-and-sea-st-nazaire-st-brevin-9599.png"},"320x240":{"url":"https:\/\/www.saint-brevin.com\/medias\/images\/prestations\/multitailles\/320x240_mouette-and-sea-st-nazaire-st-brevin-9599.png"},"160x120":{"url":"https:\/\/www.saint-brevin.com\/medias\/images\/prestations\/multitailles\/160x120_mouette-and-sea-st-nazaire-st-brevin-9599.png"},"origine":{"url":"https:\/\/www.saint-brevin.com\/medias\/images\/prestations\/mouette-and-sea-st-nazaire-st-brevin-9599.png"}},"urlLien":"","typeLien":"","nofollow":"N","copyright":""}]},"Document":[{"url":"https:\/\/www.saint-brevin.com\/medias\/images\/prestations\/flyer-mouette-and-sea-2025-28997.pdf","chemin":"..\/medias\/images\/prestations\/flyer-mouette-and-sea-2025-28997.pdf","libelle":"flyer-mouette-and-sea-2025-28997","extension":"pdf","categorie":"","largeur":"","theme":"","hauteur":"","type":"Document","origine":"","liaisonPave":"","langue":"","id":"28997","poids":"828.92 Ko","alt":"flyer-mouette-and-sea-2025-28997","title":"flyer-mouette-and-sea-2025-28997"}]},"DateDebPublication":"","DateFinPublication":"","PrixAPartirDe":"","PrixPour":"","FicheListeEnCours":"fiche_liste_activites_loisirs_prestation_v2017","ParametresModele":{"AfficherPhotos":"1","NbPhotosMax":6,"AfficherReserver":0,"AfficherContact":0,"AfficherSalle":1,"AfficherZoneGeo":0,"AfficherEnSavoirPlus":"1","AfficherUneSeuleOuverture":0,"AfficherContactCarte":1,"AfficherTarifsChaudAPartirDe":0,"AfficherTarifChaudSansRecherche":0,"AfficherLiensCarnetVoyage":"1","BlocCritereInfo":{"critere1":{"libelle":""},"critere2":{"libelle":""},"critere3":{"libelle":""},"critere4":{"libelle":""},"critere5":{"libelle":""},"critere6":{"libelle":""},"critere7":{"libelle":"","liste_critere":["LCOMMUNES|L"]},"critere8":{"libelle":""},"afficherpictoetpaslibelle":"1"},"Criteres":"NIVPARTENAIRE[COMPLET","PositionBloc":"GALLERIE|NOM|CARNET_VOYAGE|PICTOSOUSPHOTOS|ZONEPRINCIPALFICHEPRESTA|URL","TypePrestataire":"L","ComportementResa":false,"ComportementDispo":false},"AffichageCoordonnees":[],"Coordonnees":{"Ville":"PORNICHET"},"ContexteId":"PRESTATION|L|MOUETTEANDSEA|SORTIESMERMOUETTEANDSEA","ContexteIdHtml":"PRESTATION-L-MOUETTEANDSEA-SORTIESMERMOUETTEANDSEA","cleContexte":"L|MOUETTEANDSEA|SORTIESMERMOUETTEANDSEA","Bloc":{"texte1":"","texte3":"","critere1":{"libelle":"","contenu":[]},"critere2":{"libelle":"","contenu":[]},"critere3":{"libelle":"","contenu":[]},"critere4":{"libelle":"","contenu":[]},"critere5":{"libelle":"","contenu":[]},"critere6":{"libelle":"","contenu":[]},"critere7":{"libelle":"","contenu":[]},"critere8":{"libelle":"","contenu":[]},"critere9":{"libelle":"","contenu":[]}},"LocalisationGps":{"Latitude":"47.25782","Longitude":"-2.34841"},"libelleDuPrestataire":"","vuePrestataire":{"pave1":{"libelle":"Slogan","contenu":""},"pave2":{"libelle":"Descriptif","contenu":"Embarquez &agrave; bord d&#39;un catamaran au d&eacute;part de Saint Nazaire pour des sorties &agrave; la d&eacute;couverte du littoral riche et vari&eacute; de la rade de la Loire et de l&#39;Estuaire.&nbsp;\u003Cbr \/\u003E\r\nEntre installations portuaires et industrielles du Grand Port Maritime de Nantes Saint Nazaire, les criques et plages de Saint Nazaire, Pornichet et Saint Brevin et les paysages de l&#39;Estuaire vous profiterez d&#39;une navigation au plus pr&egrave;s des &eacute;l&eacute;ments et des sensations de la navigation en voilier."},"pave3":{"libelle":"Bons Plans","contenu":""},"pave4":{"libelle":"","contenu":""},"pave5":{"libelle":"","contenu":""},"pave6":{"libelle":"","contenu":""},"pave7":{"libelle":"","contenu":""},"pave8":{"libelle":"","contenu":""},"pave9":{"libelle":"","contenu":""},"pave10":{"libelle":"","contenu":""},"pave11":{"libelle":"","contenu":""},"pave12":{"libelle":"","contenu":""},"pave13":{"libelle":"","contenu":""},"pave14":{"libelle":"","contenu":""},"pave15":{"libelle":"","contenu":""},"pave16":{"libelle":"","contenu":""},"pave17":{"libelle":"","contenu":""},"pave18":{"libelle":"","contenu":""},"pave19":{"libelle":"","contenu":""},"pave20":{"libelle":"","contenu":""},"pave21":{"libelle":"","contenu":""},"pave22":{"libelle":"","contenu":""},"pave23":{"libelle":"","contenu":""},"pave24":{"libelle":"","contenu":""},"pave25":{"libelle":"","contenu":""},"ContactsParType":{"DIR":{"1626":{"id_contact":"1626","type_contact":"DIR","categorie_contact":"PRESTATAIRE","societe_contact":"","fonction_contact":"","civilite_nom_prenom_contact":"M Fortunier F\u00e9lix ","adresse1_contact":"14 Rue de La Vierge","adresse2_contact":"","adresse3_contact":"","cpostal_contact":"44000","ville_contact":"NANTES","teldom_contact":"","telbur_contact":"","fax_contact":"","portable_contact":"","email_contact":"","siteweb_contact":"","commentaire_contact":"","langue_contact":"","autre_moyen_com":[]}}},"Libelle":"Mouette and Sea","Nom":"Mouette and Sea","Prenom":"","NomPrenom":"Mouette and Sea ","CiviliteNomPrenom":"Mouette and Sea ","Cle":"L|MOUETTEANDSEA","PrestataireParent":"","ContexteStat":"PRESTATAIRE-L-MOUETTEANDSEA","DateModificationIso":"2025-10-09T12:21:00+02:00","Type":"PRESTATAIRE","TypePrestataire":"L","Adresse":{"LigneAdresse1":"Quai du Commerce","LigneAdresse2":"","LigneAdresse3":"","CodePostal":"44600","Ville":"ST NAZAIRE","Cedex":"","Etat":"","Pays":"FRA"},"Email":"felix@mouetteandsea.fr","Telephone":"","TelephoneBureau":"","Portable":"06 51 43 99 26","SiteWeb":"https:\/\/www.mouetteandsea.fr\/","Fax":"","Id":"l-mouetteandsea","Code":"L|MOUETTEANDSEA","Fichier":{"Image":[{"url":"https:\/\/www.saint-brevin.com\/medias\/images\/prestataires\/balades-en-mer-catamaran-mouette-and-sea-5272.jpg","chemin":"..\/medias\/images\/prestataires\/balades-en-mer-catamaran-mouette-and-sea-5272.jpg","libelle":"balades-en-mer-catamaran-mouette-and-sea-5272","extension":"jpg","categorie":"","largeur":555,"theme":"","hauteur":406,"type":"Image","origine":"","liaisonPave":"","langue":"","id":"5272","urlVignette":"https:\/\/www.saint-brevin.com\/medias\/images\/prestataires\/v-balades-en-mer-catamaran-mouette-and-sea-5272.jpg","alt":"balades-en-mer-catamaran-mouette-and-sea-5272","title":"balades-en-mer-catamaran-mouette-and-sea-5272","MultiTaille":{"1920x1440":{"url":"https:\/\/www.saint-brevin.com\/medias\/images\/prestataires\/multitailles\/1920x1440_balades-en-mer-catamaran-mouette-and-sea-5272.jpg"},"1200x900":{"url":"https:\/\/www.saint-brevin.com\/medias\/images\/prestataires\/multitailles\/1200x900_balades-en-mer-catamaran-mouette-and-sea-5272.jpg"},"800x600":{"url":"https:\/\/www.saint-brevin.com\/medias\/images\/prestataires\/multitailles\/800x600_balades-en-mer-catamaran-mouette-and-sea-5272.jpg"},"640x480":{"url":"https:\/\/www.saint-brevin.com\/medias\/images\/prestataires\/multitailles\/640x480_balades-en-mer-catamaran-mouette-and-sea-5272.jpg"},"320x240":{"url":"https:\/\/www.saint-brevin.com\/medias\/images\/prestataires\/multitailles\/320x240_balades-en-mer-catamaran-mouette-and-sea-5272.jpg"},"160x120":{"url":"https:\/\/www.saint-brevin.com\/medias\/images\/prestataires\/multitailles\/160x120_balades-en-mer-catamaran-mouette-and-sea-5272.jpg"},"origine":{"url":"https:\/\/www.saint-brevin.com\/medias\/images\/prestataires\/balades-en-mer-catamaran-mouette-and-sea-5272.jpg"}},"urlLien":"","typeLien":"","nofollow":"N","copyright":""}],"ByCategorie":{"":[{"url":"https:\/\/www.saint-brevin.com\/medias\/images\/prestataires\/balades-en-mer-catamaran-mouette-and-sea-5272.jpg","chemin":"..\/medias\/images\/prestataires\/balades-en-mer-catamaran-mouette-and-sea-5272.jpg","libelle":"balades-en-mer-catamaran-mouette-and-sea-5272","extension":"jpg","categorie":"","largeur":555,"theme":"","hauteur":406,"type":"Image","origine":"","liaisonPave":"","langue":"","id":"5272","urlVignette":"https:\/\/www.saint-brevin.com\/medias\/images\/prestataires\/v-balades-en-mer-catamaran-mouette-and-sea-5272.jpg","alt":"balades-en-mer-catamaran-mouette-and-sea-5272","title":"balades-en-mer-catamaran-mouette-and-sea-5272","MultiTaille":{"1920x1440":{"url":"https:\/\/www.saint-brevin.com\/medias\/images\/prestataires\/multitailles\/1920x1440_balades-en-mer-catamaran-mouette-and-sea-5272.jpg"},"1200x900":{"url":"https:\/\/www.saint-brevin.com\/medias\/images\/prestataires\/multitailles\/1200x900_balades-en-mer-catamaran-mouette-and-sea-5272.jpg"},"800x600":{"url":"https:\/\/www.saint-brevin.com\/medias\/images\/prestataires\/multitailles\/800x600_balades-en-mer-catamaran-mouette-and-sea-5272.jpg"},"640x480":{"url":"https:\/\/www.saint-brevin.com\/medias\/images\/prestataires\/multitailles\/640x480_balades-en-mer-catamaran-mouette-and-sea-5272.jpg"},"320x240":{"url":"https:\/\/www.saint-brevin.com\/medias\/images\/prestataires\/multitailles\/320x240_balades-en-mer-catamaran-mouette-and-sea-5272.jpg"},"160x120":{"url":"https:\/\/www.saint-brevin.com\/medias\/images\/prestataires\/multitailles\/160x120_balades-en-mer-catamaran-mouette-and-sea-5272.jpg"},"origine":{"url":"https:\/\/www.saint-brevin.com\/medias\/images\/prestataires\/balades-en-mer-catamaran-mouette-and-sea-5272.jpg"}},"urlLien":"","typeLien":"","nofollow":"N","copyright":""}]}},"Url":"mouette-and-sea.html","Localisation":{"GoogleMap":{"Latitude":"47.27349","Longitude":"-2.20271"}},"ZoneGeo":"","LiensEtWidgetsParType":{"A":[{"Id":"178","TypePrestataire":"L","CodePrestataire":"MOUETTEANDSEA","CodePrestation":"","CodeLibelle":"URL00000223","Type":"A","Url":"https:\/\/www.facebook.com\/mouetteandseaStNazaire\/","Defaut":"N","Langue":"FR","Nature":"URL","Import":"","LibelleText":"Mouette and Sea","Theme":""}]},"LiensEtWidgets":[{"Id":"178","TypePrestataire":"L","CodePrestataire":"MOUETTEANDSEA","CodePrestation":"","CodeLibelle":"URL00000223","Type":"A","Url":"https:\/\/www.facebook.com\/mouetteandseaStNazaire\/","Defaut":"N","Langue":"FR","Nature":"URL","Import":"","LibelleText":"Mouette and Sea","Theme":""}],"Criteres":{"NIVPARTENAIRE[COMPLET":"","THACT[FOITI":"","TYACT[OTOU":"","TYPEEL[BATEAU":"","LDLTH[DHAACN":"","ANIACC[ANNON":"","LMPAC[LCBP":"","LMPAC[LESPE":"","LMPAC[LCB":"","INSPUBMAJ[INSER2020":"","MISEAJOUR[ANNABELLE":"","DESTINATION[HORSDESTINATION":"","SPORTS[SPORTSNAUT":""},"DateFinPublication":"","AffichageCoordonnees":[]},"listeCriteres":{"PARTENAIRE":{"COMPLET":""},"ANIACC2":{"ANNON":""},"OACNAU2":{"PROMMER":"","LIAISON":""},"EQDEQL2":{"PARGRA":"","PPTA":"","TOIL":""},"LMPAC2":{"LCBP":"","LESPE":"","LCB":"","LANCV":""},"BILLETTERIEOFFICE":{"TARIFPREFERENTIEL":""},"CATGENERALE":{"ACTNAUTIQUE":""},"NIVPARTENAIRE":{"COMPLET":""},"THACT":{"FOITI":""},"TYACT":{"OTOU":""},"TYPEEL":{"BATEAU":""},"LDLTH":{"DHAACN":""},"ANIACC":{"ANNON":""},"LMPAC":{"LCBP":"","LESPE":"","LCB":""},"INSPUBMAJ":{"INSER2020":""},"MISEAJOUR":{"ANNABELLE":""},"DESTINATION":{"HORSDESTINATION":""},"SPORTS":{"SPORTSNAUT":""}},"dansCarnetVoyage":true,"Ouverture":""},"html":" \n \u003Cdiv id=\"CV-PRESTATION-L-MOUETTEANDSEA-SORTIESMERMOUETTEANDSEA\" data-contexte-id=\"PRESTATION|L|MOUETTEANDSEA|SORTIESMERMOUETTEANDSEA\" data-cle=\"L|MOUETTEANDSEA|SORTIESMERMOUETTEANDSEA\" class=\"fiche-liste\"\u003E\n    \n\n    \u003C!-- partie photo --\u003E\n    \u003Cdiv class=\"photo\"\u003E\t\t\t\t\t\t\t\t\t\t\t\t\t\t\t\t\t\t\t\t\t\n        \u003Cdiv class=\"cadre_photo_principale\"\u003E\t\t\n        \n            \t\t\t\t\t\n                    \u003Ca href=\"mouette-and-sea-1.html?origine=carnet#media\"\u003E\n                        \u003Cimg class=\"photo_principale\" alt=\"mouette-and-sea-1-28994\" src=\"https:\/\/www.saint-brevin.com\/medias\/images\/prestations\/multitailles\/320x240_mouette-and-sea-1-28994.jpg\" itemprop=\"image\"\u003E\n                    \u003C\/a\u003E\t\t\t\t\t\t\n                \n                    \u003C\/div\u003E\t\t\t\t\t\t\t\t\t\t\t\t\t\t\t\t\t\t\t \t\t\n    \u003C\/div\u003E\n    \n    \u003C!-- partie nom prest --\u003E\n    \u003Cdiv class=\"nom\"\u003E\n        \u003Ch2\u003EMouette and Sea\u003C\/h2\u003E\n        \n            \u003C\/div\u003E\n\n         \n    \u003C!-- partie adresse --\u003E\n    \u003Cdiv class=\"adresse\"\u003E\n    \n          \n    \u003C\/div\u003E\n    \n    \u003C!-- partie liens --\u003E\n    \u003Cdiv class=\"liens\"\u003E\n            \u003Ca class=\"btn-icon btn-view \" title=\"Voir la fiche d\u00e9taill\u00e9e\" href=\"mouette-and-sea-1.html?origine=carnet\"\u003E\u003C\/a\u003E\u003C!--\u003Ca class=\"btn-icon btn-view \" title=\"\" href=\"?origine=carnet#thaut\"\u003E\u003C\/a\u003E--\u003E\n      \u003Ca class=\"btn-icon btn-trash carnet_voyage_supprimer\" title=\"Supprimer cette fiche de mon carnet de voyage\" href=\"carnet-voyage?action=remove&fiche=L|MOUETTEANDSEA|SORTIESMERMOUETTEANDSEA\"\u003E\u003C\/a\u003E\n    \u003C\/div\u003E\n\n\u003C\/div\u003E\n\n","icon":"https:\/\/static.ingenie.fr\/images\/carnetVoyageV3\/L.png"},"fiche":"L|MOUETTEANDSEA|SORTIESMERMOUETTEANDSEA","popup":"\u003Cdiv id=\"bloc_popup_ajout_fiche_carnet\"\u003E\n    \u003Cdiv class=\"info_popup_ajout_fiche_carnet\"\u003E\n        Vous venez d'ajouter cet \u00e9l\u00e9ment \u00e0 votre carnet de voyage :    \u003C\/div\u003E\n    \u003Cdiv class=\"prest_popup_ajout_fiche_carnet\"\u003E\n        Mouette and Sea    \u003C\/div\u003E\n    \u003Cdiv class=\"bloc_btn_ajout_fiche_carnet form_submit_div\"\u003E\n        \u003Cinput type=\"button\" value=\"Continuer ma s\u00e9lection\" title=\"Continuer ma s\u00e9lection\" name=\"btn_close\" class=\"btn_close_popup_carnet form_submit\" onclick=\"$.colorbox.close()\" \/\u003E\n        \u003Cinput type=\"button\" value=\"Voir mon carnet de voyage\" title=\"Voir mon carnet\" name=\"btn_panier\" class=\"btn_panier_popup_carnet form_submit\" onclick=\"if(typeof CarnetVoyage != 'undefined') {CarnetVoyage.voirCarnet();}\" \/\u003E\n    \u003C\/div\u003E\n    \u003Cdiv class=\"bloc_btn_ajout_fiche_carnet\"\u003E\n        \u003Cinput type=\"checkbox\" value=\"1\" name=\"desactiver_popup\" id=\"desactiver_popup\" \/\u003E\n        \u003Clabel for=\"desactiver_popup\"\u003ENe plus afficher ce message\u003C\/label\u003E\n    \u003C\/div\u003E\n\u003C\/div\u003E","success":1}