{"nbFiches":1,"dataPrest":{"infoPrest":{"pave1":{"libelle":"Slogan","contenu":""},"pave2":{"libelle":"Descriptif","contenu":"Venez pratiquer le longe-c&ocirc;te &agrave; Tharon Plage !\u003Cbr \/\u003E\r\n\u003Cbr \/\u003E\r\nLe longe-c&ocirc;te, c&#39;est &ecirc;tre en osmose avec l&#39;oc&eacute;an, se servir de sa force et de son &eacute;nergie pour en faire une exp&eacute;rience vivifiante et sportive.\u003Cbr \/\u003E\r\n\u003Cbr \/\u003E\r\nLe longe-c&ocirc;te consiste &agrave; marcher dans l&rsquo;eau, le corps immerg&eacute; au niveau de la ceinture abdominale. Il permet un travail musculaire complet et non traumatique.\u003Cbr \/\u003E\r\n\u003Cbr \/\u003E\r\nSon origine :\u003Cbr \/\u003E\r\nEn 2005, Thomas Wallyn (entra&icirc;neur d&rsquo;aviron f&eacute;minin) recherche une activit&eacute; hivernale de pr&eacute;paration physique. C&rsquo;est ainsi que na&icirc;t le longe-c&ocirc;te sur les plages des environs de Dunkerque.\u003Cbr \/\u003E\r\nFond&eacute;e en 2011, Romain Leray d&eacute;veloppe cette nouvelle activit&eacute; sur la C&ocirc;te de Jade, notamment sur la plage de Tharon, id&eacute;alement plate et sablonneuse, parfaite pour marcher dans l&rsquo;eau. La pratique du longe-c&ocirc;te (aussi appel&eacute;e marche aquatique) est tributaire des conditions m&eacute;t&eacute;orologiques. La plage de Tharon s&rsquo;y pr&ecirc;te particuli&egrave;rement bien. Abrit&eacute;e par la pointe Saint-Gildas, les vagues y sont plus praticables, m&ecirc;me en hiver.\u003Cbr \/\u003E\r\nBien &eacute;quip&eacute;, vous pouvez pratiquer le longe-c&ocirc;te toute l&rsquo;ann&eacute;e. Un coach certifi&eacute; anime les s&eacute;ances de groupe de 20 personnes. Bas&eacute;es sur la convivialit&eacute; et l&rsquo;aspect ludique, ces sessions regroupent des personnes de tous &acirc;ges et niveaux socio-culturels et toujours dans la bonne humeur.&nbsp;\u003Cbr \/\u003E\r\n\u003Cbr \/\u003E\r\nBien longer c&rsquo;est aussi bien s&rsquo;&eacute;quiper :\u003Cbr \/\u003E\r\n- En &eacute;t&eacute; par conditions tr&egrave;s favorables, et pour une session assez longue, un lycra ou un shorty (combinaison l&eacute;g&egrave;re et courte) peut &ecirc;tre n&eacute;cessaire pour se prot&eacute;ger du soleil. Une protection solaire et des lunettes de soleil (&eacute;quip&eacute;es de liens en cas de conditions houleuses) pour vous pr&eacute;munir des r&eacute;verb&eacute;rations sur l&rsquo;eau sont aussi recommand&eacute;es. Une paire de chaussons n&eacute;opr&egrave;ne prot&egrave;gera vos pieds de blessures &eacute;ventuelles dues &agrave; des sols rocheux et autres coquillages tranchants.\u003Cbr \/\u003E\r\n- A mi-saison ou en hiver, la combinaison int&eacute;grale est essentielle &agrave; la pratique du longe-c&ocirc;te. En effet, ce sport n&eacute;cessite de passer du temps dans l&rsquo;eau et la combinaison vous pr&eacute;viendra alors du froid et du vent, tout en offrant une meilleure flottabilit&eacute; &agrave; votre corps. Vous compl&egrave;terez cet &eacute;quipement avec des gants et des chaussons qui s&rsquo;av&egrave;rent indispensables pour r&eacute;sister au froid.\u003Cbr \/\u003E\r\n\u003Cbr \/\u003E\r\nLe longe-c&ocirc;te est donc un sport avec un minimum d&rsquo;&eacute;quipement, ce qui permet de se faire plaisir toute l&rsquo;ann&eacute;e. Et n&rsquo;oubliez pas de pr&eacute;voir une boisson chaude ou froide (selon la saison) en sortant de l&rsquo;eau surtout si vous &ecirc;tes en groupe.\u003Cbr \/\u003E\r\n\u003Cbr \/\u003E\r\nL&rsquo;association propose parfois du caf&eacute; chaud apr&egrave;s les s&eacute;ances car la convivialit&eacute; et le sourire sont 2 crit&egrave;res essentiels chez les longeurs.\u003Cbr \/\u003E\r\n&nbsp;"},"pave3":{"libelle":"Bons Plans","contenu":""},"pave4":{"libelle":"","contenu":""},"pave5":{"libelle":"","contenu":""},"pave6":{"libelle":"","contenu":""},"pave7":{"libelle":"","contenu":""},"pave8":{"libelle":"","contenu":""},"pave9":{"libelle":"","contenu":""},"pave10":{"libelle":"","contenu":""},"pave11":{"libelle":"","contenu":""},"pave12":{"libelle":"","contenu":""},"pave13":{"libelle":"","contenu":""},"pave14":{"libelle":"","contenu":""},"pave15":{"libelle":"","contenu":""},"pave16":{"libelle":"","contenu":""},"pave17":{"libelle":"","contenu":""},"pave18":{"libelle":"","contenu":""},"pave19":{"libelle":"","contenu":""},"pave20":{"libelle":"","contenu":""},"pave21":{"libelle":"","contenu":""},"pave22":{"libelle":"","contenu":""},"pave23":{"libelle":"","contenu":""},"pave24":{"libelle":"","contenu":""},"pave25":{"libelle":"","contenu":""},"ContactsParType":{"PRE":{"3140":{"id_contact":"3140","type_contact":"PRE","categorie_contact":"PRESTATAIRE","societe_contact":"Association Longe-C\u00f4te Tharon Plage","fonction_contact":"","civilite_nom_prenom_contact":"M ROGIER Claude ","adresse1_contact":"11 impasse des Fauvettes","adresse2_contact":"","adresse3_contact":"","cpostal_contact":"44730","ville_contact":"ST MICHEL CHEF CHEF","teldom_contact":"","telbur_contact":"","fax_contact":"","portable_contact":"06 07 73 08 23","email_contact":"claude.rogier@free.fr","siteweb_contact":"www.longecotetharonplage.fr","commentaire_contact":"","langue_contact":"","autre_moyen_com":[]}}},"Libelle":"Longe-C\u00f4te Tharon Plage","Nom":"Longe-C\u00f4te Tharon Plage","Prenom":"","NomPrenom":"Longe-C\u00f4te Tharon Plage ","CiviliteNomPrenom":"Longe-C\u00f4te Tharon Plage ","Cle":"L|LONGECOTETHARONPLAGE","PrestataireParent":"","ContexteStat":"PRESTATAIRE-L-LONGECOTETHARONPLAGE","DateModificationIso":"2024-07-31T17:36:00+02:00","Type":"PRESTATAIRE","TypePrestataire":"L","Adresse":{"LigneAdresse1":"Poste de secours de Tharon","LigneAdresse2":"Boulevard de l'Oc\u00e9an","LigneAdresse3":"","CodePostal":"44730","Ville":"ST MICHEL CHEF CHEF","Cedex":"","Etat":"","Pays":"FRA"},"Email":"contact@longecotetharonplage.fr","Telephone":"","TelephoneBureau":"","Portable":"06 26 25 50 29","SiteWeb":"https:\/\/longecotetharonplage.fr","Fax":"","Id":"l-longecotetharonplage","Code":"L|LONGECOTETHARONPLAGE","Fichier":{"Image":[{"url":"https:\/\/www.saint-brevin.com\/medias\/images\/prestataires\/capture-d-cran-2024-07-29-164202-9483.jpg","chemin":"..\/medias\/images\/prestataires\/capture-d-cran-2024-07-29-164202-9483.jpg","libelle":"capture-d-cran-2024-07-29-164202-9483","extension":"jpg","categorie":"","largeur":913,"theme":"","hauteur":564,"type":"Image","origine":"","liaisonPave":"","langue":"","id":"9483","urlVignette":"https:\/\/www.saint-brevin.com\/medias\/images\/prestataires\/v-capture-d-cran-2024-07-29-164202-9483.jpg","alt":"capture-d-cran-2024-07-29-164202-9483","title":"capture-d-cran-2024-07-29-164202-9483","MultiTaille":{"1920x1440":{"url":"https:\/\/www.saint-brevin.com\/medias\/images\/prestataires\/multitailles\/1920x1440_capture-d-cran-2024-07-29-164202-9483.jpg"},"1200x900":{"url":"https:\/\/www.saint-brevin.com\/medias\/images\/prestataires\/multitailles\/1200x900_capture-d-cran-2024-07-29-164202-9483.jpg"},"800x600":{"url":"https:\/\/www.saint-brevin.com\/medias\/images\/prestataires\/multitailles\/800x600_capture-d-cran-2024-07-29-164202-9483.jpg"},"640x480":{"url":"https:\/\/www.saint-brevin.com\/medias\/images\/prestataires\/multitailles\/640x480_capture-d-cran-2024-07-29-164202-9483.jpg"},"320x240":{"url":"https:\/\/www.saint-brevin.com\/medias\/images\/prestataires\/multitailles\/320x240_capture-d-cran-2024-07-29-164202-9483.jpg"},"160x120":{"url":"https:\/\/www.saint-brevin.com\/medias\/images\/prestataires\/multitailles\/160x120_capture-d-cran-2024-07-29-164202-9483.jpg"},"origine":{"url":"https:\/\/www.saint-brevin.com\/medias\/images\/prestataires\/capture-d-cran-2024-07-29-164202-9483.jpg"}},"urlLien":"","typeLien":"","nofollow":"N","copyright":""},{"url":"https:\/\/www.saint-brevin.com\/medias\/images\/prestataires\/capture-d-cran-2024-07-29-164148-9484.jpg","chemin":"..\/medias\/images\/prestataires\/capture-d-cran-2024-07-29-164148-9484.jpg","libelle":"capture-d-cran-2024-07-29-164148-9484","extension":"jpg","categorie":"","largeur":675,"theme":"","hauteur":447,"type":"Image","origine":"","liaisonPave":"","langue":"","id":"9484","urlVignette":"https:\/\/www.saint-brevin.com\/medias\/images\/prestataires\/v-capture-d-cran-2024-07-29-164148-9484.jpg","alt":"capture-d-cran-2024-07-29-164148-9484","title":"capture-d-cran-2024-07-29-164148-9484","MultiTaille":{"1920x1440":{"url":"https:\/\/www.saint-brevin.com\/medias\/images\/prestataires\/multitailles\/1920x1440_capture-d-cran-2024-07-29-164148-9484.jpg"},"1200x900":{"url":"https:\/\/www.saint-brevin.com\/medias\/images\/prestataires\/multitailles\/1200x900_capture-d-cran-2024-07-29-164148-9484.jpg"},"800x600":{"url":"https:\/\/www.saint-brevin.com\/medias\/images\/prestataires\/multitailles\/800x600_capture-d-cran-2024-07-29-164148-9484.jpg"},"640x480":{"url":"https:\/\/www.saint-brevin.com\/medias\/images\/prestataires\/multitailles\/640x480_capture-d-cran-2024-07-29-164148-9484.jpg"},"320x240":{"url":"https:\/\/www.saint-brevin.com\/medias\/images\/prestataires\/multitailles\/320x240_capture-d-cran-2024-07-29-164148-9484.jpg"},"160x120":{"url":"https:\/\/www.saint-brevin.com\/medias\/images\/prestataires\/multitailles\/160x120_capture-d-cran-2024-07-29-164148-9484.jpg"},"origine":{"url":"https:\/\/www.saint-brevin.com\/medias\/images\/prestataires\/capture-d-cran-2024-07-29-164148-9484.jpg"}},"urlLien":"","typeLien":"","nofollow":"N","copyright":""},{"url":"https:\/\/www.saint-brevin.com\/medias\/images\/prestataires\/img-9832-9481.jpg","chemin":"..\/medias\/images\/prestataires\/img-9832-9481.jpg","libelle":"img-9832-9481","extension":"jpg","categorie":"","largeur":4160,"theme":"","hauteur":2768,"type":"Image","origine":"","liaisonPave":"","langue":"","id":"9481","urlVignette":"https:\/\/www.saint-brevin.com\/medias\/images\/prestataires\/v-img-9832-9481.jpg","alt":"img-9832-9481","title":"img-9832-9481","MultiTaille":{"1920x1440":{"url":"https:\/\/www.saint-brevin.com\/medias\/images\/prestataires\/multitailles\/1920x1440_img-9832-9481.jpg"},"1200x900":{"url":"https:\/\/www.saint-brevin.com\/medias\/images\/prestataires\/multitailles\/1200x900_img-9832-9481.jpg"},"800x600":{"url":"https:\/\/www.saint-brevin.com\/medias\/images\/prestataires\/multitailles\/800x600_img-9832-9481.jpg"},"640x480":{"url":"https:\/\/www.saint-brevin.com\/medias\/images\/prestataires\/multitailles\/640x480_img-9832-9481.jpg"},"320x240":{"url":"https:\/\/www.saint-brevin.com\/medias\/images\/prestataires\/multitailles\/320x240_img-9832-9481.jpg"},"160x120":{"url":"https:\/\/www.saint-brevin.com\/medias\/images\/prestataires\/multitailles\/160x120_img-9832-9481.jpg"},"origine":{"url":"https:\/\/www.saint-brevin.com\/medias\/images\/prestataires\/img-9832-9481.jpg"}},"urlLien":"","typeLien":"","nofollow":"N","copyright":""},{"url":"https:\/\/www.saint-brevin.com\/medias\/images\/prestataires\/martine-jamin-9526-9480.jpg","chemin":"..\/medias\/images\/prestataires\/martine-jamin-9526-9480.jpg","libelle":"martine-jamin-9526-9480","extension":"jpg","categorie":"","largeur":5340,"theme":"","hauteur":3560,"type":"Image","origine":"","liaisonPave":"","langue":"","id":"9480","urlVignette":"https:\/\/www.saint-brevin.com\/medias\/images\/prestataires\/v-martine-jamin-9526-9480.jpg","alt":"martine-jamin-9526-9480","title":"martine-jamin-9526-9480","MultiTaille":{"1920x1440":{"url":"https:\/\/www.saint-brevin.com\/medias\/images\/prestataires\/multitailles\/1920x1440_martine-jamin-9526-9480.jpg"},"1200x900":{"url":"https:\/\/www.saint-brevin.com\/medias\/images\/prestataires\/multitailles\/1200x900_martine-jamin-9526-9480.jpg"},"800x600":{"url":"https:\/\/www.saint-brevin.com\/medias\/images\/prestataires\/multitailles\/800x600_martine-jamin-9526-9480.jpg"},"640x480":{"url":"https:\/\/www.saint-brevin.com\/medias\/images\/prestataires\/multitailles\/640x480_martine-jamin-9526-9480.jpg"},"320x240":{"url":"https:\/\/www.saint-brevin.com\/medias\/images\/prestataires\/multitailles\/320x240_martine-jamin-9526-9480.jpg"},"160x120":{"url":"https:\/\/www.saint-brevin.com\/medias\/images\/prestataires\/multitailles\/160x120_martine-jamin-9526-9480.jpg"},"origine":{"url":"https:\/\/www.saint-brevin.com\/medias\/images\/prestataires\/martine-jamin-9526-9480.jpg"}},"urlLien":"","typeLien":"","nofollow":"N","copyright":""},{"url":"https:\/\/www.saint-brevin.com\/medias\/images\/prestataires\/img-2152-1-9482.jpg","chemin":"..\/medias\/images\/prestataires\/img-2152-1-9482.jpg","libelle":"img-2152-1-9482","extension":"jpg","categorie":"","largeur":2016,"theme":"","hauteur":954,"type":"Image","origine":"","liaisonPave":"","langue":"","id":"9482","urlVignette":"https:\/\/www.saint-brevin.com\/medias\/images\/prestataires\/v-img-2152-1-9482.jpg","alt":"img-2152-1-9482","title":"img-2152-1-9482","MultiTaille":{"1920x1440":{"url":"https:\/\/www.saint-brevin.com\/medias\/images\/prestataires\/multitailles\/1920x1440_img-2152-1-9482.jpg"},"1200x900":{"url":"https:\/\/www.saint-brevin.com\/medias\/images\/prestataires\/multitailles\/1200x900_img-2152-1-9482.jpg"},"800x600":{"url":"https:\/\/www.saint-brevin.com\/medias\/images\/prestataires\/multitailles\/800x600_img-2152-1-9482.jpg"},"640x480":{"url":"https:\/\/www.saint-brevin.com\/medias\/images\/prestataires\/multitailles\/640x480_img-2152-1-9482.jpg"},"320x240":{"url":"https:\/\/www.saint-brevin.com\/medias\/images\/prestataires\/multitailles\/320x240_img-2152-1-9482.jpg"},"160x120":{"url":"https:\/\/www.saint-brevin.com\/medias\/images\/prestataires\/multitailles\/160x120_img-2152-1-9482.jpg"},"origine":{"url":"https:\/\/www.saint-brevin.com\/medias\/images\/prestataires\/img-2152-1-9482.jpg"}},"urlLien":"","typeLien":"","nofollow":"N","copyright":""}],"ByCategorie":{"":[{"url":"https:\/\/www.saint-brevin.com\/medias\/images\/prestataires\/capture-d-cran-2024-07-29-164202-9483.jpg","chemin":"..\/medias\/images\/prestataires\/capture-d-cran-2024-07-29-164202-9483.jpg","libelle":"capture-d-cran-2024-07-29-164202-9483","extension":"jpg","categorie":"","largeur":913,"theme":"","hauteur":564,"type":"Image","origine":"","liaisonPave":"","langue":"","id":"9483","urlVignette":"https:\/\/www.saint-brevin.com\/medias\/images\/prestataires\/v-capture-d-cran-2024-07-29-164202-9483.jpg","alt":"capture-d-cran-2024-07-29-164202-9483","title":"capture-d-cran-2024-07-29-164202-9483","MultiTaille":{"1920x1440":{"url":"https:\/\/www.saint-brevin.com\/medias\/images\/prestataires\/multitailles\/1920x1440_capture-d-cran-2024-07-29-164202-9483.jpg"},"1200x900":{"url":"https:\/\/www.saint-brevin.com\/medias\/images\/prestataires\/multitailles\/1200x900_capture-d-cran-2024-07-29-164202-9483.jpg"},"800x600":{"url":"https:\/\/www.saint-brevin.com\/medias\/images\/prestataires\/multitailles\/800x600_capture-d-cran-2024-07-29-164202-9483.jpg"},"640x480":{"url":"https:\/\/www.saint-brevin.com\/medias\/images\/prestataires\/multitailles\/640x480_capture-d-cran-2024-07-29-164202-9483.jpg"},"320x240":{"url":"https:\/\/www.saint-brevin.com\/medias\/images\/prestataires\/multitailles\/320x240_capture-d-cran-2024-07-29-164202-9483.jpg"},"160x120":{"url":"https:\/\/www.saint-brevin.com\/medias\/images\/prestataires\/multitailles\/160x120_capture-d-cran-2024-07-29-164202-9483.jpg"},"origine":{"url":"https:\/\/www.saint-brevin.com\/medias\/images\/prestataires\/capture-d-cran-2024-07-29-164202-9483.jpg"}},"urlLien":"","typeLien":"","nofollow":"N","copyright":""},{"url":"https:\/\/www.saint-brevin.com\/medias\/images\/prestataires\/capture-d-cran-2024-07-29-164148-9484.jpg","chemin":"..\/medias\/images\/prestataires\/capture-d-cran-2024-07-29-164148-9484.jpg","libelle":"capture-d-cran-2024-07-29-164148-9484","extension":"jpg","categorie":"","largeur":675,"theme":"","hauteur":447,"type":"Image","origine":"","liaisonPave":"","langue":"","id":"9484","urlVignette":"https:\/\/www.saint-brevin.com\/medias\/images\/prestataires\/v-capture-d-cran-2024-07-29-164148-9484.jpg","alt":"capture-d-cran-2024-07-29-164148-9484","title":"capture-d-cran-2024-07-29-164148-9484","MultiTaille":{"1920x1440":{"url":"https:\/\/www.saint-brevin.com\/medias\/images\/prestataires\/multitailles\/1920x1440_capture-d-cran-2024-07-29-164148-9484.jpg"},"1200x900":{"url":"https:\/\/www.saint-brevin.com\/medias\/images\/prestataires\/multitailles\/1200x900_capture-d-cran-2024-07-29-164148-9484.jpg"},"800x600":{"url":"https:\/\/www.saint-brevin.com\/medias\/images\/prestataires\/multitailles\/800x600_capture-d-cran-2024-07-29-164148-9484.jpg"},"640x480":{"url":"https:\/\/www.saint-brevin.com\/medias\/images\/prestataires\/multitailles\/640x480_capture-d-cran-2024-07-29-164148-9484.jpg"},"320x240":{"url":"https:\/\/www.saint-brevin.com\/medias\/images\/prestataires\/multitailles\/320x240_capture-d-cran-2024-07-29-164148-9484.jpg"},"160x120":{"url":"https:\/\/www.saint-brevin.com\/medias\/images\/prestataires\/multitailles\/160x120_capture-d-cran-2024-07-29-164148-9484.jpg"},"origine":{"url":"https:\/\/www.saint-brevin.com\/medias\/images\/prestataires\/capture-d-cran-2024-07-29-164148-9484.jpg"}},"urlLien":"","typeLien":"","nofollow":"N","copyright":""},{"url":"https:\/\/www.saint-brevin.com\/medias\/images\/prestataires\/img-9832-9481.jpg","chemin":"..\/medias\/images\/prestataires\/img-9832-9481.jpg","libelle":"img-9832-9481","extension":"jpg","categorie":"","largeur":4160,"theme":"","hauteur":2768,"type":"Image","origine":"","liaisonPave":"","langue":"","id":"9481","urlVignette":"https:\/\/www.saint-brevin.com\/medias\/images\/prestataires\/v-img-9832-9481.jpg","alt":"img-9832-9481","title":"img-9832-9481","MultiTaille":{"1920x1440":{"url":"https:\/\/www.saint-brevin.com\/medias\/images\/prestataires\/multitailles\/1920x1440_img-9832-9481.jpg"},"1200x900":{"url":"https:\/\/www.saint-brevin.com\/medias\/images\/prestataires\/multitailles\/1200x900_img-9832-9481.jpg"},"800x600":{"url":"https:\/\/www.saint-brevin.com\/medias\/images\/prestataires\/multitailles\/800x600_img-9832-9481.jpg"},"640x480":{"url":"https:\/\/www.saint-brevin.com\/medias\/images\/prestataires\/multitailles\/640x480_img-9832-9481.jpg"},"320x240":{"url":"https:\/\/www.saint-brevin.com\/medias\/images\/prestataires\/multitailles\/320x240_img-9832-9481.jpg"},"160x120":{"url":"https:\/\/www.saint-brevin.com\/medias\/images\/prestataires\/multitailles\/160x120_img-9832-9481.jpg"},"origine":{"url":"https:\/\/www.saint-brevin.com\/medias\/images\/prestataires\/img-9832-9481.jpg"}},"urlLien":"","typeLien":"","nofollow":"N","copyright":""},{"url":"https:\/\/www.saint-brevin.com\/medias\/images\/prestataires\/martine-jamin-9526-9480.jpg","chemin":"..\/medias\/images\/prestataires\/martine-jamin-9526-9480.jpg","libelle":"martine-jamin-9526-9480","extension":"jpg","categorie":"","largeur":5340,"theme":"","hauteur":3560,"type":"Image","origine":"","liaisonPave":"","langue":"","id":"9480","urlVignette":"https:\/\/www.saint-brevin.com\/medias\/images\/prestataires\/v-martine-jamin-9526-9480.jpg","alt":"martine-jamin-9526-9480","title":"martine-jamin-9526-9480","MultiTaille":{"1920x1440":{"url":"https:\/\/www.saint-brevin.com\/medias\/images\/prestataires\/multitailles\/1920x1440_martine-jamin-9526-9480.jpg"},"1200x900":{"url":"https:\/\/www.saint-brevin.com\/medias\/images\/prestataires\/multitailles\/1200x900_martine-jamin-9526-9480.jpg"},"800x600":{"url":"https:\/\/www.saint-brevin.com\/medias\/images\/prestataires\/multitailles\/800x600_martine-jamin-9526-9480.jpg"},"640x480":{"url":"https:\/\/www.saint-brevin.com\/medias\/images\/prestataires\/multitailles\/640x480_martine-jamin-9526-9480.jpg"},"320x240":{"url":"https:\/\/www.saint-brevin.com\/medias\/images\/prestataires\/multitailles\/320x240_martine-jamin-9526-9480.jpg"},"160x120":{"url":"https:\/\/www.saint-brevin.com\/medias\/images\/prestataires\/multitailles\/160x120_martine-jamin-9526-9480.jpg"},"origine":{"url":"https:\/\/www.saint-brevin.com\/medias\/images\/prestataires\/martine-jamin-9526-9480.jpg"}},"urlLien":"","typeLien":"","nofollow":"N","copyright":""},{"url":"https:\/\/www.saint-brevin.com\/medias\/images\/prestataires\/img-2152-1-9482.jpg","chemin":"..\/medias\/images\/prestataires\/img-2152-1-9482.jpg","libelle":"img-2152-1-9482","extension":"jpg","categorie":"","largeur":2016,"theme":"","hauteur":954,"type":"Image","origine":"","liaisonPave":"","langue":"","id":"9482","urlVignette":"https:\/\/www.saint-brevin.com\/medias\/images\/prestataires\/v-img-2152-1-9482.jpg","alt":"img-2152-1-9482","title":"img-2152-1-9482","MultiTaille":{"1920x1440":{"url":"https:\/\/www.saint-brevin.com\/medias\/images\/prestataires\/multitailles\/1920x1440_img-2152-1-9482.jpg"},"1200x900":{"url":"https:\/\/www.saint-brevin.com\/medias\/images\/prestataires\/multitailles\/1200x900_img-2152-1-9482.jpg"},"800x600":{"url":"https:\/\/www.saint-brevin.com\/medias\/images\/prestataires\/multitailles\/800x600_img-2152-1-9482.jpg"},"640x480":{"url":"https:\/\/www.saint-brevin.com\/medias\/images\/prestataires\/multitailles\/640x480_img-2152-1-9482.jpg"},"320x240":{"url":"https:\/\/www.saint-brevin.com\/medias\/images\/prestataires\/multitailles\/320x240_img-2152-1-9482.jpg"},"160x120":{"url":"https:\/\/www.saint-brevin.com\/medias\/images\/prestataires\/multitailles\/160x120_img-2152-1-9482.jpg"},"origine":{"url":"https:\/\/www.saint-brevin.com\/medias\/images\/prestataires\/img-2152-1-9482.jpg"}},"urlLien":"","typeLien":"","nofollow":"N","copyright":""}]}},"Url":"longe-cote-tharon-plage.html","Localisation":{"GoogleMap":{"Latitude":"47.16895","Longitude":"-2.16658"}},"ZoneGeo":"","Criteres":{"NIVPARTENAIRE[COMPLET":"","DESTINATION[HORSDESTINATION":"","DISTANCEDUCENTRE[KMCENTREBREVINPIN":"16","THACT[ACLUD":"","THACT[ACTNAUT":"","FORPRO[ACC":"","EAU[AUTACT":"Longe C\u00f4te","TYACT[OTOU":"","NIVPRA[LOI":"","ANIACC[ANNON":"","LMPAC[LCBP":"","LMPAC[LESPE":"","AISGT[ADMAJ":"29\/07\/2024","INSPUBMAJ[NOTEPRESTA":"insertion 2024","MISEAJOUR[JOHANNA":"","SPORTS[SPORTSNAUT":""},"DateFinPublication":"","PrixAPartirDe":"","PrixPour":"","FicheListeEnCours":"fiche_liste_activites_loisirs_v2017","ParametresModele":{"AfficherPhotos":"1","NbPhotosMax":6,"AfficherReserver":0,"AfficherContact":0,"AfficherSalle":1,"AfficherZoneGeo":0,"AfficherEnSavoirPlus":"1","AfficherUneSeuleOuverture":0,"AfficherContactCarte":1,"AfficherTarifsChaudAPartirDe":0,"AfficherTarifChaudSansRecherche":0,"AfficherLiensCarnetVoyage":"1","AfficherSelectionner":"0","BlocCritereInfo":{"critere1":{"libelle":""},"critere2":{"libelle":""},"critere3":{"libelle":""},"critere4":{"libelle":""},"critere5":{"libelle":""},"critere6":{"libelle":""},"critere7":{"libelle":"","liste_critere":["LCOMMUNES|L"]},"critere8":{"libelle":""},"afficherpictoetpaslibelle":"1"},"BlocPaveInfo":{"texte1":{"pave":["1"],"longeurmax":"","afficherLibelle":"0","garderHtml":"0"}},"Criteres":"NIVPARTENAIRE[COMPLET","PositionBloc":"NOM|GALLERIE|CARNET_VOYAGE|URL","TypePrestataire":"L","ComportementResa":false,"ComportementDispo":false},"AffichageCoordonnees":[],"Coordonnees":{"Ville":"ST MICHEL CHEF CHEF"},"ContexteId":"PRESTATAIRE|L|LONGECOTETHARONPLAGE","ContexteIdHtml":"PRESTATAIRE-L-LONGECOTETHARONPLAGE","cleContexte":"L|LONGECOTETHARONPLAGE","Bloc":{"texte1":"","texte3":"","critere1":{"libelle":"","contenu":[]},"critere2":{"libelle":"","contenu":[]},"critere3":{"libelle":"","contenu":[]},"critere4":{"libelle":"","contenu":[]},"critere5":{"libelle":"","contenu":[]},"critere6":{"libelle":"","contenu":[]},"critere7":{"libelle":"","contenu":[]},"critere8":{"libelle":"","contenu":[]},"critere9":{"libelle":"","contenu":[]}},"LocalisationGps":{"Latitude":"47.16895","Longitude":"-2.16658"},"libelleDuPrestataire":"","listeCriteres":{"NIVPARTENAIRE":{"COMPLET":""},"DESTINATION":{"HORSDESTINATION":""},"DISTANCEDUCENTRE":{"KMCENTREBREVINPIN":"16"},"THACT":{"ACLUD":"","ACTNAUT":""},"FORPRO":{"ACC":""},"EAU":{"AUTACT":"Longe C\u00f4te"},"TYACT":{"OTOU":""},"NIVPRA":{"LOI":""},"ANIACC":{"ANNON":""},"LMPAC":{"LCBP":"","LESPE":""},"AISGT":{"ADMAJ":"29\/07\/2024"},"INSPUBMAJ":{"NOTEPRESTA":"insertion 2024"},"MISEAJOUR":{"JOHANNA":""},"SPORTS":{"SPORTSNAUT":""}},"dansCarnetVoyage":true,"Ouverture":""},"html":" \n \u003Cdiv id=\"CV-PRESTATAIRE-L-LONGECOTETHARONPLAGE\" data-contexte-id=\"PRESTATAIRE|L|LONGECOTETHARONPLAGE\" data-cle=\"L|LONGECOTETHARONPLAGE\" class=\"fiche-liste\"\u003E\n    \n\n    \u003C!-- partie photo --\u003E\n    \u003Cdiv class=\"photo\"\u003E\t\t\t\t\t\t\t\t\t\t\t\t\t\t\t\t\t\t\t\t\t\n        \u003Cdiv class=\"cadre_photo_principale\"\u003E\t\t\n        \n            \t\t\t\t\t\n                    \u003Ca href=\"longe-cote-tharon-plage.html?origine=carnet#media\"\u003E\n                        \u003Cimg class=\"photo_principale\" alt=\"capture-d-cran-2024-07-29-164202-9483\" src=\"https:\/\/www.saint-brevin.com\/medias\/images\/prestataires\/multitailles\/320x240_capture-d-cran-2024-07-29-164202-9483.jpg\" itemprop=\"image\"\u003E\n                    \u003C\/a\u003E\t\t\t\t\t\t\n                \n                    \u003C\/div\u003E\t\t\t\t\t\t\t\t\t\t\t\t\t\t\t\t\t\t\t \t\t\n    \u003C\/div\u003E\n    \n    \u003C!-- partie nom prest --\u003E\n    \u003Cdiv class=\"nom\"\u003E\n        \u003Ch2\u003ELonge-C\u00f4te Tharon Plage\u003C\/h2\u003E\n        \n            \u003C\/div\u003E\n\n         \n    \u003C!-- partie adresse --\u003E\n    \u003Cdiv class=\"adresse\"\u003E\n    \n          \n    \u003C\/div\u003E\n    \n    \u003C!-- partie liens --\u003E\n    \u003Cdiv class=\"liens\"\u003E\n            \u003Ca class=\"btn-icon btn-view \" title=\"Voir la fiche d\u00e9taill\u00e9e\" href=\"longe-cote-tharon-plage.html?origine=carnet\"\u003E\u003C\/a\u003E\u003C!--\u003Ca class=\"btn-icon btn-view \" title=\"\" href=\"?origine=carnet#thaut\"\u003E\u003C\/a\u003E--\u003E\n      \u003Ca class=\"btn-icon btn-trash carnet_voyage_supprimer\" title=\"Supprimer cette fiche de mon carnet de voyage\" href=\"carnet-voyage?action=remove&fiche=L|LONGECOTETHARONPLAGE\"\u003E\u003C\/a\u003E\n    \u003C\/div\u003E\n\n\u003C\/div\u003E\n\n","icon":"https:\/\/static.ingenie.fr\/images\/carnetVoyageV3\/L.png"},"fiche":"L|LONGECOTETHARONPLAGE","popup":"\u003Cdiv id=\"bloc_popup_ajout_fiche_carnet\"\u003E\n    \u003Cdiv class=\"info_popup_ajout_fiche_carnet\"\u003E\n        Vous venez d'ajouter cet \u00e9l\u00e9ment \u00e0 votre carnet de voyage :    \u003C\/div\u003E\n    \u003Cdiv class=\"prest_popup_ajout_fiche_carnet\"\u003E\n        Longe-C&ocirc;te Tharon Plage    \u003C\/div\u003E\n    \u003Cdiv class=\"bloc_btn_ajout_fiche_carnet form_submit_div\"\u003E\n        \u003Cinput type=\"button\" value=\"Continuer ma s\u00e9lection\" title=\"Continuer ma s\u00e9lection\" name=\"btn_close\" class=\"btn_close_popup_carnet form_submit\" onclick=\"$.colorbox.close()\" \/\u003E\n        \u003Cinput type=\"button\" value=\"Voir mon carnet de voyage\" title=\"Voir mon carnet\" name=\"btn_panier\" class=\"btn_panier_popup_carnet form_submit\" onclick=\"if(typeof CarnetVoyage != 'undefined') {CarnetVoyage.voirCarnet();}\" \/\u003E\n    \u003C\/div\u003E\n    \u003Cdiv class=\"bloc_btn_ajout_fiche_carnet\"\u003E\n        \u003Cinput type=\"checkbox\" value=\"1\" name=\"desactiver_popup\" id=\"desactiver_popup\" \/\u003E\n        \u003Clabel for=\"desactiver_popup\"\u003ENe plus afficher ce message\u003C\/label\u003E\n    \u003C\/div\u003E\n\u003C\/div\u003E","success":1}