{"nbFiches":1,"dataPrest":{"infoPrest":{"pave1":{"libelle":"Slogan","contenu":""},"pave2":{"libelle":"Descriptif","contenu":"La Lig&eacute;rienne, une p&ecirc;cherie traditionnelle en location, sur les bords de Loire...\u003Cbr \/\u003E\r\nCette p&ecirc;cherie aux dimensions flatteuses est dot&eacute;e d&#39;une passerelle de 124 m et d&#39;une cabane de 20 m2, largement vitr&eacute;e pour une plus grande visibilit&eacute; sur l&#39;estuaire et ses activit&eacute;s.\u003Cbr \/\u003E\r\n\u003Cbr \/\u003E\r\nCe projet de l&#39;association des P&ecirc;cheries du Sud-Estuaire a &eacute;t&eacute; pens&eacute; pour &ecirc;tre accessible &agrave; tous, m&ecirc;me &agrave; mobilit&eacute; r&eacute;duite si on est accompagn&eacute;.\u003Cbr \/\u003E\r\n&nbsp;\r\n\u003Cdiv\u003E\u003Cspan style=\"color:#008080;\"\u003E\u003Cspan style=\"font-size:16px;\"\u003E\u003Cstrong\u003E\u003Cu\u003EInformation Calendrier 2026 :&nbsp;\u003C\/u\u003E\u003C\/strong\u003E\u003C\/span\u003E\u003C\/span\u003E\u003C\/div\u003E\r\n\r\n\u003Cdiv\u003E\u003Cstrong\u003EIl n&rsquo;y a plus de mar&eacute;e disponible les week-ends (vendredi, samedi et dimanche) en avril et en mai.\u003Cbr \/\u003E\r\nEn ao&ucirc;t et en septembre, toutes les mar&eacute;es d&rsquo;apr&egrave;s-midi, le samedi et le dimanche sont pourvues &eacute;galement.\u003Cbr \/\u003E\r\nPour toute demande en dehors de ces cr&eacute;neaux, merci d&rsquo;adresser un sms en indiquant la date et l&rsquo;horaire de pleine mer souhait&eacute;s pour en v&eacute;rifier la disponibilit&eacute;.\u003C\/strong\u003E\u003C\/div\u003E\r\n&nbsp;\r\n\r\n\u003Cdiv style=\"text-align: center;\"\u003E\u003Cspan style=\"font-size:14px;\"\u003E\u003Cstrong\u003E\u003Ca href=\"http:\/\/pecherie.e-monsite.com\/blog\/\" target=\"_blank\"\u003E\u003Cspan style=\"color:#008080;\"\u003ESuivez&nbsp;l&#39;actualit&eacute; de la p&ecirc;cherie La Lig&eacute;rienne !\u003C\/span\u003E\u003C\/a\u003E\u003C\/strong\u003E\u003C\/span\u003E\u003C\/div\u003E\r\n\u003Cbr \/\u003E\r\nElle peut accueillir jusqu&#39;&agrave; 10 personnes pour une partie de p&ecirc;che au carrelet. Cette cabane sur pilotis n&#39;a ni eau, ni &eacute;lectricit&eacute;, ni sanitaire.\u003Cbr \/\u003E\r\nLa Lig&eacute;rienne est ouverte &agrave; l&#39;ann&eacute;e, et se loue &agrave; la mar&eacute;e (environ 6 heures : 3 heures avant la pleine mer et 3 heures apr&egrave;s).\u003Cbr \/\u003E\r\nEt pour vos envies d&#39;ap&eacute;ro ou de pique-nique sur la p&ecirc;cherie sans pouvoir p&ecirc;cher mais en profitant de la vue, c&#39;est aussi possible !\u003Cbr \/\u003E\r\n\u003Cbr \/\u003E\r\n\u003Cbr \/\u003E\r\n\u003Cstrong\u003EATTENTION&nbsp; : \u003Cspan data-sheets-formula-bar-text-style=\"font-size:13px;color:#000000;font-weight:normal;text-decoration:none;font-family:'Arial';font-style:normal;text-decoration-skip-ink:none;\"\u003ELa p&ecirc;cherie est souvent r&eacute;serv&eacute;e tr&egrave;s longtemps &agrave; l&#39;avance pour les grandes mar&eacute;es et les week-ends.\u003C\/span\u003E\u003C\/strong\u003E\u003Cbr \/\u003E\r\n\u003Cbr \/\u003E\r\n\u003Cbr \/\u003E\r\n\u003Cspan style=\"color:#008080;\"\u003E\u003Cstrong\u003ENouveaut&eacute; : La Carte-Cadeau !\u003C\/strong\u003E\u003C\/span\u003E\u003Cbr \/\u003E\r\nValable 1 an &agrave; compter de la r&eacute;ception du r&eacute;glement.\r\n\u003Cp\u003EUn code coupon est attribu&eacute; &agrave; chaque carte et son usage est strictement unique et nominatif.\u003Cbr \/\u003E\r\nLes conditions g&eacute;n&eacute;rales effectives applicables sont celles en vigueur au moment de l&#39;appel pour la date de r&eacute;servation puis au moment de la r&eacute;servation par le destinataire de la carte.\u003Cbr \/\u003E\r\nNotamment la caution, qui sera demand&eacute;e &agrave; la personne destinataire de la carte cadeau avant sa venue.\u003Cbr \/\u003E\r\nAucun remboursement n&#39;est propos&eacute;.\u003Cbr \/\u003E\r\nUne prolongation de la date d&#39;utilisation pourra &ecirc;tre effectu&eacute;e moyennant un surco&ucirc;t.\u003C\/p\u003E\r\n\r\n\u003Cp\u003ELa carte cadeau est disponible en fonction des stocks ! Alors n&#39;attendez-plus !\u003C\/p\u003E\r\n\u003Cbr \/\u003E\r\n&nbsp;"},"pave3":{"libelle":"Bons Plans","contenu":""},"pave4":{"libelle":"","contenu":""},"pave5":{"libelle":"","contenu":""},"pave6":{"libelle":"","contenu":""},"pave7":{"libelle":"","contenu":""},"pave8":{"libelle":"","contenu":""},"pave9":{"libelle":"","contenu":""},"pave10":{"libelle":"","contenu":""},"pave11":{"libelle":"","contenu":""},"pave12":{"libelle":"","contenu":""},"pave13":{"libelle":"","contenu":""},"pave14":{"libelle":"","contenu":""},"pave15":{"libelle":"","contenu":""},"pave16":{"libelle":"","contenu":""},"pave17":{"libelle":"","contenu":""},"pave18":{"libelle":"","contenu":""},"pave19":{"libelle":"","contenu":""},"pave20":{"libelle":"","contenu":""},"pave21":{"libelle":"","contenu":""},"pave22":{"libelle":"","contenu":""},"pave23":{"libelle":"","contenu":""},"pave24":{"libelle":"","contenu":""},"pave25":{"libelle":"","contenu":""},"ContactsParType":{"ADM":{"2068":{"id_contact":"2068","type_contact":"ADM","categorie_contact":"PRESTATAIRE","societe_contact":"","fonction_contact":"","civilite_nom_prenom_contact":"M BOULAY Steve ","adresse1_contact":"","adresse2_contact":"","adresse3_contact":"","cpostal_contact":"","ville_contact":"","teldom_contact":"","telbur_contact":"","fax_contact":"","portable_contact":"06 67 21 93 34","email_contact":"steve.stephanie.boulay@hotmail.fr","siteweb_contact":"","commentaire_contact":"","langue_contact":"","autre_moyen_com":[]},"2182":{"id_contact":"2182","type_contact":"ADM","categorie_contact":"PRESTATAIRE","societe_contact":"","fonction_contact":"","civilite_nom_prenom_contact":"M GRANDJOUAN Claude ","adresse1_contact":"","adresse2_contact":"","adresse3_contact":"","cpostal_contact":"","ville_contact":"","teldom_contact":"","telbur_contact":"","fax_contact":"","portable_contact":"06 77 59 72 51","email_contact":"","siteweb_contact":"","commentaire_contact":"","langue_contact":"","autre_moyen_com":[]}}},"Libelle":"P\u00eacherie La Lig\u00e9rienne","Nom":"P\u00eacherie La Lig\u00e9rienne","Prenom":"","NomPrenom":"P\u00eacherie La Lig\u00e9rienne ","CiviliteNomPrenom":"P\u00eacherie La Lig\u00e9rienne ","Cle":"L|LOIPDL044V504FWE","PrestataireParent":"","ContexteStat":"PRESTATAIRE-L-LOIPDL044V504FWE","DateModificationIso":"2026-03-09T13:50:00+01:00","Type":"PRESTATAIRE","TypePrestataire":"L","Adresse":{"LigneAdresse1":"Pointe de l'Imperlay","LigneAdresse2":"","LigneAdresse3":"","CodePostal":"44250","Ville":"ST BREVIN LES PINS","Cedex":"","Etat":"","Pays":"FRA"},"Email":"pecherielaligerienne@gmail.com","Telephone":"","TelephoneBureau":"","Portable":"07 87 96 28 08","SiteWeb":"","Fax":"","Id":"l-loipdl044v504fwe","Code":"L|LOIPDL044V504FWE","Fichier":{"Image":[{"url":"https:\/\/www.saint-brevin.com\/medias\/images\/prestataires\/pecherie-la-ligerienne-location-st-brevin-carrelet-pays-de-retz-loire-atlantique-loire-1-1991.jpg","chemin":"..\/medias\/images\/prestataires\/pecherie-la-ligerienne-location-st-brevin-carrelet-pays-de-retz-loire-atlantique-loire-1-1991.jpg","libelle":"pecherie-la-ligerienne-location-st-brevin-carrelet-pays-de-retz-loire-atlantique-loire-1-1991","extension":"jpg","categorie":"","largeur":800,"theme":"","hauteur":480,"type":"Image","origine":"","liaisonPave":"","langue":"","id":"1991","urlVignette":"https:\/\/www.saint-brevin.com\/medias\/images\/prestataires\/v-pecherie-la-ligerienne-location-st-brevin-carrelet-pays-de-retz-loire-atlantique-loire-1-1991.jpg","alt":"pecherie-la-ligerienne-location-st-brevin-carrelet-pays-de-retz-loire-atlantique-loire-1-1991","title":"pecherie-la-ligerienne-location-st-brevin-carrelet-pays-de-retz-loire-atlantique-loire-1-1991","MultiTaille":{"1920x1440":{"url":"https:\/\/www.saint-brevin.com\/medias\/images\/prestataires\/multitailles\/1920x1440_pecherie-la-ligerienne-location-st-brevin-carrelet-pays-de-retz-loire-atlantique-loire-1-1991.jpg"},"1200x900":{"url":"https:\/\/www.saint-brevin.com\/medias\/images\/prestataires\/multitailles\/1200x900_pecherie-la-ligerienne-location-st-brevin-carrelet-pays-de-retz-loire-atlantique-loire-1-1991.jpg"},"800x600":{"url":"https:\/\/www.saint-brevin.com\/medias\/images\/prestataires\/multitailles\/800x600_pecherie-la-ligerienne-location-st-brevin-carrelet-pays-de-retz-loire-atlantique-loire-1-1991.jpg"},"640x480":{"url":"https:\/\/www.saint-brevin.com\/medias\/images\/prestataires\/multitailles\/640x480_pecherie-la-ligerienne-location-st-brevin-carrelet-pays-de-retz-loire-atlantique-loire-1-1991.jpg"},"320x240":{"url":"https:\/\/www.saint-brevin.com\/medias\/images\/prestataires\/multitailles\/320x240_pecherie-la-ligerienne-location-st-brevin-carrelet-pays-de-retz-loire-atlantique-loire-1-1991.jpg"},"160x120":{"url":"https:\/\/www.saint-brevin.com\/medias\/images\/prestataires\/multitailles\/160x120_pecherie-la-ligerienne-location-st-brevin-carrelet-pays-de-retz-loire-atlantique-loire-1-1991.jpg"},"origine":{"url":"https:\/\/www.saint-brevin.com\/medias\/images\/prestataires\/pecherie-la-ligerienne-location-st-brevin-carrelet-pays-de-retz-loire-atlantique-loire-1-1991.jpg"}},"urlLien":"","typeLien":"","nofollow":"N","copyright":""},{"url":"https:\/\/www.saint-brevin.com\/medias\/images\/prestataires\/pecherie-la-ligerienne-location-st-brevin-carrelet-pays-de-retz-loire-atlantique-loire-2-1992.jpg","chemin":"..\/medias\/images\/prestataires\/pecherie-la-ligerienne-location-st-brevin-carrelet-pays-de-retz-loire-atlantique-loire-2-1992.jpg","libelle":"pecherie-la-ligerienne-location-st-brevin-carrelet-pays-de-retz-loire-atlantique-loire-2-1992","extension":"jpg","categorie":"","largeur":800,"theme":"","hauteur":480,"type":"Image","origine":"","liaisonPave":"","langue":"","id":"1992","urlVignette":"https:\/\/www.saint-brevin.com\/medias\/images\/prestataires\/v-pecherie-la-ligerienne-location-st-brevin-carrelet-pays-de-retz-loire-atlantique-loire-2-1992.jpg","alt":"pecherie-la-ligerienne-location-st-brevin-carrelet-pays-de-retz-loire-atlantique-loire-2-1992","title":"pecherie-la-ligerienne-location-st-brevin-carrelet-pays-de-retz-loire-atlantique-loire-2-1992","MultiTaille":{"1920x1440":{"url":"https:\/\/www.saint-brevin.com\/medias\/images\/prestataires\/multitailles\/1920x1440_pecherie-la-ligerienne-location-st-brevin-carrelet-pays-de-retz-loire-atlantique-loire-2-1992.jpg"},"1200x900":{"url":"https:\/\/www.saint-brevin.com\/medias\/images\/prestataires\/multitailles\/1200x900_pecherie-la-ligerienne-location-st-brevin-carrelet-pays-de-retz-loire-atlantique-loire-2-1992.jpg"},"800x600":{"url":"https:\/\/www.saint-brevin.com\/medias\/images\/prestataires\/multitailles\/800x600_pecherie-la-ligerienne-location-st-brevin-carrelet-pays-de-retz-loire-atlantique-loire-2-1992.jpg"},"640x480":{"url":"https:\/\/www.saint-brevin.com\/medias\/images\/prestataires\/multitailles\/640x480_pecherie-la-ligerienne-location-st-brevin-carrelet-pays-de-retz-loire-atlantique-loire-2-1992.jpg"},"320x240":{"url":"https:\/\/www.saint-brevin.com\/medias\/images\/prestataires\/multitailles\/320x240_pecherie-la-ligerienne-location-st-brevin-carrelet-pays-de-retz-loire-atlantique-loire-2-1992.jpg"},"160x120":{"url":"https:\/\/www.saint-brevin.com\/medias\/images\/prestataires\/multitailles\/160x120_pecherie-la-ligerienne-location-st-brevin-carrelet-pays-de-retz-loire-atlantique-loire-2-1992.jpg"},"origine":{"url":"https:\/\/www.saint-brevin.com\/medias\/images\/prestataires\/pecherie-la-ligerienne-location-st-brevin-carrelet-pays-de-retz-loire-atlantique-loire-2-1992.jpg"}},"urlLien":"","typeLien":"","nofollow":"N","copyright":""},{"url":"https:\/\/www.saint-brevin.com\/medias\/images\/prestataires\/pecherie-la-ligerienne-location-st-brevin-carrelet-pays-de-retz-loire-atlantique-loire-3-1993.jpg","chemin":"..\/medias\/images\/prestataires\/pecherie-la-ligerienne-location-st-brevin-carrelet-pays-de-retz-loire-atlantique-loire-3-1993.jpg","libelle":"pecherie-la-ligerienne-location-st-brevin-carrelet-pays-de-retz-loire-atlantique-loire-3-1993","extension":"jpg","categorie":"","largeur":800,"theme":"","hauteur":480,"type":"Image","origine":"","liaisonPave":"","langue":"","id":"1993","urlVignette":"https:\/\/www.saint-brevin.com\/medias\/images\/prestataires\/v-pecherie-la-ligerienne-location-st-brevin-carrelet-pays-de-retz-loire-atlantique-loire-3-1993.jpg","alt":"pecherie-la-ligerienne-location-st-brevin-carrelet-pays-de-retz-loire-atlantique-loire-3-1993","title":"pecherie-la-ligerienne-location-st-brevin-carrelet-pays-de-retz-loire-atlantique-loire-3-1993","MultiTaille":{"1920x1440":{"url":"https:\/\/www.saint-brevin.com\/medias\/images\/prestataires\/multitailles\/1920x1440_pecherie-la-ligerienne-location-st-brevin-carrelet-pays-de-retz-loire-atlantique-loire-3-1993.jpg"},"1200x900":{"url":"https:\/\/www.saint-brevin.com\/medias\/images\/prestataires\/multitailles\/1200x900_pecherie-la-ligerienne-location-st-brevin-carrelet-pays-de-retz-loire-atlantique-loire-3-1993.jpg"},"800x600":{"url":"https:\/\/www.saint-brevin.com\/medias\/images\/prestataires\/multitailles\/800x600_pecherie-la-ligerienne-location-st-brevin-carrelet-pays-de-retz-loire-atlantique-loire-3-1993.jpg"},"640x480":{"url":"https:\/\/www.saint-brevin.com\/medias\/images\/prestataires\/multitailles\/640x480_pecherie-la-ligerienne-location-st-brevin-carrelet-pays-de-retz-loire-atlantique-loire-3-1993.jpg"},"320x240":{"url":"https:\/\/www.saint-brevin.com\/medias\/images\/prestataires\/multitailles\/320x240_pecherie-la-ligerienne-location-st-brevin-carrelet-pays-de-retz-loire-atlantique-loire-3-1993.jpg"},"160x120":{"url":"https:\/\/www.saint-brevin.com\/medias\/images\/prestataires\/multitailles\/160x120_pecherie-la-ligerienne-location-st-brevin-carrelet-pays-de-retz-loire-atlantique-loire-3-1993.jpg"},"origine":{"url":"https:\/\/www.saint-brevin.com\/medias\/images\/prestataires\/pecherie-la-ligerienne-location-st-brevin-carrelet-pays-de-retz-loire-atlantique-loire-3-1993.jpg"}},"urlLien":"","typeLien":"","nofollow":"N","copyright":""},{"url":"https:\/\/www.saint-brevin.com\/medias\/images\/prestataires\/pecherie-la-ligerienne-location-st-brevin-carrelet-pays-de-retz-loire-atlantique-loire-10-2000.jpg","chemin":"..\/medias\/images\/prestataires\/pecherie-la-ligerienne-location-st-brevin-carrelet-pays-de-retz-loire-atlantique-loire-10-2000.jpg","libelle":"pecherie-la-ligerienne-location-st-brevin-carrelet-pays-de-retz-loire-atlantique-loire-10-2000","extension":"jpg","categorie":"","largeur":800,"theme":"","hauteur":480,"type":"Image","origine":"","liaisonPave":"","langue":"","id":"2000","urlVignette":"https:\/\/www.saint-brevin.com\/medias\/images\/prestataires\/v-pecherie-la-ligerienne-location-st-brevin-carrelet-pays-de-retz-loire-atlantique-loire-10-2000.jpg","alt":"pecherie-la-ligerienne-location-st-brevin-carrelet-pays-de-retz-loire-atlantique-loire-10-2000","title":"pecherie-la-ligerienne-location-st-brevin-carrelet-pays-de-retz-loire-atlantique-loire-10-2000","MultiTaille":{"1920x1440":{"url":"https:\/\/www.saint-brevin.com\/medias\/images\/prestataires\/multitailles\/1920x1440_pecherie-la-ligerienne-location-st-brevin-carrelet-pays-de-retz-loire-atlantique-loire-10-2000.jpg"},"1200x900":{"url":"https:\/\/www.saint-brevin.com\/medias\/images\/prestataires\/multitailles\/1200x900_pecherie-la-ligerienne-location-st-brevin-carrelet-pays-de-retz-loire-atlantique-loire-10-2000.jpg"},"800x600":{"url":"https:\/\/www.saint-brevin.com\/medias\/images\/prestataires\/multitailles\/800x600_pecherie-la-ligerienne-location-st-brevin-carrelet-pays-de-retz-loire-atlantique-loire-10-2000.jpg"},"640x480":{"url":"https:\/\/www.saint-brevin.com\/medias\/images\/prestataires\/multitailles\/640x480_pecherie-la-ligerienne-location-st-brevin-carrelet-pays-de-retz-loire-atlantique-loire-10-2000.jpg"},"320x240":{"url":"https:\/\/www.saint-brevin.com\/medias\/images\/prestataires\/multitailles\/320x240_pecherie-la-ligerienne-location-st-brevin-carrelet-pays-de-retz-loire-atlantique-loire-10-2000.jpg"},"160x120":{"url":"https:\/\/www.saint-brevin.com\/medias\/images\/prestataires\/multitailles\/160x120_pecherie-la-ligerienne-location-st-brevin-carrelet-pays-de-retz-loire-atlantique-loire-10-2000.jpg"},"origine":{"url":"https:\/\/www.saint-brevin.com\/medias\/images\/prestataires\/pecherie-la-ligerienne-location-st-brevin-carrelet-pays-de-retz-loire-atlantique-loire-10-2000.jpg"}},"urlLien":"","typeLien":"","nofollow":"N","copyright":""},{"url":"https:\/\/www.saint-brevin.com\/medias\/images\/prestataires\/pecherie-la-ligerienne-location-st-brevin-carrelet-pays-de-retz-loire-atlantique-loire-7-1997.jpg","chemin":"..\/medias\/images\/prestataires\/pecherie-la-ligerienne-location-st-brevin-carrelet-pays-de-retz-loire-atlantique-loire-7-1997.jpg","libelle":"pecherie-la-ligerienne-location-st-brevin-carrelet-pays-de-retz-loire-atlantique-loire-7-1997","extension":"jpg","categorie":"","largeur":800,"theme":"","hauteur":480,"type":"Image","origine":"","liaisonPave":"","langue":"","id":"1997","urlVignette":"https:\/\/www.saint-brevin.com\/medias\/images\/prestataires\/v-pecherie-la-ligerienne-location-st-brevin-carrelet-pays-de-retz-loire-atlantique-loire-7-1997.jpg","alt":"pecherie-la-ligerienne-location-st-brevin-carrelet-pays-de-retz-loire-atlantique-loire-7-1997","title":"pecherie-la-ligerienne-location-st-brevin-carrelet-pays-de-retz-loire-atlantique-loire-7-1997","MultiTaille":{"1920x1440":{"url":"https:\/\/www.saint-brevin.com\/medias\/images\/prestataires\/multitailles\/1920x1440_pecherie-la-ligerienne-location-st-brevin-carrelet-pays-de-retz-loire-atlantique-loire-7-1997.jpg"},"1200x900":{"url":"https:\/\/www.saint-brevin.com\/medias\/images\/prestataires\/multitailles\/1200x900_pecherie-la-ligerienne-location-st-brevin-carrelet-pays-de-retz-loire-atlantique-loire-7-1997.jpg"},"800x600":{"url":"https:\/\/www.saint-brevin.com\/medias\/images\/prestataires\/multitailles\/800x600_pecherie-la-ligerienne-location-st-brevin-carrelet-pays-de-retz-loire-atlantique-loire-7-1997.jpg"},"640x480":{"url":"https:\/\/www.saint-brevin.com\/medias\/images\/prestataires\/multitailles\/640x480_pecherie-la-ligerienne-location-st-brevin-carrelet-pays-de-retz-loire-atlantique-loire-7-1997.jpg"},"320x240":{"url":"https:\/\/www.saint-brevin.com\/medias\/images\/prestataires\/multitailles\/320x240_pecherie-la-ligerienne-location-st-brevin-carrelet-pays-de-retz-loire-atlantique-loire-7-1997.jpg"},"160x120":{"url":"https:\/\/www.saint-brevin.com\/medias\/images\/prestataires\/multitailles\/160x120_pecherie-la-ligerienne-location-st-brevin-carrelet-pays-de-retz-loire-atlantique-loire-7-1997.jpg"},"origine":{"url":"https:\/\/www.saint-brevin.com\/medias\/images\/prestataires\/pecherie-la-ligerienne-location-st-brevin-carrelet-pays-de-retz-loire-atlantique-loire-7-1997.jpg"}},"urlLien":"","typeLien":"","nofollow":"N","copyright":""},{"url":"https:\/\/www.saint-brevin.com\/medias\/images\/prestataires\/pecherie-la-ligerienne-location-st-brevin-carrelet-pays-de-retz-loire-atlantique-loire-9-1999.jpg","chemin":"..\/medias\/images\/prestataires\/pecherie-la-ligerienne-location-st-brevin-carrelet-pays-de-retz-loire-atlantique-loire-9-1999.jpg","libelle":"pecherie-la-ligerienne-location-st-brevin-carrelet-pays-de-retz-loire-atlantique-loire-9-1999","extension":"jpg","categorie":"","largeur":800,"theme":"","hauteur":480,"type":"Image","origine":"","liaisonPave":"","langue":"","id":"1999","urlVignette":"https:\/\/www.saint-brevin.com\/medias\/images\/prestataires\/v-pecherie-la-ligerienne-location-st-brevin-carrelet-pays-de-retz-loire-atlantique-loire-9-1999.jpg","alt":"pecherie-la-ligerienne-location-st-brevin-carrelet-pays-de-retz-loire-atlantique-loire-9-1999","title":"pecherie-la-ligerienne-location-st-brevin-carrelet-pays-de-retz-loire-atlantique-loire-9-1999","MultiTaille":{"1920x1440":{"url":"https:\/\/www.saint-brevin.com\/medias\/images\/prestataires\/multitailles\/1920x1440_pecherie-la-ligerienne-location-st-brevin-carrelet-pays-de-retz-loire-atlantique-loire-9-1999.jpg"},"1200x900":{"url":"https:\/\/www.saint-brevin.com\/medias\/images\/prestataires\/multitailles\/1200x900_pecherie-la-ligerienne-location-st-brevin-carrelet-pays-de-retz-loire-atlantique-loire-9-1999.jpg"},"800x600":{"url":"https:\/\/www.saint-brevin.com\/medias\/images\/prestataires\/multitailles\/800x600_pecherie-la-ligerienne-location-st-brevin-carrelet-pays-de-retz-loire-atlantique-loire-9-1999.jpg"},"640x480":{"url":"https:\/\/www.saint-brevin.com\/medias\/images\/prestataires\/multitailles\/640x480_pecherie-la-ligerienne-location-st-brevin-carrelet-pays-de-retz-loire-atlantique-loire-9-1999.jpg"},"320x240":{"url":"https:\/\/www.saint-brevin.com\/medias\/images\/prestataires\/multitailles\/320x240_pecherie-la-ligerienne-location-st-brevin-carrelet-pays-de-retz-loire-atlantique-loire-9-1999.jpg"},"160x120":{"url":"https:\/\/www.saint-brevin.com\/medias\/images\/prestataires\/multitailles\/160x120_pecherie-la-ligerienne-location-st-brevin-carrelet-pays-de-retz-loire-atlantique-loire-9-1999.jpg"},"origine":{"url":"https:\/\/www.saint-brevin.com\/medias\/images\/prestataires\/pecherie-la-ligerienne-location-st-brevin-carrelet-pays-de-retz-loire-atlantique-loire-9-1999.jpg"}},"urlLien":"","typeLien":"","nofollow":"N","copyright":""},{"url":"https:\/\/www.saint-brevin.com\/medias\/images\/prestataires\/pecherie-la-ligerienne-location-st-brevin-carrelet-pays-de-retz-loire-atlantique-loire-4-1995.jpg","chemin":"..\/medias\/images\/prestataires\/pecherie-la-ligerienne-location-st-brevin-carrelet-pays-de-retz-loire-atlantique-loire-4-1995.jpg","libelle":"pecherie-la-ligerienne-location-st-brevin-carrelet-pays-de-retz-loire-atlantique-loire-4-1995","extension":"jpg","categorie":"","largeur":800,"theme":"","hauteur":480,"type":"Image","origine":"","liaisonPave":"","langue":"","id":"1995","urlVignette":"https:\/\/www.saint-brevin.com\/medias\/images\/prestataires\/v-pecherie-la-ligerienne-location-st-brevin-carrelet-pays-de-retz-loire-atlantique-loire-4-1995.jpg","alt":"pecherie-la-ligerienne-location-st-brevin-carrelet-pays-de-retz-loire-atlantique-loire-4-1995","title":"pecherie-la-ligerienne-location-st-brevin-carrelet-pays-de-retz-loire-atlantique-loire-4-1995","MultiTaille":{"1920x1440":{"url":"https:\/\/www.saint-brevin.com\/medias\/images\/prestataires\/multitailles\/1920x1440_pecherie-la-ligerienne-location-st-brevin-carrelet-pays-de-retz-loire-atlantique-loire-4-1995.jpg"},"1200x900":{"url":"https:\/\/www.saint-brevin.com\/medias\/images\/prestataires\/multitailles\/1200x900_pecherie-la-ligerienne-location-st-brevin-carrelet-pays-de-retz-loire-atlantique-loire-4-1995.jpg"},"800x600":{"url":"https:\/\/www.saint-brevin.com\/medias\/images\/prestataires\/multitailles\/800x600_pecherie-la-ligerienne-location-st-brevin-carrelet-pays-de-retz-loire-atlantique-loire-4-1995.jpg"},"640x480":{"url":"https:\/\/www.saint-brevin.com\/medias\/images\/prestataires\/multitailles\/640x480_pecherie-la-ligerienne-location-st-brevin-carrelet-pays-de-retz-loire-atlantique-loire-4-1995.jpg"},"320x240":{"url":"https:\/\/www.saint-brevin.com\/medias\/images\/prestataires\/multitailles\/320x240_pecherie-la-ligerienne-location-st-brevin-carrelet-pays-de-retz-loire-atlantique-loire-4-1995.jpg"},"160x120":{"url":"https:\/\/www.saint-brevin.com\/medias\/images\/prestataires\/multitailles\/160x120_pecherie-la-ligerienne-location-st-brevin-carrelet-pays-de-retz-loire-atlantique-loire-4-1995.jpg"},"origine":{"url":"https:\/\/www.saint-brevin.com\/medias\/images\/prestataires\/pecherie-la-ligerienne-location-st-brevin-carrelet-pays-de-retz-loire-atlantique-loire-4-1995.jpg"}},"urlLien":"","typeLien":"","nofollow":"N","copyright":""},{"url":"https:\/\/www.saint-brevin.com\/medias\/images\/prestataires\/pecherie-la-ligerienne-location-st-brevin-carrelet-pays-de-retz-loire-atlantique-loire-6-1996.jpg","chemin":"..\/medias\/images\/prestataires\/pecherie-la-ligerienne-location-st-brevin-carrelet-pays-de-retz-loire-atlantique-loire-6-1996.jpg","libelle":"pecherie-la-ligerienne-location-st-brevin-carrelet-pays-de-retz-loire-atlantique-loire-6-1996","extension":"jpg","categorie":"","largeur":480,"theme":"","hauteur":800,"type":"Image","origine":"","liaisonPave":"","langue":"","id":"1996","urlVignette":"https:\/\/www.saint-brevin.com\/medias\/images\/prestataires\/v-pecherie-la-ligerienne-location-st-brevin-carrelet-pays-de-retz-loire-atlantique-loire-6-1996.jpg","alt":"pecherie-la-ligerienne-location-st-brevin-carrelet-pays-de-retz-loire-atlantique-loire-6-1996","title":"pecherie-la-ligerienne-location-st-brevin-carrelet-pays-de-retz-loire-atlantique-loire-6-1996","MultiTaille":{"1920x1440":{"url":"https:\/\/www.saint-brevin.com\/medias\/images\/prestataires\/multitailles\/1920x1440_pecherie-la-ligerienne-location-st-brevin-carrelet-pays-de-retz-loire-atlantique-loire-6-1996.jpg"},"1200x900":{"url":"https:\/\/www.saint-brevin.com\/medias\/images\/prestataires\/multitailles\/1200x900_pecherie-la-ligerienne-location-st-brevin-carrelet-pays-de-retz-loire-atlantique-loire-6-1996.jpg"},"800x600":{"url":"https:\/\/www.saint-brevin.com\/medias\/images\/prestataires\/multitailles\/800x600_pecherie-la-ligerienne-location-st-brevin-carrelet-pays-de-retz-loire-atlantique-loire-6-1996.jpg"},"640x480":{"url":"https:\/\/www.saint-brevin.com\/medias\/images\/prestataires\/multitailles\/640x480_pecherie-la-ligerienne-location-st-brevin-carrelet-pays-de-retz-loire-atlantique-loire-6-1996.jpg"},"320x240":{"url":"https:\/\/www.saint-brevin.com\/medias\/images\/prestataires\/multitailles\/320x240_pecherie-la-ligerienne-location-st-brevin-carrelet-pays-de-retz-loire-atlantique-loire-6-1996.jpg"},"160x120":{"url":"https:\/\/www.saint-brevin.com\/medias\/images\/prestataires\/multitailles\/160x120_pecherie-la-ligerienne-location-st-brevin-carrelet-pays-de-retz-loire-atlantique-loire-6-1996.jpg"},"origine":{"url":"https:\/\/www.saint-brevin.com\/medias\/images\/prestataires\/pecherie-la-ligerienne-location-st-brevin-carrelet-pays-de-retz-loire-atlantique-loire-6-1996.jpg"}},"urlLien":"","typeLien":"","nofollow":"N","copyright":""},{"url":"https:\/\/www.saint-brevin.com\/medias\/images\/prestataires\/pecherie-la-ligerienne-location-st-brevin-carrelet-pays-de-retz-loire-atlantique-loire-8-1998.jpg","chemin":"..\/medias\/images\/prestataires\/pecherie-la-ligerienne-location-st-brevin-carrelet-pays-de-retz-loire-atlantique-loire-8-1998.jpg","libelle":"pecherie-la-ligerienne-location-st-brevin-carrelet-pays-de-retz-loire-atlantique-loire-8-1998","extension":"jpg","categorie":"","largeur":480,"theme":"","hauteur":800,"type":"Image","origine":"","liaisonPave":"","langue":"","id":"1998","urlVignette":"https:\/\/www.saint-brevin.com\/medias\/images\/prestataires\/v-pecherie-la-ligerienne-location-st-brevin-carrelet-pays-de-retz-loire-atlantique-loire-8-1998.jpg","alt":"pecherie-la-ligerienne-location-st-brevin-carrelet-pays-de-retz-loire-atlantique-loire-8-1998","title":"pecherie-la-ligerienne-location-st-brevin-carrelet-pays-de-retz-loire-atlantique-loire-8-1998","MultiTaille":{"1920x1440":{"url":"https:\/\/www.saint-brevin.com\/medias\/images\/prestataires\/multitailles\/1920x1440_pecherie-la-ligerienne-location-st-brevin-carrelet-pays-de-retz-loire-atlantique-loire-8-1998.jpg"},"1200x900":{"url":"https:\/\/www.saint-brevin.com\/medias\/images\/prestataires\/multitailles\/1200x900_pecherie-la-ligerienne-location-st-brevin-carrelet-pays-de-retz-loire-atlantique-loire-8-1998.jpg"},"800x600":{"url":"https:\/\/www.saint-brevin.com\/medias\/images\/prestataires\/multitailles\/800x600_pecherie-la-ligerienne-location-st-brevin-carrelet-pays-de-retz-loire-atlantique-loire-8-1998.jpg"},"640x480":{"url":"https:\/\/www.saint-brevin.com\/medias\/images\/prestataires\/multitailles\/640x480_pecherie-la-ligerienne-location-st-brevin-carrelet-pays-de-retz-loire-atlantique-loire-8-1998.jpg"},"320x240":{"url":"https:\/\/www.saint-brevin.com\/medias\/images\/prestataires\/multitailles\/320x240_pecherie-la-ligerienne-location-st-brevin-carrelet-pays-de-retz-loire-atlantique-loire-8-1998.jpg"},"160x120":{"url":"https:\/\/www.saint-brevin.com\/medias\/images\/prestataires\/multitailles\/160x120_pecherie-la-ligerienne-location-st-brevin-carrelet-pays-de-retz-loire-atlantique-loire-8-1998.jpg"},"origine":{"url":"https:\/\/www.saint-brevin.com\/medias\/images\/prestataires\/pecherie-la-ligerienne-location-st-brevin-carrelet-pays-de-retz-loire-atlantique-loire-8-1998.jpg"}},"urlLien":"","typeLien":"","nofollow":"N","copyright":""},{"url":"https:\/\/www.saint-brevin.com\/medias\/images\/prestataires\/pecherie-la-ligerienne-location-st-brevin-carrelet-pays-de-retz-loire-atlantique-loire-5-1994.jpg","chemin":"..\/medias\/images\/prestataires\/pecherie-la-ligerienne-location-st-brevin-carrelet-pays-de-retz-loire-atlantique-loire-5-1994.jpg","libelle":"pecherie-la-ligerienne-location-st-brevin-carrelet-pays-de-retz-loire-atlantique-loire-5-1994","extension":"jpg","categorie":"","largeur":480,"theme":"","hauteur":800,"type":"Image","origine":"","liaisonPave":"","langue":"","id":"1994","urlVignette":"https:\/\/www.saint-brevin.com\/medias\/images\/prestataires\/v-pecherie-la-ligerienne-location-st-brevin-carrelet-pays-de-retz-loire-atlantique-loire-5-1994.jpg","alt":"pecherie-la-ligerienne-location-st-brevin-carrelet-pays-de-retz-loire-atlantique-loire-5-1994","title":"pecherie-la-ligerienne-location-st-brevin-carrelet-pays-de-retz-loire-atlantique-loire-5-1994","MultiTaille":{"1920x1440":{"url":"https:\/\/www.saint-brevin.com\/medias\/images\/prestataires\/multitailles\/1920x1440_pecherie-la-ligerienne-location-st-brevin-carrelet-pays-de-retz-loire-atlantique-loire-5-1994.jpg"},"1200x900":{"url":"https:\/\/www.saint-brevin.com\/medias\/images\/prestataires\/multitailles\/1200x900_pecherie-la-ligerienne-location-st-brevin-carrelet-pays-de-retz-loire-atlantique-loire-5-1994.jpg"},"800x600":{"url":"https:\/\/www.saint-brevin.com\/medias\/images\/prestataires\/multitailles\/800x600_pecherie-la-ligerienne-location-st-brevin-carrelet-pays-de-retz-loire-atlantique-loire-5-1994.jpg"},"640x480":{"url":"https:\/\/www.saint-brevin.com\/medias\/images\/prestataires\/multitailles\/640x480_pecherie-la-ligerienne-location-st-brevin-carrelet-pays-de-retz-loire-atlantique-loire-5-1994.jpg"},"320x240":{"url":"https:\/\/www.saint-brevin.com\/medias\/images\/prestataires\/multitailles\/320x240_pecherie-la-ligerienne-location-st-brevin-carrelet-pays-de-retz-loire-atlantique-loire-5-1994.jpg"},"160x120":{"url":"https:\/\/www.saint-brevin.com\/medias\/images\/prestataires\/multitailles\/160x120_pecherie-la-ligerienne-location-st-brevin-carrelet-pays-de-retz-loire-atlantique-loire-5-1994.jpg"},"origine":{"url":"https:\/\/www.saint-brevin.com\/medias\/images\/prestataires\/pecherie-la-ligerienne-location-st-brevin-carrelet-pays-de-retz-loire-atlantique-loire-5-1994.jpg"}},"urlLien":"","typeLien":"","nofollow":"N","copyright":""},{"url":"https:\/\/www.saint-brevin.com\/medias\/images\/prestataires\/carte-cadeau-pecherie-la-ligerienne-7553.png","chemin":"..\/medias\/images\/prestataires\/carte-cadeau-pecherie-la-ligerienne-7553.png","libelle":"carte-cadeau-pecherie-la-ligerienne-7553","extension":"png","categorie":"","largeur":453,"theme":"","hauteur":640,"type":"Image","origine":"","liaisonPave":"","langue":"","id":"7553","urlVignette":"https:\/\/www.saint-brevin.com\/medias\/images\/prestataires\/v-carte-cadeau-pecherie-la-ligerienne-7553.png","alt":"carte-cadeau-pecherie-la-ligerienne-7553","title":"carte-cadeau-pecherie-la-ligerienne-7553","MultiTaille":{"1920x1440":{"url":"https:\/\/www.saint-brevin.com\/medias\/images\/prestataires\/multitailles\/1920x1440_carte-cadeau-pecherie-la-ligerienne-7553.png"},"1200x900":{"url":"https:\/\/www.saint-brevin.com\/medias\/images\/prestataires\/multitailles\/1200x900_carte-cadeau-pecherie-la-ligerienne-7553.png"},"800x600":{"url":"https:\/\/www.saint-brevin.com\/medias\/images\/prestataires\/multitailles\/800x600_carte-cadeau-pecherie-la-ligerienne-7553.png"},"640x480":{"url":"https:\/\/www.saint-brevin.com\/medias\/images\/prestataires\/multitailles\/640x480_carte-cadeau-pecherie-la-ligerienne-7553.png"},"320x240":{"url":"https:\/\/www.saint-brevin.com\/medias\/images\/prestataires\/multitailles\/320x240_carte-cadeau-pecherie-la-ligerienne-7553.png"},"160x120":{"url":"https:\/\/www.saint-brevin.com\/medias\/images\/prestataires\/multitailles\/160x120_carte-cadeau-pecherie-la-ligerienne-7553.png"},"origine":{"url":"https:\/\/www.saint-brevin.com\/medias\/images\/prestataires\/carte-cadeau-pecherie-la-ligerienne-7553.png"}},"urlLien":"","typeLien":"","nofollow":"N","copyright":""}],"ByCategorie":{"":[{"url":"https:\/\/www.saint-brevin.com\/medias\/images\/prestataires\/pecherie-la-ligerienne-location-st-brevin-carrelet-pays-de-retz-loire-atlantique-loire-1-1991.jpg","chemin":"..\/medias\/images\/prestataires\/pecherie-la-ligerienne-location-st-brevin-carrelet-pays-de-retz-loire-atlantique-loire-1-1991.jpg","libelle":"pecherie-la-ligerienne-location-st-brevin-carrelet-pays-de-retz-loire-atlantique-loire-1-1991","extension":"jpg","categorie":"","largeur":800,"theme":"","hauteur":480,"type":"Image","origine":"","liaisonPave":"","langue":"","id":"1991","urlVignette":"https:\/\/www.saint-brevin.com\/medias\/images\/prestataires\/v-pecherie-la-ligerienne-location-st-brevin-carrelet-pays-de-retz-loire-atlantique-loire-1-1991.jpg","alt":"pecherie-la-ligerienne-location-st-brevin-carrelet-pays-de-retz-loire-atlantique-loire-1-1991","title":"pecherie-la-ligerienne-location-st-brevin-carrelet-pays-de-retz-loire-atlantique-loire-1-1991","MultiTaille":{"1920x1440":{"url":"https:\/\/www.saint-brevin.com\/medias\/images\/prestataires\/multitailles\/1920x1440_pecherie-la-ligerienne-location-st-brevin-carrelet-pays-de-retz-loire-atlantique-loire-1-1991.jpg"},"1200x900":{"url":"https:\/\/www.saint-brevin.com\/medias\/images\/prestataires\/multitailles\/1200x900_pecherie-la-ligerienne-location-st-brevin-carrelet-pays-de-retz-loire-atlantique-loire-1-1991.jpg"},"800x600":{"url":"https:\/\/www.saint-brevin.com\/medias\/images\/prestataires\/multitailles\/800x600_pecherie-la-ligerienne-location-st-brevin-carrelet-pays-de-retz-loire-atlantique-loire-1-1991.jpg"},"640x480":{"url":"https:\/\/www.saint-brevin.com\/medias\/images\/prestataires\/multitailles\/640x480_pecherie-la-ligerienne-location-st-brevin-carrelet-pays-de-retz-loire-atlantique-loire-1-1991.jpg"},"320x240":{"url":"https:\/\/www.saint-brevin.com\/medias\/images\/prestataires\/multitailles\/320x240_pecherie-la-ligerienne-location-st-brevin-carrelet-pays-de-retz-loire-atlantique-loire-1-1991.jpg"},"160x120":{"url":"https:\/\/www.saint-brevin.com\/medias\/images\/prestataires\/multitailles\/160x120_pecherie-la-ligerienne-location-st-brevin-carrelet-pays-de-retz-loire-atlantique-loire-1-1991.jpg"},"origine":{"url":"https:\/\/www.saint-brevin.com\/medias\/images\/prestataires\/pecherie-la-ligerienne-location-st-brevin-carrelet-pays-de-retz-loire-atlantique-loire-1-1991.jpg"}},"urlLien":"","typeLien":"","nofollow":"N","copyright":""},{"url":"https:\/\/www.saint-brevin.com\/medias\/images\/prestataires\/pecherie-la-ligerienne-location-st-brevin-carrelet-pays-de-retz-loire-atlantique-loire-2-1992.jpg","chemin":"..\/medias\/images\/prestataires\/pecherie-la-ligerienne-location-st-brevin-carrelet-pays-de-retz-loire-atlantique-loire-2-1992.jpg","libelle":"pecherie-la-ligerienne-location-st-brevin-carrelet-pays-de-retz-loire-atlantique-loire-2-1992","extension":"jpg","categorie":"","largeur":800,"theme":"","hauteur":480,"type":"Image","origine":"","liaisonPave":"","langue":"","id":"1992","urlVignette":"https:\/\/www.saint-brevin.com\/medias\/images\/prestataires\/v-pecherie-la-ligerienne-location-st-brevin-carrelet-pays-de-retz-loire-atlantique-loire-2-1992.jpg","alt":"pecherie-la-ligerienne-location-st-brevin-carrelet-pays-de-retz-loire-atlantique-loire-2-1992","title":"pecherie-la-ligerienne-location-st-brevin-carrelet-pays-de-retz-loire-atlantique-loire-2-1992","MultiTaille":{"1920x1440":{"url":"https:\/\/www.saint-brevin.com\/medias\/images\/prestataires\/multitailles\/1920x1440_pecherie-la-ligerienne-location-st-brevin-carrelet-pays-de-retz-loire-atlantique-loire-2-1992.jpg"},"1200x900":{"url":"https:\/\/www.saint-brevin.com\/medias\/images\/prestataires\/multitailles\/1200x900_pecherie-la-ligerienne-location-st-brevin-carrelet-pays-de-retz-loire-atlantique-loire-2-1992.jpg"},"800x600":{"url":"https:\/\/www.saint-brevin.com\/medias\/images\/prestataires\/multitailles\/800x600_pecherie-la-ligerienne-location-st-brevin-carrelet-pays-de-retz-loire-atlantique-loire-2-1992.jpg"},"640x480":{"url":"https:\/\/www.saint-brevin.com\/medias\/images\/prestataires\/multitailles\/640x480_pecherie-la-ligerienne-location-st-brevin-carrelet-pays-de-retz-loire-atlantique-loire-2-1992.jpg"},"320x240":{"url":"https:\/\/www.saint-brevin.com\/medias\/images\/prestataires\/multitailles\/320x240_pecherie-la-ligerienne-location-st-brevin-carrelet-pays-de-retz-loire-atlantique-loire-2-1992.jpg"},"160x120":{"url":"https:\/\/www.saint-brevin.com\/medias\/images\/prestataires\/multitailles\/160x120_pecherie-la-ligerienne-location-st-brevin-carrelet-pays-de-retz-loire-atlantique-loire-2-1992.jpg"},"origine":{"url":"https:\/\/www.saint-brevin.com\/medias\/images\/prestataires\/pecherie-la-ligerienne-location-st-brevin-carrelet-pays-de-retz-loire-atlantique-loire-2-1992.jpg"}},"urlLien":"","typeLien":"","nofollow":"N","copyright":""},{"url":"https:\/\/www.saint-brevin.com\/medias\/images\/prestataires\/pecherie-la-ligerienne-location-st-brevin-carrelet-pays-de-retz-loire-atlantique-loire-3-1993.jpg","chemin":"..\/medias\/images\/prestataires\/pecherie-la-ligerienne-location-st-brevin-carrelet-pays-de-retz-loire-atlantique-loire-3-1993.jpg","libelle":"pecherie-la-ligerienne-location-st-brevin-carrelet-pays-de-retz-loire-atlantique-loire-3-1993","extension":"jpg","categorie":"","largeur":800,"theme":"","hauteur":480,"type":"Image","origine":"","liaisonPave":"","langue":"","id":"1993","urlVignette":"https:\/\/www.saint-brevin.com\/medias\/images\/prestataires\/v-pecherie-la-ligerienne-location-st-brevin-carrelet-pays-de-retz-loire-atlantique-loire-3-1993.jpg","alt":"pecherie-la-ligerienne-location-st-brevin-carrelet-pays-de-retz-loire-atlantique-loire-3-1993","title":"pecherie-la-ligerienne-location-st-brevin-carrelet-pays-de-retz-loire-atlantique-loire-3-1993","MultiTaille":{"1920x1440":{"url":"https:\/\/www.saint-brevin.com\/medias\/images\/prestataires\/multitailles\/1920x1440_pecherie-la-ligerienne-location-st-brevin-carrelet-pays-de-retz-loire-atlantique-loire-3-1993.jpg"},"1200x900":{"url":"https:\/\/www.saint-brevin.com\/medias\/images\/prestataires\/multitailles\/1200x900_pecherie-la-ligerienne-location-st-brevin-carrelet-pays-de-retz-loire-atlantique-loire-3-1993.jpg"},"800x600":{"url":"https:\/\/www.saint-brevin.com\/medias\/images\/prestataires\/multitailles\/800x600_pecherie-la-ligerienne-location-st-brevin-carrelet-pays-de-retz-loire-atlantique-loire-3-1993.jpg"},"640x480":{"url":"https:\/\/www.saint-brevin.com\/medias\/images\/prestataires\/multitailles\/640x480_pecherie-la-ligerienne-location-st-brevin-carrelet-pays-de-retz-loire-atlantique-loire-3-1993.jpg"},"320x240":{"url":"https:\/\/www.saint-brevin.com\/medias\/images\/prestataires\/multitailles\/320x240_pecherie-la-ligerienne-location-st-brevin-carrelet-pays-de-retz-loire-atlantique-loire-3-1993.jpg"},"160x120":{"url":"https:\/\/www.saint-brevin.com\/medias\/images\/prestataires\/multitailles\/160x120_pecherie-la-ligerienne-location-st-brevin-carrelet-pays-de-retz-loire-atlantique-loire-3-1993.jpg"},"origine":{"url":"https:\/\/www.saint-brevin.com\/medias\/images\/prestataires\/pecherie-la-ligerienne-location-st-brevin-carrelet-pays-de-retz-loire-atlantique-loire-3-1993.jpg"}},"urlLien":"","typeLien":"","nofollow":"N","copyright":""},{"url":"https:\/\/www.saint-brevin.com\/medias\/images\/prestataires\/pecherie-la-ligerienne-location-st-brevin-carrelet-pays-de-retz-loire-atlantique-loire-10-2000.jpg","chemin":"..\/medias\/images\/prestataires\/pecherie-la-ligerienne-location-st-brevin-carrelet-pays-de-retz-loire-atlantique-loire-10-2000.jpg","libelle":"pecherie-la-ligerienne-location-st-brevin-carrelet-pays-de-retz-loire-atlantique-loire-10-2000","extension":"jpg","categorie":"","largeur":800,"theme":"","hauteur":480,"type":"Image","origine":"","liaisonPave":"","langue":"","id":"2000","urlVignette":"https:\/\/www.saint-brevin.com\/medias\/images\/prestataires\/v-pecherie-la-ligerienne-location-st-brevin-carrelet-pays-de-retz-loire-atlantique-loire-10-2000.jpg","alt":"pecherie-la-ligerienne-location-st-brevin-carrelet-pays-de-retz-loire-atlantique-loire-10-2000","title":"pecherie-la-ligerienne-location-st-brevin-carrelet-pays-de-retz-loire-atlantique-loire-10-2000","MultiTaille":{"1920x1440":{"url":"https:\/\/www.saint-brevin.com\/medias\/images\/prestataires\/multitailles\/1920x1440_pecherie-la-ligerienne-location-st-brevin-carrelet-pays-de-retz-loire-atlantique-loire-10-2000.jpg"},"1200x900":{"url":"https:\/\/www.saint-brevin.com\/medias\/images\/prestataires\/multitailles\/1200x900_pecherie-la-ligerienne-location-st-brevin-carrelet-pays-de-retz-loire-atlantique-loire-10-2000.jpg"},"800x600":{"url":"https:\/\/www.saint-brevin.com\/medias\/images\/prestataires\/multitailles\/800x600_pecherie-la-ligerienne-location-st-brevin-carrelet-pays-de-retz-loire-atlantique-loire-10-2000.jpg"},"640x480":{"url":"https:\/\/www.saint-brevin.com\/medias\/images\/prestataires\/multitailles\/640x480_pecherie-la-ligerienne-location-st-brevin-carrelet-pays-de-retz-loire-atlantique-loire-10-2000.jpg"},"320x240":{"url":"https:\/\/www.saint-brevin.com\/medias\/images\/prestataires\/multitailles\/320x240_pecherie-la-ligerienne-location-st-brevin-carrelet-pays-de-retz-loire-atlantique-loire-10-2000.jpg"},"160x120":{"url":"https:\/\/www.saint-brevin.com\/medias\/images\/prestataires\/multitailles\/160x120_pecherie-la-ligerienne-location-st-brevin-carrelet-pays-de-retz-loire-atlantique-loire-10-2000.jpg"},"origine":{"url":"https:\/\/www.saint-brevin.com\/medias\/images\/prestataires\/pecherie-la-ligerienne-location-st-brevin-carrelet-pays-de-retz-loire-atlantique-loire-10-2000.jpg"}},"urlLien":"","typeLien":"","nofollow":"N","copyright":""},{"url":"https:\/\/www.saint-brevin.com\/medias\/images\/prestataires\/pecherie-la-ligerienne-location-st-brevin-carrelet-pays-de-retz-loire-atlantique-loire-7-1997.jpg","chemin":"..\/medias\/images\/prestataires\/pecherie-la-ligerienne-location-st-brevin-carrelet-pays-de-retz-loire-atlantique-loire-7-1997.jpg","libelle":"pecherie-la-ligerienne-location-st-brevin-carrelet-pays-de-retz-loire-atlantique-loire-7-1997","extension":"jpg","categorie":"","largeur":800,"theme":"","hauteur":480,"type":"Image","origine":"","liaisonPave":"","langue":"","id":"1997","urlVignette":"https:\/\/www.saint-brevin.com\/medias\/images\/prestataires\/v-pecherie-la-ligerienne-location-st-brevin-carrelet-pays-de-retz-loire-atlantique-loire-7-1997.jpg","alt":"pecherie-la-ligerienne-location-st-brevin-carrelet-pays-de-retz-loire-atlantique-loire-7-1997","title":"pecherie-la-ligerienne-location-st-brevin-carrelet-pays-de-retz-loire-atlantique-loire-7-1997","MultiTaille":{"1920x1440":{"url":"https:\/\/www.saint-brevin.com\/medias\/images\/prestataires\/multitailles\/1920x1440_pecherie-la-ligerienne-location-st-brevin-carrelet-pays-de-retz-loire-atlantique-loire-7-1997.jpg"},"1200x900":{"url":"https:\/\/www.saint-brevin.com\/medias\/images\/prestataires\/multitailles\/1200x900_pecherie-la-ligerienne-location-st-brevin-carrelet-pays-de-retz-loire-atlantique-loire-7-1997.jpg"},"800x600":{"url":"https:\/\/www.saint-brevin.com\/medias\/images\/prestataires\/multitailles\/800x600_pecherie-la-ligerienne-location-st-brevin-carrelet-pays-de-retz-loire-atlantique-loire-7-1997.jpg"},"640x480":{"url":"https:\/\/www.saint-brevin.com\/medias\/images\/prestataires\/multitailles\/640x480_pecherie-la-ligerienne-location-st-brevin-carrelet-pays-de-retz-loire-atlantique-loire-7-1997.jpg"},"320x240":{"url":"https:\/\/www.saint-brevin.com\/medias\/images\/prestataires\/multitailles\/320x240_pecherie-la-ligerienne-location-st-brevin-carrelet-pays-de-retz-loire-atlantique-loire-7-1997.jpg"},"160x120":{"url":"https:\/\/www.saint-brevin.com\/medias\/images\/prestataires\/multitailles\/160x120_pecherie-la-ligerienne-location-st-brevin-carrelet-pays-de-retz-loire-atlantique-loire-7-1997.jpg"},"origine":{"url":"https:\/\/www.saint-brevin.com\/medias\/images\/prestataires\/pecherie-la-ligerienne-location-st-brevin-carrelet-pays-de-retz-loire-atlantique-loire-7-1997.jpg"}},"urlLien":"","typeLien":"","nofollow":"N","copyright":""},{"url":"https:\/\/www.saint-brevin.com\/medias\/images\/prestataires\/pecherie-la-ligerienne-location-st-brevin-carrelet-pays-de-retz-loire-atlantique-loire-9-1999.jpg","chemin":"..\/medias\/images\/prestataires\/pecherie-la-ligerienne-location-st-brevin-carrelet-pays-de-retz-loire-atlantique-loire-9-1999.jpg","libelle":"pecherie-la-ligerienne-location-st-brevin-carrelet-pays-de-retz-loire-atlantique-loire-9-1999","extension":"jpg","categorie":"","largeur":800,"theme":"","hauteur":480,"type":"Image","origine":"","liaisonPave":"","langue":"","id":"1999","urlVignette":"https:\/\/www.saint-brevin.com\/medias\/images\/prestataires\/v-pecherie-la-ligerienne-location-st-brevin-carrelet-pays-de-retz-loire-atlantique-loire-9-1999.jpg","alt":"pecherie-la-ligerienne-location-st-brevin-carrelet-pays-de-retz-loire-atlantique-loire-9-1999","title":"pecherie-la-ligerienne-location-st-brevin-carrelet-pays-de-retz-loire-atlantique-loire-9-1999","MultiTaille":{"1920x1440":{"url":"https:\/\/www.saint-brevin.com\/medias\/images\/prestataires\/multitailles\/1920x1440_pecherie-la-ligerienne-location-st-brevin-carrelet-pays-de-retz-loire-atlantique-loire-9-1999.jpg"},"1200x900":{"url":"https:\/\/www.saint-brevin.com\/medias\/images\/prestataires\/multitailles\/1200x900_pecherie-la-ligerienne-location-st-brevin-carrelet-pays-de-retz-loire-atlantique-loire-9-1999.jpg"},"800x600":{"url":"https:\/\/www.saint-brevin.com\/medias\/images\/prestataires\/multitailles\/800x600_pecherie-la-ligerienne-location-st-brevin-carrelet-pays-de-retz-loire-atlantique-loire-9-1999.jpg"},"640x480":{"url":"https:\/\/www.saint-brevin.com\/medias\/images\/prestataires\/multitailles\/640x480_pecherie-la-ligerienne-location-st-brevin-carrelet-pays-de-retz-loire-atlantique-loire-9-1999.jpg"},"320x240":{"url":"https:\/\/www.saint-brevin.com\/medias\/images\/prestataires\/multitailles\/320x240_pecherie-la-ligerienne-location-st-brevin-carrelet-pays-de-retz-loire-atlantique-loire-9-1999.jpg"},"160x120":{"url":"https:\/\/www.saint-brevin.com\/medias\/images\/prestataires\/multitailles\/160x120_pecherie-la-ligerienne-location-st-brevin-carrelet-pays-de-retz-loire-atlantique-loire-9-1999.jpg"},"origine":{"url":"https:\/\/www.saint-brevin.com\/medias\/images\/prestataires\/pecherie-la-ligerienne-location-st-brevin-carrelet-pays-de-retz-loire-atlantique-loire-9-1999.jpg"}},"urlLien":"","typeLien":"","nofollow":"N","copyright":""},{"url":"https:\/\/www.saint-brevin.com\/medias\/images\/prestataires\/pecherie-la-ligerienne-location-st-brevin-carrelet-pays-de-retz-loire-atlantique-loire-4-1995.jpg","chemin":"..\/medias\/images\/prestataires\/pecherie-la-ligerienne-location-st-brevin-carrelet-pays-de-retz-loire-atlantique-loire-4-1995.jpg","libelle":"pecherie-la-ligerienne-location-st-brevin-carrelet-pays-de-retz-loire-atlantique-loire-4-1995","extension":"jpg","categorie":"","largeur":800,"theme":"","hauteur":480,"type":"Image","origine":"","liaisonPave":"","langue":"","id":"1995","urlVignette":"https:\/\/www.saint-brevin.com\/medias\/images\/prestataires\/v-pecherie-la-ligerienne-location-st-brevin-carrelet-pays-de-retz-loire-atlantique-loire-4-1995.jpg","alt":"pecherie-la-ligerienne-location-st-brevin-carrelet-pays-de-retz-loire-atlantique-loire-4-1995","title":"pecherie-la-ligerienne-location-st-brevin-carrelet-pays-de-retz-loire-atlantique-loire-4-1995","MultiTaille":{"1920x1440":{"url":"https:\/\/www.saint-brevin.com\/medias\/images\/prestataires\/multitailles\/1920x1440_pecherie-la-ligerienne-location-st-brevin-carrelet-pays-de-retz-loire-atlantique-loire-4-1995.jpg"},"1200x900":{"url":"https:\/\/www.saint-brevin.com\/medias\/images\/prestataires\/multitailles\/1200x900_pecherie-la-ligerienne-location-st-brevin-carrelet-pays-de-retz-loire-atlantique-loire-4-1995.jpg"},"800x600":{"url":"https:\/\/www.saint-brevin.com\/medias\/images\/prestataires\/multitailles\/800x600_pecherie-la-ligerienne-location-st-brevin-carrelet-pays-de-retz-loire-atlantique-loire-4-1995.jpg"},"640x480":{"url":"https:\/\/www.saint-brevin.com\/medias\/images\/prestataires\/multitailles\/640x480_pecherie-la-ligerienne-location-st-brevin-carrelet-pays-de-retz-loire-atlantique-loire-4-1995.jpg"},"320x240":{"url":"https:\/\/www.saint-brevin.com\/medias\/images\/prestataires\/multitailles\/320x240_pecherie-la-ligerienne-location-st-brevin-carrelet-pays-de-retz-loire-atlantique-loire-4-1995.jpg"},"160x120":{"url":"https:\/\/www.saint-brevin.com\/medias\/images\/prestataires\/multitailles\/160x120_pecherie-la-ligerienne-location-st-brevin-carrelet-pays-de-retz-loire-atlantique-loire-4-1995.jpg"},"origine":{"url":"https:\/\/www.saint-brevin.com\/medias\/images\/prestataires\/pecherie-la-ligerienne-location-st-brevin-carrelet-pays-de-retz-loire-atlantique-loire-4-1995.jpg"}},"urlLien":"","typeLien":"","nofollow":"N","copyright":""},{"url":"https:\/\/www.saint-brevin.com\/medias\/images\/prestataires\/pecherie-la-ligerienne-location-st-brevin-carrelet-pays-de-retz-loire-atlantique-loire-6-1996.jpg","chemin":"..\/medias\/images\/prestataires\/pecherie-la-ligerienne-location-st-brevin-carrelet-pays-de-retz-loire-atlantique-loire-6-1996.jpg","libelle":"pecherie-la-ligerienne-location-st-brevin-carrelet-pays-de-retz-loire-atlantique-loire-6-1996","extension":"jpg","categorie":"","largeur":480,"theme":"","hauteur":800,"type":"Image","origine":"","liaisonPave":"","langue":"","id":"1996","urlVignette":"https:\/\/www.saint-brevin.com\/medias\/images\/prestataires\/v-pecherie-la-ligerienne-location-st-brevin-carrelet-pays-de-retz-loire-atlantique-loire-6-1996.jpg","alt":"pecherie-la-ligerienne-location-st-brevin-carrelet-pays-de-retz-loire-atlantique-loire-6-1996","title":"pecherie-la-ligerienne-location-st-brevin-carrelet-pays-de-retz-loire-atlantique-loire-6-1996","MultiTaille":{"1920x1440":{"url":"https:\/\/www.saint-brevin.com\/medias\/images\/prestataires\/multitailles\/1920x1440_pecherie-la-ligerienne-location-st-brevin-carrelet-pays-de-retz-loire-atlantique-loire-6-1996.jpg"},"1200x900":{"url":"https:\/\/www.saint-brevin.com\/medias\/images\/prestataires\/multitailles\/1200x900_pecherie-la-ligerienne-location-st-brevin-carrelet-pays-de-retz-loire-atlantique-loire-6-1996.jpg"},"800x600":{"url":"https:\/\/www.saint-brevin.com\/medias\/images\/prestataires\/multitailles\/800x600_pecherie-la-ligerienne-location-st-brevin-carrelet-pays-de-retz-loire-atlantique-loire-6-1996.jpg"},"640x480":{"url":"https:\/\/www.saint-brevin.com\/medias\/images\/prestataires\/multitailles\/640x480_pecherie-la-ligerienne-location-st-brevin-carrelet-pays-de-retz-loire-atlantique-loire-6-1996.jpg"},"320x240":{"url":"https:\/\/www.saint-brevin.com\/medias\/images\/prestataires\/multitailles\/320x240_pecherie-la-ligerienne-location-st-brevin-carrelet-pays-de-retz-loire-atlantique-loire-6-1996.jpg"},"160x120":{"url":"https:\/\/www.saint-brevin.com\/medias\/images\/prestataires\/multitailles\/160x120_pecherie-la-ligerienne-location-st-brevin-carrelet-pays-de-retz-loire-atlantique-loire-6-1996.jpg"},"origine":{"url":"https:\/\/www.saint-brevin.com\/medias\/images\/prestataires\/pecherie-la-ligerienne-location-st-brevin-carrelet-pays-de-retz-loire-atlantique-loire-6-1996.jpg"}},"urlLien":"","typeLien":"","nofollow":"N","copyright":""},{"url":"https:\/\/www.saint-brevin.com\/medias\/images\/prestataires\/pecherie-la-ligerienne-location-st-brevin-carrelet-pays-de-retz-loire-atlantique-loire-8-1998.jpg","chemin":"..\/medias\/images\/prestataires\/pecherie-la-ligerienne-location-st-brevin-carrelet-pays-de-retz-loire-atlantique-loire-8-1998.jpg","libelle":"pecherie-la-ligerienne-location-st-brevin-carrelet-pays-de-retz-loire-atlantique-loire-8-1998","extension":"jpg","categorie":"","largeur":480,"theme":"","hauteur":800,"type":"Image","origine":"","liaisonPave":"","langue":"","id":"1998","urlVignette":"https:\/\/www.saint-brevin.com\/medias\/images\/prestataires\/v-pecherie-la-ligerienne-location-st-brevin-carrelet-pays-de-retz-loire-atlantique-loire-8-1998.jpg","alt":"pecherie-la-ligerienne-location-st-brevin-carrelet-pays-de-retz-loire-atlantique-loire-8-1998","title":"pecherie-la-ligerienne-location-st-brevin-carrelet-pays-de-retz-loire-atlantique-loire-8-1998","MultiTaille":{"1920x1440":{"url":"https:\/\/www.saint-brevin.com\/medias\/images\/prestataires\/multitailles\/1920x1440_pecherie-la-ligerienne-location-st-brevin-carrelet-pays-de-retz-loire-atlantique-loire-8-1998.jpg"},"1200x900":{"url":"https:\/\/www.saint-brevin.com\/medias\/images\/prestataires\/multitailles\/1200x900_pecherie-la-ligerienne-location-st-brevin-carrelet-pays-de-retz-loire-atlantique-loire-8-1998.jpg"},"800x600":{"url":"https:\/\/www.saint-brevin.com\/medias\/images\/prestataires\/multitailles\/800x600_pecherie-la-ligerienne-location-st-brevin-carrelet-pays-de-retz-loire-atlantique-loire-8-1998.jpg"},"640x480":{"url":"https:\/\/www.saint-brevin.com\/medias\/images\/prestataires\/multitailles\/640x480_pecherie-la-ligerienne-location-st-brevin-carrelet-pays-de-retz-loire-atlantique-loire-8-1998.jpg"},"320x240":{"url":"https:\/\/www.saint-brevin.com\/medias\/images\/prestataires\/multitailles\/320x240_pecherie-la-ligerienne-location-st-brevin-carrelet-pays-de-retz-loire-atlantique-loire-8-1998.jpg"},"160x120":{"url":"https:\/\/www.saint-brevin.com\/medias\/images\/prestataires\/multitailles\/160x120_pecherie-la-ligerienne-location-st-brevin-carrelet-pays-de-retz-loire-atlantique-loire-8-1998.jpg"},"origine":{"url":"https:\/\/www.saint-brevin.com\/medias\/images\/prestataires\/pecherie-la-ligerienne-location-st-brevin-carrelet-pays-de-retz-loire-atlantique-loire-8-1998.jpg"}},"urlLien":"","typeLien":"","nofollow":"N","copyright":""},{"url":"https:\/\/www.saint-brevin.com\/medias\/images\/prestataires\/pecherie-la-ligerienne-location-st-brevin-carrelet-pays-de-retz-loire-atlantique-loire-5-1994.jpg","chemin":"..\/medias\/images\/prestataires\/pecherie-la-ligerienne-location-st-brevin-carrelet-pays-de-retz-loire-atlantique-loire-5-1994.jpg","libelle":"pecherie-la-ligerienne-location-st-brevin-carrelet-pays-de-retz-loire-atlantique-loire-5-1994","extension":"jpg","categorie":"","largeur":480,"theme":"","hauteur":800,"type":"Image","origine":"","liaisonPave":"","langue":"","id":"1994","urlVignette":"https:\/\/www.saint-brevin.com\/medias\/images\/prestataires\/v-pecherie-la-ligerienne-location-st-brevin-carrelet-pays-de-retz-loire-atlantique-loire-5-1994.jpg","alt":"pecherie-la-ligerienne-location-st-brevin-carrelet-pays-de-retz-loire-atlantique-loire-5-1994","title":"pecherie-la-ligerienne-location-st-brevin-carrelet-pays-de-retz-loire-atlantique-loire-5-1994","MultiTaille":{"1920x1440":{"url":"https:\/\/www.saint-brevin.com\/medias\/images\/prestataires\/multitailles\/1920x1440_pecherie-la-ligerienne-location-st-brevin-carrelet-pays-de-retz-loire-atlantique-loire-5-1994.jpg"},"1200x900":{"url":"https:\/\/www.saint-brevin.com\/medias\/images\/prestataires\/multitailles\/1200x900_pecherie-la-ligerienne-location-st-brevin-carrelet-pays-de-retz-loire-atlantique-loire-5-1994.jpg"},"800x600":{"url":"https:\/\/www.saint-brevin.com\/medias\/images\/prestataires\/multitailles\/800x600_pecherie-la-ligerienne-location-st-brevin-carrelet-pays-de-retz-loire-atlantique-loire-5-1994.jpg"},"640x480":{"url":"https:\/\/www.saint-brevin.com\/medias\/images\/prestataires\/multitailles\/640x480_pecherie-la-ligerienne-location-st-brevin-carrelet-pays-de-retz-loire-atlantique-loire-5-1994.jpg"},"320x240":{"url":"https:\/\/www.saint-brevin.com\/medias\/images\/prestataires\/multitailles\/320x240_pecherie-la-ligerienne-location-st-brevin-carrelet-pays-de-retz-loire-atlantique-loire-5-1994.jpg"},"160x120":{"url":"https:\/\/www.saint-brevin.com\/medias\/images\/prestataires\/multitailles\/160x120_pecherie-la-ligerienne-location-st-brevin-carrelet-pays-de-retz-loire-atlantique-loire-5-1994.jpg"},"origine":{"url":"https:\/\/www.saint-brevin.com\/medias\/images\/prestataires\/pecherie-la-ligerienne-location-st-brevin-carrelet-pays-de-retz-loire-atlantique-loire-5-1994.jpg"}},"urlLien":"","typeLien":"","nofollow":"N","copyright":""},{"url":"https:\/\/www.saint-brevin.com\/medias\/images\/prestataires\/carte-cadeau-pecherie-la-ligerienne-7553.png","chemin":"..\/medias\/images\/prestataires\/carte-cadeau-pecherie-la-ligerienne-7553.png","libelle":"carte-cadeau-pecherie-la-ligerienne-7553","extension":"png","categorie":"","largeur":453,"theme":"","hauteur":640,"type":"Image","origine":"","liaisonPave":"","langue":"","id":"7553","urlVignette":"https:\/\/www.saint-brevin.com\/medias\/images\/prestataires\/v-carte-cadeau-pecherie-la-ligerienne-7553.png","alt":"carte-cadeau-pecherie-la-ligerienne-7553","title":"carte-cadeau-pecherie-la-ligerienne-7553","MultiTaille":{"1920x1440":{"url":"https:\/\/www.saint-brevin.com\/medias\/images\/prestataires\/multitailles\/1920x1440_carte-cadeau-pecherie-la-ligerienne-7553.png"},"1200x900":{"url":"https:\/\/www.saint-brevin.com\/medias\/images\/prestataires\/multitailles\/1200x900_carte-cadeau-pecherie-la-ligerienne-7553.png"},"800x600":{"url":"https:\/\/www.saint-brevin.com\/medias\/images\/prestataires\/multitailles\/800x600_carte-cadeau-pecherie-la-ligerienne-7553.png"},"640x480":{"url":"https:\/\/www.saint-brevin.com\/medias\/images\/prestataires\/multitailles\/640x480_carte-cadeau-pecherie-la-ligerienne-7553.png"},"320x240":{"url":"https:\/\/www.saint-brevin.com\/medias\/images\/prestataires\/multitailles\/320x240_carte-cadeau-pecherie-la-ligerienne-7553.png"},"160x120":{"url":"https:\/\/www.saint-brevin.com\/medias\/images\/prestataires\/multitailles\/160x120_carte-cadeau-pecherie-la-ligerienne-7553.png"},"origine":{"url":"https:\/\/www.saint-brevin.com\/medias\/images\/prestataires\/carte-cadeau-pecherie-la-ligerienne-7553.png"}},"urlLien":"","typeLien":"","nofollow":"N","copyright":""}]}},"Url":"pecherie-la-ligerienne.html","Localisation":{"GoogleMap":{"Latitude":"47.27119","Longitude":"-2.14173"}},"ZoneGeo":"","Criteres":{"NIVPARTENAIRE[COMPLET":"","DESTINATION[DESTINATIONCCSE":"","LCOMMUNES[SAINTBREVIN":"","QUARTIER[AUTRESQUARTIERSAINTBREVINLESPI":"","DISTANCEMER[MOINSDE100":"","FORPRO[LIBRE":"","LDLTH[LSAA":"","LHANDI[HDETAI":"Cheminement sur passerelle en bois et int\u00e9rieur de la p\u00eacherie accessibles, fen\u00eatres avec vue sur Loire adapt\u00e9es PMR. Accompagnateur n\u00e9cessaire, sol irr\u00e9gulier du parking \u00e0 la passerelle","ANIACC[ANNON":"","GROEQU[NBRMIN":"4","GROEQU[NBRMAX":"12","LMPAC[LCBP":"","LMPAC[LESPE":"","AISGT[ADMAJ":"31\/01\/2022","INSPUBMAJ[GRATUITPRECISER":"Association ?","MISEAJOUR[FABIENNE":""},"DateFinPublication":"","PrixAPartirDe":"","PrixPour":"","FicheListeEnCours":"fiche_liste_activites_loisirs_v2017","ParametresModele":{"AfficherPhotos":"1","NbPhotosMax":6,"AfficherReserver":0,"AfficherContact":0,"AfficherSalle":1,"AfficherZoneGeo":0,"AfficherEnSavoirPlus":"1","AfficherUneSeuleOuverture":0,"AfficherContactCarte":1,"AfficherTarifsChaudAPartirDe":0,"AfficherTarifChaudSansRecherche":0,"AfficherLiensCarnetVoyage":"1","AfficherSelectionner":"0","BlocCritereInfo":{"critere1":{"libelle":""},"critere2":{"libelle":""},"critere3":{"libelle":""},"critere4":{"libelle":""},"critere5":{"libelle":""},"critere6":{"libelle":""},"critere7":{"libelle":"","liste_critere":["LCOMMUNES|L"]},"critere8":{"libelle":""},"afficherpictoetpaslibelle":"1"},"BlocPaveInfo":{"texte1":{"pave":["1"],"longeurmax":"","afficherLibelle":"0","garderHtml":"0"}},"Criteres":"NIVPARTENAIRE[COMPLET","PositionBloc":"NOM|GALLERIE|CARNET_VOYAGE|URL","TypePrestataire":"L","ComportementResa":false,"ComportementDispo":false},"AffichageCoordonnees":[],"Coordonnees":{"Ville":"ST BREVIN LES PINS"},"ContexteId":"PRESTATAIRE|L|LOIPDL044V504FWE","ContexteIdHtml":"PRESTATAIRE-L-LOIPDL044V504FWE","cleContexte":"L|LOIPDL044V504FWE","Bloc":{"texte1":"","texte3":"","critere1":{"libelle":"","contenu":[]},"critere2":{"libelle":"","contenu":[]},"critere3":{"libelle":"","contenu":[]},"critere4":{"libelle":"","contenu":[]},"critere5":{"libelle":"","contenu":[]},"critere6":{"libelle":"","contenu":[]},"critere7":{"libelle":"","contenu":{"LCOMMUNES":{"libelle":"COMMUNE","contenu":{"1":"Saint-Brevin"},"codesValeurs":{"1":"LCOMMUNES|SAINTBREVIN|L"},"criteres_datas":{"valeurs":{"1":{"SAINTBREVIN":{"descriptif":""}}}}}}},"critere8":{"libelle":"","contenu":[]},"critere9":{"libelle":"","contenu":[]}},"LocalisationGps":{"Latitude":"47.27119","Longitude":"-2.14173"},"libelleDuPrestataire":"","listeCriteres":{"NIVPARTENAIRE":{"COMPLET":""},"DESTINATION":{"DESTINATIONCCSE":""},"LCOMMUNES":{"SAINTBREVIN":""},"QUARTIER":{"AUTRESQUARTIERSAINTBREVINLESPI":""},"DISTANCEMER":{"MOINSDE100":""},"FORPRO":{"LIBRE":""},"LDLTH":{"LSAA":""},"LHANDI":{"HDETAI":"Cheminement sur passerelle en bois et int\u00e9rieur de la p\u00eacherie accessibles, fen\u00eatres avec vue sur Loire adapt\u00e9es PMR. Accompagnateur n\u00e9cessaire, sol irr\u00e9gulier du parking \u00e0 la passerelle"},"ANIACC":{"ANNON":""},"GROEQU":{"NBRMIN":"4","NBRMAX":"12"},"LMPAC":{"LCBP":"","LESPE":""},"AISGT":{"ADMAJ":"31\/01\/2022"},"INSPUBMAJ":{"GRATUITPRECISER":"Association ?"},"MISEAJOUR":{"FABIENNE":""}},"dansCarnetVoyage":true,"Ouverture":""},"html":" \n \u003Cdiv id=\"CV-PRESTATAIRE-L-LOIPDL044V504FWE\" data-contexte-id=\"PRESTATAIRE|L|LOIPDL044V504FWE\" data-cle=\"L|LOIPDL044V504FWE\" class=\"fiche-liste\"\u003E\n    \n\n    \u003C!-- partie photo --\u003E\n    \u003Cdiv class=\"photo\"\u003E\t\t\t\t\t\t\t\t\t\t\t\t\t\t\t\t\t\t\t\t\t\n        \u003Cdiv class=\"cadre_photo_principale\"\u003E\t\t\n        \n            \t\t\t\t\t\n                    \u003Ca href=\"pecherie-la-ligerienne.html?origine=carnet#media\"\u003E\n                        \u003Cimg class=\"photo_principale\" alt=\"pecherie-la-ligerienne-location-st-brevin-carrelet-pays-de-retz-loire-atlantique-loire-1-1991\" src=\"https:\/\/www.saint-brevin.com\/medias\/images\/prestataires\/multitailles\/320x240_pecherie-la-ligerienne-location-st-brevin-carrelet-pays-de-retz-loire-atlantique-loire-1-1991.jpg\" itemprop=\"image\"\u003E\n                    \u003C\/a\u003E\t\t\t\t\t\t\n                \n                    \u003C\/div\u003E\t\t\t\t\t\t\t\t\t\t\t\t\t\t\t\t\t\t\t \t\t\n    \u003C\/div\u003E\n    \n    \u003C!-- partie nom prest --\u003E\n    \u003Cdiv class=\"nom\"\u003E\n        \u003Ch2\u003EP\u00eacherie La Lig\u00e9rienne\u003C\/h2\u003E\n        \n            \u003C\/div\u003E\n\n         \n    \u003C!-- partie adresse --\u003E\n    \u003Cdiv class=\"adresse\"\u003E\n    \n          \n    \u003C\/div\u003E\n    \n    \u003C!-- partie liens --\u003E\n    \u003Cdiv class=\"liens\"\u003E\n            \u003Ca class=\"btn-icon btn-view \" title=\"Voir la fiche d\u00e9taill\u00e9e\" href=\"pecherie-la-ligerienne.html?origine=carnet\"\u003E\u003C\/a\u003E\u003C!--\u003Ca class=\"btn-icon btn-view \" title=\"\" href=\"?origine=carnet#thaut\"\u003E\u003C\/a\u003E--\u003E\n      \u003Ca class=\"btn-icon btn-trash carnet_voyage_supprimer\" title=\"Supprimer cette fiche de mon carnet de voyage\" href=\"carnet-voyage?action=remove&fiche=L|LOIPDL044V504FWE\"\u003E\u003C\/a\u003E\n    \u003C\/div\u003E\n\n\u003C\/div\u003E\n\n","icon":"https:\/\/static.ingenie.fr\/images\/carnetVoyageV3\/L.png"},"fiche":"L|LOIPDL044V504FWE","popup":"\u003Cdiv id=\"bloc_popup_ajout_fiche_carnet\"\u003E\n    \u003Cdiv class=\"info_popup_ajout_fiche_carnet\"\u003E\n        Vous venez d'ajouter cet \u00e9l\u00e9ment \u00e0 votre carnet de voyage :    \u003C\/div\u003E\n    \u003Cdiv class=\"prest_popup_ajout_fiche_carnet\"\u003E\n        P&ecirc;cherie La Lig&eacute;rienne    \u003C\/div\u003E\n    \u003Cdiv class=\"bloc_btn_ajout_fiche_carnet form_submit_div\"\u003E\n        \u003Cinput type=\"button\" value=\"Continuer ma s\u00e9lection\" title=\"Continuer ma s\u00e9lection\" name=\"btn_close\" class=\"btn_close_popup_carnet form_submit\" onclick=\"$.colorbox.close()\" \/\u003E\n        \u003Cinput type=\"button\" value=\"Voir mon carnet de voyage\" title=\"Voir mon carnet\" name=\"btn_panier\" class=\"btn_panier_popup_carnet form_submit\" onclick=\"if(typeof CarnetVoyage != 'undefined') {CarnetVoyage.voirCarnet();}\" \/\u003E\n    \u003C\/div\u003E\n    \u003Cdiv class=\"bloc_btn_ajout_fiche_carnet\"\u003E\n        \u003Cinput type=\"checkbox\" value=\"1\" name=\"desactiver_popup\" id=\"desactiver_popup\" \/\u003E\n        \u003Clabel for=\"desactiver_popup\"\u003ENe plus afficher ce message\u003C\/label\u003E\n    \u003C\/div\u003E\n\u003C\/div\u003E","success":1}