{"nbFiches":1,"dataPrest":{"infoPrest":{"pave1":{"libelle":"Slogan","contenu":""},"pave2":{"libelle":"Descriptif","contenu":"\u003Cspan style=\"font-size:14px;\"\u003ECet itin&eacute;raire cyclable de 37 km, allant de Saint-Brevin au Pellerin, vous permet de profiter de l&#39;ambiance bucolique du Sud Estuaire.\u003Cbr \/\u003E\r\nDur&eacute;e aller : 2h30 &agrave; 3h.\u003Cbr \/\u003E\r\nLes v&eacute;loroutes de \u003Ca href=\"https:\/\/www.lavelodyssee.com\/itineraire\/le-pellerin-st-brevin-les-pins\" target=\"_blank\"\u003ELa V&eacute;lodyss&eacute;e\u003C\/a\u003E et \u003Ca href=\"https:\/\/www.loireavelo.fr\/\" target=\"_blank\"\u003ELa Loire &agrave; V&eacute;lo\u003C\/a\u003E font route commune sur cet itin&eacute;raire.\u003Cbr \/\u003E\r\n\u003Cbr \/\u003E\r\nEn quittant les plages de sable fin de Saint-Brevin, vous longerez l&rsquo;estuaire de la Loire majestueux pour en d&eacute;couvrir les zones humides et les &eacute;tiers, le Canal Maritime de la Basse-Loire, les petits ports typiques et les oeuvres du parcours artistique Estuaire. Vous d&eacute;couvrirez aussi le charme de Paimboeuf, ses quais et son patrimoine architectural riche.\u003Cbr \/\u003E\r\nArriv&eacute;s au Pellerin, ne manquez pas le spectacle du bac de Loire qui va et vient pour assurer la liaison avec la rive nord.\u003Cbr \/\u003E\r\n\u003Cbr \/\u003E\r\nVous avez envie de continuer votre p&eacute;riple &agrave; v&eacute;lo ? Comptez 25 km de plus pour rallier la ville de Nantes par la rive sud.\u003C\/span\u003E\u003Cbr \/\u003E\r\n\u003Cbr \/\u003E\r\n&nbsp;"},"pave3":{"libelle":"","contenu":""},"pave4":{"libelle":"","contenu":""},"pave5":{"libelle":"","contenu":""},"pave6":{"libelle":"","contenu":""},"pave7":{"libelle":"","contenu":""},"pave8":{"libelle":"","contenu":""},"pave9":{"libelle":"","contenu":""},"pave10":{"libelle":"","contenu":""},"pave11":{"libelle":"","contenu":""},"pave12":{"libelle":"","contenu":""},"pave13":{"libelle":"","contenu":""},"pave14":{"libelle":"","contenu":""},"pave15":{"libelle":"","contenu":""},"pave16":{"libelle":"","contenu":""},"pave17":{"libelle":"","contenu":""},"pave18":{"libelle":"","contenu":""},"pave19":{"libelle":"","contenu":""},"pave20":{"libelle":"","contenu":""},"pave21":{"libelle":"","contenu":""},"pave22":{"libelle":"","contenu":""},"pave23":{"libelle":"","contenu":""},"pave24":{"libelle":"","contenu":""},"pave25":{"libelle":"","contenu":""},"ContactsParType":{"OT":{"350":{"id_contact":"350","type_contact":"OT","categorie_contact":"PRESTATAIRE","societe_contact":"","fonction_contact":"","civilite_nom_prenom_contact":"","adresse1_contact":"","adresse2_contact":"","adresse3_contact":"","cpostal_contact":"","ville_contact":"","teldom_contact":"02 40 27 24 32","telbur_contact":"02 40 27 53 82","fax_contact":"","portable_contact":"","email_contact":"ot@tourisme-saint-brevin.fr","siteweb_contact":"","commentaire_contact":"","langue_contact":"","autre_moyen_com":[]}}},"Libelle":"La Loire \u00e0 V\u00e9lo \/ V\u00e9lodyss\u00e9e : Saint-Brevin - Paimboeuf - Le Pellerin","Nom":"La Loire \u00e0 V\u00e9lo \/ V\u00e9lodyss\u00e9e : Saint-Brevin - Paimboeuf - Le Pellerin","Prenom":"","NomPrenom":"La Loire \u00e0 V\u00e9lo \/ V\u00e9lodyss\u00e9e : Saint-Brevin - Paimboeuf - Le Pellerin ","CiviliteNomPrenom":"La Loire \u00e0 V\u00e9lo \/ V\u00e9lodyss\u00e9e : Saint-Brevin - Paimboeuf - Le Pellerin ","Cle":"I|ITIPDL044V503V98","PrestataireParent":"","ContexteStat":"PRESTATAIRE-I-ITIPDL044V503V98","DateModificationIso":"2024-08-23T16:33:00+02:00","Type":"PRESTATAIRE","TypePrestataire":"I","Adresse":{"LigneAdresse1":"Place Bougainville","LigneAdresse2":"","LigneAdresse3":"","CodePostal":"44250","Ville":"ST BREVIN LES PINS","Cedex":"","Etat":"","Pays":"FRA"},"Email":"ot@tourisme-saint-brevin.fr","Telephone":"02 40 27 24 32","TelephoneBureau":"02 40 27 53 82","Portable":"","SiteWeb":"https:\/\/www.francevelotourisme.com\/itineraire\/la-velodyssee\/le-pellerin-st-brevin-les-pins","Fax":"","Id":"i-itipdl044v503v98","Code":"I|ITIPDL044V503V98","Fichier":{"Document":[{"url":"https:\/\/www.saint-brevin.com\/medias\/images\/prestataires\/la-velodyssee-st-brevin-les-pins-le-pellerin-9515.gpx","chemin":"..\/medias\/images\/prestataires\/la-velodyssee-st-brevin-les-pins-le-pellerin-9515.gpx","libelle":"la-velodyssee-st-brevin-les-pins-le-pellerin-9515","extension":"gpx","categorie":"","largeur":"","theme":"","hauteur":"","type":"Document","origine":"","liaisonPave":"","langue":"","id":"9515","poids":"103.5 Ko","alt":"la-velodyssee-st-brevin-les-pins-le-pellerin-9515","title":"la-velodyssee-st-brevin-les-pins-le-pellerin-9515"}],"ByCategorie":{"":[{"url":"https:\/\/www.saint-brevin.com\/medias\/images\/prestataires\/la-velodyssee-st-brevin-les-pins-le-pellerin-9515.gpx","chemin":"..\/medias\/images\/prestataires\/la-velodyssee-st-brevin-les-pins-le-pellerin-9515.gpx","libelle":"la-velodyssee-st-brevin-les-pins-le-pellerin-9515","extension":"gpx","categorie":"","largeur":"","theme":"","hauteur":"","type":"Document","origine":"","liaisonPave":"","langue":"","id":"9515","poids":"103.5 Ko","alt":"la-velodyssee-st-brevin-les-pins-le-pellerin-9515","title":"la-velodyssee-st-brevin-les-pins-le-pellerin-9515"},{"url":"https:\/\/www.saint-brevin.com\/medias\/images\/prestataires\/vincent-frasiak-ot-st-brevin-velo-5423.jpg","chemin":"..\/medias\/images\/prestataires\/vincent-frasiak-ot-st-brevin-velo-5423.jpg","libelle":"vincent-frasiak-ot-st-brevin-velo-5423","extension":"jpg","categorie":"","largeur":800,"theme":"","hauteur":533,"type":"Image","origine":"","liaisonPave":"","langue":"","id":"5423","urlVignette":"https:\/\/www.saint-brevin.com\/medias\/images\/prestataires\/v-vincent-frasiak-ot-st-brevin-velo-5423.jpg","alt":"vincent-frasiak-ot-st-brevin-velo-5423","title":"vincent-frasiak-ot-st-brevin-velo-5423","MultiTaille":{"1920x1440":{"url":"https:\/\/www.saint-brevin.com\/medias\/images\/prestataires\/multitailles\/1920x1440_vincent-frasiak-ot-st-brevin-velo-5423.jpg"},"1200x900":{"url":"https:\/\/www.saint-brevin.com\/medias\/images\/prestataires\/multitailles\/1200x900_vincent-frasiak-ot-st-brevin-velo-5423.jpg"},"800x600":{"url":"https:\/\/www.saint-brevin.com\/medias\/images\/prestataires\/multitailles\/800x600_vincent-frasiak-ot-st-brevin-velo-5423.jpg"},"640x480":{"url":"https:\/\/www.saint-brevin.com\/medias\/images\/prestataires\/multitailles\/640x480_vincent-frasiak-ot-st-brevin-velo-5423.jpg"},"320x240":{"url":"https:\/\/www.saint-brevin.com\/medias\/images\/prestataires\/multitailles\/320x240_vincent-frasiak-ot-st-brevin-velo-5423.jpg"},"160x120":{"url":"https:\/\/www.saint-brevin.com\/medias\/images\/prestataires\/multitailles\/160x120_vincent-frasiak-ot-st-brevin-velo-5423.jpg"},"origine":{"url":"https:\/\/www.saint-brevin.com\/medias\/images\/prestataires\/vincent-frasiak-ot-st-brevin-velo-5423.jpg"}},"urlLien":"","typeLien":"","nofollow":"N","copyright":""},{"url":"https:\/\/www.youtube.com\/embed\/PkXcADsETnA","libelle":"Vivez la Loire \u00e0 v\u00e9lo le long de l'estuaire","categorie":"","largeur":"","theme":"","hauteur":"","type":"Video","origine":"YOUTUBE","liaisonPave":"","langue":"","id":"5345","htmlVideo":"\u003Ciframe src=\"https:\/\/www.youtube.com\/embed\/PkXcADsETnA?wmode=opaque&rel=0&start=0\" width=\"\" height=\"\" style=\"border:0;\" allowfullscreen\u003E\u003C\/iframe\u003E","vignetteVideo":"\u003Cimg src=\"https:\/\/img.youtube.com\/vi\/PkXcADsETnA\/0.jpg\" \/\u003E"},{"url":"https:\/\/www.saint-brevin.com\/medias\/images\/prestataires\/vincent-frasiak-ot-st-brevin-paimboeuf-5428.jpg","chemin":"..\/medias\/images\/prestataires\/vincent-frasiak-ot-st-brevin-paimboeuf-5428.jpg","libelle":"vincent-frasiak-ot-st-brevin-paimboeuf-5428","extension":"jpg","categorie":"","largeur":800,"theme":"","hauteur":533,"type":"Image","origine":"","liaisonPave":"","langue":"","id":"5428","urlVignette":"https:\/\/www.saint-brevin.com\/medias\/images\/prestataires\/v-vincent-frasiak-ot-st-brevin-paimboeuf-5428.jpg","alt":"vincent-frasiak-ot-st-brevin-paimboeuf-5428","title":"vincent-frasiak-ot-st-brevin-paimboeuf-5428","MultiTaille":{"1920x1440":{"url":"https:\/\/www.saint-brevin.com\/medias\/images\/prestataires\/multitailles\/1920x1440_vincent-frasiak-ot-st-brevin-paimboeuf-5428.jpg"},"1200x900":{"url":"https:\/\/www.saint-brevin.com\/medias\/images\/prestataires\/multitailles\/1200x900_vincent-frasiak-ot-st-brevin-paimboeuf-5428.jpg"},"800x600":{"url":"https:\/\/www.saint-brevin.com\/medias\/images\/prestataires\/multitailles\/800x600_vincent-frasiak-ot-st-brevin-paimboeuf-5428.jpg"},"640x480":{"url":"https:\/\/www.saint-brevin.com\/medias\/images\/prestataires\/multitailles\/640x480_vincent-frasiak-ot-st-brevin-paimboeuf-5428.jpg"},"320x240":{"url":"https:\/\/www.saint-brevin.com\/medias\/images\/prestataires\/multitailles\/320x240_vincent-frasiak-ot-st-brevin-paimboeuf-5428.jpg"},"160x120":{"url":"https:\/\/www.saint-brevin.com\/medias\/images\/prestataires\/multitailles\/160x120_vincent-frasiak-ot-st-brevin-paimboeuf-5428.jpg"},"origine":{"url":"https:\/\/www.saint-brevin.com\/medias\/images\/prestataires\/vincent-frasiak-ot-st-brevin-paimboeuf-5428.jpg"}},"urlLien":"","typeLien":"","nofollow":"N","copyright":""},{"url":"https:\/\/www.saint-brevin.com\/medias\/images\/prestataires\/passerelle-canal-frossay-5425.jpg","chemin":"..\/medias\/images\/prestataires\/passerelle-canal-frossay-5425.jpg","libelle":"passerelle-canal-frossay-5425","extension":"jpg","categorie":"","largeur":800,"theme":"","hauteur":533,"type":"Image","origine":"","liaisonPave":"","langue":"","id":"5425","urlVignette":"https:\/\/www.saint-brevin.com\/medias\/images\/prestataires\/v-passerelle-canal-frossay-5425.jpg","alt":"passerelle-canal-frossay-5425","title":"passerelle-canal-frossay-5425","MultiTaille":{"1920x1440":{"url":"https:\/\/www.saint-brevin.com\/medias\/images\/prestataires\/multitailles\/1920x1440_passerelle-canal-frossay-5425.jpg"},"1200x900":{"url":"https:\/\/www.saint-brevin.com\/medias\/images\/prestataires\/multitailles\/1200x900_passerelle-canal-frossay-5425.jpg"},"800x600":{"url":"https:\/\/www.saint-brevin.com\/medias\/images\/prestataires\/multitailles\/800x600_passerelle-canal-frossay-5425.jpg"},"640x480":{"url":"https:\/\/www.saint-brevin.com\/medias\/images\/prestataires\/multitailles\/640x480_passerelle-canal-frossay-5425.jpg"},"320x240":{"url":"https:\/\/www.saint-brevin.com\/medias\/images\/prestataires\/multitailles\/320x240_passerelle-canal-frossay-5425.jpg"},"160x120":{"url":"https:\/\/www.saint-brevin.com\/medias\/images\/prestataires\/multitailles\/160x120_passerelle-canal-frossay-5425.jpg"},"origine":{"url":"https:\/\/www.saint-brevin.com\/medias\/images\/prestataires\/passerelle-canal-frossay-5425.jpg"}},"urlLien":"","typeLien":"","nofollow":"N","copyright":""},{"url":"https:\/\/www.saint-brevin.com\/medias\/images\/prestataires\/quai-vert-accueil-velo-5426.jpg","chemin":"..\/medias\/images\/prestataires\/quai-vert-accueil-velo-5426.jpg","libelle":"quai-vert-accueil-velo-5426","extension":"jpg","categorie":"","largeur":800,"theme":"","hauteur":533,"type":"Image","origine":"","liaisonPave":"","langue":"","id":"5426","urlVignette":"https:\/\/www.saint-brevin.com\/medias\/images\/prestataires\/v-quai-vert-accueil-velo-5426.jpg","alt":"quai-vert-accueil-velo-5426","title":"quai-vert-accueil-velo-5426","MultiTaille":{"1920x1440":{"url":"https:\/\/www.saint-brevin.com\/medias\/images\/prestataires\/multitailles\/1920x1440_quai-vert-accueil-velo-5426.jpg"},"1200x900":{"url":"https:\/\/www.saint-brevin.com\/medias\/images\/prestataires\/multitailles\/1200x900_quai-vert-accueil-velo-5426.jpg"},"800x600":{"url":"https:\/\/www.saint-brevin.com\/medias\/images\/prestataires\/multitailles\/800x600_quai-vert-accueil-velo-5426.jpg"},"640x480":{"url":"https:\/\/www.saint-brevin.com\/medias\/images\/prestataires\/multitailles\/640x480_quai-vert-accueil-velo-5426.jpg"},"320x240":{"url":"https:\/\/www.saint-brevin.com\/medias\/images\/prestataires\/multitailles\/320x240_quai-vert-accueil-velo-5426.jpg"},"160x120":{"url":"https:\/\/www.saint-brevin.com\/medias\/images\/prestataires\/multitailles\/160x120_quai-vert-accueil-velo-5426.jpg"},"origine":{"url":"https:\/\/www.saint-brevin.com\/medias\/images\/prestataires\/quai-vert-accueil-velo-5426.jpg"}},"urlLien":"","typeLien":"","nofollow":"N","copyright":""},{"url":"https:\/\/www.saint-brevin.com\/medias\/images\/prestataires\/canal-martiniere-loire-a-velo-5424.jpg","chemin":"..\/medias\/images\/prestataires\/canal-martiniere-loire-a-velo-5424.jpg","libelle":"canal-martiniere-loire-a-velo-5424","extension":"jpg","categorie":"","largeur":741,"theme":"","hauteur":533,"type":"Image","origine":"","liaisonPave":"","langue":"","id":"5424","urlVignette":"https:\/\/www.saint-brevin.com\/medias\/images\/prestataires\/v-canal-martiniere-loire-a-velo-5424.jpg","alt":"canal-martiniere-loire-a-velo-5424","title":"canal-martiniere-loire-a-velo-5424","MultiTaille":{"1920x1440":{"url":"https:\/\/www.saint-brevin.com\/medias\/images\/prestataires\/multitailles\/1920x1440_canal-martiniere-loire-a-velo-5424.jpg"},"1200x900":{"url":"https:\/\/www.saint-brevin.com\/medias\/images\/prestataires\/multitailles\/1200x900_canal-martiniere-loire-a-velo-5424.jpg"},"800x600":{"url":"https:\/\/www.saint-brevin.com\/medias\/images\/prestataires\/multitailles\/800x600_canal-martiniere-loire-a-velo-5424.jpg"},"640x480":{"url":"https:\/\/www.saint-brevin.com\/medias\/images\/prestataires\/multitailles\/640x480_canal-martiniere-loire-a-velo-5424.jpg"},"320x240":{"url":"https:\/\/www.saint-brevin.com\/medias\/images\/prestataires\/multitailles\/320x240_canal-martiniere-loire-a-velo-5424.jpg"},"160x120":{"url":"https:\/\/www.saint-brevin.com\/medias\/images\/prestataires\/multitailles\/160x120_canal-martiniere-loire-a-velo-5424.jpg"},"origine":{"url":"https:\/\/www.saint-brevin.com\/medias\/images\/prestataires\/canal-martiniere-loire-a-velo-5424.jpg"}},"urlLien":"","typeLien":"","nofollow":"N","copyright":""},{"url":"https:\/\/www.saint-brevin.com\/medias\/images\/prestataires\/canal-loire-a-velo-nature-frossay-5427.jpg","chemin":"..\/medias\/images\/prestataires\/canal-loire-a-velo-nature-frossay-5427.jpg","libelle":"canal-loire-a-velo-nature-frossay-5427","extension":"jpg","categorie":"","largeur":800,"theme":"","hauteur":533,"type":"Image","origine":"","liaisonPave":"","langue":"","id":"5427","urlVignette":"https:\/\/www.saint-brevin.com\/medias\/images\/prestataires\/v-canal-loire-a-velo-nature-frossay-5427.jpg","alt":"canal-loire-a-velo-nature-frossay-5427","title":"canal-loire-a-velo-nature-frossay-5427","MultiTaille":{"1920x1440":{"url":"https:\/\/www.saint-brevin.com\/medias\/images\/prestataires\/multitailles\/1920x1440_canal-loire-a-velo-nature-frossay-5427.jpg"},"1200x900":{"url":"https:\/\/www.saint-brevin.com\/medias\/images\/prestataires\/multitailles\/1200x900_canal-loire-a-velo-nature-frossay-5427.jpg"},"800x600":{"url":"https:\/\/www.saint-brevin.com\/medias\/images\/prestataires\/multitailles\/800x600_canal-loire-a-velo-nature-frossay-5427.jpg"},"640x480":{"url":"https:\/\/www.saint-brevin.com\/medias\/images\/prestataires\/multitailles\/640x480_canal-loire-a-velo-nature-frossay-5427.jpg"},"320x240":{"url":"https:\/\/www.saint-brevin.com\/medias\/images\/prestataires\/multitailles\/320x240_canal-loire-a-velo-nature-frossay-5427.jpg"},"160x120":{"url":"https:\/\/www.saint-brevin.com\/medias\/images\/prestataires\/multitailles\/160x120_canal-loire-a-velo-nature-frossay-5427.jpg"},"origine":{"url":"https:\/\/www.saint-brevin.com\/medias\/images\/prestataires\/canal-loire-a-velo-nature-frossay-5427.jpg"}},"urlLien":"","typeLien":"","nofollow":"N","copyright":""}]},"Image":[{"url":"https:\/\/www.saint-brevin.com\/medias\/images\/prestataires\/vincent-frasiak-ot-st-brevin-velo-5423.jpg","chemin":"..\/medias\/images\/prestataires\/vincent-frasiak-ot-st-brevin-velo-5423.jpg","libelle":"vincent-frasiak-ot-st-brevin-velo-5423","extension":"jpg","categorie":"","largeur":800,"theme":"","hauteur":533,"type":"Image","origine":"","liaisonPave":"","langue":"","id":"5423","urlVignette":"https:\/\/www.saint-brevin.com\/medias\/images\/prestataires\/v-vincent-frasiak-ot-st-brevin-velo-5423.jpg","alt":"vincent-frasiak-ot-st-brevin-velo-5423","title":"vincent-frasiak-ot-st-brevin-velo-5423","MultiTaille":{"1920x1440":{"url":"https:\/\/www.saint-brevin.com\/medias\/images\/prestataires\/multitailles\/1920x1440_vincent-frasiak-ot-st-brevin-velo-5423.jpg"},"1200x900":{"url":"https:\/\/www.saint-brevin.com\/medias\/images\/prestataires\/multitailles\/1200x900_vincent-frasiak-ot-st-brevin-velo-5423.jpg"},"800x600":{"url":"https:\/\/www.saint-brevin.com\/medias\/images\/prestataires\/multitailles\/800x600_vincent-frasiak-ot-st-brevin-velo-5423.jpg"},"640x480":{"url":"https:\/\/www.saint-brevin.com\/medias\/images\/prestataires\/multitailles\/640x480_vincent-frasiak-ot-st-brevin-velo-5423.jpg"},"320x240":{"url":"https:\/\/www.saint-brevin.com\/medias\/images\/prestataires\/multitailles\/320x240_vincent-frasiak-ot-st-brevin-velo-5423.jpg"},"160x120":{"url":"https:\/\/www.saint-brevin.com\/medias\/images\/prestataires\/multitailles\/160x120_vincent-frasiak-ot-st-brevin-velo-5423.jpg"},"origine":{"url":"https:\/\/www.saint-brevin.com\/medias\/images\/prestataires\/vincent-frasiak-ot-st-brevin-velo-5423.jpg"}},"urlLien":"","typeLien":"","nofollow":"N","copyright":""},{"url":"https:\/\/www.saint-brevin.com\/medias\/images\/prestataires\/vincent-frasiak-ot-st-brevin-paimboeuf-5428.jpg","chemin":"..\/medias\/images\/prestataires\/vincent-frasiak-ot-st-brevin-paimboeuf-5428.jpg","libelle":"vincent-frasiak-ot-st-brevin-paimboeuf-5428","extension":"jpg","categorie":"","largeur":800,"theme":"","hauteur":533,"type":"Image","origine":"","liaisonPave":"","langue":"","id":"5428","urlVignette":"https:\/\/www.saint-brevin.com\/medias\/images\/prestataires\/v-vincent-frasiak-ot-st-brevin-paimboeuf-5428.jpg","alt":"vincent-frasiak-ot-st-brevin-paimboeuf-5428","title":"vincent-frasiak-ot-st-brevin-paimboeuf-5428","MultiTaille":{"1920x1440":{"url":"https:\/\/www.saint-brevin.com\/medias\/images\/prestataires\/multitailles\/1920x1440_vincent-frasiak-ot-st-brevin-paimboeuf-5428.jpg"},"1200x900":{"url":"https:\/\/www.saint-brevin.com\/medias\/images\/prestataires\/multitailles\/1200x900_vincent-frasiak-ot-st-brevin-paimboeuf-5428.jpg"},"800x600":{"url":"https:\/\/www.saint-brevin.com\/medias\/images\/prestataires\/multitailles\/800x600_vincent-frasiak-ot-st-brevin-paimboeuf-5428.jpg"},"640x480":{"url":"https:\/\/www.saint-brevin.com\/medias\/images\/prestataires\/multitailles\/640x480_vincent-frasiak-ot-st-brevin-paimboeuf-5428.jpg"},"320x240":{"url":"https:\/\/www.saint-brevin.com\/medias\/images\/prestataires\/multitailles\/320x240_vincent-frasiak-ot-st-brevin-paimboeuf-5428.jpg"},"160x120":{"url":"https:\/\/www.saint-brevin.com\/medias\/images\/prestataires\/multitailles\/160x120_vincent-frasiak-ot-st-brevin-paimboeuf-5428.jpg"},"origine":{"url":"https:\/\/www.saint-brevin.com\/medias\/images\/prestataires\/vincent-frasiak-ot-st-brevin-paimboeuf-5428.jpg"}},"urlLien":"","typeLien":"","nofollow":"N","copyright":""},{"url":"https:\/\/www.saint-brevin.com\/medias\/images\/prestataires\/passerelle-canal-frossay-5425.jpg","chemin":"..\/medias\/images\/prestataires\/passerelle-canal-frossay-5425.jpg","libelle":"passerelle-canal-frossay-5425","extension":"jpg","categorie":"","largeur":800,"theme":"","hauteur":533,"type":"Image","origine":"","liaisonPave":"","langue":"","id":"5425","urlVignette":"https:\/\/www.saint-brevin.com\/medias\/images\/prestataires\/v-passerelle-canal-frossay-5425.jpg","alt":"passerelle-canal-frossay-5425","title":"passerelle-canal-frossay-5425","MultiTaille":{"1920x1440":{"url":"https:\/\/www.saint-brevin.com\/medias\/images\/prestataires\/multitailles\/1920x1440_passerelle-canal-frossay-5425.jpg"},"1200x900":{"url":"https:\/\/www.saint-brevin.com\/medias\/images\/prestataires\/multitailles\/1200x900_passerelle-canal-frossay-5425.jpg"},"800x600":{"url":"https:\/\/www.saint-brevin.com\/medias\/images\/prestataires\/multitailles\/800x600_passerelle-canal-frossay-5425.jpg"},"640x480":{"url":"https:\/\/www.saint-brevin.com\/medias\/images\/prestataires\/multitailles\/640x480_passerelle-canal-frossay-5425.jpg"},"320x240":{"url":"https:\/\/www.saint-brevin.com\/medias\/images\/prestataires\/multitailles\/320x240_passerelle-canal-frossay-5425.jpg"},"160x120":{"url":"https:\/\/www.saint-brevin.com\/medias\/images\/prestataires\/multitailles\/160x120_passerelle-canal-frossay-5425.jpg"},"origine":{"url":"https:\/\/www.saint-brevin.com\/medias\/images\/prestataires\/passerelle-canal-frossay-5425.jpg"}},"urlLien":"","typeLien":"","nofollow":"N","copyright":""},{"url":"https:\/\/www.saint-brevin.com\/medias\/images\/prestataires\/quai-vert-accueil-velo-5426.jpg","chemin":"..\/medias\/images\/prestataires\/quai-vert-accueil-velo-5426.jpg","libelle":"quai-vert-accueil-velo-5426","extension":"jpg","categorie":"","largeur":800,"theme":"","hauteur":533,"type":"Image","origine":"","liaisonPave":"","langue":"","id":"5426","urlVignette":"https:\/\/www.saint-brevin.com\/medias\/images\/prestataires\/v-quai-vert-accueil-velo-5426.jpg","alt":"quai-vert-accueil-velo-5426","title":"quai-vert-accueil-velo-5426","MultiTaille":{"1920x1440":{"url":"https:\/\/www.saint-brevin.com\/medias\/images\/prestataires\/multitailles\/1920x1440_quai-vert-accueil-velo-5426.jpg"},"1200x900":{"url":"https:\/\/www.saint-brevin.com\/medias\/images\/prestataires\/multitailles\/1200x900_quai-vert-accueil-velo-5426.jpg"},"800x600":{"url":"https:\/\/www.saint-brevin.com\/medias\/images\/prestataires\/multitailles\/800x600_quai-vert-accueil-velo-5426.jpg"},"640x480":{"url":"https:\/\/www.saint-brevin.com\/medias\/images\/prestataires\/multitailles\/640x480_quai-vert-accueil-velo-5426.jpg"},"320x240":{"url":"https:\/\/www.saint-brevin.com\/medias\/images\/prestataires\/multitailles\/320x240_quai-vert-accueil-velo-5426.jpg"},"160x120":{"url":"https:\/\/www.saint-brevin.com\/medias\/images\/prestataires\/multitailles\/160x120_quai-vert-accueil-velo-5426.jpg"},"origine":{"url":"https:\/\/www.saint-brevin.com\/medias\/images\/prestataires\/quai-vert-accueil-velo-5426.jpg"}},"urlLien":"","typeLien":"","nofollow":"N","copyright":""},{"url":"https:\/\/www.saint-brevin.com\/medias\/images\/prestataires\/canal-martiniere-loire-a-velo-5424.jpg","chemin":"..\/medias\/images\/prestataires\/canal-martiniere-loire-a-velo-5424.jpg","libelle":"canal-martiniere-loire-a-velo-5424","extension":"jpg","categorie":"","largeur":741,"theme":"","hauteur":533,"type":"Image","origine":"","liaisonPave":"","langue":"","id":"5424","urlVignette":"https:\/\/www.saint-brevin.com\/medias\/images\/prestataires\/v-canal-martiniere-loire-a-velo-5424.jpg","alt":"canal-martiniere-loire-a-velo-5424","title":"canal-martiniere-loire-a-velo-5424","MultiTaille":{"1920x1440":{"url":"https:\/\/www.saint-brevin.com\/medias\/images\/prestataires\/multitailles\/1920x1440_canal-martiniere-loire-a-velo-5424.jpg"},"1200x900":{"url":"https:\/\/www.saint-brevin.com\/medias\/images\/prestataires\/multitailles\/1200x900_canal-martiniere-loire-a-velo-5424.jpg"},"800x600":{"url":"https:\/\/www.saint-brevin.com\/medias\/images\/prestataires\/multitailles\/800x600_canal-martiniere-loire-a-velo-5424.jpg"},"640x480":{"url":"https:\/\/www.saint-brevin.com\/medias\/images\/prestataires\/multitailles\/640x480_canal-martiniere-loire-a-velo-5424.jpg"},"320x240":{"url":"https:\/\/www.saint-brevin.com\/medias\/images\/prestataires\/multitailles\/320x240_canal-martiniere-loire-a-velo-5424.jpg"},"160x120":{"url":"https:\/\/www.saint-brevin.com\/medias\/images\/prestataires\/multitailles\/160x120_canal-martiniere-loire-a-velo-5424.jpg"},"origine":{"url":"https:\/\/www.saint-brevin.com\/medias\/images\/prestataires\/canal-martiniere-loire-a-velo-5424.jpg"}},"urlLien":"","typeLien":"","nofollow":"N","copyright":""},{"url":"https:\/\/www.saint-brevin.com\/medias\/images\/prestataires\/canal-loire-a-velo-nature-frossay-5427.jpg","chemin":"..\/medias\/images\/prestataires\/canal-loire-a-velo-nature-frossay-5427.jpg","libelle":"canal-loire-a-velo-nature-frossay-5427","extension":"jpg","categorie":"","largeur":800,"theme":"","hauteur":533,"type":"Image","origine":"","liaisonPave":"","langue":"","id":"5427","urlVignette":"https:\/\/www.saint-brevin.com\/medias\/images\/prestataires\/v-canal-loire-a-velo-nature-frossay-5427.jpg","alt":"canal-loire-a-velo-nature-frossay-5427","title":"canal-loire-a-velo-nature-frossay-5427","MultiTaille":{"1920x1440":{"url":"https:\/\/www.saint-brevin.com\/medias\/images\/prestataires\/multitailles\/1920x1440_canal-loire-a-velo-nature-frossay-5427.jpg"},"1200x900":{"url":"https:\/\/www.saint-brevin.com\/medias\/images\/prestataires\/multitailles\/1200x900_canal-loire-a-velo-nature-frossay-5427.jpg"},"800x600":{"url":"https:\/\/www.saint-brevin.com\/medias\/images\/prestataires\/multitailles\/800x600_canal-loire-a-velo-nature-frossay-5427.jpg"},"640x480":{"url":"https:\/\/www.saint-brevin.com\/medias\/images\/prestataires\/multitailles\/640x480_canal-loire-a-velo-nature-frossay-5427.jpg"},"320x240":{"url":"https:\/\/www.saint-brevin.com\/medias\/images\/prestataires\/multitailles\/320x240_canal-loire-a-velo-nature-frossay-5427.jpg"},"160x120":{"url":"https:\/\/www.saint-brevin.com\/medias\/images\/prestataires\/multitailles\/160x120_canal-loire-a-velo-nature-frossay-5427.jpg"},"origine":{"url":"https:\/\/www.saint-brevin.com\/medias\/images\/prestataires\/canal-loire-a-velo-nature-frossay-5427.jpg"}},"urlLien":"","typeLien":"","nofollow":"N","copyright":""}],"Video":[{"url":"https:\/\/www.youtube.com\/embed\/PkXcADsETnA","libelle":"Vivez la Loire \u00e0 v\u00e9lo le long de l'estuaire","categorie":"","largeur":"","theme":"","hauteur":"","type":"Video","origine":"YOUTUBE","liaisonPave":"","langue":"","id":"5345","htmlVideo":"\u003Ciframe src=\"https:\/\/www.youtube.com\/embed\/PkXcADsETnA?wmode=opaque&rel=0&start=0\" width=\"\" height=\"\" style=\"border:0;\" allowfullscreen\u003E\u003C\/iframe\u003E","vignetteVideo":"\u003Cimg src=\"https:\/\/img.youtube.com\/vi\/PkXcADsETnA\/0.jpg\" \/\u003E"}]},"Url":"la-loire-a-velo-velodyssee-saint-brevin-paimboeuf-le-pellerin.html","Localisation":{"GoogleMap":{"Latitude":"47.26803","Longitude":"-2.16793"}},"ZoneGeo":"","Criteres":{"ICOMMU[ICD":"Saint-Brevin","ICOMMU[ICA":"Le Pellerin","COMMUNES[SAINTBREVIN":"","COMMUNES[PAIMBOEUF":"","COMMUNES[CORSEPT":"","COMMUNES[FROSSAY":"","INAI[VY":"","INAI[LAV":"","ITYITI[ICYCLO":"","ITHITI[IND":"","ITHITI[IHIST":"","ITHITI[ICUL":"","ITHITI[IINSOL":"","IDIITI[IFACI":"","IJESUIS[IFAMILLE":"","IDUITIAVELO[IDEMIJOURNEE":"","DISTANCEDELAGARE[KMGARESAINTBAZAIRE":"11","DISTANCEDELAGARE[KMGAREPORNIC":"20","IINITI[IDISTANCEKM":"37","IPRAT[IDEBUT":"","MAJINGENIE[DATEDERNIEREMAJ":"20201215","MISEAJOUR[FABIENNE":""},"DateFinPublication":"","PrixAPartirDe":"","PrixPour":"","FicheListeEnCours":"fiche_liste_itineraires_touristiques_v2017","ParametresModele":{"AfficherPhotos":"1","NbPhotosMax":6,"AfficherReserver":0,"AfficherContact":0,"AfficherSalle":1,"AfficherZoneGeo":0,"AfficherEnSavoirPlus":"1","AfficherUneSeuleOuverture":0,"AfficherContactCarte":1,"AfficherTarifsChaudAPartirDe":0,"AfficherTarifChaudSansRecherche":0,"AfficherLiensCarnetVoyage":"1","BlocCritereInfo":{"critere1":{"libelle":"","liste_critere":["ITYITI|I"]},"critere2":{"libelle":"","liste_critere":["COMMUNES|I","IDIITI|I","IINITI|IMINUTES|I"]},"critere3":{"libelle":""},"critere4":{"libelle":""},"critere5":{"libelle":""},"critere6":{"libelle":""},"critere7":{"libelle":""},"critere8":{"libelle":""},"afficherpictoetpaslibelle":"1"},"PositionBloc":"NOM|GALLERIE|CARNET_VOYAGE|URL|AFFICHERZONEGEO|ZONEPRINCIPALFICHEPRESTA|PICTOSOUSPHOTOS|DESCRIPTIF","TypePrestataire":"I","ComportementResa":false,"ComportementDispo":false},"AffichageCoordonnees":[],"Coordonnees":{"Ville":"ST BREVIN LES PINS"},"ContexteId":"PRESTATAIRE|I|ITIPDL044V503V98","ContexteIdHtml":"PRESTATAIRE-I-ITIPDL044V503V98","cleContexte":"I|ITIPDL044V503V98","Bloc":{"texte1":"","texte3":"","critere1":{"libelle":"","contenu":{"ITYITI":{"libelle":"TYPE D'ITINERAIRE","contenu":{"2":"\u003Cimg src=\"https:\/\/www.saint-brevin.com\/medias\/images\/picto\/ITYITI-ICYCLO-I.png\"  alt=\"Cyclotourisme\" title=\"Cyclotourisme\" \/\u003E"},"codesValeurs":{"2":"ITYITI|ICYCLO|I"},"criteres_datas":{"valeurs":{"2":{"ICYCLO":{"descriptif":""}}}}}}},"critere2":{"libelle":"","contenu":{"COMMUNES":{"libelle":"COMMUNE","contenu":{"1":"Saint-Brevin","2":"Paimboeuf","3":"Corsept","4":"Frossay"},"codesValeurs":{"1":"COMMUNES|SAINTBREVIN|I","2":"COMMUNES|PAIMBOEUF|I","3":"COMMUNES|CORSEPT|I","4":"COMMUNES|FROSSAY|I"},"criteres_datas":{"valeurs":{"1":{"SAINTBREVIN":{"descriptif":""}},"2":{"PAIMBOEUF":{"descriptif":""}},"3":{"CORSEPT":{"descriptif":""}},"4":{"FROSSAY":{"descriptif":""}}}}},"IDIITI":{"libelle":"DIFFICULT\u00c9 DE L'ITINERAIRE","contenu":{"2":"Facile"},"codesValeurs":{"2":"IDIITI|IFACI|I"},"criteres_datas":{"valeurs":{"2":{"IFACI":{"descriptif":""}}}}}}},"critere3":{"libelle":"","contenu":[]},"critere4":{"libelle":"","contenu":[]},"critere5":{"libelle":"","contenu":[]},"critere6":{"libelle":"","contenu":[]},"critere7":{"libelle":"","contenu":[]},"critere8":{"libelle":"","contenu":[]},"critere9":{"libelle":"","contenu":[]}},"LocalisationGps":{"Latitude":"47.26803","Longitude":"-2.16793"},"libelleDuPrestataire":"","listeCriteres":{"ICOMMU":{"ICD":"Saint-Brevin","ICA":"Le Pellerin"},"COMMUNES":{"SAINTBREVIN":"","PAIMBOEUF":"","CORSEPT":"","FROSSAY":""},"INAI":{"VY":"","LAV":""},"ITYITI":{"ICYCLO":""},"ITHITI":{"IND":"","IHIST":"","ICUL":"","IINSOL":""},"IDIITI":{"IFACI":""},"IJESUIS":{"IFAMILLE":""},"IDUITIAVELO":{"IDEMIJOURNEE":""},"DISTANCEDELAGARE":{"KMGARESAINTBAZAIRE":"11","KMGAREPORNIC":"20"},"IINITI":{"IDISTANCEKM":"37"},"IPRAT":{"IDEBUT":""},"MAJINGENIE":{"DATEDERNIEREMAJ":"20201215"},"MISEAJOUR":{"FABIENNE":""}},"dansCarnetVoyage":true,"Ouverture":""},"html":" \n \u003Cdiv id=\"CV-PRESTATAIRE-I-ITIPDL044V503V98\" data-contexte-id=\"PRESTATAIRE|I|ITIPDL044V503V98\" data-cle=\"I|ITIPDL044V503V98\" class=\"fiche-liste\"\u003E\n    \n\n    \u003C!-- partie photo --\u003E\n    \u003Cdiv class=\"photo\"\u003E\t\t\t\t\t\t\t\t\t\t\t\t\t\t\t\t\t\t\t\t\t\n        \u003Cdiv class=\"cadre_photo_principale\"\u003E\t\t\n        \n            \t\t\t\t\t\n                    \u003Ca href=\"la-loire-a-velo-velodyssee-saint-brevin-paimboeuf-le-pellerin.html?origine=carnet#media\"\u003E\n                        \u003Cimg class=\"photo_principale\" alt=\"vincent-frasiak-ot-st-brevin-velo-5423\" src=\"https:\/\/www.saint-brevin.com\/medias\/images\/prestataires\/multitailles\/320x240_vincent-frasiak-ot-st-brevin-velo-5423.jpg\" itemprop=\"image\"\u003E\n                    \u003C\/a\u003E\t\t\t\t\t\t\n                \n                    \u003C\/div\u003E\t\t\t\t\t\t\t\t\t\t\t\t\t\t\t\t\t\t\t \t\t\n    \u003C\/div\u003E\n    \n    \u003C!-- partie nom prest --\u003E\n    \u003Cdiv class=\"nom\"\u003E\n        \u003Ch2\u003ELa Loire \u00e0 V\u00e9lo \/ V\u00e9lodyss\u00e9e : Saint-Brevin - Paimboeuf - Le Pellerin\u003C\/h2\u003E\n        \n            \u003C\/div\u003E\n\n         \n    \u003C!-- partie adresse --\u003E\n    \u003Cdiv class=\"adresse\"\u003E\n    \n          \n    \u003C\/div\u003E\n    \n    \u003C!-- partie liens --\u003E\n    \u003Cdiv class=\"liens\"\u003E\n            \u003Ca class=\"btn-icon btn-view \" title=\"Voir la fiche d\u00e9taill\u00e9e\" href=\"la-loire-a-velo-velodyssee-saint-brevin-paimboeuf-le-pellerin.html?origine=carnet\"\u003E\u003C\/a\u003E\u003C!--\u003Ca class=\"btn-icon btn-view \" title=\"\" href=\"?origine=carnet#thaut\"\u003E\u003C\/a\u003E--\u003E\n      \u003Ca class=\"btn-icon btn-trash carnet_voyage_supprimer\" title=\"Supprimer cette fiche de mon carnet de voyage\" href=\"carnet-voyage?action=remove&fiche=I|ITIPDL044V503V98\"\u003E\u003C\/a\u003E\n    \u003C\/div\u003E\n\n\u003C\/div\u003E\n\n","icon":"https:\/\/static.ingenie.fr\/images\/carnetVoyageV3\/I.png"},"fiche":"I|ITIPDL044V503V98","popup":"\u003Cdiv id=\"bloc_popup_ajout_fiche_carnet\"\u003E\n    \u003Cdiv class=\"info_popup_ajout_fiche_carnet\"\u003E\n        Vous venez d'ajouter cet \u00e9l\u00e9ment \u00e0 votre carnet de voyage :    \u003C\/div\u003E\n    \u003Cdiv class=\"prest_popup_ajout_fiche_carnet\"\u003E\n        La Loire &agrave; V&eacute;lo \/ V&eacute;lodyss&eacute;e : Saint-Brevin - Paimboeuf - Le Pellerin    \u003C\/div\u003E\n    \u003Cdiv class=\"bloc_btn_ajout_fiche_carnet form_submit_div\"\u003E\n        \u003Cinput type=\"button\" value=\"Continuer ma s\u00e9lection\" title=\"Continuer ma s\u00e9lection\" name=\"btn_close\" class=\"btn_close_popup_carnet form_submit\" onclick=\"$.colorbox.close()\" \/\u003E\n        \u003Cinput type=\"button\" value=\"Voir mon carnet de voyage\" title=\"Voir mon carnet\" name=\"btn_panier\" class=\"btn_panier_popup_carnet form_submit\" onclick=\"if(typeof CarnetVoyage != 'undefined') {CarnetVoyage.voirCarnet();}\" \/\u003E\n    \u003C\/div\u003E\n    \u003Cdiv class=\"bloc_btn_ajout_fiche_carnet\"\u003E\n        \u003Cinput type=\"checkbox\" value=\"1\" name=\"desactiver_popup\" id=\"desactiver_popup\" \/\u003E\n        \u003Clabel for=\"desactiver_popup\"\u003ENe plus afficher ce message\u003C\/label\u003E\n    \u003C\/div\u003E\n\u003C\/div\u003E","success":1}