{"nbFiches":1,"dataPrest":{"infoPrest":{"pave1":{"libelle":"Slogan","contenu":""},"pave2":{"libelle":"Descriptif","contenu":"Boucle de randonn&eacute;e p&eacute;destre et VTT de 12 km &agrave; la d&eacute;couverte des m&eacute;galithes de la commune.\u003Cbr \/\u003E\r\n\u003Cbr \/\u003E\r\nBalis&eacute; en jaune, le circuit des Menhirs part de l&#39;&eacute;glise de Corsept, typique par son clocher &agrave; bulbe ardois&eacute;. Sur les traces de l&#39;occupation humaine depuis la pr&eacute;histoire, retrouvez les m&eacute;galithes qui se dressent encore sur la commune : le menhir de la Pierre Bonde, le dolmen de la Gautrie, le menhir de la M&eacute;gerie, celui des Cassis (&eacute;galement appel&eacute; Pierre Lev&eacute;e) et celui des Pierres Blanches. Au passage, ne manquez pas d&#39;observer la faune et la flore des marais."},"pave3":{"libelle":"","contenu":""},"pave4":{"libelle":"","contenu":""},"pave5":{"libelle":"","contenu":""},"pave6":{"libelle":"","contenu":""},"pave7":{"libelle":"","contenu":""},"pave8":{"libelle":"","contenu":""},"pave9":{"libelle":"","contenu":""},"pave10":{"libelle":"","contenu":""},"pave11":{"libelle":"","contenu":""},"pave12":{"libelle":"","contenu":""},"pave13":{"libelle":"","contenu":""},"pave14":{"libelle":"","contenu":""},"pave15":{"libelle":"","contenu":""},"pave16":{"libelle":"","contenu":""},"pave17":{"libelle":"","contenu":""},"pave18":{"libelle":"","contenu":""},"pave19":{"libelle":"","contenu":""},"pave20":{"libelle":"","contenu":""},"pave21":{"libelle":"","contenu":""},"pave22":{"libelle":"","contenu":""},"pave23":{"libelle":"","contenu":""},"pave24":{"libelle":"","contenu":""},"pave25":{"libelle":"","contenu":""},"ContactsParType":{"OT":{"325":{"id_contact":"325","type_contact":"OT","categorie_contact":"PRESTATAIRE","societe_contact":"","fonction_contact":"","civilite_nom_prenom_contact":"","adresse1_contact":"","adresse2_contact":"","adresse3_contact":"","cpostal_contact":"","ville_contact":"","teldom_contact":"02 40 27 24 32","telbur_contact":"02 40 27 53 82","fax_contact":"","portable_contact":"","email_contact":"ot@tourisme-saint-brevin.fr","siteweb_contact":"","commentaire_contact":"","langue_contact":"","autre_moyen_com":[]}}},"Libelle":"Circuit des Menhirs","Nom":"Circuit des Menhirs","Prenom":"","NomPrenom":"Circuit des Menhirs ","CiviliteNomPrenom":"Circuit des Menhirs ","Cle":"I|ITIPDL044V503RM2","PrestataireParent":"","ContexteStat":"PRESTATAIRE-I-ITIPDL044V503RM2","DateModificationIso":"2025-12-18T10:50:00+01:00","Type":"PRESTATAIRE","TypePrestataire":"I","Adresse":{"LigneAdresse1":"Place de l'Eglise","LigneAdresse2":"","LigneAdresse3":"","CodePostal":"44560","Ville":"CORSEPT","Cedex":"","Etat":"","Pays":"FRA"},"Email":"ot@tourisme-saint-brevin.fr","Telephone":"02 40 27 24 32","TelephoneBureau":"02 40 27 53 82","Portable":"","SiteWeb":"","Fax":"","Id":"i-itipdl044v503rm2","Code":"I|ITIPDL044V503RM2","Fichier":{"Image":[{"url":"https:\/\/www.saint-brevin.com\/medias\/images\/prestataires\/circuit-des-menhirs-corsept-ccse-st-brevin-loire-atlantique-22-1507.jpg","chemin":"..\/medias\/images\/prestataires\/circuit-des-menhirs-corsept-ccse-st-brevin-loire-atlantique-22-1507.jpg","libelle":"circuit-des-menhirs-corsept-ccse-st-brevin-loire-atlantique-22","extension":"jpg","categorie":"","largeur":1092,"theme":"","hauteur":728,"type":"Image","origine":"","liaisonPave":"","langue":"","id":"1507","urlVignette":"https:\/\/www.saint-brevin.com\/medias\/images\/prestataires\/v-circuit-des-menhirs-corsept-ccse-st-brevin-loire-atlantique-22-1507.jpg","alt":"circuit-des-menhirs-corsept-ccse-st-brevin-loire-atlantique-22","title":"circuit-des-menhirs - &copy Ot-St-Brevin","MultiTaille":{"1920x1440":{"url":"https:\/\/www.saint-brevin.com\/medias\/images\/prestataires\/multitailles\/1920x1440_circuit-des-menhirs-corsept-ccse-st-brevin-loire-atlantique-22-1507.jpg"},"1200x900":{"url":"https:\/\/www.saint-brevin.com\/medias\/images\/prestataires\/multitailles\/1200x900_circuit-des-menhirs-corsept-ccse-st-brevin-loire-atlantique-22-1507.jpg"},"800x600":{"url":"https:\/\/www.saint-brevin.com\/medias\/images\/prestataires\/multitailles\/800x600_circuit-des-menhirs-corsept-ccse-st-brevin-loire-atlantique-22-1507.jpg"},"640x480":{"url":"https:\/\/www.saint-brevin.com\/medias\/images\/prestataires\/multitailles\/640x480_circuit-des-menhirs-corsept-ccse-st-brevin-loire-atlantique-22-1507.jpg"},"320x240":{"url":"https:\/\/www.saint-brevin.com\/medias\/images\/prestataires\/multitailles\/320x240_circuit-des-menhirs-corsept-ccse-st-brevin-loire-atlantique-22-1507.jpg"},"160x120":{"url":"https:\/\/www.saint-brevin.com\/medias\/images\/prestataires\/multitailles\/160x120_circuit-des-menhirs-corsept-ccse-st-brevin-loire-atlantique-22-1507.jpg"},"origine":{"url":"https:\/\/www.saint-brevin.com\/medias\/images\/prestataires\/circuit-des-menhirs-corsept-ccse-st-brevin-loire-atlantique-22-1507.jpg"}},"urlLien":"","typeLien":"|","nofollow":"N","copyright":"Ot-St-Brevin"},{"url":"https:\/\/www.saint-brevin.com\/medias\/images\/prestataires\/circuit-des-menhirs-corsept-ccse-st-brevin-loire-atlantique-23-1506.jpg","chemin":"..\/medias\/images\/prestataires\/circuit-des-menhirs-corsept-ccse-st-brevin-loire-atlantique-23-1506.jpg","libelle":"circuit-des-menhirs-corsept-ccse-st-brevin-loire-atlantique-23","extension":"jpg","categorie":"","largeur":1092,"theme":"","hauteur":728,"type":"Image","origine":"","liaisonPave":"","langue":"","id":"1506","urlVignette":"https:\/\/www.saint-brevin.com\/medias\/images\/prestataires\/v-circuit-des-menhirs-corsept-ccse-st-brevin-loire-atlantique-23-1506.jpg","alt":"circuit-des-menhirs-corsept-ccse-st-brevin-loire-atlantique-23","title":"circuit-des-menhirs-corsept-ccse-st-brevin-loire-atlantique-23 - &copy Ot-St-Brevin","MultiTaille":{"1920x1440":{"url":"https:\/\/www.saint-brevin.com\/medias\/images\/prestataires\/multitailles\/1920x1440_circuit-des-menhirs-corsept-ccse-st-brevin-loire-atlantique-23-1506.jpg"},"1200x900":{"url":"https:\/\/www.saint-brevin.com\/medias\/images\/prestataires\/multitailles\/1200x900_circuit-des-menhirs-corsept-ccse-st-brevin-loire-atlantique-23-1506.jpg"},"800x600":{"url":"https:\/\/www.saint-brevin.com\/medias\/images\/prestataires\/multitailles\/800x600_circuit-des-menhirs-corsept-ccse-st-brevin-loire-atlantique-23-1506.jpg"},"640x480":{"url":"https:\/\/www.saint-brevin.com\/medias\/images\/prestataires\/multitailles\/640x480_circuit-des-menhirs-corsept-ccse-st-brevin-loire-atlantique-23-1506.jpg"},"320x240":{"url":"https:\/\/www.saint-brevin.com\/medias\/images\/prestataires\/multitailles\/320x240_circuit-des-menhirs-corsept-ccse-st-brevin-loire-atlantique-23-1506.jpg"},"160x120":{"url":"https:\/\/www.saint-brevin.com\/medias\/images\/prestataires\/multitailles\/160x120_circuit-des-menhirs-corsept-ccse-st-brevin-loire-atlantique-23-1506.jpg"},"origine":{"url":"https:\/\/www.saint-brevin.com\/medias\/images\/prestataires\/circuit-des-menhirs-corsept-ccse-st-brevin-loire-atlantique-23-1506.jpg"}},"urlLien":"","typeLien":"|","nofollow":"N","copyright":"Ot-St-Brevin"},{"url":"https:\/\/www.saint-brevin.com\/medias\/images\/prestataires\/les-menhirs-douaud-5353.jpg","chemin":"..\/medias\/images\/prestataires\/les-menhirs-douaud-5353.jpg","libelle":"les-menhirs-douaud-5353","extension":"jpg","categorie":"","largeur":1476,"theme":"","hauteur":984,"type":"Image","origine":"","liaisonPave":"","langue":"","id":"5353","urlVignette":"https:\/\/www.saint-brevin.com\/medias\/images\/prestataires\/v-les-menhirs-douaud-5353.jpg","alt":"les-menhirs-douaud-5353","title":"les-menhirs-douaud-5353","MultiTaille":{"1920x1440":{"url":"https:\/\/www.saint-brevin.com\/medias\/images\/prestataires\/multitailles\/1920x1440_les-menhirs-douaud-5353.jpg"},"1200x900":{"url":"https:\/\/www.saint-brevin.com\/medias\/images\/prestataires\/multitailles\/1200x900_les-menhirs-douaud-5353.jpg"},"800x600":{"url":"https:\/\/www.saint-brevin.com\/medias\/images\/prestataires\/multitailles\/800x600_les-menhirs-douaud-5353.jpg"},"640x480":{"url":"https:\/\/www.saint-brevin.com\/medias\/images\/prestataires\/multitailles\/640x480_les-menhirs-douaud-5353.jpg"},"320x240":{"url":"https:\/\/www.saint-brevin.com\/medias\/images\/prestataires\/multitailles\/320x240_les-menhirs-douaud-5353.jpg"},"160x120":{"url":"https:\/\/www.saint-brevin.com\/medias\/images\/prestataires\/multitailles\/160x120_les-menhirs-douaud-5353.jpg"},"origine":{"url":"https:\/\/www.saint-brevin.com\/medias\/images\/prestataires\/les-menhirs-douaud-5353.jpg"}},"urlLien":"","typeLien":"","nofollow":"N","copyright":""},{"url":"https:\/\/www.saint-brevin.com\/medias\/images\/prestataires\/800x600-circuit-randonnee-corsept35-2274-5355.jpg","chemin":"..\/medias\/images\/prestataires\/800x600-circuit-randonnee-corsept35-2274-5355.jpg","libelle":"800x600-circuit-randonnee-corsept35-2274-5355","extension":"jpg","categorie":"","largeur":800,"theme":"","hauteur":450,"type":"Image","origine":"","liaisonPave":"","langue":"","id":"5355","urlVignette":"https:\/\/www.saint-brevin.com\/medias\/images\/prestataires\/v-800x600-circuit-randonnee-corsept35-2274-5355.jpg","alt":"800x600-circuit-randonnee-corsept35-2274-5355","title":"800x600-circuit-randonnee-corsept35-2274-5355","MultiTaille":{"1920x1440":{"url":"https:\/\/www.saint-brevin.com\/medias\/images\/prestataires\/multitailles\/1920x1440_800x600-circuit-randonnee-corsept35-2274-5355.jpg"},"1200x900":{"url":"https:\/\/www.saint-brevin.com\/medias\/images\/prestataires\/multitailles\/1200x900_800x600-circuit-randonnee-corsept35-2274-5355.jpg"},"800x600":{"url":"https:\/\/www.saint-brevin.com\/medias\/images\/prestataires\/multitailles\/800x600_800x600-circuit-randonnee-corsept35-2274-5355.jpg"},"640x480":{"url":"https:\/\/www.saint-brevin.com\/medias\/images\/prestataires\/multitailles\/640x480_800x600-circuit-randonnee-corsept35-2274-5355.jpg"},"320x240":{"url":"https:\/\/www.saint-brevin.com\/medias\/images\/prestataires\/multitailles\/320x240_800x600-circuit-randonnee-corsept35-2274-5355.jpg"},"160x120":{"url":"https:\/\/www.saint-brevin.com\/medias\/images\/prestataires\/multitailles\/160x120_800x600-circuit-randonnee-corsept35-2274-5355.jpg"},"origine":{"url":"https:\/\/www.saint-brevin.com\/medias\/images\/prestataires\/800x600-circuit-randonnee-corsept35-2274-5355.jpg"}},"urlLien":"","typeLien":"","nofollow":"N","copyright":""}],"ByCategorie":{"":[{"url":"https:\/\/www.saint-brevin.com\/medias\/images\/prestataires\/circuit-des-menhirs-corsept-ccse-st-brevin-loire-atlantique-22-1507.jpg","chemin":"..\/medias\/images\/prestataires\/circuit-des-menhirs-corsept-ccse-st-brevin-loire-atlantique-22-1507.jpg","libelle":"circuit-des-menhirs-corsept-ccse-st-brevin-loire-atlantique-22","extension":"jpg","categorie":"","largeur":1092,"theme":"","hauteur":728,"type":"Image","origine":"","liaisonPave":"","langue":"","id":"1507","urlVignette":"https:\/\/www.saint-brevin.com\/medias\/images\/prestataires\/v-circuit-des-menhirs-corsept-ccse-st-brevin-loire-atlantique-22-1507.jpg","alt":"circuit-des-menhirs-corsept-ccse-st-brevin-loire-atlantique-22","title":"circuit-des-menhirs - &copy Ot-St-Brevin","MultiTaille":{"1920x1440":{"url":"https:\/\/www.saint-brevin.com\/medias\/images\/prestataires\/multitailles\/1920x1440_circuit-des-menhirs-corsept-ccse-st-brevin-loire-atlantique-22-1507.jpg"},"1200x900":{"url":"https:\/\/www.saint-brevin.com\/medias\/images\/prestataires\/multitailles\/1200x900_circuit-des-menhirs-corsept-ccse-st-brevin-loire-atlantique-22-1507.jpg"},"800x600":{"url":"https:\/\/www.saint-brevin.com\/medias\/images\/prestataires\/multitailles\/800x600_circuit-des-menhirs-corsept-ccse-st-brevin-loire-atlantique-22-1507.jpg"},"640x480":{"url":"https:\/\/www.saint-brevin.com\/medias\/images\/prestataires\/multitailles\/640x480_circuit-des-menhirs-corsept-ccse-st-brevin-loire-atlantique-22-1507.jpg"},"320x240":{"url":"https:\/\/www.saint-brevin.com\/medias\/images\/prestataires\/multitailles\/320x240_circuit-des-menhirs-corsept-ccse-st-brevin-loire-atlantique-22-1507.jpg"},"160x120":{"url":"https:\/\/www.saint-brevin.com\/medias\/images\/prestataires\/multitailles\/160x120_circuit-des-menhirs-corsept-ccse-st-brevin-loire-atlantique-22-1507.jpg"},"origine":{"url":"https:\/\/www.saint-brevin.com\/medias\/images\/prestataires\/circuit-des-menhirs-corsept-ccse-st-brevin-loire-atlantique-22-1507.jpg"}},"urlLien":"","typeLien":"|","nofollow":"N","copyright":"Ot-St-Brevin"},{"url":"https:\/\/www.saint-brevin.com\/medias\/images\/prestataires\/corsept-menhirs-4846.pdf","chemin":"..\/medias\/images\/prestataires\/corsept-menhirs-4846.pdf","libelle":"corsept-menhirs-4846","extension":"pdf","categorie":"","largeur":"","theme":"","hauteur":"","type":"Document","origine":"","liaisonPave":"","langue":"","id":"4846","poids":"3.93 Mo","alt":"corsept-menhirs-4846","title":"corsept-menhirs-4846"},{"url":"https:\/\/www.saint-brevin.com\/medias\/images\/prestataires\/circuit-des-menhirs-2629.gpx","chemin":"..\/medias\/images\/prestataires\/circuit-des-menhirs-2629.gpx","libelle":"circuit-des-menhirs-2629","extension":"gpx","categorie":"","largeur":"","theme":"","hauteur":"","type":"Document","origine":"","liaisonPave":"","langue":"","id":"2629","poids":"16.28 Ko","alt":"circuit-des-menhirs-2629","title":"circuit-des-menhirs-2629"},{"url":"https:\/\/www.saint-brevin.com\/medias\/images\/prestataires\/circuit-des-menhirs-corsept-ccse-st-brevin-loire-atlantique-23-1506.jpg","chemin":"..\/medias\/images\/prestataires\/circuit-des-menhirs-corsept-ccse-st-brevin-loire-atlantique-23-1506.jpg","libelle":"circuit-des-menhirs-corsept-ccse-st-brevin-loire-atlantique-23","extension":"jpg","categorie":"","largeur":1092,"theme":"","hauteur":728,"type":"Image","origine":"","liaisonPave":"","langue":"","id":"1506","urlVignette":"https:\/\/www.saint-brevin.com\/medias\/images\/prestataires\/v-circuit-des-menhirs-corsept-ccse-st-brevin-loire-atlantique-23-1506.jpg","alt":"circuit-des-menhirs-corsept-ccse-st-brevin-loire-atlantique-23","title":"circuit-des-menhirs-corsept-ccse-st-brevin-loire-atlantique-23 - &copy Ot-St-Brevin","MultiTaille":{"1920x1440":{"url":"https:\/\/www.saint-brevin.com\/medias\/images\/prestataires\/multitailles\/1920x1440_circuit-des-menhirs-corsept-ccse-st-brevin-loire-atlantique-23-1506.jpg"},"1200x900":{"url":"https:\/\/www.saint-brevin.com\/medias\/images\/prestataires\/multitailles\/1200x900_circuit-des-menhirs-corsept-ccse-st-brevin-loire-atlantique-23-1506.jpg"},"800x600":{"url":"https:\/\/www.saint-brevin.com\/medias\/images\/prestataires\/multitailles\/800x600_circuit-des-menhirs-corsept-ccse-st-brevin-loire-atlantique-23-1506.jpg"},"640x480":{"url":"https:\/\/www.saint-brevin.com\/medias\/images\/prestataires\/multitailles\/640x480_circuit-des-menhirs-corsept-ccse-st-brevin-loire-atlantique-23-1506.jpg"},"320x240":{"url":"https:\/\/www.saint-brevin.com\/medias\/images\/prestataires\/multitailles\/320x240_circuit-des-menhirs-corsept-ccse-st-brevin-loire-atlantique-23-1506.jpg"},"160x120":{"url":"https:\/\/www.saint-brevin.com\/medias\/images\/prestataires\/multitailles\/160x120_circuit-des-menhirs-corsept-ccse-st-brevin-loire-atlantique-23-1506.jpg"},"origine":{"url":"https:\/\/www.saint-brevin.com\/medias\/images\/prestataires\/circuit-des-menhirs-corsept-ccse-st-brevin-loire-atlantique-23-1506.jpg"}},"urlLien":"","typeLien":"|","nofollow":"N","copyright":"Ot-St-Brevin"},{"url":"https:\/\/www.saint-brevin.com\/medias\/images\/prestataires\/les-menhirs-douaud-5353.jpg","chemin":"..\/medias\/images\/prestataires\/les-menhirs-douaud-5353.jpg","libelle":"les-menhirs-douaud-5353","extension":"jpg","categorie":"","largeur":1476,"theme":"","hauteur":984,"type":"Image","origine":"","liaisonPave":"","langue":"","id":"5353","urlVignette":"https:\/\/www.saint-brevin.com\/medias\/images\/prestataires\/v-les-menhirs-douaud-5353.jpg","alt":"les-menhirs-douaud-5353","title":"les-menhirs-douaud-5353","MultiTaille":{"1920x1440":{"url":"https:\/\/www.saint-brevin.com\/medias\/images\/prestataires\/multitailles\/1920x1440_les-menhirs-douaud-5353.jpg"},"1200x900":{"url":"https:\/\/www.saint-brevin.com\/medias\/images\/prestataires\/multitailles\/1200x900_les-menhirs-douaud-5353.jpg"},"800x600":{"url":"https:\/\/www.saint-brevin.com\/medias\/images\/prestataires\/multitailles\/800x600_les-menhirs-douaud-5353.jpg"},"640x480":{"url":"https:\/\/www.saint-brevin.com\/medias\/images\/prestataires\/multitailles\/640x480_les-menhirs-douaud-5353.jpg"},"320x240":{"url":"https:\/\/www.saint-brevin.com\/medias\/images\/prestataires\/multitailles\/320x240_les-menhirs-douaud-5353.jpg"},"160x120":{"url":"https:\/\/www.saint-brevin.com\/medias\/images\/prestataires\/multitailles\/160x120_les-menhirs-douaud-5353.jpg"},"origine":{"url":"https:\/\/www.saint-brevin.com\/medias\/images\/prestataires\/les-menhirs-douaud-5353.jpg"}},"urlLien":"","typeLien":"","nofollow":"N","copyright":""},{"url":"https:\/\/www.saint-brevin.com\/medias\/images\/prestataires\/800x600-circuit-randonnee-corsept35-2274-5355.jpg","chemin":"..\/medias\/images\/prestataires\/800x600-circuit-randonnee-corsept35-2274-5355.jpg","libelle":"800x600-circuit-randonnee-corsept35-2274-5355","extension":"jpg","categorie":"","largeur":800,"theme":"","hauteur":450,"type":"Image","origine":"","liaisonPave":"","langue":"","id":"5355","urlVignette":"https:\/\/www.saint-brevin.com\/medias\/images\/prestataires\/v-800x600-circuit-randonnee-corsept35-2274-5355.jpg","alt":"800x600-circuit-randonnee-corsept35-2274-5355","title":"800x600-circuit-randonnee-corsept35-2274-5355","MultiTaille":{"1920x1440":{"url":"https:\/\/www.saint-brevin.com\/medias\/images\/prestataires\/multitailles\/1920x1440_800x600-circuit-randonnee-corsept35-2274-5355.jpg"},"1200x900":{"url":"https:\/\/www.saint-brevin.com\/medias\/images\/prestataires\/multitailles\/1200x900_800x600-circuit-randonnee-corsept35-2274-5355.jpg"},"800x600":{"url":"https:\/\/www.saint-brevin.com\/medias\/images\/prestataires\/multitailles\/800x600_800x600-circuit-randonnee-corsept35-2274-5355.jpg"},"640x480":{"url":"https:\/\/www.saint-brevin.com\/medias\/images\/prestataires\/multitailles\/640x480_800x600-circuit-randonnee-corsept35-2274-5355.jpg"},"320x240":{"url":"https:\/\/www.saint-brevin.com\/medias\/images\/prestataires\/multitailles\/320x240_800x600-circuit-randonnee-corsept35-2274-5355.jpg"},"160x120":{"url":"https:\/\/www.saint-brevin.com\/medias\/images\/prestataires\/multitailles\/160x120_800x600-circuit-randonnee-corsept35-2274-5355.jpg"},"origine":{"url":"https:\/\/www.saint-brevin.com\/medias\/images\/prestataires\/800x600-circuit-randonnee-corsept35-2274-5355.jpg"}},"urlLien":"","typeLien":"","nofollow":"N","copyright":""}]},"Document":[{"url":"https:\/\/www.saint-brevin.com\/medias\/images\/prestataires\/corsept-menhirs-4846.pdf","chemin":"..\/medias\/images\/prestataires\/corsept-menhirs-4846.pdf","libelle":"corsept-menhirs-4846","extension":"pdf","categorie":"","largeur":"","theme":"","hauteur":"","type":"Document","origine":"","liaisonPave":"","langue":"","id":"4846","poids":"3.93 Mo","alt":"corsept-menhirs-4846","title":"corsept-menhirs-4846"},{"url":"https:\/\/www.saint-brevin.com\/medias\/images\/prestataires\/circuit-des-menhirs-2629.gpx","chemin":"..\/medias\/images\/prestataires\/circuit-des-menhirs-2629.gpx","libelle":"circuit-des-menhirs-2629","extension":"gpx","categorie":"","largeur":"","theme":"","hauteur":"","type":"Document","origine":"","liaisonPave":"","langue":"","id":"2629","poids":"16.28 Ko","alt":"circuit-des-menhirs-2629","title":"circuit-des-menhirs-2629"}]},"Url":"circuit-des-menhirs.html","Localisation":{"GoogleMap":{"Latitude":"47.27805","Longitude":"-2.05822"}},"ZoneGeo":"","Criteres":{"ICOMMU[ICD":"Corsept","ICOMMU[ICA":"Corsept","COMMUNES[CORSEPT":"","INAI[ISPR":"","ITYITI[IPED":"","ITYITI[IVTT":"","ITHITI[IND":"","ITHITI[IHIST":"","TDLTH[DHAACN":"","IDIITI[IFACI":"","IDUITIAVELO[IMOINS2H":"","DISTANCEDELAGARE[KMGARESAINTBAZAIRE":"18","DISTANCEDELAGARE[KMGAREPORNIC":"21","IDUITI[IDEMIJOURNEE":"","IINITI[IDISTANCEKM":"12","IPRAT[IFACILE":"","MAJINGENIE[DATEDERNIEREMAJ":"20240111","MISEAJOUR[FABIENNE":""},"DateFinPublication":"","PrixAPartirDe":"","PrixPour":"","FicheListeEnCours":"fiche_liste_itineraires_touristiques_v2017","ParametresModele":{"AfficherPhotos":"1","NbPhotosMax":6,"AfficherReserver":0,"AfficherContact":0,"AfficherSalle":1,"AfficherZoneGeo":0,"AfficherEnSavoirPlus":"1","AfficherUneSeuleOuverture":0,"AfficherContactCarte":1,"AfficherTarifsChaudAPartirDe":0,"AfficherTarifChaudSansRecherche":0,"AfficherLiensCarnetVoyage":"1","BlocCritereInfo":{"critere1":{"libelle":"","liste_critere":["ITYITI|I"]},"critere2":{"libelle":"","liste_critere":["COMMUNES|I","IDIITI|I","IINITI|IMINUTES|I"]},"critere3":{"libelle":""},"critere4":{"libelle":""},"critere5":{"libelle":""},"critere6":{"libelle":""},"critere7":{"libelle":""},"critere8":{"libelle":""},"afficherpictoetpaslibelle":"1"},"PositionBloc":"NOM|GALLERIE|CARNET_VOYAGE|URL|AFFICHERZONEGEO|ZONEPRINCIPALFICHEPRESTA|PICTOSOUSPHOTOS|DESCRIPTIF","TypePrestataire":"I","ComportementResa":false,"ComportementDispo":false},"AffichageCoordonnees":[],"Coordonnees":{"Ville":"CORSEPT"},"ContexteId":"PRESTATAIRE|I|ITIPDL044V503RM2","ContexteIdHtml":"PRESTATAIRE-I-ITIPDL044V503RM2","cleContexte":"I|ITIPDL044V503RM2","Bloc":{"texte1":"","texte3":"","critere1":{"libelle":"","contenu":{"ITYITI":{"libelle":"TYPE D'ITINERAIRE","contenu":{"6":"\u003Cimg src=\"https:\/\/www.saint-brevin.com\/medias\/images\/picto\/ITYITI-IPED-I.png\"  alt=\"P\u00e9destre\" title=\"P\u00e9destre\" \/\u003E","8":"\u003Cimg src=\"https:\/\/www.saint-brevin.com\/medias\/images\/picto\/ITYITI-IVTT-I.png\"  alt=\"VTT\" title=\"VTT\" \/\u003E"},"codesValeurs":{"6":"ITYITI|IPED|I","8":"ITYITI|IVTT|I"},"criteres_datas":{"valeurs":{"6":{"IPED":{"descriptif":""}},"8":{"IVTT":{"descriptif":""}}}}}}},"critere2":{"libelle":"","contenu":{"COMMUNES":{"libelle":"COMMUNE","contenu":{"3":"Corsept"},"codesValeurs":{"3":"COMMUNES|CORSEPT|I"},"criteres_datas":{"valeurs":{"3":{"CORSEPT":{"descriptif":""}}}}},"IDIITI":{"libelle":"DIFFICULT\u00c9 DE L'ITINERAIRE","contenu":{"2":"Facile"},"codesValeurs":{"2":"IDIITI|IFACI|I"},"criteres_datas":{"valeurs":{"2":{"IFACI":{"descriptif":""}}}}}}},"critere3":{"libelle":"","contenu":[]},"critere4":{"libelle":"","contenu":[]},"critere5":{"libelle":"","contenu":[]},"critere6":{"libelle":"","contenu":[]},"critere7":{"libelle":"","contenu":[]},"critere8":{"libelle":"","contenu":[]},"critere9":{"libelle":"","contenu":[]}},"LocalisationGps":{"Latitude":"47.27805","Longitude":"-2.05822"},"libelleDuPrestataire":"","listeCriteres":{"ICOMMU":{"ICD":"Corsept","ICA":"Corsept"},"COMMUNES":{"CORSEPT":""},"INAI":{"ISPR":""},"ITYITI":{"IPED":"","IVTT":""},"ITHITI":{"IND":"","IHIST":""},"TDLTH":{"DHAACN":""},"IDIITI":{"IFACI":""},"IDUITIAVELO":{"IMOINS2H":""},"DISTANCEDELAGARE":{"KMGARESAINTBAZAIRE":"18","KMGAREPORNIC":"21"},"IDUITI":{"IDEMIJOURNEE":""},"IINITI":{"IDISTANCEKM":"12"},"IPRAT":{"IFACILE":""},"MAJINGENIE":{"DATEDERNIEREMAJ":"20240111"},"MISEAJOUR":{"FABIENNE":""}},"dansCarnetVoyage":true,"Ouverture":""},"html":" \n \u003Cdiv id=\"CV-PRESTATAIRE-I-ITIPDL044V503RM2\" data-contexte-id=\"PRESTATAIRE|I|ITIPDL044V503RM2\" data-cle=\"I|ITIPDL044V503RM2\" class=\"fiche-liste\"\u003E\n    \n\n    \u003C!-- partie photo --\u003E\n    \u003Cdiv class=\"photo\"\u003E\t\t\t\t\t\t\t\t\t\t\t\t\t\t\t\t\t\t\t\t\t\n        \u003Cdiv class=\"cadre_photo_principale\"\u003E\t\t\n        \n            \t\t\t\t\t\n                    \u003Ca href=\"circuit-des-menhirs.html?origine=carnet#media\"\u003E\n                        \u003Cimg class=\"photo_principale\" alt=\"circuit-des-menhirs-corsept-ccse-st-brevin-loire-atlantique-22\" src=\"https:\/\/www.saint-brevin.com\/medias\/images\/prestataires\/multitailles\/320x240_circuit-des-menhirs-corsept-ccse-st-brevin-loire-atlantique-22-1507.jpg\" itemprop=\"image\"\u003E\n                    \u003C\/a\u003E\t\t\t\t\t\t\n                \n                    \u003C\/div\u003E\t\t\t\t\t\t\t\t\t\t\t\t\t\t\t\t\t\t\t \t\t\n    \u003C\/div\u003E\n    \n    \u003C!-- partie nom prest --\u003E\n    \u003Cdiv class=\"nom\"\u003E\n        \u003Ch2\u003ECircuit des Menhirs\u003C\/h2\u003E\n        \n            \u003C\/div\u003E\n\n         \n    \u003C!-- partie adresse --\u003E\n    \u003Cdiv class=\"adresse\"\u003E\n    \n          \n    \u003C\/div\u003E\n    \n    \u003C!-- partie liens --\u003E\n    \u003Cdiv class=\"liens\"\u003E\n            \u003Ca class=\"btn-icon btn-view \" title=\"Voir la fiche d\u00e9taill\u00e9e\" href=\"circuit-des-menhirs.html?origine=carnet\"\u003E\u003C\/a\u003E\u003C!--\u003Ca class=\"btn-icon btn-view \" title=\"\" href=\"?origine=carnet#thaut\"\u003E\u003C\/a\u003E--\u003E\n      \u003Ca class=\"btn-icon btn-trash carnet_voyage_supprimer\" title=\"Supprimer cette fiche de mon carnet de voyage\" href=\"carnet-voyage?action=remove&fiche=I|ITIPDL044V503RM2\"\u003E\u003C\/a\u003E\n    \u003C\/div\u003E\n\n\u003C\/div\u003E\n\n","icon":"https:\/\/static.ingenie.fr\/images\/carnetVoyageV3\/I.png"},"fiche":"I|ITIPDL044V503RM2","popup":"\u003Cdiv id=\"bloc_popup_ajout_fiche_carnet\"\u003E\n    \u003Cdiv class=\"info_popup_ajout_fiche_carnet\"\u003E\n        Vous venez d'ajouter cet \u00e9l\u00e9ment \u00e0 votre carnet de voyage :    \u003C\/div\u003E\n    \u003Cdiv class=\"prest_popup_ajout_fiche_carnet\"\u003E\n        Circuit des Menhirs    \u003C\/div\u003E\n    \u003Cdiv class=\"bloc_btn_ajout_fiche_carnet form_submit_div\"\u003E\n        \u003Cinput type=\"button\" value=\"Continuer ma s\u00e9lection\" title=\"Continuer ma s\u00e9lection\" name=\"btn_close\" class=\"btn_close_popup_carnet form_submit\" onclick=\"$.colorbox.close()\" \/\u003E\n        \u003Cinput type=\"button\" value=\"Voir mon carnet de voyage\" title=\"Voir mon carnet\" name=\"btn_panier\" class=\"btn_panier_popup_carnet form_submit\" onclick=\"if(typeof CarnetVoyage != 'undefined') {CarnetVoyage.voirCarnet();}\" \/\u003E\n    \u003C\/div\u003E\n    \u003Cdiv class=\"bloc_btn_ajout_fiche_carnet\"\u003E\n        \u003Cinput type=\"checkbox\" value=\"1\" name=\"desactiver_popup\" id=\"desactiver_popup\" \/\u003E\n        \u003Clabel for=\"desactiver_popup\"\u003ENe plus afficher ce message\u003C\/label\u003E\n    \u003C\/div\u003E\n\u003C\/div\u003E","success":1}