{"nbFiches":1,"dataPrest":{"infoPrest":{"pave1":{"libelle":"Slogan","contenu":"","fichiers":[]},"pave2":{"libelle":"Descriptif","contenu":"\u003Cbr \/\u003E\r\nMaison de 55 m2 &agrave; la campagne, 3 kms de la mer, 1 km des commerces (centre commercial, piscine, bowling, cin&eacute;ma, restaurants...).\u003Cbr \/\u003E\r\nCuisine am&eacute;nag&eacute;e avec four, micro-onde, cafeti&egrave;re.... S&eacute;jour\/salon avec clic-clac, 1 grande chambre avec un lit 2 personnes, 1 chambre avec un lit 1 place.\u003Cbr \/\u003E\r\nSalle d&#39;eau avec douche &agrave; l&#39;italienne, lave-linge. TV, WC individuel, chauffage, terrasse avec salon de jardin, barbecue, parking ferm&eacute; avec portail c&ocirc;t&eacute; route.\u003Cbr \/\u003E\r\nVue de la salle &agrave; manger sur un parc.&nbsp;\u003Cbr \/\u003E\r\n\u003Cbr \/\u003E\r\nPossibilit&eacute; de pr&ecirc;t lit parapluie, poussette canne sur demande.\u003Cbr \/\u003E\r\n\u003Cbr \/\u003E\r\nAutres p&eacute;riodes, nous contacter (week-end, quinzaine, mois).\u003Cbr \/\u003E\r\nLe locataire retient la r&eacute;servation en versant, &agrave; titre d&#39;arrhes 25 % du montant de la location.","fichiers":[]},"pave3":{"libelle":"","contenu":""},"pave4":{"libelle":"","contenu":""},"pave5":{"libelle":"","contenu":""},"pave6":{"libelle":"","contenu":""},"pave7":{"libelle":"","contenu":""},"pave8":{"libelle":"","contenu":""},"pave9":{"libelle":"","contenu":""},"pave10":{"libelle":"","contenu":""},"pave11":{"libelle":"","contenu":""},"pave12":{"libelle":"","contenu":""},"pave13":{"libelle":"","contenu":""},"pave14":{"libelle":"","contenu":""},"pave15":{"libelle":"","contenu":""},"pave16":{"libelle":"","contenu":""},"pave17":{"libelle":"","contenu":""},"pave18":{"libelle":"","contenu":""},"pave19":{"libelle":"","contenu":""},"pave20":{"libelle":"","contenu":""},"pave21":{"libelle":"","contenu":""},"pave22":{"libelle":"","contenu":""},"pave23":{"libelle":"","contenu":""},"pave24":{"libelle":"","contenu":""},"pave25":{"libelle":"","contenu":""},"Libelle":"Maison R\u00e9nov\u00e9e 55m2","Reference":"","Reftar":"","Type":"PRESTATION","TypePrestataire":"G","ContexteStat":"PRESTATION-G-PORCHERMAISONRENOVEE-MAISONRENOVEE55M2","DateModificationIso":"2026-02-16T17:03:00+01:00","Adresse":{"LigneAdresse1":"59 Route des Pessais","LigneAdresse2":"","LigneAdresse3":"","CodePostal":"44250","Ville":"ST BREVIN LES PINS","Cedex":"","Etat":"","Pays":"FRA"},"Id":"g-porchermaisonrenovee-maisonrenovee55m2","Code":"G|PORCHERMAISONRENOVEE|MAISONRENOVEE55M2","Cle":"G|PORCHERMAISONRENOVEE|MAISONRENOVEE55M2","Url":"maison-renovee-55m2.html","Localisation":{"GoogleMap":{"Latitude":"47.23935","Longitude":"-2.13936"}},"ZoneGeo":"","Criteres":{"PARTENAIRE[COMPLET":"","COMMUNES[SAINTBREVIN":"","LIEU[SAINTBREVINLESPINS":"","GTYP2[MAIS":"","QUARTIER[AUTRESQUARTIERSAINTBREVINLESPI":"","NBPIECES[4PIEC":"","CAPACITE[5PERS":"","DECLARMAIR[VALIDMAIRIE":"","ETAGE[PLPIED":"","SURFAC[METRE":"55","INSPUBMAJ[NOTEPRESTA":"2025","MAJINGENIE[DATEDERNIEREMAJ":"20241129","MISEAJOUR[JOHANNA":"","GNCH[G2CH":"","GANIMA[GANIMNON":"","DISTANCEDUCENTRE[KMCENTREBREVINPIN":"3","DISTANCEDUCENTRE[KMCENTREBREVINOCEAN":"3","GCLASS[G2ETOI":"","DISTANCEDELAGARE[KMGARESAINTBAZAIRE":"15","DISTANCEDELAGARE[KMGAREPORNIC":"15","DISTANCEMER[KMDELAMER":"3","GEQINT[CHAUFF":"","GEQINT[FRIOG":"","GEQINT[GFOUR":"","GEQINT[MICRO":"","GEQINT[LINGE":"","GMATCUIS[CAFETIE":"","GMULTI[GTV":"","GEQEXT[JARDIN":"","GEQEXT[MEUBLE":"","GEQEXT[BARBEC":"","GCAPACITTRANCHES[GDE3A5PERS":"","GCAPACITTRANCHES[GDE5A7PERS":"","GESSI[GCVFMF":"","GESSI[GCVJ":"","GESSI[GCVLL":"","GESSI[GCVMO":"","GESSI[GCVT":""},"ContactsParType":{"PRO":{"3248":{"id_contact":"3248","type_contact":"PRO","categorie_contact":"PRESTATION","societe_contact":"","fonction_contact":"","civilite_nom_prenom_contact":"M Porcher ","adresse1_contact":"59 Route des Pessais","adresse2_contact":"","adresse3_contact":"","cpostal_contact":"44250","ville_contact":"ST BREVIN LES PINS","teldom_contact":"06 18 67 17 78","telbur_contact":"","fax_contact":"","portable_contact":"","email_contact":"talle.stephane@orange.fr","siteweb_contact":"","commentaire_contact":"","langue_contact":"","autre_moyen_com":[]}}},"Prestataire":{"pave1":{"libelle":"","contenu":""},"pave2":{"libelle":"","contenu":""},"pave3":{"libelle":"","contenu":""},"pave4":{"libelle":"","contenu":""},"pave5":{"libelle":"","contenu":""},"pave6":{"libelle":"","contenu":""},"pave7":{"libelle":"","contenu":""},"pave8":{"libelle":"","contenu":""},"pave9":{"libelle":"","contenu":""},"pave10":{"libelle":"","contenu":""},"pave11":{"libelle":"","contenu":""},"pave12":{"libelle":"","contenu":""},"pave13":{"libelle":"","contenu":""},"pave14":{"libelle":"","contenu":""},"pave15":{"libelle":"","contenu":""},"pave16":{"libelle":"","contenu":""},"pave17":{"libelle":"","contenu":""},"pave18":{"libelle":"","contenu":""},"pave19":{"libelle":"","contenu":""},"pave20":{"libelle":"","contenu":""},"pave21":{"libelle":"","contenu":""},"pave22":{"libelle":"","contenu":""},"pave23":{"libelle":"","contenu":""},"pave24":{"libelle":"","contenu":""},"pave25":{"libelle":"","contenu":""}},"Fichier":{"Image":[{"url":"https:\/\/www.saint-brevin.com\/medias\/images\/prestations\/cot-rue-avec-portail-25214.jpg","chemin":"..\/medias\/images\/prestations\/cot-rue-avec-portail-25214.jpg","libelle":"cot-rue-avec-portail-25214","extension":"jpg","categorie":"","largeur":3264,"theme":"","hauteur":2448,"type":"Image","origine":"","liaisonPave":"","langue":"","id":"25214","urlVignette":"https:\/\/www.saint-brevin.com\/medias\/images\/prestations\/v-cot-rue-avec-portail-25214.jpg","alt":"cot-rue-avec-portail-25214","title":"cot-rue-avec-portail-25214","MultiTaille":{"1920x1440":{"url":"https:\/\/www.saint-brevin.com\/medias\/images\/prestations\/multitailles\/1920x1440_cot-rue-avec-portail-25214.jpg"},"1200x900":{"url":"https:\/\/www.saint-brevin.com\/medias\/images\/prestations\/multitailles\/1200x900_cot-rue-avec-portail-25214.jpg"},"800x600":{"url":"https:\/\/www.saint-brevin.com\/medias\/images\/prestations\/multitailles\/800x600_cot-rue-avec-portail-25214.jpg"},"640x480":{"url":"https:\/\/www.saint-brevin.com\/medias\/images\/prestations\/multitailles\/640x480_cot-rue-avec-portail-25214.jpg"},"320x240":{"url":"https:\/\/www.saint-brevin.com\/medias\/images\/prestations\/multitailles\/320x240_cot-rue-avec-portail-25214.jpg"},"160x120":{"url":"https:\/\/www.saint-brevin.com\/medias\/images\/prestations\/multitailles\/160x120_cot-rue-avec-portail-25214.jpg"},"origine":{"url":"https:\/\/www.saint-brevin.com\/medias\/images\/prestations\/cot-rue-avec-portail-25214.jpg"}},"urlLien":"","typeLien":"","nofollow":"N","copyright":""},{"url":"https:\/\/www.saint-brevin.com\/medias\/images\/prestations\/22-11-25-3-30149.jpg","chemin":"..\/medias\/images\/prestations\/22-11-25-3-30149.jpg","libelle":"22-11-25-3-30149","extension":"jpg","categorie":"","largeur":1020,"theme":"","hauteur":1355,"type":"Image","origine":"","liaisonPave":"","langue":"","id":"30149","urlVignette":"https:\/\/www.saint-brevin.com\/medias\/images\/prestations\/v-22-11-25-3-30149.jpg","alt":"22-11-25-3-30149","title":"22-11-25-3-30149","MultiTaille":{"1920x1440":{"url":"https:\/\/www.saint-brevin.com\/medias\/images\/prestations\/multitailles\/1920x1440_22-11-25-3-30149.jpg"},"1200x900":{"url":"https:\/\/www.saint-brevin.com\/medias\/images\/prestations\/multitailles\/1200x900_22-11-25-3-30149.jpg"},"800x600":{"url":"https:\/\/www.saint-brevin.com\/medias\/images\/prestations\/multitailles\/800x600_22-11-25-3-30149.jpg"},"640x480":{"url":"https:\/\/www.saint-brevin.com\/medias\/images\/prestations\/multitailles\/640x480_22-11-25-3-30149.jpg"},"320x240":{"url":"https:\/\/www.saint-brevin.com\/medias\/images\/prestations\/multitailles\/320x240_22-11-25-3-30149.jpg"},"160x120":{"url":"https:\/\/www.saint-brevin.com\/medias\/images\/prestations\/multitailles\/160x120_22-11-25-3-30149.jpg"},"origine":{"url":"https:\/\/www.saint-brevin.com\/medias\/images\/prestations\/22-11-25-3-30149.jpg"}},"urlLien":"","typeLien":"","nofollow":"N","copyright":""},{"url":"https:\/\/www.saint-brevin.com\/medias\/images\/prestations\/vue-de-la-route-avec-la-fontaine-25215.jpg","chemin":"..\/medias\/images\/prestations\/vue-de-la-route-avec-la-fontaine-25215.jpg","libelle":"vue-de-la-route-avec-la-fontaine-25215","extension":"jpg","categorie":"","largeur":3264,"theme":"","hauteur":2448,"type":"Image","origine":"","liaisonPave":"","langue":"","id":"25215","urlVignette":"https:\/\/www.saint-brevin.com\/medias\/images\/prestations\/v-vue-de-la-route-avec-la-fontaine-25215.jpg","alt":"vue-de-la-route-avec-la-fontaine-25215","title":"vue-de-la-route-avec-la-fontaine-25215","MultiTaille":{"1920x1440":{"url":"https:\/\/www.saint-brevin.com\/medias\/images\/prestations\/multitailles\/1920x1440_vue-de-la-route-avec-la-fontaine-25215.jpg"},"1200x900":{"url":"https:\/\/www.saint-brevin.com\/medias\/images\/prestations\/multitailles\/1200x900_vue-de-la-route-avec-la-fontaine-25215.jpg"},"800x600":{"url":"https:\/\/www.saint-brevin.com\/medias\/images\/prestations\/multitailles\/800x600_vue-de-la-route-avec-la-fontaine-25215.jpg"},"640x480":{"url":"https:\/\/www.saint-brevin.com\/medias\/images\/prestations\/multitailles\/640x480_vue-de-la-route-avec-la-fontaine-25215.jpg"},"320x240":{"url":"https:\/\/www.saint-brevin.com\/medias\/images\/prestations\/multitailles\/320x240_vue-de-la-route-avec-la-fontaine-25215.jpg"},"160x120":{"url":"https:\/\/www.saint-brevin.com\/medias\/images\/prestations\/multitailles\/160x120_vue-de-la-route-avec-la-fontaine-25215.jpg"},"origine":{"url":"https:\/\/www.saint-brevin.com\/medias\/images\/prestations\/vue-de-la-route-avec-la-fontaine-25215.jpg"}},"urlLien":"","typeLien":"","nofollow":"N","copyright":""},{"url":"https:\/\/www.saint-brevin.com\/medias\/images\/prestations\/vue-de-la-salle-manger-25216.jpg","chemin":"..\/medias\/images\/prestations\/vue-de-la-salle-manger-25216.jpg","libelle":"vue-de-la-salle-manger-25216","extension":"jpg","categorie":"","largeur":3264,"theme":"","hauteur":2448,"type":"Image","origine":"","liaisonPave":"","langue":"","id":"25216","urlVignette":"https:\/\/www.saint-brevin.com\/medias\/images\/prestations\/v-vue-de-la-salle-manger-25216.jpg","alt":"vue-de-la-salle-manger-25216","title":"vue-de-la-salle-manger-25216","MultiTaille":{"1920x1440":{"url":"https:\/\/www.saint-brevin.com\/medias\/images\/prestations\/multitailles\/1920x1440_vue-de-la-salle-manger-25216.jpg"},"1200x900":{"url":"https:\/\/www.saint-brevin.com\/medias\/images\/prestations\/multitailles\/1200x900_vue-de-la-salle-manger-25216.jpg"},"800x600":{"url":"https:\/\/www.saint-brevin.com\/medias\/images\/prestations\/multitailles\/800x600_vue-de-la-salle-manger-25216.jpg"},"640x480":{"url":"https:\/\/www.saint-brevin.com\/medias\/images\/prestations\/multitailles\/640x480_vue-de-la-salle-manger-25216.jpg"},"320x240":{"url":"https:\/\/www.saint-brevin.com\/medias\/images\/prestations\/multitailles\/320x240_vue-de-la-salle-manger-25216.jpg"},"160x120":{"url":"https:\/\/www.saint-brevin.com\/medias\/images\/prestations\/multitailles\/160x120_vue-de-la-salle-manger-25216.jpg"},"origine":{"url":"https:\/\/www.saint-brevin.com\/medias\/images\/prestations\/vue-de-la-salle-manger-25216.jpg"}},"urlLien":"","typeLien":"","nofollow":"N","copyright":""},{"url":"https:\/\/www.saint-brevin.com\/medias\/images\/prestations\/salle-manger-25217.jpg","chemin":"..\/medias\/images\/prestations\/salle-manger-25217.jpg","libelle":"salle-manger-25217","extension":"jpg","categorie":"","largeur":3264,"theme":"","hauteur":2448,"type":"Image","origine":"","liaisonPave":"","langue":"","id":"25217","urlVignette":"https:\/\/www.saint-brevin.com\/medias\/images\/prestations\/v-salle-manger-25217.jpg","alt":"salle-manger-25217","title":"salle-manger-25217","MultiTaille":{"1920x1440":{"url":"https:\/\/www.saint-brevin.com\/medias\/images\/prestations\/multitailles\/1920x1440_salle-manger-25217.jpg"},"1200x900":{"url":"https:\/\/www.saint-brevin.com\/medias\/images\/prestations\/multitailles\/1200x900_salle-manger-25217.jpg"},"800x600":{"url":"https:\/\/www.saint-brevin.com\/medias\/images\/prestations\/multitailles\/800x600_salle-manger-25217.jpg"},"640x480":{"url":"https:\/\/www.saint-brevin.com\/medias\/images\/prestations\/multitailles\/640x480_salle-manger-25217.jpg"},"320x240":{"url":"https:\/\/www.saint-brevin.com\/medias\/images\/prestations\/multitailles\/320x240_salle-manger-25217.jpg"},"160x120":{"url":"https:\/\/www.saint-brevin.com\/medias\/images\/prestations\/multitailles\/160x120_salle-manger-25217.jpg"},"origine":{"url":"https:\/\/www.saint-brevin.com\/medias\/images\/prestations\/salle-manger-25217.jpg"}},"urlLien":"","typeLien":"","nofollow":"N","copyright":""},{"url":"https:\/\/www.saint-brevin.com\/medias\/images\/prestations\/lit-2-places-25218.jpg","chemin":"..\/medias\/images\/prestations\/lit-2-places-25218.jpg","libelle":"lit-2-places-25218","extension":"jpg","categorie":"","largeur":3264,"theme":"","hauteur":2448,"type":"Image","origine":"","liaisonPave":"","langue":"","id":"25218","urlVignette":"https:\/\/www.saint-brevin.com\/medias\/images\/prestations\/v-lit-2-places-25218.jpg","alt":"lit-2-places-25218","title":"lit-2-places-25218","MultiTaille":{"1920x1440":{"url":"https:\/\/www.saint-brevin.com\/medias\/images\/prestations\/multitailles\/1920x1440_lit-2-places-25218.jpg"},"1200x900":{"url":"https:\/\/www.saint-brevin.com\/medias\/images\/prestations\/multitailles\/1200x900_lit-2-places-25218.jpg"},"800x600":{"url":"https:\/\/www.saint-brevin.com\/medias\/images\/prestations\/multitailles\/800x600_lit-2-places-25218.jpg"},"640x480":{"url":"https:\/\/www.saint-brevin.com\/medias\/images\/prestations\/multitailles\/640x480_lit-2-places-25218.jpg"},"320x240":{"url":"https:\/\/www.saint-brevin.com\/medias\/images\/prestations\/multitailles\/320x240_lit-2-places-25218.jpg"},"160x120":{"url":"https:\/\/www.saint-brevin.com\/medias\/images\/prestations\/multitailles\/160x120_lit-2-places-25218.jpg"},"origine":{"url":"https:\/\/www.saint-brevin.com\/medias\/images\/prestations\/lit-2-places-25218.jpg"}},"urlLien":"","typeLien":"","nofollow":"N","copyright":""},{"url":"https:\/\/www.saint-brevin.com\/medias\/images\/prestations\/lit-2-perso-bis-25219.jpg","chemin":"..\/medias\/images\/prestations\/lit-2-perso-bis-25219.jpg","libelle":"lit-2-perso-bis-25219","extension":"jpg","categorie":"","largeur":3264,"theme":"","hauteur":2448,"type":"Image","origine":"","liaisonPave":"","langue":"","id":"25219","urlVignette":"https:\/\/www.saint-brevin.com\/medias\/images\/prestations\/v-lit-2-perso-bis-25219.jpg","alt":"lit-2-perso-bis-25219","title":"lit-2-perso-bis-25219","MultiTaille":{"1920x1440":{"url":"https:\/\/www.saint-brevin.com\/medias\/images\/prestations\/multitailles\/1920x1440_lit-2-perso-bis-25219.jpg"},"1200x900":{"url":"https:\/\/www.saint-brevin.com\/medias\/images\/prestations\/multitailles\/1200x900_lit-2-perso-bis-25219.jpg"},"800x600":{"url":"https:\/\/www.saint-brevin.com\/medias\/images\/prestations\/multitailles\/800x600_lit-2-perso-bis-25219.jpg"},"640x480":{"url":"https:\/\/www.saint-brevin.com\/medias\/images\/prestations\/multitailles\/640x480_lit-2-perso-bis-25219.jpg"},"320x240":{"url":"https:\/\/www.saint-brevin.com\/medias\/images\/prestations\/multitailles\/320x240_lit-2-perso-bis-25219.jpg"},"160x120":{"url":"https:\/\/www.saint-brevin.com\/medias\/images\/prestations\/multitailles\/160x120_lit-2-perso-bis-25219.jpg"},"origine":{"url":"https:\/\/www.saint-brevin.com\/medias\/images\/prestations\/lit-2-perso-bis-25219.jpg"}},"urlLien":"","typeLien":"","nofollow":"N","copyright":""},{"url":"https:\/\/www.saint-brevin.com\/medias\/images\/prestations\/lit-1-pers-25220.jpg","chemin":"..\/medias\/images\/prestations\/lit-1-pers-25220.jpg","libelle":"lit-1-pers-25220","extension":"jpg","categorie":"","largeur":3264,"theme":"","hauteur":2448,"type":"Image","origine":"","liaisonPave":"","langue":"","id":"25220","urlVignette":"https:\/\/www.saint-brevin.com\/medias\/images\/prestations\/v-lit-1-pers-25220.jpg","alt":"lit-1-pers-25220","title":"lit-1-pers-25220","MultiTaille":{"1920x1440":{"url":"https:\/\/www.saint-brevin.com\/medias\/images\/prestations\/multitailles\/1920x1440_lit-1-pers-25220.jpg"},"1200x900":{"url":"https:\/\/www.saint-brevin.com\/medias\/images\/prestations\/multitailles\/1200x900_lit-1-pers-25220.jpg"},"800x600":{"url":"https:\/\/www.saint-brevin.com\/medias\/images\/prestations\/multitailles\/800x600_lit-1-pers-25220.jpg"},"640x480":{"url":"https:\/\/www.saint-brevin.com\/medias\/images\/prestations\/multitailles\/640x480_lit-1-pers-25220.jpg"},"320x240":{"url":"https:\/\/www.saint-brevin.com\/medias\/images\/prestations\/multitailles\/320x240_lit-1-pers-25220.jpg"},"160x120":{"url":"https:\/\/www.saint-brevin.com\/medias\/images\/prestations\/multitailles\/160x120_lit-1-pers-25220.jpg"},"origine":{"url":"https:\/\/www.saint-brevin.com\/medias\/images\/prestations\/lit-1-pers-25220.jpg"}},"urlLien":"","typeLien":"","nofollow":"N","copyright":""},{"url":"https:\/\/www.saint-brevin.com\/medias\/images\/prestations\/cuisine-25221.jpg","chemin":"..\/medias\/images\/prestations\/cuisine-25221.jpg","libelle":"cuisine-25221","extension":"jpg","categorie":"","largeur":3264,"theme":"","hauteur":2448,"type":"Image","origine":"","liaisonPave":"","langue":"","id":"25221","urlVignette":"https:\/\/www.saint-brevin.com\/medias\/images\/prestations\/v-cuisine-25221.jpg","alt":"cuisine-25221","title":"cuisine-25221","MultiTaille":{"1920x1440":{"url":"https:\/\/www.saint-brevin.com\/medias\/images\/prestations\/multitailles\/1920x1440_cuisine-25221.jpg"},"1200x900":{"url":"https:\/\/www.saint-brevin.com\/medias\/images\/prestations\/multitailles\/1200x900_cuisine-25221.jpg"},"800x600":{"url":"https:\/\/www.saint-brevin.com\/medias\/images\/prestations\/multitailles\/800x600_cuisine-25221.jpg"},"640x480":{"url":"https:\/\/www.saint-brevin.com\/medias\/images\/prestations\/multitailles\/640x480_cuisine-25221.jpg"},"320x240":{"url":"https:\/\/www.saint-brevin.com\/medias\/images\/prestations\/multitailles\/320x240_cuisine-25221.jpg"},"160x120":{"url":"https:\/\/www.saint-brevin.com\/medias\/images\/prestations\/multitailles\/160x120_cuisine-25221.jpg"},"origine":{"url":"https:\/\/www.saint-brevin.com\/medias\/images\/prestations\/cuisine-25221.jpg"}},"urlLien":"","typeLien":"","nofollow":"N","copyright":""},{"url":"https:\/\/www.saint-brevin.com\/medias\/images\/prestations\/exterieur-2-25222.jpg","chemin":"..\/medias\/images\/prestations\/exterieur-2-25222.jpg","libelle":"exterieur-2-25222","extension":"jpg","categorie":"","largeur":3264,"theme":"","hauteur":2448,"type":"Image","origine":"","liaisonPave":"","langue":"","id":"25222","urlVignette":"https:\/\/www.saint-brevin.com\/medias\/images\/prestations\/v-exterieur-2-25222.jpg","alt":"exterieur-2-25222","title":"exterieur-2-25222","MultiTaille":{"1920x1440":{"url":"https:\/\/www.saint-brevin.com\/medias\/images\/prestations\/multitailles\/1920x1440_exterieur-2-25222.jpg"},"1200x900":{"url":"https:\/\/www.saint-brevin.com\/medias\/images\/prestations\/multitailles\/1200x900_exterieur-2-25222.jpg"},"800x600":{"url":"https:\/\/www.saint-brevin.com\/medias\/images\/prestations\/multitailles\/800x600_exterieur-2-25222.jpg"},"640x480":{"url":"https:\/\/www.saint-brevin.com\/medias\/images\/prestations\/multitailles\/640x480_exterieur-2-25222.jpg"},"320x240":{"url":"https:\/\/www.saint-brevin.com\/medias\/images\/prestations\/multitailles\/320x240_exterieur-2-25222.jpg"},"160x120":{"url":"https:\/\/www.saint-brevin.com\/medias\/images\/prestations\/multitailles\/160x120_exterieur-2-25222.jpg"},"origine":{"url":"https:\/\/www.saint-brevin.com\/medias\/images\/prestations\/exterieur-2-25222.jpg"}},"urlLien":"","typeLien":"","nofollow":"N","copyright":""},{"url":"https:\/\/www.saint-brevin.com\/medias\/images\/prestations\/ext-rieur-25223.jpg","chemin":"..\/medias\/images\/prestations\/ext-rieur-25223.jpg","libelle":"ext-rieur-25223","extension":"jpg","categorie":"","largeur":3264,"theme":"","hauteur":2448,"type":"Image","origine":"","liaisonPave":"","langue":"","id":"25223","urlVignette":"https:\/\/www.saint-brevin.com\/medias\/images\/prestations\/v-ext-rieur-25223.jpg","alt":"ext-rieur-25223","title":"ext-rieur-25223","MultiTaille":{"1920x1440":{"url":"https:\/\/www.saint-brevin.com\/medias\/images\/prestations\/multitailles\/1920x1440_ext-rieur-25223.jpg"},"1200x900":{"url":"https:\/\/www.saint-brevin.com\/medias\/images\/prestations\/multitailles\/1200x900_ext-rieur-25223.jpg"},"800x600":{"url":"https:\/\/www.saint-brevin.com\/medias\/images\/prestations\/multitailles\/800x600_ext-rieur-25223.jpg"},"640x480":{"url":"https:\/\/www.saint-brevin.com\/medias\/images\/prestations\/multitailles\/640x480_ext-rieur-25223.jpg"},"320x240":{"url":"https:\/\/www.saint-brevin.com\/medias\/images\/prestations\/multitailles\/320x240_ext-rieur-25223.jpg"},"160x120":{"url":"https:\/\/www.saint-brevin.com\/medias\/images\/prestations\/multitailles\/160x120_ext-rieur-25223.jpg"},"origine":{"url":"https:\/\/www.saint-brevin.com\/medias\/images\/prestations\/ext-rieur-25223.jpg"}},"urlLien":"","typeLien":"","nofollow":"N","copyright":""}],"ByCategorie":{"":[{"url":"https:\/\/www.saint-brevin.com\/medias\/images\/prestations\/cot-rue-avec-portail-25214.jpg","chemin":"..\/medias\/images\/prestations\/cot-rue-avec-portail-25214.jpg","libelle":"cot-rue-avec-portail-25214","extension":"jpg","categorie":"","largeur":3264,"theme":"","hauteur":2448,"type":"Image","origine":"","liaisonPave":"","langue":"","id":"25214","urlVignette":"https:\/\/www.saint-brevin.com\/medias\/images\/prestations\/v-cot-rue-avec-portail-25214.jpg","alt":"cot-rue-avec-portail-25214","title":"cot-rue-avec-portail-25214","MultiTaille":{"1920x1440":{"url":"https:\/\/www.saint-brevin.com\/medias\/images\/prestations\/multitailles\/1920x1440_cot-rue-avec-portail-25214.jpg"},"1200x900":{"url":"https:\/\/www.saint-brevin.com\/medias\/images\/prestations\/multitailles\/1200x900_cot-rue-avec-portail-25214.jpg"},"800x600":{"url":"https:\/\/www.saint-brevin.com\/medias\/images\/prestations\/multitailles\/800x600_cot-rue-avec-portail-25214.jpg"},"640x480":{"url":"https:\/\/www.saint-brevin.com\/medias\/images\/prestations\/multitailles\/640x480_cot-rue-avec-portail-25214.jpg"},"320x240":{"url":"https:\/\/www.saint-brevin.com\/medias\/images\/prestations\/multitailles\/320x240_cot-rue-avec-portail-25214.jpg"},"160x120":{"url":"https:\/\/www.saint-brevin.com\/medias\/images\/prestations\/multitailles\/160x120_cot-rue-avec-portail-25214.jpg"},"origine":{"url":"https:\/\/www.saint-brevin.com\/medias\/images\/prestations\/cot-rue-avec-portail-25214.jpg"}},"urlLien":"","typeLien":"","nofollow":"N","copyright":""},{"url":"https:\/\/www.saint-brevin.com\/medias\/images\/prestations\/22-11-25-3-30149.jpg","chemin":"..\/medias\/images\/prestations\/22-11-25-3-30149.jpg","libelle":"22-11-25-3-30149","extension":"jpg","categorie":"","largeur":1020,"theme":"","hauteur":1355,"type":"Image","origine":"","liaisonPave":"","langue":"","id":"30149","urlVignette":"https:\/\/www.saint-brevin.com\/medias\/images\/prestations\/v-22-11-25-3-30149.jpg","alt":"22-11-25-3-30149","title":"22-11-25-3-30149","MultiTaille":{"1920x1440":{"url":"https:\/\/www.saint-brevin.com\/medias\/images\/prestations\/multitailles\/1920x1440_22-11-25-3-30149.jpg"},"1200x900":{"url":"https:\/\/www.saint-brevin.com\/medias\/images\/prestations\/multitailles\/1200x900_22-11-25-3-30149.jpg"},"800x600":{"url":"https:\/\/www.saint-brevin.com\/medias\/images\/prestations\/multitailles\/800x600_22-11-25-3-30149.jpg"},"640x480":{"url":"https:\/\/www.saint-brevin.com\/medias\/images\/prestations\/multitailles\/640x480_22-11-25-3-30149.jpg"},"320x240":{"url":"https:\/\/www.saint-brevin.com\/medias\/images\/prestations\/multitailles\/320x240_22-11-25-3-30149.jpg"},"160x120":{"url":"https:\/\/www.saint-brevin.com\/medias\/images\/prestations\/multitailles\/160x120_22-11-25-3-30149.jpg"},"origine":{"url":"https:\/\/www.saint-brevin.com\/medias\/images\/prestations\/22-11-25-3-30149.jpg"}},"urlLien":"","typeLien":"","nofollow":"N","copyright":""},{"url":"https:\/\/www.saint-brevin.com\/medias\/images\/prestations\/vue-de-la-route-avec-la-fontaine-25215.jpg","chemin":"..\/medias\/images\/prestations\/vue-de-la-route-avec-la-fontaine-25215.jpg","libelle":"vue-de-la-route-avec-la-fontaine-25215","extension":"jpg","categorie":"","largeur":3264,"theme":"","hauteur":2448,"type":"Image","origine":"","liaisonPave":"","langue":"","id":"25215","urlVignette":"https:\/\/www.saint-brevin.com\/medias\/images\/prestations\/v-vue-de-la-route-avec-la-fontaine-25215.jpg","alt":"vue-de-la-route-avec-la-fontaine-25215","title":"vue-de-la-route-avec-la-fontaine-25215","MultiTaille":{"1920x1440":{"url":"https:\/\/www.saint-brevin.com\/medias\/images\/prestations\/multitailles\/1920x1440_vue-de-la-route-avec-la-fontaine-25215.jpg"},"1200x900":{"url":"https:\/\/www.saint-brevin.com\/medias\/images\/prestations\/multitailles\/1200x900_vue-de-la-route-avec-la-fontaine-25215.jpg"},"800x600":{"url":"https:\/\/www.saint-brevin.com\/medias\/images\/prestations\/multitailles\/800x600_vue-de-la-route-avec-la-fontaine-25215.jpg"},"640x480":{"url":"https:\/\/www.saint-brevin.com\/medias\/images\/prestations\/multitailles\/640x480_vue-de-la-route-avec-la-fontaine-25215.jpg"},"320x240":{"url":"https:\/\/www.saint-brevin.com\/medias\/images\/prestations\/multitailles\/320x240_vue-de-la-route-avec-la-fontaine-25215.jpg"},"160x120":{"url":"https:\/\/www.saint-brevin.com\/medias\/images\/prestations\/multitailles\/160x120_vue-de-la-route-avec-la-fontaine-25215.jpg"},"origine":{"url":"https:\/\/www.saint-brevin.com\/medias\/images\/prestations\/vue-de-la-route-avec-la-fontaine-25215.jpg"}},"urlLien":"","typeLien":"","nofollow":"N","copyright":""},{"url":"https:\/\/www.saint-brevin.com\/medias\/images\/prestations\/vue-de-la-salle-manger-25216.jpg","chemin":"..\/medias\/images\/prestations\/vue-de-la-salle-manger-25216.jpg","libelle":"vue-de-la-salle-manger-25216","extension":"jpg","categorie":"","largeur":3264,"theme":"","hauteur":2448,"type":"Image","origine":"","liaisonPave":"","langue":"","id":"25216","urlVignette":"https:\/\/www.saint-brevin.com\/medias\/images\/prestations\/v-vue-de-la-salle-manger-25216.jpg","alt":"vue-de-la-salle-manger-25216","title":"vue-de-la-salle-manger-25216","MultiTaille":{"1920x1440":{"url":"https:\/\/www.saint-brevin.com\/medias\/images\/prestations\/multitailles\/1920x1440_vue-de-la-salle-manger-25216.jpg"},"1200x900":{"url":"https:\/\/www.saint-brevin.com\/medias\/images\/prestations\/multitailles\/1200x900_vue-de-la-salle-manger-25216.jpg"},"800x600":{"url":"https:\/\/www.saint-brevin.com\/medias\/images\/prestations\/multitailles\/800x600_vue-de-la-salle-manger-25216.jpg"},"640x480":{"url":"https:\/\/www.saint-brevin.com\/medias\/images\/prestations\/multitailles\/640x480_vue-de-la-salle-manger-25216.jpg"},"320x240":{"url":"https:\/\/www.saint-brevin.com\/medias\/images\/prestations\/multitailles\/320x240_vue-de-la-salle-manger-25216.jpg"},"160x120":{"url":"https:\/\/www.saint-brevin.com\/medias\/images\/prestations\/multitailles\/160x120_vue-de-la-salle-manger-25216.jpg"},"origine":{"url":"https:\/\/www.saint-brevin.com\/medias\/images\/prestations\/vue-de-la-salle-manger-25216.jpg"}},"urlLien":"","typeLien":"","nofollow":"N","copyright":""},{"url":"https:\/\/www.saint-brevin.com\/medias\/images\/prestations\/salle-manger-25217.jpg","chemin":"..\/medias\/images\/prestations\/salle-manger-25217.jpg","libelle":"salle-manger-25217","extension":"jpg","categorie":"","largeur":3264,"theme":"","hauteur":2448,"type":"Image","origine":"","liaisonPave":"","langue":"","id":"25217","urlVignette":"https:\/\/www.saint-brevin.com\/medias\/images\/prestations\/v-salle-manger-25217.jpg","alt":"salle-manger-25217","title":"salle-manger-25217","MultiTaille":{"1920x1440":{"url":"https:\/\/www.saint-brevin.com\/medias\/images\/prestations\/multitailles\/1920x1440_salle-manger-25217.jpg"},"1200x900":{"url":"https:\/\/www.saint-brevin.com\/medias\/images\/prestations\/multitailles\/1200x900_salle-manger-25217.jpg"},"800x600":{"url":"https:\/\/www.saint-brevin.com\/medias\/images\/prestations\/multitailles\/800x600_salle-manger-25217.jpg"},"640x480":{"url":"https:\/\/www.saint-brevin.com\/medias\/images\/prestations\/multitailles\/640x480_salle-manger-25217.jpg"},"320x240":{"url":"https:\/\/www.saint-brevin.com\/medias\/images\/prestations\/multitailles\/320x240_salle-manger-25217.jpg"},"160x120":{"url":"https:\/\/www.saint-brevin.com\/medias\/images\/prestations\/multitailles\/160x120_salle-manger-25217.jpg"},"origine":{"url":"https:\/\/www.saint-brevin.com\/medias\/images\/prestations\/salle-manger-25217.jpg"}},"urlLien":"","typeLien":"","nofollow":"N","copyright":""},{"url":"https:\/\/www.saint-brevin.com\/medias\/images\/prestations\/lit-2-places-25218.jpg","chemin":"..\/medias\/images\/prestations\/lit-2-places-25218.jpg","libelle":"lit-2-places-25218","extension":"jpg","categorie":"","largeur":3264,"theme":"","hauteur":2448,"type":"Image","origine":"","liaisonPave":"","langue":"","id":"25218","urlVignette":"https:\/\/www.saint-brevin.com\/medias\/images\/prestations\/v-lit-2-places-25218.jpg","alt":"lit-2-places-25218","title":"lit-2-places-25218","MultiTaille":{"1920x1440":{"url":"https:\/\/www.saint-brevin.com\/medias\/images\/prestations\/multitailles\/1920x1440_lit-2-places-25218.jpg"},"1200x900":{"url":"https:\/\/www.saint-brevin.com\/medias\/images\/prestations\/multitailles\/1200x900_lit-2-places-25218.jpg"},"800x600":{"url":"https:\/\/www.saint-brevin.com\/medias\/images\/prestations\/multitailles\/800x600_lit-2-places-25218.jpg"},"640x480":{"url":"https:\/\/www.saint-brevin.com\/medias\/images\/prestations\/multitailles\/640x480_lit-2-places-25218.jpg"},"320x240":{"url":"https:\/\/www.saint-brevin.com\/medias\/images\/prestations\/multitailles\/320x240_lit-2-places-25218.jpg"},"160x120":{"url":"https:\/\/www.saint-brevin.com\/medias\/images\/prestations\/multitailles\/160x120_lit-2-places-25218.jpg"},"origine":{"url":"https:\/\/www.saint-brevin.com\/medias\/images\/prestations\/lit-2-places-25218.jpg"}},"urlLien":"","typeLien":"","nofollow":"N","copyright":""},{"url":"https:\/\/www.saint-brevin.com\/medias\/images\/prestations\/lit-2-perso-bis-25219.jpg","chemin":"..\/medias\/images\/prestations\/lit-2-perso-bis-25219.jpg","libelle":"lit-2-perso-bis-25219","extension":"jpg","categorie":"","largeur":3264,"theme":"","hauteur":2448,"type":"Image","origine":"","liaisonPave":"","langue":"","id":"25219","urlVignette":"https:\/\/www.saint-brevin.com\/medias\/images\/prestations\/v-lit-2-perso-bis-25219.jpg","alt":"lit-2-perso-bis-25219","title":"lit-2-perso-bis-25219","MultiTaille":{"1920x1440":{"url":"https:\/\/www.saint-brevin.com\/medias\/images\/prestations\/multitailles\/1920x1440_lit-2-perso-bis-25219.jpg"},"1200x900":{"url":"https:\/\/www.saint-brevin.com\/medias\/images\/prestations\/multitailles\/1200x900_lit-2-perso-bis-25219.jpg"},"800x600":{"url":"https:\/\/www.saint-brevin.com\/medias\/images\/prestations\/multitailles\/800x600_lit-2-perso-bis-25219.jpg"},"640x480":{"url":"https:\/\/www.saint-brevin.com\/medias\/images\/prestations\/multitailles\/640x480_lit-2-perso-bis-25219.jpg"},"320x240":{"url":"https:\/\/www.saint-brevin.com\/medias\/images\/prestations\/multitailles\/320x240_lit-2-perso-bis-25219.jpg"},"160x120":{"url":"https:\/\/www.saint-brevin.com\/medias\/images\/prestations\/multitailles\/160x120_lit-2-perso-bis-25219.jpg"},"origine":{"url":"https:\/\/www.saint-brevin.com\/medias\/images\/prestations\/lit-2-perso-bis-25219.jpg"}},"urlLien":"","typeLien":"","nofollow":"N","copyright":""},{"url":"https:\/\/www.saint-brevin.com\/medias\/images\/prestations\/lit-1-pers-25220.jpg","chemin":"..\/medias\/images\/prestations\/lit-1-pers-25220.jpg","libelle":"lit-1-pers-25220","extension":"jpg","categorie":"","largeur":3264,"theme":"","hauteur":2448,"type":"Image","origine":"","liaisonPave":"","langue":"","id":"25220","urlVignette":"https:\/\/www.saint-brevin.com\/medias\/images\/prestations\/v-lit-1-pers-25220.jpg","alt":"lit-1-pers-25220","title":"lit-1-pers-25220","MultiTaille":{"1920x1440":{"url":"https:\/\/www.saint-brevin.com\/medias\/images\/prestations\/multitailles\/1920x1440_lit-1-pers-25220.jpg"},"1200x900":{"url":"https:\/\/www.saint-brevin.com\/medias\/images\/prestations\/multitailles\/1200x900_lit-1-pers-25220.jpg"},"800x600":{"url":"https:\/\/www.saint-brevin.com\/medias\/images\/prestations\/multitailles\/800x600_lit-1-pers-25220.jpg"},"640x480":{"url":"https:\/\/www.saint-brevin.com\/medias\/images\/prestations\/multitailles\/640x480_lit-1-pers-25220.jpg"},"320x240":{"url":"https:\/\/www.saint-brevin.com\/medias\/images\/prestations\/multitailles\/320x240_lit-1-pers-25220.jpg"},"160x120":{"url":"https:\/\/www.saint-brevin.com\/medias\/images\/prestations\/multitailles\/160x120_lit-1-pers-25220.jpg"},"origine":{"url":"https:\/\/www.saint-brevin.com\/medias\/images\/prestations\/lit-1-pers-25220.jpg"}},"urlLien":"","typeLien":"","nofollow":"N","copyright":""},{"url":"https:\/\/www.saint-brevin.com\/medias\/images\/prestations\/cuisine-25221.jpg","chemin":"..\/medias\/images\/prestations\/cuisine-25221.jpg","libelle":"cuisine-25221","extension":"jpg","categorie":"","largeur":3264,"theme":"","hauteur":2448,"type":"Image","origine":"","liaisonPave":"","langue":"","id":"25221","urlVignette":"https:\/\/www.saint-brevin.com\/medias\/images\/prestations\/v-cuisine-25221.jpg","alt":"cuisine-25221","title":"cuisine-25221","MultiTaille":{"1920x1440":{"url":"https:\/\/www.saint-brevin.com\/medias\/images\/prestations\/multitailles\/1920x1440_cuisine-25221.jpg"},"1200x900":{"url":"https:\/\/www.saint-brevin.com\/medias\/images\/prestations\/multitailles\/1200x900_cuisine-25221.jpg"},"800x600":{"url":"https:\/\/www.saint-brevin.com\/medias\/images\/prestations\/multitailles\/800x600_cuisine-25221.jpg"},"640x480":{"url":"https:\/\/www.saint-brevin.com\/medias\/images\/prestations\/multitailles\/640x480_cuisine-25221.jpg"},"320x240":{"url":"https:\/\/www.saint-brevin.com\/medias\/images\/prestations\/multitailles\/320x240_cuisine-25221.jpg"},"160x120":{"url":"https:\/\/www.saint-brevin.com\/medias\/images\/prestations\/multitailles\/160x120_cuisine-25221.jpg"},"origine":{"url":"https:\/\/www.saint-brevin.com\/medias\/images\/prestations\/cuisine-25221.jpg"}},"urlLien":"","typeLien":"","nofollow":"N","copyright":""},{"url":"https:\/\/www.saint-brevin.com\/medias\/images\/prestations\/exterieur-2-25222.jpg","chemin":"..\/medias\/images\/prestations\/exterieur-2-25222.jpg","libelle":"exterieur-2-25222","extension":"jpg","categorie":"","largeur":3264,"theme":"","hauteur":2448,"type":"Image","origine":"","liaisonPave":"","langue":"","id":"25222","urlVignette":"https:\/\/www.saint-brevin.com\/medias\/images\/prestations\/v-exterieur-2-25222.jpg","alt":"exterieur-2-25222","title":"exterieur-2-25222","MultiTaille":{"1920x1440":{"url":"https:\/\/www.saint-brevin.com\/medias\/images\/prestations\/multitailles\/1920x1440_exterieur-2-25222.jpg"},"1200x900":{"url":"https:\/\/www.saint-brevin.com\/medias\/images\/prestations\/multitailles\/1200x900_exterieur-2-25222.jpg"},"800x600":{"url":"https:\/\/www.saint-brevin.com\/medias\/images\/prestations\/multitailles\/800x600_exterieur-2-25222.jpg"},"640x480":{"url":"https:\/\/www.saint-brevin.com\/medias\/images\/prestations\/multitailles\/640x480_exterieur-2-25222.jpg"},"320x240":{"url":"https:\/\/www.saint-brevin.com\/medias\/images\/prestations\/multitailles\/320x240_exterieur-2-25222.jpg"},"160x120":{"url":"https:\/\/www.saint-brevin.com\/medias\/images\/prestations\/multitailles\/160x120_exterieur-2-25222.jpg"},"origine":{"url":"https:\/\/www.saint-brevin.com\/medias\/images\/prestations\/exterieur-2-25222.jpg"}},"urlLien":"","typeLien":"","nofollow":"N","copyright":""},{"url":"https:\/\/www.saint-brevin.com\/medias\/images\/prestations\/ext-rieur-25223.jpg","chemin":"..\/medias\/images\/prestations\/ext-rieur-25223.jpg","libelle":"ext-rieur-25223","extension":"jpg","categorie":"","largeur":3264,"theme":"","hauteur":2448,"type":"Image","origine":"","liaisonPave":"","langue":"","id":"25223","urlVignette":"https:\/\/www.saint-brevin.com\/medias\/images\/prestations\/v-ext-rieur-25223.jpg","alt":"ext-rieur-25223","title":"ext-rieur-25223","MultiTaille":{"1920x1440":{"url":"https:\/\/www.saint-brevin.com\/medias\/images\/prestations\/multitailles\/1920x1440_ext-rieur-25223.jpg"},"1200x900":{"url":"https:\/\/www.saint-brevin.com\/medias\/images\/prestations\/multitailles\/1200x900_ext-rieur-25223.jpg"},"800x600":{"url":"https:\/\/www.saint-brevin.com\/medias\/images\/prestations\/multitailles\/800x600_ext-rieur-25223.jpg"},"640x480":{"url":"https:\/\/www.saint-brevin.com\/medias\/images\/prestations\/multitailles\/640x480_ext-rieur-25223.jpg"},"320x240":{"url":"https:\/\/www.saint-brevin.com\/medias\/images\/prestations\/multitailles\/320x240_ext-rieur-25223.jpg"},"160x120":{"url":"https:\/\/www.saint-brevin.com\/medias\/images\/prestations\/multitailles\/160x120_ext-rieur-25223.jpg"},"origine":{"url":"https:\/\/www.saint-brevin.com\/medias\/images\/prestations\/ext-rieur-25223.jpg"}},"urlLien":"","typeLien":"","nofollow":"N","copyright":""}]}},"DateDebPublication":"","DateFinPublication":"","PrixAPartirDe":"","PrixPour":"","FicheListeEnCours":"fiche_liste_locations_de_vacances_meubles_prestation_v2017","ParametresModele":{"AfficherPhotos":"1","NbPhotosMax":6,"AfficherReserver":0,"AfficherContact":0,"AfficherSalle":1,"AfficherZoneGeo":0,"AfficherEnSavoirPlus":"1","AfficherUneSeuleOuverture":0,"AfficherContactCarte":1,"AfficherTarifsChaudAPartirDe":0,"AfficherTarifChaudSansRecherche":0,"AfficherLiensCarnetVoyage":"1","BlocCritereInfo":{"critere1":{"libelle":"","liste_critere":["GCLASS|GCL5ET|G","GCLASS|G4ETOI|G","GCLASS|G3ETOI|G","GCLASS|G2ETOI|G","GCLASS|G1ETOI|G","GCLASS|GNON|G","GCLALABELS|M1E|G","GCLALABELS|M2EP|G","GCLALABELS|M3EP|G","GCLALABELS|3EPEC|G","GCLALABELS|M4EP|G","GCLALABELS|M1CLE|G","GCLALABELS|M2CLE|G","GCLALABELS|M4CLE|G","GCLALABELS|M3CLE|G","GCLALABELS|ACCUEIL|G","GCLALABELS|LOIREAVELO|G","GCLALABELS|VELODYSSEE|G","GCLALABELS|RANDOACCUEIL|G","GCLALABELS|ECOLABEL|G"]},"critere2":{"libelle":"","liste_critere":["GRESID|G","LABELS|ACCUEILVELO|G","GANIMA|GANIM|G","GANIMA|GPASAN|G","GANIMA|GANIMNON|G"]},"critere3":{"libelle":""},"critere4":{"libelle":""},"critere5":{"libelle":""},"critere6":{"libelle":"","liste_critere":["GTYP2|G","CAPACITE|G","SURFAC|G","GNCH|G1CH|G","GNCH|G2CH|G","GNCH|G3CH|G","GNCH|G4CH|G","GNCH|G5CH|G","GNCH|G6CH|G","GNCH|7CHAMB|G","GNCH|8CHAMB|G","GNCH|9CHAMB|G","DISTANCEMER|MDELAMER|G","DISTANCEMER|KMDELAMER|G"]},"critere7":{"libelle":"","liste_critere":["LIEU|G"]},"critere8":{"libelle":""},"afficherpictoetpaslibelle":"1"},"BlocPaveInfo":{"texte1":{"pave":["1"],"longeurmax":"200","afficherLibelle":"0","garderHtml":"0"}},"Criteres":"PARTENAIRE[COMPLET","PositionBloc":"GALLERIE|NOM|CARNET_VOYAGE|URL","TypePrestataire":"G","ComportementResa":false,"ComportementDispo":false},"AffichageCoordonnees":[],"Coordonnees":{"Ville":"ST BREVIN LES PINS"},"ContexteId":"PRESTATION|G|PORCHERMAISONRENOVEE|MAISONRENOVEE55M2","ContexteIdHtml":"PRESTATION-G-PORCHERMAISONRENOVEE-MAISONRENOVEE55M2","cleContexte":"G|PORCHERMAISONRENOVEE|MAISONRENOVEE55M2","Bloc":{"texte1":"","texte3":"","critere1":{"libelle":"","contenu":{"GCLASS":{"libelle":"CLASSEMENT MEUBL\u00c9 DE TOURISME","contenu":{"4":"\u003Cimg src=\"https:\/\/www.saint-brevin.com\/medias\/images\/picto\/GCLASS-G2ETOI-G.png\"  alt=\"2 \u00e9toiles\" title=\"2 \u00e9toiles\" \/\u003E"},"codesValeurs":{"4":"GCLASS|G2ETOI|G"},"criteres_datas":{"valeurs":{"4":{"G2ETOI":{"descriptif":""}}}}}}},"critere2":{"libelle":"","contenu":{"GANIMA":{"libelle":"Animaux","contenu":{"3":"non accept\u00e9s"},"codesValeurs":{"3":"GANIMA|GANIMNON|G"},"criteres_datas":{"valeurs":{"3":{"GANIMNON":{"descriptif":""}}}}}}},"critere3":{"libelle":"","contenu":[]},"critere4":{"libelle":"","contenu":[]},"critere5":{"libelle":"","contenu":[]},"critere6":{"libelle":"","contenu":{"GTYP2":{"libelle":"TYPE DE LOCATION","contenu":{"2":"maison"},"codesValeurs":{"2":"GTYP2|MAIS|G"},"criteres_datas":{"valeurs":{"2":{"MAIS":{"descriptif":""}}}}},"CAPACITE":{"libelle":"CAPACIT\u00c9 MAXIMUM","contenu":{"5":"5 personnes"},"codesValeurs":{"5":"CAPACITE|5PERS|G"},"criteres_datas":{"valeurs":{"5":{"5PERS":{"descriptif":""}}}}},"SURFAC":{"libelle":"SUPERFICIE","contenu":{"1":"\u003Cspan class=\"quantite\"\u003E55\u003C\/span\u003E \u003Cspan class=\"libelle\"\u003Em\u00b2\u003C\/span\u003E"},"codesValeurs":{"1":"SURFAC|METRE|G"},"criteres_datas":{"valeurs":{"1":{"METRE":{"descriptif":""}}}}},"GNCH":{"libelle":"NOMBRE DE CHAMBRES","contenu":{"2":"2 chambres"},"codesValeurs":{"2":"GNCH|G2CH|G"},"criteres_datas":{"valeurs":{"2":{"G2CH":{"descriptif":""}}}}},"DISTANCEMER":{"libelle":"Distance de la mer","contenu":{"6":"\u003Cspan class=\"quantite\"\u003E3\u003C\/span\u003E \u003Cspan class=\"libelle\"\u003Ekm de la mer\u003C\/span\u003E"},"codesValeurs":{"6":"DISTANCEMER|KMDELAMER|G"},"criteres_datas":{"valeurs":{"6":{"KMDELAMER":{"descriptif":""}}}}}}},"critere7":{"libelle":"","contenu":{"LIEU":{"libelle":"LIEU","contenu":{"2":"Saint-Brevin - Quartier des Pins"},"codesValeurs":{"2":"LIEU|SAINTBREVINLESPINS|G"},"criteres_datas":{"valeurs":{"2":{"SAINTBREVINLESPINS":{"descriptif":""}}}}}}},"critere8":{"libelle":"","contenu":[]},"critere9":{"libelle":"","contenu":[]}},"LocalisationGps":{"Latitude":"47.23935","Longitude":"-2.13936"},"libelleDuPrestataire":"","vuePrestataire":{"pave1":{"libelle":"","contenu":""},"pave2":{"libelle":"","contenu":""},"pave3":{"libelle":"","contenu":""},"pave4":{"libelle":"","contenu":""},"pave5":{"libelle":"","contenu":""},"pave6":{"libelle":"","contenu":""},"pave7":{"libelle":"","contenu":""},"pave8":{"libelle":"","contenu":""},"pave9":{"libelle":"","contenu":""},"pave10":{"libelle":"","contenu":""},"pave11":{"libelle":"","contenu":""},"pave12":{"libelle":"","contenu":""},"pave13":{"libelle":"","contenu":""},"pave14":{"libelle":"","contenu":""},"pave15":{"libelle":"","contenu":""},"pave16":{"libelle":"","contenu":""},"pave17":{"libelle":"","contenu":""},"pave18":{"libelle":"","contenu":""},"pave19":{"libelle":"","contenu":""},"pave20":{"libelle":"","contenu":""},"pave21":{"libelle":"","contenu":""},"pave22":{"libelle":"","contenu":""},"pave23":{"libelle":"","contenu":""},"pave24":{"libelle":"","contenu":""},"pave25":{"libelle":"","contenu":""},"AffichageCoordonnees":[]},"listeCriteres":{"PARTENAIRE":{"COMPLET":""},"COMMUNES":{"SAINTBREVIN":""},"LIEU":{"SAINTBREVINLESPINS":""},"GTYP2":{"MAIS":""},"QUARTIER":{"AUTRESQUARTIERSAINTBREVINLESPI":""},"NBPIECES":{"4PIEC":""},"CAPACITE":{"5PERS":""},"DECLARMAIR":{"VALIDMAIRIE":""},"ETAGE":{"PLPIED":""},"SURFAC":{"METRE":"55"},"INSPUBMAJ":{"NOTEPRESTA":"2025"},"MAJINGENIE":{"DATEDERNIEREMAJ":"20241129"},"MISEAJOUR":{"JOHANNA":""},"GNCH":{"G2CH":""},"GANIMA":{"GANIMNON":""},"DISTANCEDUCENTRE":{"KMCENTREBREVINPIN":"3","KMCENTREBREVINOCEAN":"3"},"GCLASS":{"G2ETOI":""},"DISTANCEDELAGARE":{"KMGARESAINTBAZAIRE":"15","KMGAREPORNIC":"15"},"DISTANCEMER":{"KMDELAMER":"3"},"GEQINT":{"CHAUFF":"","FRIOG":"","GFOUR":"","MICRO":"","LINGE":""},"GMATCUIS":{"CAFETIE":""},"GMULTI":{"GTV":""},"GEQEXT":{"JARDIN":"","MEUBLE":"","BARBEC":""},"GCAPACITTRANCHES":{"GDE3A5PERS":"","GDE5A7PERS":""},"GESSI":{"GCVFMF":"","GCVJ":"","GCVLL":"","GCVMO":"","GCVT":""},"TYPPRO":{"PARTICULIEROT":""},"INSPUBMAJP":{"NOTEPRESTA":"2024"},"MAJINGENIEP":{"DATEDERNIEREMAJ":"20241129"},"MISEAJOURP":{"JOHANNA":""},"DECLAMAIRIE":{"VALIMAIRIE":""}},"dansCarnetVoyage":true,"Ouverture":""},"html":" \n \u003Cdiv id=\"CV-PRESTATION-G-PORCHERMAISONRENOVEE-MAISONRENOVEE55M2\" data-contexte-id=\"PRESTATION|G|PORCHERMAISONRENOVEE|MAISONRENOVEE55M2\" data-cle=\"G|PORCHERMAISONRENOVEE|MAISONRENOVEE55M2\" class=\"fiche-liste\"\u003E\n    \n\n    \u003C!-- partie photo --\u003E\n    \u003Cdiv class=\"photo\"\u003E\t\t\t\t\t\t\t\t\t\t\t\t\t\t\t\t\t\t\t\t\t\n        \u003Cdiv class=\"cadre_photo_principale\"\u003E\t\t\n        \n            \t\t\t\t\t\n                    \u003Ca href=\"maison-renovee-55m2.html?origine=carnet#media\"\u003E\n                        \u003Cimg class=\"photo_principale\" alt=\"cot-rue-avec-portail-25214\" src=\"https:\/\/www.saint-brevin.com\/medias\/images\/prestations\/multitailles\/320x240_cot-rue-avec-portail-25214.jpg\" itemprop=\"image\"\u003E\n                    \u003C\/a\u003E\t\t\t\t\t\t\n                \n                    \u003C\/div\u003E\t\t\t\t\t\t\t\t\t\t\t\t\t\t\t\t\t\t\t \t\t\n    \u003C\/div\u003E\n    \n    \u003C!-- partie nom prest --\u003E\n    \u003Cdiv class=\"nom\"\u003E\n        \u003Ch2\u003EMaison R\u00e9nov\u00e9e 55m2\u003C\/h2\u003E\n        \n            \u003C\/div\u003E\n\n         \n    \u003C!-- partie adresse --\u003E\n    \u003Cdiv class=\"adresse\"\u003E\n    \n          \n    \u003C\/div\u003E\n    \n    \u003C!-- partie liens --\u003E\n    \u003Cdiv class=\"liens\"\u003E\n            \u003Ca class=\"btn-icon btn-view \" title=\"Voir la fiche d\u00e9taill\u00e9e\" href=\"maison-renovee-55m2.html?origine=carnet\"\u003E\u003C\/a\u003E\u003C!--\u003Ca class=\"btn-icon btn-view \" title=\"\" href=\"?origine=carnet#thaut\"\u003E\u003C\/a\u003E--\u003E\n      \u003Ca class=\"btn-icon btn-trash carnet_voyage_supprimer\" title=\"Supprimer cette fiche de mon carnet de voyage\" href=\"carnet-voyage?action=remove&fiche=G|PORCHERMAISONRENOVEE|MAISONRENOVEE55M2\"\u003E\u003C\/a\u003E\n    \u003C\/div\u003E\n\n\u003C\/div\u003E\n\n","icon":"https:\/\/static.ingenie.fr\/images\/carnetVoyageV3\/G.png"},"fiche":"G|PORCHERMAISONRENOVEE|MAISONRENOVEE55M2","popup":"\u003Cdiv id=\"bloc_popup_ajout_fiche_carnet\"\u003E\n    \u003Cdiv class=\"info_popup_ajout_fiche_carnet\"\u003E\n        Vous venez d'ajouter cet \u00e9l\u00e9ment \u00e0 votre carnet de voyage :    \u003C\/div\u003E\n    \u003Cdiv class=\"prest_popup_ajout_fiche_carnet\"\u003E\n        Maison R&eacute;nov&eacute;e 55m2    \u003C\/div\u003E\n    \u003Cdiv class=\"bloc_btn_ajout_fiche_carnet form_submit_div\"\u003E\n        \u003Cinput type=\"button\" value=\"Continuer ma s\u00e9lection\" title=\"Continuer ma s\u00e9lection\" name=\"btn_close\" class=\"btn_close_popup_carnet form_submit\" onclick=\"$.colorbox.close()\" \/\u003E\n        \u003Cinput type=\"button\" value=\"Voir mon carnet de voyage\" title=\"Voir mon carnet\" name=\"btn_panier\" class=\"btn_panier_popup_carnet form_submit\" onclick=\"if(typeof CarnetVoyage != 'undefined') {CarnetVoyage.voirCarnet();}\" \/\u003E\n    \u003C\/div\u003E\n    \u003Cdiv class=\"bloc_btn_ajout_fiche_carnet\"\u003E\n        \u003Cinput type=\"checkbox\" value=\"1\" name=\"desactiver_popup\" id=\"desactiver_popup\" \/\u003E\n        \u003Clabel for=\"desactiver_popup\"\u003ENe plus afficher ce message\u003C\/label\u003E\n    \u003C\/div\u003E\n\u003C\/div\u003E","success":1}