{"nbFiches":1,"dataPrest":{"infoPrest":{"pave1":{"libelle":"Slogan","contenu":"","fichiers":[]},"pave2":{"libelle":"Descriptif","contenu":"Jolie villa brevinoise pr&egrave;s du centre-ville et &agrave; 700 m&egrave;tres de la plage.\u003Cbr \/\u003E\r\n\u003Cbr \/\u003E\r\n\u003Cstrong\u003EMaison &quot;Broc&eacute;liande&quot; &ndash; Calme &amp; Plage &agrave; pied | Saint-Brevin-les-Pins\u003C\/strong\u003E\u003Cbr \/\u003E\r\nMaison ind&eacute;pendante de 73 m&sup2;, au calme d&rsquo;une impasse, &agrave; 10 min &agrave; pied de la plage de l&rsquo;estuaire et 5 min des commerces et du march&eacute;.\u003Cbr \/\u003E\r\n&Agrave; 5 mn en voiture des plages de l&#39;Oc&eacute;an.\u003Cbr \/\u003E\r\nId&eacute;ale pour familles ou s&eacute;niors : 2 grandes chambres (5 couchages), cuisine &eacute;quip&eacute;e, salon, v&eacute;randa, salle de bain avec douche am&eacute;nag&eacute;e PMR, garage et jardin.\u003Cbr \/\u003E\r\nMaison r&eacute;nov&eacute;e, lumineuse, orient&eacute;e est\/ouest, dans le style br&eacute;vinois.\u003Cbr \/\u003E\r\nServices de conciergerie inclus (accueil, assistance), options linge &amp; m&eacute;nage (ch&egrave;que de caution &agrave; pr&eacute;voir).\u003Cbr \/\u003E\r\nAnimaux accept&eacute;s en ext&eacute;rieur sous conditions.\u003Cbr \/\u003E\r\n&Agrave; 5 minutes &agrave; pied du centre-ville, &agrave; 10 minutes &agrave; pied de la plage du centre-ville, &agrave; 10 min en voiture de l&rsquo;oc&eacute;an, et &agrave; 15 min en voiture de la gare de Saint-Nazaire.\u003Cbr \/\u003E\r\n\u003Cbr \/\u003E\r\n&Agrave; votre disposition : 1 cuisine,&nbsp;1 salon,&nbsp;2 chambres,&nbsp;1 v&eacute;randa lumineuse,&nbsp;1 buanderie,&nbsp;1 seconde buanderie,&nbsp;1 garage + 1 place de parking.","fichiers":[]},"pave3":{"libelle":"","contenu":""},"pave4":{"libelle":"","contenu":""},"pave5":{"libelle":"","contenu":""},"pave6":{"libelle":"","contenu":""},"pave7":{"libelle":"","contenu":""},"pave8":{"libelle":"","contenu":""},"pave9":{"libelle":"","contenu":""},"pave10":{"libelle":"","contenu":""},"pave11":{"libelle":"","contenu":""},"pave12":{"libelle":"","contenu":""},"pave13":{"libelle":"","contenu":""},"pave14":{"libelle":"","contenu":""},"pave15":{"libelle":"","contenu":""},"pave16":{"libelle":"","contenu":""},"pave17":{"libelle":"","contenu":""},"pave18":{"libelle":"","contenu":""},"pave19":{"libelle":"","contenu":""},"pave20":{"libelle":"","contenu":""},"pave21":{"libelle":"","contenu":""},"pave22":{"libelle":"","contenu":""},"pave23":{"libelle":"","contenu":""},"pave24":{"libelle":"","contenu":""},"pave25":{"libelle":"","contenu":""},"Libelle":"Villa Broc\u00e9liande","Reference":"","Reftar":"","Type":"PRESTATION","TypePrestataire":"G","ContexteStat":"PRESTATION-G-JULIENBECOTE-VILLABROCELAINDE","DateModificationIso":"2025-12-16T10:14:00+01:00","Adresse":{"LigneAdresse1":"6 avenue du Pain B\u00e9nit","LigneAdresse2":"","LigneAdresse3":"","CodePostal":"44250","Ville":"ST BREVIN LES PINS","Cedex":"","Etat":"","Pays":"FRA"},"Id":"g-julienbecote-villabrocelainde","Code":"G|JULIENBECOTE|VILLABROCELAINDE","Cle":"G|JULIENBECOTE|VILLABROCELAINDE","Url":"villa-broceliande.html","Localisation":{"GoogleMap":{"Latitude":"47.24630","Longitude":"-2.16191"}},"ZoneGeo":"","Criteres":{"PARTENAIRE[COMPLET":"","COMMUNES[SAINTBREVIN":"","LIEU[SAINTBREVINLESPINS":"","GTYP2[MAIS":"","QUARTIER[LESPINS":"","NBPIECES[3PIEC":"","CAPACITE[2PERS":"","CAPACITE[5PERS":"","ETAGE[PLPIED":"","SURFAC[METRE":"73","MAJINGENIE[DATEDERNIEREMAJ":"20251215","GSITUA[COMMER":"","GSITUA[PLAGE":"","MISEAJOUR[ANNABELLE":"","GNCH[G2CH":"","GANIMA[GANIM":"","GANIMA[GCVAA":"","DISTANCEDUCENTRE[MCENTREBREVINPIN":"200","GCLASS[G3ETOI":"","DISTANCEDELAGARE[KMGARESAINTBAZAIRE":"15","DISTANCEDELAGARE[KMGAREPORNIC":"20","DISTANCEMER[MDELAMER":"700","GEQINT[GFOUR":"","GEQINT[MICRO":"","GEQINT[PLAQUEELEC":"","GEQINT[FRIOG":"","GEQINT[LINGE":"","GMATCUIS[BOUILLOIRE":"","GMATCUIS[CAFETIE":"","GMATCUIS[MIXER":"","GMATCUIS[PRESSEAGRUMES":"","GMULTI[GTV":"","GMULTI[GWIFI":"","GEQEXT[MEUBLE":"","GEQEXT[STATIO":"","GESSI[GCVLL":"","GESSI[GCVFMF":"","GESSI[GCVMO":"","GESSI[GCVAI":"","GESSI[GCVT":"","GESSI[GCVSP":"","GCAPACITTRANCHES[GDE1A3PERS":"","GCAPACITTRANCHES[GDE3A5PERS":"","GCAPACITTRANCHES[GDE5A7PERS":""},"Prestataire":{"pave1":{"libelle":"Descriptif","contenu":""},"pave2":{"libelle":"Remise des cl\u00e9s","contenu":""},"pave3":{"libelle":"","contenu":""},"pave4":{"libelle":"","contenu":""},"pave5":{"libelle":"","contenu":""},"pave6":{"libelle":"","contenu":""},"pave7":{"libelle":"","contenu":""},"pave8":{"libelle":"","contenu":""},"pave9":{"libelle":"","contenu":""},"pave10":{"libelle":"","contenu":""},"pave11":{"libelle":"","contenu":""},"pave12":{"libelle":"","contenu":""},"pave13":{"libelle":"","contenu":""},"pave14":{"libelle":"","contenu":""},"pave15":{"libelle":"","contenu":""},"pave16":{"libelle":"","contenu":""},"pave17":{"libelle":"","contenu":""},"pave18":{"libelle":"","contenu":""},"pave19":{"libelle":"","contenu":""},"pave20":{"libelle":"","contenu":""},"pave21":{"libelle":"","contenu":""},"pave22":{"libelle":"","contenu":""},"pave23":{"libelle":"","contenu":""},"pave24":{"libelle":"","contenu":""},"pave25":{"libelle":"","contenu":""},"ContactsParType":{"PRO":{"3476":{"id_contact":"3476","type_contact":"PRO","categorie_contact":"PRESTATAIRE","societe_contact":"","fonction_contact":"","civilite_nom_prenom_contact":"B\u00e9cote Julien ","adresse1_contact":"","adresse2_contact":"","adresse3_contact":"","cpostal_contact":"","ville_contact":"","teldom_contact":"","telbur_contact":"","fax_contact":"","portable_contact":"06 09 50 73 25","email_contact":"julien.becote@gmail.com","siteweb_contact":"","commentaire_contact":"","langue_contact":"","autre_moyen_com":[]}}},"Libelle":"M Becote Julien","Nom":"Becote","Prenom":"Julien","NomPrenom":"Becote Julien ","CiviliteNomPrenom":"M Becote Julien ","Cle":"G|JULIENBECOTE","PrestataireParent":"","ContexteStat":"PRESTATAIRE-G-JULIENBECOTE","DateModificationIso":"2026-03-27T09:59:00+01:00","CiviliteLibelleNomPrenom":"Monsieur Becote Julien ","Type":"PRESTATAIRE","TypePrestataire":"G","Adresse":{"LigneAdresse1":"47 rue de vitry","LigneAdresse2":"","LigneAdresse3":"","CodePostal":"93100","Ville":"MONTREUIL","Cedex":"","Etat":"","Pays":"FRA"},"Email":"etoceb01@gmail.com","Telephone":"06 09 50 73 25","TelephoneBureau":"","Portable":"","SiteWeb":"","Fax":"","Id":"g-julienbecote","Code":"G|JULIENBECOTE","Fichier":[],"Url":"becote.html","Localisation":{"GoogleMap":{"Latitude":"48.86166","Longitude":"2.44763"}},"ZoneGeo":"","Criteres":{"TYPPRO[PARTICULIEROT":"","MAJINGENIEP[DATEDERNIEREMAJ":"20250602","MISEAJOURP[ANNABELLE":""},"DateFinPublication":""},"Fichier":{"Image":[{"url":"https:\/\/www.saint-brevin.com\/medias\/images\/prestations\/villa-broceliande-saint-brevin-29481.jpg","chemin":"..\/medias\/images\/prestations\/villa-broceliande-saint-brevin-29481.jpg","libelle":"villa-broceliande-saint-brevin-29481","extension":"jpg","categorie":"","largeur":3264,"theme":"","hauteur":2448,"type":"Image","origine":"","liaisonPave":"","langue":"","id":"29481","urlVignette":"https:\/\/www.saint-brevin.com\/medias\/images\/prestations\/v-villa-broceliande-saint-brevin-29481.jpg","alt":"villa-broceliande-saint-brevin-29481","title":"villa-broceliande-saint-brevin-29481","MultiTaille":{"1920x1440":{"url":"https:\/\/www.saint-brevin.com\/medias\/images\/prestations\/multitailles\/1920x1440_villa-broceliande-saint-brevin-29481.jpg"},"1200x900":{"url":"https:\/\/www.saint-brevin.com\/medias\/images\/prestations\/multitailles\/1200x900_villa-broceliande-saint-brevin-29481.jpg"},"800x600":{"url":"https:\/\/www.saint-brevin.com\/medias\/images\/prestations\/multitailles\/800x600_villa-broceliande-saint-brevin-29481.jpg"},"640x480":{"url":"https:\/\/www.saint-brevin.com\/medias\/images\/prestations\/multitailles\/640x480_villa-broceliande-saint-brevin-29481.jpg"},"320x240":{"url":"https:\/\/www.saint-brevin.com\/medias\/images\/prestations\/multitailles\/320x240_villa-broceliande-saint-brevin-29481.jpg"},"160x120":{"url":"https:\/\/www.saint-brevin.com\/medias\/images\/prestations\/multitailles\/160x120_villa-broceliande-saint-brevin-29481.jpg"},"origine":{"url":"https:\/\/www.saint-brevin.com\/medias\/images\/prestations\/villa-broceliande-saint-brevin-29481.jpg"}},"urlLien":"","typeLien":"","nofollow":"N","copyright":""},{"url":"https:\/\/www.saint-brevin.com\/medias\/images\/prestations\/entr-e-couloir-villa-broceliande-saint-brevin-29473.jpg","chemin":"..\/medias\/images\/prestations\/entr-e-couloir-villa-broceliande-saint-brevin-29473.jpg","libelle":"entr-e-couloir-villa-broceliande-saint-brevin-29473","extension":"jpg","categorie":"","largeur":1080,"theme":"","hauteur":1920,"type":"Image","origine":"","liaisonPave":"","langue":"","id":"29473","urlVignette":"https:\/\/www.saint-brevin.com\/medias\/images\/prestations\/v-entr-e-couloir-villa-broceliande-saint-brevin-29473.jpg","alt":"entr-e-couloir-villa-broceliande-saint-brevin-29473","title":"entr-e-couloir-villa-broceliande-saint-brevin-29473","MultiTaille":{"1920x1440":{"url":"https:\/\/www.saint-brevin.com\/medias\/images\/prestations\/multitailles\/1920x1440_entr-e-couloir-villa-broceliande-saint-brevin-29473.jpg"},"1200x900":{"url":"https:\/\/www.saint-brevin.com\/medias\/images\/prestations\/multitailles\/1200x900_entr-e-couloir-villa-broceliande-saint-brevin-29473.jpg"},"800x600":{"url":"https:\/\/www.saint-brevin.com\/medias\/images\/prestations\/multitailles\/800x600_entr-e-couloir-villa-broceliande-saint-brevin-29473.jpg"},"640x480":{"url":"https:\/\/www.saint-brevin.com\/medias\/images\/prestations\/multitailles\/640x480_entr-e-couloir-villa-broceliande-saint-brevin-29473.jpg"},"320x240":{"url":"https:\/\/www.saint-brevin.com\/medias\/images\/prestations\/multitailles\/320x240_entr-e-couloir-villa-broceliande-saint-brevin-29473.jpg"},"160x120":{"url":"https:\/\/www.saint-brevin.com\/medias\/images\/prestations\/multitailles\/160x120_entr-e-couloir-villa-broceliande-saint-brevin-29473.jpg"},"origine":{"url":"https:\/\/www.saint-brevin.com\/medias\/images\/prestations\/entr-e-couloir-villa-broceliande-saint-brevin-29473.jpg"}},"urlLien":"","typeLien":"","nofollow":"N","copyright":""},{"url":"https:\/\/www.saint-brevin.com\/medias\/images\/prestations\/s-jour-villa-broceliande-saint-brevin-29480.jpg","chemin":"..\/medias\/images\/prestations\/s-jour-villa-broceliande-saint-brevin-29480.jpg","libelle":"s-jour-villa-broceliande-saint-brevin-29480","extension":"jpg","categorie":"","largeur":4080,"theme":"","hauteur":3060,"type":"Image","origine":"","liaisonPave":"","langue":"","id":"29480","urlVignette":"https:\/\/www.saint-brevin.com\/medias\/images\/prestations\/v-s-jour-villa-broceliande-saint-brevin-29480.jpg","alt":"s-jour-villa-broceliande-saint-brevin-29480","title":"s-jour-villa-broceliande-saint-brevin-29480","MultiTaille":{"1920x1440":{"url":"https:\/\/www.saint-brevin.com\/medias\/images\/prestations\/multitailles\/1920x1440_s-jour-villa-broceliande-saint-brevin-29480.jpg"},"1200x900":{"url":"https:\/\/www.saint-brevin.com\/medias\/images\/prestations\/multitailles\/1200x900_s-jour-villa-broceliande-saint-brevin-29480.jpg"},"800x600":{"url":"https:\/\/www.saint-brevin.com\/medias\/images\/prestations\/multitailles\/800x600_s-jour-villa-broceliande-saint-brevin-29480.jpg"},"640x480":{"url":"https:\/\/www.saint-brevin.com\/medias\/images\/prestations\/multitailles\/640x480_s-jour-villa-broceliande-saint-brevin-29480.jpg"},"320x240":{"url":"https:\/\/www.saint-brevin.com\/medias\/images\/prestations\/multitailles\/320x240_s-jour-villa-broceliande-saint-brevin-29480.jpg"},"160x120":{"url":"https:\/\/www.saint-brevin.com\/medias\/images\/prestations\/multitailles\/160x120_s-jour-villa-broceliande-saint-brevin-29480.jpg"},"origine":{"url":"https:\/\/www.saint-brevin.com\/medias\/images\/prestations\/s-jour-villa-broceliande-saint-brevin-29480.jpg"}},"urlLien":"","typeLien":"","nofollow":"N","copyright":""},{"url":"https:\/\/www.saint-brevin.com\/medias\/images\/prestations\/s-jour-cuisine-villa-broceliande-saint-brevin-29478.jpg","chemin":"..\/medias\/images\/prestations\/s-jour-cuisine-villa-broceliande-saint-brevin-29478.jpg","libelle":"s-jour-cuisine-villa-broceliande-saint-brevin-29478","extension":"jpg","categorie":"","largeur":1080,"theme":"","hauteur":1920,"type":"Image","origine":"","liaisonPave":"","langue":"","id":"29478","urlVignette":"https:\/\/www.saint-brevin.com\/medias\/images\/prestations\/v-s-jour-cuisine-villa-broceliande-saint-brevin-29478.jpg","alt":"s-jour-cuisine-villa-broceliande-saint-brevin-29478","title":"s-jour-cuisine-villa-broceliande-saint-brevin-29478","MultiTaille":{"1920x1440":{"url":"https:\/\/www.saint-brevin.com\/medias\/images\/prestations\/multitailles\/1920x1440_s-jour-cuisine-villa-broceliande-saint-brevin-29478.jpg"},"1200x900":{"url":"https:\/\/www.saint-brevin.com\/medias\/images\/prestations\/multitailles\/1200x900_s-jour-cuisine-villa-broceliande-saint-brevin-29478.jpg"},"800x600":{"url":"https:\/\/www.saint-brevin.com\/medias\/images\/prestations\/multitailles\/800x600_s-jour-cuisine-villa-broceliande-saint-brevin-29478.jpg"},"640x480":{"url":"https:\/\/www.saint-brevin.com\/medias\/images\/prestations\/multitailles\/640x480_s-jour-cuisine-villa-broceliande-saint-brevin-29478.jpg"},"320x240":{"url":"https:\/\/www.saint-brevin.com\/medias\/images\/prestations\/multitailles\/320x240_s-jour-cuisine-villa-broceliande-saint-brevin-29478.jpg"},"160x120":{"url":"https:\/\/www.saint-brevin.com\/medias\/images\/prestations\/multitailles\/160x120_s-jour-cuisine-villa-broceliande-saint-brevin-29478.jpg"},"origine":{"url":"https:\/\/www.saint-brevin.com\/medias\/images\/prestations\/s-jour-cuisine-villa-broceliande-saint-brevin-29478.jpg"}},"urlLien":"","typeLien":"","nofollow":"N","copyright":""},{"url":"https:\/\/www.saint-brevin.com\/medias\/images\/prestations\/salon-villa-broceliande-saint-brevin-29476.jpg","chemin":"..\/medias\/images\/prestations\/salon-villa-broceliande-saint-brevin-29476.jpg","libelle":"salon-villa-broceliande-saint-brevin-29476","extension":"jpg","categorie":"","largeur":1920,"theme":"","hauteur":1080,"type":"Image","origine":"","liaisonPave":"","langue":"","id":"29476","urlVignette":"https:\/\/www.saint-brevin.com\/medias\/images\/prestations\/v-salon-villa-broceliande-saint-brevin-29476.jpg","alt":"salon-villa-broceliande-saint-brevin-29476","title":"salon-villa-broceliande-saint-brevin-29476","MultiTaille":{"1920x1440":{"url":"https:\/\/www.saint-brevin.com\/medias\/images\/prestations\/multitailles\/1920x1440_salon-villa-broceliande-saint-brevin-29476.jpg"},"1200x900":{"url":"https:\/\/www.saint-brevin.com\/medias\/images\/prestations\/multitailles\/1200x900_salon-villa-broceliande-saint-brevin-29476.jpg"},"800x600":{"url":"https:\/\/www.saint-brevin.com\/medias\/images\/prestations\/multitailles\/800x600_salon-villa-broceliande-saint-brevin-29476.jpg"},"640x480":{"url":"https:\/\/www.saint-brevin.com\/medias\/images\/prestations\/multitailles\/640x480_salon-villa-broceliande-saint-brevin-29476.jpg"},"320x240":{"url":"https:\/\/www.saint-brevin.com\/medias\/images\/prestations\/multitailles\/320x240_salon-villa-broceliande-saint-brevin-29476.jpg"},"160x120":{"url":"https:\/\/www.saint-brevin.com\/medias\/images\/prestations\/multitailles\/160x120_salon-villa-broceliande-saint-brevin-29476.jpg"},"origine":{"url":"https:\/\/www.saint-brevin.com\/medias\/images\/prestations\/salon-villa-broceliande-saint-brevin-29476.jpg"}},"urlLien":"","typeLien":"","nofollow":"N","copyright":""},{"url":"https:\/\/www.saint-brevin.com\/medias\/images\/prestations\/chambre-2-2-villa-broceliande-saint-brevin-29471.jpg","chemin":"..\/medias\/images\/prestations\/chambre-2-2-villa-broceliande-saint-brevin-29471.jpg","libelle":"chambre-2-2-villa-broceliande-saint-brevin-29471","extension":"jpg","categorie":"","largeur":1920,"theme":"","hauteur":1080,"type":"Image","origine":"","liaisonPave":"","langue":"","id":"29471","urlVignette":"https:\/\/www.saint-brevin.com\/medias\/images\/prestations\/v-chambre-2-2-villa-broceliande-saint-brevin-29471.jpg","alt":"chambre-2-2-villa-broceliande-saint-brevin-29471","title":"chambre-2-2-villa-broceliande-saint-brevin-29471","MultiTaille":{"1920x1440":{"url":"https:\/\/www.saint-brevin.com\/medias\/images\/prestations\/multitailles\/1920x1440_chambre-2-2-villa-broceliande-saint-brevin-29471.jpg"},"1200x900":{"url":"https:\/\/www.saint-brevin.com\/medias\/images\/prestations\/multitailles\/1200x900_chambre-2-2-villa-broceliande-saint-brevin-29471.jpg"},"800x600":{"url":"https:\/\/www.saint-brevin.com\/medias\/images\/prestations\/multitailles\/800x600_chambre-2-2-villa-broceliande-saint-brevin-29471.jpg"},"640x480":{"url":"https:\/\/www.saint-brevin.com\/medias\/images\/prestations\/multitailles\/640x480_chambre-2-2-villa-broceliande-saint-brevin-29471.jpg"},"320x240":{"url":"https:\/\/www.saint-brevin.com\/medias\/images\/prestations\/multitailles\/320x240_chambre-2-2-villa-broceliande-saint-brevin-29471.jpg"},"160x120":{"url":"https:\/\/www.saint-brevin.com\/medias\/images\/prestations\/multitailles\/160x120_chambre-2-2-villa-broceliande-saint-brevin-29471.jpg"},"origine":{"url":"https:\/\/www.saint-brevin.com\/medias\/images\/prestations\/chambre-2-2-villa-broceliande-saint-brevin-29471.jpg"}},"urlLien":"","typeLien":"","nofollow":"N","copyright":""},{"url":"https:\/\/www.saint-brevin.com\/medias\/images\/prestations\/chambre-2-villa-broceliande-saint-brevin-29472.jpg","chemin":"..\/medias\/images\/prestations\/chambre-2-villa-broceliande-saint-brevin-29472.jpg","libelle":"chambre-2-villa-broceliande-saint-brevin-29472","extension":"jpg","categorie":"","largeur":1920,"theme":"","hauteur":1080,"type":"Image","origine":"","liaisonPave":"","langue":"","id":"29472","urlVignette":"https:\/\/www.saint-brevin.com\/medias\/images\/prestations\/v-chambre-2-villa-broceliande-saint-brevin-29472.jpg","alt":"chambre-2-villa-broceliande-saint-brevin-29472","title":"chambre-2-villa-broceliande-saint-brevin-29472","MultiTaille":{"1920x1440":{"url":"https:\/\/www.saint-brevin.com\/medias\/images\/prestations\/multitailles\/1920x1440_chambre-2-villa-broceliande-saint-brevin-29472.jpg"},"1200x900":{"url":"https:\/\/www.saint-brevin.com\/medias\/images\/prestations\/multitailles\/1200x900_chambre-2-villa-broceliande-saint-brevin-29472.jpg"},"800x600":{"url":"https:\/\/www.saint-brevin.com\/medias\/images\/prestations\/multitailles\/800x600_chambre-2-villa-broceliande-saint-brevin-29472.jpg"},"640x480":{"url":"https:\/\/www.saint-brevin.com\/medias\/images\/prestations\/multitailles\/640x480_chambre-2-villa-broceliande-saint-brevin-29472.jpg"},"320x240":{"url":"https:\/\/www.saint-brevin.com\/medias\/images\/prestations\/multitailles\/320x240_chambre-2-villa-broceliande-saint-brevin-29472.jpg"},"160x120":{"url":"https:\/\/www.saint-brevin.com\/medias\/images\/prestations\/multitailles\/160x120_chambre-2-villa-broceliande-saint-brevin-29472.jpg"},"origine":{"url":"https:\/\/www.saint-brevin.com\/medias\/images\/prestations\/chambre-2-villa-broceliande-saint-brevin-29472.jpg"}},"urlLien":"","typeLien":"","nofollow":"N","copyright":""},{"url":"https:\/\/www.saint-brevin.com\/medias\/images\/prestations\/chambre-1-villa-broceliande-saint-brevin-29477.jpg","chemin":"..\/medias\/images\/prestations\/chambre-1-villa-broceliande-saint-brevin-29477.jpg","libelle":"chambre-1-villa-broceliande-saint-brevin-29477","extension":"jpg","categorie":"","largeur":3264,"theme":"","hauteur":2448,"type":"Image","origine":"","liaisonPave":"","langue":"","id":"29477","urlVignette":"https:\/\/www.saint-brevin.com\/medias\/images\/prestations\/v-chambre-1-villa-broceliande-saint-brevin-29477.jpg","alt":"chambre-1-villa-broceliande-saint-brevin-29477","title":"chambre-1-villa-broceliande-saint-brevin-29477","MultiTaille":{"1920x1440":{"url":"https:\/\/www.saint-brevin.com\/medias\/images\/prestations\/multitailles\/1920x1440_chambre-1-villa-broceliande-saint-brevin-29477.jpg"},"1200x900":{"url":"https:\/\/www.saint-brevin.com\/medias\/images\/prestations\/multitailles\/1200x900_chambre-1-villa-broceliande-saint-brevin-29477.jpg"},"800x600":{"url":"https:\/\/www.saint-brevin.com\/medias\/images\/prestations\/multitailles\/800x600_chambre-1-villa-broceliande-saint-brevin-29477.jpg"},"640x480":{"url":"https:\/\/www.saint-brevin.com\/medias\/images\/prestations\/multitailles\/640x480_chambre-1-villa-broceliande-saint-brevin-29477.jpg"},"320x240":{"url":"https:\/\/www.saint-brevin.com\/medias\/images\/prestations\/multitailles\/320x240_chambre-1-villa-broceliande-saint-brevin-29477.jpg"},"160x120":{"url":"https:\/\/www.saint-brevin.com\/medias\/images\/prestations\/multitailles\/160x120_chambre-1-villa-broceliande-saint-brevin-29477.jpg"},"origine":{"url":"https:\/\/www.saint-brevin.com\/medias\/images\/prestations\/chambre-1-villa-broceliande-saint-brevin-29477.jpg"}},"urlLien":"","typeLien":"","nofollow":"N","copyright":""},{"url":"https:\/\/www.saint-brevin.com\/medias\/images\/prestations\/salle-de-bain-2-villa-broceliande-saint-brevin-29475.jpg","chemin":"..\/medias\/images\/prestations\/salle-de-bain-2-villa-broceliande-saint-brevin-29475.jpg","libelle":"salle-de-bain-2-villa-broceliande-saint-brevin-29475","extension":"jpg","categorie":"","largeur":1080,"theme":"","hauteur":1920,"type":"Image","origine":"","liaisonPave":"","langue":"","id":"29475","urlVignette":"https:\/\/www.saint-brevin.com\/medias\/images\/prestations\/v-salle-de-bain-2-villa-broceliande-saint-brevin-29475.jpg","alt":"salle-de-bain-2-villa-broceliande-saint-brevin-29475","title":"salle-de-bain-2-villa-broceliande-saint-brevin-29475","MultiTaille":{"1920x1440":{"url":"https:\/\/www.saint-brevin.com\/medias\/images\/prestations\/multitailles\/1920x1440_salle-de-bain-2-villa-broceliande-saint-brevin-29475.jpg"},"1200x900":{"url":"https:\/\/www.saint-brevin.com\/medias\/images\/prestations\/multitailles\/1200x900_salle-de-bain-2-villa-broceliande-saint-brevin-29475.jpg"},"800x600":{"url":"https:\/\/www.saint-brevin.com\/medias\/images\/prestations\/multitailles\/800x600_salle-de-bain-2-villa-broceliande-saint-brevin-29475.jpg"},"640x480":{"url":"https:\/\/www.saint-brevin.com\/medias\/images\/prestations\/multitailles\/640x480_salle-de-bain-2-villa-broceliande-saint-brevin-29475.jpg"},"320x240":{"url":"https:\/\/www.saint-brevin.com\/medias\/images\/prestations\/multitailles\/320x240_salle-de-bain-2-villa-broceliande-saint-brevin-29475.jpg"},"160x120":{"url":"https:\/\/www.saint-brevin.com\/medias\/images\/prestations\/multitailles\/160x120_salle-de-bain-2-villa-broceliande-saint-brevin-29475.jpg"},"origine":{"url":"https:\/\/www.saint-brevin.com\/medias\/images\/prestations\/salle-de-bain-2-villa-broceliande-saint-brevin-29475.jpg"}},"urlLien":"","typeLien":"","nofollow":"N","copyright":""},{"url":"https:\/\/www.saint-brevin.com\/medias\/images\/prestations\/salle-de-bain-1-villa-broceliande-saint-brevin-29474.jpg","chemin":"..\/medias\/images\/prestations\/salle-de-bain-1-villa-broceliande-saint-brevin-29474.jpg","libelle":"salle-de-bain-1-villa-broceliande-saint-brevin-29474","extension":"jpg","categorie":"","largeur":1080,"theme":"","hauteur":1920,"type":"Image","origine":"","liaisonPave":"","langue":"","id":"29474","urlVignette":"https:\/\/www.saint-brevin.com\/medias\/images\/prestations\/v-salle-de-bain-1-villa-broceliande-saint-brevin-29474.jpg","alt":"salle-de-bain-1-villa-broceliande-saint-brevin-29474","title":"salle-de-bain-1-villa-broceliande-saint-brevin-29474","MultiTaille":{"1920x1440":{"url":"https:\/\/www.saint-brevin.com\/medias\/images\/prestations\/multitailles\/1920x1440_salle-de-bain-1-villa-broceliande-saint-brevin-29474.jpg"},"1200x900":{"url":"https:\/\/www.saint-brevin.com\/medias\/images\/prestations\/multitailles\/1200x900_salle-de-bain-1-villa-broceliande-saint-brevin-29474.jpg"},"800x600":{"url":"https:\/\/www.saint-brevin.com\/medias\/images\/prestations\/multitailles\/800x600_salle-de-bain-1-villa-broceliande-saint-brevin-29474.jpg"},"640x480":{"url":"https:\/\/www.saint-brevin.com\/medias\/images\/prestations\/multitailles\/640x480_salle-de-bain-1-villa-broceliande-saint-brevin-29474.jpg"},"320x240":{"url":"https:\/\/www.saint-brevin.com\/medias\/images\/prestations\/multitailles\/320x240_salle-de-bain-1-villa-broceliande-saint-brevin-29474.jpg"},"160x120":{"url":"https:\/\/www.saint-brevin.com\/medias\/images\/prestations\/multitailles\/160x120_salle-de-bain-1-villa-broceliande-saint-brevin-29474.jpg"},"origine":{"url":"https:\/\/www.saint-brevin.com\/medias\/images\/prestations\/salle-de-bain-1-villa-broceliande-saint-brevin-29474.jpg"}},"urlLien":"","typeLien":"","nofollow":"N","copyright":""},{"url":"https:\/\/www.saint-brevin.com\/medias\/images\/prestations\/veranda-villa-broceliande-saint-brevin-29482.jpg","chemin":"..\/medias\/images\/prestations\/veranda-villa-broceliande-saint-brevin-29482.jpg","libelle":"veranda-villa-broceliande-saint-brevin-29482","extension":"jpg","categorie":"","largeur":1920,"theme":"","hauteur":1080,"type":"Image","origine":"","liaisonPave":"","langue":"","id":"29482","urlVignette":"https:\/\/www.saint-brevin.com\/medias\/images\/prestations\/v-veranda-villa-broceliande-saint-brevin-29482.jpg","alt":"veranda-villa-broceliande-saint-brevin-29482","title":"veranda-villa-broceliande-saint-brevin-29482","MultiTaille":{"1920x1440":{"url":"https:\/\/www.saint-brevin.com\/medias\/images\/prestations\/multitailles\/1920x1440_veranda-villa-broceliande-saint-brevin-29482.jpg"},"1200x900":{"url":"https:\/\/www.saint-brevin.com\/medias\/images\/prestations\/multitailles\/1200x900_veranda-villa-broceliande-saint-brevin-29482.jpg"},"800x600":{"url":"https:\/\/www.saint-brevin.com\/medias\/images\/prestations\/multitailles\/800x600_veranda-villa-broceliande-saint-brevin-29482.jpg"},"640x480":{"url":"https:\/\/www.saint-brevin.com\/medias\/images\/prestations\/multitailles\/640x480_veranda-villa-broceliande-saint-brevin-29482.jpg"},"320x240":{"url":"https:\/\/www.saint-brevin.com\/medias\/images\/prestations\/multitailles\/320x240_veranda-villa-broceliande-saint-brevin-29482.jpg"},"160x120":{"url":"https:\/\/www.saint-brevin.com\/medias\/images\/prestations\/multitailles\/160x120_veranda-villa-broceliande-saint-brevin-29482.jpg"},"origine":{"url":"https:\/\/www.saint-brevin.com\/medias\/images\/prestations\/veranda-villa-broceliande-saint-brevin-29482.jpg"}},"urlLien":"","typeLien":"","nofollow":"N","copyright":""}],"ByCategorie":{"":[{"url":"https:\/\/www.saint-brevin.com\/medias\/images\/prestations\/villa-broceliande-saint-brevin-29481.jpg","chemin":"..\/medias\/images\/prestations\/villa-broceliande-saint-brevin-29481.jpg","libelle":"villa-broceliande-saint-brevin-29481","extension":"jpg","categorie":"","largeur":3264,"theme":"","hauteur":2448,"type":"Image","origine":"","liaisonPave":"","langue":"","id":"29481","urlVignette":"https:\/\/www.saint-brevin.com\/medias\/images\/prestations\/v-villa-broceliande-saint-brevin-29481.jpg","alt":"villa-broceliande-saint-brevin-29481","title":"villa-broceliande-saint-brevin-29481","MultiTaille":{"1920x1440":{"url":"https:\/\/www.saint-brevin.com\/medias\/images\/prestations\/multitailles\/1920x1440_villa-broceliande-saint-brevin-29481.jpg"},"1200x900":{"url":"https:\/\/www.saint-brevin.com\/medias\/images\/prestations\/multitailles\/1200x900_villa-broceliande-saint-brevin-29481.jpg"},"800x600":{"url":"https:\/\/www.saint-brevin.com\/medias\/images\/prestations\/multitailles\/800x600_villa-broceliande-saint-brevin-29481.jpg"},"640x480":{"url":"https:\/\/www.saint-brevin.com\/medias\/images\/prestations\/multitailles\/640x480_villa-broceliande-saint-brevin-29481.jpg"},"320x240":{"url":"https:\/\/www.saint-brevin.com\/medias\/images\/prestations\/multitailles\/320x240_villa-broceliande-saint-brevin-29481.jpg"},"160x120":{"url":"https:\/\/www.saint-brevin.com\/medias\/images\/prestations\/multitailles\/160x120_villa-broceliande-saint-brevin-29481.jpg"},"origine":{"url":"https:\/\/www.saint-brevin.com\/medias\/images\/prestations\/villa-broceliande-saint-brevin-29481.jpg"}},"urlLien":"","typeLien":"","nofollow":"N","copyright":""},{"url":"https:\/\/www.saint-brevin.com\/medias\/images\/prestations\/entr-e-couloir-villa-broceliande-saint-brevin-29473.jpg","chemin":"..\/medias\/images\/prestations\/entr-e-couloir-villa-broceliande-saint-brevin-29473.jpg","libelle":"entr-e-couloir-villa-broceliande-saint-brevin-29473","extension":"jpg","categorie":"","largeur":1080,"theme":"","hauteur":1920,"type":"Image","origine":"","liaisonPave":"","langue":"","id":"29473","urlVignette":"https:\/\/www.saint-brevin.com\/medias\/images\/prestations\/v-entr-e-couloir-villa-broceliande-saint-brevin-29473.jpg","alt":"entr-e-couloir-villa-broceliande-saint-brevin-29473","title":"entr-e-couloir-villa-broceliande-saint-brevin-29473","MultiTaille":{"1920x1440":{"url":"https:\/\/www.saint-brevin.com\/medias\/images\/prestations\/multitailles\/1920x1440_entr-e-couloir-villa-broceliande-saint-brevin-29473.jpg"},"1200x900":{"url":"https:\/\/www.saint-brevin.com\/medias\/images\/prestations\/multitailles\/1200x900_entr-e-couloir-villa-broceliande-saint-brevin-29473.jpg"},"800x600":{"url":"https:\/\/www.saint-brevin.com\/medias\/images\/prestations\/multitailles\/800x600_entr-e-couloir-villa-broceliande-saint-brevin-29473.jpg"},"640x480":{"url":"https:\/\/www.saint-brevin.com\/medias\/images\/prestations\/multitailles\/640x480_entr-e-couloir-villa-broceliande-saint-brevin-29473.jpg"},"320x240":{"url":"https:\/\/www.saint-brevin.com\/medias\/images\/prestations\/multitailles\/320x240_entr-e-couloir-villa-broceliande-saint-brevin-29473.jpg"},"160x120":{"url":"https:\/\/www.saint-brevin.com\/medias\/images\/prestations\/multitailles\/160x120_entr-e-couloir-villa-broceliande-saint-brevin-29473.jpg"},"origine":{"url":"https:\/\/www.saint-brevin.com\/medias\/images\/prestations\/entr-e-couloir-villa-broceliande-saint-brevin-29473.jpg"}},"urlLien":"","typeLien":"","nofollow":"N","copyright":""},{"url":"https:\/\/www.saint-brevin.com\/medias\/images\/prestations\/s-jour-villa-broceliande-saint-brevin-29480.jpg","chemin":"..\/medias\/images\/prestations\/s-jour-villa-broceliande-saint-brevin-29480.jpg","libelle":"s-jour-villa-broceliande-saint-brevin-29480","extension":"jpg","categorie":"","largeur":4080,"theme":"","hauteur":3060,"type":"Image","origine":"","liaisonPave":"","langue":"","id":"29480","urlVignette":"https:\/\/www.saint-brevin.com\/medias\/images\/prestations\/v-s-jour-villa-broceliande-saint-brevin-29480.jpg","alt":"s-jour-villa-broceliande-saint-brevin-29480","title":"s-jour-villa-broceliande-saint-brevin-29480","MultiTaille":{"1920x1440":{"url":"https:\/\/www.saint-brevin.com\/medias\/images\/prestations\/multitailles\/1920x1440_s-jour-villa-broceliande-saint-brevin-29480.jpg"},"1200x900":{"url":"https:\/\/www.saint-brevin.com\/medias\/images\/prestations\/multitailles\/1200x900_s-jour-villa-broceliande-saint-brevin-29480.jpg"},"800x600":{"url":"https:\/\/www.saint-brevin.com\/medias\/images\/prestations\/multitailles\/800x600_s-jour-villa-broceliande-saint-brevin-29480.jpg"},"640x480":{"url":"https:\/\/www.saint-brevin.com\/medias\/images\/prestations\/multitailles\/640x480_s-jour-villa-broceliande-saint-brevin-29480.jpg"},"320x240":{"url":"https:\/\/www.saint-brevin.com\/medias\/images\/prestations\/multitailles\/320x240_s-jour-villa-broceliande-saint-brevin-29480.jpg"},"160x120":{"url":"https:\/\/www.saint-brevin.com\/medias\/images\/prestations\/multitailles\/160x120_s-jour-villa-broceliande-saint-brevin-29480.jpg"},"origine":{"url":"https:\/\/www.saint-brevin.com\/medias\/images\/prestations\/s-jour-villa-broceliande-saint-brevin-29480.jpg"}},"urlLien":"","typeLien":"","nofollow":"N","copyright":""},{"url":"https:\/\/www.saint-brevin.com\/medias\/images\/prestations\/s-jour-cuisine-villa-broceliande-saint-brevin-29478.jpg","chemin":"..\/medias\/images\/prestations\/s-jour-cuisine-villa-broceliande-saint-brevin-29478.jpg","libelle":"s-jour-cuisine-villa-broceliande-saint-brevin-29478","extension":"jpg","categorie":"","largeur":1080,"theme":"","hauteur":1920,"type":"Image","origine":"","liaisonPave":"","langue":"","id":"29478","urlVignette":"https:\/\/www.saint-brevin.com\/medias\/images\/prestations\/v-s-jour-cuisine-villa-broceliande-saint-brevin-29478.jpg","alt":"s-jour-cuisine-villa-broceliande-saint-brevin-29478","title":"s-jour-cuisine-villa-broceliande-saint-brevin-29478","MultiTaille":{"1920x1440":{"url":"https:\/\/www.saint-brevin.com\/medias\/images\/prestations\/multitailles\/1920x1440_s-jour-cuisine-villa-broceliande-saint-brevin-29478.jpg"},"1200x900":{"url":"https:\/\/www.saint-brevin.com\/medias\/images\/prestations\/multitailles\/1200x900_s-jour-cuisine-villa-broceliande-saint-brevin-29478.jpg"},"800x600":{"url":"https:\/\/www.saint-brevin.com\/medias\/images\/prestations\/multitailles\/800x600_s-jour-cuisine-villa-broceliande-saint-brevin-29478.jpg"},"640x480":{"url":"https:\/\/www.saint-brevin.com\/medias\/images\/prestations\/multitailles\/640x480_s-jour-cuisine-villa-broceliande-saint-brevin-29478.jpg"},"320x240":{"url":"https:\/\/www.saint-brevin.com\/medias\/images\/prestations\/multitailles\/320x240_s-jour-cuisine-villa-broceliande-saint-brevin-29478.jpg"},"160x120":{"url":"https:\/\/www.saint-brevin.com\/medias\/images\/prestations\/multitailles\/160x120_s-jour-cuisine-villa-broceliande-saint-brevin-29478.jpg"},"origine":{"url":"https:\/\/www.saint-brevin.com\/medias\/images\/prestations\/s-jour-cuisine-villa-broceliande-saint-brevin-29478.jpg"}},"urlLien":"","typeLien":"","nofollow":"N","copyright":""},{"url":"https:\/\/www.saint-brevin.com\/medias\/images\/prestations\/salon-villa-broceliande-saint-brevin-29476.jpg","chemin":"..\/medias\/images\/prestations\/salon-villa-broceliande-saint-brevin-29476.jpg","libelle":"salon-villa-broceliande-saint-brevin-29476","extension":"jpg","categorie":"","largeur":1920,"theme":"","hauteur":1080,"type":"Image","origine":"","liaisonPave":"","langue":"","id":"29476","urlVignette":"https:\/\/www.saint-brevin.com\/medias\/images\/prestations\/v-salon-villa-broceliande-saint-brevin-29476.jpg","alt":"salon-villa-broceliande-saint-brevin-29476","title":"salon-villa-broceliande-saint-brevin-29476","MultiTaille":{"1920x1440":{"url":"https:\/\/www.saint-brevin.com\/medias\/images\/prestations\/multitailles\/1920x1440_salon-villa-broceliande-saint-brevin-29476.jpg"},"1200x900":{"url":"https:\/\/www.saint-brevin.com\/medias\/images\/prestations\/multitailles\/1200x900_salon-villa-broceliande-saint-brevin-29476.jpg"},"800x600":{"url":"https:\/\/www.saint-brevin.com\/medias\/images\/prestations\/multitailles\/800x600_salon-villa-broceliande-saint-brevin-29476.jpg"},"640x480":{"url":"https:\/\/www.saint-brevin.com\/medias\/images\/prestations\/multitailles\/640x480_salon-villa-broceliande-saint-brevin-29476.jpg"},"320x240":{"url":"https:\/\/www.saint-brevin.com\/medias\/images\/prestations\/multitailles\/320x240_salon-villa-broceliande-saint-brevin-29476.jpg"},"160x120":{"url":"https:\/\/www.saint-brevin.com\/medias\/images\/prestations\/multitailles\/160x120_salon-villa-broceliande-saint-brevin-29476.jpg"},"origine":{"url":"https:\/\/www.saint-brevin.com\/medias\/images\/prestations\/salon-villa-broceliande-saint-brevin-29476.jpg"}},"urlLien":"","typeLien":"","nofollow":"N","copyright":""},{"url":"https:\/\/www.saint-brevin.com\/medias\/images\/prestations\/chambre-2-2-villa-broceliande-saint-brevin-29471.jpg","chemin":"..\/medias\/images\/prestations\/chambre-2-2-villa-broceliande-saint-brevin-29471.jpg","libelle":"chambre-2-2-villa-broceliande-saint-brevin-29471","extension":"jpg","categorie":"","largeur":1920,"theme":"","hauteur":1080,"type":"Image","origine":"","liaisonPave":"","langue":"","id":"29471","urlVignette":"https:\/\/www.saint-brevin.com\/medias\/images\/prestations\/v-chambre-2-2-villa-broceliande-saint-brevin-29471.jpg","alt":"chambre-2-2-villa-broceliande-saint-brevin-29471","title":"chambre-2-2-villa-broceliande-saint-brevin-29471","MultiTaille":{"1920x1440":{"url":"https:\/\/www.saint-brevin.com\/medias\/images\/prestations\/multitailles\/1920x1440_chambre-2-2-villa-broceliande-saint-brevin-29471.jpg"},"1200x900":{"url":"https:\/\/www.saint-brevin.com\/medias\/images\/prestations\/multitailles\/1200x900_chambre-2-2-villa-broceliande-saint-brevin-29471.jpg"},"800x600":{"url":"https:\/\/www.saint-brevin.com\/medias\/images\/prestations\/multitailles\/800x600_chambre-2-2-villa-broceliande-saint-brevin-29471.jpg"},"640x480":{"url":"https:\/\/www.saint-brevin.com\/medias\/images\/prestations\/multitailles\/640x480_chambre-2-2-villa-broceliande-saint-brevin-29471.jpg"},"320x240":{"url":"https:\/\/www.saint-brevin.com\/medias\/images\/prestations\/multitailles\/320x240_chambre-2-2-villa-broceliande-saint-brevin-29471.jpg"},"160x120":{"url":"https:\/\/www.saint-brevin.com\/medias\/images\/prestations\/multitailles\/160x120_chambre-2-2-villa-broceliande-saint-brevin-29471.jpg"},"origine":{"url":"https:\/\/www.saint-brevin.com\/medias\/images\/prestations\/chambre-2-2-villa-broceliande-saint-brevin-29471.jpg"}},"urlLien":"","typeLien":"","nofollow":"N","copyright":""},{"url":"https:\/\/www.saint-brevin.com\/medias\/images\/prestations\/chambre-2-villa-broceliande-saint-brevin-29472.jpg","chemin":"..\/medias\/images\/prestations\/chambre-2-villa-broceliande-saint-brevin-29472.jpg","libelle":"chambre-2-villa-broceliande-saint-brevin-29472","extension":"jpg","categorie":"","largeur":1920,"theme":"","hauteur":1080,"type":"Image","origine":"","liaisonPave":"","langue":"","id":"29472","urlVignette":"https:\/\/www.saint-brevin.com\/medias\/images\/prestations\/v-chambre-2-villa-broceliande-saint-brevin-29472.jpg","alt":"chambre-2-villa-broceliande-saint-brevin-29472","title":"chambre-2-villa-broceliande-saint-brevin-29472","MultiTaille":{"1920x1440":{"url":"https:\/\/www.saint-brevin.com\/medias\/images\/prestations\/multitailles\/1920x1440_chambre-2-villa-broceliande-saint-brevin-29472.jpg"},"1200x900":{"url":"https:\/\/www.saint-brevin.com\/medias\/images\/prestations\/multitailles\/1200x900_chambre-2-villa-broceliande-saint-brevin-29472.jpg"},"800x600":{"url":"https:\/\/www.saint-brevin.com\/medias\/images\/prestations\/multitailles\/800x600_chambre-2-villa-broceliande-saint-brevin-29472.jpg"},"640x480":{"url":"https:\/\/www.saint-brevin.com\/medias\/images\/prestations\/multitailles\/640x480_chambre-2-villa-broceliande-saint-brevin-29472.jpg"},"320x240":{"url":"https:\/\/www.saint-brevin.com\/medias\/images\/prestations\/multitailles\/320x240_chambre-2-villa-broceliande-saint-brevin-29472.jpg"},"160x120":{"url":"https:\/\/www.saint-brevin.com\/medias\/images\/prestations\/multitailles\/160x120_chambre-2-villa-broceliande-saint-brevin-29472.jpg"},"origine":{"url":"https:\/\/www.saint-brevin.com\/medias\/images\/prestations\/chambre-2-villa-broceliande-saint-brevin-29472.jpg"}},"urlLien":"","typeLien":"","nofollow":"N","copyright":""},{"url":"https:\/\/www.saint-brevin.com\/medias\/images\/prestations\/chambre-1-villa-broceliande-saint-brevin-29477.jpg","chemin":"..\/medias\/images\/prestations\/chambre-1-villa-broceliande-saint-brevin-29477.jpg","libelle":"chambre-1-villa-broceliande-saint-brevin-29477","extension":"jpg","categorie":"","largeur":3264,"theme":"","hauteur":2448,"type":"Image","origine":"","liaisonPave":"","langue":"","id":"29477","urlVignette":"https:\/\/www.saint-brevin.com\/medias\/images\/prestations\/v-chambre-1-villa-broceliande-saint-brevin-29477.jpg","alt":"chambre-1-villa-broceliande-saint-brevin-29477","title":"chambre-1-villa-broceliande-saint-brevin-29477","MultiTaille":{"1920x1440":{"url":"https:\/\/www.saint-brevin.com\/medias\/images\/prestations\/multitailles\/1920x1440_chambre-1-villa-broceliande-saint-brevin-29477.jpg"},"1200x900":{"url":"https:\/\/www.saint-brevin.com\/medias\/images\/prestations\/multitailles\/1200x900_chambre-1-villa-broceliande-saint-brevin-29477.jpg"},"800x600":{"url":"https:\/\/www.saint-brevin.com\/medias\/images\/prestations\/multitailles\/800x600_chambre-1-villa-broceliande-saint-brevin-29477.jpg"},"640x480":{"url":"https:\/\/www.saint-brevin.com\/medias\/images\/prestations\/multitailles\/640x480_chambre-1-villa-broceliande-saint-brevin-29477.jpg"},"320x240":{"url":"https:\/\/www.saint-brevin.com\/medias\/images\/prestations\/multitailles\/320x240_chambre-1-villa-broceliande-saint-brevin-29477.jpg"},"160x120":{"url":"https:\/\/www.saint-brevin.com\/medias\/images\/prestations\/multitailles\/160x120_chambre-1-villa-broceliande-saint-brevin-29477.jpg"},"origine":{"url":"https:\/\/www.saint-brevin.com\/medias\/images\/prestations\/chambre-1-villa-broceliande-saint-brevin-29477.jpg"}},"urlLien":"","typeLien":"","nofollow":"N","copyright":""},{"url":"https:\/\/www.saint-brevin.com\/medias\/images\/prestations\/salle-de-bain-2-villa-broceliande-saint-brevin-29475.jpg","chemin":"..\/medias\/images\/prestations\/salle-de-bain-2-villa-broceliande-saint-brevin-29475.jpg","libelle":"salle-de-bain-2-villa-broceliande-saint-brevin-29475","extension":"jpg","categorie":"","largeur":1080,"theme":"","hauteur":1920,"type":"Image","origine":"","liaisonPave":"","langue":"","id":"29475","urlVignette":"https:\/\/www.saint-brevin.com\/medias\/images\/prestations\/v-salle-de-bain-2-villa-broceliande-saint-brevin-29475.jpg","alt":"salle-de-bain-2-villa-broceliande-saint-brevin-29475","title":"salle-de-bain-2-villa-broceliande-saint-brevin-29475","MultiTaille":{"1920x1440":{"url":"https:\/\/www.saint-brevin.com\/medias\/images\/prestations\/multitailles\/1920x1440_salle-de-bain-2-villa-broceliande-saint-brevin-29475.jpg"},"1200x900":{"url":"https:\/\/www.saint-brevin.com\/medias\/images\/prestations\/multitailles\/1200x900_salle-de-bain-2-villa-broceliande-saint-brevin-29475.jpg"},"800x600":{"url":"https:\/\/www.saint-brevin.com\/medias\/images\/prestations\/multitailles\/800x600_salle-de-bain-2-villa-broceliande-saint-brevin-29475.jpg"},"640x480":{"url":"https:\/\/www.saint-brevin.com\/medias\/images\/prestations\/multitailles\/640x480_salle-de-bain-2-villa-broceliande-saint-brevin-29475.jpg"},"320x240":{"url":"https:\/\/www.saint-brevin.com\/medias\/images\/prestations\/multitailles\/320x240_salle-de-bain-2-villa-broceliande-saint-brevin-29475.jpg"},"160x120":{"url":"https:\/\/www.saint-brevin.com\/medias\/images\/prestations\/multitailles\/160x120_salle-de-bain-2-villa-broceliande-saint-brevin-29475.jpg"},"origine":{"url":"https:\/\/www.saint-brevin.com\/medias\/images\/prestations\/salle-de-bain-2-villa-broceliande-saint-brevin-29475.jpg"}},"urlLien":"","typeLien":"","nofollow":"N","copyright":""},{"url":"https:\/\/www.saint-brevin.com\/medias\/images\/prestations\/salle-de-bain-1-villa-broceliande-saint-brevin-29474.jpg","chemin":"..\/medias\/images\/prestations\/salle-de-bain-1-villa-broceliande-saint-brevin-29474.jpg","libelle":"salle-de-bain-1-villa-broceliande-saint-brevin-29474","extension":"jpg","categorie":"","largeur":1080,"theme":"","hauteur":1920,"type":"Image","origine":"","liaisonPave":"","langue":"","id":"29474","urlVignette":"https:\/\/www.saint-brevin.com\/medias\/images\/prestations\/v-salle-de-bain-1-villa-broceliande-saint-brevin-29474.jpg","alt":"salle-de-bain-1-villa-broceliande-saint-brevin-29474","title":"salle-de-bain-1-villa-broceliande-saint-brevin-29474","MultiTaille":{"1920x1440":{"url":"https:\/\/www.saint-brevin.com\/medias\/images\/prestations\/multitailles\/1920x1440_salle-de-bain-1-villa-broceliande-saint-brevin-29474.jpg"},"1200x900":{"url":"https:\/\/www.saint-brevin.com\/medias\/images\/prestations\/multitailles\/1200x900_salle-de-bain-1-villa-broceliande-saint-brevin-29474.jpg"},"800x600":{"url":"https:\/\/www.saint-brevin.com\/medias\/images\/prestations\/multitailles\/800x600_salle-de-bain-1-villa-broceliande-saint-brevin-29474.jpg"},"640x480":{"url":"https:\/\/www.saint-brevin.com\/medias\/images\/prestations\/multitailles\/640x480_salle-de-bain-1-villa-broceliande-saint-brevin-29474.jpg"},"320x240":{"url":"https:\/\/www.saint-brevin.com\/medias\/images\/prestations\/multitailles\/320x240_salle-de-bain-1-villa-broceliande-saint-brevin-29474.jpg"},"160x120":{"url":"https:\/\/www.saint-brevin.com\/medias\/images\/prestations\/multitailles\/160x120_salle-de-bain-1-villa-broceliande-saint-brevin-29474.jpg"},"origine":{"url":"https:\/\/www.saint-brevin.com\/medias\/images\/prestations\/salle-de-bain-1-villa-broceliande-saint-brevin-29474.jpg"}},"urlLien":"","typeLien":"","nofollow":"N","copyright":""},{"url":"https:\/\/www.saint-brevin.com\/medias\/images\/prestations\/veranda-villa-broceliande-saint-brevin-29482.jpg","chemin":"..\/medias\/images\/prestations\/veranda-villa-broceliande-saint-brevin-29482.jpg","libelle":"veranda-villa-broceliande-saint-brevin-29482","extension":"jpg","categorie":"","largeur":1920,"theme":"","hauteur":1080,"type":"Image","origine":"","liaisonPave":"","langue":"","id":"29482","urlVignette":"https:\/\/www.saint-brevin.com\/medias\/images\/prestations\/v-veranda-villa-broceliande-saint-brevin-29482.jpg","alt":"veranda-villa-broceliande-saint-brevin-29482","title":"veranda-villa-broceliande-saint-brevin-29482","MultiTaille":{"1920x1440":{"url":"https:\/\/www.saint-brevin.com\/medias\/images\/prestations\/multitailles\/1920x1440_veranda-villa-broceliande-saint-brevin-29482.jpg"},"1200x900":{"url":"https:\/\/www.saint-brevin.com\/medias\/images\/prestations\/multitailles\/1200x900_veranda-villa-broceliande-saint-brevin-29482.jpg"},"800x600":{"url":"https:\/\/www.saint-brevin.com\/medias\/images\/prestations\/multitailles\/800x600_veranda-villa-broceliande-saint-brevin-29482.jpg"},"640x480":{"url":"https:\/\/www.saint-brevin.com\/medias\/images\/prestations\/multitailles\/640x480_veranda-villa-broceliande-saint-brevin-29482.jpg"},"320x240":{"url":"https:\/\/www.saint-brevin.com\/medias\/images\/prestations\/multitailles\/320x240_veranda-villa-broceliande-saint-brevin-29482.jpg"},"160x120":{"url":"https:\/\/www.saint-brevin.com\/medias\/images\/prestations\/multitailles\/160x120_veranda-villa-broceliande-saint-brevin-29482.jpg"},"origine":{"url":"https:\/\/www.saint-brevin.com\/medias\/images\/prestations\/veranda-villa-broceliande-saint-brevin-29482.jpg"}},"urlLien":"","typeLien":"","nofollow":"N","copyright":""}]}},"DateDebPublication":"","DateFinPublication":"","PrixAPartirDe":"","PrixPour":"","FicheListeEnCours":"fiche_liste_locations_de_vacances_meubles_prestation_v2017","ParametresModele":{"AfficherPhotos":"1","NbPhotosMax":6,"AfficherReserver":0,"AfficherContact":0,"AfficherSalle":1,"AfficherZoneGeo":0,"AfficherEnSavoirPlus":"1","AfficherUneSeuleOuverture":0,"AfficherContactCarte":1,"AfficherTarifsChaudAPartirDe":0,"AfficherTarifChaudSansRecherche":0,"AfficherLiensCarnetVoyage":"1","BlocCritereInfo":{"critere1":{"libelle":"","liste_critere":["GCLASS|GCL5ET|G","GCLASS|G4ETOI|G","GCLASS|G3ETOI|G","GCLASS|G2ETOI|G","GCLASS|G1ETOI|G","GCLASS|GNON|G","GCLALABELS|M1E|G","GCLALABELS|M2EP|G","GCLALABELS|M3EP|G","GCLALABELS|3EPEC|G","GCLALABELS|M4EP|G","GCLALABELS|M1CLE|G","GCLALABELS|M2CLE|G","GCLALABELS|M4CLE|G","GCLALABELS|M3CLE|G","GCLALABELS|ACCUEIL|G","GCLALABELS|LOIREAVELO|G","GCLALABELS|VELODYSSEE|G","GCLALABELS|RANDOACCUEIL|G","GCLALABELS|ECOLABEL|G"]},"critere2":{"libelle":"","liste_critere":["GRESID|G","LABELS|ACCUEILVELO|G","GANIMA|GANIM|G","GANIMA|GPASAN|G","GANIMA|GANIMNON|G"]},"critere3":{"libelle":""},"critere4":{"libelle":""},"critere5":{"libelle":""},"critere6":{"libelle":"","liste_critere":["GTYP2|G","CAPACITE|G","SURFAC|G","GNCH|G1CH|G","GNCH|G2CH|G","GNCH|G3CH|G","GNCH|G4CH|G","GNCH|G5CH|G","GNCH|G6CH|G","GNCH|7CHAMB|G","GNCH|8CHAMB|G","GNCH|9CHAMB|G","DISTANCEMER|MDELAMER|G","DISTANCEMER|KMDELAMER|G"]},"critere7":{"libelle":"","liste_critere":["LIEU|G"]},"critere8":{"libelle":""},"afficherpictoetpaslibelle":"1"},"BlocPaveInfo":{"texte1":{"pave":["1"],"longeurmax":"200","afficherLibelle":"0","garderHtml":"0"}},"Criteres":"PARTENAIRE[COMPLET","PositionBloc":"GALLERIE|NOM|CARNET_VOYAGE|URL","TypePrestataire":"G","ComportementResa":false,"ComportementDispo":false},"AffichageCoordonnees":[],"Coordonnees":{"Ville":"ST BREVIN LES PINS"},"ContexteId":"PRESTATION|G|JULIENBECOTE|VILLABROCELAINDE","ContexteIdHtml":"PRESTATION-G-JULIENBECOTE-VILLABROCELAINDE","cleContexte":"G|JULIENBECOTE|VILLABROCELAINDE","Bloc":{"texte1":"","texte3":"","critere1":{"libelle":"","contenu":{"GCLASS":{"libelle":"CLASSEMENT MEUBL\u00c9 DE TOURISME","contenu":{"3":"\u003Cimg src=\"https:\/\/www.saint-brevin.com\/medias\/images\/picto\/GCLASS-G3ETOI-G.png\"  alt=\"3 \u00e9toiles\" title=\"3 \u00e9toiles\" \/\u003E"},"codesValeurs":{"3":"GCLASS|G3ETOI|G"},"criteres_datas":{"valeurs":{"3":{"G3ETOI":{"descriptif":""}}}}}}},"critere2":{"libelle":"","contenu":{"GANIMA":{"libelle":"Animaux","contenu":{"1":"admis gratuitement"},"codesValeurs":{"1":"GANIMA|GANIM|G"},"criteres_datas":{"valeurs":{"1":{"GANIM":{"descriptif":""}}}}}}},"critere3":{"libelle":"","contenu":[]},"critere4":{"libelle":"","contenu":[]},"critere5":{"libelle":"","contenu":[]},"critere6":{"libelle":"","contenu":{"GTYP2":{"libelle":"TYPE DE LOCATION","contenu":{"2":"maison"},"codesValeurs":{"2":"GTYP2|MAIS|G"},"criteres_datas":{"valeurs":{"2":{"MAIS":{"descriptif":""}}}}},"CAPACITE":{"libelle":"CAPACIT\u00c9 MAXIMUM","contenu":{"2":"2 personnes","5":"5 personnes"},"codesValeurs":{"2":"CAPACITE|2PERS|G","5":"CAPACITE|5PERS|G"},"criteres_datas":{"valeurs":{"2":{"2PERS":{"descriptif":""}},"5":{"5PERS":{"descriptif":""}}}}},"SURFAC":{"libelle":"SUPERFICIE","contenu":{"1":"\u003Cspan class=\"quantite\"\u003E73\u003C\/span\u003E \u003Cspan class=\"libelle\"\u003Em\u00b2\u003C\/span\u003E"},"codesValeurs":{"1":"SURFAC|METRE|G"},"criteres_datas":{"valeurs":{"1":{"METRE":{"descriptif":""}}}}},"GNCH":{"libelle":"NOMBRE DE CHAMBRES","contenu":{"2":"2 chambres"},"codesValeurs":{"2":"GNCH|G2CH|G"},"criteres_datas":{"valeurs":{"2":{"G2CH":{"descriptif":""}}}}},"DISTANCEMER":{"libelle":"Distance de la mer","contenu":{"5":"\u003Cspan class=\"quantite\"\u003E700\u003C\/span\u003E \u003Cspan class=\"libelle\"\u003Em de la mer\u003C\/span\u003E"},"codesValeurs":{"5":"DISTANCEMER|MDELAMER|G"},"criteres_datas":{"valeurs":{"5":{"MDELAMER":{"descriptif":""}}}}}}},"critere7":{"libelle":"","contenu":{"LIEU":{"libelle":"LIEU","contenu":{"2":"Saint-Brevin - Quartier des Pins"},"codesValeurs":{"2":"LIEU|SAINTBREVINLESPINS|G"},"criteres_datas":{"valeurs":{"2":{"SAINTBREVINLESPINS":{"descriptif":""}}}}}}},"critere8":{"libelle":"","contenu":[]},"critere9":{"libelle":"","contenu":[]}},"LocalisationGps":{"Latitude":"47.24630","Longitude":"-2.16191"},"libelleDuPrestataire":"","vuePrestataire":{"pave1":{"libelle":"Descriptif","contenu":""},"pave2":{"libelle":"Remise des cl\u00e9s","contenu":""},"pave3":{"libelle":"","contenu":""},"pave4":{"libelle":"","contenu":""},"pave5":{"libelle":"","contenu":""},"pave6":{"libelle":"","contenu":""},"pave7":{"libelle":"","contenu":""},"pave8":{"libelle":"","contenu":""},"pave9":{"libelle":"","contenu":""},"pave10":{"libelle":"","contenu":""},"pave11":{"libelle":"","contenu":""},"pave12":{"libelle":"","contenu":""},"pave13":{"libelle":"","contenu":""},"pave14":{"libelle":"","contenu":""},"pave15":{"libelle":"","contenu":""},"pave16":{"libelle":"","contenu":""},"pave17":{"libelle":"","contenu":""},"pave18":{"libelle":"","contenu":""},"pave19":{"libelle":"","contenu":""},"pave20":{"libelle":"","contenu":""},"pave21":{"libelle":"","contenu":""},"pave22":{"libelle":"","contenu":""},"pave23":{"libelle":"","contenu":""},"pave24":{"libelle":"","contenu":""},"pave25":{"libelle":"","contenu":""},"ContactsParType":{"PRO":{"3476":{"id_contact":"3476","type_contact":"PRO","categorie_contact":"PRESTATAIRE","societe_contact":"","fonction_contact":"","civilite_nom_prenom_contact":"B\u00e9cote Julien ","adresse1_contact":"","adresse2_contact":"","adresse3_contact":"","cpostal_contact":"","ville_contact":"","teldom_contact":"","telbur_contact":"","fax_contact":"","portable_contact":"06 09 50 73 25","email_contact":"julien.becote@gmail.com","siteweb_contact":"","commentaire_contact":"","langue_contact":"","autre_moyen_com":[]}}},"Libelle":"M Becote Julien","Nom":"Becote","Prenom":"Julien","NomPrenom":"Becote Julien ","CiviliteNomPrenom":"M Becote Julien ","Cle":"G|JULIENBECOTE","PrestataireParent":"","ContexteStat":"PRESTATAIRE-G-JULIENBECOTE","DateModificationIso":"2026-03-27T09:59:00+01:00","CiviliteLibelleNomPrenom":"Monsieur Becote Julien ","Type":"PRESTATAIRE","TypePrestataire":"G","Adresse":{"LigneAdresse1":"47 rue de vitry","LigneAdresse2":"","LigneAdresse3":"","CodePostal":"93100","Ville":"MONTREUIL","Cedex":"","Etat":"","Pays":"FRA"},"Email":"etoceb01@gmail.com","Telephone":"06 09 50 73 25","TelephoneBureau":"","Portable":"","SiteWeb":"","Fax":"","Id":"g-julienbecote","Code":"G|JULIENBECOTE","Fichier":[],"Url":"becote.html","Localisation":{"GoogleMap":{"Latitude":"48.86166","Longitude":"2.44763"}},"ZoneGeo":"","Criteres":{"TYPPRO[PARTICULIEROT":"","MAJINGENIEP[DATEDERNIEREMAJ":"20250602","MISEAJOURP[ANNABELLE":""},"DateFinPublication":"","AffichageCoordonnees":[]},"listeCriteres":{"PARTENAIRE":{"COMPLET":""},"COMMUNES":{"SAINTBREVIN":""},"LIEU":{"SAINTBREVINLESPINS":""},"GTYP2":{"MAIS":""},"QUARTIER":{"LESPINS":""},"NBPIECES":{"3PIEC":""},"CAPACITE":{"2PERS":"","5PERS":""},"ETAGE":{"PLPIED":""},"SURFAC":{"METRE":"73"},"MAJINGENIE":{"DATEDERNIEREMAJ":"20251215"},"GSITUA":{"COMMER":"","PLAGE":""},"MISEAJOUR":{"ANNABELLE":""},"GNCH":{"G2CH":""},"GANIMA":{"GANIM":"","GCVAA":""},"DISTANCEDUCENTRE":{"MCENTREBREVINPIN":"200"},"GCLASS":{"G3ETOI":""},"DISTANCEDELAGARE":{"KMGARESAINTBAZAIRE":"15","KMGAREPORNIC":"20"},"DISTANCEMER":{"MDELAMER":"700"},"GEQINT":{"GFOUR":"","MICRO":"","PLAQUEELEC":"","FRIOG":"","LINGE":""},"GMATCUIS":{"BOUILLOIRE":"","CAFETIE":"","MIXER":"","PRESSEAGRUMES":""},"GMULTI":{"GTV":"","GWIFI":""},"GEQEXT":{"MEUBLE":"","STATIO":""},"GESSI":{"GCVLL":"","GCVFMF":"","GCVMO":"","GCVAI":"","GCVT":"","GCVSP":""},"GCAPACITTRANCHES":{"GDE1A3PERS":"","GDE3A5PERS":"","GDE5A7PERS":""},"TYPPRO":{"PARTICULIEROT":""},"MAJINGENIEP":{"DATEDERNIEREMAJ":"20250602"},"MISEAJOURP":{"ANNABELLE":""}},"dansCarnetVoyage":true,"Ouverture":""},"html":" \n \u003Cdiv id=\"CV-PRESTATION-G-JULIENBECOTE-VILLABROCELAINDE\" data-contexte-id=\"PRESTATION|G|JULIENBECOTE|VILLABROCELAINDE\" data-cle=\"G|JULIENBECOTE|VILLABROCELAINDE\" class=\"fiche-liste\"\u003E\n    \n\n    \u003C!-- partie photo --\u003E\n    \u003Cdiv class=\"photo\"\u003E\t\t\t\t\t\t\t\t\t\t\t\t\t\t\t\t\t\t\t\t\t\n        \u003Cdiv class=\"cadre_photo_principale\"\u003E\t\t\n        \n            \t\t\t\t\t\n                    \u003Ca href=\"villa-broceliande.html?origine=carnet#media\"\u003E\n                        \u003Cimg class=\"photo_principale\" alt=\"villa-broceliande-saint-brevin-29481\" src=\"https:\/\/www.saint-brevin.com\/medias\/images\/prestations\/multitailles\/320x240_villa-broceliande-saint-brevin-29481.jpg\" itemprop=\"image\"\u003E\n                    \u003C\/a\u003E\t\t\t\t\t\t\n                \n                    \u003C\/div\u003E\t\t\t\t\t\t\t\t\t\t\t\t\t\t\t\t\t\t\t \t\t\n    \u003C\/div\u003E\n    \n    \u003C!-- partie nom prest --\u003E\n    \u003Cdiv class=\"nom\"\u003E\n        \u003Ch2\u003EVilla Broc\u00e9liande\u003C\/h2\u003E\n        \n            \u003C\/div\u003E\n\n         \n    \u003C!-- partie adresse --\u003E\n    \u003Cdiv class=\"adresse\"\u003E\n    \n          \n    \u003C\/div\u003E\n    \n    \u003C!-- partie liens --\u003E\n    \u003Cdiv class=\"liens\"\u003E\n            \u003Ca class=\"btn-icon btn-view \" title=\"Voir la fiche d\u00e9taill\u00e9e\" href=\"villa-broceliande.html?origine=carnet\"\u003E\u003C\/a\u003E\u003C!--\u003Ca class=\"btn-icon btn-view \" title=\"\" href=\"?origine=carnet#thaut\"\u003E\u003C\/a\u003E--\u003E\n      \u003Ca class=\"btn-icon btn-trash carnet_voyage_supprimer\" title=\"Supprimer cette fiche de mon carnet de voyage\" href=\"carnet-voyage?action=remove&fiche=G|JULIENBECOTE|VILLABROCELAINDE\"\u003E\u003C\/a\u003E\n    \u003C\/div\u003E\n\n\u003C\/div\u003E\n\n","icon":"https:\/\/static.ingenie.fr\/images\/carnetVoyageV3\/G.png"},"fiche":"G|JULIENBECOTE|VILLABROCELAINDE","popup":"\u003Cdiv id=\"bloc_popup_ajout_fiche_carnet\"\u003E\n    \u003Cdiv class=\"info_popup_ajout_fiche_carnet\"\u003E\n        Vous venez d'ajouter cet \u00e9l\u00e9ment \u00e0 votre carnet de voyage :    \u003C\/div\u003E\n    \u003Cdiv class=\"prest_popup_ajout_fiche_carnet\"\u003E\n        Villa Broc&eacute;liande    \u003C\/div\u003E\n    \u003Cdiv class=\"bloc_btn_ajout_fiche_carnet form_submit_div\"\u003E\n        \u003Cinput type=\"button\" value=\"Continuer ma s\u00e9lection\" title=\"Continuer ma s\u00e9lection\" name=\"btn_close\" class=\"btn_close_popup_carnet form_submit\" onclick=\"$.colorbox.close()\" \/\u003E\n        \u003Cinput type=\"button\" value=\"Voir mon carnet de voyage\" title=\"Voir mon carnet\" name=\"btn_panier\" class=\"btn_panier_popup_carnet form_submit\" onclick=\"if(typeof CarnetVoyage != 'undefined') {CarnetVoyage.voirCarnet();}\" \/\u003E\n    \u003C\/div\u003E\n    \u003Cdiv class=\"bloc_btn_ajout_fiche_carnet\"\u003E\n        \u003Cinput type=\"checkbox\" value=\"1\" name=\"desactiver_popup\" id=\"desactiver_popup\" \/\u003E\n        \u003Clabel for=\"desactiver_popup\"\u003ENe plus afficher ce message\u003C\/label\u003E\n    \u003C\/div\u003E\n\u003C\/div\u003E","success":1}