{"nbFiches":1,"dataPrest":{"infoPrest":{"pave1":{"libelle":"Slogan","contenu":""},"pave2":{"libelle":"Descriptif","contenu":"L&#39;association P&eacute;rezienne &quot;JEUDIS DES HALLES&quot; met en place un march&eacute; hebdomadaire de PRODUCTEURS LOCAUX sous les halles (place du March&eacute; 44320 Saint-P&egrave;re-en-Retz) &agrave; partir du 17 septembre 2026 :\u003Cbr \/\u003E\r\n* Fruits et l&eacute;gumes de la ferme de La Vinaudais (Saint-P&egrave;re-en-Retz)\u003Cbr \/\u003E\r\n* Fromages du Pont Caillaud (Saint-P&egrave;re-en-Retz)\u003Cbr \/\u003E\r\n* Pains au levain, cuits au feu de bois de \u003Ca href=\"https:\/\/www.facebook.com\/profile.php?id=100087830311010&amp;__cft__[0]=AZjD3Fvkves--ZUZxa3ZxH9Px6VlzwIeNJ-BxXBxqjBWIxp0LcRWra6fegQ57C7guosTnTEWO73XdfY8O1_dXcCYV7MqxP6e4ZgTE-RSasYwdbCRaaOWJOZ0AQeVU78vk05E2aibFJnSVYrvGTkUMMKQHkOYeFtkpEpoaGq2TiJsEhForFA1-vS0UmtWVIJB3lz55r0MFE9RebzJoPy1&amp;__tn__=-]K*F\" role=\"link\" tabindex=\"0\"\u003EPaysans Boulangeretz\u003C\/a\u003E (Saint-P&egrave;re-en-Retz \/ St-Viaud)\u003Cbr \/\u003E\r\n* &OElig;ufs et miel de Vinchapi (St-P&egrave;re-en-Retz)\u003Cbr \/\u003E\r\n* Fleurs de \u003Ca href=\"https:\/\/www.facebook.com\/FloreaFermeFlorale?__cft__[0]=AZjD3Fvkves--ZUZxa3ZxH9Px6VlzwIeNJ-BxXBxqjBWIxp0LcRWra6fegQ57C7guosTnTEWO73XdfY8O1_dXcCYV7MqxP6e4ZgTE-RSasYwdbCRaaOWJOZ0AQeVU78vk05E2aibFJnSVYrvGTkUMMKQHkOYeFtkpEpoaGq2TiJsEhForFA1-vS0UmtWVIJB3lz55r0MFE9RebzJoPy1&amp;__tn__=-]K*F\" role=\"link\" tabindex=\"0\"\u003EFlorea Ferme Florale\u003C\/a\u003E (Chaumes-en-Retz)\u003Cbr \/\u003E\r\n* Fleurs comestibles et fines herbes de \u003Ca href=\"https:\/\/www.facebook.com\/profile.php?id=61585864925924&amp;__cft__[0]=AZjD3Fvkves--ZUZxa3ZxH9Px6VlzwIeNJ-BxXBxqjBWIxp0LcRWra6fegQ57C7guosTnTEWO73XdfY8O1_dXcCYV7MqxP6e4ZgTE-RSasYwdbCRaaOWJOZ0AQeVU78vk05E2aibFJnSVYrvGTkUMMKQHkOYeFtkpEpoaGq2TiJsEhForFA1-vS0UmtWVIJB3lz55r0MFE9RebzJoPy1&amp;__tn__=-]K*F\" role=\"link\" tabindex=\"0\"\u003Ep&eacute;tales et papilles \u003C\/a\u003E(St-Viaud)\u003Cbr \/\u003E\r\n\u003Cbr \/\u003E\r\nTous les 1ers jeudis de chaque mois, d&#39;autres producteurs seront &eacute;galement pr&eacute;sents :\u003Cbr \/\u003E\r\n* P&acirc;tes de fruits, gel&eacute;es, confitures et &eacute;picerie fine au safran de \u003Ca href=\"https:\/\/www.facebook.com\/profile.php?id=100063785071387&amp;__cft__[0]=AZjD3Fvkves--ZUZxa3ZxH9Px6VlzwIeNJ-BxXBxqjBWIxp0LcRWra6fegQ57C7guosTnTEWO73XdfY8O1_dXcCYV7MqxP6e4ZgTE-RSasYwdbCRaaOWJOZ0AQeVU78vk05E2aibFJnSVYrvGTkUMMKQHkOYeFtkpEpoaGq2TiJsEhForFA1-vS0UmtWVIJB3lz55r0MFE9RebzJoPy1&amp;__tn__=-]K*F\" role=\"link\" tabindex=\"0\"\u003ESafran de la C&ocirc;te de J\u003C\/a\u003Eade (Saint-P&egrave;re-en-Retz)\u003Cbr \/\u003E\r\n* P&acirc;tes, huile et agneau de \u003Ca href=\"https:\/\/www.facebook.com\/Preferetz?__cft__[0]=AZjD3Fvkves--ZUZxa3ZxH9Px6VlzwIeNJ-BxXBxqjBWIxp0LcRWra6fegQ57C7guosTnTEWO73XdfY8O1_dXcCYV7MqxP6e4ZgTE-RSasYwdbCRaaOWJOZ0AQeVU78vk05E2aibFJnSVYrvGTkUMMKQHkOYeFtkpEpoaGq2TiJsEhForFA1-vS0UmtWVIJB3lz55r0MFE9RebzJoPy1&amp;__tn__=-]K*F\" role=\"link\" tabindex=\"0\"\u003EFerme Pr&eacute;f&eacute;Retz\u003C\/a\u003E (Saint-P&egrave;re-en-Retz)\u003Cbr \/\u003E\r\n* Petits fruits rouges et transformation du \u003Ca href=\"https:\/\/www.facebook.com\/profile.php?id=61573737217252&amp;__cft__[0]=AZjD3Fvkves--ZUZxa3ZxH9Px6VlzwIeNJ-BxXBxqjBWIxp0LcRWra6fegQ57C7guosTnTEWO73XdfY8O1_dXcCYV7MqxP6e4ZgTE-RSasYwdbCRaaOWJOZ0AQeVU78vk05E2aibFJnSVYrvGTkUMMKQHkOYeFtkpEpoaGq2TiJsEhForFA1-vS0UmtWVIJB3lz55r0MFE9RebzJoPy1&amp;__tn__=-]K*F\" role=\"link\" tabindex=\"0\"\u003ELe Verger des Ar&ocirc;mes\u003C\/a\u003E&nbsp;(Chauv&eacute;)\u003Cbr \/\u003E\r\n* Champignons de l&#39;&Eacute;co-domaine de la Fontaine (Pornic)\u003Cbr \/\u003E\r\n* Spiruline de \u003Ca href=\"https:\/\/www.facebook.com\/profile.php?id=100069865308944&amp;__cft__[0]=AZjD3Fvkves--ZUZxa3ZxH9Px6VlzwIeNJ-BxXBxqjBWIxp0LcRWra6fegQ57C7guosTnTEWO73XdfY8O1_dXcCYV7MqxP6e4ZgTE-RSasYwdbCRaaOWJOZ0AQeVU78vk05E2aibFJnSVYrvGTkUMMKQHkOYeFtkpEpoaGq2TiJsEhForFA1-vS0UmtWVIJB3lz55r0MFE9RebzJoPy1&amp;__tn__=-]K*F\" role=\"link\" tabindex=\"0\"\u003ELa cabane &agrave; spiruline\u003C\/a\u003E (Arthon en Retz)\u003Cbr \/\u003E\r\n* Tisanes, infusions et cosm&eacute;tique naturelle du \u003Ca href=\"https:\/\/www.facebook.com\/lesensdessimples?__cft__[0]=AZjD3Fvkves--ZUZxa3ZxH9Px6VlzwIeNJ-BxXBxqjBWIxp0LcRWra6fegQ57C7guosTnTEWO73XdfY8O1_dXcCYV7MqxP6e4ZgTE-RSasYwdbCRaaOWJOZ0AQeVU78vk05E2aibFJnSVYrvGTkUMMKQHkOYeFtkpEpoaGq2TiJsEhForFA1-vS0UmtWVIJB3lz55r0MFE9RebzJoPy1&amp;__tn__=-]K*F\" role=\"link\" tabindex=\"0\"\u003ELe sens des Simples\u003C\/a\u003E (Pornic)\u003Cbr \/\u003E\r\n\u003Cbr \/\u003E\r\nNous attendons aussi en trimestriel, en d&eacute;but de mois de chaque changement de saison:\u003Cbr \/\u003E\r\n- Le sel de \u003Ca href=\"https:\/\/www.facebook.com\/profile.php?id=100063528652225&amp;__cft__[0]=AZjD3Fvkves--ZUZxa3ZxH9Px6VlzwIeNJ-BxXBxqjBWIxp0LcRWra6fegQ57C7guosTnTEWO73XdfY8O1_dXcCYV7MqxP6e4ZgTE-RSasYwdbCRaaOWJOZ0AQeVU78vk05E2aibFJnSVYrvGTkUMMKQHkOYeFtkpEpoaGq2TiJsEhForFA1-vS0UmtWVIJB3lz55r0MFE9RebzJoPy1&amp;__tn__=-]K*F\" role=\"link\" tabindex=\"0\"\u003EM&eacute;lanie Daspremont, Paludi&egrave;re en Baie de Bourgneuf\u003C\/a\u003E\u003Cbr \/\u003E\r\n- les bi&egrave;res de \u003Ca href=\"https:\/\/www.facebook.com\/microbrasseriebrewen?__cft__[0]=AZjD3Fvkves--ZUZxa3ZxH9Px6VlzwIeNJ-BxXBxqjBWIxp0LcRWra6fegQ57C7guosTnTEWO73XdfY8O1_dXcCYV7MqxP6e4ZgTE-RSasYwdbCRaaOWJOZ0AQeVU78vk05E2aibFJnSVYrvGTkUMMKQHkOYeFtkpEpoaGq2TiJsEhForFA1-vS0UmtWVIJB3lz55r0MFE9RebzJoPy1&amp;__tn__=-]K*F\" role=\"link\" tabindex=\"0\"\u003EMicrobrasserie Brewen\u003C\/a\u003E\u003Cbr \/\u003E\r\n\u003Cbr \/\u003E\r\n...etc... Liste non exhaustive !\u003Cbr \/\u003E\r\n\u003Cbr \/\u003E\r\nAlors RENDEZ-VOUS JEUDI 17 SEPTEMBRE 2026 de 17h &agrave; 19h pour notre 1er march&eacute;.\u003Cbr \/\u003E\r\nL&#39;occasion de rencontrer et de soutenir vos producteurs locaux afin de faire vivre votre territoire !\u003Cbr \/\u003E\r\n\u003Cbr \/\u003E\r\nP.S. : vous &ecirc;tes producteurs et vous souhaitez nous rejoindre : n&#39;h&eacute;sitez pas &agrave; nous contacter."},"pave3":{"libelle":"","contenu":""},"pave4":{"libelle":"","contenu":""},"pave5":{"libelle":"","contenu":""},"pave6":{"libelle":"","contenu":""},"pave7":{"libelle":"","contenu":""},"pave8":{"libelle":"","contenu":""},"pave9":{"libelle":"","contenu":""},"pave10":{"libelle":"","contenu":""},"pave11":{"libelle":"","contenu":""},"pave12":{"libelle":"","contenu":""},"pave13":{"libelle":"","contenu":""},"pave14":{"libelle":"","contenu":""},"pave15":{"libelle":"","contenu":""},"pave16":{"libelle":"","contenu":""},"pave17":{"libelle":"","contenu":""},"pave18":{"libelle":"","contenu":""},"pave19":{"libelle":"","contenu":""},"pave20":{"libelle":"","contenu":""},"pave21":{"libelle":"","contenu":""},"pave22":{"libelle":"","contenu":""},"pave23":{"libelle":"","contenu":""},"pave24":{"libelle":"","contenu":""},"pave25":{"libelle":"","contenu":""},"Libelle":"Les jeudis des halles","Nom":"Les jeudis des halles","Prenom":"","NomPrenom":"Les jeudis des halles ","CiviliteNomPrenom":"Les jeudis des halles ","Cle":"D|LESJEUDISDESHALLES","PrestataireParent":"","ContexteStat":"PRESTATAIRE-D-LESJEUDISDESHALLES","DateModificationIso":"2026-09-03T14:37:00+02:00","Type":"PRESTATAIRE","TypePrestataire":"D","Adresse":{"LigneAdresse1":"Place du March\u00e9","LigneAdresse2":"","LigneAdresse3":"","CodePostal":"44320","Ville":"ST PERE EN RETZ","Cedex":"","Etat":"","Pays":"FRA"},"Email":"","Telephone":"","TelephoneBureau":"","Portable":"","SiteWeb":"","Fax":"","Id":"d-lesjeudisdeshalles","Code":"D|LESJEUDISDESHALLES","Fichier":{"Image":[{"url":"https:\/\/www.saint-brevin.com\/medias\/images\/prestataires\/marche-producteurs-mardi-17h-19h-saint-p-re-en-retz-11594.png","chemin":"..\/medias\/images\/prestataires\/marche-producteurs-mardi-17h-19h-saint-p-re-en-retz-11594.png","libelle":"marche-producteurs-mardi-17h-19h-saint-p-re-en-retz-11594","extension":"png","categorie":"","largeur":930,"theme":"","hauteur":697,"type":"Image","origine":"","liaisonPave":"","langue":"","id":"11594","urlVignette":"https:\/\/www.saint-brevin.com\/medias\/images\/prestataires\/v-marche-producteurs-mardi-17h-19h-saint-p-re-en-retz-11594.png","alt":"marche-producteurs-mardi-17h-19h-saint-p-re-en-retz-11594","title":"marche-producteurs-mardi-17h-19h-saint-p-re-en-retz-11594","MultiTaille":{"1920x1440":{"url":"https:\/\/www.saint-brevin.com\/medias\/images\/prestataires\/multitailles\/1920x1440_marche-producteurs-mardi-17h-19h-saint-p-re-en-retz-11594.png"},"1200x900":{"url":"https:\/\/www.saint-brevin.com\/medias\/images\/prestataires\/multitailles\/1200x900_marche-producteurs-mardi-17h-19h-saint-p-re-en-retz-11594.png"},"800x600":{"url":"https:\/\/www.saint-brevin.com\/medias\/images\/prestataires\/multitailles\/800x600_marche-producteurs-mardi-17h-19h-saint-p-re-en-retz-11594.png"},"640x480":{"url":"https:\/\/www.saint-brevin.com\/medias\/images\/prestataires\/multitailles\/640x480_marche-producteurs-mardi-17h-19h-saint-p-re-en-retz-11594.png"},"320x240":{"url":"https:\/\/www.saint-brevin.com\/medias\/images\/prestataires\/multitailles\/320x240_marche-producteurs-mardi-17h-19h-saint-p-re-en-retz-11594.png"},"160x120":{"url":"https:\/\/www.saint-brevin.com\/medias\/images\/prestataires\/multitailles\/160x120_marche-producteurs-mardi-17h-19h-saint-p-re-en-retz-11594.png"},"origine":{"url":"https:\/\/www.saint-brevin.com\/medias\/images\/prestataires\/marche-producteurs-mardi-17h-19h-saint-p-re-en-retz-11594.png"}},"urlLien":"","typeLien":"","nofollow":"N","copyright":""},{"url":"https:\/\/www.saint-brevin.com\/medias\/images\/prestataires\/marche-producteurs-mardi-17h-19h-saint-p-re-en-retz-affiche-11595.png","chemin":"..\/medias\/images\/prestataires\/marche-producteurs-mardi-17h-19h-saint-p-re-en-retz-affiche-11595.png","libelle":"marche-producteurs-mardi-17h-19h-saint-p-re-en-retz-affiche-11595","extension":"png","categorie":"","largeur":946,"theme":"","hauteur":1344,"type":"Image","origine":"","liaisonPave":"","langue":"","id":"11595","urlVignette":"https:\/\/www.saint-brevin.com\/medias\/images\/prestataires\/v-marche-producteurs-mardi-17h-19h-saint-p-re-en-retz-affiche-11595.png","alt":"marche-producteurs-mardi-17h-19h-saint-p-re-en-retz-affiche-11595","title":"marche-producteurs-mardi-17h-19h-saint-p-re-en-retz-affiche-11595","MultiTaille":{"1920x1440":{"url":"https:\/\/www.saint-brevin.com\/medias\/images\/prestataires\/multitailles\/1920x1440_marche-producteurs-mardi-17h-19h-saint-p-re-en-retz-affiche-11595.png"},"1200x900":{"url":"https:\/\/www.saint-brevin.com\/medias\/images\/prestataires\/multitailles\/1200x900_marche-producteurs-mardi-17h-19h-saint-p-re-en-retz-affiche-11595.png"},"800x600":{"url":"https:\/\/www.saint-brevin.com\/medias\/images\/prestataires\/multitailles\/800x600_marche-producteurs-mardi-17h-19h-saint-p-re-en-retz-affiche-11595.png"},"640x480":{"url":"https:\/\/www.saint-brevin.com\/medias\/images\/prestataires\/multitailles\/640x480_marche-producteurs-mardi-17h-19h-saint-p-re-en-retz-affiche-11595.png"},"320x240":{"url":"https:\/\/www.saint-brevin.com\/medias\/images\/prestataires\/multitailles\/320x240_marche-producteurs-mardi-17h-19h-saint-p-re-en-retz-affiche-11595.png"},"160x120":{"url":"https:\/\/www.saint-brevin.com\/medias\/images\/prestataires\/multitailles\/160x120_marche-producteurs-mardi-17h-19h-saint-p-re-en-retz-affiche-11595.png"},"origine":{"url":"https:\/\/www.saint-brevin.com\/medias\/images\/prestataires\/marche-producteurs-mardi-17h-19h-saint-p-re-en-retz-affiche-11595.png"}},"urlLien":"","typeLien":"","nofollow":"N","copyright":""}],"ByCategorie":{"":[{"url":"https:\/\/www.saint-brevin.com\/medias\/images\/prestataires\/marche-producteurs-mardi-17h-19h-saint-p-re-en-retz-11594.png","chemin":"..\/medias\/images\/prestataires\/marche-producteurs-mardi-17h-19h-saint-p-re-en-retz-11594.png","libelle":"marche-producteurs-mardi-17h-19h-saint-p-re-en-retz-11594","extension":"png","categorie":"","largeur":930,"theme":"","hauteur":697,"type":"Image","origine":"","liaisonPave":"","langue":"","id":"11594","urlVignette":"https:\/\/www.saint-brevin.com\/medias\/images\/prestataires\/v-marche-producteurs-mardi-17h-19h-saint-p-re-en-retz-11594.png","alt":"marche-producteurs-mardi-17h-19h-saint-p-re-en-retz-11594","title":"marche-producteurs-mardi-17h-19h-saint-p-re-en-retz-11594","MultiTaille":{"1920x1440":{"url":"https:\/\/www.saint-brevin.com\/medias\/images\/prestataires\/multitailles\/1920x1440_marche-producteurs-mardi-17h-19h-saint-p-re-en-retz-11594.png"},"1200x900":{"url":"https:\/\/www.saint-brevin.com\/medias\/images\/prestataires\/multitailles\/1200x900_marche-producteurs-mardi-17h-19h-saint-p-re-en-retz-11594.png"},"800x600":{"url":"https:\/\/www.saint-brevin.com\/medias\/images\/prestataires\/multitailles\/800x600_marche-producteurs-mardi-17h-19h-saint-p-re-en-retz-11594.png"},"640x480":{"url":"https:\/\/www.saint-brevin.com\/medias\/images\/prestataires\/multitailles\/640x480_marche-producteurs-mardi-17h-19h-saint-p-re-en-retz-11594.png"},"320x240":{"url":"https:\/\/www.saint-brevin.com\/medias\/images\/prestataires\/multitailles\/320x240_marche-producteurs-mardi-17h-19h-saint-p-re-en-retz-11594.png"},"160x120":{"url":"https:\/\/www.saint-brevin.com\/medias\/images\/prestataires\/multitailles\/160x120_marche-producteurs-mardi-17h-19h-saint-p-re-en-retz-11594.png"},"origine":{"url":"https:\/\/www.saint-brevin.com\/medias\/images\/prestataires\/marche-producteurs-mardi-17h-19h-saint-p-re-en-retz-11594.png"}},"urlLien":"","typeLien":"","nofollow":"N","copyright":""},{"url":"https:\/\/www.saint-brevin.com\/medias\/images\/prestataires\/marche-producteurs-mardi-17h-19h-saint-p-re-en-retz-affiche-11595.png","chemin":"..\/medias\/images\/prestataires\/marche-producteurs-mardi-17h-19h-saint-p-re-en-retz-affiche-11595.png","libelle":"marche-producteurs-mardi-17h-19h-saint-p-re-en-retz-affiche-11595","extension":"png","categorie":"","largeur":946,"theme":"","hauteur":1344,"type":"Image","origine":"","liaisonPave":"","langue":"","id":"11595","urlVignette":"https:\/\/www.saint-brevin.com\/medias\/images\/prestataires\/v-marche-producteurs-mardi-17h-19h-saint-p-re-en-retz-affiche-11595.png","alt":"marche-producteurs-mardi-17h-19h-saint-p-re-en-retz-affiche-11595","title":"marche-producteurs-mardi-17h-19h-saint-p-re-en-retz-affiche-11595","MultiTaille":{"1920x1440":{"url":"https:\/\/www.saint-brevin.com\/medias\/images\/prestataires\/multitailles\/1920x1440_marche-producteurs-mardi-17h-19h-saint-p-re-en-retz-affiche-11595.png"},"1200x900":{"url":"https:\/\/www.saint-brevin.com\/medias\/images\/prestataires\/multitailles\/1200x900_marche-producteurs-mardi-17h-19h-saint-p-re-en-retz-affiche-11595.png"},"800x600":{"url":"https:\/\/www.saint-brevin.com\/medias\/images\/prestataires\/multitailles\/800x600_marche-producteurs-mardi-17h-19h-saint-p-re-en-retz-affiche-11595.png"},"640x480":{"url":"https:\/\/www.saint-brevin.com\/medias\/images\/prestataires\/multitailles\/640x480_marche-producteurs-mardi-17h-19h-saint-p-re-en-retz-affiche-11595.png"},"320x240":{"url":"https:\/\/www.saint-brevin.com\/medias\/images\/prestataires\/multitailles\/320x240_marche-producteurs-mardi-17h-19h-saint-p-re-en-retz-affiche-11595.png"},"160x120":{"url":"https:\/\/www.saint-brevin.com\/medias\/images\/prestataires\/multitailles\/160x120_marche-producteurs-mardi-17h-19h-saint-p-re-en-retz-affiche-11595.png"},"origine":{"url":"https:\/\/www.saint-brevin.com\/medias\/images\/prestataires\/marche-producteurs-mardi-17h-19h-saint-p-re-en-retz-affiche-11595.png"}},"urlLien":"","typeLien":"","nofollow":"N","copyright":""}]}},"Url":"les-jeudis-des-halles.html","Localisation":{"GoogleMap":{"Latitude":"47.20811","Longitude":"-2.04495"}},"ZoneGeo":"","Criteres":{"NIVPARTENAIRE[COMPLET":"","DESTINATION[DESTINATIONCCSE":"","COMMUNES[SAINTPEREENRETZ":"","LIEU[SAINTPEREENRETZ":"","DEQUI[MARCHETRADITIONNEL":"","MAJINGENIE[DATEDERNIEREMAJ":"20260903","MISEAJOUR[ANNABELLE":""},"DateFinPublication":"","PrixAPartirDe":"","PrixPour":"","FicheListeEnCours":"fiche_liste_decouverte_savoir_faire_degust_v2017","ParametresModele":{"AfficherPhotos":"1","NbPhotosMax":6,"AfficherReserver":0,"AfficherContact":0,"AfficherSalle":1,"AfficherZoneGeo":0,"AfficherEnSavoirPlus":"1","AfficherUneSeuleOuverture":0,"AfficherContactCarte":1,"AfficherTarifsChaudAPartirDe":0,"AfficherTarifChaudSansRecherche":0,"AfficherLiensCarnetVoyage":"1","BlocCritereInfo":{"critere1":{"libelle":""},"critere2":{"libelle":""},"critere3":{"libelle":""},"critere4":{"libelle":""},"critere5":{"libelle":""},"critere6":{"libelle":""},"critere7":{"libelle":"","liste_critere":["COMMUNES|D"]},"critere8":{"libelle":""},"critere9":{"libelle":""},"afficherpictoetpaslibelle":"1"},"Criteres":"NIVPARTENAIRE[COMPLET","CriteresComportementResa":"RESABILLET[RESAENLIGNE","PositionBloc":"NOM|GALLERIE|CARNET_VOYAGE|URL","TypePrestataire":"D","ComportementResa":false,"ComportementDispo":false},"AffichageCoordonnees":[],"Coordonnees":{"Ville":"ST PERE EN RETZ"},"ContexteId":"PRESTATAIRE|D|LESJEUDISDESHALLES","ContexteIdHtml":"PRESTATAIRE-D-LESJEUDISDESHALLES","cleContexte":"D|LESJEUDISDESHALLES","Bloc":{"texte1":"","texte3":"","critere1":{"libelle":"","contenu":[]},"critere2":{"libelle":"","contenu":[]},"critere3":{"libelle":"","contenu":[]},"critere4":{"libelle":"","contenu":[]},"critere5":{"libelle":"","contenu":[]},"critere6":{"libelle":"","contenu":[]},"critere7":{"libelle":"","contenu":{"COMMUNES":{"libelle":"COMMUNE","contenu":{"5":"Saint-P\u00e8re en Retz"},"codesValeurs":{"5":"COMMUNES|SAINTPEREENRETZ|D"},"criteres_datas":{"valeurs":{"5":{"SAINTPEREENRETZ":{"descriptif":""}}}}}}},"critere8":{"libelle":"","contenu":[]},"critere9":{"libelle":"","contenu":[]}},"LocalisationGps":{"Latitude":"47.20811","Longitude":"-2.04495"},"libelleDuPrestataire":"","listeCriteres":{"NIVPARTENAIRE":{"COMPLET":""},"DESTINATION":{"DESTINATIONCCSE":""},"COMMUNES":{"SAINTPEREENRETZ":""},"LIEU":{"SAINTPEREENRETZ":""},"DEQUI":{"MARCHETRADITIONNEL":""},"MAJINGENIE":{"DATEDERNIEREMAJ":"20260903"},"MISEAJOUR":{"ANNABELLE":""}},"dansCarnetVoyage":true,"Ouverture":""},"html":" \n \u003Cdiv id=\"CV-PRESTATAIRE-D-LESJEUDISDESHALLES\" data-contexte-id=\"PRESTATAIRE|D|LESJEUDISDESHALLES\" data-cle=\"D|LESJEUDISDESHALLES\" class=\"fiche-liste\"\u003E\n    \n\n    \u003C!-- partie photo --\u003E\n    \u003Cdiv class=\"photo\"\u003E\t\t\t\t\t\t\t\t\t\t\t\t\t\t\t\t\t\t\t\t\t\n        \u003Cdiv class=\"cadre_photo_principale\"\u003E\t\t\n        \n            \t\t\t\t\t\n                    \u003Ca href=\"les-jeudis-des-halles.html?origine=carnet#media\"\u003E\n                        \u003Cimg class=\"photo_principale\" alt=\"marche-producteurs-mardi-17h-19h-saint-p-re-en-retz-11594\" src=\"https:\/\/www.saint-brevin.com\/medias\/images\/prestataires\/multitailles\/320x240_marche-producteurs-mardi-17h-19h-saint-p-re-en-retz-11594.png\" itemprop=\"image\"\u003E\n                    \u003C\/a\u003E\t\t\t\t\t\t\n                \n                    \u003C\/div\u003E\t\t\t\t\t\t\t\t\t\t\t\t\t\t\t\t\t\t\t \t\t\n    \u003C\/div\u003E\n    \n    \u003C!-- partie nom prest --\u003E\n    \u003Cdiv class=\"nom\"\u003E\n        \u003Ch2\u003ELes jeudis des halles\u003C\/h2\u003E\n        \n            \u003C\/div\u003E\n\n         \n    \u003C!-- partie adresse --\u003E\n    \u003Cdiv class=\"adresse\"\u003E\n    \n          \n    \u003C\/div\u003E\n    \n    \u003C!-- partie liens --\u003E\n    \u003Cdiv class=\"liens\"\u003E\n            \u003Ca class=\"btn-icon btn-view \" title=\"Voir la fiche d\u00e9taill\u00e9e\" href=\"les-jeudis-des-halles.html?origine=carnet\"\u003E\u003C\/a\u003E\u003C!--\u003Ca class=\"btn-icon btn-view \" title=\"\" href=\"?origine=carnet#thaut\"\u003E\u003C\/a\u003E--\u003E\n      \u003Ca class=\"btn-icon btn-trash carnet_voyage_supprimer\" title=\"Supprimer cette fiche de mon carnet de voyage\" href=\"carnet-voyage?action=remove&fiche=D|LESJEUDISDESHALLES\"\u003E\u003C\/a\u003E\n    \u003C\/div\u003E\n\n\u003C\/div\u003E\n\n","icon":"https:\/\/static.ingenie.fr\/images\/carnetVoyageV3\/D.png"},"fiche":"D|LESJEUDISDESHALLES","popup":"\u003Cdiv id=\"bloc_popup_ajout_fiche_carnet\"\u003E\n    \u003Cdiv class=\"info_popup_ajout_fiche_carnet\"\u003E\n        Vous venez d'ajouter cet \u00e9l\u00e9ment \u00e0 votre carnet de voyage :    \u003C\/div\u003E\n    \u003Cdiv class=\"prest_popup_ajout_fiche_carnet\"\u003E\n        Les jeudis des halles    \u003C\/div\u003E\n    \u003Cdiv class=\"bloc_btn_ajout_fiche_carnet form_submit_div\"\u003E\n        \u003Cinput type=\"button\" value=\"Continuer ma s\u00e9lection\" title=\"Continuer ma s\u00e9lection\" name=\"btn_close\" class=\"btn_close_popup_carnet form_submit\" onclick=\"$.colorbox.close()\" \/\u003E\n        \u003Cinput type=\"button\" value=\"Voir mon carnet de voyage\" title=\"Voir mon carnet\" name=\"btn_panier\" class=\"btn_panier_popup_carnet form_submit\" onclick=\"if(typeof CarnetVoyage != 'undefined') {CarnetVoyage.voirCarnet();}\" \/\u003E\n    \u003C\/div\u003E\n    \u003Cdiv class=\"bloc_btn_ajout_fiche_carnet\"\u003E\n        \u003Cinput type=\"checkbox\" value=\"1\" name=\"desactiver_popup\" id=\"desactiver_popup\" \/\u003E\n        \u003Clabel for=\"desactiver_popup\"\u003ENe plus afficher ce message\u003C\/label\u003E\n    \u003C\/div\u003E\n\u003C\/div\u003E","success":1}